{"id":23381,"date":"2023-05-23T11:32:59","date_gmt":"2023-05-23T14:32:59","guid":{"rendered":"https:\/\/wp.ufpel.edu.br\/progep\/?page_id=23381"},"modified":"2025-06-30T14:34:43","modified_gmt":"2025-06-30T17:34:43","slug":"formacao-para-gestores-3a-edicao-modulo-4-planejamento-estrategico","status":"publish","type":"page","link":"https:\/\/wp.ufpel.edu.br\/progep\/formacao-para-gestores-3a-edicao-modulo-4-planejamento-estrategico\/","title":{"rendered":"Capacita\u00e7\u00e3o: Forma\u00e7\u00e3o para Gestores 3\u00aa Edi\u00e7\u00e3o \u2013 M\u00f3dulo 4: Planejamento Estrat\u00e9gico"},"content":{"rendered":"<p><span style=\"font-size: 12pt;color: #ff6600;background-color: #f0f0f0\"><span style=\"text-decoration: underline\"><strong>Aten\u00e7\u00e3o<\/strong><\/span>: As atividades originalmente previstas para o dia <strong>19 de junho (das 9h \u00e0s 12h) foram transferidas para a segunda-feira da semana seguinte, ou seja, para 26 de junho, no mesmo hor\u00e1rio<\/strong>. A realiza\u00e7\u00e3o no dia 22\/06\/2023 (quinta-feira) segue sem altera\u00e7\u00f5es.<\/span><\/p>\n<p><span style=\"font-size: 12pt;color: #ff6600;background-color: #f0f0f0\">Em virtude da mudan\u00e7a de data, prorrogamos o prazo de inscri\u00e7\u00f5es at\u00e9 19\/06, adequando ao novo cronograma.<\/span><\/p>\n<p><span style=\"font-size: 12pt\"><strong>Ministrante:<\/strong> Gilnei Luiz de Moura (Docente da Universidade Federal de Santa Maria &#8211; UFSM)<\/span><\/p>\n<p><span style=\"font-size: 12pt\"><strong>Datas<\/strong>:<\/span><br \/>\n<span style=\"font-size: 12pt\"><del>\u2022 19\/06\/2023 (Segunda-feira) &#8211; das 9h \u00e0s 12h (3 horas)<\/del><\/span><br \/>\n<span style=\"font-size: 12pt\">\u2022 <strong>22\/06\/2023<\/strong> (Quinta-feira) &#8211; das 14h \u00e0s 17h (3 horas)<\/span><br \/>\n<span style=\"font-size: 12pt\">\u2022 <strong>26\/06\/2023<\/strong> (Segunda-feira) &#8211; das 9h \u00e0s 12h (3 horas)<\/span><\/p>\n<p><span style=\"font-size: 12pt\"><strong>Carga hor\u00e1ria total:<\/strong> 6 horas<\/span><\/p>\n<p><span style=\"font-size: 12pt\"><strong>Realiza\u00e7\u00e3o<\/strong>: Plataforma Webconf da UFPEL (modalidade <em>online<\/em>)<\/span><\/p>\n<p><span style=\"font-size: 12pt\"><strong>Conte\u00fado Program\u00e1tico<\/strong>:<\/span><br \/>\n<span style=\"font-size: 12pt\">I. Planejamento: conceitos introdut\u00f3rios<\/span><br \/>\n<span style=\"font-size: 12pt\">II. Estrat\u00e9gias Gen\u00e9ricas e Tend\u00eancias Futuras<\/span><br \/>\n<span style=\"font-size: 12pt\">III. Metodologias de Elabora\u00e7\u00e3o e Implanta\u00e7\u00e3o da Fun\u00e7\u00e3o Planejamento<\/span><br \/>\n<span style=\"font-size: 12pt\">IV. Controle e Avalia\u00e7\u00e3o da Gest\u00e3o Estrat\u00e9gica<\/span><br \/>\n<span style=\"font-size: 12pt\">V. T\u00f3picos Avan\u00e7os de Estrat\u00e9gia e Planejamento<\/span><\/p>\n<p><span style=\"font-size: 12pt\"><b><strong>Avalia\u00e7\u00e3o:\u00a0<\/strong><\/b>Frequ\u00eancia m\u00ednima de 75%.<\/span><\/p>\n<p><span style=\"font-size: 12pt\"><strong>P\u00fablico Alvo<\/strong>:\u00a0Chefes de N\u00facleo das <span style=\"text-decoration: underline\">Unidades Administrativas<\/span> da UFPel*<\/span><\/p>\n<p><span style=\"font-size: 12pt\"><strong>Per\u00edodo de inscri\u00e7\u00e3o<\/strong>: <del>23\/05 at\u00e9 14\/06\/2023<\/del> <span style=\"color: #ff6600\"><strong>at\u00e9 19\/06\/2023<\/strong><\/span><\/span><\/p>\n<p><span style=\"font-size: 12pt\"><strong>Divulga\u00e7\u00e3o das inscri\u00e7\u00f5es homologadas<\/strong>: <del>15\/06<\/del> <span style=\"color: #ff6600\"><strong>20\/06<\/strong><\/span>**, nesta p\u00e1gina.<\/span><\/p>\n<p><span style=\"font-size: 12pt\">*Considerando a Pol\u00edtica Nacional de Desenvolvimento de Pessoas, conforme Decreto n\u00ba 9.991\/19, somente ser\u00e3o certificados os servidores p\u00fablicos pertencentes ao Quadro Efetivo da UFPel.<\/span><\/p>\n<p><span style=\"font-size: 12pt\">**Quando homologadas as inscri\u00e7\u00f5es, os selecionados receber\u00e3o confirma\u00e7\u00e3o no e-mail cadastrado no ato da inscri\u00e7\u00e3o.<\/span><\/p>\n<p><span style=\"color: #ff6600;font-size: 12pt\"><strong><a style=\"color: #ff6600\" href=\"https:\/\/wp.ufpel.edu.br\/progep\/files\/2023\/06\/Homologacao-Formacao-para-Gestores-3-Edicao-Modulo-4-Planejamento-Estrategico.pdf\" target=\"_blank\" rel=\"noopener\">INSCRI\u00c7\u00d5ES HOMOLOGADAS<\/a><\/strong><\/span><\/p>\n","protected":false},"excerpt":{"rendered":"<p>Aten\u00e7\u00e3o: As atividades originalmente previstas para o dia 19 de junho (das 9h \u00e0s 12h) foram transferidas para a segunda-feira da semana seguinte, ou seja, para 26 de junho, no mesmo hor\u00e1rio. A realiza\u00e7\u00e3o no dia 22\/06\/2023 (quinta-feira) segue sem altera\u00e7\u00f5es. Em virtude da mudan\u00e7a de data, prorrogamos o prazo de inscri\u00e7\u00f5es at\u00e9 19\/06, adequando [&hellip;]<\/p>\n","protected":false},"author":21,"featured_media":0,"parent":0,"menu_order":0,"comment_status":"closed","ping_status":"closed","template":"","meta":{"footnotes":""},"class_list":["post-23381","page","type-page","status-publish","hentry"],"yoast_head":"<!-- This site is optimized with the Yoast SEO plugin v28.1 - https:\/\/yoast.com\/product\/yoast-seo-wordpress\/ -->\n<title>Capacita\u00e7\u00e3o: Forma\u00e7\u00e3o para Gestores 3\u00aa Edi\u00e7\u00e3o \u2013 M\u00f3dulo 4: Planejamento Estrat\u00e9gico - Pr\u00f3-Reitoria de Gest\u00e3o com Pessoas - PROGEP<\/title>\n<meta name=\"robots\" content=\"index, follow, max-snippet:-1, max-image-preview:large, max-video-preview:-1\" \/>\n<link rel=\"canonical\" href=\"https:\/\/wp.ufpel.edu.br\/progep\/formacao-para-gestores-3a-edicao-modulo-4-planejamento-estrategico\/\" \/>\n<meta property=\"og:locale\" content=\"pt_BR\" \/>\n<meta property=\"og:type\" content=\"article\" \/>\n<meta property=\"og:title\" content=\"Capacita\u00e7\u00e3o: Forma\u00e7\u00e3o para Gestores 3\u00aa Edi\u00e7\u00e3o \u2013 M\u00f3dulo 4: Planejamento Estrat\u00e9gico - Pr\u00f3-Reitoria de Gest\u00e3o com Pessoas - PROGEP\" \/>\n<meta property=\"og:description\" content=\"Aten\u00e7\u00e3o: As atividades originalmente previstas para o dia 19 de junho (das 9h \u00e0s 12h) foram transferidas para a segunda-feira da semana seguinte, ou seja, para 26 de junho, no mesmo hor\u00e1rio. A realiza\u00e7\u00e3o no dia 22\/06\/2023 (quinta-feira) segue sem altera\u00e7\u00f5es. Em virtude da mudan\u00e7a de data, prorrogamos o prazo de inscri\u00e7\u00f5es at\u00e9 19\/06, adequando [&hellip;]\" \/>\n<meta property=\"og:url\" content=\"https:\/\/wp.ufpel.edu.br\/progep\/formacao-para-gestores-3a-edicao-modulo-4-planejamento-estrategico\/\" \/>\n<meta property=\"og:site_name\" content=\"Pr\u00f3-Reitoria de Gest\u00e3o com Pessoas - PROGEP\" \/>\n<meta property=\"article:modified_time\" content=\"2025-06-30T17:34:43+00:00\" \/>\n<meta name=\"twitter:card\" content=\"summary_large_image\" \/>\n<meta name=\"twitter:label1\" content=\"Est. tempo de leitura\" \/>\n\t<meta name=\"twitter:data1\" content=\"1 minuto\" \/>\n<script type=\"application\/ld+json\" class=\"yoast-schema-graph\">{\"@context\":\"https:\\\/\\\/schema.org\",\"@graph\":[{\"@type\":\"WebPage\",\"@id\":\"https:\\\/\\\/wp.ufpel.edu.br\\\/progep\\\/formacao-para-gestores-3a-edicao-modulo-4-planejamento-estrategico\\\/\",\"url\":\"https:\\\/\\\/wp.ufpel.edu.br\\\/progep\\\/formacao-para-gestores-3a-edicao-modulo-4-planejamento-estrategico\\\/\",\"name\":\"Capacita\u00e7\u00e3o: Forma\u00e7\u00e3o para Gestores 3\u00aa Edi\u00e7\u00e3o \u2013 M\u00f3dulo 4: Planejamento Estrat\u00e9gico - Pr\u00f3-Reitoria de Gest\u00e3o com Pessoas - PROGEP\",\"isPartOf\":{\"@id\":\"https:\\\/\\\/wp.ufpel.edu.br\\\/progep\\\/#website\"},\"datePublished\":\"2023-05-23T14:32:59+00:00\",\"dateModified\":\"2025-06-30T17:34:43+00:00\",\"breadcrumb\":{\"@id\":\"https:\\\/\\\/wp.ufpel.edu.br\\\/progep\\\/formacao-para-gestores-3a-edicao-modulo-4-planejamento-estrategico\\\/#breadcrumb\"},\"inLanguage\":\"pt-BR\",\"potentialAction\":[{\"@type\":\"ReadAction\",\"target\":[\"https:\\\/\\\/wp.ufpel.edu.br\\\/progep\\\/formacao-para-gestores-3a-edicao-modulo-4-planejamento-estrategico\\\/\"]}]},{\"@type\":\"BreadcrumbList\",\"@id\":\"https:\\\/\\\/wp.ufpel.edu.br\\\/progep\\\/formacao-para-gestores-3a-edicao-modulo-4-planejamento-estrategico\\\/#breadcrumb\",\"itemListElement\":[{\"@type\":\"ListItem\",\"position\":1,\"name\":\"In\u00edcio\",\"item\":\"https:\\\/\\\/wp.ufpel.edu.br\\\/progep\\\/\"},{\"@type\":\"ListItem\",\"position\":2,\"name\":\"Capacita\u00e7\u00e3o: Forma\u00e7\u00e3o para Gestores 3\u00aa Edi\u00e7\u00e3o \u2013 M\u00f3dulo 4: Planejamento Estrat\u00e9gico\"}]},{\"@type\":\"WebSite\",\"@id\":\"https:\\\/\\\/wp.ufpel.edu.br\\\/progep\\\/#website\",\"url\":\"https:\\\/\\\/wp.ufpel.edu.br\\\/progep\\\/\",\"name\":\"Pr\u00f3-Reitoria de Gest\u00e3o com Pessoas - PROGEP\",\"description\":\"Pr\u00f3-Reitoria de Gest\u00e3o com Pessoas\",\"publisher\":{\"@id\":\"https:\\\/\\\/wp.ufpel.edu.br\\\/progep\\\/#organization\"},\"potentialAction\":[{\"@type\":\"SearchAction\",\"target\":{\"@type\":\"EntryPoint\",\"urlTemplate\":\"https:\\\/\\\/wp.ufpel.edu.br\\\/progep\\\/?s={search_term_string}\"},\"query-input\":{\"@type\":\"PropertyValueSpecification\",\"valueRequired\":true,\"valueName\":\"search_term_string\"}}],\"inLanguage\":\"pt-BR\"},{\"@type\":\"Organization\",\"@id\":\"https:\\\/\\\/wp.ufpel.edu.br\\\/progep\\\/#organization\",\"name\":\"Pr\u00f3-Reitoria de Gest\u00e3o com Pessoas - PROGEP\",\"url\":\"https:\\\/\\\/wp.ufpel.edu.br\\\/progep\\\/\",\"logo\":{\"@type\":\"ImageObject\",\"inLanguage\":\"pt-BR\",\"@id\":\"https:\\\/\\\/wp.ufpel.edu.br\\\/progep\\\/#\\\/schema\\\/logo\\\/image\\\/\",\"url\":\"https:\\\/\\\/wp.ufpel.edu.br\\\/progep\\\/files\\\/2025\\\/03\\\/logo-progep_atualizacao-nome_AZUL.png\",\"contentUrl\":\"https:\\\/\\\/wp.ufpel.edu.br\\\/progep\\\/files\\\/2025\\\/03\\\/logo-progep_atualizacao-nome_AZUL.png\",\"width\":1080,\"height\":391,\"caption\":\"Pr\u00f3-Reitoria de Gest\u00e3o com Pessoas - PROGEP\"},\"image\":{\"@id\":\"https:\\\/\\\/wp.ufpel.edu.br\\\/progep\\\/#\\\/schema\\\/logo\\\/image\\\/\"}}]}<\/script>\n<!-- \/ Yoast SEO plugin. -->","yoast_head_json":{"title":"Capacita\u00e7\u00e3o: Forma\u00e7\u00e3o para Gestores 3\u00aa Edi\u00e7\u00e3o \u2013 M\u00f3dulo 4: Planejamento Estrat\u00e9gico - Pr\u00f3-Reitoria de Gest\u00e3o com Pessoas - PROGEP","robots":{"index":"index","follow":"follow","max-snippet":"max-snippet:-1","max-image-preview":"max-image-preview:large","max-video-preview":"max-video-preview:-1"},"canonical":"https:\/\/wp.ufpel.edu.br\/progep\/formacao-para-gestores-3a-edicao-modulo-4-planejamento-estrategico\/","og_locale":"pt_BR","og_type":"article","og_title":"Capacita\u00e7\u00e3o: Forma\u00e7\u00e3o para Gestores 3\u00aa Edi\u00e7\u00e3o \u2013 M\u00f3dulo 4: Planejamento Estrat\u00e9gico - Pr\u00f3-Reitoria de Gest\u00e3o com Pessoas - PROGEP","og_description":"Aten\u00e7\u00e3o: As atividades originalmente previstas para o dia 19 de junho (das 9h \u00e0s 12h) foram transferidas para a segunda-feira da semana seguinte, ou seja, para 26 de junho, no mesmo hor\u00e1rio. A realiza\u00e7\u00e3o no dia 22\/06\/2023 (quinta-feira) segue sem altera\u00e7\u00f5es. Em virtude da mudan\u00e7a de data, prorrogamos o prazo de inscri\u00e7\u00f5es at\u00e9 19\/06, adequando [&hellip;]","og_url":"https:\/\/wp.ufpel.edu.br\/progep\/formacao-para-gestores-3a-edicao-modulo-4-planejamento-estrategico\/","og_site_name":"Pr\u00f3-Reitoria de Gest\u00e3o com Pessoas - PROGEP","article_modified_time":"2025-06-30T17:34:43+00:00","twitter_card":"summary_large_image","twitter_misc":{"Est. tempo de leitura":"1 minuto"},"schema":{"@context":"https:\/\/schema.org","@graph":[{"@type":"WebPage","@id":"https:\/\/wp.ufpel.edu.br\/progep\/formacao-para-gestores-3a-edicao-modulo-4-planejamento-estrategico\/","url":"https:\/\/wp.ufpel.edu.br\/progep\/formacao-para-gestores-3a-edicao-modulo-4-planejamento-estrategico\/","name":"Capacita\u00e7\u00e3o: Forma\u00e7\u00e3o para Gestores 3\u00aa Edi\u00e7\u00e3o \u2013 M\u00f3dulo 4: Planejamento Estrat\u00e9gico - Pr\u00f3-Reitoria de Gest\u00e3o com Pessoas - PROGEP","isPartOf":{"@id":"https:\/\/wp.ufpel.edu.br\/progep\/#website"},"datePublished":"2023-05-23T14:32:59+00:00","dateModified":"2025-06-30T17:34:43+00:00","breadcrumb":{"@id":"https:\/\/wp.ufpel.edu.br\/progep\/formacao-para-gestores-3a-edicao-modulo-4-planejamento-estrategico\/#breadcrumb"},"inLanguage":"pt-BR","potentialAction":[{"@type":"ReadAction","target":["https:\/\/wp.ufpel.edu.br\/progep\/formacao-para-gestores-3a-edicao-modulo-4-planejamento-estrategico\/"]}]},{"@type":"BreadcrumbList","@id":"https:\/\/wp.ufpel.edu.br\/progep\/formacao-para-gestores-3a-edicao-modulo-4-planejamento-estrategico\/#breadcrumb","itemListElement":[{"@type":"ListItem","position":1,"name":"In\u00edcio","item":"https:\/\/wp.ufpel.edu.br\/progep\/"},{"@type":"ListItem","position":2,"name":"Capacita\u00e7\u00e3o: Forma\u00e7\u00e3o para Gestores 3\u00aa Edi\u00e7\u00e3o \u2013 M\u00f3dulo 4: Planejamento Estrat\u00e9gico"}]},{"@type":"WebSite","@id":"https:\/\/wp.ufpel.edu.br\/progep\/#website","url":"https:\/\/wp.ufpel.edu.br\/progep\/","name":"Pr\u00f3-Reitoria de Gest\u00e3o com Pessoas - PROGEP","description":"Pr\u00f3-Reitoria de Gest\u00e3o com Pessoas","publisher":{"@id":"https:\/\/wp.ufpel.edu.br\/progep\/#organization"},"potentialAction":[{"@type":"SearchAction","target":{"@type":"EntryPoint","urlTemplate":"https:\/\/wp.ufpel.edu.br\/progep\/?s={search_term_string}"},"query-input":{"@type":"PropertyValueSpecification","valueRequired":true,"valueName":"search_term_string"}}],"inLanguage":"pt-BR"},{"@type":"Organization","@id":"https:\/\/wp.ufpel.edu.br\/progep\/#organization","name":"Pr\u00f3-Reitoria de Gest\u00e3o com Pessoas - PROGEP","url":"https:\/\/wp.ufpel.edu.br\/progep\/","logo":{"@type":"ImageObject","inLanguage":"pt-BR","@id":"https:\/\/wp.ufpel.edu.br\/progep\/#\/schema\/logo\/image\/","url":"https:\/\/wp.ufpel.edu.br\/progep\/files\/2025\/03\/logo-progep_atualizacao-nome_AZUL.png","contentUrl":"https:\/\/wp.ufpel.edu.br\/progep\/files\/2025\/03\/logo-progep_atualizacao-nome_AZUL.png","width":1080,"height":391,"caption":"Pr\u00f3-Reitoria de Gest\u00e3o com Pessoas - PROGEP"},"image":{"@id":"https:\/\/wp.ufpel.edu.br\/progep\/#\/schema\/logo\/image\/"}}]}},"_links":{"self":[{"href":"https:\/\/wp.ufpel.edu.br\/progep\/wp-json\/wp\/v2\/pages\/23381","targetHints":{"allow":["GET"]}}],"collection":[{"href":"https:\/\/wp.ufpel.edu.br\/progep\/wp-json\/wp\/v2\/pages"}],"about":[{"href":"https:\/\/wp.ufpel.edu.br\/progep\/wp-json\/wp\/v2\/types\/page"}],"author":[{"embeddable":true,"href":"https:\/\/wp.ufpel.edu.br\/progep\/wp-json\/wp\/v2\/users\/21"}],"replies":[{"embeddable":true,"href":"https:\/\/wp.ufpel.edu.br\/progep\/wp-json\/wp\/v2\/comments?post=23381"}],"version-history":[{"count":21,"href":"https:\/\/wp.ufpel.edu.br\/progep\/wp-json\/wp\/v2\/pages\/23381\/revisions"}],"predecessor-version":[{"id":34090,"href":"https:\/\/wp.ufpel.edu.br\/progep\/wp-json\/wp\/v2\/pages\/23381\/revisions\/34090"}],"wp:attachment":[{"href":"https:\/\/wp.ufpel.edu.br\/progep\/wp-json\/wp\/v2\/media?parent=23381"}],"curies":[{"name":"wp","href":"https:\/\/api.w.org\/{rel}","templated":true}]}}