{"id":23263,"date":"2023-05-03T14:10:09","date_gmt":"2023-05-03T17:10:09","guid":{"rendered":"https:\/\/wp.ufpel.edu.br\/progep\/?page_id=23263"},"modified":"2025-06-30T14:34:13","modified_gmt":"2025-06-30T17:34:13","slug":"capacita-na-web-operacionalizacao-do-sistema-helios-voting-na-ufpel","status":"publish","type":"page","link":"https:\/\/wp.ufpel.edu.br\/progep\/capacita-na-web-operacionalizacao-do-sistema-helios-voting-na-ufpel\/","title":{"rendered":"Capacita\u00e7\u00e3o: Capacita na Web: Operacionaliza\u00e7\u00e3o do Sistema Helios Voting na UFPel"},"content":{"rendered":"<p><span style=\"font-size: 12pt\">O Sistema <em>Helios Voting<\/em> \u00e9 uma plataforma de vota\u00e7\u00e3o eletr\u00f4nica de c\u00f3digo aberto que oferece recursos avan\u00e7ados de seguran\u00e7a e privacidade para elei\u00e7\u00f5es <em>online<\/em>. Ele permite a vota\u00e7\u00e3o remota e oferece recursos de criptografia e verifica\u00e7\u00e3o de integridade dos votos, garantindo um processo eleitoral transparente e confi\u00e1vel. \u00c9 uma ferramenta bastante utilizada para elei\u00e7\u00f5es online em diversos contextos, como Institui\u00e7\u00f5es educacionais (Universidades e escolas), Organiza\u00e7\u00f5es sem fins lucrativos e at\u00e9 em elei\u00e7\u00f5es pol\u00edticas.<\/span><\/p>\n<p><span style=\"font-size: 12pt\"><strong>Facilitadores:<\/strong><\/span><br \/>\n<span style=\"font-size: 12pt\">&#8211; Claiton Leoneti Lencina (Coordenador de Desenvolvimento Institucional Participativo &#8211; CDIP\/PROPLAN)<\/span><br \/>\n<span style=\"font-size: 12pt\">&#8211; Renata Vieira Rodrigues Severo (Chefe do N\u00facleo de Participa\u00e7\u00e3o Comunit\u00e1ria &#8211; CDIP\/PROPLAN)<\/span><br \/>\n<span style=\"font-size: 12pt\">&#8211; Rodrigo Costa de Moura (Assistente em Administra\u00e7\u00e3o &#8211; CDIP\/PROPLAN)<\/span><\/p>\n<p><span style=\"font-size: 12pt\"><strong>Data:<\/strong> 23\/05\/2023 (ter\u00e7a-feira)<\/span><\/p>\n<p><span style=\"font-size: 12pt\"><strong>Hor\u00e1rio: <\/strong>das 14:00 \u00e0s 17:30<\/span><\/p>\n<p><span style=\"font-size: 12pt\"><strong>Realiza\u00e7\u00e3o:<\/strong>\u00a0plataforma Webconf da UFPel (na modalidade\u00a0<em>on-line)<\/em><\/span><\/p>\n<p><span style=\"font-size: 12pt\"><strong>Ementa:<\/strong><\/span><br \/>\n<span style=\"font-size: 12pt\">\u2022 Breve abordagem sobre democracia e participa\u00e7\u00e3o nas universidades;<\/span><br \/>\n<span style=\"font-size: 12pt\">\u2022 Sobre a ferramenta eletr\u00f4nica <em>Helios Voting<\/em>;<\/span><br \/>\n<span style=\"font-size: 12pt\">\u2022 Como operar o sistema <em>Helios Voting<\/em>.<\/span><\/p>\n<p><span style=\"font-size: 12pt\"><strong>P\u00fablico Alvo<\/strong>: Chefes de N\u00facleos Administrativos de Unidades Acad\u00eamicas da UFPel<\/span><\/p>\n<p><span style=\"font-size: 12pt\"><strong>N\u00famero de vagas<\/strong>: 22 vagas <span style=\"color: #ff0000\">(as vagas s\u00e3o exclusivas para os chefes de N\u00facleos Administrativos de Unidades Acad\u00eamicas da UFPel)<\/span><\/span><\/p>\n<p><span style=\"font-size: 12pt\"><strong>Per\u00edodo de inscri\u00e7\u00e3o<\/strong>: 03 a 18\/05\/2023<\/span><\/p>\n<p><span style=\"font-size: 12pt\"><strong>Divulga\u00e7\u00e3o das inscri\u00e7\u00f5es homologadas<\/strong>: 19\/05**, nesta p\u00e1gina.<\/span><\/p>\n<p><span style=\"font-size: 12pt\">*Considerando a Pol\u00edtica Nacional de Desenvolvimento de Pessoas, conforme Decreto n\u00ba 9.991\/19, somente ser\u00e3o certificados os servidores p\u00fablicos pertencentes ao Quadro Efetivo da UFPel.<\/span><\/p>\n<p><span style=\"font-size: 12pt\">**Quando homologadas as inscri\u00e7\u00f5es, os selecionados receber\u00e3o e-mail com instru\u00e7\u00f5es de acesso \u00e0 sala de Webconf da UFPel.<\/span><\/p>\n<p><span style=\"color: #ff6600;font-size: 12pt\"><strong><a style=\"color: #ff6600\" href=\"https:\/\/wp.ufpel.edu.br\/progep\/files\/2023\/05\/Homologados-Capacita-na-Web-Operacionalizacao-do-Sistema-Helios-Voting-na-UFPel-23-05-2023.pdf\">INSCRI\u00c7\u00d5ES HOMOLOGADAS<\/a><\/strong><\/span><\/p>\n<p>&nbsp;<\/p>\n","protected":false},"excerpt":{"rendered":"<p>O Sistema Helios Voting \u00e9 uma plataforma de vota\u00e7\u00e3o eletr\u00f4nica de c\u00f3digo aberto que oferece recursos avan\u00e7ados de seguran\u00e7a e privacidade para elei\u00e7\u00f5es online. Ele permite a vota\u00e7\u00e3o remota e oferece recursos de criptografia e verifica\u00e7\u00e3o de integridade dos votos, garantindo um processo eleitoral transparente e confi\u00e1vel. \u00c9 uma ferramenta bastante utilizada para elei\u00e7\u00f5es online [&hellip;]<\/p>\n","protected":false},"author":21,"featured_media":0,"parent":0,"menu_order":0,"comment_status":"closed","ping_status":"closed","template":"","meta":{"footnotes":""},"class_list":["post-23263","page","type-page","status-publish","hentry"],"yoast_head":"<!-- This site is optimized with the Yoast SEO plugin v28.1 - https:\/\/yoast.com\/product\/yoast-seo-wordpress\/ -->\n<title>Capacita\u00e7\u00e3o: Capacita na Web: Operacionaliza\u00e7\u00e3o do Sistema Helios Voting na UFPel - Pr\u00f3-Reitoria de Gest\u00e3o com Pessoas - PROGEP<\/title>\n<meta name=\"robots\" content=\"index, follow, max-snippet:-1, max-image-preview:large, max-video-preview:-1\" \/>\n<link rel=\"canonical\" href=\"https:\/\/wp.ufpel.edu.br\/progep\/capacita-na-web-operacionalizacao-do-sistema-helios-voting-na-ufpel\/\" \/>\n<meta property=\"og:locale\" content=\"pt_BR\" \/>\n<meta property=\"og:type\" content=\"article\" \/>\n<meta property=\"og:title\" content=\"Capacita\u00e7\u00e3o: Capacita na Web: Operacionaliza\u00e7\u00e3o do Sistema Helios Voting na UFPel - Pr\u00f3-Reitoria de Gest\u00e3o com Pessoas - PROGEP\" \/>\n<meta property=\"og:description\" content=\"O Sistema Helios Voting \u00e9 uma plataforma de vota\u00e7\u00e3o eletr\u00f4nica de c\u00f3digo aberto que oferece recursos avan\u00e7ados de seguran\u00e7a e privacidade para elei\u00e7\u00f5es online. Ele permite a vota\u00e7\u00e3o remota e oferece recursos de criptografia e verifica\u00e7\u00e3o de integridade dos votos, garantindo um processo eleitoral transparente e confi\u00e1vel. \u00c9 uma ferramenta bastante utilizada para elei\u00e7\u00f5es online [&hellip;]\" \/>\n<meta property=\"og:url\" content=\"https:\/\/wp.ufpel.edu.br\/progep\/capacita-na-web-operacionalizacao-do-sistema-helios-voting-na-ufpel\/\" \/>\n<meta property=\"og:site_name\" content=\"Pr\u00f3-Reitoria de Gest\u00e3o com Pessoas - PROGEP\" \/>\n<meta property=\"article:modified_time\" content=\"2025-06-30T17:34:13+00:00\" \/>\n<meta name=\"twitter:card\" content=\"summary_large_image\" \/>\n<meta name=\"twitter:label1\" content=\"Est. tempo de leitura\" \/>\n\t<meta name=\"twitter:data1\" content=\"1 minuto\" \/>\n<script type=\"application\/ld+json\" class=\"yoast-schema-graph\">{\"@context\":\"https:\\\/\\\/schema.org\",\"@graph\":[{\"@type\":\"WebPage\",\"@id\":\"https:\\\/\\\/wp.ufpel.edu.br\\\/progep\\\/capacita-na-web-operacionalizacao-do-sistema-helios-voting-na-ufpel\\\/\",\"url\":\"https:\\\/\\\/wp.ufpel.edu.br\\\/progep\\\/capacita-na-web-operacionalizacao-do-sistema-helios-voting-na-ufpel\\\/\",\"name\":\"Capacita\u00e7\u00e3o: Capacita na Web: Operacionaliza\u00e7\u00e3o do Sistema Helios Voting na UFPel - Pr\u00f3-Reitoria de Gest\u00e3o com Pessoas - PROGEP\",\"isPartOf\":{\"@id\":\"https:\\\/\\\/wp.ufpel.edu.br\\\/progep\\\/#website\"},\"datePublished\":\"2023-05-03T17:10:09+00:00\",\"dateModified\":\"2025-06-30T17:34:13+00:00\",\"breadcrumb\":{\"@id\":\"https:\\\/\\\/wp.ufpel.edu.br\\\/progep\\\/capacita-na-web-operacionalizacao-do-sistema-helios-voting-na-ufpel\\\/#breadcrumb\"},\"inLanguage\":\"pt-BR\",\"potentialAction\":[{\"@type\":\"ReadAction\",\"target\":[\"https:\\\/\\\/wp.ufpel.edu.br\\\/progep\\\/capacita-na-web-operacionalizacao-do-sistema-helios-voting-na-ufpel\\\/\"]}]},{\"@type\":\"BreadcrumbList\",\"@id\":\"https:\\\/\\\/wp.ufpel.edu.br\\\/progep\\\/capacita-na-web-operacionalizacao-do-sistema-helios-voting-na-ufpel\\\/#breadcrumb\",\"itemListElement\":[{\"@type\":\"ListItem\",\"position\":1,\"name\":\"In\u00edcio\",\"item\":\"https:\\\/\\\/wp.ufpel.edu.br\\\/progep\\\/\"},{\"@type\":\"ListItem\",\"position\":2,\"name\":\"Capacita\u00e7\u00e3o: Capacita na Web: Operacionaliza\u00e7\u00e3o do Sistema Helios Voting na UFPel\"}]},{\"@type\":\"WebSite\",\"@id\":\"https:\\\/\\\/wp.ufpel.edu.br\\\/progep\\\/#website\",\"url\":\"https:\\\/\\\/wp.ufpel.edu.br\\\/progep\\\/\",\"name\":\"Pr\u00f3-Reitoria de Gest\u00e3o com Pessoas - PROGEP\",\"description\":\"Pr\u00f3-Reitoria de Gest\u00e3o com Pessoas\",\"publisher\":{\"@id\":\"https:\\\/\\\/wp.ufpel.edu.br\\\/progep\\\/#organization\"},\"potentialAction\":[{\"@type\":\"SearchAction\",\"target\":{\"@type\":\"EntryPoint\",\"urlTemplate\":\"https:\\\/\\\/wp.ufpel.edu.br\\\/progep\\\/?s={search_term_string}\"},\"query-input\":{\"@type\":\"PropertyValueSpecification\",\"valueRequired\":true,\"valueName\":\"search_term_string\"}}],\"inLanguage\":\"pt-BR\"},{\"@type\":\"Organization\",\"@id\":\"https:\\\/\\\/wp.ufpel.edu.br\\\/progep\\\/#organization\",\"name\":\"Pr\u00f3-Reitoria de Gest\u00e3o com Pessoas - PROGEP\",\"url\":\"https:\\\/\\\/wp.ufpel.edu.br\\\/progep\\\/\",\"logo\":{\"@type\":\"ImageObject\",\"inLanguage\":\"pt-BR\",\"@id\":\"https:\\\/\\\/wp.ufpel.edu.br\\\/progep\\\/#\\\/schema\\\/logo\\\/image\\\/\",\"url\":\"https:\\\/\\\/wp.ufpel.edu.br\\\/progep\\\/files\\\/2025\\\/03\\\/logo-progep_atualizacao-nome_AZUL.png\",\"contentUrl\":\"https:\\\/\\\/wp.ufpel.edu.br\\\/progep\\\/files\\\/2025\\\/03\\\/logo-progep_atualizacao-nome_AZUL.png\",\"width\":1080,\"height\":391,\"caption\":\"Pr\u00f3-Reitoria de Gest\u00e3o com Pessoas - PROGEP\"},\"image\":{\"@id\":\"https:\\\/\\\/wp.ufpel.edu.br\\\/progep\\\/#\\\/schema\\\/logo\\\/image\\\/\"}}]}<\/script>\n<!-- \/ Yoast SEO plugin. -->","yoast_head_json":{"title":"Capacita\u00e7\u00e3o: Capacita na Web: Operacionaliza\u00e7\u00e3o do Sistema Helios Voting na UFPel - Pr\u00f3-Reitoria de Gest\u00e3o com Pessoas - PROGEP","robots":{"index":"index","follow":"follow","max-snippet":"max-snippet:-1","max-image-preview":"max-image-preview:large","max-video-preview":"max-video-preview:-1"},"canonical":"https:\/\/wp.ufpel.edu.br\/progep\/capacita-na-web-operacionalizacao-do-sistema-helios-voting-na-ufpel\/","og_locale":"pt_BR","og_type":"article","og_title":"Capacita\u00e7\u00e3o: Capacita na Web: Operacionaliza\u00e7\u00e3o do Sistema Helios Voting na UFPel - Pr\u00f3-Reitoria de Gest\u00e3o com Pessoas - PROGEP","og_description":"O Sistema Helios Voting \u00e9 uma plataforma de vota\u00e7\u00e3o eletr\u00f4nica de c\u00f3digo aberto que oferece recursos avan\u00e7ados de seguran\u00e7a e privacidade para elei\u00e7\u00f5es online. Ele permite a vota\u00e7\u00e3o remota e oferece recursos de criptografia e verifica\u00e7\u00e3o de integridade dos votos, garantindo um processo eleitoral transparente e confi\u00e1vel. \u00c9 uma ferramenta bastante utilizada para elei\u00e7\u00f5es online [&hellip;]","og_url":"https:\/\/wp.ufpel.edu.br\/progep\/capacita-na-web-operacionalizacao-do-sistema-helios-voting-na-ufpel\/","og_site_name":"Pr\u00f3-Reitoria de Gest\u00e3o com Pessoas - PROGEP","article_modified_time":"2025-06-30T17:34:13+00:00","twitter_card":"summary_large_image","twitter_misc":{"Est. tempo de leitura":"1 minuto"},"schema":{"@context":"https:\/\/schema.org","@graph":[{"@type":"WebPage","@id":"https:\/\/wp.ufpel.edu.br\/progep\/capacita-na-web-operacionalizacao-do-sistema-helios-voting-na-ufpel\/","url":"https:\/\/wp.ufpel.edu.br\/progep\/capacita-na-web-operacionalizacao-do-sistema-helios-voting-na-ufpel\/","name":"Capacita\u00e7\u00e3o: Capacita na Web: Operacionaliza\u00e7\u00e3o do Sistema Helios Voting na UFPel - Pr\u00f3-Reitoria de Gest\u00e3o com Pessoas - PROGEP","isPartOf":{"@id":"https:\/\/wp.ufpel.edu.br\/progep\/#website"},"datePublished":"2023-05-03T17:10:09+00:00","dateModified":"2025-06-30T17:34:13+00:00","breadcrumb":{"@id":"https:\/\/wp.ufpel.edu.br\/progep\/capacita-na-web-operacionalizacao-do-sistema-helios-voting-na-ufpel\/#breadcrumb"},"inLanguage":"pt-BR","potentialAction":[{"@type":"ReadAction","target":["https:\/\/wp.ufpel.edu.br\/progep\/capacita-na-web-operacionalizacao-do-sistema-helios-voting-na-ufpel\/"]}]},{"@type":"BreadcrumbList","@id":"https:\/\/wp.ufpel.edu.br\/progep\/capacita-na-web-operacionalizacao-do-sistema-helios-voting-na-ufpel\/#breadcrumb","itemListElement":[{"@type":"ListItem","position":1,"name":"In\u00edcio","item":"https:\/\/wp.ufpel.edu.br\/progep\/"},{"@type":"ListItem","position":2,"name":"Capacita\u00e7\u00e3o: Capacita na Web: Operacionaliza\u00e7\u00e3o do Sistema Helios Voting na UFPel"}]},{"@type":"WebSite","@id":"https:\/\/wp.ufpel.edu.br\/progep\/#website","url":"https:\/\/wp.ufpel.edu.br\/progep\/","name":"Pr\u00f3-Reitoria de Gest\u00e3o com Pessoas - PROGEP","description":"Pr\u00f3-Reitoria de Gest\u00e3o com Pessoas","publisher":{"@id":"https:\/\/wp.ufpel.edu.br\/progep\/#organization"},"potentialAction":[{"@type":"SearchAction","target":{"@type":"EntryPoint","urlTemplate":"https:\/\/wp.ufpel.edu.br\/progep\/?s={search_term_string}"},"query-input":{"@type":"PropertyValueSpecification","valueRequired":true,"valueName":"search_term_string"}}],"inLanguage":"pt-BR"},{"@type":"Organization","@id":"https:\/\/wp.ufpel.edu.br\/progep\/#organization","name":"Pr\u00f3-Reitoria de Gest\u00e3o com Pessoas - PROGEP","url":"https:\/\/wp.ufpel.edu.br\/progep\/","logo":{"@type":"ImageObject","inLanguage":"pt-BR","@id":"https:\/\/wp.ufpel.edu.br\/progep\/#\/schema\/logo\/image\/","url":"https:\/\/wp.ufpel.edu.br\/progep\/files\/2025\/03\/logo-progep_atualizacao-nome_AZUL.png","contentUrl":"https:\/\/wp.ufpel.edu.br\/progep\/files\/2025\/03\/logo-progep_atualizacao-nome_AZUL.png","width":1080,"height":391,"caption":"Pr\u00f3-Reitoria de Gest\u00e3o com Pessoas - PROGEP"},"image":{"@id":"https:\/\/wp.ufpel.edu.br\/progep\/#\/schema\/logo\/image\/"}}]}},"_links":{"self":[{"href":"https:\/\/wp.ufpel.edu.br\/progep\/wp-json\/wp\/v2\/pages\/23263","targetHints":{"allow":["GET"]}}],"collection":[{"href":"https:\/\/wp.ufpel.edu.br\/progep\/wp-json\/wp\/v2\/pages"}],"about":[{"href":"https:\/\/wp.ufpel.edu.br\/progep\/wp-json\/wp\/v2\/types\/page"}],"author":[{"embeddable":true,"href":"https:\/\/wp.ufpel.edu.br\/progep\/wp-json\/wp\/v2\/users\/21"}],"replies":[{"embeddable":true,"href":"https:\/\/wp.ufpel.edu.br\/progep\/wp-json\/wp\/v2\/comments?post=23263"}],"version-history":[{"count":14,"href":"https:\/\/wp.ufpel.edu.br\/progep\/wp-json\/wp\/v2\/pages\/23263\/revisions"}],"predecessor-version":[{"id":34085,"href":"https:\/\/wp.ufpel.edu.br\/progep\/wp-json\/wp\/v2\/pages\/23263\/revisions\/34085"}],"wp:attachment":[{"href":"https:\/\/wp.ufpel.edu.br\/progep\/wp-json\/wp\/v2\/media?parent=23263"}],"curies":[{"name":"wp","href":"https:\/\/api.w.org\/{rel}","templated":true}]}}