{"id":22686,"date":"2023-03-29T12:00:00","date_gmt":"2023-03-29T15:00:00","guid":{"rendered":"https:\/\/wp.ufpel.edu.br\/progep\/?page_id=22686"},"modified":"2025-06-30T14:32:10","modified_gmt":"2025-06-30T17:32:10","slug":"formacao-para-gestores-3a-edicao-modulo-2-boas-praticas-na-comunicacao-e-interacao-com-o-usuario","status":"publish","type":"page","link":"https:\/\/wp.ufpel.edu.br\/progep\/formacao-para-gestores-3a-edicao-modulo-2-boas-praticas-na-comunicacao-e-interacao-com-o-usuario\/","title":{"rendered":"Capacita\u00e7\u00e3o: Forma\u00e7\u00e3o para Gestores &#8211; 3\u00aa Edi\u00e7\u00e3o \u2013 M\u00f3dulo 2: Boas Pr\u00e1ticas na Comunica\u00e7\u00e3o e Intera\u00e7\u00e3o Com o Usu\u00e1rio"},"content":{"rendered":"<p><span style=\"font-size: 12pt\"><strong>Ministrantes:<\/strong> Representante da Ouvidoria\/UFPel e Equipe da Coordena\u00e7\u00e3o de Comunica\u00e7\u00e3o Social (CCS)\/UFPel<\/span><\/p>\n<p><span style=\"font-size: 12pt\"><strong>Modalidade:<\/strong> Presencial<\/span><\/p>\n<p><span style=\"font-size: 12pt\"><strong>Carga hor\u00e1ria:<\/strong> 3 horas<\/span><\/p>\n<p><span style=\"font-size: 12pt\"><strong>Data<\/strong>: 18\/04\/2023 (ter\u00e7a-feira), das 8h30min \u00e0s 11h30min<\/span><\/p>\n<p><strong>Local<\/strong>: Audit\u00f3rio Acad\u00eamico \u2013 4\u00b0 andar do Campus Anglo da UFPel<\/p>\n<p><span style=\"font-size: 12pt\"><strong>S\u00famula<\/strong>:<\/span><br \/>\n\u2022\u00a0 Ouvidoria &#8211; Plataforma Fala.BR;<br \/>\n\u2022\u00a0 Estrutura da CCS;<br \/>\n\u2022\u00a0 Tudo comunica;<br \/>\n\u2022\u00a0 Comunicar ao usu\u00e1rio;<br \/>\n\u2022\u00a0 Redes sociais;<br \/>\n\u2022\u00a0 Responsabilidade com a informa\u00e7\u00e3o;<br \/>\n\u2022\u00a0 Comunica\u00e7\u00e3o acess\u00edvel;<br \/>\n\u2022\u00a0 Uso de imagens.<\/p>\n<p><span style=\"font-size: 12pt\"><b><strong>Avalia\u00e7\u00e3o: <\/strong><\/b>Frequ\u00eancia m\u00ednima de 75%.<\/span><\/p>\n<p><span style=\"font-size: 12pt\"><strong>P\u00fablico Alvo<\/strong>: <span style=\"color: #ff0000\">Chefes de N\u00facleo das Unidades Administrativas<\/span>*<\/span><\/p>\n<p><span style=\"font-size: 12pt\"><strong>Per\u00edodo de inscri\u00e7\u00e3o<\/strong>: 29\/03 a 13\/04\/2023<\/span><\/p>\n<p><span style=\"font-size: 12pt\"><strong>Divulga\u00e7\u00e3o das inscri\u00e7\u00f5es homologadas<\/strong>: 14\/04**, nesta p\u00e1gina.<\/span><\/p>\n<p><span style=\"font-size: 12pt\">*Considerando a Pol\u00edtica Nacional de Desenvolvimento de Pessoas, conforme Decreto n\u00ba 9.991\/19, somente ser\u00e3o certificados os servidores p\u00fablicos pertencentes ao Quadro Efetivo da UFPel.<\/span><\/p>\n<p><span style=\"font-size: 12pt\">**Quando homologadas as inscri\u00e7\u00f5es, os selecionados receber\u00e3o confirma\u00e7\u00e3o no e-mail cadastrado no ato da inscri\u00e7\u00e3o.<\/span><\/p>\n<p><span style=\"color: #ff6600\"><strong><a style=\"color: #ff6600\" href=\"https:\/\/wp.ufpel.edu.br\/progep\/files\/2023\/04\/Homologacao-Formacao-Gestores-3-Edicao-Modulo-2-Boas-Praticas-na-Comunicacao.pdf\" target=\"_blank\" rel=\"noopener\">INSCRI\u00c7\u00d5ES HOMOLOGADAS<\/a><\/strong><\/span><\/p>\n<p>&nbsp;<\/p>\n","protected":false},"excerpt":{"rendered":"<p>Ministrantes: Representante da Ouvidoria\/UFPel e Equipe da Coordena\u00e7\u00e3o de Comunica\u00e7\u00e3o Social (CCS)\/UFPel Modalidade: Presencial Carga hor\u00e1ria: 3 horas Data: 18\/04\/2023 (ter\u00e7a-feira), das 8h30min \u00e0s 11h30min Local: Audit\u00f3rio Acad\u00eamico \u2013 4\u00b0 andar do Campus Anglo da UFPel S\u00famula: \u2022\u00a0 Ouvidoria &#8211; Plataforma Fala.BR; \u2022\u00a0 Estrutura da CCS; \u2022\u00a0 Tudo comunica; \u2022\u00a0 Comunicar ao usu\u00e1rio; \u2022\u00a0 Redes [&hellip;]<\/p>\n","protected":false},"author":21,"featured_media":0,"parent":0,"menu_order":0,"comment_status":"closed","ping_status":"closed","template":"","meta":{"footnotes":""},"class_list":["post-22686","page","type-page","status-publish","hentry"],"yoast_head":"<!-- This site is optimized with the Yoast SEO plugin v28.1 - https:\/\/yoast.com\/product\/yoast-seo-wordpress\/ -->\n<title>Capacita\u00e7\u00e3o: Forma\u00e7\u00e3o para Gestores - 3\u00aa Edi\u00e7\u00e3o \u2013 M\u00f3dulo 2: Boas Pr\u00e1ticas na Comunica\u00e7\u00e3o e Intera\u00e7\u00e3o Com o Usu\u00e1rio - Pr\u00f3-Reitoria de Gest\u00e3o com Pessoas - PROGEP<\/title>\n<meta name=\"robots\" content=\"index, follow, max-snippet:-1, max-image-preview:large, max-video-preview:-1\" \/>\n<link rel=\"canonical\" href=\"https:\/\/wp.ufpel.edu.br\/progep\/formacao-para-gestores-3a-edicao-modulo-2-boas-praticas-na-comunicacao-e-interacao-com-o-usuario\/\" \/>\n<meta property=\"og:locale\" content=\"pt_BR\" \/>\n<meta property=\"og:type\" content=\"article\" \/>\n<meta property=\"og:title\" content=\"Capacita\u00e7\u00e3o: Forma\u00e7\u00e3o para Gestores - 3\u00aa Edi\u00e7\u00e3o \u2013 M\u00f3dulo 2: Boas Pr\u00e1ticas na Comunica\u00e7\u00e3o e Intera\u00e7\u00e3o Com o Usu\u00e1rio - Pr\u00f3-Reitoria de Gest\u00e3o com Pessoas - PROGEP\" \/>\n<meta property=\"og:description\" content=\"Ministrantes: Representante da Ouvidoria\/UFPel e Equipe da Coordena\u00e7\u00e3o de Comunica\u00e7\u00e3o Social (CCS)\/UFPel Modalidade: Presencial Carga hor\u00e1ria: 3 horas Data: 18\/04\/2023 (ter\u00e7a-feira), das 8h30min \u00e0s 11h30min Local: Audit\u00f3rio Acad\u00eamico \u2013 4\u00b0 andar do Campus Anglo da UFPel S\u00famula: \u2022\u00a0 Ouvidoria &#8211; Plataforma Fala.BR; \u2022\u00a0 Estrutura da CCS; \u2022\u00a0 Tudo comunica; \u2022\u00a0 Comunicar ao usu\u00e1rio; \u2022\u00a0 Redes [&hellip;]\" \/>\n<meta property=\"og:url\" content=\"https:\/\/wp.ufpel.edu.br\/progep\/formacao-para-gestores-3a-edicao-modulo-2-boas-praticas-na-comunicacao-e-interacao-com-o-usuario\/\" \/>\n<meta property=\"og:site_name\" content=\"Pr\u00f3-Reitoria de Gest\u00e3o com Pessoas - PROGEP\" \/>\n<meta property=\"article:modified_time\" content=\"2025-06-30T17:32:10+00:00\" \/>\n<meta name=\"twitter:card\" content=\"summary_large_image\" \/>\n<meta name=\"twitter:label1\" content=\"Est. tempo de leitura\" \/>\n\t<meta name=\"twitter:data1\" content=\"1 minuto\" \/>\n<script type=\"application\/ld+json\" class=\"yoast-schema-graph\">{\"@context\":\"https:\\\/\\\/schema.org\",\"@graph\":[{\"@type\":\"WebPage\",\"@id\":\"https:\\\/\\\/wp.ufpel.edu.br\\\/progep\\\/formacao-para-gestores-3a-edicao-modulo-2-boas-praticas-na-comunicacao-e-interacao-com-o-usuario\\\/\",\"url\":\"https:\\\/\\\/wp.ufpel.edu.br\\\/progep\\\/formacao-para-gestores-3a-edicao-modulo-2-boas-praticas-na-comunicacao-e-interacao-com-o-usuario\\\/\",\"name\":\"Capacita\u00e7\u00e3o: Forma\u00e7\u00e3o para Gestores - 3\u00aa Edi\u00e7\u00e3o \u2013 M\u00f3dulo 2: Boas Pr\u00e1ticas na Comunica\u00e7\u00e3o e Intera\u00e7\u00e3o Com o Usu\u00e1rio - Pr\u00f3-Reitoria de Gest\u00e3o com Pessoas - PROGEP\",\"isPartOf\":{\"@id\":\"https:\\\/\\\/wp.ufpel.edu.br\\\/progep\\\/#website\"},\"datePublished\":\"2023-03-29T15:00:00+00:00\",\"dateModified\":\"2025-06-30T17:32:10+00:00\",\"breadcrumb\":{\"@id\":\"https:\\\/\\\/wp.ufpel.edu.br\\\/progep\\\/formacao-para-gestores-3a-edicao-modulo-2-boas-praticas-na-comunicacao-e-interacao-com-o-usuario\\\/#breadcrumb\"},\"inLanguage\":\"pt-BR\",\"potentialAction\":[{\"@type\":\"ReadAction\",\"target\":[\"https:\\\/\\\/wp.ufpel.edu.br\\\/progep\\\/formacao-para-gestores-3a-edicao-modulo-2-boas-praticas-na-comunicacao-e-interacao-com-o-usuario\\\/\"]}]},{\"@type\":\"BreadcrumbList\",\"@id\":\"https:\\\/\\\/wp.ufpel.edu.br\\\/progep\\\/formacao-para-gestores-3a-edicao-modulo-2-boas-praticas-na-comunicacao-e-interacao-com-o-usuario\\\/#breadcrumb\",\"itemListElement\":[{\"@type\":\"ListItem\",\"position\":1,\"name\":\"In\u00edcio\",\"item\":\"https:\\\/\\\/wp.ufpel.edu.br\\\/progep\\\/\"},{\"@type\":\"ListItem\",\"position\":2,\"name\":\"Capacita\u00e7\u00e3o: Forma\u00e7\u00e3o para Gestores &#8211; 3\u00aa Edi\u00e7\u00e3o \u2013 M\u00f3dulo 2: Boas Pr\u00e1ticas na Comunica\u00e7\u00e3o e Intera\u00e7\u00e3o Com o Usu\u00e1rio\"}]},{\"@type\":\"WebSite\",\"@id\":\"https:\\\/\\\/wp.ufpel.edu.br\\\/progep\\\/#website\",\"url\":\"https:\\\/\\\/wp.ufpel.edu.br\\\/progep\\\/\",\"name\":\"Pr\u00f3-Reitoria de Gest\u00e3o com Pessoas - PROGEP\",\"description\":\"Pr\u00f3-Reitoria de Gest\u00e3o com Pessoas\",\"publisher\":{\"@id\":\"https:\\\/\\\/wp.ufpel.edu.br\\\/progep\\\/#organization\"},\"potentialAction\":[{\"@type\":\"SearchAction\",\"target\":{\"@type\":\"EntryPoint\",\"urlTemplate\":\"https:\\\/\\\/wp.ufpel.edu.br\\\/progep\\\/?s={search_term_string}\"},\"query-input\":{\"@type\":\"PropertyValueSpecification\",\"valueRequired\":true,\"valueName\":\"search_term_string\"}}],\"inLanguage\":\"pt-BR\"},{\"@type\":\"Organization\",\"@id\":\"https:\\\/\\\/wp.ufpel.edu.br\\\/progep\\\/#organization\",\"name\":\"Pr\u00f3-Reitoria de Gest\u00e3o com Pessoas - PROGEP\",\"url\":\"https:\\\/\\\/wp.ufpel.edu.br\\\/progep\\\/\",\"logo\":{\"@type\":\"ImageObject\",\"inLanguage\":\"pt-BR\",\"@id\":\"https:\\\/\\\/wp.ufpel.edu.br\\\/progep\\\/#\\\/schema\\\/logo\\\/image\\\/\",\"url\":\"https:\\\/\\\/wp.ufpel.edu.br\\\/progep\\\/files\\\/2025\\\/03\\\/logo-progep_atualizacao-nome_AZUL.png\",\"contentUrl\":\"https:\\\/\\\/wp.ufpel.edu.br\\\/progep\\\/files\\\/2025\\\/03\\\/logo-progep_atualizacao-nome_AZUL.png\",\"width\":1080,\"height\":391,\"caption\":\"Pr\u00f3-Reitoria de Gest\u00e3o com Pessoas - PROGEP\"},\"image\":{\"@id\":\"https:\\\/\\\/wp.ufpel.edu.br\\\/progep\\\/#\\\/schema\\\/logo\\\/image\\\/\"}}]}<\/script>\n<!-- \/ Yoast SEO plugin. -->","yoast_head_json":{"title":"Capacita\u00e7\u00e3o: Forma\u00e7\u00e3o para Gestores - 3\u00aa Edi\u00e7\u00e3o \u2013 M\u00f3dulo 2: Boas Pr\u00e1ticas na Comunica\u00e7\u00e3o e Intera\u00e7\u00e3o Com o Usu\u00e1rio - Pr\u00f3-Reitoria de Gest\u00e3o com Pessoas - PROGEP","robots":{"index":"index","follow":"follow","max-snippet":"max-snippet:-1","max-image-preview":"max-image-preview:large","max-video-preview":"max-video-preview:-1"},"canonical":"https:\/\/wp.ufpel.edu.br\/progep\/formacao-para-gestores-3a-edicao-modulo-2-boas-praticas-na-comunicacao-e-interacao-com-o-usuario\/","og_locale":"pt_BR","og_type":"article","og_title":"Capacita\u00e7\u00e3o: Forma\u00e7\u00e3o para Gestores - 3\u00aa Edi\u00e7\u00e3o \u2013 M\u00f3dulo 2: Boas Pr\u00e1ticas na Comunica\u00e7\u00e3o e Intera\u00e7\u00e3o Com o Usu\u00e1rio - Pr\u00f3-Reitoria de Gest\u00e3o com Pessoas - PROGEP","og_description":"Ministrantes: Representante da Ouvidoria\/UFPel e Equipe da Coordena\u00e7\u00e3o de Comunica\u00e7\u00e3o Social (CCS)\/UFPel Modalidade: Presencial Carga hor\u00e1ria: 3 horas Data: 18\/04\/2023 (ter\u00e7a-feira), das 8h30min \u00e0s 11h30min Local: Audit\u00f3rio Acad\u00eamico \u2013 4\u00b0 andar do Campus Anglo da UFPel S\u00famula: \u2022\u00a0 Ouvidoria &#8211; Plataforma Fala.BR; \u2022\u00a0 Estrutura da CCS; \u2022\u00a0 Tudo comunica; \u2022\u00a0 Comunicar ao usu\u00e1rio; \u2022\u00a0 Redes [&hellip;]","og_url":"https:\/\/wp.ufpel.edu.br\/progep\/formacao-para-gestores-3a-edicao-modulo-2-boas-praticas-na-comunicacao-e-interacao-com-o-usuario\/","og_site_name":"Pr\u00f3-Reitoria de Gest\u00e3o com Pessoas - PROGEP","article_modified_time":"2025-06-30T17:32:10+00:00","twitter_card":"summary_large_image","twitter_misc":{"Est. tempo de leitura":"1 minuto"},"schema":{"@context":"https:\/\/schema.org","@graph":[{"@type":"WebPage","@id":"https:\/\/wp.ufpel.edu.br\/progep\/formacao-para-gestores-3a-edicao-modulo-2-boas-praticas-na-comunicacao-e-interacao-com-o-usuario\/","url":"https:\/\/wp.ufpel.edu.br\/progep\/formacao-para-gestores-3a-edicao-modulo-2-boas-praticas-na-comunicacao-e-interacao-com-o-usuario\/","name":"Capacita\u00e7\u00e3o: Forma\u00e7\u00e3o para Gestores - 3\u00aa Edi\u00e7\u00e3o \u2013 M\u00f3dulo 2: Boas Pr\u00e1ticas na Comunica\u00e7\u00e3o e Intera\u00e7\u00e3o Com o Usu\u00e1rio - Pr\u00f3-Reitoria de Gest\u00e3o com Pessoas - PROGEP","isPartOf":{"@id":"https:\/\/wp.ufpel.edu.br\/progep\/#website"},"datePublished":"2023-03-29T15:00:00+00:00","dateModified":"2025-06-30T17:32:10+00:00","breadcrumb":{"@id":"https:\/\/wp.ufpel.edu.br\/progep\/formacao-para-gestores-3a-edicao-modulo-2-boas-praticas-na-comunicacao-e-interacao-com-o-usuario\/#breadcrumb"},"inLanguage":"pt-BR","potentialAction":[{"@type":"ReadAction","target":["https:\/\/wp.ufpel.edu.br\/progep\/formacao-para-gestores-3a-edicao-modulo-2-boas-praticas-na-comunicacao-e-interacao-com-o-usuario\/"]}]},{"@type":"BreadcrumbList","@id":"https:\/\/wp.ufpel.edu.br\/progep\/formacao-para-gestores-3a-edicao-modulo-2-boas-praticas-na-comunicacao-e-interacao-com-o-usuario\/#breadcrumb","itemListElement":[{"@type":"ListItem","position":1,"name":"In\u00edcio","item":"https:\/\/wp.ufpel.edu.br\/progep\/"},{"@type":"ListItem","position":2,"name":"Capacita\u00e7\u00e3o: Forma\u00e7\u00e3o para Gestores &#8211; 3\u00aa Edi\u00e7\u00e3o \u2013 M\u00f3dulo 2: Boas Pr\u00e1ticas na Comunica\u00e7\u00e3o e Intera\u00e7\u00e3o Com o Usu\u00e1rio"}]},{"@type":"WebSite","@id":"https:\/\/wp.ufpel.edu.br\/progep\/#website","url":"https:\/\/wp.ufpel.edu.br\/progep\/","name":"Pr\u00f3-Reitoria de Gest\u00e3o com Pessoas - PROGEP","description":"Pr\u00f3-Reitoria de Gest\u00e3o com Pessoas","publisher":{"@id":"https:\/\/wp.ufpel.edu.br\/progep\/#organization"},"potentialAction":[{"@type":"SearchAction","target":{"@type":"EntryPoint","urlTemplate":"https:\/\/wp.ufpel.edu.br\/progep\/?s={search_term_string}"},"query-input":{"@type":"PropertyValueSpecification","valueRequired":true,"valueName":"search_term_string"}}],"inLanguage":"pt-BR"},{"@type":"Organization","@id":"https:\/\/wp.ufpel.edu.br\/progep\/#organization","name":"Pr\u00f3-Reitoria de Gest\u00e3o com Pessoas - PROGEP","url":"https:\/\/wp.ufpel.edu.br\/progep\/","logo":{"@type":"ImageObject","inLanguage":"pt-BR","@id":"https:\/\/wp.ufpel.edu.br\/progep\/#\/schema\/logo\/image\/","url":"https:\/\/wp.ufpel.edu.br\/progep\/files\/2025\/03\/logo-progep_atualizacao-nome_AZUL.png","contentUrl":"https:\/\/wp.ufpel.edu.br\/progep\/files\/2025\/03\/logo-progep_atualizacao-nome_AZUL.png","width":1080,"height":391,"caption":"Pr\u00f3-Reitoria de Gest\u00e3o com Pessoas - PROGEP"},"image":{"@id":"https:\/\/wp.ufpel.edu.br\/progep\/#\/schema\/logo\/image\/"}}]}},"_links":{"self":[{"href":"https:\/\/wp.ufpel.edu.br\/progep\/wp-json\/wp\/v2\/pages\/22686","targetHints":{"allow":["GET"]}}],"collection":[{"href":"https:\/\/wp.ufpel.edu.br\/progep\/wp-json\/wp\/v2\/pages"}],"about":[{"href":"https:\/\/wp.ufpel.edu.br\/progep\/wp-json\/wp\/v2\/types\/page"}],"author":[{"embeddable":true,"href":"https:\/\/wp.ufpel.edu.br\/progep\/wp-json\/wp\/v2\/users\/21"}],"replies":[{"embeddable":true,"href":"https:\/\/wp.ufpel.edu.br\/progep\/wp-json\/wp\/v2\/comments?post=22686"}],"version-history":[{"count":14,"href":"https:\/\/wp.ufpel.edu.br\/progep\/wp-json\/wp\/v2\/pages\/22686\/revisions"}],"predecessor-version":[{"id":34074,"href":"https:\/\/wp.ufpel.edu.br\/progep\/wp-json\/wp\/v2\/pages\/22686\/revisions\/34074"}],"wp:attachment":[{"href":"https:\/\/wp.ufpel.edu.br\/progep\/wp-json\/wp\/v2\/media?parent=22686"}],"curies":[{"name":"wp","href":"https:\/\/api.w.org\/{rel}","templated":true}]}}