{"id":17000,"date":"2021-03-09T09:20:42","date_gmt":"2021-03-09T12:20:42","guid":{"rendered":"https:\/\/wp.ufpel.edu.br\/progep\/?page_id=17000"},"modified":"2021-03-16T10:50:40","modified_gmt":"2021-03-16T13:50:40","slug":"capacitacao-sobre-procedimentos-de-compras-contratacoes-e-sistemas-de-compras-nova-turma","status":"publish","type":"page","link":"https:\/\/wp.ufpel.edu.br\/progep\/capacitacao-sobre-procedimentos-de-compras-contratacoes-e-sistemas-de-compras-nova-turma\/","title":{"rendered":"Capacita\u00e7\u00e3o sobre procedimentos de compras\/contrata\u00e7\u00f5es e Sistemas de Compras &#8211; Nova Turma"},"content":{"rendered":"<p><strong>Ministrante: <\/strong>Eli\u00e1ra Santos da Silva, Andr\u00e9ia Xavier Farias e Ana Paula Santos Grupelli<\/p>\n<p><b>Modalidade:\u00a0<\/b><em>on line<\/em><\/p>\n<p><strong>Carga hor\u00e1ria:<\/strong>\u00a006 horas<\/p>\n<p class=\"v1MsoNormal\"><strong>Per\u00edodo<\/strong>: 17 de mar\u00e7o a 18 de mar\u00e7o de 2021<\/p>\n<p><strong>Hor\u00e1rio<\/strong>: das 8h30min \u00e0s 11h30min<\/p>\n<p class=\"v1MsoNormal\"><strong>Realiza\u00e7\u00e3o<\/strong>: plataforma Webconf da UFPel (na modalidade\u00a0<em>on-line)<\/em><\/p>\n<p><strong>S\u00famula<\/strong>:<\/p>\n<p class=\"Texto_Justificado\">*Processo licitat\u00f3rio,<\/p>\n<p class=\"Texto_Justificado\">*dispensa de licita\u00e7\u00e3o e inexigibilidade de licita\u00e7\u00e3o;<\/p>\n<p class=\"Texto_Justificado\">* Termo de refer\u00eancia;<\/p>\n<p class=\"Texto_Justificado\">* Planejamento e an\u00e1lise de documenta\u00e7\u00e3o;<\/p>\n<p class=\"Texto_Justificado\">* Nota de Empenho;<\/p>\n<p class=\"Texto_Justificado\">* Recebimento de Material\/Servi\u00e7o;<\/p>\n<p class=\"Texto_Justificado\">* Material Laboratorial de uso controlado pela Pol\u00edcia Federal;<\/p>\n<p class=\"Texto_Justificado\">* Planejamento e Gerenciamento de Contrata\u00e7\u00f5es \u2013 PGC<\/p>\n<p class=\"Texto_Justificado\">* Apresenta\u00e7\u00e3o do Sistema de Compras e suas funcionalidades<\/p>\n<p><b><strong>Avalia\u00e7\u00e3o:\u00a0<\/strong><\/b>Frequ\u00eancia m\u00ednima de 75%.<\/p>\n<p class=\"v1MsoNormal\"><strong>P\u00fablico Alvo<\/strong>: Servidores que atuam em processos de compras e contrata\u00e7\u00f5es na UFPel.<\/p>\n<p><strong>N\u00famero de vagas:<\/strong> 18\u00a0 vagas (vagas limitadas por ordem de inscri\u00e7\u00e3o)**<\/p>\n<p><strong>Per\u00edodo de inscri\u00e7\u00e3o<\/strong>: 09\/03 a 15\/03\/2021<\/p>\n<p><strong>Divulga\u00e7\u00e3o das inscri\u00e7\u00f5es homologadas<\/strong>: 16\/03***, nesta p\u00e1gina.<\/p>\n<p>*Considerando a Pol\u00edtica Nacional de Desenvolvimento de Pessoas, conforme Decreto n\u00ba 9.991\/19, somente ser\u00e3o certificados os servidores p\u00fablicos pertencentes ao Quadro Efetivo da UFPel.<\/p>\n<p>**Vagas destinadas \u00e0 servidores pertencentes ao Quadro Efetivo da UFPel, preferencialmente.<\/p>\n<p>*** Quando da homologa\u00e7\u00e3o das inscri\u00e7\u00f5es, os selecionados receber\u00e3o e-mail com instru\u00e7\u00f5es de acesso \u00e0 sala de Webconf da UFPel.<\/p>\n<p><span style=\"color: #ff6600\"><a style=\"color: #ff6600\" href=\"https:\/\/wp.ufpel.edu.br\/progep\/files\/2021\/03\/Homologacao_Curso-compras-Turma-2.pdf\">INSCRI\u00c7\u00d5ES HOMOLOGADAS<\/a><\/span><\/p>\n","protected":false},"excerpt":{"rendered":"<p>Ministrante: Eli\u00e1ra Santos da Silva, Andr\u00e9ia Xavier Farias e Ana Paula Santos Grupelli Modalidade:\u00a0on line Carga hor\u00e1ria:\u00a006 horas Per\u00edodo: 17 de mar\u00e7o a 18 de mar\u00e7o de 2021 Hor\u00e1rio: das 8h30min \u00e0s 11h30min Realiza\u00e7\u00e3o: plataforma Webconf da UFPel (na modalidade\u00a0on-line) S\u00famula: *Processo licitat\u00f3rio, *dispensa de licita\u00e7\u00e3o e inexigibilidade de licita\u00e7\u00e3o; * Termo de refer\u00eancia; * [&hellip;]<\/p>\n","protected":false},"author":21,"featured_media":0,"parent":0,"menu_order":0,"comment_status":"closed","ping_status":"closed","template":"","meta":{"footnotes":""},"class_list":["post-17000","page","type-page","status-publish","hentry"],"yoast_head":"<!-- This site is optimized with the Yoast SEO plugin v28.1 - https:\/\/yoast.com\/product\/yoast-seo-wordpress\/ -->\n<title>Capacita\u00e7\u00e3o sobre procedimentos de compras\/contrata\u00e7\u00f5es e Sistemas de Compras - Nova Turma - Pr\u00f3-Reitoria de Gest\u00e3o com Pessoas - PROGEP<\/title>\n<meta name=\"robots\" content=\"index, follow, max-snippet:-1, max-image-preview:large, max-video-preview:-1\" \/>\n<link rel=\"canonical\" href=\"https:\/\/wp.ufpel.edu.br\/progep\/capacitacao-sobre-procedimentos-de-compras-contratacoes-e-sistemas-de-compras-nova-turma\/\" \/>\n<meta property=\"og:locale\" content=\"pt_BR\" \/>\n<meta property=\"og:type\" content=\"article\" \/>\n<meta property=\"og:title\" content=\"Capacita\u00e7\u00e3o sobre procedimentos de compras\/contrata\u00e7\u00f5es e Sistemas de Compras - Nova Turma - Pr\u00f3-Reitoria de Gest\u00e3o com Pessoas - PROGEP\" \/>\n<meta property=\"og:description\" content=\"Ministrante: Eli\u00e1ra Santos da Silva, Andr\u00e9ia Xavier Farias e Ana Paula Santos Grupelli Modalidade:\u00a0on line Carga hor\u00e1ria:\u00a006 horas Per\u00edodo: 17 de mar\u00e7o a 18 de mar\u00e7o de 2021 Hor\u00e1rio: das 8h30min \u00e0s 11h30min Realiza\u00e7\u00e3o: plataforma Webconf da UFPel (na modalidade\u00a0on-line) S\u00famula: *Processo licitat\u00f3rio, *dispensa de licita\u00e7\u00e3o e inexigibilidade de licita\u00e7\u00e3o; * Termo de refer\u00eancia; * [&hellip;]\" \/>\n<meta property=\"og:url\" content=\"https:\/\/wp.ufpel.edu.br\/progep\/capacitacao-sobre-procedimentos-de-compras-contratacoes-e-sistemas-de-compras-nova-turma\/\" \/>\n<meta property=\"og:site_name\" content=\"Pr\u00f3-Reitoria de Gest\u00e3o com Pessoas - PROGEP\" \/>\n<meta property=\"article:modified_time\" content=\"2021-03-16T13:50:40+00:00\" \/>\n<meta name=\"twitter:card\" content=\"summary_large_image\" \/>\n<meta name=\"twitter:label1\" content=\"Est. tempo de leitura\" \/>\n\t<meta name=\"twitter:data1\" content=\"1 minuto\" \/>\n<script type=\"application\/ld+json\" class=\"yoast-schema-graph\">{\"@context\":\"https:\\\/\\\/schema.org\",\"@graph\":[{\"@type\":\"WebPage\",\"@id\":\"https:\\\/\\\/wp.ufpel.edu.br\\\/progep\\\/capacitacao-sobre-procedimentos-de-compras-contratacoes-e-sistemas-de-compras-nova-turma\\\/\",\"url\":\"https:\\\/\\\/wp.ufpel.edu.br\\\/progep\\\/capacitacao-sobre-procedimentos-de-compras-contratacoes-e-sistemas-de-compras-nova-turma\\\/\",\"name\":\"Capacita\u00e7\u00e3o sobre procedimentos de compras\\\/contrata\u00e7\u00f5es e Sistemas de Compras - Nova Turma - Pr\u00f3-Reitoria de Gest\u00e3o com Pessoas - PROGEP\",\"isPartOf\":{\"@id\":\"https:\\\/\\\/wp.ufpel.edu.br\\\/progep\\\/#website\"},\"datePublished\":\"2021-03-09T12:20:42+00:00\",\"dateModified\":\"2021-03-16T13:50:40+00:00\",\"breadcrumb\":{\"@id\":\"https:\\\/\\\/wp.ufpel.edu.br\\\/progep\\\/capacitacao-sobre-procedimentos-de-compras-contratacoes-e-sistemas-de-compras-nova-turma\\\/#breadcrumb\"},\"inLanguage\":\"pt-BR\",\"potentialAction\":[{\"@type\":\"ReadAction\",\"target\":[\"https:\\\/\\\/wp.ufpel.edu.br\\\/progep\\\/capacitacao-sobre-procedimentos-de-compras-contratacoes-e-sistemas-de-compras-nova-turma\\\/\"]}]},{\"@type\":\"BreadcrumbList\",\"@id\":\"https:\\\/\\\/wp.ufpel.edu.br\\\/progep\\\/capacitacao-sobre-procedimentos-de-compras-contratacoes-e-sistemas-de-compras-nova-turma\\\/#breadcrumb\",\"itemListElement\":[{\"@type\":\"ListItem\",\"position\":1,\"name\":\"In\u00edcio\",\"item\":\"https:\\\/\\\/wp.ufpel.edu.br\\\/progep\\\/\"},{\"@type\":\"ListItem\",\"position\":2,\"name\":\"Capacita\u00e7\u00e3o sobre procedimentos de compras\\\/contrata\u00e7\u00f5es e Sistemas de Compras &#8211; Nova Turma\"}]},{\"@type\":\"WebSite\",\"@id\":\"https:\\\/\\\/wp.ufpel.edu.br\\\/progep\\\/#website\",\"url\":\"https:\\\/\\\/wp.ufpel.edu.br\\\/progep\\\/\",\"name\":\"Pr\u00f3-Reitoria de Gest\u00e3o com Pessoas - PROGEP\",\"description\":\"Pr\u00f3-Reitoria de Gest\u00e3o com Pessoas\",\"publisher\":{\"@id\":\"https:\\\/\\\/wp.ufpel.edu.br\\\/progep\\\/#organization\"},\"potentialAction\":[{\"@type\":\"SearchAction\",\"target\":{\"@type\":\"EntryPoint\",\"urlTemplate\":\"https:\\\/\\\/wp.ufpel.edu.br\\\/progep\\\/?s={search_term_string}\"},\"query-input\":{\"@type\":\"PropertyValueSpecification\",\"valueRequired\":true,\"valueName\":\"search_term_string\"}}],\"inLanguage\":\"pt-BR\"},{\"@type\":\"Organization\",\"@id\":\"https:\\\/\\\/wp.ufpel.edu.br\\\/progep\\\/#organization\",\"name\":\"Pr\u00f3-Reitoria de Gest\u00e3o com Pessoas - PROGEP\",\"url\":\"https:\\\/\\\/wp.ufpel.edu.br\\\/progep\\\/\",\"logo\":{\"@type\":\"ImageObject\",\"inLanguage\":\"pt-BR\",\"@id\":\"https:\\\/\\\/wp.ufpel.edu.br\\\/progep\\\/#\\\/schema\\\/logo\\\/image\\\/\",\"url\":\"https:\\\/\\\/wp.ufpel.edu.br\\\/progep\\\/files\\\/2025\\\/03\\\/logo-progep_atualizacao-nome_AZUL.png\",\"contentUrl\":\"https:\\\/\\\/wp.ufpel.edu.br\\\/progep\\\/files\\\/2025\\\/03\\\/logo-progep_atualizacao-nome_AZUL.png\",\"width\":1080,\"height\":391,\"caption\":\"Pr\u00f3-Reitoria de Gest\u00e3o com Pessoas - PROGEP\"},\"image\":{\"@id\":\"https:\\\/\\\/wp.ufpel.edu.br\\\/progep\\\/#\\\/schema\\\/logo\\\/image\\\/\"}}]}<\/script>\n<!-- \/ Yoast SEO plugin. -->","yoast_head_json":{"title":"Capacita\u00e7\u00e3o sobre procedimentos de compras\/contrata\u00e7\u00f5es e Sistemas de Compras - Nova Turma - Pr\u00f3-Reitoria de Gest\u00e3o com Pessoas - PROGEP","robots":{"index":"index","follow":"follow","max-snippet":"max-snippet:-1","max-image-preview":"max-image-preview:large","max-video-preview":"max-video-preview:-1"},"canonical":"https:\/\/wp.ufpel.edu.br\/progep\/capacitacao-sobre-procedimentos-de-compras-contratacoes-e-sistemas-de-compras-nova-turma\/","og_locale":"pt_BR","og_type":"article","og_title":"Capacita\u00e7\u00e3o sobre procedimentos de compras\/contrata\u00e7\u00f5es e Sistemas de Compras - Nova Turma - Pr\u00f3-Reitoria de Gest\u00e3o com Pessoas - PROGEP","og_description":"Ministrante: Eli\u00e1ra Santos da Silva, Andr\u00e9ia Xavier Farias e Ana Paula Santos Grupelli Modalidade:\u00a0on line Carga hor\u00e1ria:\u00a006 horas Per\u00edodo: 17 de mar\u00e7o a 18 de mar\u00e7o de 2021 Hor\u00e1rio: das 8h30min \u00e0s 11h30min Realiza\u00e7\u00e3o: plataforma Webconf da UFPel (na modalidade\u00a0on-line) S\u00famula: *Processo licitat\u00f3rio, *dispensa de licita\u00e7\u00e3o e inexigibilidade de licita\u00e7\u00e3o; * Termo de refer\u00eancia; * [&hellip;]","og_url":"https:\/\/wp.ufpel.edu.br\/progep\/capacitacao-sobre-procedimentos-de-compras-contratacoes-e-sistemas-de-compras-nova-turma\/","og_site_name":"Pr\u00f3-Reitoria de Gest\u00e3o com Pessoas - PROGEP","article_modified_time":"2021-03-16T13:50:40+00:00","twitter_card":"summary_large_image","twitter_misc":{"Est. tempo de leitura":"1 minuto"},"schema":{"@context":"https:\/\/schema.org","@graph":[{"@type":"WebPage","@id":"https:\/\/wp.ufpel.edu.br\/progep\/capacitacao-sobre-procedimentos-de-compras-contratacoes-e-sistemas-de-compras-nova-turma\/","url":"https:\/\/wp.ufpel.edu.br\/progep\/capacitacao-sobre-procedimentos-de-compras-contratacoes-e-sistemas-de-compras-nova-turma\/","name":"Capacita\u00e7\u00e3o sobre procedimentos de compras\/contrata\u00e7\u00f5es e Sistemas de Compras - Nova Turma - Pr\u00f3-Reitoria de Gest\u00e3o com Pessoas - PROGEP","isPartOf":{"@id":"https:\/\/wp.ufpel.edu.br\/progep\/#website"},"datePublished":"2021-03-09T12:20:42+00:00","dateModified":"2021-03-16T13:50:40+00:00","breadcrumb":{"@id":"https:\/\/wp.ufpel.edu.br\/progep\/capacitacao-sobre-procedimentos-de-compras-contratacoes-e-sistemas-de-compras-nova-turma\/#breadcrumb"},"inLanguage":"pt-BR","potentialAction":[{"@type":"ReadAction","target":["https:\/\/wp.ufpel.edu.br\/progep\/capacitacao-sobre-procedimentos-de-compras-contratacoes-e-sistemas-de-compras-nova-turma\/"]}]},{"@type":"BreadcrumbList","@id":"https:\/\/wp.ufpel.edu.br\/progep\/capacitacao-sobre-procedimentos-de-compras-contratacoes-e-sistemas-de-compras-nova-turma\/#breadcrumb","itemListElement":[{"@type":"ListItem","position":1,"name":"In\u00edcio","item":"https:\/\/wp.ufpel.edu.br\/progep\/"},{"@type":"ListItem","position":2,"name":"Capacita\u00e7\u00e3o sobre procedimentos de compras\/contrata\u00e7\u00f5es e Sistemas de Compras &#8211; Nova Turma"}]},{"@type":"WebSite","@id":"https:\/\/wp.ufpel.edu.br\/progep\/#website","url":"https:\/\/wp.ufpel.edu.br\/progep\/","name":"Pr\u00f3-Reitoria de Gest\u00e3o com Pessoas - PROGEP","description":"Pr\u00f3-Reitoria de Gest\u00e3o com Pessoas","publisher":{"@id":"https:\/\/wp.ufpel.edu.br\/progep\/#organization"},"potentialAction":[{"@type":"SearchAction","target":{"@type":"EntryPoint","urlTemplate":"https:\/\/wp.ufpel.edu.br\/progep\/?s={search_term_string}"},"query-input":{"@type":"PropertyValueSpecification","valueRequired":true,"valueName":"search_term_string"}}],"inLanguage":"pt-BR"},{"@type":"Organization","@id":"https:\/\/wp.ufpel.edu.br\/progep\/#organization","name":"Pr\u00f3-Reitoria de Gest\u00e3o com Pessoas - PROGEP","url":"https:\/\/wp.ufpel.edu.br\/progep\/","logo":{"@type":"ImageObject","inLanguage":"pt-BR","@id":"https:\/\/wp.ufpel.edu.br\/progep\/#\/schema\/logo\/image\/","url":"https:\/\/wp.ufpel.edu.br\/progep\/files\/2025\/03\/logo-progep_atualizacao-nome_AZUL.png","contentUrl":"https:\/\/wp.ufpel.edu.br\/progep\/files\/2025\/03\/logo-progep_atualizacao-nome_AZUL.png","width":1080,"height":391,"caption":"Pr\u00f3-Reitoria de Gest\u00e3o com Pessoas - PROGEP"},"image":{"@id":"https:\/\/wp.ufpel.edu.br\/progep\/#\/schema\/logo\/image\/"}}]}},"_links":{"self":[{"href":"https:\/\/wp.ufpel.edu.br\/progep\/wp-json\/wp\/v2\/pages\/17000","targetHints":{"allow":["GET"]}}],"collection":[{"href":"https:\/\/wp.ufpel.edu.br\/progep\/wp-json\/wp\/v2\/pages"}],"about":[{"href":"https:\/\/wp.ufpel.edu.br\/progep\/wp-json\/wp\/v2\/types\/page"}],"author":[{"embeddable":true,"href":"https:\/\/wp.ufpel.edu.br\/progep\/wp-json\/wp\/v2\/users\/21"}],"replies":[{"embeddable":true,"href":"https:\/\/wp.ufpel.edu.br\/progep\/wp-json\/wp\/v2\/comments?post=17000"}],"version-history":[{"count":4,"href":"https:\/\/wp.ufpel.edu.br\/progep\/wp-json\/wp\/v2\/pages\/17000\/revisions"}],"predecessor-version":[{"id":17115,"href":"https:\/\/wp.ufpel.edu.br\/progep\/wp-json\/wp\/v2\/pages\/17000\/revisions\/17115"}],"wp:attachment":[{"href":"https:\/\/wp.ufpel.edu.br\/progep\/wp-json\/wp\/v2\/media?parent=17000"}],"curies":[{"name":"wp","href":"https:\/\/api.w.org\/{rel}","templated":true}]}}