{"id":13375,"date":"2019-04-22T10:52:42","date_gmt":"2019-04-22T13:52:42","guid":{"rendered":"https:\/\/wp.ufpel.edu.br\/progep\/?page_id=13375"},"modified":"2025-06-30T13:33:25","modified_gmt":"2025-06-30T16:33:25","slug":"curso-de-wordpress-institucional","status":"publish","type":"page","link":"https:\/\/wp.ufpel.edu.br\/progep\/curso-de-wordpress-institucional\/","title":{"rendered":"Capacita\u00e7\u00e3o: Curso de WordPress Institucional"},"content":{"rendered":"<p><strong>Modalidade:<\/strong>\u00a0<em>On line*<\/em><\/p>\n<p><strong>Carga Hor\u00e1ria:<\/strong>\u00a040 horas<\/p>\n<p><strong>Per\u00edodo:<\/strong>\u00a006\/05 a 06\/07<\/p>\n<p><strong>Realiza\u00e7\u00e3o:<\/strong> plataforma AVA da UFPel<\/p>\n<p><strong>S\u00famula:<\/strong><\/p>\n<ul>\n<li>Unidade 1 \u2013 Ambienta\u00e7\u00e3o\n<ul>\n<li>Introdu\u00e7\u00e3o ao WordPress e Plataforma de Treinamento<\/li>\n<li>Acesso ao Painel Administrativo<\/li>\n<\/ul>\n<\/li>\n<li>Unidade 2 \u2013 P\u00e1ginas, Posts e Categorias\n<ul>\n<li>P\u00e1ginas<\/li>\n<li>Posts e Categorias<\/li>\n<\/ul>\n<\/li>\n<li>Unidade 3 \u2013 Menus Personalizados e Conte\u00fado Multim\u00eddia\n<ul>\n<li>Menus Personalizados<\/li>\n<li>Conte\u00fado Multim\u00eddia<\/li>\n<\/ul>\n<\/li>\n<li>Unidade 4 \u2013 Plugins\n<ul>\n<li>Plugins<\/li>\n<\/ul>\n<\/li>\n<li>Unidade 5 \u2013 Widgets\n<ul>\n<li>Widgets<\/li>\n<\/ul>\n<\/li>\n<li>Unidade 6 \u2013 Temas\n<ul>\n<li>O que s\u00e3o Temas?<\/li>\n<li>Tema UFPel 2.0<\/li>\n<li>Alterando o tema do site<\/li>\n<\/ul>\n<\/li>\n<\/ul>\n<p><strong>P\u00fablico Alvo<\/strong>: servidores em geral<\/p>\n<p><strong>Per\u00edodo de inscri\u00e7\u00e3o<\/strong>: 22\/04 a 02\/05<\/p>\n<p><strong>Homologa\u00e7\u00e3o das inscri\u00e7\u00f5es<\/strong>: 03\/05**<\/p>\n<p>*A capacita\u00e7\u00e3o ocorrer\u00e1 sem tutoria.<\/p>\n<p>** Ap\u00f3s a homologa\u00e7\u00e3o das inscri\u00e7\u00f5es, os selecionados receber\u00e3o e-mail com instru\u00e7\u00f5es de acesso ao curso.<\/p>\n<p><strong><span style=\"color: #ff6600\"><a style=\"color: #ff6600\" href=\"https:\/\/wp.ufpel.edu.br\/progep\/files\/2019\/05\/homologa_inscritos.pdf\">INSCRI\u00c7\u00d5ES HOMOLOGADAS<\/a><\/span><\/strong><\/p>\n","protected":false},"excerpt":{"rendered":"<p>Modalidade:\u00a0On line* Carga Hor\u00e1ria:\u00a040 horas Per\u00edodo:\u00a006\/05 a 06\/07 Realiza\u00e7\u00e3o: plataforma AVA da UFPel S\u00famula: Unidade 1 \u2013 Ambienta\u00e7\u00e3o Introdu\u00e7\u00e3o ao WordPress e Plataforma de Treinamento Acesso ao Painel Administrativo Unidade 2 \u2013 P\u00e1ginas, Posts e Categorias P\u00e1ginas Posts e Categorias Unidade 3 \u2013 Menus Personalizados e Conte\u00fado Multim\u00eddia Menus Personalizados Conte\u00fado Multim\u00eddia Unidade 4 \u2013 [&hellip;]<\/p>\n","protected":false},"author":21,"featured_media":0,"parent":0,"menu_order":0,"comment_status":"closed","ping_status":"closed","template":"","meta":{"footnotes":""},"class_list":["post-13375","page","type-page","status-publish","hentry"],"yoast_head":"<!-- This site is optimized with the Yoast SEO plugin v28.1 - https:\/\/yoast.com\/product\/yoast-seo-wordpress\/ -->\n<title>Capacita\u00e7\u00e3o: Curso de WordPress Institucional - Pr\u00f3-Reitoria de Gest\u00e3o com Pessoas - PROGEP<\/title>\n<meta name=\"robots\" content=\"index, follow, max-snippet:-1, max-image-preview:large, max-video-preview:-1\" \/>\n<link rel=\"canonical\" href=\"https:\/\/wp.ufpel.edu.br\/progep\/curso-de-wordpress-institucional\/\" \/>\n<meta property=\"og:locale\" content=\"pt_BR\" \/>\n<meta property=\"og:type\" content=\"article\" \/>\n<meta property=\"og:title\" content=\"Capacita\u00e7\u00e3o: Curso de WordPress Institucional - Pr\u00f3-Reitoria de Gest\u00e3o com Pessoas - PROGEP\" \/>\n<meta property=\"og:description\" content=\"Modalidade:\u00a0On line* Carga Hor\u00e1ria:\u00a040 horas Per\u00edodo:\u00a006\/05 a 06\/07 Realiza\u00e7\u00e3o: plataforma AVA da UFPel S\u00famula: Unidade 1 \u2013 Ambienta\u00e7\u00e3o Introdu\u00e7\u00e3o ao WordPress e Plataforma de Treinamento Acesso ao Painel Administrativo Unidade 2 \u2013 P\u00e1ginas, Posts e Categorias P\u00e1ginas Posts e Categorias Unidade 3 \u2013 Menus Personalizados e Conte\u00fado Multim\u00eddia Menus Personalizados Conte\u00fado Multim\u00eddia Unidade 4 \u2013 [&hellip;]\" \/>\n<meta property=\"og:url\" content=\"https:\/\/wp.ufpel.edu.br\/progep\/curso-de-wordpress-institucional\/\" \/>\n<meta property=\"og:site_name\" content=\"Pr\u00f3-Reitoria de Gest\u00e3o com Pessoas - PROGEP\" \/>\n<meta property=\"article:modified_time\" content=\"2025-06-30T16:33:25+00:00\" \/>\n<meta name=\"twitter:card\" content=\"summary_large_image\" \/>\n<meta name=\"twitter:label1\" content=\"Est. tempo de leitura\" \/>\n\t<meta name=\"twitter:data1\" content=\"1 minuto\" \/>\n<script type=\"application\/ld+json\" class=\"yoast-schema-graph\">{\"@context\":\"https:\\\/\\\/schema.org\",\"@graph\":[{\"@type\":\"WebPage\",\"@id\":\"https:\\\/\\\/wp.ufpel.edu.br\\\/progep\\\/curso-de-wordpress-institucional\\\/\",\"url\":\"https:\\\/\\\/wp.ufpel.edu.br\\\/progep\\\/curso-de-wordpress-institucional\\\/\",\"name\":\"Capacita\u00e7\u00e3o: Curso de WordPress Institucional - Pr\u00f3-Reitoria de Gest\u00e3o com Pessoas - PROGEP\",\"isPartOf\":{\"@id\":\"https:\\\/\\\/wp.ufpel.edu.br\\\/progep\\\/#website\"},\"datePublished\":\"2019-04-22T13:52:42+00:00\",\"dateModified\":\"2025-06-30T16:33:25+00:00\",\"breadcrumb\":{\"@id\":\"https:\\\/\\\/wp.ufpel.edu.br\\\/progep\\\/curso-de-wordpress-institucional\\\/#breadcrumb\"},\"inLanguage\":\"pt-BR\",\"potentialAction\":[{\"@type\":\"ReadAction\",\"target\":[\"https:\\\/\\\/wp.ufpel.edu.br\\\/progep\\\/curso-de-wordpress-institucional\\\/\"]}]},{\"@type\":\"BreadcrumbList\",\"@id\":\"https:\\\/\\\/wp.ufpel.edu.br\\\/progep\\\/curso-de-wordpress-institucional\\\/#breadcrumb\",\"itemListElement\":[{\"@type\":\"ListItem\",\"position\":1,\"name\":\"In\u00edcio\",\"item\":\"https:\\\/\\\/wp.ufpel.edu.br\\\/progep\\\/\"},{\"@type\":\"ListItem\",\"position\":2,\"name\":\"Capacita\u00e7\u00e3o: Curso de WordPress Institucional\"}]},{\"@type\":\"WebSite\",\"@id\":\"https:\\\/\\\/wp.ufpel.edu.br\\\/progep\\\/#website\",\"url\":\"https:\\\/\\\/wp.ufpel.edu.br\\\/progep\\\/\",\"name\":\"Pr\u00f3-Reitoria de Gest\u00e3o com Pessoas - PROGEP\",\"description\":\"Pr\u00f3-Reitoria de Gest\u00e3o com Pessoas\",\"publisher\":{\"@id\":\"https:\\\/\\\/wp.ufpel.edu.br\\\/progep\\\/#organization\"},\"potentialAction\":[{\"@type\":\"SearchAction\",\"target\":{\"@type\":\"EntryPoint\",\"urlTemplate\":\"https:\\\/\\\/wp.ufpel.edu.br\\\/progep\\\/?s={search_term_string}\"},\"query-input\":{\"@type\":\"PropertyValueSpecification\",\"valueRequired\":true,\"valueName\":\"search_term_string\"}}],\"inLanguage\":\"pt-BR\"},{\"@type\":\"Organization\",\"@id\":\"https:\\\/\\\/wp.ufpel.edu.br\\\/progep\\\/#organization\",\"name\":\"Pr\u00f3-Reitoria de Gest\u00e3o com Pessoas - PROGEP\",\"url\":\"https:\\\/\\\/wp.ufpel.edu.br\\\/progep\\\/\",\"logo\":{\"@type\":\"ImageObject\",\"inLanguage\":\"pt-BR\",\"@id\":\"https:\\\/\\\/wp.ufpel.edu.br\\\/progep\\\/#\\\/schema\\\/logo\\\/image\\\/\",\"url\":\"https:\\\/\\\/wp.ufpel.edu.br\\\/progep\\\/files\\\/2025\\\/03\\\/logo-progep_atualizacao-nome_AZUL.png\",\"contentUrl\":\"https:\\\/\\\/wp.ufpel.edu.br\\\/progep\\\/files\\\/2025\\\/03\\\/logo-progep_atualizacao-nome_AZUL.png\",\"width\":1080,\"height\":391,\"caption\":\"Pr\u00f3-Reitoria de Gest\u00e3o com Pessoas - PROGEP\"},\"image\":{\"@id\":\"https:\\\/\\\/wp.ufpel.edu.br\\\/progep\\\/#\\\/schema\\\/logo\\\/image\\\/\"}}]}<\/script>\n<!-- \/ Yoast SEO plugin. -->","yoast_head_json":{"title":"Capacita\u00e7\u00e3o: Curso de WordPress Institucional - Pr\u00f3-Reitoria de Gest\u00e3o com Pessoas - PROGEP","robots":{"index":"index","follow":"follow","max-snippet":"max-snippet:-1","max-image-preview":"max-image-preview:large","max-video-preview":"max-video-preview:-1"},"canonical":"https:\/\/wp.ufpel.edu.br\/progep\/curso-de-wordpress-institucional\/","og_locale":"pt_BR","og_type":"article","og_title":"Capacita\u00e7\u00e3o: Curso de WordPress Institucional - Pr\u00f3-Reitoria de Gest\u00e3o com Pessoas - PROGEP","og_description":"Modalidade:\u00a0On line* Carga Hor\u00e1ria:\u00a040 horas Per\u00edodo:\u00a006\/05 a 06\/07 Realiza\u00e7\u00e3o: plataforma AVA da UFPel S\u00famula: Unidade 1 \u2013 Ambienta\u00e7\u00e3o Introdu\u00e7\u00e3o ao WordPress e Plataforma de Treinamento Acesso ao Painel Administrativo Unidade 2 \u2013 P\u00e1ginas, Posts e Categorias P\u00e1ginas Posts e Categorias Unidade 3 \u2013 Menus Personalizados e Conte\u00fado Multim\u00eddia Menus Personalizados Conte\u00fado Multim\u00eddia Unidade 4 \u2013 [&hellip;]","og_url":"https:\/\/wp.ufpel.edu.br\/progep\/curso-de-wordpress-institucional\/","og_site_name":"Pr\u00f3-Reitoria de Gest\u00e3o com Pessoas - PROGEP","article_modified_time":"2025-06-30T16:33:25+00:00","twitter_card":"summary_large_image","twitter_misc":{"Est. tempo de leitura":"1 minuto"},"schema":{"@context":"https:\/\/schema.org","@graph":[{"@type":"WebPage","@id":"https:\/\/wp.ufpel.edu.br\/progep\/curso-de-wordpress-institucional\/","url":"https:\/\/wp.ufpel.edu.br\/progep\/curso-de-wordpress-institucional\/","name":"Capacita\u00e7\u00e3o: Curso de WordPress Institucional - Pr\u00f3-Reitoria de Gest\u00e3o com Pessoas - PROGEP","isPartOf":{"@id":"https:\/\/wp.ufpel.edu.br\/progep\/#website"},"datePublished":"2019-04-22T13:52:42+00:00","dateModified":"2025-06-30T16:33:25+00:00","breadcrumb":{"@id":"https:\/\/wp.ufpel.edu.br\/progep\/curso-de-wordpress-institucional\/#breadcrumb"},"inLanguage":"pt-BR","potentialAction":[{"@type":"ReadAction","target":["https:\/\/wp.ufpel.edu.br\/progep\/curso-de-wordpress-institucional\/"]}]},{"@type":"BreadcrumbList","@id":"https:\/\/wp.ufpel.edu.br\/progep\/curso-de-wordpress-institucional\/#breadcrumb","itemListElement":[{"@type":"ListItem","position":1,"name":"In\u00edcio","item":"https:\/\/wp.ufpel.edu.br\/progep\/"},{"@type":"ListItem","position":2,"name":"Capacita\u00e7\u00e3o: Curso de WordPress Institucional"}]},{"@type":"WebSite","@id":"https:\/\/wp.ufpel.edu.br\/progep\/#website","url":"https:\/\/wp.ufpel.edu.br\/progep\/","name":"Pr\u00f3-Reitoria de Gest\u00e3o com Pessoas - PROGEP","description":"Pr\u00f3-Reitoria de Gest\u00e3o com Pessoas","publisher":{"@id":"https:\/\/wp.ufpel.edu.br\/progep\/#organization"},"potentialAction":[{"@type":"SearchAction","target":{"@type":"EntryPoint","urlTemplate":"https:\/\/wp.ufpel.edu.br\/progep\/?s={search_term_string}"},"query-input":{"@type":"PropertyValueSpecification","valueRequired":true,"valueName":"search_term_string"}}],"inLanguage":"pt-BR"},{"@type":"Organization","@id":"https:\/\/wp.ufpel.edu.br\/progep\/#organization","name":"Pr\u00f3-Reitoria de Gest\u00e3o com Pessoas - PROGEP","url":"https:\/\/wp.ufpel.edu.br\/progep\/","logo":{"@type":"ImageObject","inLanguage":"pt-BR","@id":"https:\/\/wp.ufpel.edu.br\/progep\/#\/schema\/logo\/image\/","url":"https:\/\/wp.ufpel.edu.br\/progep\/files\/2025\/03\/logo-progep_atualizacao-nome_AZUL.png","contentUrl":"https:\/\/wp.ufpel.edu.br\/progep\/files\/2025\/03\/logo-progep_atualizacao-nome_AZUL.png","width":1080,"height":391,"caption":"Pr\u00f3-Reitoria de Gest\u00e3o com Pessoas - PROGEP"},"image":{"@id":"https:\/\/wp.ufpel.edu.br\/progep\/#\/schema\/logo\/image\/"}}]}},"_links":{"self":[{"href":"https:\/\/wp.ufpel.edu.br\/progep\/wp-json\/wp\/v2\/pages\/13375","targetHints":{"allow":["GET"]}}],"collection":[{"href":"https:\/\/wp.ufpel.edu.br\/progep\/wp-json\/wp\/v2\/pages"}],"about":[{"href":"https:\/\/wp.ufpel.edu.br\/progep\/wp-json\/wp\/v2\/types\/page"}],"author":[{"embeddable":true,"href":"https:\/\/wp.ufpel.edu.br\/progep\/wp-json\/wp\/v2\/users\/21"}],"replies":[{"embeddable":true,"href":"https:\/\/wp.ufpel.edu.br\/progep\/wp-json\/wp\/v2\/comments?post=13375"}],"version-history":[{"count":3,"href":"https:\/\/wp.ufpel.edu.br\/progep\/wp-json\/wp\/v2\/pages\/13375\/revisions"}],"predecessor-version":[{"id":33855,"href":"https:\/\/wp.ufpel.edu.br\/progep\/wp-json\/wp\/v2\/pages\/13375\/revisions\/33855"}],"wp:attachment":[{"href":"https:\/\/wp.ufpel.edu.br\/progep\/wp-json\/wp\/v2\/media?parent=13375"}],"curies":[{"name":"wp","href":"https:\/\/api.w.org\/{rel}","templated":true}]}}