{"id":14,"date":"2011-08-16T11:34:41","date_gmt":"2011-08-16T14:34:41","guid":{"rendered":"https:\/\/wp.ufpel.edu.br\/processosgerenciais\/"},"modified":"2024-08-16T15:28:33","modified_gmt":"2024-08-16T18:28:33","slug":"corpo-docente","status":"publish","type":"page","link":"https:\/\/wp.ufpel.edu.br\/processosgerenciais\/corpo-docente\/","title":{"rendered":"Corpo Docente"},"content":{"rendered":"<h1 class=\"post-title entry-title\">Coordena\u00e7\u00e3o:<\/h1>\n<div class=\"entry-content clearfix\">\n<h6><a href=\"http:\/\/lattes.cnpq.br\/9561915154059592\" target=\"_blank\" rel=\"noopener noreferrer\">ANA PAULA LEMOS CENTENO<\/a><\/h6>\n<p>Regime de trabalho: professor efetivo\/DE<br \/>\nGraduada em Administra\u00e7\u00e3o\/UCPel<br \/>\nGraduada em Direito\/UFPel<br \/>\nMestre em Administra\u00e7\u00e3o e Neg\u00f3cios\/PUCRS<br \/>\nDoutora em Administra\u00e7\u00e3o\/Unisinos<br \/>\ncentenoanapaula@gmail.com<\/p>\n<\/div>\n<h1><\/h1>\n<h1 class=\"post-title entry-title\">Corpo Docente<\/h1>\n<div class=\"entry-content clearfix\">\n<h6><a href=\"http:\/\/lattes.cnpq.br\/5995640123885708\" target=\"_blank\" rel=\"noopener noreferrer\">ALEXANDRE XAVIER VIEIRA BRAGA<\/a><\/h6>\n<p>Regime de trabalho: professor efetivo\/ 40h\/semana<br \/>\nGraduado em Administra\u00e7\u00e3o\/UCPEL<br \/>\nMestre em Ci\u00eancias Cont\u00e1beis\/UNISINOS<br \/>\nDoutor em Administra\u00e7\u00e3o\/UNISINOS<br \/>\n<a href=\"mailto:bragaufpel@gmail.com\">bragaufpel@gmail.com<\/a><\/p>\n<\/div>\n<p>&nbsp;<\/p>\n<h6><a href=\"http:\/\/lattes.cnpq.br\/6602132557607860\" target=\"_blank\" rel=\"noopener noreferrer\">ALISSON EDUARDO MAEHLER<\/a><\/h6>\n<p>Regime de trabalho: professor efetivo\/DE<br \/>\nGraduado em Administra\u00e7\u00e3o\/UFPEL<br \/>\nMestre em Administra\u00e7\u00e3o\/UFSM<br \/>\nDoutor em Administra\u00e7\u00e3o\/UFRGS<br \/>\n<a href=\"mailto:alisson_eduardo@ufpel.tche.br\">alisson.maehler@gmail.com<\/a><br \/>\n<a href=\"mailto:alisson_eduardo@ufpel.edu.br\">alisson_eduardo@ufpel.edu.br<\/a><\/p>\n<div class=\"entry-content clearfix\"><\/div>\n<p>&nbsp;<\/p>\n<div class=\"entry-content clearfix\">\n<h6><a href=\"http:\/\/lattes.cnpq.br\/5114643785938969\" target=\"_blank\" rel=\"noopener noreferrer\">FL\u00c1VIA BRAGA DE AZAMBUJA<\/a><\/h6>\n<p>Regime de trabalho: professor efetivo\/DE<br \/>\nGraduada em Tecnologia em Processamento de Dados\/UCPEL<br \/>\nMestre em Engenharia de Produ\u00e7\u00e3o\/UFSC<br \/>\n<a href=\"mailto:ffritzen@terra.com.br\">flaviaazambuja@gmail.com<\/a><\/p>\n<p>&nbsp;<\/p>\n<h6><a href=\"http:\/\/lattes.cnpq.br\/1784277292184400\">FRANCIELLE MOLON DA SILVA<\/a><\/h6>\n<p>Regime de trabalho: professor efetivo\/DE<br \/>\nGraduada em Administra\u00e7\u00e3o\/UFPel<br \/>\nEspecialista em Gest\u00e3o de Pessoas \/UCPEL<br \/>\nMestre em Administra\u00e7\u00e3o\/UFRGS<br \/>\nDoutora em Administra\u00e7\u00e3o\/UFRGS<br \/>\n<a href=\"mailto:gomeskat@ufpel.tche.br\">franmolon@yahoo.com.br<\/a><\/p>\n<\/div>\n<p>&nbsp;<\/p>\n<h6><a href=\"http:\/\/buscatextual.cnpq.br\/buscatextual\/visualizacv.do\" target=\"_blank\" rel=\"noopener noreferrer\">FRANCINE PINTO DA SILVA JOSEPH<\/a><\/h6>\n<p>Regime de trabalho: professor efetivo\/DE<br \/>\nGraduada em Direito\/UCPEL<br \/>\nMestre em Ci\u00eancias Sociais\/UFPEL<br \/>\nDoutoranda em Ci\u00eancias Sociais\/UNISINOS<br \/>\n<a href=\"mailto:francinepinto@gmail.com\" target=\"_blank\" rel=\"noopener noreferrer\">francinepinto@gmail.com<\/a><\/p>\n<p>&nbsp;<\/p>\n<div class=\"entry-content clearfix\">\n<h6><a href=\"http:\/\/lattes.cnpq.br\/7046203970070689\">ISABEL CRISTINA BARROS RASIA<\/a>\u00a0\u2013 Diretora do\u00a0<a href=\"https:\/\/wp.ufpel.edu.br\/ccso\/\">Centro de Ci\u00eancias S\u00f3cio-Organizacionais<\/a><\/h6>\n<p>Regime de trabalho: professor efetivo\/DE<br \/>\nGraduada em Administra\u00e7\u00e3o \/FURG<br \/>\nEspecializa\u00e7\u00e3o em Gest\u00e3o de Pessoas \u2013 Anhanguera Pelotas\/RS<br \/>\nEspecializa\u00e7\u00e3o em Did\u00e1tica e Metodologia do Ensino Superior \u2013 Anhanguera Pelotas\/RS<br \/>\nEspecializa\u00e7\u00e3o em Administra\u00e7\u00e3o Hospitalar \u2013 IAHCS Porto Alegre\/RS<br \/>\nMestre em Sa\u00fade e Comportamento\/UCPel<br \/>\nDoutora em Administra\u00e7\u00e3o\/PUC\/UCS<br \/>\n<a href=\"mailto:cristieducare@gmail.com\">cristieducare@gmail.com<\/a><\/p>\n<\/div>\n<p>&nbsp;<\/p>\n<div class=\"entry-content clearfix\">\n<h6><a href=\"http:\/\/lattes.cnpq.br\/8831398045653663\">ISABEL TERESINHA DUTRA SOARES<\/a><\/h6>\n<p>Regime de trabalho: professor efetivo\/DE<br \/>\nGraduada em Letras Portugu\u00eas-Ingl\u00eas\/Unisinos<br \/>\nGraduada em Administra\u00e7\u00e3o-Com\u00e9rcio Exterior\/UNISINOS<br \/>\nEspecialista em Neg\u00f3cios Internacionais \/UNISINOS<br \/>\nMestre em Administra\u00e7\u00e3o\/PUC\u2013Rio<br \/>\nDoutora em Administra\u00e7\u00e3o\/UFSM<br \/>\n<a href=\"mailto:isa.teresinha@gmail.com\">isa.teresinha@gmail.com<\/a><\/p>\n<p>&nbsp;<\/p>\n<h6><a href=\"http:\/\/lattes.cnpq.br\/9200986373972643\">LUCIANA NUNES FERREIRA<\/a><\/h6>\n<p class=\"im\">Regime de trabalho: professor efetivo\/DE<br \/>\nGraduada em Ci\u00eancias Cont\u00e1beis\/UCPEL<br \/>\nEspecialista em Gest\u00e3o Cont\u00e1bil\/UNISC<br \/>\nMestre em Administra\u00e7\u00e3o\/UNISC<br \/>\nDoutora em Sistemas de Produ\u00e7\u00e3o Agr\u00edcola Familiar\/UFPel<\/p>\n<p class=\"im\"><a href=\"mailto:nogueiramg@ig.com.br\" target=\"_blank\" rel=\"nofollow noopener noreferrer\">luciananunesf@yahoo.com.br<\/a><\/p>\n<p>&nbsp;<\/p>\n<h6><a href=\"http:\/\/lattes.cnpq.br\/6364821985636513\">MARIA DA GRA\u00c7A SARAIVA NOGUEIRA<\/a><\/h6>\n<p>Regime de trabalho: professor efetivo\/DE<br \/>\nGraduada em Economia Dom\u00e9stica\/UFPEL<br \/>\nEspecialista em Gest\u00e3o Empresarial\/FURG<br \/>\nMestre em Engenharia de Produ\u00e7\u00e3o\/UFRGS<br \/>\nDoutora em Administra\u00e7\u00e3o e Turismo\/UNIVALI<br \/>\nP\u00f3s-Doutora pela UFSC<br \/>\n<a href=\"mailto:proffgraca@gmail.com\" target=\"_blank\" rel=\"noopener noreferrer\">proffgraca@gmail.com<\/a><\/p>\n<p>&nbsp;<\/p>\n<h6><a href=\"http:\/\/lattes.cnpq.br\/7199145061642539\">MAUREL ROSA DE OLIVEIRA<\/a><\/h6>\n<p>Regime de trabalho: professor efetivo\/DE<br \/>\nGraduado em Administra\u00e7\u00e3o\/UCPel<br \/>\nMestre em Pol\u00edtica Social\/UCPel<br \/>\nDoutor em Pol\u00edtica Social e Direitos Humanos\/UCPEL<br \/>\n<a href=\"mailto:mggramos@gmail.com\" target=\"_blank\" rel=\"noopener noreferrer\">contato@maureloliveira.com.br<\/a><\/p>\n<\/div>\n<p>&nbsp;<\/p>\n<h6><a href=\"http:\/\/lattes.cnpq.br\/3471488230982825\">PRISCILA NESELLO<\/a><\/h6>\n<p>Regime de trabalho: professor efetivo\/DE<br \/>\nGraduada em Administra\u00e7\u00e3o\/UCS<br \/>\nEspecialista em \u00a0Administra\u00e7ao da Tecnologia da Informa\u00e7\u00e3o\/UNISINOS<br \/>\nMestre em Administra\u00e7\u00e3o\/UCS<br \/>\nDoutora em Administra\u00e7\u00e3o\/UCS<br \/>\n<a href=\"mailto:pri.nesello@gmail.com\">pri.nesello@gmail.com<\/a><\/p>\n<p>&nbsp;<\/p>\n<div class=\"entry-content clearfix\">\n<h6><a href=\"http:\/\/lattes.cnpq.br\/6462987344863578\" target=\"_blank\" rel=\"noopener noreferrer\">ROSANA PORTELLA TONDOLO<\/a>\u00a0\u2013\u00a0<strong>Coordenadora do\u00a0<a href=\"https:\/\/wp.ufpel.edu.br\/profiap\/\">Mestrado Profissional em Administra\u00e7\u00e3o P\u00fablica em Rede Nacional<\/a><\/strong><\/h6>\n<p>Regime de trabalho : professor efetivo\/DE<br \/>\nGradua\u00e7\u00e3o: Ci\u00eancias Cont\u00e1beis\/UCS<br \/>\nMestre: Administra\u00e7\u00e3o\/UCS<br \/>\nDoutora: Administra\u00e7\u00e3o\/UNISINOS<br \/>\nP\u00f3s-doutora\/UNISUL<br \/>\n<a href=\"mailto:rosanatondolo@gmail.com\" target=\"_blank\" rel=\"noopener noreferrer\">rosanatondolo@gmail.com<\/a><\/p>\n<p>&nbsp;<\/p>\n<h6><a href=\"http:\/\/lattes.cnpq.br\/8514160956271825\" target=\"_blank\" rel=\"noopener noreferrer\">SIMONE PORTELLA TEIXEIRA DE MELLO<\/a><\/h6>\n<p>Regime de trabalho: professor efetivo\/DE<br \/>\nGraduada em Economia\/FURG<br \/>\nEspecialista em Administra\u00e7\u00e3o Universit\u00e1ria\/FURG<br \/>\nMestre em Administra\u00e7\u00e3o\/UFSC<br \/>\nDoutora em Educa\u00e7\u00e3o\/UFRGS<br \/>\nP\u00f3s-Doutora em Administra\u00e7\u00e3o\/UFSC<\/p>\n<p><a href=\"mailto:sptmello@gmail.com\">sptmello@gmail.com<\/a><\/p>\n<p>&nbsp;<\/p>\n<h6><a href=\"http:\/\/lattes.cnpq.br\/http:\/\/buscatextual.cnpq.br\/buscatextual\/visualizacv.do?id=K4732354T4\" target=\"_blank\" rel=\"noopener noreferrer\">VILMAR ANTONIO GON\u00c7ALVES TONDOLO<\/a><\/h6>\n<p>Regime de trabalho: professor efetivo\/DE<br \/>\nGraduado em Administra\u00e7\u00e3o\/FURG<br \/>\nEspecialista em Gest\u00e3o Empresarial\/FURG<br \/>\nMestre em Administra\u00e7\u00e3o de Empresas\/UNISINOS<br \/>\nDoutor em Administra\u00e7\u00e3o\/UNISINOS com est\u00e1gio doutoral na The University of Texas at RGV<br \/>\n<a href=\"mailto:vtondolo@gmail.com\" target=\"_blank\" rel=\"noopener noreferrer\">vtondolo@gmail.com<\/a><\/p>\n<\/div>\n<p>&nbsp;<\/p>\n<p>&nbsp;<\/p>\n","protected":false},"excerpt":{"rendered":"<p>Coordena\u00e7\u00e3o: ANA PAULA LEMOS CENTENO Regime de trabalho: professor efetivo\/DE Graduada em Administra\u00e7\u00e3o\/UCPel Graduada em Direito\/UFPel Mestre em Administra\u00e7\u00e3o e Neg\u00f3cios\/PUCRS Doutora em Administra\u00e7\u00e3o\/Unisinos centenoanapaula@gmail.com Corpo Docente ALEXANDRE XAVIER VIEIRA BRAGA Regime de trabalho: professor efetivo\/ 40h\/semana Graduado em Administra\u00e7\u00e3o\/UCPEL Mestre em Ci\u00eancias Cont\u00e1beis\/UNISINOS Doutor em Administra\u00e7\u00e3o\/UNISINOS bragaufpel@gmail.com &nbsp; ALISSON EDUARDO MAEHLER Regime de trabalho: [&hellip;]<\/p>\n","protected":false},"author":99,"featured_media":0,"parent":0,"menu_order":0,"comment_status":"closed","ping_status":"closed","template":"","meta":{"footnotes":""},"class_list":["post-14","page","type-page","status-publish","hentry"],"_links":{"self":[{"href":"https:\/\/wp.ufpel.edu.br\/processosgerenciais\/wp-json\/wp\/v2\/pages\/14","targetHints":{"allow":["GET"]}}],"collection":[{"href":"https:\/\/wp.ufpel.edu.br\/processosgerenciais\/wp-json\/wp\/v2\/pages"}],"about":[{"href":"https:\/\/wp.ufpel.edu.br\/processosgerenciais\/wp-json\/wp\/v2\/types\/page"}],"author":[{"embeddable":true,"href":"https:\/\/wp.ufpel.edu.br\/processosgerenciais\/wp-json\/wp\/v2\/users\/99"}],"replies":[{"embeddable":true,"href":"https:\/\/wp.ufpel.edu.br\/processosgerenciais\/wp-json\/wp\/v2\/comments?post=14"}],"version-history":[{"count":32,"href":"https:\/\/wp.ufpel.edu.br\/processosgerenciais\/wp-json\/wp\/v2\/pages\/14\/revisions"}],"predecessor-version":[{"id":1309,"href":"https:\/\/wp.ufpel.edu.br\/processosgerenciais\/wp-json\/wp\/v2\/pages\/14\/revisions\/1309"}],"wp:attachment":[{"href":"https:\/\/wp.ufpel.edu.br\/processosgerenciais\/wp-json\/wp\/v2\/media?parent=14"}],"curies":[{"name":"wp","href":"https:\/\/api.w.org\/{rel}","templated":true}]}}