{"id":167,"date":"2020-03-29T14:38:59","date_gmt":"2020-03-29T17:38:59","guid":{"rendered":"https:\/\/wp.ufpel.edu.br\/prectaolongetaoperto\/?page_id=167"},"modified":"2020-08-27T14:56:56","modified_gmt":"2020-08-27T17:56:56","slug":"minha-mascara","status":"publish","type":"page","link":"https:\/\/wp.ufpel.edu.br\/prectaolongetaoperto\/minha-mascara\/","title":{"rendered":"Minha M\u00e1scara"},"content":{"rendered":"\n<p class=\"has-text-align-center\"><em><strong>Use m\u00e1scara durante a pandemia da COVID-19!<\/strong><\/em><\/p>\n\n\n\n<p class=\"has-text-align-justify\">Uma das formas de prote\u00e7\u00e3o do cont\u00e1gio \u00e9 o uso de m\u00e1scara de prote\u00e7\u00e3o durante a pandemia da COVID-19, as recomenda\u00e7\u00f5es sobre uso da m\u00e1scara foram sendo alteradas. O uso de m\u00e1scaras caseiras tornou-se uma medida essencial para a prote\u00e7\u00e3o do sistema respirat\u00f3rio e uma forma de evitar a propaga\u00e7\u00e3o da COVID-19 quando usadas corretamente.&nbsp;<\/p>\n\n\n\n<p class=\"has-text-align-justify\">Por isso, a Rede de Museus da PREC\/UFPel solicitou aos museus da universidade e da cidade que enviassem imagens marcantes dos seus acervos para ilustrar os moldes de m\u00e1scaras para esta exposi\u00e7\u00e3o virtual, tornando assim este acess\u00f3rio t\u00e3o importante nos dias de hoje, uma forma de divulga\u00e7\u00e3o da arte, da ci\u00eancia&nbsp;e da cultura da nossa cidade e regi\u00e3o.<\/p>\n\n\n\n<p class=\"has-text-align-justify\">Participam desta mostra virtual &#8211; Museu do Doce, MALG, Museu Carlos Ritter, Museu da Baronesa, Projeto Laborat\u00f3rio Aberto de Conserva\u00e7\u00e3o e Restaura\u00e7\u00e3o de Bens Culturais, Museu Hist\u00f3rico Farroupilha, Pinacoteca Matteo Tonietti.<\/p>\n\n\n\n<p><strong><em>M\u00e1scaras personalizadas com as obras dos Museus da UFPel<\/em><\/strong><\/p>\n\n\n\n<figure class=\"wp-block-gallery columns-2 is-cropped wp-block-gallery-1 is-layout-flex wp-block-gallery-is-layout-flex\"><ul class=\"blocks-gallery-grid\"><li class=\"blocks-gallery-item\"><figure><img data-recalc-dims=\"1\" loading=\"lazy\" decoding=\"async\" width=\"750\" height=\"482\" data-attachment-id=\"1284\" data-permalink=\"https:\/\/wp.ufpel.edu.br\/prectaolongetaoperto\/minha-mascara\/avestrus\/\" data-orig-file=\"https:\/\/i0.wp.com\/wp.ufpel.edu.br\/prectaolongetaoperto\/files\/2020\/06\/avestrus-.jpg?fit=1280%2C823&amp;ssl=1\" data-orig-size=\"1280,823\" data-comments-opened=\"0\" data-image-meta=\"{&quot;aperture&quot;:&quot;0&quot;,&quot;credit&quot;:&quot;&quot;,&quot;camera&quot;:&quot;&quot;,&quot;caption&quot;:&quot;&quot;,&quot;created_timestamp&quot;:&quot;0&quot;,&quot;copyright&quot;:&quot;&quot;,&quot;focal_length&quot;:&quot;0&quot;,&quot;iso&quot;:&quot;0&quot;,&quot;shutter_speed&quot;:&quot;0&quot;,&quot;title&quot;:&quot;&quot;,&quot;orientation&quot;:&quot;0&quot;}\" data-image-title=\"M\u00e1scara Ema\" data-image-description=\"&lt;p&gt;Diorama &amp;#8220;Conhe\u00e7a e Preserve o Bioma Pampa&amp;#8221;.&lt;br \/&gt;\n&amp;#8220;Pampa&amp;#8221; \u00e9 um termo de origem qu\u00edchua (ind\u00edgenas da Am\u00e9rica do Sul) que significa \u201cregi\u00e3o plana\u201d. O Pampa \u00e9 um bioma partilhado. Ele se estende pelo Brasil, pela Argentina e pelo Uruguai, ocupando, assim, uma \u00e1rea total de 700 mil quil\u00f4metros quadrados. &lt;\/p&gt;\n&lt;p&gt;Museu de Ci\u00eancias Naturais Carlos Ritter. &lt;\/p&gt;\n\" data-image-caption=\"\" data-medium-file=\"https:\/\/i0.wp.com\/wp.ufpel.edu.br\/prectaolongetaoperto\/files\/2020\/06\/avestrus-.jpg?fit=400%2C257&amp;ssl=1\" data-large-file=\"https:\/\/i0.wp.com\/wp.ufpel.edu.br\/prectaolongetaoperto\/files\/2020\/06\/avestrus-.jpg?fit=750%2C482&amp;ssl=1\" src=\"https:\/\/i0.wp.com\/wp.ufpel.edu.br\/prectaolongetaoperto\/files\/2020\/06\/avestrus-.jpg?resize=750%2C482&#038;ssl=1\" alt=\"\" data-id=\"1284\" data-link=\"https:\/\/wp.ufpel.edu.br\/prectaolongetaoperto\/minha-mascara\/avestrus\/\" class=\"wp-image-1284\" srcset=\"https:\/\/i0.wp.com\/wp.ufpel.edu.br\/prectaolongetaoperto\/files\/2020\/06\/avestrus-.jpg?w=1280&amp;ssl=1 1280w, https:\/\/i0.wp.com\/wp.ufpel.edu.br\/prectaolongetaoperto\/files\/2020\/06\/avestrus-.jpg?resize=400%2C257&amp;ssl=1 400w, https:\/\/i0.wp.com\/wp.ufpel.edu.br\/prectaolongetaoperto\/files\/2020\/06\/avestrus-.jpg?resize=1024%2C658&amp;ssl=1 1024w, https:\/\/i0.wp.com\/wp.ufpel.edu.br\/prectaolongetaoperto\/files\/2020\/06\/avestrus-.jpg?resize=768%2C494&amp;ssl=1 768w\" sizes=\"auto, (max-width: 750px) 100vw, 750px\" \/><\/figure><\/li><li class=\"blocks-gallery-item\"><figure><img data-recalc-dims=\"1\" loading=\"lazy\" decoding=\"async\" width=\"750\" height=\"482\" data-attachment-id=\"1285\" data-permalink=\"https:\/\/wp.ufpel.edu.br\/prectaolongetaoperto\/minha-mascara\/azulejo\/\" data-orig-file=\"https:\/\/i0.wp.com\/wp.ufpel.edu.br\/prectaolongetaoperto\/files\/2020\/06\/azulejo.jpg?fit=1280%2C823&amp;ssl=1\" data-orig-size=\"1280,823\" data-comments-opened=\"0\" data-image-meta=\"{&quot;aperture&quot;:&quot;0&quot;,&quot;credit&quot;:&quot;&quot;,&quot;camera&quot;:&quot;&quot;,&quot;caption&quot;:&quot;&quot;,&quot;created_timestamp&quot;:&quot;0&quot;,&quot;copyright&quot;:&quot;&quot;,&quot;focal_length&quot;:&quot;0&quot;,&quot;iso&quot;:&quot;0&quot;,&quot;shutter_speed&quot;:&quot;0&quot;,&quot;title&quot;:&quot;&quot;,&quot;orientation&quot;:&quot;0&quot;}\" data-image-title=\"M\u00e1scara Azulejo\" data-image-description=\"&lt;p&gt;Azulejo do Museu da Baronesa &amp;#8211; Detalhe do azulejo com motivo floral, em relevo prensado (15&amp;#215;15),  localizados no corredor de entrada do Museu da Baronesa.&lt;\/p&gt;\n&lt;p&gt;Museu Municipal Parque da Baronesa, Acervo de Bens Integrados.&lt;\/p&gt;\n\" data-image-caption=\"\" data-medium-file=\"https:\/\/i0.wp.com\/wp.ufpel.edu.br\/prectaolongetaoperto\/files\/2020\/06\/azulejo.jpg?fit=400%2C257&amp;ssl=1\" data-large-file=\"https:\/\/i0.wp.com\/wp.ufpel.edu.br\/prectaolongetaoperto\/files\/2020\/06\/azulejo.jpg?fit=750%2C482&amp;ssl=1\" src=\"https:\/\/i0.wp.com\/wp.ufpel.edu.br\/prectaolongetaoperto\/files\/2020\/06\/azulejo.jpg?resize=750%2C482&#038;ssl=1\" alt=\"\" data-id=\"1285\" data-link=\"https:\/\/wp.ufpel.edu.br\/prectaolongetaoperto\/minha-mascara\/azulejo\/\" class=\"wp-image-1285\" srcset=\"https:\/\/i0.wp.com\/wp.ufpel.edu.br\/prectaolongetaoperto\/files\/2020\/06\/azulejo.jpg?w=1280&amp;ssl=1 1280w, https:\/\/i0.wp.com\/wp.ufpel.edu.br\/prectaolongetaoperto\/files\/2020\/06\/azulejo.jpg?resize=400%2C257&amp;ssl=1 400w, https:\/\/i0.wp.com\/wp.ufpel.edu.br\/prectaolongetaoperto\/files\/2020\/06\/azulejo.jpg?resize=1024%2C658&amp;ssl=1 1024w, https:\/\/i0.wp.com\/wp.ufpel.edu.br\/prectaolongetaoperto\/files\/2020\/06\/azulejo.jpg?resize=768%2C494&amp;ssl=1 768w\" sizes=\"auto, (max-width: 750px) 100vw, 750px\" \/><\/figure><\/li><li class=\"blocks-gallery-item\"><figure><img data-recalc-dims=\"1\" loading=\"lazy\" decoding=\"async\" width=\"750\" height=\"482\" data-attachment-id=\"1286\" data-permalink=\"https:\/\/wp.ufpel.edu.br\/prectaolongetaoperto\/minha-mascara\/baronesa-com-cor\/\" data-orig-file=\"https:\/\/i0.wp.com\/wp.ufpel.edu.br\/prectaolongetaoperto\/files\/2020\/06\/baronesa-com-cor.jpg?fit=1280%2C823&amp;ssl=1\" data-orig-size=\"1280,823\" data-comments-opened=\"0\" data-image-meta=\"{&quot;aperture&quot;:&quot;0&quot;,&quot;credit&quot;:&quot;&quot;,&quot;camera&quot;:&quot;&quot;,&quot;caption&quot;:&quot;&quot;,&quot;created_timestamp&quot;:&quot;0&quot;,&quot;copyright&quot;:&quot;&quot;,&quot;focal_length&quot;:&quot;0&quot;,&quot;iso&quot;:&quot;0&quot;,&quot;shutter_speed&quot;:&quot;0&quot;,&quot;title&quot;:&quot;&quot;,&quot;orientation&quot;:&quot;0&quot;}\" data-image-title=\"M\u00e1scara Museu da Baronesa Colorido\" data-image-description=\"&lt;p&gt;O Museu da Baronesa foi inaugurado em 1982, e \u00e9 uma institui\u00e7\u00e3o cultural da Secretaria da Cultura da Prefeitura Municipal de Pelotas. Possui um acervo de mais de tr\u00eas mil pe\u00e7as, destacando-se uma cole\u00e7\u00e3o de m\u00f3veis e acess\u00f3rios pertencentes \u00e0 fam\u00edlia Antunes Maciel e uma cole\u00e7\u00e3o pertencente ao artista pl\u00e1stico Adail Bento Costa, com m\u00f3veis, leques, porcelanas, pratarias, arm\u00e1rios, paramentos, vestes, fardas militares e imagens de madeira. O Museu da Baronesa conta a hist\u00f3ria atrav\u00e9s de seus objetos, mas tamb\u00e9m atrav\u00e9s do ambiente: sua arquitetura e tudo o que comp\u00f5e o extenso parque, representam a forma de vida das fam\u00edlias abastadas e dos negros escravizados e trabalhadores desse per\u00edodo. A partir do Museu \u00e9 poss\u00edvel refletir sobre os h\u00e1bitos, o cotidiano, o modo de ser e de viver em tempos passados. No Museu da Baronesa h\u00e1 diferentes tipos de objetos: m\u00f3veis, vestimentas, acess\u00f3rios de vestu\u00e1rio, pinturas, objetos de uso cotidiano, e de decora\u00e7\u00e3o.&lt;\/p&gt;\n&lt;p&gt;Museu Municipal Parque da Baronesa, Acervo Edificado.&lt;\/p&gt;\n\" data-image-caption=\"\" data-medium-file=\"https:\/\/i0.wp.com\/wp.ufpel.edu.br\/prectaolongetaoperto\/files\/2020\/06\/baronesa-com-cor.jpg?fit=400%2C257&amp;ssl=1\" data-large-file=\"https:\/\/i0.wp.com\/wp.ufpel.edu.br\/prectaolongetaoperto\/files\/2020\/06\/baronesa-com-cor.jpg?fit=750%2C482&amp;ssl=1\" src=\"https:\/\/i0.wp.com\/wp.ufpel.edu.br\/prectaolongetaoperto\/files\/2020\/06\/baronesa-com-cor.jpg?resize=750%2C482&#038;ssl=1\" alt=\"\" data-id=\"1286\" data-link=\"https:\/\/wp.ufpel.edu.br\/prectaolongetaoperto\/minha-mascara\/baronesa-com-cor\/\" class=\"wp-image-1286\" srcset=\"https:\/\/i0.wp.com\/wp.ufpel.edu.br\/prectaolongetaoperto\/files\/2020\/06\/baronesa-com-cor.jpg?w=1280&amp;ssl=1 1280w, https:\/\/i0.wp.com\/wp.ufpel.edu.br\/prectaolongetaoperto\/files\/2020\/06\/baronesa-com-cor.jpg?resize=400%2C257&amp;ssl=1 400w, https:\/\/i0.wp.com\/wp.ufpel.edu.br\/prectaolongetaoperto\/files\/2020\/06\/baronesa-com-cor.jpg?resize=1024%2C658&amp;ssl=1 1024w, https:\/\/i0.wp.com\/wp.ufpel.edu.br\/prectaolongetaoperto\/files\/2020\/06\/baronesa-com-cor.jpg?resize=768%2C494&amp;ssl=1 768w\" sizes=\"auto, (max-width: 750px) 100vw, 750px\" \/><\/figure><\/li><li class=\"blocks-gallery-item\"><figure><img data-recalc-dims=\"1\" loading=\"lazy\" decoding=\"async\" width=\"750\" height=\"482\" data-attachment-id=\"1287\" data-permalink=\"https:\/\/wp.ufpel.edu.br\/prectaolongetaoperto\/minha-mascara\/baronesa-lendo\/\" data-orig-file=\"https:\/\/i0.wp.com\/wp.ufpel.edu.br\/prectaolongetaoperto\/files\/2020\/06\/baronesa-lendo.jpg?fit=1280%2C823&amp;ssl=1\" data-orig-size=\"1280,823\" data-comments-opened=\"0\" data-image-meta=\"{&quot;aperture&quot;:&quot;0&quot;,&quot;credit&quot;:&quot;&quot;,&quot;camera&quot;:&quot;&quot;,&quot;caption&quot;:&quot;&quot;,&quot;created_timestamp&quot;:&quot;0&quot;,&quot;copyright&quot;:&quot;&quot;,&quot;focal_length&quot;:&quot;0&quot;,&quot;iso&quot;:&quot;0&quot;,&quot;shutter_speed&quot;:&quot;0&quot;,&quot;title&quot;:&quot;&quot;,&quot;orientation&quot;:&quot;0&quot;}\" data-image-title=\"M\u00e1scara Baronesa Lendo\" data-image-description=\"&lt;p&gt;Detalhe da pintura da Baronesa dos Tr\u00eas Serros Am\u00e9lia Hartley de Brito antunes Maciel lendo livro. A Baronesa Am\u00e9lia Hartley de Brito Antunes Maciel nasceu  em 17 de dezembro de 1848, na cidade do Rio de Janeiro, neta do banqueiro ingl\u00eas Jhon James Hartley, casou-se com Annibal Antunes Maciel Junior e em 1863, com quem teve 14 filhos, dos quais somente seis sobreviveram \u00e0 primeira inf\u00e2ncia, tornou-se a Baronesa de Tr\u00eas Serros, por conta da titula\u00e7\u00e3o do marido em 1884. Faleceu no ano de 1919 no Rio de Janeiro. O Museu da Baronesa recebeu esse nome em homenagem a essa importante mulher da sociedade pelotense, que ficou vi\u00fava muito cedo, o que faz o local ser conhecido pela popula\u00e7\u00e3o da cidade como a ch\u00e1cara da Baronesa. &lt;\/p&gt;\n&lt;p&gt;Museu Municipal Parque da Baronesa. Acervo pict\u00f3rico.&lt;\/p&gt;\n\" data-image-caption=\"\" data-medium-file=\"https:\/\/i0.wp.com\/wp.ufpel.edu.br\/prectaolongetaoperto\/files\/2020\/06\/baronesa-lendo.jpg?fit=400%2C257&amp;ssl=1\" data-large-file=\"https:\/\/i0.wp.com\/wp.ufpel.edu.br\/prectaolongetaoperto\/files\/2020\/06\/baronesa-lendo.jpg?fit=750%2C482&amp;ssl=1\" src=\"https:\/\/i0.wp.com\/wp.ufpel.edu.br\/prectaolongetaoperto\/files\/2020\/06\/baronesa-lendo.jpg?resize=750%2C482&#038;ssl=1\" alt=\"\" data-id=\"1287\" data-link=\"https:\/\/wp.ufpel.edu.br\/prectaolongetaoperto\/minha-mascara\/baronesa-lendo\/\" class=\"wp-image-1287\" srcset=\"https:\/\/i0.wp.com\/wp.ufpel.edu.br\/prectaolongetaoperto\/files\/2020\/06\/baronesa-lendo.jpg?w=1280&amp;ssl=1 1280w, https:\/\/i0.wp.com\/wp.ufpel.edu.br\/prectaolongetaoperto\/files\/2020\/06\/baronesa-lendo.jpg?resize=400%2C257&amp;ssl=1 400w, https:\/\/i0.wp.com\/wp.ufpel.edu.br\/prectaolongetaoperto\/files\/2020\/06\/baronesa-lendo.jpg?resize=1024%2C658&amp;ssl=1 1024w, https:\/\/i0.wp.com\/wp.ufpel.edu.br\/prectaolongetaoperto\/files\/2020\/06\/baronesa-lendo.jpg?resize=768%2C494&amp;ssl=1 768w\" sizes=\"auto, (max-width: 750px) 100vw, 750px\" \/><\/figure><\/li><li class=\"blocks-gallery-item\"><figure><img data-recalc-dims=\"1\" loading=\"lazy\" decoding=\"async\" width=\"750\" height=\"482\" data-attachment-id=\"1288\" data-permalink=\"https:\/\/wp.ufpel.edu.br\/prectaolongetaoperto\/minha-mascara\/baronesa\/\" data-orig-file=\"https:\/\/i0.wp.com\/wp.ufpel.edu.br\/prectaolongetaoperto\/files\/2020\/06\/baronesa.jpg?fit=1280%2C823&amp;ssl=1\" data-orig-size=\"1280,823\" data-comments-opened=\"0\" data-image-meta=\"{&quot;aperture&quot;:&quot;0&quot;,&quot;credit&quot;:&quot;&quot;,&quot;camera&quot;:&quot;&quot;,&quot;caption&quot;:&quot;&quot;,&quot;created_timestamp&quot;:&quot;0&quot;,&quot;copyright&quot;:&quot;&quot;,&quot;focal_length&quot;:&quot;0&quot;,&quot;iso&quot;:&quot;0&quot;,&quot;shutter_speed&quot;:&quot;0&quot;,&quot;title&quot;:&quot;&quot;,&quot;orientation&quot;:&quot;0&quot;}\" data-image-title=\"M\u00e1scara Museu da Baronesa\" data-image-description=\"&lt;p&gt;Vista da fachada do Museu Municipal Parque da Baronesa. Ch\u00e1cara e Edifica\u00e7\u00e3o Tombado pelo Instituto do Patrim\u00f4nio Hist\u00f3rico e Art\u00edstico Nacional. &lt;\/p&gt;\n&lt;p&gt;Museu Municipal Parque da Baronesa, Acervo Edificado.&lt;\/p&gt;\n\" data-image-caption=\"\" data-medium-file=\"https:\/\/i0.wp.com\/wp.ufpel.edu.br\/prectaolongetaoperto\/files\/2020\/06\/baronesa.jpg?fit=400%2C257&amp;ssl=1\" data-large-file=\"https:\/\/i0.wp.com\/wp.ufpel.edu.br\/prectaolongetaoperto\/files\/2020\/06\/baronesa.jpg?fit=750%2C482&amp;ssl=1\" src=\"https:\/\/i0.wp.com\/wp.ufpel.edu.br\/prectaolongetaoperto\/files\/2020\/06\/baronesa.jpg?resize=750%2C482&#038;ssl=1\" alt=\"\" data-id=\"1288\" data-link=\"https:\/\/wp.ufpel.edu.br\/prectaolongetaoperto\/minha-mascara\/baronesa\/\" class=\"wp-image-1288\" srcset=\"https:\/\/i0.wp.com\/wp.ufpel.edu.br\/prectaolongetaoperto\/files\/2020\/06\/baronesa.jpg?w=1280&amp;ssl=1 1280w, https:\/\/i0.wp.com\/wp.ufpel.edu.br\/prectaolongetaoperto\/files\/2020\/06\/baronesa.jpg?resize=400%2C257&amp;ssl=1 400w, https:\/\/i0.wp.com\/wp.ufpel.edu.br\/prectaolongetaoperto\/files\/2020\/06\/baronesa.jpg?resize=1024%2C658&amp;ssl=1 1024w, https:\/\/i0.wp.com\/wp.ufpel.edu.br\/prectaolongetaoperto\/files\/2020\/06\/baronesa.jpg?resize=768%2C494&amp;ssl=1 768w\" sizes=\"auto, (max-width: 750px) 100vw, 750px\" \/><\/figure><\/li><li class=\"blocks-gallery-item\"><figure><img data-recalc-dims=\"1\" loading=\"lazy\" decoding=\"async\" width=\"750\" height=\"482\" data-attachment-id=\"1289\" data-permalink=\"https:\/\/wp.ufpel.edu.br\/prectaolongetaoperto\/minha-mascara\/besouros\/\" data-orig-file=\"https:\/\/i0.wp.com\/wp.ufpel.edu.br\/prectaolongetaoperto\/files\/2020\/06\/besouros.jpg?fit=1280%2C823&amp;ssl=1\" data-orig-size=\"1280,823\" data-comments-opened=\"0\" data-image-meta=\"{&quot;aperture&quot;:&quot;0&quot;,&quot;credit&quot;:&quot;&quot;,&quot;camera&quot;:&quot;&quot;,&quot;caption&quot;:&quot;&quot;,&quot;created_timestamp&quot;:&quot;0&quot;,&quot;copyright&quot;:&quot;&quot;,&quot;focal_length&quot;:&quot;0&quot;,&quot;iso&quot;:&quot;0&quot;,&quot;shutter_speed&quot;:&quot;0&quot;,&quot;title&quot;:&quot;&quot;,&quot;orientation&quot;:&quot;0&quot;}\" data-image-title=\"M\u00e1scara Besouros\" data-image-description=\"&lt;p&gt;Mosaico Imp\u00e9rio do Brasil confeccionado por Carlos Ritter. Museu de Ci\u00eancias Naturais Carlos Ritter. Acervo Entomol\u00f3gico.&lt;\/p&gt;\n\" data-image-caption=\"\" data-medium-file=\"https:\/\/i0.wp.com\/wp.ufpel.edu.br\/prectaolongetaoperto\/files\/2020\/06\/besouros.jpg?fit=400%2C257&amp;ssl=1\" data-large-file=\"https:\/\/i0.wp.com\/wp.ufpel.edu.br\/prectaolongetaoperto\/files\/2020\/06\/besouros.jpg?fit=750%2C482&amp;ssl=1\" src=\"https:\/\/i0.wp.com\/wp.ufpel.edu.br\/prectaolongetaoperto\/files\/2020\/06\/besouros.jpg?resize=750%2C482&#038;ssl=1\" alt=\"\" data-id=\"1289\" data-link=\"https:\/\/wp.ufpel.edu.br\/prectaolongetaoperto\/minha-mascara\/besouros\/\" class=\"wp-image-1289\" srcset=\"https:\/\/i0.wp.com\/wp.ufpel.edu.br\/prectaolongetaoperto\/files\/2020\/06\/besouros.jpg?w=1280&amp;ssl=1 1280w, https:\/\/i0.wp.com\/wp.ufpel.edu.br\/prectaolongetaoperto\/files\/2020\/06\/besouros.jpg?resize=400%2C257&amp;ssl=1 400w, https:\/\/i0.wp.com\/wp.ufpel.edu.br\/prectaolongetaoperto\/files\/2020\/06\/besouros.jpg?resize=1024%2C658&amp;ssl=1 1024w, https:\/\/i0.wp.com\/wp.ufpel.edu.br\/prectaolongetaoperto\/files\/2020\/06\/besouros.jpg?resize=768%2C494&amp;ssl=1 768w\" sizes=\"auto, (max-width: 750px) 100vw, 750px\" \/><\/figure><\/li><li class=\"blocks-gallery-item\"><figure><img data-recalc-dims=\"1\" loading=\"lazy\" decoding=\"async\" width=\"750\" height=\"482\" data-attachment-id=\"1290\" data-permalink=\"https:\/\/wp.ufpel.edu.br\/prectaolongetaoperto\/minha-mascara\/borboletas-riter\/\" data-orig-file=\"https:\/\/i0.wp.com\/wp.ufpel.edu.br\/prectaolongetaoperto\/files\/2020\/06\/borboletas-riter.png?fit=1280%2C823&amp;ssl=1\" data-orig-size=\"1280,823\" data-comments-opened=\"0\" data-image-meta=\"{&quot;aperture&quot;:&quot;0&quot;,&quot;credit&quot;:&quot;&quot;,&quot;camera&quot;:&quot;&quot;,&quot;caption&quot;:&quot;&quot;,&quot;created_timestamp&quot;:&quot;0&quot;,&quot;copyright&quot;:&quot;&quot;,&quot;focal_length&quot;:&quot;0&quot;,&quot;iso&quot;:&quot;0&quot;,&quot;shutter_speed&quot;:&quot;0&quot;,&quot;title&quot;:&quot;&quot;,&quot;orientation&quot;:&quot;0&quot;}\" data-image-title=\"M\u00e1scara Borboletas\" data-image-description=\"&lt;p&gt;Borboletas da Cole\u00e7\u00e3o Ceslau Maria Bienzanko. Museu de Ci\u00eancias Naturais Carlos Ritter. Acervo de Lepid\u00f3pteros.&lt;\/p&gt;\n\" data-image-caption=\"\" data-medium-file=\"https:\/\/i0.wp.com\/wp.ufpel.edu.br\/prectaolongetaoperto\/files\/2020\/06\/borboletas-riter.png?fit=400%2C257&amp;ssl=1\" data-large-file=\"https:\/\/i0.wp.com\/wp.ufpel.edu.br\/prectaolongetaoperto\/files\/2020\/06\/borboletas-riter.png?fit=750%2C482&amp;ssl=1\" src=\"https:\/\/i0.wp.com\/wp.ufpel.edu.br\/prectaolongetaoperto\/files\/2020\/06\/borboletas-riter.png?resize=750%2C482&#038;ssl=1\" alt=\"\" data-id=\"1290\" data-link=\"https:\/\/wp.ufpel.edu.br\/prectaolongetaoperto\/minha-mascara\/borboletas-riter\/\" class=\"wp-image-1290\" srcset=\"https:\/\/i0.wp.com\/wp.ufpel.edu.br\/prectaolongetaoperto\/files\/2020\/06\/borboletas-riter.png?w=1280&amp;ssl=1 1280w, https:\/\/i0.wp.com\/wp.ufpel.edu.br\/prectaolongetaoperto\/files\/2020\/06\/borboletas-riter.png?resize=400%2C257&amp;ssl=1 400w, https:\/\/i0.wp.com\/wp.ufpel.edu.br\/prectaolongetaoperto\/files\/2020\/06\/borboletas-riter.png?resize=1024%2C658&amp;ssl=1 1024w, https:\/\/i0.wp.com\/wp.ufpel.edu.br\/prectaolongetaoperto\/files\/2020\/06\/borboletas-riter.png?resize=768%2C494&amp;ssl=1 768w\" sizes=\"auto, (max-width: 750px) 100vw, 750px\" \/><\/figure><\/li><li class=\"blocks-gallery-item\"><figure><img data-recalc-dims=\"1\" loading=\"lazy\" decoding=\"async\" width=\"750\" height=\"482\" data-attachment-id=\"1291\" data-permalink=\"https:\/\/wp.ufpel.edu.br\/prectaolongetaoperto\/minha-mascara\/confeitaria\/\" data-orig-file=\"https:\/\/i0.wp.com\/wp.ufpel.edu.br\/prectaolongetaoperto\/files\/2020\/06\/confeitaria.jpg?fit=1280%2C823&amp;ssl=1\" data-orig-size=\"1280,823\" data-comments-opened=\"0\" data-image-meta=\"{&quot;aperture&quot;:&quot;0&quot;,&quot;credit&quot;:&quot;&quot;,&quot;camera&quot;:&quot;&quot;,&quot;caption&quot;:&quot;&quot;,&quot;created_timestamp&quot;:&quot;0&quot;,&quot;copyright&quot;:&quot;&quot;,&quot;focal_length&quot;:&quot;0&quot;,&quot;iso&quot;:&quot;0&quot;,&quot;shutter_speed&quot;:&quot;0&quot;,&quot;title&quot;:&quot;&quot;,&quot;orientation&quot;:&quot;0&quot;}\" data-image-title=\"M\u00e1scara Confeitaria Nogueira\" data-image-description=\"&lt;p&gt;Fotografia em Preto e Branco da antiga Confeitaria Nogueira (Pelotas-RS) &amp;#8211; A Confeitaria Nogueira foi fundada em 1899, pelo imigrante portugu\u00eas Ant\u00f4nio Nogueira, que mais tarde firmou sociedade com seu irm\u00e3o, Manuel. O estabelecimento manteve suas atividades na rua XV de novembro, em Pelotas, at\u00e9 o ano de 1982.&lt;\/p&gt;\n&lt;p&gt;Museu do Doce, Cole\u00e7\u00e3o CONFEITARIAS, sub-cole\u00e7\u00e3o: Confeitaria Nogueira&lt;\/p&gt;\n\" data-image-caption=\"\" data-medium-file=\"https:\/\/i0.wp.com\/wp.ufpel.edu.br\/prectaolongetaoperto\/files\/2020\/06\/confeitaria.jpg?fit=400%2C257&amp;ssl=1\" data-large-file=\"https:\/\/i0.wp.com\/wp.ufpel.edu.br\/prectaolongetaoperto\/files\/2020\/06\/confeitaria.jpg?fit=750%2C482&amp;ssl=1\" src=\"https:\/\/i0.wp.com\/wp.ufpel.edu.br\/prectaolongetaoperto\/files\/2020\/06\/confeitaria.jpg?resize=750%2C482&#038;ssl=1\" alt=\"\" data-id=\"1291\" data-link=\"https:\/\/wp.ufpel.edu.br\/prectaolongetaoperto\/minha-mascara\/confeitaria\/\" class=\"wp-image-1291\" srcset=\"https:\/\/i0.wp.com\/wp.ufpel.edu.br\/prectaolongetaoperto\/files\/2020\/06\/confeitaria.jpg?w=1280&amp;ssl=1 1280w, https:\/\/i0.wp.com\/wp.ufpel.edu.br\/prectaolongetaoperto\/files\/2020\/06\/confeitaria.jpg?resize=400%2C257&amp;ssl=1 400w, https:\/\/i0.wp.com\/wp.ufpel.edu.br\/prectaolongetaoperto\/files\/2020\/06\/confeitaria.jpg?resize=1024%2C658&amp;ssl=1 1024w, https:\/\/i0.wp.com\/wp.ufpel.edu.br\/prectaolongetaoperto\/files\/2020\/06\/confeitaria.jpg?resize=768%2C494&amp;ssl=1 768w\" sizes=\"auto, (max-width: 750px) 100vw, 750px\" \/><\/figure><\/li><li class=\"blocks-gallery-item\"><figure><img data-recalc-dims=\"1\" loading=\"lazy\" decoding=\"async\" width=\"750\" height=\"482\" data-attachment-id=\"1292\" data-permalink=\"https:\/\/wp.ufpel.edu.br\/prectaolongetaoperto\/minha-mascara\/logo-50-anos\/\" data-orig-file=\"https:\/\/i0.wp.com\/wp.ufpel.edu.br\/prectaolongetaoperto\/files\/2020\/06\/logo-50-anos.jpg?fit=1280%2C823&amp;ssl=1\" data-orig-size=\"1280,823\" data-comments-opened=\"0\" data-image-meta=\"{&quot;aperture&quot;:&quot;0&quot;,&quot;credit&quot;:&quot;&quot;,&quot;camera&quot;:&quot;&quot;,&quot;caption&quot;:&quot;&quot;,&quot;created_timestamp&quot;:&quot;0&quot;,&quot;copyright&quot;:&quot;&quot;,&quot;focal_length&quot;:&quot;0&quot;,&quot;iso&quot;:&quot;0&quot;,&quot;shutter_speed&quot;:&quot;0&quot;,&quot;title&quot;:&quot;&quot;,&quot;orientation&quot;:&quot;0&quot;}\" data-image-title=\"M\u00e1scara Logo e Sel 50 anos\" data-image-description=\"&lt;p&gt;Marca do Museu e selo comemorativo dos 50 anos &amp;#8211; O  Museu de Ci\u00eancias Naturais Carlos Ritter (MCNCR) tem suas origens em cole\u00e7\u00f5es particulares de Carlos Ritter, doadas \u00e0 Escola de Agronomia pela sua esposa em 1926. Com a incorpora\u00e7\u00e3o da Escola \u00e0 UFPEL, o museu foi aberto ao p\u00fablico em 21 de maio de 1970 completando 50 anos em 2020.&lt;\/p&gt;\n&lt;p&gt;Museu de Ci\u00eancias Naturais Carlos Ritter.&lt;\/p&gt;\n\" data-image-caption=\"\" data-medium-file=\"https:\/\/i0.wp.com\/wp.ufpel.edu.br\/prectaolongetaoperto\/files\/2020\/06\/logo-50-anos.jpg?fit=400%2C257&amp;ssl=1\" data-large-file=\"https:\/\/i0.wp.com\/wp.ufpel.edu.br\/prectaolongetaoperto\/files\/2020\/06\/logo-50-anos.jpg?fit=750%2C482&amp;ssl=1\" src=\"https:\/\/i0.wp.com\/wp.ufpel.edu.br\/prectaolongetaoperto\/files\/2020\/06\/logo-50-anos.jpg?resize=750%2C482&#038;ssl=1\" alt=\"\" data-id=\"1292\" data-link=\"https:\/\/wp.ufpel.edu.br\/prectaolongetaoperto\/minha-mascara\/logo-50-anos\/\" class=\"wp-image-1292\" srcset=\"https:\/\/i0.wp.com\/wp.ufpel.edu.br\/prectaolongetaoperto\/files\/2020\/06\/logo-50-anos.jpg?w=1280&amp;ssl=1 1280w, https:\/\/i0.wp.com\/wp.ufpel.edu.br\/prectaolongetaoperto\/files\/2020\/06\/logo-50-anos.jpg?resize=400%2C257&amp;ssl=1 400w, https:\/\/i0.wp.com\/wp.ufpel.edu.br\/prectaolongetaoperto\/files\/2020\/06\/logo-50-anos.jpg?resize=1024%2C658&amp;ssl=1 1024w, https:\/\/i0.wp.com\/wp.ufpel.edu.br\/prectaolongetaoperto\/files\/2020\/06\/logo-50-anos.jpg?resize=768%2C494&amp;ssl=1 768w\" sizes=\"auto, (max-width: 750px) 100vw, 750px\" \/><\/figure><\/li><li class=\"blocks-gallery-item\"><figure><img data-recalc-dims=\"1\" loading=\"lazy\" decoding=\"async\" width=\"750\" height=\"482\" data-attachment-id=\"1293\" data-permalink=\"https:\/\/wp.ufpel.edu.br\/prectaolongetaoperto\/minha-mascara\/passaros\/\" data-orig-file=\"https:\/\/i0.wp.com\/wp.ufpel.edu.br\/prectaolongetaoperto\/files\/2020\/06\/passaros-.jpg?fit=1280%2C823&amp;ssl=1\" data-orig-size=\"1280,823\" data-comments-opened=\"0\" data-image-meta=\"{&quot;aperture&quot;:&quot;0&quot;,&quot;credit&quot;:&quot;&quot;,&quot;camera&quot;:&quot;&quot;,&quot;caption&quot;:&quot;&quot;,&quot;created_timestamp&quot;:&quot;0&quot;,&quot;copyright&quot;:&quot;&quot;,&quot;focal_length&quot;:&quot;0&quot;,&quot;iso&quot;:&quot;0&quot;,&quot;shutter_speed&quot;:&quot;0&quot;,&quot;title&quot;:&quot;&quot;,&quot;orientation&quot;:&quot;0&quot;}\" data-image-title=\"M\u00e1scara P\u00e1ssaros\" data-image-description=\"&lt;p&gt;Painel Evolu\u00e7\u00e3o das Aves&lt;\/p&gt;\n&lt;p&gt;Museu de Ci\u00eancias Naturais Carlos Ritter. Acervo Ornitol\u00f3gico: exemplares de aves Taxidermizadas.&lt;\/p&gt;\n\" data-image-caption=\"\" data-medium-file=\"https:\/\/i0.wp.com\/wp.ufpel.edu.br\/prectaolongetaoperto\/files\/2020\/06\/passaros-.jpg?fit=400%2C257&amp;ssl=1\" data-large-file=\"https:\/\/i0.wp.com\/wp.ufpel.edu.br\/prectaolongetaoperto\/files\/2020\/06\/passaros-.jpg?fit=750%2C482&amp;ssl=1\" src=\"https:\/\/i0.wp.com\/wp.ufpel.edu.br\/prectaolongetaoperto\/files\/2020\/06\/passaros-.jpg?resize=750%2C482&#038;ssl=1\" alt=\"\" data-id=\"1293\" data-link=\"https:\/\/wp.ufpel.edu.br\/prectaolongetaoperto\/minha-mascara\/passaros\/\" class=\"wp-image-1293\" srcset=\"https:\/\/i0.wp.com\/wp.ufpel.edu.br\/prectaolongetaoperto\/files\/2020\/06\/passaros-.jpg?w=1280&amp;ssl=1 1280w, https:\/\/i0.wp.com\/wp.ufpel.edu.br\/prectaolongetaoperto\/files\/2020\/06\/passaros-.jpg?resize=400%2C257&amp;ssl=1 400w, https:\/\/i0.wp.com\/wp.ufpel.edu.br\/prectaolongetaoperto\/files\/2020\/06\/passaros-.jpg?resize=1024%2C658&amp;ssl=1 1024w, https:\/\/i0.wp.com\/wp.ufpel.edu.br\/prectaolongetaoperto\/files\/2020\/06\/passaros-.jpg?resize=768%2C494&amp;ssl=1 768w\" sizes=\"auto, (max-width: 750px) 100vw, 750px\" \/><\/figure><\/li><li class=\"blocks-gallery-item\"><figure><img data-recalc-dims=\"1\" loading=\"lazy\" decoding=\"async\" width=\"750\" height=\"482\" data-attachment-id=\"1294\" data-permalink=\"https:\/\/wp.ufpel.edu.br\/prectaolongetaoperto\/minha-mascara\/rotulo\/\" data-orig-file=\"https:\/\/i0.wp.com\/wp.ufpel.edu.br\/prectaolongetaoperto\/files\/2020\/06\/rotulo.jpg?fit=1280%2C823&amp;ssl=1\" data-orig-size=\"1280,823\" data-comments-opened=\"0\" data-image-meta=\"{&quot;aperture&quot;:&quot;0&quot;,&quot;credit&quot;:&quot;&quot;,&quot;camera&quot;:&quot;&quot;,&quot;caption&quot;:&quot;&quot;,&quot;created_timestamp&quot;:&quot;0&quot;,&quot;copyright&quot;:&quot;&quot;,&quot;focal_length&quot;:&quot;0&quot;,&quot;iso&quot;:&quot;0&quot;,&quot;shutter_speed&quot;:&quot;0&quot;,&quot;title&quot;:&quot;&quot;,&quot;orientation&quot;:&quot;0&quot;}\" data-image-title=\"M\u00e1scara R\u00f3tulo\" data-image-description=\"&lt;p&gt;R\u00f3tulo de Doce em Conserva da Quinta Pastorello &amp;#8211; Foi em 1900, na col\u00f4nia Santo Ant\u00f4nio, que teve in\u00edcio a \u201cprimeira ind\u00fastria rural\u201d de compotas de p\u00eassego em calda. Esse primeiro estabelecimento industrial \u2013 a Quinta Pastorello \u2013 foi erguido por Domingos Pastorello, ao lado da resid\u00eancia familiar, com a produ\u00e7\u00e3o n\u00e3o mais somente para consumo da fam\u00edlia, mas visando um mercado consumidor que se organizava em n\u00edvel regional. &lt;\/p&gt;\n&lt;p&gt;Museu do Doce, Cole\u00e7\u00e3o F\u00c1BRICAS DE DOCES DE FRUTA, Sub-cole\u00e7\u00e3o: Alcir Nei Bach.&lt;\/p&gt;\n\" data-image-caption=\"\" data-medium-file=\"https:\/\/i0.wp.com\/wp.ufpel.edu.br\/prectaolongetaoperto\/files\/2020\/06\/rotulo.jpg?fit=400%2C257&amp;ssl=1\" data-large-file=\"https:\/\/i0.wp.com\/wp.ufpel.edu.br\/prectaolongetaoperto\/files\/2020\/06\/rotulo.jpg?fit=750%2C482&amp;ssl=1\" src=\"https:\/\/i0.wp.com\/wp.ufpel.edu.br\/prectaolongetaoperto\/files\/2020\/06\/rotulo.jpg?resize=750%2C482&#038;ssl=1\" alt=\"\" data-id=\"1294\" data-link=\"https:\/\/wp.ufpel.edu.br\/prectaolongetaoperto\/minha-mascara\/rotulo\/\" class=\"wp-image-1294\" srcset=\"https:\/\/i0.wp.com\/wp.ufpel.edu.br\/prectaolongetaoperto\/files\/2020\/06\/rotulo.jpg?w=1280&amp;ssl=1 1280w, https:\/\/i0.wp.com\/wp.ufpel.edu.br\/prectaolongetaoperto\/files\/2020\/06\/rotulo.jpg?resize=400%2C257&amp;ssl=1 400w, https:\/\/i0.wp.com\/wp.ufpel.edu.br\/prectaolongetaoperto\/files\/2020\/06\/rotulo.jpg?resize=1024%2C658&amp;ssl=1 1024w, https:\/\/i0.wp.com\/wp.ufpel.edu.br\/prectaolongetaoperto\/files\/2020\/06\/rotulo.jpg?resize=768%2C494&amp;ssl=1 768w\" sizes=\"auto, (max-width: 750px) 100vw, 750px\" \/><\/figure><\/li><li class=\"blocks-gallery-item\"><figure><img data-recalc-dims=\"1\" loading=\"lazy\" decoding=\"async\" width=\"750\" height=\"482\" data-attachment-id=\"1295\" data-permalink=\"https:\/\/wp.ufpel.edu.br\/prectaolongetaoperto\/minha-mascara\/sopapo\/\" data-orig-file=\"https:\/\/i0.wp.com\/wp.ufpel.edu.br\/prectaolongetaoperto\/files\/2020\/06\/sopapo.jpg?fit=1280%2C823&amp;ssl=1\" data-orig-size=\"1280,823\" data-comments-opened=\"0\" data-image-meta=\"{&quot;aperture&quot;:&quot;0&quot;,&quot;credit&quot;:&quot;&quot;,&quot;camera&quot;:&quot;&quot;,&quot;caption&quot;:&quot;&quot;,&quot;created_timestamp&quot;:&quot;0&quot;,&quot;copyright&quot;:&quot;&quot;,&quot;focal_length&quot;:&quot;0&quot;,&quot;iso&quot;:&quot;0&quot;,&quot;shutter_speed&quot;:&quot;0&quot;,&quot;title&quot;:&quot;&quot;,&quot;orientation&quot;:&quot;0&quot;}\" data-image-title=\"M\u00e1scara Sopapo\" data-image-description=\"&lt;p&gt;Sopapo do Museu da Baronesa &amp;#8211; O sopapo \u00e9 um tambor, instrumento afro-ga\u00facho, feito originalmente com casca de \u00e1rvore e couro de cavalo. Inventado pelos escravos que trabalhavam nas charqueadas, na regi\u00e3o de Pelotas, sul do Brasil. H\u00e1 registros que datam seu uso desde 1826. O mais aut\u00eantico e antigo tambor do estado do Rio Grande do Sul foi pe\u00e7a importante no carnaval de Pelotas conferindo sonoridade pr\u00f3pria ao samba ga\u00facho, distinguindo-o assim do samba feito no Rio de Janeiro.&lt;\/p&gt;\n&lt;p&gt;Museu da Baronesa. Acervo.&lt;\/p&gt;\n\" data-image-caption=\"\" data-medium-file=\"https:\/\/i0.wp.com\/wp.ufpel.edu.br\/prectaolongetaoperto\/files\/2020\/06\/sopapo.jpg?fit=400%2C257&amp;ssl=1\" data-large-file=\"https:\/\/i0.wp.com\/wp.ufpel.edu.br\/prectaolongetaoperto\/files\/2020\/06\/sopapo.jpg?fit=750%2C482&amp;ssl=1\" src=\"https:\/\/i0.wp.com\/wp.ufpel.edu.br\/prectaolongetaoperto\/files\/2020\/06\/sopapo.jpg?resize=750%2C482&#038;ssl=1\" alt=\"\" data-id=\"1295\" data-link=\"https:\/\/wp.ufpel.edu.br\/prectaolongetaoperto\/minha-mascara\/sopapo\/\" class=\"wp-image-1295\" srcset=\"https:\/\/i0.wp.com\/wp.ufpel.edu.br\/prectaolongetaoperto\/files\/2020\/06\/sopapo.jpg?w=1280&amp;ssl=1 1280w, https:\/\/i0.wp.com\/wp.ufpel.edu.br\/prectaolongetaoperto\/files\/2020\/06\/sopapo.jpg?resize=400%2C257&amp;ssl=1 400w, https:\/\/i0.wp.com\/wp.ufpel.edu.br\/prectaolongetaoperto\/files\/2020\/06\/sopapo.jpg?resize=1024%2C658&amp;ssl=1 1024w, https:\/\/i0.wp.com\/wp.ufpel.edu.br\/prectaolongetaoperto\/files\/2020\/06\/sopapo.jpg?resize=768%2C494&amp;ssl=1 768w\" sizes=\"auto, (max-width: 750px) 100vw, 750px\" \/><\/figure><\/li><li class=\"blocks-gallery-item\"><figure><img data-recalc-dims=\"1\" loading=\"lazy\" decoding=\"async\" width=\"750\" height=\"482\" data-attachment-id=\"1296\" data-permalink=\"https:\/\/wp.ufpel.edu.br\/prectaolongetaoperto\/minha-mascara\/tacho\/\" data-orig-file=\"https:\/\/i0.wp.com\/wp.ufpel.edu.br\/prectaolongetaoperto\/files\/2020\/06\/tacho.jpg?fit=1280%2C823&amp;ssl=1\" data-orig-size=\"1280,823\" data-comments-opened=\"0\" data-image-meta=\"{&quot;aperture&quot;:&quot;0&quot;,&quot;credit&quot;:&quot;&quot;,&quot;camera&quot;:&quot;&quot;,&quot;caption&quot;:&quot;&quot;,&quot;created_timestamp&quot;:&quot;0&quot;,&quot;copyright&quot;:&quot;&quot;,&quot;focal_length&quot;:&quot;0&quot;,&quot;iso&quot;:&quot;0&quot;,&quot;shutter_speed&quot;:&quot;0&quot;,&quot;title&quot;:&quot;&quot;,&quot;orientation&quot;:&quot;0&quot;}\" data-image-title=\"M\u00e1scara  Tacho\" data-image-description=\"&lt;p&gt;Tacho de cobre &amp;#8211; O uso de determinados utens\u00edlios e equipamentos \u00e9 entendido pelas fam\u00edlias produtoras de doce como um aspecto da tradi\u00e7\u00e3o, e esse \u00e9 o caso do tacho de cobre. Ele \u00e9 um objeto ao qual se atribui um sentido de continuidade entre o passado e o tempo presente, uma vez que perpassa a trajet\u00f3ria de muitas fam\u00edlias doceiras. &lt;\/p&gt;\n&lt;p&gt;Museu do Doce, Cole\u00e7\u00e3o CONFEITARIAS, sub-cole\u00e7\u00e3o: Confeitaria Nogueira.&lt;\/p&gt;\n\" data-image-caption=\"\" data-medium-file=\"https:\/\/i0.wp.com\/wp.ufpel.edu.br\/prectaolongetaoperto\/files\/2020\/06\/tacho.jpg?fit=400%2C257&amp;ssl=1\" data-large-file=\"https:\/\/i0.wp.com\/wp.ufpel.edu.br\/prectaolongetaoperto\/files\/2020\/06\/tacho.jpg?fit=750%2C482&amp;ssl=1\" src=\"https:\/\/i0.wp.com\/wp.ufpel.edu.br\/prectaolongetaoperto\/files\/2020\/06\/tacho.jpg?resize=750%2C482&#038;ssl=1\" alt=\"\" data-id=\"1296\" data-link=\"https:\/\/wp.ufpel.edu.br\/prectaolongetaoperto\/minha-mascara\/tacho\/\" class=\"wp-image-1296\" srcset=\"https:\/\/i0.wp.com\/wp.ufpel.edu.br\/prectaolongetaoperto\/files\/2020\/06\/tacho.jpg?w=1280&amp;ssl=1 1280w, https:\/\/i0.wp.com\/wp.ufpel.edu.br\/prectaolongetaoperto\/files\/2020\/06\/tacho.jpg?resize=400%2C257&amp;ssl=1 400w, https:\/\/i0.wp.com\/wp.ufpel.edu.br\/prectaolongetaoperto\/files\/2020\/06\/tacho.jpg?resize=1024%2C658&amp;ssl=1 1024w, https:\/\/i0.wp.com\/wp.ufpel.edu.br\/prectaolongetaoperto\/files\/2020\/06\/tacho.jpg?resize=768%2C494&amp;ssl=1 768w\" sizes=\"auto, (max-width: 750px) 100vw, 750px\" \/><\/figure><\/li><li class=\"blocks-gallery-item\"><figure><img data-recalc-dims=\"1\" loading=\"lazy\" decoding=\"async\" width=\"750\" height=\"482\" data-attachment-id=\"1297\" data-permalink=\"https:\/\/wp.ufpel.edu.br\/prectaolongetaoperto\/minha-mascara\/tres-azulejo\/\" data-orig-file=\"https:\/\/i0.wp.com\/wp.ufpel.edu.br\/prectaolongetaoperto\/files\/2020\/06\/tres-azulejo.jpg?fit=1280%2C823&amp;ssl=1\" data-orig-size=\"1280,823\" data-comments-opened=\"0\" data-image-meta=\"{&quot;aperture&quot;:&quot;0&quot;,&quot;credit&quot;:&quot;&quot;,&quot;camera&quot;:&quot;&quot;,&quot;caption&quot;:&quot;&quot;,&quot;created_timestamp&quot;:&quot;0&quot;,&quot;copyright&quot;:&quot;&quot;,&quot;focal_length&quot;:&quot;0&quot;,&quot;iso&quot;:&quot;0&quot;,&quot;shutter_speed&quot;:&quot;0&quot;,&quot;title&quot;:&quot;&quot;,&quot;orientation&quot;:&quot;0&quot;}\" data-image-title=\"M\u00e1scara Tr\u00eas Azulejos\" data-image-description=\"&lt;p&gt;Azulejos do Museu da Baronesa &amp;#8211; Barra de azulejos ingleses, com motivo floral,em relevo prensado (15&amp;#215;15),  localizados no corredor de entrada do Museu da Baronesa.&lt;br \/&gt;\nMuseu Municipal Parque da Baronesa, Acervo de Bens Integrados.&lt;\/p&gt;\n\" data-image-caption=\"\" data-medium-file=\"https:\/\/i0.wp.com\/wp.ufpel.edu.br\/prectaolongetaoperto\/files\/2020\/06\/tres-azulejo.jpg?fit=400%2C257&amp;ssl=1\" data-large-file=\"https:\/\/i0.wp.com\/wp.ufpel.edu.br\/prectaolongetaoperto\/files\/2020\/06\/tres-azulejo.jpg?fit=750%2C482&amp;ssl=1\" src=\"https:\/\/i0.wp.com\/wp.ufpel.edu.br\/prectaolongetaoperto\/files\/2020\/06\/tres-azulejo.jpg?resize=750%2C482&#038;ssl=1\" alt=\"\" data-id=\"1297\" data-link=\"https:\/\/wp.ufpel.edu.br\/prectaolongetaoperto\/minha-mascara\/tres-azulejo\/\" class=\"wp-image-1297\" srcset=\"https:\/\/i0.wp.com\/wp.ufpel.edu.br\/prectaolongetaoperto\/files\/2020\/06\/tres-azulejo.jpg?w=1280&amp;ssl=1 1280w, https:\/\/i0.wp.com\/wp.ufpel.edu.br\/prectaolongetaoperto\/files\/2020\/06\/tres-azulejo.jpg?resize=400%2C257&amp;ssl=1 400w, https:\/\/i0.wp.com\/wp.ufpel.edu.br\/prectaolongetaoperto\/files\/2020\/06\/tres-azulejo.jpg?resize=1024%2C658&amp;ssl=1 1024w, https:\/\/i0.wp.com\/wp.ufpel.edu.br\/prectaolongetaoperto\/files\/2020\/06\/tres-azulejo.jpg?resize=768%2C494&amp;ssl=1 768w\" sizes=\"auto, (max-width: 750px) 100vw, 750px\" \/><\/figure><\/li><li class=\"blocks-gallery-item\"><figure><img loading=\"lazy\" decoding=\"async\" width=\"1280\" height=\"823\" data-attachment-id=\"1342\" data-permalink=\"https:\/\/wp.ufpel.edu.br\/prectaolongetaoperto\/minha-mascara\/don-jose\/\" data-orig-file=\"https:\/\/i0.wp.com\/wp.ufpel.edu.br\/prectaolongetaoperto\/files\/2020\/07\/Don-jose.jpg?fit=1280%2C823&amp;ssl=1\" data-orig-size=\"1280,823\" data-comments-opened=\"0\" data-image-meta=\"{&quot;aperture&quot;:&quot;0&quot;,&quot;credit&quot;:&quot;&quot;,&quot;camera&quot;:&quot;&quot;,&quot;caption&quot;:&quot;&quot;,&quot;created_timestamp&quot;:&quot;0&quot;,&quot;copyright&quot;:&quot;&quot;,&quot;focal_length&quot;:&quot;0&quot;,&quot;iso&quot;:&quot;0&quot;,&quot;shutter_speed&quot;:&quot;0&quot;,&quot;title&quot;:&quot;&quot;,&quot;orientation&quot;:&quot;0&quot;}\" data-image-title=\"M\u00e1scara Don Jose\" data-image-description=\"&lt;p&gt;Autor: Jose Benlliure &lt;\/p&gt;\n&lt;p&gt;T\u00edtulo\/Tema: Natureza Morta &lt;\/p&gt;\n&lt;p&gt;Data\u00e7\u00e3o: 1923&lt;\/p&gt;\n&lt;p&gt;Dimens\u00f5es: 26 x 34 cm&lt;\/p&gt;\n&lt;p&gt;T\u00e9cnica: Pintura &lt;\/p&gt;\n&lt;p&gt;Cole\u00e7\u00e3o Faustino Tr\u00e1paga. Acervo do Museu de Arte Leopoldo Gotuzzo &amp;#8211; MALG&lt;\/p&gt;\n\" data-image-caption=\"\" data-medium-file=\"https:\/\/i0.wp.com\/wp.ufpel.edu.br\/prectaolongetaoperto\/files\/2020\/07\/Don-jose.jpg?fit=400%2C257&amp;ssl=1\" data-large-file=\"https:\/\/i0.wp.com\/wp.ufpel.edu.br\/prectaolongetaoperto\/files\/2020\/07\/Don-jose.jpg?fit=750%2C482&amp;ssl=1\" src=\"https:\/\/i1.wp.com\/wp.ufpel.edu.br\/prectaolongetaoperto\/files\/2020\/07\/Don-jose.jpg?fit=750%2C482&amp;ssl=1\" alt=\"\" data-id=\"1342\" data-link=\"https:\/\/wp.ufpel.edu.br\/prectaolongetaoperto\/minha-mascara\/don-jose\/\" class=\"wp-image-1342\" srcset=\"https:\/\/i0.wp.com\/wp.ufpel.edu.br\/prectaolongetaoperto\/files\/2020\/07\/Don-jose.jpg?w=1280&amp;ssl=1 1280w, https:\/\/i0.wp.com\/wp.ufpel.edu.br\/prectaolongetaoperto\/files\/2020\/07\/Don-jose.jpg?resize=400%2C257&amp;ssl=1 400w, https:\/\/i0.wp.com\/wp.ufpel.edu.br\/prectaolongetaoperto\/files\/2020\/07\/Don-jose.jpg?resize=1024%2C658&amp;ssl=1 1024w, https:\/\/i0.wp.com\/wp.ufpel.edu.br\/prectaolongetaoperto\/files\/2020\/07\/Don-jose.jpg?resize=768%2C494&amp;ssl=1 768w\" sizes=\"auto, (max-width: 750px) 100vw, 750px\" \/><\/figure><\/li><li class=\"blocks-gallery-item\"><figure><img loading=\"lazy\" decoding=\"async\" width=\"1280\" height=\"823\" data-attachment-id=\"1343\" data-permalink=\"https:\/\/wp.ufpel.edu.br\/prectaolongetaoperto\/minha-mascara\/escola\/\" data-orig-file=\"https:\/\/i0.wp.com\/wp.ufpel.edu.br\/prectaolongetaoperto\/files\/2020\/07\/escola.jpg?fit=1280%2C823&amp;ssl=1\" data-orig-size=\"1280,823\" data-comments-opened=\"0\" data-image-meta=\"{&quot;aperture&quot;:&quot;0&quot;,&quot;credit&quot;:&quot;&quot;,&quot;camera&quot;:&quot;&quot;,&quot;caption&quot;:&quot;&quot;,&quot;created_timestamp&quot;:&quot;0&quot;,&quot;copyright&quot;:&quot;&quot;,&quot;focal_length&quot;:&quot;0&quot;,&quot;iso&quot;:&quot;0&quot;,&quot;shutter_speed&quot;:&quot;0&quot;,&quot;title&quot;:&quot;&quot;,&quot;orientation&quot;:&quot;0&quot;}\" data-image-title=\"M\u00e1scara Escola\" data-image-description=\"&lt;p&gt;Vista da entrada da sala com acervos e exposi\u00e7\u00f5es permanente e tempor\u00e1ria.&lt;\/p&gt;\n&lt;p&gt;Centro de mem\u00f3ria e pesquisa Hist\u00f3ria da Alfabetiza\u00e7\u00e3o, Leitura, Escrita e dos Livros Escolares \u2013 HISALES&lt;\/p&gt;\n\" data-image-caption=\"\" data-medium-file=\"https:\/\/i0.wp.com\/wp.ufpel.edu.br\/prectaolongetaoperto\/files\/2020\/07\/escola.jpg?fit=400%2C257&amp;ssl=1\" data-large-file=\"https:\/\/i0.wp.com\/wp.ufpel.edu.br\/prectaolongetaoperto\/files\/2020\/07\/escola.jpg?fit=750%2C482&amp;ssl=1\" src=\"https:\/\/i2.wp.com\/wp.ufpel.edu.br\/prectaolongetaoperto\/files\/2020\/07\/escola.jpg?fit=750%2C482&amp;ssl=1\" alt=\"\" data-id=\"1343\" data-link=\"https:\/\/wp.ufpel.edu.br\/prectaolongetaoperto\/minha-mascara\/escola\/\" class=\"wp-image-1343\" srcset=\"https:\/\/i0.wp.com\/wp.ufpel.edu.br\/prectaolongetaoperto\/files\/2020\/07\/escola.jpg?w=1280&amp;ssl=1 1280w, https:\/\/i0.wp.com\/wp.ufpel.edu.br\/prectaolongetaoperto\/files\/2020\/07\/escola.jpg?resize=400%2C257&amp;ssl=1 400w, https:\/\/i0.wp.com\/wp.ufpel.edu.br\/prectaolongetaoperto\/files\/2020\/07\/escola.jpg?resize=1024%2C658&amp;ssl=1 1024w, https:\/\/i0.wp.com\/wp.ufpel.edu.br\/prectaolongetaoperto\/files\/2020\/07\/escola.jpg?resize=768%2C494&amp;ssl=1 768w\" sizes=\"auto, (max-width: 750px) 100vw, 750px\" \/><\/figure><\/li><li class=\"blocks-gallery-item\"><figure><img loading=\"lazy\" decoding=\"async\" width=\"1280\" height=\"823\" data-attachment-id=\"1344\" data-permalink=\"https:\/\/wp.ufpel.edu.br\/prectaolongetaoperto\/minha-mascara\/escrita-com-pena\/\" data-orig-file=\"https:\/\/i0.wp.com\/wp.ufpel.edu.br\/prectaolongetaoperto\/files\/2020\/07\/escrita-com-pena.jpg?fit=1280%2C823&amp;ssl=1\" data-orig-size=\"1280,823\" data-comments-opened=\"0\" data-image-meta=\"{&quot;aperture&quot;:&quot;0&quot;,&quot;credit&quot;:&quot;&quot;,&quot;camera&quot;:&quot;&quot;,&quot;caption&quot;:&quot;&quot;,&quot;created_timestamp&quot;:&quot;0&quot;,&quot;copyright&quot;:&quot;&quot;,&quot;focal_length&quot;:&quot;0&quot;,&quot;iso&quot;:&quot;0&quot;,&quot;shutter_speed&quot;:&quot;0&quot;,&quot;title&quot;:&quot;&quot;,&quot;orientation&quot;:&quot;0&quot;}\" data-image-title=\"M\u00e1scara escrita com pena\" data-image-description=\"&lt;p&gt;Pr\u00e1tica com escrita \u00e0 pena e nanquim (m\u00e3os de m\u00e3e e filha)&lt;\/p&gt;\n&lt;p&gt;Centro de mem\u00f3ria e pesquisa Hist\u00f3ria da Alfabetiza\u00e7\u00e3o, Leitura, Escrita e dos Livros Escolares \u2013 HISALES&lt;\/p&gt;\n\" data-image-caption=\"\" data-medium-file=\"https:\/\/i0.wp.com\/wp.ufpel.edu.br\/prectaolongetaoperto\/files\/2020\/07\/escrita-com-pena.jpg?fit=400%2C257&amp;ssl=1\" data-large-file=\"https:\/\/i0.wp.com\/wp.ufpel.edu.br\/prectaolongetaoperto\/files\/2020\/07\/escrita-com-pena.jpg?fit=750%2C482&amp;ssl=1\" src=\"https:\/\/i0.wp.com\/wp.ufpel.edu.br\/prectaolongetaoperto\/files\/2020\/07\/escrita-com-pena.jpg?fit=750%2C482&amp;ssl=1\" alt=\"\" data-id=\"1344\" data-link=\"https:\/\/wp.ufpel.edu.br\/prectaolongetaoperto\/minha-mascara\/escrita-com-pena\/\" class=\"wp-image-1344\" srcset=\"https:\/\/i0.wp.com\/wp.ufpel.edu.br\/prectaolongetaoperto\/files\/2020\/07\/escrita-com-pena.jpg?w=1280&amp;ssl=1 1280w, https:\/\/i0.wp.com\/wp.ufpel.edu.br\/prectaolongetaoperto\/files\/2020\/07\/escrita-com-pena.jpg?resize=400%2C257&amp;ssl=1 400w, https:\/\/i0.wp.com\/wp.ufpel.edu.br\/prectaolongetaoperto\/files\/2020\/07\/escrita-com-pena.jpg?resize=1024%2C658&amp;ssl=1 1024w, https:\/\/i0.wp.com\/wp.ufpel.edu.br\/prectaolongetaoperto\/files\/2020\/07\/escrita-com-pena.jpg?resize=768%2C494&amp;ssl=1 768w\" sizes=\"auto, (max-width: 750px) 100vw, 750px\" \/><\/figure><\/li><li class=\"blocks-gallery-item\"><figure><img loading=\"lazy\" decoding=\"async\" width=\"1280\" height=\"823\" data-attachment-id=\"1345\" data-permalink=\"https:\/\/wp.ufpel.edu.br\/prectaolongetaoperto\/minha-mascara\/estantes\/\" data-orig-file=\"https:\/\/i0.wp.com\/wp.ufpel.edu.br\/prectaolongetaoperto\/files\/2020\/07\/estantes.jpg?fit=1280%2C823&amp;ssl=1\" data-orig-size=\"1280,823\" data-comments-opened=\"0\" data-image-meta=\"{&quot;aperture&quot;:&quot;0&quot;,&quot;credit&quot;:&quot;&quot;,&quot;camera&quot;:&quot;&quot;,&quot;caption&quot;:&quot;&quot;,&quot;created_timestamp&quot;:&quot;0&quot;,&quot;copyright&quot;:&quot;&quot;,&quot;focal_length&quot;:&quot;0&quot;,&quot;iso&quot;:&quot;0&quot;,&quot;shutter_speed&quot;:&quot;0&quot;,&quot;title&quot;:&quot;&quot;,&quot;orientation&quot;:&quot;0&quot;}\" data-image-title=\"M\u00e1scara estantes\" data-image-description=\"&lt;p&gt;Vista parcial do acervo de cadernos de alunos.&lt;\/p&gt;\n&lt;p&gt;Centro de mem\u00f3ria e pesquisa Hist\u00f3ria da Alfabetiza\u00e7\u00e3o, Leitura, Escrita e dos Livros Escolares \u2013 HISALES&lt;\/p&gt;\n\" data-image-caption=\"\" data-medium-file=\"https:\/\/i0.wp.com\/wp.ufpel.edu.br\/prectaolongetaoperto\/files\/2020\/07\/estantes.jpg?fit=400%2C257&amp;ssl=1\" data-large-file=\"https:\/\/i0.wp.com\/wp.ufpel.edu.br\/prectaolongetaoperto\/files\/2020\/07\/estantes.jpg?fit=750%2C482&amp;ssl=1\" src=\"https:\/\/i2.wp.com\/wp.ufpel.edu.br\/prectaolongetaoperto\/files\/2020\/07\/estantes.jpg?fit=750%2C482&amp;ssl=1\" alt=\"\" data-id=\"1345\" data-link=\"https:\/\/wp.ufpel.edu.br\/prectaolongetaoperto\/minha-mascara\/estantes\/\" class=\"wp-image-1345\" srcset=\"https:\/\/i0.wp.com\/wp.ufpel.edu.br\/prectaolongetaoperto\/files\/2020\/07\/estantes.jpg?w=1280&amp;ssl=1 1280w, https:\/\/i0.wp.com\/wp.ufpel.edu.br\/prectaolongetaoperto\/files\/2020\/07\/estantes.jpg?resize=400%2C257&amp;ssl=1 400w, https:\/\/i0.wp.com\/wp.ufpel.edu.br\/prectaolongetaoperto\/files\/2020\/07\/estantes.jpg?resize=1024%2C658&amp;ssl=1 1024w, https:\/\/i0.wp.com\/wp.ufpel.edu.br\/prectaolongetaoperto\/files\/2020\/07\/estantes.jpg?resize=768%2C494&amp;ssl=1 768w\" sizes=\"auto, (max-width: 750px) 100vw, 750px\" \/><\/figure><\/li><li class=\"blocks-gallery-item\"><figure><img loading=\"lazy\" decoding=\"async\" width=\"1280\" height=\"823\" data-attachment-id=\"1346\" data-permalink=\"https:\/\/wp.ufpel.edu.br\/prectaolongetaoperto\/minha-mascara\/gotuzzo01\/\" data-orig-file=\"https:\/\/i0.wp.com\/wp.ufpel.edu.br\/prectaolongetaoperto\/files\/2020\/07\/gotuzzo01.jpg?fit=1280%2C823&amp;ssl=1\" data-orig-size=\"1280,823\" data-comments-opened=\"0\" data-image-meta=\"{&quot;aperture&quot;:&quot;0&quot;,&quot;credit&quot;:&quot;&quot;,&quot;camera&quot;:&quot;&quot;,&quot;caption&quot;:&quot;&quot;,&quot;created_timestamp&quot;:&quot;0&quot;,&quot;copyright&quot;:&quot;&quot;,&quot;focal_length&quot;:&quot;0&quot;,&quot;iso&quot;:&quot;0&quot;,&quot;shutter_speed&quot;:&quot;0&quot;,&quot;title&quot;:&quot;&quot;,&quot;orientation&quot;:&quot;0&quot;}\" data-image-title=\"M\u00e1scara Gotuzzo 1\" data-image-description=\"&lt;p&gt;Autor: Leopoldo Gotuzzo&lt;\/p&gt;\n&lt;p&gt;T\u00edtulo\/Tema: Sem t\u00edtulo&lt;\/p&gt;\n&lt;p&gt;Data\u00e7\u00e3o: 1925&lt;\/p&gt;\n&lt;p&gt;Dimens\u00f5es: 48x59cm&lt;\/p&gt;\n&lt;p&gt;T\u00e9cnica: Pintura &lt;\/p&gt;\n&lt;p&gt;Cole\u00e7\u00e3o Leopoldo Gotuzzo&lt;\/p&gt;\n&lt;p&gt;Acervo do Museu de Arte Leopoldo Gotuzzo &amp;#8211; MALG&lt;\/p&gt;\n\" data-image-caption=\"\" data-medium-file=\"https:\/\/i0.wp.com\/wp.ufpel.edu.br\/prectaolongetaoperto\/files\/2020\/07\/gotuzzo01.jpg?fit=400%2C257&amp;ssl=1\" data-large-file=\"https:\/\/i0.wp.com\/wp.ufpel.edu.br\/prectaolongetaoperto\/files\/2020\/07\/gotuzzo01.jpg?fit=750%2C482&amp;ssl=1\" src=\"https:\/\/i2.wp.com\/wp.ufpel.edu.br\/prectaolongetaoperto\/files\/2020\/07\/gotuzzo01.jpg?fit=750%2C482&amp;ssl=1\" alt=\"\" data-id=\"1346\" data-link=\"https:\/\/wp.ufpel.edu.br\/prectaolongetaoperto\/minha-mascara\/gotuzzo01\/\" class=\"wp-image-1346\" srcset=\"https:\/\/i0.wp.com\/wp.ufpel.edu.br\/prectaolongetaoperto\/files\/2020\/07\/gotuzzo01.jpg?w=1280&amp;ssl=1 1280w, https:\/\/i0.wp.com\/wp.ufpel.edu.br\/prectaolongetaoperto\/files\/2020\/07\/gotuzzo01.jpg?resize=400%2C257&amp;ssl=1 400w, https:\/\/i0.wp.com\/wp.ufpel.edu.br\/prectaolongetaoperto\/files\/2020\/07\/gotuzzo01.jpg?resize=1024%2C658&amp;ssl=1 1024w, https:\/\/i0.wp.com\/wp.ufpel.edu.br\/prectaolongetaoperto\/files\/2020\/07\/gotuzzo01.jpg?resize=768%2C494&amp;ssl=1 768w\" sizes=\"auto, (max-width: 750px) 100vw, 750px\" \/><\/figure><\/li><li class=\"blocks-gallery-item\"><figure><img loading=\"lazy\" decoding=\"async\" width=\"1280\" height=\"823\" data-attachment-id=\"1347\" data-permalink=\"https:\/\/wp.ufpel.edu.br\/prectaolongetaoperto\/minha-mascara\/gotuzzo02\/\" data-orig-file=\"https:\/\/i0.wp.com\/wp.ufpel.edu.br\/prectaolongetaoperto\/files\/2020\/07\/gotuzzo02.jpg?fit=1280%2C823&amp;ssl=1\" data-orig-size=\"1280,823\" data-comments-opened=\"0\" data-image-meta=\"{&quot;aperture&quot;:&quot;0&quot;,&quot;credit&quot;:&quot;&quot;,&quot;camera&quot;:&quot;&quot;,&quot;caption&quot;:&quot;&quot;,&quot;created_timestamp&quot;:&quot;0&quot;,&quot;copyright&quot;:&quot;&quot;,&quot;focal_length&quot;:&quot;0&quot;,&quot;iso&quot;:&quot;0&quot;,&quot;shutter_speed&quot;:&quot;0&quot;,&quot;title&quot;:&quot;&quot;,&quot;orientation&quot;:&quot;0&quot;}\" data-image-title=\"M\u00e1scara Gotuzzo 2\" data-image-description=\"&lt;p&gt;Leopoldo Gotuzzo&lt;\/p&gt;\n&lt;p&gt;Sem t\u00edtulo &lt;\/p&gt;\n&lt;p&gt;1926&lt;\/p&gt;\n&lt;p&gt;46x55cm&lt;\/p&gt;\n&lt;p&gt;Pintura &lt;\/p&gt;\n&lt;p&gt;Cole\u00e7\u00e3o Leopoldo Gotuzzo&lt;\/p&gt;\n&lt;p&gt;Acervo do Museu de Arte Leopoldo Gotuzzo &amp;#8211; MALG&lt;\/p&gt;\n\" data-image-caption=\"\" data-medium-file=\"https:\/\/i0.wp.com\/wp.ufpel.edu.br\/prectaolongetaoperto\/files\/2020\/07\/gotuzzo02.jpg?fit=400%2C257&amp;ssl=1\" data-large-file=\"https:\/\/i0.wp.com\/wp.ufpel.edu.br\/prectaolongetaoperto\/files\/2020\/07\/gotuzzo02.jpg?fit=750%2C482&amp;ssl=1\" src=\"https:\/\/i0.wp.com\/wp.ufpel.edu.br\/prectaolongetaoperto\/files\/2020\/07\/gotuzzo02.jpg?fit=750%2C482&amp;ssl=1\" alt=\"\" data-id=\"1347\" data-link=\"https:\/\/wp.ufpel.edu.br\/prectaolongetaoperto\/minha-mascara\/gotuzzo02\/\" class=\"wp-image-1347\" srcset=\"https:\/\/i0.wp.com\/wp.ufpel.edu.br\/prectaolongetaoperto\/files\/2020\/07\/gotuzzo02.jpg?w=1280&amp;ssl=1 1280w, https:\/\/i0.wp.com\/wp.ufpel.edu.br\/prectaolongetaoperto\/files\/2020\/07\/gotuzzo02.jpg?resize=400%2C257&amp;ssl=1 400w, https:\/\/i0.wp.com\/wp.ufpel.edu.br\/prectaolongetaoperto\/files\/2020\/07\/gotuzzo02.jpg?resize=1024%2C658&amp;ssl=1 1024w, https:\/\/i0.wp.com\/wp.ufpel.edu.br\/prectaolongetaoperto\/files\/2020\/07\/gotuzzo02.jpg?resize=768%2C494&amp;ssl=1 768w\" sizes=\"auto, (max-width: 750px) 100vw, 750px\" \/><\/figure><\/li><li class=\"blocks-gallery-item\"><figure><img loading=\"lazy\" decoding=\"async\" width=\"1280\" height=\"823\" data-attachment-id=\"1348\" data-permalink=\"https:\/\/wp.ufpel.edu.br\/prectaolongetaoperto\/minha-mascara\/jader-siqueira1\/\" data-orig-file=\"https:\/\/i0.wp.com\/wp.ufpel.edu.br\/prectaolongetaoperto\/files\/2020\/07\/jader-Siqueira1.jpg?fit=1280%2C823&amp;ssl=1\" data-orig-size=\"1280,823\" data-comments-opened=\"0\" data-image-meta=\"{&quot;aperture&quot;:&quot;0&quot;,&quot;credit&quot;:&quot;&quot;,&quot;camera&quot;:&quot;&quot;,&quot;caption&quot;:&quot;&quot;,&quot;created_timestamp&quot;:&quot;0&quot;,&quot;copyright&quot;:&quot;&quot;,&quot;focal_length&quot;:&quot;0&quot;,&quot;iso&quot;:&quot;0&quot;,&quot;shutter_speed&quot;:&quot;0&quot;,&quot;title&quot;:&quot;&quot;,&quot;orientation&quot;:&quot;0&quot;}\" data-image-title=\"M\u00e1scara Jader Siqueira\" data-image-description=\"&lt;p&gt;Autor: Jader Siqueira&lt;\/p&gt;\n&lt;p&gt;T&amp;#8217;\u00edtulo\/ Tema: Natureza morta &lt;\/p&gt;\n&lt;p&gt;Data: s\/d&lt;\/p&gt;\n&lt;p&gt;Dimens\u00f5es: 59 x 75 cm  &lt;\/p&gt;\n&lt;p&gt;T\u00e9cnica: Pintura &lt;\/p&gt;\n&lt;p&gt;Cole\u00e7\u00e3o Escola de Belas Artes&lt;\/p&gt;\n&lt;p&gt;Acervo do Museu de Arte Leopoldo Gotuzzo &amp;#8211; MALG&lt;\/p&gt;\n\" data-image-caption=\"\" data-medium-file=\"https:\/\/i0.wp.com\/wp.ufpel.edu.br\/prectaolongetaoperto\/files\/2020\/07\/jader-Siqueira1.jpg?fit=400%2C257&amp;ssl=1\" data-large-file=\"https:\/\/i0.wp.com\/wp.ufpel.edu.br\/prectaolongetaoperto\/files\/2020\/07\/jader-Siqueira1.jpg?fit=750%2C482&amp;ssl=1\" src=\"https:\/\/i0.wp.com\/wp.ufpel.edu.br\/prectaolongetaoperto\/files\/2020\/07\/jader-Siqueira1.jpg?fit=750%2C482&amp;ssl=1\" alt=\"\" data-id=\"1348\" data-link=\"https:\/\/wp.ufpel.edu.br\/prectaolongetaoperto\/minha-mascara\/jader-siqueira1\/\" class=\"wp-image-1348\" srcset=\"https:\/\/i0.wp.com\/wp.ufpel.edu.br\/prectaolongetaoperto\/files\/2020\/07\/jader-Siqueira1.jpg?w=1280&amp;ssl=1 1280w, https:\/\/i0.wp.com\/wp.ufpel.edu.br\/prectaolongetaoperto\/files\/2020\/07\/jader-Siqueira1.jpg?resize=400%2C257&amp;ssl=1 400w, https:\/\/i0.wp.com\/wp.ufpel.edu.br\/prectaolongetaoperto\/files\/2020\/07\/jader-Siqueira1.jpg?resize=1024%2C658&amp;ssl=1 1024w, https:\/\/i0.wp.com\/wp.ufpel.edu.br\/prectaolongetaoperto\/files\/2020\/07\/jader-Siqueira1.jpg?resize=768%2C494&amp;ssl=1 768w\" sizes=\"auto, (max-width: 750px) 100vw, 750px\" \/><\/figure><\/li><li class=\"blocks-gallery-item\"><figure><img loading=\"lazy\" decoding=\"async\" width=\"1280\" height=\"823\" data-attachment-id=\"1349\" data-permalink=\"https:\/\/wp.ufpel.edu.br\/prectaolongetaoperto\/minha-mascara\/maria-lidia-magliami1\/\" data-orig-file=\"https:\/\/i0.wp.com\/wp.ufpel.edu.br\/prectaolongetaoperto\/files\/2020\/07\/maria-lidia-magliami1.jpg?fit=1280%2C823&amp;ssl=1\" data-orig-size=\"1280,823\" data-comments-opened=\"0\" data-image-meta=\"{&quot;aperture&quot;:&quot;0&quot;,&quot;credit&quot;:&quot;&quot;,&quot;camera&quot;:&quot;&quot;,&quot;caption&quot;:&quot;&quot;,&quot;created_timestamp&quot;:&quot;0&quot;,&quot;copyright&quot;:&quot;&quot;,&quot;focal_length&quot;:&quot;0&quot;,&quot;iso&quot;:&quot;0&quot;,&quot;shutter_speed&quot;:&quot;0&quot;,&quot;title&quot;:&quot;&quot;,&quot;orientation&quot;:&quot;0&quot;}\" data-image-title=\"M\u00e1scara Maria Lidia Magliani\" data-image-description=\"&lt;p&gt;Autor: Maria L\u00eddia Magliani &lt;\/p&gt;\n&lt;p&gt;T\u00edtulo\/Tema: Retrato com Pesadelo&lt;\/p&gt;\n&lt;p&gt;Data\u00e7\u00e3o: 1990&lt;\/p&gt;\n&lt;p&gt;Dimens\u00f5es: 120x121cm&lt;\/p&gt;\n&lt;p&gt;T\u00e9cnica: Pintura &lt;\/p&gt;\n&lt;p&gt;Cole\u00e7\u00e3o S\u00e9culo XXAcervo do Museu de Arte Leopoldo Gotuzzo &amp;#8211; MALG&lt;\/p&gt;\n\" data-image-caption=\"\" data-medium-file=\"https:\/\/i0.wp.com\/wp.ufpel.edu.br\/prectaolongetaoperto\/files\/2020\/07\/maria-lidia-magliami1.jpg?fit=400%2C257&amp;ssl=1\" data-large-file=\"https:\/\/i0.wp.com\/wp.ufpel.edu.br\/prectaolongetaoperto\/files\/2020\/07\/maria-lidia-magliami1.jpg?fit=750%2C482&amp;ssl=1\" src=\"https:\/\/i0.wp.com\/wp.ufpel.edu.br\/prectaolongetaoperto\/files\/2020\/07\/maria-lidia-magliami1.jpg?fit=750%2C482&amp;ssl=1\" alt=\"\" data-id=\"1349\" data-link=\"https:\/\/wp.ufpel.edu.br\/prectaolongetaoperto\/minha-mascara\/maria-lidia-magliami1\/\" class=\"wp-image-1349\" srcset=\"https:\/\/i0.wp.com\/wp.ufpel.edu.br\/prectaolongetaoperto\/files\/2020\/07\/maria-lidia-magliami1.jpg?w=1280&amp;ssl=1 1280w, https:\/\/i0.wp.com\/wp.ufpel.edu.br\/prectaolongetaoperto\/files\/2020\/07\/maria-lidia-magliami1.jpg?resize=400%2C257&amp;ssl=1 400w, https:\/\/i0.wp.com\/wp.ufpel.edu.br\/prectaolongetaoperto\/files\/2020\/07\/maria-lidia-magliami1.jpg?resize=1024%2C658&amp;ssl=1 1024w, https:\/\/i0.wp.com\/wp.ufpel.edu.br\/prectaolongetaoperto\/files\/2020\/07\/maria-lidia-magliami1.jpg?resize=768%2C494&amp;ssl=1 768w\" sizes=\"auto, (max-width: 750px) 100vw, 750px\" \/><\/figure><\/li><li class=\"blocks-gallery-item\"><figure><img loading=\"lazy\" decoding=\"async\" width=\"1280\" height=\"823\" data-attachment-id=\"1350\" data-permalink=\"https:\/\/wp.ufpel.edu.br\/prectaolongetaoperto\/minha-mascara\/mario-rohnelt1\/\" data-orig-file=\"https:\/\/i0.wp.com\/wp.ufpel.edu.br\/prectaolongetaoperto\/files\/2020\/07\/mario-rohnelt1.jpg?fit=1280%2C823&amp;ssl=1\" data-orig-size=\"1280,823\" data-comments-opened=\"0\" data-image-meta=\"{&quot;aperture&quot;:&quot;0&quot;,&quot;credit&quot;:&quot;&quot;,&quot;camera&quot;:&quot;&quot;,&quot;caption&quot;:&quot;&quot;,&quot;created_timestamp&quot;:&quot;0&quot;,&quot;copyright&quot;:&quot;&quot;,&quot;focal_length&quot;:&quot;0&quot;,&quot;iso&quot;:&quot;0&quot;,&quot;shutter_speed&quot;:&quot;0&quot;,&quot;title&quot;:&quot;&quot;,&quot;orientation&quot;:&quot;0&quot;}\" data-image-title=\"M\u00e1scara Mario R\u00f6hnelt\" data-image-description=\"&lt;p&gt;Autor: M\u00e1rio R\u00f6hnelt&lt;\/p&gt;\n&lt;p&gt;T\u00edtulo: Sem t\u00edtulo&lt;\/p&gt;\n&lt;p&gt;Data: 1990&lt;\/p&gt;\n&lt;p&gt;Dimens\u00f5es: 50x70cm&lt;\/p&gt;\n&lt;p&gt;T\u00e9cnica: Pintura e desenho&lt;\/p&gt;\n&lt;p&gt;Cole\u00e7\u00e3o S\u00e9culo XX&lt;\/p&gt;\n&lt;p&gt;Acervo do Museu de Arte Leopoldo Gotuzzo &amp;#8211; MALG&lt;\/p&gt;\n\" data-image-caption=\"\" data-medium-file=\"https:\/\/i0.wp.com\/wp.ufpel.edu.br\/prectaolongetaoperto\/files\/2020\/07\/mario-rohnelt1.jpg?fit=400%2C257&amp;ssl=1\" data-large-file=\"https:\/\/i0.wp.com\/wp.ufpel.edu.br\/prectaolongetaoperto\/files\/2020\/07\/mario-rohnelt1.jpg?fit=750%2C482&amp;ssl=1\" src=\"https:\/\/i0.wp.com\/wp.ufpel.edu.br\/prectaolongetaoperto\/files\/2020\/07\/mario-rohnelt1.jpg?fit=750%2C482&amp;ssl=1\" alt=\"\" data-id=\"1350\" data-link=\"https:\/\/wp.ufpel.edu.br\/prectaolongetaoperto\/minha-mascara\/mario-rohnelt1\/\" class=\"wp-image-1350\" srcset=\"https:\/\/i0.wp.com\/wp.ufpel.edu.br\/prectaolongetaoperto\/files\/2020\/07\/mario-rohnelt1.jpg?w=1280&amp;ssl=1 1280w, https:\/\/i0.wp.com\/wp.ufpel.edu.br\/prectaolongetaoperto\/files\/2020\/07\/mario-rohnelt1.jpg?resize=400%2C257&amp;ssl=1 400w, https:\/\/i0.wp.com\/wp.ufpel.edu.br\/prectaolongetaoperto\/files\/2020\/07\/mario-rohnelt1.jpg?resize=1024%2C658&amp;ssl=1 1024w, https:\/\/i0.wp.com\/wp.ufpel.edu.br\/prectaolongetaoperto\/files\/2020\/07\/mario-rohnelt1.jpg?resize=768%2C494&amp;ssl=1 768w\" sizes=\"auto, (max-width: 750px) 100vw, 750px\" \/><\/figure><\/li><li class=\"blocks-gallery-item\"><figure><img loading=\"lazy\" decoding=\"async\" width=\"1280\" height=\"823\" data-attachment-id=\"1351\" data-permalink=\"https:\/\/wp.ufpel.edu.br\/prectaolongetaoperto\/minha-mascara\/a-r-m-1\/\" data-orig-file=\"https:\/\/i0.wp.com\/wp.ufpel.edu.br\/prectaolongetaoperto\/files\/2020\/07\/A.R.M.1.jpg?fit=1280%2C823&amp;ssl=1\" data-orig-size=\"1280,823\" data-comments-opened=\"0\" data-image-meta=\"{&quot;aperture&quot;:&quot;0&quot;,&quot;credit&quot;:&quot;&quot;,&quot;camera&quot;:&quot;&quot;,&quot;caption&quot;:&quot;&quot;,&quot;created_timestamp&quot;:&quot;0&quot;,&quot;copyright&quot;:&quot;&quot;,&quot;focal_length&quot;:&quot;0&quot;,&quot;iso&quot;:&quot;0&quot;,&quot;shutter_speed&quot;:&quot;0&quot;,&quot;title&quot;:&quot;&quot;,&quot;orientation&quot;:&quot;0&quot;}\" data-image-title=\"M\u00e1scara A.V.\" data-image-description=\"&lt;p&gt;Autor:Armando Vianna&lt;\/p&gt;\n&lt;p&gt;T\u00edtulo\/Tema: Dia de Chuva&lt;\/p&gt;\n&lt;p&gt;Data:s\/d&lt;\/p&gt;\n&lt;p&gt;Dimens\u00f5es 9 x 18 cm&lt;\/p&gt;\n&lt;p&gt;T\u00e9cnica: Pintura &lt;\/p&gt;\n&lt;p&gt;Cole\u00e7\u00e3o Jo\u00e3o Gomes de Mello Filho&lt;\/p&gt;\n&lt;p&gt;Acervo do Museu de Arte Leopoldo Gotuzzo &amp;#8211; MALG&lt;\/p&gt;\n\" data-image-caption=\"\" data-medium-file=\"https:\/\/i0.wp.com\/wp.ufpel.edu.br\/prectaolongetaoperto\/files\/2020\/07\/A.R.M.1.jpg?fit=400%2C257&amp;ssl=1\" data-large-file=\"https:\/\/i0.wp.com\/wp.ufpel.edu.br\/prectaolongetaoperto\/files\/2020\/07\/A.R.M.1.jpg?fit=750%2C482&amp;ssl=1\" src=\"https:\/\/i2.wp.com\/wp.ufpel.edu.br\/prectaolongetaoperto\/files\/2020\/07\/A.R.M.1.jpg?fit=750%2C482&amp;ssl=1\" alt=\"\" data-id=\"1351\" data-link=\"https:\/\/wp.ufpel.edu.br\/prectaolongetaoperto\/minha-mascara\/a-r-m-1\/\" class=\"wp-image-1351\" srcset=\"https:\/\/i0.wp.com\/wp.ufpel.edu.br\/prectaolongetaoperto\/files\/2020\/07\/A.R.M.1.jpg?w=1280&amp;ssl=1 1280w, https:\/\/i0.wp.com\/wp.ufpel.edu.br\/prectaolongetaoperto\/files\/2020\/07\/A.R.M.1.jpg?resize=400%2C257&amp;ssl=1 400w, https:\/\/i0.wp.com\/wp.ufpel.edu.br\/prectaolongetaoperto\/files\/2020\/07\/A.R.M.1.jpg?resize=1024%2C658&amp;ssl=1 1024w, https:\/\/i0.wp.com\/wp.ufpel.edu.br\/prectaolongetaoperto\/files\/2020\/07\/A.R.M.1.jpg?resize=768%2C494&amp;ssl=1 768w\" sizes=\"auto, (max-width: 750px) 100vw, 750px\" \/><\/figure><\/li><li class=\"blocks-gallery-item\"><figure><img loading=\"lazy\" decoding=\"async\" width=\"1280\" height=\"823\" data-attachment-id=\"1352\" data-permalink=\"https:\/\/wp.ufpel.edu.br\/prectaolongetaoperto\/minha-mascara\/alfabetizacao\/\" data-orig-file=\"https:\/\/i0.wp.com\/wp.ufpel.edu.br\/prectaolongetaoperto\/files\/2020\/07\/alfabetiza%C3%A7%C3%A3o.jpg?fit=1280%2C823&amp;ssl=1\" data-orig-size=\"1280,823\" data-comments-opened=\"0\" data-image-meta=\"{&quot;aperture&quot;:&quot;0&quot;,&quot;credit&quot;:&quot;&quot;,&quot;camera&quot;:&quot;&quot;,&quot;caption&quot;:&quot;&quot;,&quot;created_timestamp&quot;:&quot;0&quot;,&quot;copyright&quot;:&quot;&quot;,&quot;focal_length&quot;:&quot;0&quot;,&quot;iso&quot;:&quot;0&quot;,&quot;shutter_speed&quot;:&quot;0&quot;,&quot;title&quot;:&quot;&quot;,&quot;orientation&quot;:&quot;0&quot;}\" data-image-title=\"M\u00e1scara Alfabetiza\u00e7\u00e3o\" data-image-description=\"&lt;p&gt;Expositor com materiais did\u00e1tico-pedag\u00f3gicos&lt;\/p&gt;\n&lt;p&gt;Centro de mem\u00f3ria e pesquisa Hist\u00f3ria da Alfabetiza\u00e7\u00e3o, Leitura, Escrita e dos Livros Escolares \u2013 HISALES&lt;\/p&gt;\n\" data-image-caption=\"\" data-medium-file=\"https:\/\/i0.wp.com\/wp.ufpel.edu.br\/prectaolongetaoperto\/files\/2020\/07\/alfabetiza%C3%A7%C3%A3o.jpg?fit=400%2C257&amp;ssl=1\" data-large-file=\"https:\/\/i0.wp.com\/wp.ufpel.edu.br\/prectaolongetaoperto\/files\/2020\/07\/alfabetiza%C3%A7%C3%A3o.jpg?fit=750%2C482&amp;ssl=1\" src=\"https:\/\/i2.wp.com\/wp.ufpel.edu.br\/prectaolongetaoperto\/files\/2020\/07\/alfabetiza\u00e7\u00e3o.jpg?fit=750%2C482&amp;ssl=1\" alt=\"\" data-id=\"1352\" data-link=\"https:\/\/wp.ufpel.edu.br\/prectaolongetaoperto\/minha-mascara\/alfabetizacao\/\" class=\"wp-image-1352\" srcset=\"https:\/\/i0.wp.com\/wp.ufpel.edu.br\/prectaolongetaoperto\/files\/2020\/07\/alfabetiza%C3%A7%C3%A3o.jpg?w=1280&amp;ssl=1 1280w, https:\/\/i0.wp.com\/wp.ufpel.edu.br\/prectaolongetaoperto\/files\/2020\/07\/alfabetiza%C3%A7%C3%A3o.jpg?resize=400%2C257&amp;ssl=1 400w, https:\/\/i0.wp.com\/wp.ufpel.edu.br\/prectaolongetaoperto\/files\/2020\/07\/alfabetiza%C3%A7%C3%A3o.jpg?resize=1024%2C658&amp;ssl=1 1024w, https:\/\/i0.wp.com\/wp.ufpel.edu.br\/prectaolongetaoperto\/files\/2020\/07\/alfabetiza%C3%A7%C3%A3o.jpg?resize=768%2C494&amp;ssl=1 768w\" sizes=\"auto, (max-width: 750px) 100vw, 750px\" \/><\/figure><\/li><li class=\"blocks-gallery-item\"><figure><img loading=\"lazy\" decoding=\"async\" width=\"1280\" height=\"823\" data-attachment-id=\"1353\" data-permalink=\"https:\/\/wp.ufpel.edu.br\/prectaolongetaoperto\/minha-mascara\/caringi1\/\" data-orig-file=\"https:\/\/i0.wp.com\/wp.ufpel.edu.br\/prectaolongetaoperto\/files\/2020\/07\/caringi1.jpg?fit=1280%2C823&amp;ssl=1\" data-orig-size=\"1280,823\" data-comments-opened=\"0\" data-image-meta=\"{&quot;aperture&quot;:&quot;0&quot;,&quot;credit&quot;:&quot;&quot;,&quot;camera&quot;:&quot;&quot;,&quot;caption&quot;:&quot;&quot;,&quot;created_timestamp&quot;:&quot;0&quot;,&quot;copyright&quot;:&quot;&quot;,&quot;focal_length&quot;:&quot;0&quot;,&quot;iso&quot;:&quot;0&quot;,&quot;shutter_speed&quot;:&quot;0&quot;,&quot;title&quot;:&quot;&quot;,&quot;orientation&quot;:&quot;0&quot;}\" data-image-title=\"M\u00e1scara Caringi 1\" data-image-description=\"&lt;p&gt;Autor: Ant\u00f4nio Caringi&lt;\/p&gt;\n&lt;p&gt;T\u00edtulo\/Tema: Estudo &lt;\/p&gt;\n&lt;p&gt;Data: s\/d&lt;\/p&gt;\n&lt;p&gt;Dimens\u00f5es: 15x43x2,5cm&lt;\/p&gt;\n&lt;p&gt;T\u00e9cnica: Relevo &amp;#8211; Estudo em gesso&lt;\/p&gt;\n&lt;p&gt;Cole\u00e7\u00e3o Ant\u00f4nio Caringi&lt;\/p&gt;\n&lt;p&gt;Acervo do Museu de Arte Leopoldo Gotuzzo &amp;#8211; MALG&lt;\/p&gt;\n\" data-image-caption=\"\" data-medium-file=\"https:\/\/i0.wp.com\/wp.ufpel.edu.br\/prectaolongetaoperto\/files\/2020\/07\/caringi1.jpg?fit=400%2C257&amp;ssl=1\" data-large-file=\"https:\/\/i0.wp.com\/wp.ufpel.edu.br\/prectaolongetaoperto\/files\/2020\/07\/caringi1.jpg?fit=750%2C482&amp;ssl=1\" src=\"https:\/\/i2.wp.com\/wp.ufpel.edu.br\/prectaolongetaoperto\/files\/2020\/07\/caringi1.jpg?fit=750%2C482&amp;ssl=1\" alt=\"\" data-id=\"1353\" data-link=\"https:\/\/wp.ufpel.edu.br\/prectaolongetaoperto\/minha-mascara\/caringi1\/\" class=\"wp-image-1353\" srcset=\"https:\/\/i0.wp.com\/wp.ufpel.edu.br\/prectaolongetaoperto\/files\/2020\/07\/caringi1.jpg?w=1280&amp;ssl=1 1280w, https:\/\/i0.wp.com\/wp.ufpel.edu.br\/prectaolongetaoperto\/files\/2020\/07\/caringi1.jpg?resize=400%2C257&amp;ssl=1 400w, https:\/\/i0.wp.com\/wp.ufpel.edu.br\/prectaolongetaoperto\/files\/2020\/07\/caringi1.jpg?resize=1024%2C658&amp;ssl=1 1024w, https:\/\/i0.wp.com\/wp.ufpel.edu.br\/prectaolongetaoperto\/files\/2020\/07\/caringi1.jpg?resize=768%2C494&amp;ssl=1 768w\" sizes=\"auto, (max-width: 750px) 100vw, 750px\" \/><\/figure><\/li><li class=\"blocks-gallery-item\"><figure><img loading=\"lazy\" decoding=\"async\" width=\"1280\" height=\"823\" data-attachment-id=\"1354\" data-permalink=\"https:\/\/wp.ufpel.edu.br\/prectaolongetaoperto\/minha-mascara\/chocarne\/\" data-orig-file=\"https:\/\/i0.wp.com\/wp.ufpel.edu.br\/prectaolongetaoperto\/files\/2020\/07\/chocarne.jpg?fit=1280%2C823&amp;ssl=1\" data-orig-size=\"1280,823\" data-comments-opened=\"0\" data-image-meta=\"{&quot;aperture&quot;:&quot;0&quot;,&quot;credit&quot;:&quot;&quot;,&quot;camera&quot;:&quot;&quot;,&quot;caption&quot;:&quot;&quot;,&quot;created_timestamp&quot;:&quot;0&quot;,&quot;copyright&quot;:&quot;&quot;,&quot;focal_length&quot;:&quot;0&quot;,&quot;iso&quot;:&quot;0&quot;,&quot;shutter_speed&quot;:&quot;0&quot;,&quot;title&quot;:&quot;&quot;,&quot;orientation&quot;:&quot;0&quot;}\" data-image-title=\"M\u00e1scara Chorane\" data-image-description=\"&lt;p&gt;Autor: Chocarne Moreau&lt;\/p&gt;\n&lt;p&gt;T\u00edtulo\/Tema: Un\u00e9 qu\u00eate inesper\u00e9e&lt;\/p&gt;\n&lt;p&gt;Data\u00e7\u00e3o: s\/d&lt;\/p&gt;\n&lt;p&gt;Dimens\u00f5es: 50 x 63 cm&lt;\/p&gt;\n&lt;p&gt;T\u00e9cnica: Pintura &lt;\/p&gt;\n&lt;p&gt;Cole\u00e7\u00e3o Faustino Tr\u00e1paga&lt;\/p&gt;\n&lt;p&gt;Acervo do Museu de Arte Leopoldo Gotuzzo &amp;#8211; MALG&lt;\/p&gt;\n\" data-image-caption=\"\" data-medium-file=\"https:\/\/i0.wp.com\/wp.ufpel.edu.br\/prectaolongetaoperto\/files\/2020\/07\/chocarne.jpg?fit=400%2C257&amp;ssl=1\" data-large-file=\"https:\/\/i0.wp.com\/wp.ufpel.edu.br\/prectaolongetaoperto\/files\/2020\/07\/chocarne.jpg?fit=750%2C482&amp;ssl=1\" src=\"https:\/\/i1.wp.com\/wp.ufpel.edu.br\/prectaolongetaoperto\/files\/2020\/07\/chocarne.jpg?fit=750%2C482&amp;ssl=1\" alt=\"\" data-id=\"1354\" data-link=\"https:\/\/wp.ufpel.edu.br\/prectaolongetaoperto\/minha-mascara\/chocarne\/\" class=\"wp-image-1354\" srcset=\"https:\/\/i0.wp.com\/wp.ufpel.edu.br\/prectaolongetaoperto\/files\/2020\/07\/chocarne.jpg?w=1280&amp;ssl=1 1280w, https:\/\/i0.wp.com\/wp.ufpel.edu.br\/prectaolongetaoperto\/files\/2020\/07\/chocarne.jpg?resize=400%2C257&amp;ssl=1 400w, https:\/\/i0.wp.com\/wp.ufpel.edu.br\/prectaolongetaoperto\/files\/2020\/07\/chocarne.jpg?resize=1024%2C658&amp;ssl=1 1024w, https:\/\/i0.wp.com\/wp.ufpel.edu.br\/prectaolongetaoperto\/files\/2020\/07\/chocarne.jpg?resize=768%2C494&amp;ssl=1 768w\" sizes=\"auto, (max-width: 750px) 100vw, 750px\" \/><\/figure><\/li><li class=\"blocks-gallery-item\"><figure><img loading=\"lazy\" decoding=\"async\" width=\"1280\" height=\"823\" data-attachment-id=\"1355\" data-permalink=\"https:\/\/wp.ufpel.edu.br\/prectaolongetaoperto\/minha-mascara\/detalhe-magliane2\/\" data-orig-file=\"https:\/\/i0.wp.com\/wp.ufpel.edu.br\/prectaolongetaoperto\/files\/2020\/07\/detalhe-magliane2.jpg?fit=1280%2C823&amp;ssl=1\" data-orig-size=\"1280,823\" data-comments-opened=\"0\" data-image-meta=\"{&quot;aperture&quot;:&quot;0&quot;,&quot;credit&quot;:&quot;&quot;,&quot;camera&quot;:&quot;&quot;,&quot;caption&quot;:&quot;&quot;,&quot;created_timestamp&quot;:&quot;0&quot;,&quot;copyright&quot;:&quot;&quot;,&quot;focal_length&quot;:&quot;0&quot;,&quot;iso&quot;:&quot;0&quot;,&quot;shutter_speed&quot;:&quot;0&quot;,&quot;title&quot;:&quot;&quot;,&quot;orientation&quot;:&quot;0&quot;}\" data-image-title=\"M\u00e1scara Magliani detalhe 2\" data-image-description=\"&lt;p&gt;Autor: Maria L\u00eddia Magliani &lt;\/p&gt;\n&lt;p&gt;T\u00edtulo\/Tema: Retrato com Pesadelo&lt;\/p&gt;\n&lt;p&gt;Data\u00e7\u00e3o: 1990&lt;\/p&gt;\n&lt;p&gt;Dimens\u00f5es: 120x121cm&lt;\/p&gt;\n&lt;p&gt;T\u00e9cnica: Pintura &lt;\/p&gt;\n&lt;p&gt;Cole\u00e7\u00e3o S\u00e9culo XX&lt;\/p&gt;\n&lt;p&gt;Acervo do Museu de Arte Leopoldo Gotuzzo &amp;#8211; MALG&lt;\/p&gt;\n\" data-image-caption=\"\" data-medium-file=\"https:\/\/i0.wp.com\/wp.ufpel.edu.br\/prectaolongetaoperto\/files\/2020\/07\/detalhe-magliane2.jpg?fit=400%2C257&amp;ssl=1\" data-large-file=\"https:\/\/i0.wp.com\/wp.ufpel.edu.br\/prectaolongetaoperto\/files\/2020\/07\/detalhe-magliane2.jpg?fit=750%2C482&amp;ssl=1\" src=\"https:\/\/i1.wp.com\/wp.ufpel.edu.br\/prectaolongetaoperto\/files\/2020\/07\/detalhe-magliane2.jpg?fit=750%2C482&amp;ssl=1\" alt=\"\" data-id=\"1355\" data-link=\"https:\/\/wp.ufpel.edu.br\/prectaolongetaoperto\/minha-mascara\/detalhe-magliane2\/\" class=\"wp-image-1355\" srcset=\"https:\/\/i0.wp.com\/wp.ufpel.edu.br\/prectaolongetaoperto\/files\/2020\/07\/detalhe-magliane2.jpg?w=1280&amp;ssl=1 1280w, https:\/\/i0.wp.com\/wp.ufpel.edu.br\/prectaolongetaoperto\/files\/2020\/07\/detalhe-magliane2.jpg?resize=400%2C257&amp;ssl=1 400w, https:\/\/i0.wp.com\/wp.ufpel.edu.br\/prectaolongetaoperto\/files\/2020\/07\/detalhe-magliane2.jpg?resize=1024%2C658&amp;ssl=1 1024w, https:\/\/i0.wp.com\/wp.ufpel.edu.br\/prectaolongetaoperto\/files\/2020\/07\/detalhe-magliane2.jpg?resize=768%2C494&amp;ssl=1 768w\" sizes=\"auto, (max-width: 750px) 100vw, 750px\" \/><\/figure><\/li><li class=\"blocks-gallery-item\"><figure><img loading=\"lazy\" decoding=\"async\" width=\"1280\" height=\"823\" data-attachment-id=\"1356\" data-permalink=\"https:\/\/wp.ufpel.edu.br\/prectaolongetaoperto\/minha-mascara\/detalhe-magliani-1\/\" data-orig-file=\"https:\/\/i0.wp.com\/wp.ufpel.edu.br\/prectaolongetaoperto\/files\/2020\/07\/detalhe-magliani-1.jpg?fit=1280%2C823&amp;ssl=1\" data-orig-size=\"1280,823\" data-comments-opened=\"0\" data-image-meta=\"{&quot;aperture&quot;:&quot;0&quot;,&quot;credit&quot;:&quot;&quot;,&quot;camera&quot;:&quot;&quot;,&quot;caption&quot;:&quot;&quot;,&quot;created_timestamp&quot;:&quot;0&quot;,&quot;copyright&quot;:&quot;&quot;,&quot;focal_length&quot;:&quot;0&quot;,&quot;iso&quot;:&quot;0&quot;,&quot;shutter_speed&quot;:&quot;0&quot;,&quot;title&quot;:&quot;&quot;,&quot;orientation&quot;:&quot;0&quot;}\" data-image-title=\"M\u00e1scara Magliani detalhe 1\" data-image-description=\"&lt;p&gt;Autor: Maria L\u00eddia Magliani &lt;\/p&gt;\n&lt;p&gt;T\u00edtulo\/Tema: Retrato com Pesadelo&lt;\/p&gt;\n&lt;p&gt;Data\u00e7\u00e3o: 1990&lt;\/p&gt;\n&lt;p&gt;Dimens\u00f5es: 120x121cm&lt;\/p&gt;\n&lt;p&gt;T\u00e9cnica: Pintura &lt;\/p&gt;\n&lt;p&gt;Cole\u00e7\u00e3o S\u00e9culo XX&lt;\/p&gt;\n&lt;p&gt;Acervo do Museu de Arte Leopoldo Gotuzzo &amp;#8211; MALG&lt;\/p&gt;\n\" data-image-caption=\"\" data-medium-file=\"https:\/\/i0.wp.com\/wp.ufpel.edu.br\/prectaolongetaoperto\/files\/2020\/07\/detalhe-magliani-1.jpg?fit=400%2C257&amp;ssl=1\" data-large-file=\"https:\/\/i0.wp.com\/wp.ufpel.edu.br\/prectaolongetaoperto\/files\/2020\/07\/detalhe-magliani-1.jpg?fit=750%2C482&amp;ssl=1\" src=\"https:\/\/i1.wp.com\/wp.ufpel.edu.br\/prectaolongetaoperto\/files\/2020\/07\/detalhe-magliani-1.jpg?fit=750%2C482&amp;ssl=1\" alt=\"\" data-id=\"1356\" data-link=\"https:\/\/wp.ufpel.edu.br\/prectaolongetaoperto\/minha-mascara\/detalhe-magliani-1\/\" class=\"wp-image-1356\" srcset=\"https:\/\/i0.wp.com\/wp.ufpel.edu.br\/prectaolongetaoperto\/files\/2020\/07\/detalhe-magliani-1.jpg?w=1280&amp;ssl=1 1280w, https:\/\/i0.wp.com\/wp.ufpel.edu.br\/prectaolongetaoperto\/files\/2020\/07\/detalhe-magliani-1.jpg?resize=400%2C257&amp;ssl=1 400w, https:\/\/i0.wp.com\/wp.ufpel.edu.br\/prectaolongetaoperto\/files\/2020\/07\/detalhe-magliani-1.jpg?resize=1024%2C658&amp;ssl=1 1024w, https:\/\/i0.wp.com\/wp.ufpel.edu.br\/prectaolongetaoperto\/files\/2020\/07\/detalhe-magliani-1.jpg?resize=768%2C494&amp;ssl=1 768w\" sizes=\"auto, (max-width: 750px) 100vw, 750px\" \/><\/figure><\/li><li class=\"blocks-gallery-item\"><figure><img loading=\"lazy\" decoding=\"async\" width=\"1280\" height=\"823\" data-attachment-id=\"1358\" data-permalink=\"https:\/\/wp.ufpel.edu.br\/prectaolongetaoperto\/minha-mascara\/ueda-gagyu2\/\" data-orig-file=\"https:\/\/i0.wp.com\/wp.ufpel.edu.br\/prectaolongetaoperto\/files\/2020\/07\/ueda-gagyu2.jpg?fit=1280%2C823&amp;ssl=1\" data-orig-size=\"1280,823\" data-comments-opened=\"0\" data-image-meta=\"{&quot;aperture&quot;:&quot;0&quot;,&quot;credit&quot;:&quot;&quot;,&quot;camera&quot;:&quot;&quot;,&quot;caption&quot;:&quot;&quot;,&quot;created_timestamp&quot;:&quot;0&quot;,&quot;copyright&quot;:&quot;&quot;,&quot;focal_length&quot;:&quot;0&quot;,&quot;iso&quot;:&quot;0&quot;,&quot;shutter_speed&quot;:&quot;0&quot;,&quot;title&quot;:&quot;&quot;,&quot;orientation&quot;:&quot;0&quot;}\" data-image-title=\"M\u00e1scara Ueda Gagyu\" data-image-description=\"&lt;p&gt;Autor: Gagyu Ueda&lt;\/p&gt;\n&lt;p&gt;T\u00edtulo\/Tema: Flying Fishes &lt;\/p&gt;\n&lt;p&gt;Data: 1979&lt;\/p&gt;\n&lt;p&gt;Dimens\u00f5es: 50x65cm&lt;\/p&gt;\n&lt;p&gt;T\u00e9cnica: Gravura&lt;\/p&gt;\n&lt;p&gt;Cole\u00e7\u00e3o L.C. Vinholes&lt;\/p&gt;\n&lt;p&gt;Acervo Museu de Arte Leopoldo Gotuzzo &amp;#8211; MALG&lt;\/p&gt;\n\" data-image-caption=\"\" data-medium-file=\"https:\/\/i0.wp.com\/wp.ufpel.edu.br\/prectaolongetaoperto\/files\/2020\/07\/ueda-gagyu2.jpg?fit=400%2C257&amp;ssl=1\" data-large-file=\"https:\/\/i0.wp.com\/wp.ufpel.edu.br\/prectaolongetaoperto\/files\/2020\/07\/ueda-gagyu2.jpg?fit=750%2C482&amp;ssl=1\" src=\"https:\/\/i0.wp.com\/wp.ufpel.edu.br\/prectaolongetaoperto\/files\/2020\/07\/ueda-gagyu2.jpg?fit=750%2C482&amp;ssl=1\" alt=\"\" data-id=\"1358\" data-link=\"https:\/\/wp.ufpel.edu.br\/prectaolongetaoperto\/minha-mascara\/ueda-gagyu2\/\" class=\"wp-image-1358\" srcset=\"https:\/\/i0.wp.com\/wp.ufpel.edu.br\/prectaolongetaoperto\/files\/2020\/07\/ueda-gagyu2.jpg?w=1280&amp;ssl=1 1280w, https:\/\/i0.wp.com\/wp.ufpel.edu.br\/prectaolongetaoperto\/files\/2020\/07\/ueda-gagyu2.jpg?resize=400%2C257&amp;ssl=1 400w, https:\/\/i0.wp.com\/wp.ufpel.edu.br\/prectaolongetaoperto\/files\/2020\/07\/ueda-gagyu2.jpg?resize=1024%2C658&amp;ssl=1 1024w, https:\/\/i0.wp.com\/wp.ufpel.edu.br\/prectaolongetaoperto\/files\/2020\/07\/ueda-gagyu2.jpg?resize=768%2C494&amp;ssl=1 768w\" sizes=\"auto, (max-width: 750px) 100vw, 750px\" \/><\/figure><\/li><li class=\"blocks-gallery-item\"><figure><img loading=\"lazy\" decoding=\"async\" width=\"1280\" height=\"823\" data-attachment-id=\"1359\" data-permalink=\"https:\/\/wp.ufpel.edu.br\/prectaolongetaoperto\/minha-mascara\/tucano1\/\" data-orig-file=\"https:\/\/i0.wp.com\/wp.ufpel.edu.br\/prectaolongetaoperto\/files\/2020\/07\/tucano1.jpg?fit=1280%2C823&amp;ssl=1\" data-orig-size=\"1280,823\" data-comments-opened=\"0\" data-image-meta=\"{&quot;aperture&quot;:&quot;0&quot;,&quot;credit&quot;:&quot;&quot;,&quot;camera&quot;:&quot;&quot;,&quot;caption&quot;:&quot;&quot;,&quot;created_timestamp&quot;:&quot;0&quot;,&quot;copyright&quot;:&quot;&quot;,&quot;focal_length&quot;:&quot;0&quot;,&quot;iso&quot;:&quot;0&quot;,&quot;shutter_speed&quot;:&quot;0&quot;,&quot;title&quot;:&quot;&quot;,&quot;orientation&quot;:&quot;0&quot;}\" data-image-title=\"M\u00e1scara Tucano\" data-image-description=\"&lt;p&gt;Tucano na Cole\u00e7\u00e3o de Aves. Acervo do  Museu de Ci\u00eancias Naturais Carlos Ritter &amp;#8211; MCNCR&lt;\/p&gt;\n\" data-image-caption=\"\" data-medium-file=\"https:\/\/i0.wp.com\/wp.ufpel.edu.br\/prectaolongetaoperto\/files\/2020\/07\/tucano1.jpg?fit=400%2C257&amp;ssl=1\" data-large-file=\"https:\/\/i0.wp.com\/wp.ufpel.edu.br\/prectaolongetaoperto\/files\/2020\/07\/tucano1.jpg?fit=750%2C482&amp;ssl=1\" src=\"https:\/\/i1.wp.com\/wp.ufpel.edu.br\/prectaolongetaoperto\/files\/2020\/07\/tucano1.jpg?fit=750%2C482&amp;ssl=1\" alt=\"\" data-id=\"1359\" data-link=\"https:\/\/wp.ufpel.edu.br\/prectaolongetaoperto\/minha-mascara\/tucano1\/\" class=\"wp-image-1359\" srcset=\"https:\/\/i0.wp.com\/wp.ufpel.edu.br\/prectaolongetaoperto\/files\/2020\/07\/tucano1.jpg?w=1280&amp;ssl=1 1280w, https:\/\/i0.wp.com\/wp.ufpel.edu.br\/prectaolongetaoperto\/files\/2020\/07\/tucano1.jpg?resize=400%2C257&amp;ssl=1 400w, https:\/\/i0.wp.com\/wp.ufpel.edu.br\/prectaolongetaoperto\/files\/2020\/07\/tucano1.jpg?resize=1024%2C658&amp;ssl=1 1024w, https:\/\/i0.wp.com\/wp.ufpel.edu.br\/prectaolongetaoperto\/files\/2020\/07\/tucano1.jpg?resize=768%2C494&amp;ssl=1 768w\" sizes=\"auto, (max-width: 750px) 100vw, 750px\" \/><\/figure><\/li><li class=\"blocks-gallery-item\"><figure><img loading=\"lazy\" decoding=\"async\" width=\"1280\" height=\"823\" data-attachment-id=\"1360\" data-permalink=\"https:\/\/wp.ufpel.edu.br\/prectaolongetaoperto\/minha-mascara\/penas\/\" data-orig-file=\"https:\/\/i0.wp.com\/wp.ufpel.edu.br\/prectaolongetaoperto\/files\/2020\/07\/penas.jpg?fit=1280%2C823&amp;ssl=1\" data-orig-size=\"1280,823\" data-comments-opened=\"0\" data-image-meta=\"{&quot;aperture&quot;:&quot;0&quot;,&quot;credit&quot;:&quot;&quot;,&quot;camera&quot;:&quot;&quot;,&quot;caption&quot;:&quot;&quot;,&quot;created_timestamp&quot;:&quot;0&quot;,&quot;copyright&quot;:&quot;&quot;,&quot;focal_length&quot;:&quot;0&quot;,&quot;iso&quot;:&quot;0&quot;,&quot;shutter_speed&quot;:&quot;0&quot;,&quot;title&quot;:&quot;&quot;,&quot;orientation&quot;:&quot;0&quot;}\" data-image-title=\"M\u00e1scara Penas\" data-image-description=\"&lt;p&gt;Pr\u00e1tica de escrita \u00e0 pena e nanquim&lt;br \/&gt;\nCentro de mem\u00f3ria e pesquisa Hist\u00f3ria da Alfabetiza\u00e7\u00e3o, Leitura, Escrita e dos Livros Escolares \u2013 HISALES&lt;\/p&gt;\n\" data-image-caption=\"\" data-medium-file=\"https:\/\/i0.wp.com\/wp.ufpel.edu.br\/prectaolongetaoperto\/files\/2020\/07\/penas.jpg?fit=400%2C257&amp;ssl=1\" data-large-file=\"https:\/\/i0.wp.com\/wp.ufpel.edu.br\/prectaolongetaoperto\/files\/2020\/07\/penas.jpg?fit=750%2C482&amp;ssl=1\" src=\"https:\/\/i0.wp.com\/wp.ufpel.edu.br\/prectaolongetaoperto\/files\/2020\/07\/penas.jpg?fit=750%2C482&amp;ssl=1\" alt=\"\" data-id=\"1360\" data-link=\"https:\/\/wp.ufpel.edu.br\/prectaolongetaoperto\/minha-mascara\/penas\/\" class=\"wp-image-1360\" srcset=\"https:\/\/i0.wp.com\/wp.ufpel.edu.br\/prectaolongetaoperto\/files\/2020\/07\/penas.jpg?w=1280&amp;ssl=1 1280w, https:\/\/i0.wp.com\/wp.ufpel.edu.br\/prectaolongetaoperto\/files\/2020\/07\/penas.jpg?resize=400%2C257&amp;ssl=1 400w, https:\/\/i0.wp.com\/wp.ufpel.edu.br\/prectaolongetaoperto\/files\/2020\/07\/penas.jpg?resize=1024%2C658&amp;ssl=1 1024w, https:\/\/i0.wp.com\/wp.ufpel.edu.br\/prectaolongetaoperto\/files\/2020\/07\/penas.jpg?resize=768%2C494&amp;ssl=1 768w\" sizes=\"auto, (max-width: 750px) 100vw, 750px\" \/><\/figure><\/li><li class=\"blocks-gallery-item\"><figure><img loading=\"lazy\" decoding=\"async\" width=\"1280\" height=\"823\" data-attachment-id=\"1361\" data-permalink=\"https:\/\/wp.ufpel.edu.br\/prectaolongetaoperto\/minha-mascara\/nanquim\/\" data-orig-file=\"https:\/\/i0.wp.com\/wp.ufpel.edu.br\/prectaolongetaoperto\/files\/2020\/07\/nanquim.jpg?fit=1280%2C823&amp;ssl=1\" data-orig-size=\"1280,823\" data-comments-opened=\"0\" data-image-meta=\"{&quot;aperture&quot;:&quot;0&quot;,&quot;credit&quot;:&quot;&quot;,&quot;camera&quot;:&quot;&quot;,&quot;caption&quot;:&quot;&quot;,&quot;created_timestamp&quot;:&quot;0&quot;,&quot;copyright&quot;:&quot;&quot;,&quot;focal_length&quot;:&quot;0&quot;,&quot;iso&quot;:&quot;0&quot;,&quot;shutter_speed&quot;:&quot;0&quot;,&quot;title&quot;:&quot;&quot;,&quot;orientation&quot;:&quot;0&quot;}\" data-image-title=\"M\u00e1scara Nanquim\" data-image-description=\"&lt;p&gt;Pr\u00e1tica de escrita \u00e0 pena e nanquim&lt;br \/&gt;\nCentro de mem\u00f3ria e pesquisa Hist\u00f3ria da Alfabetiza\u00e7\u00e3o, Leitura, Escrita e dos Livros Escolares \u2013 HISALES:&lt;\/p&gt;\n\" data-image-caption=\"\" data-medium-file=\"https:\/\/i0.wp.com\/wp.ufpel.edu.br\/prectaolongetaoperto\/files\/2020\/07\/nanquim.jpg?fit=400%2C257&amp;ssl=1\" data-large-file=\"https:\/\/i0.wp.com\/wp.ufpel.edu.br\/prectaolongetaoperto\/files\/2020\/07\/nanquim.jpg?fit=750%2C482&amp;ssl=1\" src=\"https:\/\/i1.wp.com\/wp.ufpel.edu.br\/prectaolongetaoperto\/files\/2020\/07\/nanquim.jpg?fit=750%2C482&amp;ssl=1\" alt=\"\" data-id=\"1361\" data-link=\"https:\/\/wp.ufpel.edu.br\/prectaolongetaoperto\/minha-mascara\/nanquim\/\" class=\"wp-image-1361\" srcset=\"https:\/\/i0.wp.com\/wp.ufpel.edu.br\/prectaolongetaoperto\/files\/2020\/07\/nanquim.jpg?w=1280&amp;ssl=1 1280w, https:\/\/i0.wp.com\/wp.ufpel.edu.br\/prectaolongetaoperto\/files\/2020\/07\/nanquim.jpg?resize=400%2C257&amp;ssl=1 400w, https:\/\/i0.wp.com\/wp.ufpel.edu.br\/prectaolongetaoperto\/files\/2020\/07\/nanquim.jpg?resize=1024%2C658&amp;ssl=1 1024w, https:\/\/i0.wp.com\/wp.ufpel.edu.br\/prectaolongetaoperto\/files\/2020\/07\/nanquim.jpg?resize=768%2C494&amp;ssl=1 768w\" sizes=\"auto, (max-width: 750px) 100vw, 750px\" \/><\/figure><\/li><li class=\"blocks-gallery-item\"><figure><img loading=\"lazy\" decoding=\"async\" width=\"1280\" height=\"823\" data-attachment-id=\"1362\" data-permalink=\"https:\/\/wp.ufpel.edu.br\/prectaolongetaoperto\/minha-mascara\/pena\/\" data-orig-file=\"https:\/\/i0.wp.com\/wp.ufpel.edu.br\/prectaolongetaoperto\/files\/2020\/07\/pena.jpg?fit=1280%2C823&amp;ssl=1\" data-orig-size=\"1280,823\" data-comments-opened=\"0\" data-image-meta=\"{&quot;aperture&quot;:&quot;0&quot;,&quot;credit&quot;:&quot;&quot;,&quot;camera&quot;:&quot;&quot;,&quot;caption&quot;:&quot;&quot;,&quot;created_timestamp&quot;:&quot;0&quot;,&quot;copyright&quot;:&quot;&quot;,&quot;focal_length&quot;:&quot;0&quot;,&quot;iso&quot;:&quot;0&quot;,&quot;shutter_speed&quot;:&quot;0&quot;,&quot;title&quot;:&quot;&quot;,&quot;orientation&quot;:&quot;0&quot;}\" data-image-title=\"M\u00e1scara Pena\" data-image-description=\"&lt;p&gt;Pr\u00e1tica de escrita \u00e0 pena e nanquim&lt;br \/&gt;\nCentro de mem\u00f3ria e pesquisa Hist\u00f3ria da Alfabetiza\u00e7\u00e3o, Leitura, Escrita e dos Livros Escolares \u2013 HISALES&lt;\/p&gt;\n\" data-image-caption=\"\" data-medium-file=\"https:\/\/i0.wp.com\/wp.ufpel.edu.br\/prectaolongetaoperto\/files\/2020\/07\/pena.jpg?fit=400%2C257&amp;ssl=1\" data-large-file=\"https:\/\/i0.wp.com\/wp.ufpel.edu.br\/prectaolongetaoperto\/files\/2020\/07\/pena.jpg?fit=750%2C482&amp;ssl=1\" src=\"https:\/\/i1.wp.com\/wp.ufpel.edu.br\/prectaolongetaoperto\/files\/2020\/07\/pena.jpg?fit=750%2C482&amp;ssl=1\" alt=\"\" data-id=\"1362\" data-link=\"https:\/\/wp.ufpel.edu.br\/prectaolongetaoperto\/minha-mascara\/pena\/\" class=\"wp-image-1362\" srcset=\"https:\/\/i0.wp.com\/wp.ufpel.edu.br\/prectaolongetaoperto\/files\/2020\/07\/pena.jpg?w=1280&amp;ssl=1 1280w, https:\/\/i0.wp.com\/wp.ufpel.edu.br\/prectaolongetaoperto\/files\/2020\/07\/pena.jpg?resize=400%2C257&amp;ssl=1 400w, https:\/\/i0.wp.com\/wp.ufpel.edu.br\/prectaolongetaoperto\/files\/2020\/07\/pena.jpg?resize=1024%2C658&amp;ssl=1 1024w, https:\/\/i0.wp.com\/wp.ufpel.edu.br\/prectaolongetaoperto\/files\/2020\/07\/pena.jpg?resize=768%2C494&amp;ssl=1 768w\" sizes=\"auto, (max-width: 750px) 100vw, 750px\" \/><\/figure><\/li><li class=\"blocks-gallery-item\"><figure><img loading=\"lazy\" decoding=\"async\" width=\"1280\" height=\"806\" data-attachment-id=\"1365\" data-permalink=\"https:\/\/wp.ufpel.edu.br\/prectaolongetaoperto\/minha-mascara\/mascara-anita\/\" data-orig-file=\"https:\/\/i0.wp.com\/wp.ufpel.edu.br\/prectaolongetaoperto\/files\/2020\/07\/Ma%CC%81scara-Anita.jpeg?fit=1280%2C806&amp;ssl=1\" data-orig-size=\"1280,806\" data-comments-opened=\"0\" data-image-meta=\"{&quot;aperture&quot;:&quot;0&quot;,&quot;credit&quot;:&quot;&quot;,&quot;camera&quot;:&quot;&quot;,&quot;caption&quot;:&quot;&quot;,&quot;created_timestamp&quot;:&quot;0&quot;,&quot;copyright&quot;:&quot;&quot;,&quot;focal_length&quot;:&quot;0&quot;,&quot;iso&quot;:&quot;0&quot;,&quot;shutter_speed&quot;:&quot;0&quot;,&quot;title&quot;:&quot;&quot;,&quot;orientation&quot;:&quot;0&quot;}\" data-image-title=\"M\u00e1scara Anita\" data-image-description=\"&lt;p&gt;T\u00edtulo: A Fuga de Anita Garibaldi a Cavalo&lt;\/p&gt;\n&lt;p&gt;Autoria: Dakir Parreiras&lt;\/p&gt;\n&lt;p&gt;Data: 1917&lt;\/p&gt;\n&lt;p&gt;Dimens\u00f5es: 2,64 X 2,20&lt;\/p&gt;\n&lt;p&gt;T\u00e9cnica: \u00d3leo sobre tela&lt;\/p&gt;\n&lt;p&gt;Tema: Retrata cena da fuga de Anita com o filho Minote nos bra\u00e7os&lt;\/p&gt;\n&lt;p&gt;Est\u00e1 em processo de restaura\u00e7\u00e3o no Projeto Laborat\u00f3rio Aberto de Conserva\u00e7\u00e3o e Restaura\u00e7\u00e3o de Bens Culturais.&lt;\/p&gt;\n&lt;p&gt;Acervo do Museu Hist\u00f3rico Farroupilha da Secretaria da Cultura do Estado do Rio Grande do Sul &amp;#8211; Piratini\/RS.&lt;\/p&gt;\n\" data-image-caption=\"\" data-medium-file=\"https:\/\/i0.wp.com\/wp.ufpel.edu.br\/prectaolongetaoperto\/files\/2020\/07\/Ma%CC%81scara-Anita.jpeg?fit=400%2C252&amp;ssl=1\" data-large-file=\"https:\/\/i0.wp.com\/wp.ufpel.edu.br\/prectaolongetaoperto\/files\/2020\/07\/Ma%CC%81scara-Anita.jpeg?fit=750%2C472&amp;ssl=1\" src=\"https:\/\/i0.wp.com\/wp.ufpel.edu.br\/prectaolongetaoperto\/files\/2020\/07\/Ma\u0301scara-Anita.jpeg?fit=750%2C472&amp;ssl=1\" alt=\"\" data-id=\"1365\" data-full-url=\"https:\/\/i0.wp.com\/wp.ufpel.edu.br\/prectaolongetaoperto\/files\/2020\/07\/Ma\u0301scara-Anita.jpeg?fit=1280%2C806&amp;ssl=1\" data-link=\"https:\/\/wp.ufpel.edu.br\/prectaolongetaoperto\/minha-mascara\/mascara-anita\/\" class=\"wp-image-1365\" srcset=\"https:\/\/i0.wp.com\/wp.ufpel.edu.br\/prectaolongetaoperto\/files\/2020\/07\/Ma%CC%81scara-Anita.jpeg?w=1280&amp;ssl=1 1280w, https:\/\/i0.wp.com\/wp.ufpel.edu.br\/prectaolongetaoperto\/files\/2020\/07\/Ma%CC%81scara-Anita.jpeg?resize=400%2C252&amp;ssl=1 400w, https:\/\/i0.wp.com\/wp.ufpel.edu.br\/prectaolongetaoperto\/files\/2020\/07\/Ma%CC%81scara-Anita.jpeg?resize=1024%2C645&amp;ssl=1 1024w, https:\/\/i0.wp.com\/wp.ufpel.edu.br\/prectaolongetaoperto\/files\/2020\/07\/Ma%CC%81scara-Anita.jpeg?resize=768%2C484&amp;ssl=1 768w\" sizes=\"auto, (max-width: 750px) 100vw, 750px\" \/><\/figure><\/li><li class=\"blocks-gallery-item\"><figure><img loading=\"lazy\" decoding=\"async\" width=\"1280\" height=\"827\" data-attachment-id=\"1366\" data-permalink=\"https:\/\/wp.ufpel.edu.br\/prectaolongetaoperto\/minha-mascara\/mascara-senhoras-tomando-cha\/\" data-orig-file=\"https:\/\/i0.wp.com\/wp.ufpel.edu.br\/prectaolongetaoperto\/files\/2020\/07\/Ma%CC%81scara-Senhoras-Tomando-Cha.jpeg?fit=1280%2C827&amp;ssl=1\" data-orig-size=\"1280,827\" data-comments-opened=\"0\" data-image-meta=\"{&quot;aperture&quot;:&quot;0&quot;,&quot;credit&quot;:&quot;&quot;,&quot;camera&quot;:&quot;&quot;,&quot;caption&quot;:&quot;&quot;,&quot;created_timestamp&quot;:&quot;0&quot;,&quot;copyright&quot;:&quot;&quot;,&quot;focal_length&quot;:&quot;0&quot;,&quot;iso&quot;:&quot;0&quot;,&quot;shutter_speed&quot;:&quot;0&quot;,&quot;title&quot;:&quot;&quot;,&quot;orientation&quot;:&quot;0&quot;}\" data-image-title=\"M\u00e1scara Senhoras tomando Ch\u00e1\" data-image-description=\"&lt;p&gt;T\u00edtulo: Senhoras Tomando Ch\u00e1&lt;\/p&gt;\n&lt;p&gt;Autoria: Em processo de identifica\u00e7\u00e3o&lt;\/p&gt;\n&lt;p&gt;Data: 1901&lt;\/p&gt;\n&lt;p&gt;Dimens\u00f5es:  164 cm x 218 cm&lt;\/p&gt;\n&lt;p&gt;T\u00e9cnica: \u00d3leo sobre tela&lt;\/p&gt;\n&lt;p&gt;Tema: Cena de interior de senhoras tomando ch\u00e1.&lt;\/p&gt;\n&lt;p&gt;Est\u00e1 em processo de restaura\u00e7\u00e3o no Projeto Laborat\u00f3rio Aberto de Conserva\u00e7\u00e3o e Restaura\u00e7\u00e3o de Bens Culturais.&lt;\/p&gt;\n&lt;p&gt;Acervo da Pinacoteca Matteo Tonietti Secret\u00e1ria da Cultura da Cidade do Rio Grande\/RS.&lt;\/p&gt;\n\" data-image-caption=\"\" data-medium-file=\"https:\/\/i0.wp.com\/wp.ufpel.edu.br\/prectaolongetaoperto\/files\/2020\/07\/Ma%CC%81scara-Senhoras-Tomando-Cha.jpeg?fit=400%2C258&amp;ssl=1\" data-large-file=\"https:\/\/i0.wp.com\/wp.ufpel.edu.br\/prectaolongetaoperto\/files\/2020\/07\/Ma%CC%81scara-Senhoras-Tomando-Cha.jpeg?fit=750%2C485&amp;ssl=1\" src=\"https:\/\/i1.wp.com\/wp.ufpel.edu.br\/prectaolongetaoperto\/files\/2020\/07\/Ma\u0301scara-Senhoras-Tomando-Cha.jpeg?fit=750%2C485&amp;ssl=1\" alt=\"\" data-id=\"1366\" data-full-url=\"https:\/\/i1.wp.com\/wp.ufpel.edu.br\/prectaolongetaoperto\/files\/2020\/07\/Ma\u0301scara-Senhoras-Tomando-Cha.jpeg?fit=1280%2C827&amp;ssl=1\" data-link=\"https:\/\/wp.ufpel.edu.br\/prectaolongetaoperto\/minha-mascara\/mascara-senhoras-tomando-cha\/\" class=\"wp-image-1366\" srcset=\"https:\/\/i0.wp.com\/wp.ufpel.edu.br\/prectaolongetaoperto\/files\/2020\/07\/Ma%CC%81scara-Senhoras-Tomando-Cha.jpeg?w=1280&amp;ssl=1 1280w, https:\/\/i0.wp.com\/wp.ufpel.edu.br\/prectaolongetaoperto\/files\/2020\/07\/Ma%CC%81scara-Senhoras-Tomando-Cha.jpeg?resize=400%2C258&amp;ssl=1 400w, https:\/\/i0.wp.com\/wp.ufpel.edu.br\/prectaolongetaoperto\/files\/2020\/07\/Ma%CC%81scara-Senhoras-Tomando-Cha.jpeg?resize=1024%2C662&amp;ssl=1 1024w, https:\/\/i0.wp.com\/wp.ufpel.edu.br\/prectaolongetaoperto\/files\/2020\/07\/Ma%CC%81scara-Senhoras-Tomando-Cha.jpeg?resize=768%2C496&amp;ssl=1 768w\" sizes=\"auto, (max-width: 750px) 100vw, 750px\" \/><\/figure><\/li><li class=\"blocks-gallery-item\"><figure><img loading=\"lazy\" decoding=\"async\" width=\"1280\" height=\"823\" data-attachment-id=\"1364\" data-permalink=\"https:\/\/wp.ufpel.edu.br\/prectaolongetaoperto\/minha-mascara\/mascara-alegoria\/\" data-orig-file=\"https:\/\/i0.wp.com\/wp.ufpel.edu.br\/prectaolongetaoperto\/files\/2020\/07\/Ma%CC%81scara-Alegoria.jpeg?fit=1280%2C823&amp;ssl=1\" data-orig-size=\"1280,823\" data-comments-opened=\"0\" data-image-meta=\"{&quot;aperture&quot;:&quot;0&quot;,&quot;credit&quot;:&quot;&quot;,&quot;camera&quot;:&quot;&quot;,&quot;caption&quot;:&quot;&quot;,&quot;created_timestamp&quot;:&quot;0&quot;,&quot;copyright&quot;:&quot;&quot;,&quot;focal_length&quot;:&quot;0&quot;,&quot;iso&quot;:&quot;0&quot;,&quot;shutter_speed&quot;:&quot;0&quot;,&quot;title&quot;:&quot;&quot;,&quot;orientation&quot;:&quot;0&quot;}\" data-image-title=\"M\u00e1scara Alegoria\" data-image-description=\"&lt;p&gt;T\u00edtulo: Alegoria, Sentido e Esp\u00edrito da Revolu\u00e7\u00e3o Farroupilha &lt;\/p&gt;\n&lt;p&gt;Dimens\u00f5es: 5,70 m x 3,80 m&lt;\/p&gt;\n&lt;p&gt;Artista: Helios Seelinger&lt;\/p&gt;\n&lt;p&gt;Ano: 1925-1926&lt;\/p&gt;\n&lt;p&gt;A pintura est\u00e1 em processo de restaura\u00e7\u00e3o no Projeto Laborat\u00f3rio Aberto de Conserva\u00e7\u00e3o e Restaura\u00e7\u00e3o de Bens Culturais.&lt;\/p&gt;\n&lt;p&gt;Acervo do Museu Hist\u00f3rico Farroupilha  da Secretaria da Cultura do Estado do Rio Grande do Sul &amp;#8211; Piratini\/RS.&lt;\/p&gt;\n\" data-image-caption=\"\" data-medium-file=\"https:\/\/i0.wp.com\/wp.ufpel.edu.br\/prectaolongetaoperto\/files\/2020\/07\/Ma%CC%81scara-Alegoria.jpeg?fit=400%2C257&amp;ssl=1\" data-large-file=\"https:\/\/i0.wp.com\/wp.ufpel.edu.br\/prectaolongetaoperto\/files\/2020\/07\/Ma%CC%81scara-Alegoria.jpeg?fit=750%2C482&amp;ssl=1\" src=\"https:\/\/i2.wp.com\/wp.ufpel.edu.br\/prectaolongetaoperto\/files\/2020\/07\/Ma\u0301scara-Alegoria.jpeg?fit=750%2C482&amp;ssl=1\" alt=\"\" data-id=\"1364\" data-full-url=\"https:\/\/i2.wp.com\/wp.ufpel.edu.br\/prectaolongetaoperto\/files\/2020\/07\/Ma\u0301scara-Alegoria.jpeg?fit=1280%2C823&amp;ssl=1\" data-link=\"https:\/\/wp.ufpel.edu.br\/prectaolongetaoperto\/minha-mascara\/mascara-alegoria\/\" class=\"wp-image-1364\" srcset=\"https:\/\/i0.wp.com\/wp.ufpel.edu.br\/prectaolongetaoperto\/files\/2020\/07\/Ma%CC%81scara-Alegoria.jpeg?w=1280&amp;ssl=1 1280w, https:\/\/i0.wp.com\/wp.ufpel.edu.br\/prectaolongetaoperto\/files\/2020\/07\/Ma%CC%81scara-Alegoria.jpeg?resize=400%2C257&amp;ssl=1 400w, https:\/\/i0.wp.com\/wp.ufpel.edu.br\/prectaolongetaoperto\/files\/2020\/07\/Ma%CC%81scara-Alegoria.jpeg?resize=1024%2C658&amp;ssl=1 1024w, https:\/\/i0.wp.com\/wp.ufpel.edu.br\/prectaolongetaoperto\/files\/2020\/07\/Ma%CC%81scara-Alegoria.jpeg?resize=768%2C494&amp;ssl=1 768w\" sizes=\"auto, (max-width: 750px) 100vw, 750px\" \/><\/figure><\/li><\/ul><\/figure>\n\n\n\n<p><strong><em>Exposi\u00e7\u00e3o Minha M\u00e1scara em comemora\u00e7\u00e3o ao Dia do Patrim\u00f4nio<\/em><\/strong><\/p>\n\n\n\n<figure class=\"wp-block-image size-large\"><a href=\"https:\/\/wp.ufpel.edu.br\/prectaolongetaoperto\/minha-mascara-dia-do-patrimonio\/\"><img data-recalc-dims=\"1\" loading=\"lazy\" decoding=\"async\" width=\"750\" height=\"482\" data-attachment-id=\"1539\" data-permalink=\"https:\/\/wp.ufpel.edu.br\/prectaolongetaoperto\/minha-mascara-dia-do-patrimonio\/dia-do-patrim%c2%a6nio-pelotas1\/\" data-orig-file=\"https:\/\/i0.wp.com\/wp.ufpel.edu.br\/prectaolongetaoperto\/files\/2020\/08\/dia-do-patrim%C2%A6nio-pelotas1.jpg?fit=1280%2C823&amp;ssl=1\" data-orig-size=\"1280,823\" data-comments-opened=\"0\" data-image-meta=\"{&quot;aperture&quot;:&quot;0&quot;,&quot;credit&quot;:&quot;&quot;,&quot;camera&quot;:&quot;&quot;,&quot;caption&quot;:&quot;&quot;,&quot;created_timestamp&quot;:&quot;0&quot;,&quot;copyright&quot;:&quot;&quot;,&quot;focal_length&quot;:&quot;0&quot;,&quot;iso&quot;:&quot;0&quot;,&quot;shutter_speed&quot;:&quot;0&quot;,&quot;title&quot;:&quot;&quot;,&quot;orientation&quot;:&quot;0&quot;}\" data-image-title=\"dia-do-patrim\u00a6nio-pelotas1\" data-image-description=\"\" data-image-caption=\"\" data-medium-file=\"https:\/\/i0.wp.com\/wp.ufpel.edu.br\/prectaolongetaoperto\/files\/2020\/08\/dia-do-patrim%C2%A6nio-pelotas1.jpg?fit=400%2C257&amp;ssl=1\" data-large-file=\"https:\/\/i0.wp.com\/wp.ufpel.edu.br\/prectaolongetaoperto\/files\/2020\/08\/dia-do-patrim%C2%A6nio-pelotas1.jpg?fit=750%2C482&amp;ssl=1\" src=\"https:\/\/i0.wp.com\/wp.ufpel.edu.br\/prectaolongetaoperto\/files\/2020\/08\/dia-do-patrim%C2%A6nio-pelotas1.jpg?resize=750%2C482&#038;ssl=1\" alt=\"\" class=\"wp-image-1539\" srcset=\"https:\/\/i0.wp.com\/wp.ufpel.edu.br\/prectaolongetaoperto\/files\/2020\/08\/dia-do-patrim%C2%A6nio-pelotas1.jpg?resize=1024%2C658&amp;ssl=1 1024w, https:\/\/i0.wp.com\/wp.ufpel.edu.br\/prectaolongetaoperto\/files\/2020\/08\/dia-do-patrim%C2%A6nio-pelotas1.jpg?resize=400%2C257&amp;ssl=1 400w, https:\/\/i0.wp.com\/wp.ufpel.edu.br\/prectaolongetaoperto\/files\/2020\/08\/dia-do-patrim%C2%A6nio-pelotas1.jpg?resize=768%2C494&amp;ssl=1 768w, https:\/\/i0.wp.com\/wp.ufpel.edu.br\/prectaolongetaoperto\/files\/2020\/08\/dia-do-patrim%C2%A6nio-pelotas1.jpg?w=1280&amp;ssl=1 1280w\" sizes=\"auto, (max-width: 750px) 100vw, 750px\" \/><\/a><figcaption><em><strong>Clique na imagem para acessar a galeria completa<\/strong><\/em><\/figcaption><\/figure>\n\n\n\n<p><em><strong>Exposi\u00e7\u00e3o de M\u00e1scaras Infantis<\/strong><\/em><\/p>\n\n\n\n\t\t<style type=\"text\/css\">\n\t\t\t#gallery-1 {\n\t\t\t\tmargin: auto;\n\t\t\t}\n\t\t\t#gallery-1 .gallery-item {\n\t\t\t\tfloat: left;\n\t\t\t\tmargin-top: 10px;\n\t\t\t\ttext-align: center;\n\t\t\t\twidth: 25%;\n\t\t\t}\n\t\t\t#gallery-1 img {\n\t\t\t\tborder: 2px solid #cfcfcf;\n\t\t\t}\n\t\t\t#gallery-1 .gallery-caption {\n\t\t\t\tmargin-left: 0;\n\t\t\t}\n\t\t\t\/* see gallery_shortcode() in wp-includes\/media.php *\/\n\t\t<\/style>\n\t\t<div data-carousel-extra='{&quot;blog_id&quot;:1050,&quot;permalink&quot;:&quot;https:\/\/wp.ufpel.edu.br\/prectaolongetaoperto\/minha-mascara\/&quot;}' id='gallery-1' class='gallery galleryid-167 gallery-columns-4 gallery-size-thumbnail'><dl class='gallery-item'>\n\t\t\t<dt class='gallery-icon landscape'>\n\t\t\t\t<a href=\"https:\/\/i0.wp.com\/wp.ufpel.edu.br\/prectaolongetaoperto\/files\/2020\/04\/Marina-m%C3%A1scara-F%C3%A1bio-Oliv%C3%A9-scaled.jpg?ssl=1\"><img loading=\"lazy\" decoding=\"async\" width=\"200\" height=\"200\" src=\"https:\/\/i0.wp.com\/wp.ufpel.edu.br\/prectaolongetaoperto\/files\/2020\/04\/Marina-m%C3%A1scara-F%C3%A1bio-Oliv%C3%A9-scaled.jpg?resize=200%2C200&amp;ssl=1\" class=\"attachment-thumbnail size-thumbnail\" alt=\"\" data-attachment-id=\"696\" data-permalink=\"https:\/\/wp.ufpel.edu.br\/prectaolongetaoperto\/marina-mascara-fabio-olive\/\" data-orig-file=\"https:\/\/i0.wp.com\/wp.ufpel.edu.br\/prectaolongetaoperto\/files\/2020\/04\/Marina-m%C3%A1scara-F%C3%A1bio-Oliv%C3%A9-scaled.jpg?fit=2560%2C914&amp;ssl=1\" data-orig-size=\"2560,914\" data-comments-opened=\"0\" data-image-meta=\"{&quot;aperture&quot;:&quot;0&quot;,&quot;credit&quot;:&quot;&quot;,&quot;camera&quot;:&quot;&quot;,&quot;caption&quot;:&quot;&quot;,&quot;created_timestamp&quot;:&quot;0&quot;,&quot;copyright&quot;:&quot;&quot;,&quot;focal_length&quot;:&quot;0&quot;,&quot;iso&quot;:&quot;0&quot;,&quot;shutter_speed&quot;:&quot;0&quot;,&quot;title&quot;:&quot;&quot;,&quot;orientation&quot;:&quot;0&quot;}\" data-image-title=\"Marina Sbardelotto Oliv\u00e9 Leite &amp;#8211; 10 anos &amp;#8211; Chapec\u00f3 &amp;#8211; Brasil\" data-image-description=\"&lt;p&gt;Eu acho que o momento que estamos vivendo \u00e9 muito complicado, porque n\u00f3s nunca passamos por isso, e o uso de m\u00e1scaras \u00e9 muito importante para nossa prote\u00e7\u00e3o.&lt;\/p&gt;\n\" data-image-caption=\"\" data-medium-file=\"https:\/\/i0.wp.com\/wp.ufpel.edu.br\/prectaolongetaoperto\/files\/2020\/04\/Marina-m%C3%A1scara-F%C3%A1bio-Oliv%C3%A9-scaled.jpg?fit=400%2C143&amp;ssl=1\" data-large-file=\"https:\/\/i0.wp.com\/wp.ufpel.edu.br\/prectaolongetaoperto\/files\/2020\/04\/Marina-m%C3%A1scara-F%C3%A1bio-Oliv%C3%A9-scaled.jpg?fit=750%2C268&amp;ssl=1\" \/><\/a>\n\t\t\t<\/dt><\/dl><dl class='gallery-item'>\n\t\t\t<dt class='gallery-icon portrait'>\n\t\t\t\t<a href=\"https:\/\/i0.wp.com\/wp.ufpel.edu.br\/prectaolongetaoperto\/files\/2020\/03\/f24c7538-0455-46bc-839f-8de8b39019b6.png?ssl=1\"><img loading=\"lazy\" decoding=\"async\" width=\"200\" height=\"200\" src=\"https:\/\/i0.wp.com\/wp.ufpel.edu.br\/prectaolongetaoperto\/files\/2020\/03\/f24c7538-0455-46bc-839f-8de8b39019b6.png?resize=200%2C200&amp;ssl=1\" class=\"attachment-thumbnail size-thumbnail\" alt=\"\" srcset=\"https:\/\/i0.wp.com\/wp.ufpel.edu.br\/prectaolongetaoperto\/files\/2020\/03\/f24c7538-0455-46bc-839f-8de8b39019b6.png?resize=200%2C200&amp;ssl=1 200w, https:\/\/i0.wp.com\/wp.ufpel.edu.br\/prectaolongetaoperto\/files\/2020\/03\/f24c7538-0455-46bc-839f-8de8b39019b6.png?zoom=2&amp;resize=200%2C200&amp;ssl=1 400w, https:\/\/i0.wp.com\/wp.ufpel.edu.br\/prectaolongetaoperto\/files\/2020\/03\/f24c7538-0455-46bc-839f-8de8b39019b6.png?zoom=3&amp;resize=200%2C200&amp;ssl=1 600w\" sizes=\"auto, (max-width: 200px) 100vw, 200px\" data-attachment-id=\"205\" data-permalink=\"https:\/\/wp.ufpel.edu.br\/prectaolongetaoperto\/minha-mascara\/f24c7538-0455-46bc-839f-8de8b39019b6\/\" data-orig-file=\"https:\/\/i0.wp.com\/wp.ufpel.edu.br\/prectaolongetaoperto\/files\/2020\/03\/f24c7538-0455-46bc-839f-8de8b39019b6.png?fit=720%2C1280&amp;ssl=1\" data-orig-size=\"720,1280\" data-comments-opened=\"0\" data-image-meta=\"{&quot;aperture&quot;:&quot;0&quot;,&quot;credit&quot;:&quot;&quot;,&quot;camera&quot;:&quot;&quot;,&quot;caption&quot;:&quot;&quot;,&quot;created_timestamp&quot;:&quot;0&quot;,&quot;copyright&quot;:&quot;&quot;,&quot;focal_length&quot;:&quot;0&quot;,&quot;iso&quot;:&quot;0&quot;,&quot;shutter_speed&quot;:&quot;0&quot;,&quot;title&quot;:&quot;&quot;,&quot;orientation&quot;:&quot;0&quot;}\" data-image-title=\"f24c7538-0455-46bc-839f-8de8b39019b6\" data-image-description=\"\" data-image-caption=\"\" data-medium-file=\"https:\/\/i0.wp.com\/wp.ufpel.edu.br\/prectaolongetaoperto\/files\/2020\/03\/f24c7538-0455-46bc-839f-8de8b39019b6.png?fit=225%2C400&amp;ssl=1\" data-large-file=\"https:\/\/i0.wp.com\/wp.ufpel.edu.br\/prectaolongetaoperto\/files\/2020\/03\/f24c7538-0455-46bc-839f-8de8b39019b6.png?fit=576%2C1024&amp;ssl=1\" \/><\/a>\n\t\t\t<\/dt><\/dl><dl class='gallery-item'>\n\t\t\t<dt class='gallery-icon portrait'>\n\t\t\t\t<a href=\"https:\/\/i0.wp.com\/wp.ufpel.edu.br\/prectaolongetaoperto\/files\/2020\/03\/a42de7ed-319f-4fb3-a042-ba27c5f6ac2c.png?ssl=1\"><img loading=\"lazy\" decoding=\"async\" width=\"200\" height=\"200\" src=\"https:\/\/i0.wp.com\/wp.ufpel.edu.br\/prectaolongetaoperto\/files\/2020\/03\/a42de7ed-319f-4fb3-a042-ba27c5f6ac2c.png?resize=200%2C200&amp;ssl=1\" class=\"attachment-thumbnail size-thumbnail\" alt=\"\" srcset=\"https:\/\/i0.wp.com\/wp.ufpel.edu.br\/prectaolongetaoperto\/files\/2020\/03\/a42de7ed-319f-4fb3-a042-ba27c5f6ac2c.png?resize=200%2C200&amp;ssl=1 200w, https:\/\/i0.wp.com\/wp.ufpel.edu.br\/prectaolongetaoperto\/files\/2020\/03\/a42de7ed-319f-4fb3-a042-ba27c5f6ac2c.png?zoom=2&amp;resize=200%2C200&amp;ssl=1 400w, https:\/\/i0.wp.com\/wp.ufpel.edu.br\/prectaolongetaoperto\/files\/2020\/03\/a42de7ed-319f-4fb3-a042-ba27c5f6ac2c.png?zoom=3&amp;resize=200%2C200&amp;ssl=1 600w\" sizes=\"auto, (max-width: 200px) 100vw, 200px\" data-attachment-id=\"204\" data-permalink=\"https:\/\/wp.ufpel.edu.br\/prectaolongetaoperto\/minha-mascara\/a42de7ed-319f-4fb3-a042-ba27c5f6ac2c\/\" data-orig-file=\"https:\/\/i0.wp.com\/wp.ufpel.edu.br\/prectaolongetaoperto\/files\/2020\/03\/a42de7ed-319f-4fb3-a042-ba27c5f6ac2c.png?fit=720%2C1280&amp;ssl=1\" data-orig-size=\"720,1280\" data-comments-opened=\"0\" data-image-meta=\"{&quot;aperture&quot;:&quot;0&quot;,&quot;credit&quot;:&quot;&quot;,&quot;camera&quot;:&quot;&quot;,&quot;caption&quot;:&quot;&quot;,&quot;created_timestamp&quot;:&quot;0&quot;,&quot;copyright&quot;:&quot;&quot;,&quot;focal_length&quot;:&quot;0&quot;,&quot;iso&quot;:&quot;0&quot;,&quot;shutter_speed&quot;:&quot;0&quot;,&quot;title&quot;:&quot;&quot;,&quot;orientation&quot;:&quot;0&quot;}\" data-image-title=\"a42de7ed-319f-4fb3-a042-ba27c5f6ac2c\" data-image-description=\"\" data-image-caption=\"\" data-medium-file=\"https:\/\/i0.wp.com\/wp.ufpel.edu.br\/prectaolongetaoperto\/files\/2020\/03\/a42de7ed-319f-4fb3-a042-ba27c5f6ac2c.png?fit=225%2C400&amp;ssl=1\" data-large-file=\"https:\/\/i0.wp.com\/wp.ufpel.edu.br\/prectaolongetaoperto\/files\/2020\/03\/a42de7ed-319f-4fb3-a042-ba27c5f6ac2c.png?fit=576%2C1024&amp;ssl=1\" \/><\/a>\n\t\t\t<\/dt><\/dl><dl class='gallery-item'>\n\t\t\t<dt class='gallery-icon landscape'>\n\t\t\t\t<a href=\"https:\/\/i0.wp.com\/wp.ufpel.edu.br\/prectaolongetaoperto\/files\/2020\/03\/10c33c33-620d-4399-9c31-a0078769c396-e1585677382656.jpg?ssl=1\"><img loading=\"lazy\" decoding=\"async\" width=\"200\" height=\"200\" src=\"https:\/\/i0.wp.com\/wp.ufpel.edu.br\/prectaolongetaoperto\/files\/2020\/03\/10c33c33-620d-4399-9c31-a0078769c396-e1585677382656.jpg?resize=200%2C200&amp;ssl=1\" class=\"attachment-thumbnail size-thumbnail\" alt=\"\" srcset=\"https:\/\/i0.wp.com\/wp.ufpel.edu.br\/prectaolongetaoperto\/files\/2020\/03\/10c33c33-620d-4399-9c31-a0078769c396-e1585677382656.jpg?resize=200%2C200&amp;ssl=1 200w, https:\/\/i0.wp.com\/wp.ufpel.edu.br\/prectaolongetaoperto\/files\/2020\/03\/10c33c33-620d-4399-9c31-a0078769c396-e1585677382656.jpg?zoom=2&amp;resize=200%2C200&amp;ssl=1 400w\" sizes=\"auto, (max-width: 200px) 100vw, 200px\" data-attachment-id=\"216\" data-permalink=\"https:\/\/wp.ufpel.edu.br\/prectaolongetaoperto\/minha-mascara\/10c33c33-620d-4399-9c31-a0078769c396\/\" data-orig-file=\"https:\/\/i0.wp.com\/wp.ufpel.edu.br\/prectaolongetaoperto\/files\/2020\/03\/10c33c33-620d-4399-9c31-a0078769c396-e1585677382656.jpg?fit=435%2C371&amp;ssl=1\" data-orig-size=\"435,371\" data-comments-opened=\"0\" data-image-meta=\"{&quot;aperture&quot;:&quot;0&quot;,&quot;credit&quot;:&quot;&quot;,&quot;camera&quot;:&quot;&quot;,&quot;caption&quot;:&quot;&quot;,&quot;created_timestamp&quot;:&quot;0&quot;,&quot;copyright&quot;:&quot;&quot;,&quot;focal_length&quot;:&quot;0&quot;,&quot;iso&quot;:&quot;0&quot;,&quot;shutter_speed&quot;:&quot;0&quot;,&quot;title&quot;:&quot;&quot;,&quot;orientation&quot;:&quot;1&quot;}\" data-image-title=\"10c33c33-620d-4399-9c31-a0078769c396\" data-image-description=\"\" data-image-caption=\"\" data-medium-file=\"https:\/\/i0.wp.com\/wp.ufpel.edu.br\/prectaolongetaoperto\/files\/2020\/03\/10c33c33-620d-4399-9c31-a0078769c396-e1585677382656.jpg?fit=400%2C341&amp;ssl=1\" data-large-file=\"https:\/\/i0.wp.com\/wp.ufpel.edu.br\/prectaolongetaoperto\/files\/2020\/03\/10c33c33-620d-4399-9c31-a0078769c396-e1585677382656.jpg?fit=435%2C371&amp;ssl=1\" \/><\/a>\n\t\t\t<\/dt><\/dl><br style=\"clear: both\" \/><dl class='gallery-item'>\n\t\t\t<dt class='gallery-icon portrait'>\n\t\t\t\t<a href=\"https:\/\/i0.wp.com\/wp.ufpel.edu.br\/prectaolongetaoperto\/files\/2020\/03\/1a2599cf-e756-465f-a419-09702f7ce23d-e1585677356455.png?ssl=1\"><img loading=\"lazy\" decoding=\"async\" width=\"200\" height=\"200\" src=\"https:\/\/i0.wp.com\/wp.ufpel.edu.br\/prectaolongetaoperto\/files\/2020\/03\/1a2599cf-e756-465f-a419-09702f7ce23d-e1585677356455.png?resize=200%2C200&amp;ssl=1\" class=\"attachment-thumbnail size-thumbnail\" alt=\"\" data-attachment-id=\"217\" data-permalink=\"https:\/\/wp.ufpel.edu.br\/prectaolongetaoperto\/minha-mascara\/1a2599cf-e756-465f-a419-09702f7ce23d\/\" data-orig-file=\"https:\/\/i0.wp.com\/wp.ufpel.edu.br\/prectaolongetaoperto\/files\/2020\/03\/1a2599cf-e756-465f-a419-09702f7ce23d-e1585677356455.png?fit=289%2C458&amp;ssl=1\" data-orig-size=\"289,458\" data-comments-opened=\"0\" data-image-meta=\"{&quot;aperture&quot;:&quot;0&quot;,&quot;credit&quot;:&quot;&quot;,&quot;camera&quot;:&quot;&quot;,&quot;caption&quot;:&quot;&quot;,&quot;created_timestamp&quot;:&quot;0&quot;,&quot;copyright&quot;:&quot;&quot;,&quot;focal_length&quot;:&quot;0&quot;,&quot;iso&quot;:&quot;0&quot;,&quot;shutter_speed&quot;:&quot;0&quot;,&quot;title&quot;:&quot;&quot;,&quot;orientation&quot;:&quot;0&quot;}\" data-image-title=\"1a2599cf-e756-465f-a419-09702f7ce23d\" data-image-description=\"\" data-image-caption=\"\" data-medium-file=\"https:\/\/i0.wp.com\/wp.ufpel.edu.br\/prectaolongetaoperto\/files\/2020\/03\/1a2599cf-e756-465f-a419-09702f7ce23d-e1585677356455.png?fit=252%2C400&amp;ssl=1\" data-large-file=\"https:\/\/i0.wp.com\/wp.ufpel.edu.br\/prectaolongetaoperto\/files\/2020\/03\/1a2599cf-e756-465f-a419-09702f7ce23d-e1585677356455.png?fit=289%2C458&amp;ssl=1\" \/><\/a>\n\t\t\t<\/dt><\/dl><dl class='gallery-item'>\n\t\t\t<dt class='gallery-icon portrait'>\n\t\t\t\t<a href=\"https:\/\/i0.wp.com\/wp.ufpel.edu.br\/prectaolongetaoperto\/files\/2020\/03\/1646b1b2-b26a-41cd-a8a1-b6b793c043c0.png?ssl=1\"><img loading=\"lazy\" decoding=\"async\" width=\"200\" height=\"200\" src=\"https:\/\/i0.wp.com\/wp.ufpel.edu.br\/prectaolongetaoperto\/files\/2020\/03\/1646b1b2-b26a-41cd-a8a1-b6b793c043c0.png?resize=200%2C200&amp;ssl=1\" class=\"attachment-thumbnail size-thumbnail\" alt=\"\" srcset=\"https:\/\/i0.wp.com\/wp.ufpel.edu.br\/prectaolongetaoperto\/files\/2020\/03\/1646b1b2-b26a-41cd-a8a1-b6b793c043c0.png?resize=200%2C200&amp;ssl=1 200w, https:\/\/i0.wp.com\/wp.ufpel.edu.br\/prectaolongetaoperto\/files\/2020\/03\/1646b1b2-b26a-41cd-a8a1-b6b793c043c0.png?zoom=2&amp;resize=200%2C200&amp;ssl=1 400w, https:\/\/i0.wp.com\/wp.ufpel.edu.br\/prectaolongetaoperto\/files\/2020\/03\/1646b1b2-b26a-41cd-a8a1-b6b793c043c0.png?zoom=3&amp;resize=200%2C200&amp;ssl=1 600w\" sizes=\"auto, (max-width: 200px) 100vw, 200px\" data-attachment-id=\"206\" data-permalink=\"https:\/\/wp.ufpel.edu.br\/prectaolongetaoperto\/minha-mascara\/1646b1b2-b26a-41cd-a8a1-b6b793c043c0\/\" data-orig-file=\"https:\/\/i0.wp.com\/wp.ufpel.edu.br\/prectaolongetaoperto\/files\/2020\/03\/1646b1b2-b26a-41cd-a8a1-b6b793c043c0.png?fit=720%2C1280&amp;ssl=1\" data-orig-size=\"720,1280\" data-comments-opened=\"0\" data-image-meta=\"{&quot;aperture&quot;:&quot;0&quot;,&quot;credit&quot;:&quot;&quot;,&quot;camera&quot;:&quot;&quot;,&quot;caption&quot;:&quot;&quot;,&quot;created_timestamp&quot;:&quot;0&quot;,&quot;copyright&quot;:&quot;&quot;,&quot;focal_length&quot;:&quot;0&quot;,&quot;iso&quot;:&quot;0&quot;,&quot;shutter_speed&quot;:&quot;0&quot;,&quot;title&quot;:&quot;&quot;,&quot;orientation&quot;:&quot;0&quot;}\" data-image-title=\"1646b1b2-b26a-41cd-a8a1-b6b793c043c0\" data-image-description=\"\" data-image-caption=\"\" data-medium-file=\"https:\/\/i0.wp.com\/wp.ufpel.edu.br\/prectaolongetaoperto\/files\/2020\/03\/1646b1b2-b26a-41cd-a8a1-b6b793c043c0.png?fit=225%2C400&amp;ssl=1\" data-large-file=\"https:\/\/i0.wp.com\/wp.ufpel.edu.br\/prectaolongetaoperto\/files\/2020\/03\/1646b1b2-b26a-41cd-a8a1-b6b793c043c0.png?fit=576%2C1024&amp;ssl=1\" \/><\/a>\n\t\t\t<\/dt><\/dl><dl class='gallery-item'>\n\t\t\t<dt class='gallery-icon portrait'>\n\t\t\t\t<a href=\"https:\/\/i0.wp.com\/wp.ufpel.edu.br\/prectaolongetaoperto\/files\/2020\/04\/Marina-com-a-m%C3%A1scara-F%C3%A1bio-Oliv%C3%A9.jpg?ssl=1\"><img loading=\"lazy\" decoding=\"async\" width=\"200\" height=\"200\" src=\"https:\/\/i0.wp.com\/wp.ufpel.edu.br\/prectaolongetaoperto\/files\/2020\/04\/Marina-com-a-m%C3%A1scara-F%C3%A1bio-Oliv%C3%A9.jpg?resize=200%2C200&amp;ssl=1\" class=\"attachment-thumbnail size-thumbnail\" alt=\"\" data-attachment-id=\"589\" data-permalink=\"https:\/\/wp.ufpel.edu.br\/prectaolongetaoperto\/marina-com-a-mascara-fabio-olive\/\" data-orig-file=\"https:\/\/i0.wp.com\/wp.ufpel.edu.br\/prectaolongetaoperto\/files\/2020\/04\/Marina-com-a-m%C3%A1scara-F%C3%A1bio-Oliv%C3%A9.jpg?fit=1044%2C1574&amp;ssl=1\" data-orig-size=\"1044,1574\" data-comments-opened=\"0\" data-image-meta=\"{&quot;aperture&quot;:&quot;0&quot;,&quot;credit&quot;:&quot;&quot;,&quot;camera&quot;:&quot;&quot;,&quot;caption&quot;:&quot;&quot;,&quot;created_timestamp&quot;:&quot;0&quot;,&quot;copyright&quot;:&quot;&quot;,&quot;focal_length&quot;:&quot;0&quot;,&quot;iso&quot;:&quot;0&quot;,&quot;shutter_speed&quot;:&quot;0&quot;,&quot;title&quot;:&quot;&quot;,&quot;orientation&quot;:&quot;0&quot;}\" data-image-title=\"Marina Sbardelotto Oliv\u00e9 Leite &amp;#8211; 10 anos &amp;#8211; Chapec\u00f3 &amp;#8211; Brasil\" data-image-description=\"&lt;p&gt;Eu acho que o momento que estamos vivendo \u00e9 muito complicado, porque n\u00f3s nunca passamos por isso, e o uso de m\u00e1scaras \u00e9 muito importante para nossa prote\u00e7\u00e3o.&lt;\/p&gt;\n\" data-image-caption=\"\" data-medium-file=\"https:\/\/i0.wp.com\/wp.ufpel.edu.br\/prectaolongetaoperto\/files\/2020\/04\/Marina-com-a-m%C3%A1scara-F%C3%A1bio-Oliv%C3%A9.jpg?fit=265%2C400&amp;ssl=1\" data-large-file=\"https:\/\/i0.wp.com\/wp.ufpel.edu.br\/prectaolongetaoperto\/files\/2020\/04\/Marina-com-a-m%C3%A1scara-F%C3%A1bio-Oliv%C3%A9.jpg?fit=679%2C1024&amp;ssl=1\" \/><\/a>\n\t\t\t<\/dt><\/dl>\n\t\t\t<br style='clear: both' \/>\n\t\t<\/div>\n","protected":false},"excerpt":{"rendered":"<p>Use m\u00e1scara durante a pandemia da COVID-19! Uma das formas de prote\u00e7\u00e3o do cont\u00e1gio \u00e9 o uso de m\u00e1scara de prote\u00e7\u00e3o durante a pandemia da COVID-19, as recomenda\u00e7\u00f5es sobre uso da m\u00e1scara foram sendo alteradas. O uso de m\u00e1scaras caseiras tornou-se uma medida essencial para a prote\u00e7\u00e3o do sistema respirat\u00f3rio e uma forma de evitar &hellip; <\/p>\n<p><a class=\"more-link btn\" href=\"https:\/\/wp.ufpel.edu.br\/prectaolongetaoperto\/minha-mascara\/\">Continue lendo<\/a><\/p>\n","protected":false},"author":990,"featured_media":1286,"parent":0,"menu_order":0,"comment_status":"closed","ping_status":"closed","template":"","meta":{"footnotes":""},"class_list":["post-167","page","type-page","status-publish","has-post-thumbnail","hentry","nodate","item-wrap"],"jetpack_sharing_enabled":true,"jetpack-related-posts":[],"_links":{"self":[{"href":"https:\/\/wp.ufpel.edu.br\/prectaolongetaoperto\/wp-json\/wp\/v2\/pages\/167","targetHints":{"allow":["GET"]}}],"collection":[{"href":"https:\/\/wp.ufpel.edu.br\/prectaolongetaoperto\/wp-json\/wp\/v2\/pages"}],"about":[{"href":"https:\/\/wp.ufpel.edu.br\/prectaolongetaoperto\/wp-json\/wp\/v2\/types\/page"}],"author":[{"embeddable":true,"href":"https:\/\/wp.ufpel.edu.br\/prectaolongetaoperto\/wp-json\/wp\/v2\/users\/990"}],"replies":[{"embeddable":true,"href":"https:\/\/wp.ufpel.edu.br\/prectaolongetaoperto\/wp-json\/wp\/v2\/comments?post=167"}],"version-history":[{"count":29,"href":"https:\/\/wp.ufpel.edu.br\/prectaolongetaoperto\/wp-json\/wp\/v2\/pages\/167\/revisions"}],"predecessor-version":[{"id":1733,"href":"https:\/\/wp.ufpel.edu.br\/prectaolongetaoperto\/wp-json\/wp\/v2\/pages\/167\/revisions\/1733"}],"wp:featuredmedia":[{"embeddable":true,"href":"https:\/\/wp.ufpel.edu.br\/prectaolongetaoperto\/wp-json\/wp\/v2\/media\/1286"}],"wp:attachment":[{"href":"https:\/\/wp.ufpel.edu.br\/prectaolongetaoperto\/wp-json\/wp\/v2\/media?parent=167"}],"curies":[{"name":"wp","href":"https:\/\/api.w.org\/{rel}","templated":true}]}}