{"id":13622,"date":"2020-07-09T10:39:07","date_gmt":"2020-07-09T13:39:07","guid":{"rendered":"https:\/\/wp.ufpel.edu.br\/prec\/?page_id=13622"},"modified":"2020-07-09T17:31:03","modified_gmt":"2020-07-09T20:31:03","slug":"siac","status":"publish","type":"page","link":"https:\/\/wp.ufpel.edu.br\/prec\/siac\/","title":{"rendered":"Semin\u00e1rio Internacional de Acessibilidade Cultural"},"content":{"rendered":"<p><img class=\"size-full wp-image-13625 aligncenter\" src=\"https:\/\/wp.ufpel.edu.br\/prec\/files\/2020\/07\/cabe\u00e7alho.png\" alt=\"\" width=\"1000\" height=\"317\" srcset=\"https:\/\/wp.ufpel.edu.br\/prec\/files\/2020\/07\/cabe\u00e7alho.png 1000w, https:\/\/wp.ufpel.edu.br\/prec\/files\/2020\/07\/cabe\u00e7alho-400x127.png 400w, https:\/\/wp.ufpel.edu.br\/prec\/files\/2020\/07\/cabe\u00e7alho-768x243.png 768w, https:\/\/wp.ufpel.edu.br\/prec\/files\/2020\/07\/cabe\u00e7alho-101x32.png 101w\" sizes=\"(max-width: 1000px) 100vw, 1000px\" \/><\/p>\n<p style=\"text-align: justify\">\u00a0\u00a0\u00a0\u00a0\u00a0\u00a0\u00a0\u00a0\u00a0 Entre os dias 25 e 29 de maio de 2020, a Rede de Museus da Universidade Federal de Pelotas (UFPel) promoveu o Semin\u00e1rio Internacional de Acessibilidade Cultural. O evento, realizado online, contou com a participa\u00e7\u00e3o de ouvintes e palestrantes de todo o Brasil e de Portugal. No total, foram realizadas 18 palestras, que debateram e refletiram sobre a inclus\u00e3o da pessoa com defici\u00eancia em diferentes espa\u00e7os e pr\u00e1ticas culturais.<\/p>\n<p style=\"text-align: justify\">\u00a0\u00a0\u00a0\u00a0\u00a0\u00a0\u00a0\u00a0\u00a0 O Semin\u00e1rio \u00e9 uma das a\u00e7\u00f5es do Plano de Acessibilidade da Pr\u00f3-Reitoria de Extens\u00e3o e Cultural da UFPel e buscou ampliar a discuss\u00e3o sobre o tema. O evento contou com o apoio da Universidade Federal do Rio de Janeiro (UFRJ), da Universidade Federal do Rio Grande do Norte (UFRN) e da Universidade Federal do Rio Grande do Sul (UFRGS), que com a UFPel, comp\u00f5em a Rede Interinstitucional de Acessibilidade Cultural.<\/p>\n<h3 style=\"text-align: center\"><strong>Confira na \u00edntegra as palestras realizadas no evento:<\/strong><\/h3>\n<p style=\"text-align: left\"><span class=\"collapseomatic \" id=\"id69ef63ef22372\"  tabindex=\"0\" title=\"&lt;strong&gt;Palestra de abertura: &lt;\/strong&gt;Comunicamos para quem?, com Maria Vlachou - Acesso Cultura (Portugal)\"    ><strong>Palestra de abertura: <\/strong>Comunicamos para quem?, com Maria Vlachou - Acesso Cultura (Portugal)<\/span><div id=\"target-id69ef63ef22372\" class=\"collapseomatic_content \">\n<p><iframe title=\"Palestra de abertura: &quot;Comunicamos para quem?&quot;, com Maria Vlachou - Acesso Cultura (Portugal)\" width=\"500\" height=\"281\" src=\"https:\/\/www.youtube.com\/embed\/LQDzsdJHsFg?feature=oembed\" frameborder=\"0\" allow=\"accelerometer; autoplay; clipboard-write; encrypted-media; gyroscope; picture-in-picture; web-share\" referrerpolicy=\"strict-origin-when-cross-origin\" allowfullscreen><\/iframe><\/p>\n<p style=\"text-align: left\"><\/div>\n<p>&nbsp;<\/p>\n<span class=\"collapseomatic \" id=\"id69ef63ef2248d\"  tabindex=\"0\" title=\"&lt;strong&gt;Palestra: &lt;\/strong&gt;Audiovisual com acessibilidade: a import\u00e2ncia de incluir e ampliar p\u00fablico, com Marilaine Costa - Accorde Filmes (POA).\"    ><strong>Palestra: <\/strong>Audiovisual com acessibilidade: a import\u00e2ncia de incluir e ampliar p\u00fablico, com Marilaine Costa - Accorde Filmes (POA).<\/span><div id=\"target-id69ef63ef2248d\" class=\"collapseomatic_content \">\n<p><iframe title=\"Palestra &quot;Audiovisual com acessibilidade&quot;, com Marilaine Costa - Accorde Filmes (POA).\" width=\"500\" height=\"281\" src=\"https:\/\/www.youtube.com\/embed\/Hp_rv9RYDsw?feature=oembed\" frameborder=\"0\" allow=\"accelerometer; autoplay; clipboard-write; encrypted-media; gyroscope; picture-in-picture; web-share\" referrerpolicy=\"strict-origin-when-cross-origin\" allowfullscreen><\/iframe><\/p>\n<\/div>\n<p>&nbsp;<\/p>\n<span class=\"collapseomatic \" id=\"id69ef63ef224f1\"  tabindex=\"0\" title=\"&lt;strong&gt;Palestra: &lt;\/strong&gt;Acessibilidade Cultural no ensino superior: notas sobre as iniciativas no contexto da UFRN, com Jefferson Fernandes - Universidade Federal do Rio Grande do Norte (UFRN).\"    ><strong>Palestra: <\/strong>Acessibilidade Cultural no ensino superior: notas sobre as iniciativas no contexto da UFRN, com Jefferson Fernandes - Universidade Federal do Rio Grande do Norte (UFRN).<\/span><div id=\"target-id69ef63ef224f1\" class=\"collapseomatic_content \">\n<p><iframe title=\"Palestra: Acessibilidade Cultural no ensino superior: notas sobre as iniciativas no contexto da UFRN\" width=\"500\" height=\"281\" src=\"https:\/\/www.youtube.com\/embed\/H-FpqTkeBwY?feature=oembed\" frameborder=\"0\" allow=\"accelerometer; autoplay; clipboard-write; encrypted-media; gyroscope; picture-in-picture; web-share\" referrerpolicy=\"strict-origin-when-cross-origin\" allowfullscreen><\/iframe><\/p>\n<\/div>\n<p>&nbsp;<\/p>\n<span class=\"collapseomatic \" id=\"id69ef63ef22549\"  tabindex=\"0\" title=\"&lt;strong&gt;Palestra: &lt;\/strong&gt;O curso de especializa\u00e7\u00e3o em Acessibilidade Cultural, com Patr\u00edcia Dorneles - Universidade Federal do Rio de Janeiro (UFRJ).\"    ><strong>Palestra: <\/strong>O curso de especializa\u00e7\u00e3o em Acessibilidade Cultural, com Patr\u00edcia Dorneles - Universidade Federal do Rio de Janeiro (UFRJ).<\/span><div id=\"target-id69ef63ef22549\" class=\"collapseomatic_content \">\n<p><iframe title=\"Palestra &quot;O curso de especializa\u00e7\u00e3o em Acessibilidade Cultural&quot;, com Patr\u00edcia Dorneles - UFRJ\" width=\"500\" height=\"281\" src=\"https:\/\/www.youtube.com\/embed\/DC3VEI4M5bQ?feature=oembed\" frameborder=\"0\" allow=\"accelerometer; autoplay; clipboard-write; encrypted-media; gyroscope; picture-in-picture; web-share\" referrerpolicy=\"strict-origin-when-cross-origin\" allowfullscreen><\/iframe><\/p>\n<\/div>\n<p>&nbsp;<\/p>\n<span class=\"collapseomatic \" id=\"id69ef63ef2259b\"  tabindex=\"0\" title=\"&lt;strong&gt;Mesa redonda: &lt;\/strong&gt;Acessibilidade Cultural na UFPel, com Francisca Michelon (ICH\/UFPel), Julio Costa (FAMED\/UFPel) e Desir\u00e9e Nobre (FAMED\/UFPel).\"    ><strong>Mesa redonda: <\/strong>Acessibilidade Cultural na UFPel, com Francisca Michelon (ICH\/UFPel), Julio Costa (FAMED\/UFPel) e Desir\u00e9e Nobre (FAMED\/UFPel).<\/span><div id=\"target-id69ef63ef2259b\" class=\"collapseomatic_content \">\n<p><iframe title=\"Mesa redonda &quot;Acessibilidade Cultural na UFPel&quot;, com Francisca Michelon, Julio Costa e Desir\u00e9e Nobre\" width=\"500\" height=\"281\" src=\"https:\/\/www.youtube.com\/embed\/2VJnFrIvtYU?feature=oembed\" frameborder=\"0\" allow=\"accelerometer; autoplay; clipboard-write; encrypted-media; gyroscope; picture-in-picture; web-share\" referrerpolicy=\"strict-origin-when-cross-origin\" allowfullscreen><\/iframe><\/p>\n<\/div>\n<p>&nbsp;<\/p>\n<span class=\"collapseomatic \" id=\"id69ef63ef225eb\"  tabindex=\"0\" title=\"&lt;strong&gt;Palestra: &lt;\/strong&gt;Audiodescri\u00e7\u00e3o no teatro, com Mimi Arag\u00f3n e Rafael Braz\"    ><strong>Palestra: <\/strong>Audiodescri\u00e7\u00e3o no teatro, com Mimi Arag\u00f3n e Rafael Braz<\/span><div id=\"target-id69ef63ef225eb\" class=\"collapseomatic_content \">\n<p><iframe title=\"Palestra &quot;Audiodescri\u00e7\u00e3o no teatro&quot;, com Mimi Arag\u00f3n e Rafael Braz\" width=\"500\" height=\"281\" src=\"https:\/\/www.youtube.com\/embed\/fLU9JYbTnuA?feature=oembed\" frameborder=\"0\" allow=\"accelerometer; autoplay; clipboard-write; encrypted-media; gyroscope; picture-in-picture; web-share\" referrerpolicy=\"strict-origin-when-cross-origin\" allowfullscreen><\/iframe><\/p>\n<\/div>\n<p>&nbsp;<\/p>\n<span class=\"collapseomatic \" id=\"id69ef63ef22636\"  tabindex=\"0\" title=\"&lt;strong&gt;Palestra: &lt;\/strong&gt;Caminhos da Acessibilidade no Museu Hist\u00f3rico Nacional, com Val\u00e9ria Abdalla.\"    ><strong>Palestra: <\/strong>Caminhos da Acessibilidade no Museu Hist\u00f3rico Nacional, com Val\u00e9ria Abdalla.<\/span><div id=\"target-id69ef63ef22636\" class=\"collapseomatic_content \">\n<p><iframe title=\"Palestra &quot;Caminhos da Acessibilidade no Museu Hist\u00f3rico Nacional&quot;, com Val\u00e9ria Abdalla.\" width=\"500\" height=\"281\" src=\"https:\/\/www.youtube.com\/embed\/_NYm8Q5w2hQ?feature=oembed\" frameborder=\"0\" allow=\"accelerometer; autoplay; clipboard-write; encrypted-media; gyroscope; picture-in-picture; web-share\" referrerpolicy=\"strict-origin-when-cross-origin\" allowfullscreen><\/iframe><\/p>\n<\/div>\n<p>&nbsp;<\/p>\n<span class=\"collapseomatic \" id=\"id69ef63ef22681\"  tabindex=\"0\" title=\"&lt;strong&gt;Palestra: &lt;\/strong&gt;Direitos Humanos e Patrim\u00f4nio Cultural: por uma pol\u00edtica das diferen\u00e7as, com Jeniffer Cuty - UFRGS.\"    ><strong>Palestra: <\/strong>Direitos Humanos e Patrim\u00f4nio Cultural: por uma pol\u00edtica das diferen\u00e7as, com Jeniffer Cuty - UFRGS.<\/span><div id=\"target-id69ef63ef22681\" class=\"collapseomatic_content \">\n<p><iframe title=\"Palestra &quot;Direitos Humanos e Patrim\u00f4nio Cultural: por uma pol\u00edtica das diferen\u00e7as&quot; com Jeniffer Cuty\" width=\"500\" height=\"281\" src=\"https:\/\/www.youtube.com\/embed\/2VUKyLZR818?feature=oembed\" frameborder=\"0\" allow=\"accelerometer; autoplay; clipboard-write; encrypted-media; gyroscope; picture-in-picture; web-share\" referrerpolicy=\"strict-origin-when-cross-origin\" allowfullscreen><\/iframe><\/p>\n<\/div>\n<p>&nbsp;<\/p>\n<span class=\"collapseomatic \" id=\"id69ef63ef226ca\"  tabindex=\"0\" title=\"&lt;strong&gt;Palestra: &lt;\/strong&gt;A experi\u00eancia do Sistema de Museus, Acervos e Patrim\u00f4nio da UFRJ e do Museu da Geodiversidade, com Aline Rocha - IGEO\/UFRJ.\"    ><strong>Palestra: <\/strong>A experi\u00eancia do Sistema de Museus, Acervos e Patrim\u00f4nio da UFRJ e do Museu da Geodiversidade, com Aline Rocha - IGEO\/UFRJ.<\/span><div id=\"target-id69ef63ef226ca\" class=\"collapseomatic_content \">\n<p><iframe title=\"Palestra &quot;A experi\u00eancia do Sistema de Museus, Acervos e Patrim\u00f4nio da UFRJ&quot;, com Aline Rocha - UFRJ.\" width=\"500\" height=\"281\" src=\"https:\/\/www.youtube.com\/embed\/7zBcuFG_6Gw?feature=oembed\" frameborder=\"0\" allow=\"accelerometer; autoplay; clipboard-write; encrypted-media; gyroscope; picture-in-picture; web-share\" referrerpolicy=\"strict-origin-when-cross-origin\" allowfullscreen><\/iframe><\/p>\n<\/div>\n<p>&nbsp;<\/p>\n<span class=\"collapseomatic \" id=\"id69ef63ef22713\"  tabindex=\"0\" title=\"&lt;strong&gt;Palestra: &lt;\/strong&gt;Tradu\u00e7\u00e3o Audiovisual Acess\u00edvel: Legendagem para surdos e ensurdecidos, com Patr\u00edcia Vieira - UFC.\"    ><strong>Palestra: <\/strong>Tradu\u00e7\u00e3o Audiovisual Acess\u00edvel: Legendagem para surdos e ensurdecidos, com Patr\u00edcia Vieira - UFC.<\/span><div id=\"target-id69ef63ef22713\" class=\"collapseomatic_content \">\n<p><iframe title=\"Palestra &quot;Tradu\u00e7\u00e3o Audiovisual Acess\u00edvel: Legendagem para surdos&quot;, com Patr\u00edcia Vieira - UFC.\" width=\"500\" height=\"281\" src=\"https:\/\/www.youtube.com\/embed\/Ma0fL-piGNU?feature=oembed\" frameborder=\"0\" allow=\"accelerometer; autoplay; clipboard-write; encrypted-media; gyroscope; picture-in-picture; web-share\" referrerpolicy=\"strict-origin-when-cross-origin\" allowfullscreen><\/iframe><\/p>\n<\/div>\n<p>&nbsp;<\/p>\n<span class=\"collapseomatic \" id=\"id69ef63ef2275d\"  tabindex=\"0\" title=\"&lt;strong&gt;Palestra: &lt;\/strong&gt;Acessibilidade web: por que devo me preocupar com isso?, com Suzeli Damaceno - Movimento Web para Todos.\"    ><strong>Palestra: <\/strong>Acessibilidade web: por que devo me preocupar com isso?, com Suzeli Damaceno - Movimento Web para Todos.<\/span><div id=\"target-id69ef63ef2275d\" class=\"collapseomatic_content \">\n<p><iframe title=\"Palestra &quot;Acessibilidade web: por que devo me preocupar com isso?&quot;, com Suzeli Damaceno\" width=\"500\" height=\"281\" src=\"https:\/\/www.youtube.com\/embed\/M3g7bX8BQc4?feature=oembed\" frameborder=\"0\" allow=\"accelerometer; autoplay; clipboard-write; encrypted-media; gyroscope; picture-in-picture; web-share\" referrerpolicy=\"strict-origin-when-cross-origin\" allowfullscreen><\/iframe><\/p>\n<\/div>\n<p>&nbsp;<\/p>\n<span class=\"collapseomatic \" id=\"id69ef63ef227a6\"  tabindex=\"0\" title=\"&lt;strong&gt;Palestra: &lt;\/strong&gt;Audiodescri\u00e7\u00e3o: contando o que os olhos n\u00e3o podem ver, com Felipe Mianes - POA.\"    ><strong>Palestra: <\/strong>Audiodescri\u00e7\u00e3o: contando o que os olhos n\u00e3o podem ver, com Felipe Mianes - POA.<\/span><div id=\"target-id69ef63ef227a6\" class=\"collapseomatic_content \">\n<p><iframe title=\"Palestra &quot;Audiodescri\u00e7\u00e3o: contando o que os olhos n\u00e3o podem ver&quot;, com Felipe Mianes - POA.\" width=\"500\" height=\"281\" src=\"https:\/\/www.youtube.com\/embed\/53qTgWJPt-A?feature=oembed\" frameborder=\"0\" allow=\"accelerometer; autoplay; clipboard-write; encrypted-media; gyroscope; picture-in-picture; web-share\" referrerpolicy=\"strict-origin-when-cross-origin\" allowfullscreen><\/iframe><\/p>\n<\/div>\n<p>&nbsp;<\/p>\n<span class=\"collapseomatic \" id=\"id69ef63ef227ef\"  tabindex=\"0\" title=\"&lt;strong&gt;Palestra: &lt;\/strong&gt;S\u00f3 \u00e9 acess\u00edvel se der para entender: Compreensibilidade textual, Linguagem Simples e Acessibilidade, com Helo\u00edsa Fischer - Comunica Simples (RJ).\"    ><strong>Palestra: <\/strong>S\u00f3 \u00e9 acess\u00edvel se der para entender: Compreensibilidade textual, Linguagem Simples e Acessibilidade, com Helo\u00edsa Fischer - Comunica Simples (RJ).<\/span><div id=\"target-id69ef63ef227ef\" class=\"collapseomatic_content \">\n<p><iframe title=\"Palestra \u201cS\u00f3 \u00e9 acess\u00edvel se der para entender\u201d, com Helo\u00edsa Fischer - Comunica Simples (RJ).\" width=\"500\" height=\"281\" src=\"https:\/\/www.youtube.com\/embed\/ba2sDnkedQg?feature=oembed\" frameborder=\"0\" allow=\"accelerometer; autoplay; clipboard-write; encrypted-media; gyroscope; picture-in-picture; web-share\" referrerpolicy=\"strict-origin-when-cross-origin\" allowfullscreen><\/iframe><\/p>\n<\/div>\n<p>&nbsp;<\/p>\n<span class=\"collapseomatic \" id=\"id69ef63ef22837\"  tabindex=\"0\" title=\"&lt;strong&gt;Palestra: &lt;\/strong&gt;Tradu\u00e7\u00e3o e Interpreta\u00e7\u00e3o para Libras em ambientes culturais, com Vin\u00edcius Scheffer.\"    ><strong>Palestra: <\/strong>Tradu\u00e7\u00e3o e Interpreta\u00e7\u00e3o para Libras em ambientes culturais, com Vin\u00edcius Scheffer.<\/span><div id=\"target-id69ef63ef22837\" class=\"collapseomatic_content \">\n<p><iframe title=\"Palestra \u201cTradu\u00e7\u00e3o e Interpreta\u00e7\u00e3o para Libras em ambientes culturais\u201d, com Vin\u00edcius Scheffer\" width=\"500\" height=\"281\" src=\"https:\/\/www.youtube.com\/embed\/YY65xIpyJw8?feature=oembed\" frameborder=\"0\" allow=\"accelerometer; autoplay; clipboard-write; encrypted-media; gyroscope; picture-in-picture; web-share\" referrerpolicy=\"strict-origin-when-cross-origin\" allowfullscreen><\/iframe><\/p>\n<\/div>\n<p>&nbsp;<\/p>\n<span class=\"collapseomatic \" id=\"id69ef63ef2287f\"  tabindex=\"0\" title=\"&lt;strong&gt;Palestra: &lt;\/strong&gt;A presen\u00e7a de pessoas com defici\u00eancia como fissuras p\u00f3s-abissais em espa\u00e7os demarcados pela bipedia compuls\u00f3ria na Dan\u00e7a, com Edu O. - UFBA.\"    ><strong>Palestra: <\/strong>A presen\u00e7a de pessoas com defici\u00eancia como fissuras p\u00f3s-abissais em espa\u00e7os demarcados pela bipedia compuls\u00f3ria na Dan\u00e7a, com Edu O. - UFBA.<\/span><div id=\"target-id69ef63ef2287f\" class=\"collapseomatic_content \">\n<p><iframe title=\"Palestra \u201cA presen\u00e7a de pessoas com defici\u00eancia... na Dan\u00e7a\u201d, com Edu O. - UFBA.\" width=\"500\" height=\"281\" src=\"https:\/\/www.youtube.com\/embed\/7zMDNRSCWTk?feature=oembed\" frameborder=\"0\" allow=\"accelerometer; autoplay; clipboard-write; encrypted-media; gyroscope; picture-in-picture; web-share\" referrerpolicy=\"strict-origin-when-cross-origin\" allowfullscreen><\/iframe><\/p>\n<\/div>\n<p>&nbsp;<\/p>\n<span class=\"collapseomatic \" id=\"id69ef63ef228c8\"  tabindex=\"0\" title=\"&lt;strong&gt;Palestra: &lt;\/strong&gt;Possibilidades do ensino de bal\u00e9 para crian\u00e7as surdas, com Karina Pereira - UFPel.\"    ><strong>Palestra: <\/strong>Possibilidades do ensino de bal\u00e9 para crian\u00e7as surdas, com Karina Pereira - UFPel.<\/span><div id=\"target-id69ef63ef228c8\" class=\"collapseomatic_content \">\n<p><iframe title=\"Palestra \u201cPossibilidades do ensino de bal\u00e9 para crian\u00e7as surdas\u201d, com Karina Pereira - UFPel.\" width=\"500\" height=\"281\" src=\"https:\/\/www.youtube.com\/embed\/pTAcDhjoZDg?feature=oembed\" frameborder=\"0\" allow=\"accelerometer; autoplay; clipboard-write; encrypted-media; gyroscope; picture-in-picture; web-share\" referrerpolicy=\"strict-origin-when-cross-origin\" allowfullscreen><\/iframe><\/p>\n<\/div>\n<p>&nbsp;<\/p>\n<span class=\"collapseomatic \" id=\"id69ef63ef2290f\"  tabindex=\"0\" title=\"&lt;strong&gt;Palestra: &lt;\/strong&gt;Acessibilidade Cultural: um caminho... , com C\u00e9lia Sousa - Instituto Polit\u00e9cnico de Leiria\/Portugal.\"    ><strong>Palestra: <\/strong>Acessibilidade Cultural: um caminho... , com C\u00e9lia Sousa - Instituto Polit\u00e9cnico de Leiria\/Portugal.<\/span><div id=\"target-id69ef63ef2290f\" class=\"collapseomatic_content \">\n<p><iframe title=\"Palestra \u201cAcessibilidade Cultural: um caminho...\u201d, com C\u00e9lia Sousa - IPL - Leiria\/Portugal.\" width=\"500\" height=\"281\" src=\"https:\/\/www.youtube.com\/embed\/MjaeOWGufn0?feature=oembed\" frameborder=\"0\" allow=\"accelerometer; autoplay; clipboard-write; encrypted-media; gyroscope; picture-in-picture; web-share\" referrerpolicy=\"strict-origin-when-cross-origin\" allowfullscreen><\/iframe><\/p>\n<\/div>\n<p>&nbsp;<\/p>\n<span class=\"collapseomatic \" id=\"id69ef63ef22955\"  tabindex=\"0\" title=\"&lt;strong&gt;Palestra de encerramento:&lt;\/strong&gt; Audiodescri\u00e7\u00e3o no Carnaval de S\u00e3o Paulo, com L\u00edvia Motta - Ver com Palavras.\"    ><strong>Palestra de encerramento:<\/strong> Audiodescri\u00e7\u00e3o no Carnaval de S\u00e3o Paulo, com L\u00edvia Motta - Ver com Palavras.<\/span><div id=\"target-id69ef63ef22955\" class=\"collapseomatic_content \">\n<p><iframe title=\"Palestra encerramento \u201cAudiodescri\u00e7\u00e3o no Carnaval de S\u00e3o Paulo\u201d, com L\u00edvia Motta - Ver com Palavras.\" width=\"500\" height=\"281\" src=\"https:\/\/www.youtube.com\/embed\/5pW5YlT9QZ4?feature=oembed\" frameborder=\"0\" allow=\"accelerometer; autoplay; clipboard-write; encrypted-media; gyroscope; picture-in-picture; web-share\" referrerpolicy=\"strict-origin-when-cross-origin\" allowfullscreen><\/iframe><\/p>\n<\/div>\n<p>&nbsp;<\/p>\n<p style=\"text-align: justify\">\u00a0\u00a0\u00a0\u00a0\u00a0\u00a0\u00a0\u00a0\u00a0 No fim do Semin\u00e1rio, ap\u00f3s a \u00faltima palestra, em assembleia final, por sugest\u00e3o da professora Dra. Jeniffer Cuty, da UFRGS, foi redigida a \u201cCarta de Pelotas: Resist\u00eancia e Mobiliza\u00e7\u00e3o pelas Diferen\u00e7as\u201d, que tem como objetivo central \u201cfirmar um compromisso \u00e9tico de defesa e respeito \u00e0s diferen\u00e7as que caracterizam o ser humano em sua pluralidade\u201d. O documento est\u00e1 dispon\u00edvel para download no link abaixo:<\/p>\n<p style=\"text-align: center\"><a href=\"https:\/\/wp.ufpel.edu.br\/prec\/files\/2020\/07\/Carta-de-Pelotas_SI-AC-2020_assinada.pdf\" target=\"_blank\" rel=\"noopener noreferrer\"><span style=\"font-size: 14pt\"><b>Carta de Pelotas: Resist\u00eancia e Mobiliza\u00e7\u00e3o pelas Diferen\u00e7as<\/b><\/span><\/a><\/p>\n<p><img class=\"aligncenter size-full wp-image-13635\" src=\"https:\/\/wp.ufpel.edu.br\/prec\/files\/2020\/07\/Rodap\u00e9.png\" alt=\"\" width=\"1000\" height=\"207\" srcset=\"https:\/\/wp.ufpel.edu.br\/prec\/files\/2020\/07\/Rodap\u00e9.png 1000w, https:\/\/wp.ufpel.edu.br\/prec\/files\/2020\/07\/Rodap\u00e9-400x83.png 400w, https:\/\/wp.ufpel.edu.br\/prec\/files\/2020\/07\/Rodap\u00e9-768x159.png 768w, https:\/\/wp.ufpel.edu.br\/prec\/files\/2020\/07\/Rodap\u00e9-155x32.png 155w\" sizes=\"(max-width: 1000px) 100vw, 1000px\" \/><\/p>\n","protected":false},"excerpt":{"rendered":"<p>\u00a0\u00a0\u00a0\u00a0\u00a0\u00a0\u00a0\u00a0\u00a0 Entre os dias 25 e 29 de maio de 2020, a Rede de Museus da Universidade Federal de Pelotas (UFPel) promoveu o Semin\u00e1rio Internacional de Acessibilidade Cultural. O evento, realizado online, contou com a participa\u00e7\u00e3o de ouvintes e palestrantes de todo o Brasil e de Portugal. No total, foram realizadas 18 palestras, que debateram [&hellip;]<\/p>\n","protected":false},"author":34,"featured_media":13634,"parent":0,"menu_order":0,"comment_status":"closed","ping_status":"closed","template":"","meta":{"footnotes":""},"class_list":["post-13622","page","type-page","status-publish","has-post-thumbnail","hentry"],"jetpack_sharing_enabled":true,"jetpack_shortlink":"https:\/\/wp.me\/P70d9s-3xI","_links":{"self":[{"href":"https:\/\/wp.ufpel.edu.br\/prec\/wp-json\/wp\/v2\/pages\/13622","targetHints":{"allow":["GET"]}}],"collection":[{"href":"https:\/\/wp.ufpel.edu.br\/prec\/wp-json\/wp\/v2\/pages"}],"about":[{"href":"https:\/\/wp.ufpel.edu.br\/prec\/wp-json\/wp\/v2\/types\/page"}],"author":[{"embeddable":true,"href":"https:\/\/wp.ufpel.edu.br\/prec\/wp-json\/wp\/v2\/users\/34"}],"replies":[{"embeddable":true,"href":"https:\/\/wp.ufpel.edu.br\/prec\/wp-json\/wp\/v2\/comments?post=13622"}],"version-history":[{"count":23,"href":"https:\/\/wp.ufpel.edu.br\/prec\/wp-json\/wp\/v2\/pages\/13622\/revisions"}],"predecessor-version":[{"id":13660,"href":"https:\/\/wp.ufpel.edu.br\/prec\/wp-json\/wp\/v2\/pages\/13622\/revisions\/13660"}],"wp:featuredmedia":[{"embeddable":true,"href":"https:\/\/wp.ufpel.edu.br\/prec\/wp-json\/wp\/v2\/media\/13634"}],"wp:attachment":[{"href":"https:\/\/wp.ufpel.edu.br\/prec\/wp-json\/wp\/v2\/media?parent=13622"}],"curies":[{"name":"wp","href":"https:\/\/api.w.org\/{rel}","templated":true}]}}