{"id":60,"date":"2012-04-03T10:13:47","date_gmt":"2012-04-03T13:13:47","guid":{"rendered":"https:\/\/wp.ufpel.edu.br\/prg\/"},"modified":"2014-03-05T19:58:32","modified_gmt":"2014-03-05T22:58:32","slug":"professsor-ingressante","status":"publish","type":"page","link":"https:\/\/wp.ufpel.edu.br\/pre\/programas\/professsor-ingressante\/","title":{"rendered":"Professor Ingressante"},"content":{"rendered":"<p>A Pr\u00f3-Reitoria de Gradua\u00e7\u00e3o coordena o\u00a0<strong>Programa de Forma\u00e7\u00e3o\/Integra\u00e7\u00e3o do Professor Ingressante \u00e0 Cultura Acad\u00eamica da UFPEL<\/strong>, institu\u00eddo pela Resolu\u00e7\u00e3o COCEPE n\u00ba 16, de 22 de outubro de 2009. O Programa tem como objetivo geral &#8220;Subsidiar a avalia\u00e7\u00e3o institucional a partir da integra\u00e7\u00e3o do professor ingressante \u00e0 cultura acad\u00eamica da UFPEL&#8221;. Deste modo, todos\/as os\/as professores\/as ingressantes e em est\u00e1gio probat\u00f3rio devem participar, perfazendo um total de 40 horas de atividades, com freq\u00fc\u00eancia m\u00ednima de 70%.<br \/>\nConfira a programa\u00e7\u00e3o completa no folder anexado abaixo e acompanhe sistematicamente as orienta\u00e7\u00f5es nesta p\u00e1gina.<\/p>\n<p><strong>Documentos:<\/strong><\/p>\n<p><a href=\"http:\/\/prg.ufpel.edu.br\/documentos\/Palestra%20Lea%20Fagundes%20Programa%20Forma%C3%A7%C3%A3o%20Docente%20UFPEL%2029%2011%202011.pdf\" target=\"_blank\">Palestra Lea Fagundes Programa Forma\u00e7\u00e3o Docente UFPEL (29\/11\/2011)<\/a><br \/>\n<a href=\"http:\/\/prg.ufpel.edu.br\/documentos\/Frequencia%202011%20Final%20P%C3%A1gina%20PRG.pdf\" target=\"_blank\">Frequ\u00eancia final do Programa de Forma\u00e7\u00e3o Professor Ingressante UFPEL (2011)<\/a><br \/>\n<a href=\"http:\/\/prg.ufpel.edu.br\/documentos\/Frequ%C3%AAncia%20Parcial%20Programa%20de%20Forma%C3%A7%C3%A3o%20Professor%20Ingressante%20UFPEL%20at%C3%A9%20out11.pdf\" target=\"_blank\">Frequ\u00eancia Parcial Programa de Forma\u00e7\u00e3o Professor Ingressante UFPEL at\u00e9 Out\/2011<\/a><br \/>\n<a href=\"http:\/\/prg.ufpel.edu.br\/documentos\/Orientacoes_para_a_Oficina_Inclusao_e_Acessibilidade_no_Ensino_Superior.pdf\" target=\"_blank\">Orienta\u00e7\u00f5es para inscri\u00e7\u00e3o na Oficina &#8220;Inclus\u00e3o e Acessibilidade no Ensino Superior&#8221;<\/a><br \/>\n<a href=\"http:\/\/prg.ufpel.edu.br\/documentos\/Selecionados_Minicurso_Aula_Universitaria.pdf\" target=\"_blank\">Selecionados e suplentes Minicurso Metodologia Ensino Superior: Aula Universit\u00e1ria\/2011<\/a><br \/>\n<a href=\"http:\/\/prg.ufpel.edu.br\/documentos\/Frequencia%20%20Parcial%20Programa%20Formacao%20Integracao%20atualizada%2012%2007%2011.pdf\" target=\"_blank\">Frequ\u00eancia Parcial Programa Formacao Integracao atualizada 12\/07\/11<\/a><br \/>\n<a href=\"http:\/\/prg.ufpel.edu.br\/documentos\/Frequ%C3%AAncia%20Parcial%20Programa%20de%20Forma%C3%A7%C3%A3o%20Professor%20Ingressante%20UFPEL%20at%C3%A9%2022%20Jun%2011.pdf\" target=\"_blank\">Frequ\u00eancia Parcial Programa de Forma\u00e7\u00e3o Professor Ingressante UFPEL at\u00e9 22 Jun 11<\/a><br \/>\n<a href=\"http:\/\/prg.ufpel.edu.br\/documentos\/Resolucao_COCEPE_16_221009.pdf\" target=\"_blank\">Resolucao COCEPE 16\/09<\/a><br \/>\n<a href=\"http:\/\/prg.ufpel.edu.br\/documentos\/folder_pfd.jpg\" target=\"_blank\">Folder da edi\u00e7\u00e3o 2011 do Programa<\/a><br \/>\n<a href=\"http:\/\/www.ufpel.edu.br\/prg\/noticias\/arq\/Selecionados_e_Suplentes_Minicurso_Desafios_23_05_11_Paula_H.pdf\" target=\"_blank\">Selecionados e Suplentes &#8211; Minicurso Desafios da Profiss\u00e3o Docente na Atualidade (23\/05\/11)<\/a><br \/>\n<a href=\"http:\/\/prg.ufpel.edu.br\/documentos\/ementa_e_orientacoes_minicurso.pdf\" target=\"_blank\">Ementa e orienta\u00e7\u00f5es para o mini-curso &#8220;Potencialidades do uso das tecnologias nos processos de Ensino &#8211; M\u00f3dulo Avan\u00e7ado&#8221; &#8211; Dias 05 e 12 de abril de 2011. <\/a><br \/>\n<a href=\"http:\/\/www.ufpel.edu.br\/prg\/noticias\/arq\/Seminario_Ed_Campo_Programa_Formacao_Prof_Ingressante_UFPEL.JPG\" target=\"_blank\">Semin\u00e1rio Educa\u00e7\u00e3o do Campo &#8211; 02\/06\/2011<\/a><br \/>\n<a href=\"http:\/\/www.ufpel.edu.br\/prg\/noticias\/arq\/Orientacoes_Minicurso_Potencialidades_Modulo_Introdutorio_14_e_21_Jun_2011.pdf\" target=\"_blank\">Orienta\u00e7\u00f5es para realizar inscri\u00e7\u00e3o no Mini-Curso &#8220;Potencialidades do uso das tecnologias nos processos de Ensino \u2013 M\u00f3dulo Introdut\u00f3rio&#8221;<\/a><\/p>\n","protected":false},"excerpt":{"rendered":"<p>A Pr\u00f3-Reitoria de Gradua\u00e7\u00e3o coordena o\u00a0Programa de Forma\u00e7\u00e3o\/Integra\u00e7\u00e3o do Professor Ingressante \u00e0 Cultura Acad\u00eamica da UFPEL, institu\u00eddo pela Resolu\u00e7\u00e3o COCEPE n\u00ba 16, de 22 de outubro de 2009. O Programa tem como objetivo geral &#8220;Subsidiar a avalia\u00e7\u00e3o institucional a partir da integra\u00e7\u00e3o do professor ingressante \u00e0 cultura acad\u00eamica da UFPEL&#8221;. Deste modo, todos\/as os\/as professores\/as [&hellip;]<\/p>\n","protected":false},"author":145,"featured_media":0,"parent":51,"menu_order":0,"comment_status":"closed","ping_status":"closed","template":"","meta":{"jetpack_post_was_ever_published":false,"footnotes":"","_links_to":"","_links_to_target":""},"class_list":["post-60","page","type-page","status-publish","hentry"],"jetpack_sharing_enabled":true,"_links":{"self":[{"href":"https:\/\/wp.ufpel.edu.br\/pre\/wp-json\/wp\/v2\/pages\/60","targetHints":{"allow":["GET"]}}],"collection":[{"href":"https:\/\/wp.ufpel.edu.br\/pre\/wp-json\/wp\/v2\/pages"}],"about":[{"href":"https:\/\/wp.ufpel.edu.br\/pre\/wp-json\/wp\/v2\/types\/page"}],"author":[{"embeddable":true,"href":"https:\/\/wp.ufpel.edu.br\/pre\/wp-json\/wp\/v2\/users\/145"}],"replies":[{"embeddable":true,"href":"https:\/\/wp.ufpel.edu.br\/pre\/wp-json\/wp\/v2\/comments?post=60"}],"version-history":[{"count":5,"href":"https:\/\/wp.ufpel.edu.br\/pre\/wp-json\/wp\/v2\/pages\/60\/revisions"}],"predecessor-version":[{"id":1278,"href":"https:\/\/wp.ufpel.edu.br\/pre\/wp-json\/wp\/v2\/pages\/60\/revisions\/1278"}],"up":[{"embeddable":true,"href":"https:\/\/wp.ufpel.edu.br\/pre\/wp-json\/wp\/v2\/pages\/51"}],"wp:attachment":[{"href":"https:\/\/wp.ufpel.edu.br\/pre\/wp-json\/wp\/v2\/media?parent=60"}],"curies":[{"name":"wp","href":"https:\/\/api.w.org\/{rel}","templated":true}]}}