{"id":1690,"date":"2014-11-13T15:44:40","date_gmt":"2014-11-13T17:44:40","guid":{"rendered":"https:\/\/wp.ufpel.edu.br\/prg\/?page_id=1690"},"modified":"2014-11-25T10:35:18","modified_gmt":"2014-11-25T12:35:18","slug":"mostra_de_ensino_ufpel","status":"publish","type":"page","link":"https:\/\/wp.ufpel.edu.br\/pre\/mostra_de_ensino_ufpel\/","title":{"rendered":"Eventos"},"content":{"rendered":"<p style=\"text-align: center\"><a href=\"https:\/\/wp.ufpel.edu.br\/prg\/files\/2014\/11\/PRG_FINAL-Divulgacao.png\"><img class=\" wp-image-1725\" src=\"https:\/\/wp.ufpel.edu.br\/prg\/files\/2014\/11\/PRG_FINAL-Divulgacao-424x299.png\" alt=\"PRG_FINAL-Divulga\u00e7\u00e3o\" width=\"616\" height=\"434\" srcset=\"https:\/\/wp.ufpel.edu.br\/pre\/files\/2014\/11\/PRG_FINAL-Divulgacao-424x299.png 424w, https:\/\/wp.ufpel.edu.br\/pre\/files\/2014\/11\/PRG_FINAL-Divulgacao-212x149.png 212w\" sizes=\"(max-width: 616px) 100vw, 616px\" \/><\/a><\/p>\n<p style=\"text-align: center\"><span style=\"color: #000000\"><strong>SUBMISS\u00c3O DO RESUMO DO\u00a0P\u00d4STER<\/strong><\/span><\/p>\n<p style=\"text-align: left\"><span style=\"color: #000000\"><strong>A) OBJETIVOS<a style=\"color: #000000\" href=\"#_ftn1\" name=\"_ftnref1\">[1]<\/a><\/strong><\/span><\/p>\n<p><span style=\"color: #000000\">A chamada para submiss\u00e3o de p\u00f4steres \u00e9 direcionada exclusivamente aos Grupos PET, PIBID, LIFE, PR\u00d3-SA\u00daDE\/PET-SA\u00daDE e Projetos de Ensino aprovados no COCEPE e codificados na PRG com vig\u00eancia em algum momento do ano de 2014, objetivando:<\/span><\/p>\n<ol>\n<li><span style=\"color: #000000\">criar um espa\u00e7o para apresenta\u00e7\u00e3o de Programas e Projetos de Ensino vinculados aos ensino de gradua\u00e7\u00e3o na UFPel, durante o ano de 2014;<\/span><\/li>\n<li><span style=\"color: #000000\">fomentar a propositura de Projeto de Ensino na UFPEL com intuito de contribuir para o aprimoramento e qualifica\u00e7\u00e3o do processo de ensino-aprendizagem nos cursos de gradua\u00e7\u00e3o;<\/span><\/li>\n<li><span style=\"color: #000000\">estimular a participa\u00e7\u00e3o discente em programas e projetos vinculados ao ensino de gradua\u00e7\u00e3o;<\/span><\/li>\n<li><span style=\"color: #000000\">promover troca de experi\u00eancias e o estabelecimento de rela\u00e7\u00f5es entre programas e entre projetos de ensino, visando a qualifica\u00e7\u00e3o dos mesmos.<\/span><\/li>\n<\/ol>\n<p><span style=\"color: #000000\"><strong>B) DA SUBMISS\u00c3O DO RESUMO DO P\u00d4STER<\/strong><\/span><\/p>\n<p><span style=\"color: #000000\">Para os fins desta mostra, compreende-se P\u00f4ster como um recurso visual a partir do qual se apresenta uma s\u00edntese das informa\u00e7\u00f5es mais relevantes do programa\/projeto realizado ou em andamento.<\/span><\/p>\n<p><span style=\"color: #000000\">Para participa\u00e7\u00e3o nesse evento \u00e9 necess\u00e1rio submeter o resumo do P\u00f4ster do dia 14 ao dia 20\u00a0de novembro de 2014, somente atrav\u00e9s do endere\u00e7o eletr\u00f4nico: https:\/\/wp.ufpel.edu.br\/prg\/. N\u00e3o ser\u00e3o aceitos resumos enviados por outros meios.<\/span><\/p>\n<p><span style=\"color: #000000\">O resumo do p\u00f4ster n\u00e3o ser\u00e1 submetido \u00e0 avalia\u00e7\u00e3o de conte\u00fado, pois se trata de uma mostra por ades\u00e3o. O resumo submetido compor\u00e1 os Anais do evento.<\/span><\/p>\n<ol>\n<li><span style=\"color: #000000\">Ser\u00e1 aceito somente um p\u00f4ster por Projeto de Ensino;<\/span><\/li>\n<li><span style=\"color: #000000\">Ser\u00e1 aceito somente um p\u00f4ster por Grupo PET;<\/span><\/li>\n<li><span style=\"color: #000000\">Ser\u00e1 aceito somente um p\u00f4ster por Programa. Quando o Programa tiver subprogramas aprovados, cada um destes poder\u00e1 submeter um p\u00f4ster.<\/span><\/li>\n<\/ol>\n<p><span style=\"color: #000000\"><strong>C) DO CONTE\u00daDO E DO FORMATO<\/strong><\/span><\/p>\n<p><span style=\"color: #000000\">O resumo e o p\u00f4ster dever\u00e3o conter o seguinte conte\u00fado:<\/span><\/p>\n<p><span style=\"color: #000000\">Denomina\u00e7\u00e3o do Programa\/Subprograma\/Projeto de Ensino; nome do Tutor\/Coordenador; nome do (s) autor (es) (se for bolsista da PRG \u00e9 necess\u00e1rio indicar);<\/span><\/p>\n<p><span style=\"color: #000000\">Introdu\u00e7\u00e3o (at\u00e9 800 caracteres), objetivos (at\u00e9 400 caracteres), referenciais te\u00f3rico-metodol\u00f3gicos (at\u00e9 800 caracteres), resultados esperados\/alcan\u00e7ados (at\u00e9 1200 caracteres), conclus\u00e3o (at\u00e9 400 caracteres).<\/span><\/p>\n<p><span style=\"color: #000000\">A PRG indica que o p\u00f4ster tenha a dimens\u00e3o de 1,00m de altura por 90cm de largura; material: pode ser em papel, papel\u00e3o ou em produtos dispon\u00edveis especialmente para esse fim; forma de afixa\u00e7\u00e3o: dever\u00e1 ter um cord\u00e3o na parte superior para que possa ficar pendurado em biombos ou varais.<\/span><\/p>\n<p><span style=\"color: #000000\">A PRG indica que o p\u00f4ster contenha apresenta\u00e7\u00e3o visualmente atraente; clareza na exposi\u00e7\u00e3o das informa\u00e7\u00f5es; ordem l\u00f3gica na apresenta\u00e7\u00e3o; concis\u00e3o textual.<\/span><\/p>\n<p><span style=\"color: #000000\"><a style=\"color: #000000\" href=\"#_ftnref1\" name=\"_ftn1\">[1]<\/a> Elaborado com base em http:\/\/www.conpedi.org.br\/eventos\/?id=129&amp;idConteudo=202<\/span><\/p>\n<p>&nbsp;<\/p>\n<p><span style=\"color: #000000;font-size: 14pt\"><span style=\"color: #ff0000\"><span style=\"color: #000000\"><a style=\"color: #000000\" href=\"\/\/docs.google.com\/forms\/d\/1yob5krjJHqbT-_QNBSVQXBBbSJva22f_00bbeT_z_Tw\/viewform?embedded=true&quot; width=&quot;760&quot; height=&quot;500&quot; frameborder=&quot;0&quot; marginheight=&quot;0&quot; marginwidth=&quot;0&quot;&gt;Carregando...&lt;\/iframe&gt;\">SUBMETA O\u00a0RESUMO DO P\u00d4STER AQUI<\/a>!<\/span> \u00a0PRAZO PARA SUBMISS\u00c3O ENCERRADO \u00c0S 23:59 DO DIA 20\/11!<\/span><\/span><\/p>\n","protected":false},"excerpt":{"rendered":"<p>SUBMISS\u00c3O DO RESUMO DO\u00a0P\u00d4STER A) OBJETIVOS[1] A chamada para submiss\u00e3o de p\u00f4steres \u00e9 direcionada exclusivamente aos Grupos PET, PIBID, LIFE, PR\u00d3-SA\u00daDE\/PET-SA\u00daDE e Projetos de Ensino aprovados no COCEPE e codificados na PRG com vig\u00eancia em algum momento do ano de 2014, objetivando: criar um espa\u00e7o para apresenta\u00e7\u00e3o de Programas e Projetos de Ensino vinculados aos [&hellip;]<\/p>\n","protected":false},"author":174,"featured_media":0,"parent":0,"menu_order":0,"comment_status":"closed","ping_status":"closed","template":"","meta":{"jetpack_post_was_ever_published":false,"footnotes":"","_links_to":"","_links_to_target":""},"class_list":["post-1690","page","type-page","status-publish","hentry"],"jetpack_sharing_enabled":true,"_links":{"self":[{"href":"https:\/\/wp.ufpel.edu.br\/pre\/wp-json\/wp\/v2\/pages\/1690","targetHints":{"allow":["GET"]}}],"collection":[{"href":"https:\/\/wp.ufpel.edu.br\/pre\/wp-json\/wp\/v2\/pages"}],"about":[{"href":"https:\/\/wp.ufpel.edu.br\/pre\/wp-json\/wp\/v2\/types\/page"}],"author":[{"embeddable":true,"href":"https:\/\/wp.ufpel.edu.br\/pre\/wp-json\/wp\/v2\/users\/174"}],"replies":[{"embeddable":true,"href":"https:\/\/wp.ufpel.edu.br\/pre\/wp-json\/wp\/v2\/comments?post=1690"}],"version-history":[{"count":22,"href":"https:\/\/wp.ufpel.edu.br\/pre\/wp-json\/wp\/v2\/pages\/1690\/revisions"}],"predecessor-version":[{"id":1737,"href":"https:\/\/wp.ufpel.edu.br\/pre\/wp-json\/wp\/v2\/pages\/1690\/revisions\/1737"}],"wp:attachment":[{"href":"https:\/\/wp.ufpel.edu.br\/pre\/wp-json\/wp\/v2\/media?parent=1690"}],"curies":[{"name":"wp","href":"https:\/\/api.w.org\/{rel}","templated":true}]}}