{"id":8,"date":"2016-04-10T21:08:42","date_gmt":"2016-04-11T00:08:42","guid":{"rendered":"https:\/\/wp.ufpel.edu.br\/praxis\/?page_id=8"},"modified":"2016-08-16T11:36:05","modified_gmt":"2016-08-16T14:36:05","slug":"atividades","status":"publish","type":"page","link":"https:\/\/wp.ufpel.edu.br\/praxis\/atividades\/","title":{"rendered":"Atividades"},"content":{"rendered":"<p><a href=\"https:\/\/wp.ufpel.edu.br\/praxis\/files\/2016\/04\/Slide1.jpg\" rel=\"attachment wp-att-12\"><img loading=\"lazy\" decoding=\"async\" class=\"alignnone wp-image-12\" src=\"https:\/\/wp.ufpel.edu.br\/praxis\/files\/2016\/04\/Slide1-424x318.jpg\" alt=\"Slide1\" width=\"285\" height=\"213\" srcset=\"https:\/\/wp.ufpel.edu.br\/praxis\/files\/2016\/04\/Slide1-424x318.jpg 424w, https:\/\/wp.ufpel.edu.br\/praxis\/files\/2016\/04\/Slide1-212x159.jpg 212w, https:\/\/wp.ufpel.edu.br\/praxis\/files\/2016\/04\/Slide1-768x576.jpg 768w, https:\/\/wp.ufpel.edu.br\/praxis\/files\/2016\/04\/Slide1-624x468.jpg 624w, https:\/\/wp.ufpel.edu.br\/praxis\/files\/2016\/04\/Slide1.jpg 960w\" sizes=\"auto, (max-width: 285px) 100vw, 285px\" \/><\/a><img loading=\"lazy\" decoding=\"async\" class=\"alignnone wp-image-13\" src=\"https:\/\/wp.ufpel.edu.br\/praxis\/files\/2016\/04\/Slide2-424x318.jpg\" alt=\"Slide2\" width=\"288\" height=\"216\" srcset=\"https:\/\/wp.ufpel.edu.br\/praxis\/files\/2016\/04\/Slide2-424x318.jpg 424w, https:\/\/wp.ufpel.edu.br\/praxis\/files\/2016\/04\/Slide2-212x159.jpg 212w, https:\/\/wp.ufpel.edu.br\/praxis\/files\/2016\/04\/Slide2-768x576.jpg 768w, https:\/\/wp.ufpel.edu.br\/praxis\/files\/2016\/04\/Slide2-624x468.jpg 624w, https:\/\/wp.ufpel.edu.br\/praxis\/files\/2016\/04\/Slide2.jpg 960w\" sizes=\"auto, (max-width: 288px) 100vw, 288px\" \/><\/p>\n<p><strong>CRONOGRAMA:<\/strong><\/p>\n<p><span class=\"Apple-style-span\"><strong>2016 &#8211; II<\/strong><\/span><\/p>\n<p><strong>* Atividades regulares:<\/strong><\/p>\n<p><strong><em>\u2013 Segundas-feiras (14hs &#8211; 17hs)<\/em><\/strong> \u2013 Internet (produ\u00e7\u00e3o de trabalhos escolares)<\/p>\n<p>GT Forma\u00e7\u00e3o Individual (Respons\u00e1vel: Daiene &#8211; Pedagoga Casa das Meninas)<\/p>\n<p>Local: CPED (Cotada)<\/p>\n<p><strong><em>\u2013 Ter\u00e7as-feiras (19hs)<\/em><\/strong><em>:<\/em>\u00a0Kung-Fu<\/p>\n<p>GT Filosofia e Cultura (Respons\u00e1vel: Nadine)<\/p>\n<p>Local: Casa das Meninas<\/p>\n<p><span class=\"Apple-style-span\"><strong><em>\u2013 Quintas-feiras (19hs)<\/em><\/strong><em>:<\/em>\u00a0Teatro<\/span><\/p>\n<p><strong><em>\u00a0<\/em><\/strong>GT Filosofia e Cultura (Respons\u00e1vel: Nadine)<\/p>\n<p>Local: Casa das Meninas<\/p>\n<p><b><i>\u00a0<\/i><\/b><\/p>\n<p><strong>* Atividades com data espec\u00edfica:<\/strong><\/p>\n<p><strong>AGOSTO<\/strong><\/p>\n<p><strong><em>\u00a0<\/em><\/strong><\/p>\n<p><span class=\"Apple-style-span\" style=\"color: #000000\"><b>SETEMBRO<\/b><\/span><\/p>\n<p><strong><em>\u00a0<\/em><\/strong><\/p>\n<p><strong>OUTUBRO:<\/strong><\/p>\n<p>&nbsp;<\/p>\n<p><span class=\"Apple-style-span\"><strong>NOVEMBRO:<\/strong><\/span><\/p>\n<p>&nbsp;<\/p>\n<p><span class=\"Apple-style-span\"><strong>DEZEMBRO:<\/strong><\/span><\/p>\n<p>&nbsp;<\/p>\n<p>&nbsp;<\/p>\n<p><span class=\"Apple-style-span\"><strong>2016 &#8211; I<\/strong><\/span><\/p>\n<p><strong>* Atividades regulares:<\/strong><\/p>\n<p><strong><em>\u2013 Segundas-feiras (19hs)<\/em><\/strong><em>:<\/em> Dan\u00e7a<\/p>\n<p>GT Filosofia e Cultura (Respons\u00e1vel: Nadine)<\/p>\n<p>Local: Casa das Meninas<\/p>\n<p><strong><em>\u00a0<\/em><\/strong><\/p>\n<p><strong><em>\u2013 Segundas-feiras (14hs &#8211; 17hs)<\/em><\/strong> \u2013 Internet (produ\u00e7\u00e3o de trabalhos escolares)<\/p>\n<p>GT Forma\u00e7\u00e3o Individual (Respons\u00e1vel: Daiene &#8211; Pedagoga Casa das Meninas)<\/p>\n<p>Local: COTADA<\/p>\n<p><strong><span class=\"Apple-style-span\"><em>\u2013 Segundas-feiras (14hs &#8211; 17hs)<\/em><\/span>\u00a0<\/strong>\u2013 Refor\u00e7o escolar<\/p>\n<p>GT Forma\u00e7\u00e3o Individual (Respons\u00e1vel: Nicole)<\/p>\n<p>&nbsp;<\/p>\n<p><strong>* Atividades com data espec\u00edfica:<\/strong><\/p>\n<p><strong>MAIO<\/strong><\/p>\n<p><strong><em>18 de Maio (quarta-feira, \u00e0s 19hs)<\/em><\/strong>\u00a0\u2013 Black Cine (Filme e Discuss\u00e3o)<\/p>\n<p>GT Filosofia e Cultura (Respons\u00e1vel: Fl\u00e1via)<\/p>\n<p>Local: Marrabenta (Centro de Cultura Afro-Brasileira)<\/p>\n<p><strong><em>\u00a0<\/em><\/strong><\/p>\n<p><strong><em>21 de Maio (s\u00e1bado, \u00e0s 12hs)\u00a0<\/em><\/strong>\u2013 Almo\u00e7o de Confraterniza\u00e7\u00e3o<\/p>\n<p>PR\u00c1XIS (Respons\u00e1vel: Evandro)<\/p>\n<p>Local: Casa das Meninas<\/p>\n<p><strong>\u00a0<\/strong><\/p>\n<p><strong><em>25 de Maio (quarta-feira, \u00e0s 19hs)<\/em><\/strong> \u2013<em> Jogos e din\u00e2micas diversos<\/em><\/p>\n<p>GT Sa\u00fade (Respons\u00e1vel: Renato)<\/p>\n<p>Local: Casa das Meninas<\/p>\n<p><strong>\u00a0<\/strong><\/p>\n<p><strong>JUNHO<\/strong><\/p>\n<p><strong><em>02 de Junho (quinta-feira, \u00e0s 19hs)<\/em><\/strong> &#8211; <em>Atividade liter\u00e1ria<\/em><\/p>\n<p>GT Forma\u00e7\u00e3o Liter\u00e1ria (Respons\u00e1vel: Tais Bopp)<\/p>\n<p>Local: Instituto de Filosofia, Sociologia e Pol\u00edtica &#8211; IFISP<\/p>\n<p><strong><em>\u00a0<\/em><\/strong><\/p>\n<p><strong><em>08 de Junho (quarta-feira, \u00e0s 19hs)<\/em><\/strong>\u00a0\u2013 \u00a0<em>Exame cl\u00ednico (Sa\u00fade oral)<\/em><\/p>\n<p>GT Sa\u00fade (Respons\u00e1vel: Renato)<\/p>\n<p>Local: Casa das Meninas<\/p>\n<p><strong><em>\u00a0<\/em><\/strong><\/p>\n<p><strong><em>15 de Junho (quarta-feira, \u00e0s 19hs)<\/em><\/strong>\u00a0&#8211;\u00a0<em>Escova\u00e7\u00e3o supervisionada<\/em><\/p>\n<p>GT Sa\u00fade (Respons\u00e1vel: Renato)<\/p>\n<p>Local: Casa das Meninas<\/p>\n<p>&nbsp;<\/p>\n<p><strong><em>23 de Junho (quinta-feira, \u00e0s 19hs)<\/em><\/strong> \u2013 <em>Sa\u00fade da Mulher<\/em><\/p>\n<p>GT Sa\u00fade (Respons\u00e1vel: Zulce Motta e Evandro)<\/p>\n<p>&#8211; Direito da mulher (<\/p>\n<p><strong><em>\u00a0<\/em><\/strong><\/p>\n<p><strong><em>06 de Julho (s\u00e1bado, \u00e0s 14hs)<\/em><\/strong> \u2013 <em>Atividade esportiva (Refor\u00e7ar os la\u00e7os e abordar trauma dental)<\/em><\/p>\n<p>GT Sa\u00fade (Respons\u00e1vel: Renato)<\/p>\n<p>Local: Museu da Baronesa<\/p>\n<p><strong>\u00a0<\/strong><\/p>\n<p><strong>\u00a0<\/strong><\/p>\n","protected":false},"excerpt":{"rendered":"<p>CRONOGRAMA: 2016 &#8211; II * Atividades regulares: \u2013 Segundas-feiras (14hs &#8211; 17hs) \u2013 Internet (produ\u00e7\u00e3o de trabalhos escolares) GT Forma\u00e7\u00e3o Individual (Respons\u00e1vel: Daiene &#8211; Pedagoga Casa das Meninas) Local: CPED (Cotada) \u2013 Ter\u00e7as-feiras (19hs):\u00a0Kung-Fu GT Filosofia e Cultura (Respons\u00e1vel: Nadine) &hellip; <a href=\"https:\/\/wp.ufpel.edu.br\/praxis\/atividades\/\">Continue lendo <span class=\"meta-nav\">&rarr;<\/span><\/a><\/p>\n","protected":false},"author":559,"featured_media":0,"parent":0,"menu_order":0,"comment_status":"closed","ping_status":"closed","template":"","meta":{"footnotes":""},"class_list":["post-8","page","type-page","status-publish","hentry"],"_links":{"self":[{"href":"https:\/\/wp.ufpel.edu.br\/praxis\/wp-json\/wp\/v2\/pages\/8","targetHints":{"allow":["GET"]}}],"collection":[{"href":"https:\/\/wp.ufpel.edu.br\/praxis\/wp-json\/wp\/v2\/pages"}],"about":[{"href":"https:\/\/wp.ufpel.edu.br\/praxis\/wp-json\/wp\/v2\/types\/page"}],"author":[{"embeddable":true,"href":"https:\/\/wp.ufpel.edu.br\/praxis\/wp-json\/wp\/v2\/users\/559"}],"replies":[{"embeddable":true,"href":"https:\/\/wp.ufpel.edu.br\/praxis\/wp-json\/wp\/v2\/comments?post=8"}],"version-history":[{"count":8,"href":"https:\/\/wp.ufpel.edu.br\/praxis\/wp-json\/wp\/v2\/pages\/8\/revisions"}],"predecessor-version":[{"id":62,"href":"https:\/\/wp.ufpel.edu.br\/praxis\/wp-json\/wp\/v2\/pages\/8\/revisions\/62"}],"wp:attachment":[{"href":"https:\/\/wp.ufpel.edu.br\/praxis\/wp-json\/wp\/v2\/media?parent=8"}],"curies":[{"name":"wp","href":"https:\/\/api.w.org\/{rel}","templated":true}]}}