{"id":53,"date":"2016-08-16T11:18:41","date_gmt":"2016-08-16T14:18:41","guid":{"rendered":"https:\/\/wp.ufpel.edu.br\/praxis\/?page_id=53"},"modified":"2016-08-16T12:56:04","modified_gmt":"2016-08-16T15:56:04","slug":"bem-vind","status":"publish","type":"page","link":"https:\/\/wp.ufpel.edu.br\/praxis\/","title":{"rendered":"Bem-Vind@!!!"},"content":{"rendered":"<div>\n<p><a href=\"https:\/\/wp.ufpel.edu.br\/praxis\/files\/2016\/04\/cropped-Projeto-Pr\u00e1xis-e1471362771644.jpg\"><img loading=\"lazy\" decoding=\"async\" class=\"wp-image-21 alignright\" src=\"https:\/\/wp.ufpel.edu.br\/praxis\/files\/2016\/04\/cropped-Projeto-Pr\u00e1xis-e1471362892337-415x318.jpg\" alt=\"cropped-Projeto-Pr\u00e1xis.jpg\" width=\"285\" height=\"218\" srcset=\"https:\/\/wp.ufpel.edu.br\/praxis\/files\/2016\/04\/cropped-Projeto-Pr\u00e1xis-e1471362892337-415x318.jpg 415w, https:\/\/wp.ufpel.edu.br\/praxis\/files\/2016\/04\/cropped-Projeto-Pr\u00e1xis-e1471362892337-208x159.jpg 208w, https:\/\/wp.ufpel.edu.br\/praxis\/files\/2016\/04\/cropped-Projeto-Pr\u00e1xis-e1471362892337.jpg 512w\" sizes=\"auto, (max-width: 285px) 100vw, 285px\" \/><\/a><\/p>\n<p style=\"text-align: left\"><strong>O QUE \u00c9 O PROJETO PR\u00c1XIS?<\/strong><\/p>\n<ul style=\"text-align: left\">\n<li>O Projeto Pr\u00e1xis, desenvolvido em parceria com a Universidade Federal de Pelotas, \u00e9 um projeto de extens\u00e3o sem fins assistencialistas que visam auxiliar a forma\u00e7\u00e3o filos\u00f3fica, liter\u00e1ria, cidad\u00e3 e humana de jovens moradores de abrigos p\u00fablicos em Pelotas.<\/li>\n<\/ul>\n<p style=\"text-align: left\"><strong>COMO VOC\u00ca PODE CONTRIBUIR COM O PROJETO?<\/strong><\/p>\n<ul>\n<li style=\"text-align: left\">Dispensando o seu tempo, seu cuidado e seu conhecimento acad\u00eamico.<\/li>\n<li style=\"text-align: left\">Ajudando na forma\u00e7\u00e3o dos jovens que representam o p\u00fablico alvo do projeto.<\/li>\n<\/ul>\n<\/div>\n<p>&nbsp;<\/p>\n","protected":false},"excerpt":{"rendered":"<p>O QUE \u00c9 O PROJETO PR\u00c1XIS? O Projeto Pr\u00e1xis, desenvolvido em parceria com a Universidade Federal de Pelotas, \u00e9 um projeto de extens\u00e3o sem fins assistencialistas que visam auxiliar a forma\u00e7\u00e3o filos\u00f3fica, liter\u00e1ria, cidad\u00e3 e humana de jovens moradores de &hellip; <a href=\"https:\/\/wp.ufpel.edu.br\/praxis\/\">Continue lendo <span class=\"meta-nav\">&rarr;<\/span><\/a><\/p>\n","protected":false},"author":559,"featured_media":0,"parent":0,"menu_order":0,"comment_status":"closed","ping_status":"closed","template":"","meta":{"footnotes":""},"class_list":["post-53","page","type-page","status-publish","hentry"],"_links":{"self":[{"href":"https:\/\/wp.ufpel.edu.br\/praxis\/wp-json\/wp\/v2\/pages\/53","targetHints":{"allow":["GET"]}}],"collection":[{"href":"https:\/\/wp.ufpel.edu.br\/praxis\/wp-json\/wp\/v2\/pages"}],"about":[{"href":"https:\/\/wp.ufpel.edu.br\/praxis\/wp-json\/wp\/v2\/types\/page"}],"author":[{"embeddable":true,"href":"https:\/\/wp.ufpel.edu.br\/praxis\/wp-json\/wp\/v2\/users\/559"}],"replies":[{"embeddable":true,"href":"https:\/\/wp.ufpel.edu.br\/praxis\/wp-json\/wp\/v2\/comments?post=53"}],"version-history":[{"count":3,"href":"https:\/\/wp.ufpel.edu.br\/praxis\/wp-json\/wp\/v2\/pages\/53\/revisions"}],"predecessor-version":[{"id":87,"href":"https:\/\/wp.ufpel.edu.br\/praxis\/wp-json\/wp\/v2\/pages\/53\/revisions\/87"}],"wp:attachment":[{"href":"https:\/\/wp.ufpel.edu.br\/praxis\/wp-json\/wp\/v2\/media?parent=53"}],"curies":[{"name":"wp","href":"https:\/\/api.w.org\/{rel}","templated":true}]}}