{"id":7537,"date":"2019-01-22T11:40:38","date_gmt":"2019-01-22T13:40:38","guid":{"rendered":"https:\/\/wp.ufpel.edu.br\/prae\/?page_id=7537"},"modified":"2024-03-11T09:03:14","modified_gmt":"2024-03-11T12:03:14","slug":"programa-de-moradia-estudantil","status":"publish","type":"page","link":"https:\/\/wp.ufpel.edu.br\/prae\/coordenacao-de-politicas-estudantis\/programa-de-moradia-estudantil\/","title":{"rendered":"Programa de Moradia Estudantil (PME)"},"content":{"rendered":"<p style=\"text-align: justify\">O Programa de Moradia Estudantil (PME) tem por objetivo prover alojamento a acad\u00eamicos, preferencialmente de fora da cidade em que est\u00e3o estudando, e que tenham comprovada situa\u00e7\u00e3o de vulnerabilidade social. Este Programa se insere em uma proposta de assist\u00eancia psicol\u00f3gica, social e pedag\u00f3gica e visa atender estudantes, vinculados \u00e0 UFPel, contribuindo para a sua forma\u00e7\u00e3o integral e com a finalidade de melhorar o desempenho acad\u00eamico e prevenir a evas\u00e3o, <span style=\"font-weight: 400\">de acordo com as diretrizes do Programa Nacional de Assist\u00eancia Estudantil \u2013 PNAES.<\/span><\/p>\n<p style=\"text-align: justify\"><strong>O PME corresponde a vaga na Casa do Estudante Universit\u00e1rio (CEU) da UFPel.<\/strong>\u00a0 Atualmente, a UFPel conta com uma Casa do Estudante Universit\u00e1rio (CEU) que acolhe at\u00e9 240 estudantes, situada na Rua 3 de maio, 1212.<\/p>\n<p style=\"text-align: justify\">O PME \u00e9 administrado pela Coordena\u00e7\u00e3o de Pol\u00edticas Estudantis (CPE) junto a Se\u00e7\u00e3o de Moradias Estudantis (SME). A norma vigente em rela\u00e7\u00e3o ao PME \u00e9 a <a style=\"font-weight: bold\" href=\"https:\/\/wp.ufpel.edu.br\/prae\/files\/2022\/02\/SEI_UFPel-1568381-Resolucao_PME.pdf\" target=\"_blank\" rel=\"noopener\">RESOLU\u00c7\u00c3O N\u00ba 27\/21 <\/a><b>. <\/b>Ainda existe norma espec\u00edfica da Pol\u00edtica de Moradia na P\u00f3s-gradua\u00e7\u00e3o da UFPEL: <strong><a href=\"https:\/\/wp.ufpel.edu.br\/prae\/files\/2023\/07\/RESOLUCAO-57_23-POLITICAS-DE-POS.pdf\" target=\"_blank\" rel=\"noopener\">RESOLU\u00c7\u00c3O N\u00ba 57\/23<\/a><\/strong><\/p>\n<p style=\"text-align: justify\">O ingresso no Programa de Moradia Estudantil (PME) pode ser realizado das seguintes formas:<\/p>\n<ul>\n<li style=\"text-align: justify\"><strong>Para estudantes de gradua\u00e7\u00e3o:<\/strong> <strong>concorrer em edital p\u00fablico\u00a0e\u00a0ser deferido ap\u00f3s an\u00e1lise socioecon\u00f4mica.<\/strong> O(s) edital(ais) de sele\u00e7\u00e3o pode(m) ser lan\u00e7ado(s) \u00e0 crit\u00e9rio da PRAE, geralmente divulgado(s) em seu site na se\u00e7\u00e3o <a href=\"https:\/\/wp.ufpel.edu.br\/prae\/edital-dinamico\/\" target=\"_blank\" rel=\"noopener\">Edital Din\u00e2mico<\/a>. <strong>\u00c9 poss\u00edvel solicitar todos os benef\u00edcios que necessita no mesmo Edital, incluindo o PME.<\/strong> O Edital \u00e9 divulgado atrav\u00e9s da Coordena\u00e7\u00e3o de Ingresso e Benef\u00edcios (CIB), respons\u00e1vel pela sele\u00e7\u00e3o.<\/li>\n<li><strong>Estudantes de p\u00f3s-gradua\u00e7\u00e3o:<\/strong> <strong>concorrer em edital p\u00fablico\u00a0e<\/strong>\u00a0<strong>ser deferido ap\u00f3s an\u00e1lise socioecon\u00f4mica<\/strong>. O(s) edital(ais) de sele\u00e7\u00e3o pode(m) ser lan\u00e7ado(s) \u00e0 crit\u00e9rio da PRAE, geralmente divulgado(s) em seu site na se\u00e7\u00e3o <a style=\"text-align: justify;font-size: 1rem\" href=\"https:\/\/wp.ufpel.edu.br\/prae\/edital-dinamico\/\" target=\"_blank\" rel=\"noopener\">Edital Din\u00e2mico<\/a><span style=\"text-align: justify;font-size: 1rem\">. <strong>Para estudantes de p\u00f3s-gradua\u00e7\u00e3o<\/strong><\/span><strong> \u00e9 poss\u00edvel solicitar apenas o PME e o PAA (programa aux\u00edlio alimenta\u00e7\u00e3o)<\/strong>. O Edital \u00e9 divulgado atrav\u00e9s da Coordena\u00e7\u00e3o de Ingresso e Benef\u00edcios (CIB), respons\u00e1vel pela sele\u00e7\u00e3o.<\/li>\n<\/ul>\n<p>Acesse a p\u00e1gina da PRAE https:\/\/wp.ufpel.edu.br\/prae\/edital-dinamico\/\u00a0para verificar os editais e ter maiores informa\u00e7\u00f5es sobre os demais programas de benef\u00edcios.<\/p>\n<p>Em caso de d\u00favidas, enviar e-mail para cpe.prae.ufpel@gmail.com<\/p>\n<p>Visite a p\u00e1gina da CEU:<\/p>\n<blockquote class=\"wp-embedded-content\" data-secret=\"yg7sKp6LGd\"><p><a href=\"https:\/\/wp.ufpel.edu.br\/prae\/coordenacao-de-politicas-estudantis\/programa-de-moradia-estudantil\/moradia-estudantil\/\">Casa do Estudante Universit\u00e1rio (CEU)<\/a><\/p><\/blockquote>\n<p><iframe loading=\"lazy\" class=\"wp-embedded-content\" sandbox=\"allow-scripts\" security=\"restricted\" style=\"position: absolute; clip: rect(1px, 1px, 1px, 1px);\" title=\"&#8220;Casa do Estudante Universit\u00e1rio (CEU)&#8221; &#8212; Pr\u00f3-Reitoria de Assuntos Estudantis\" src=\"https:\/\/wp.ufpel.edu.br\/prae\/coordenacao-de-politicas-estudantis\/programa-de-moradia-estudantil\/moradia-estudantil\/embed\/#?secret=g4HyisRS8s#?secret=yg7sKp6LGd\" data-secret=\"yg7sKp6LGd\" width=\"525\" height=\"296\" frameborder=\"0\" marginwidth=\"0\" marginheight=\"0\" scrolling=\"no\"><\/iframe><\/p>\n<p><a href=\"https:\/\/wp.ufpel.edu.br\/prae\/files\/2022\/02\/CPE_PRAE.png\"><img loading=\"lazy\" decoding=\"async\" class=\"size-medium wp-image-13063 aligncenter\" src=\"https:\/\/wp.ufpel.edu.br\/prae\/files\/2022\/02\/CPE_PRAE-400x127.png\" alt=\"\" width=\"400\" height=\"127\" srcset=\"https:\/\/wp.ufpel.edu.br\/prae\/files\/2022\/02\/CPE_PRAE-400x127.png 400w, https:\/\/wp.ufpel.edu.br\/prae\/files\/2022\/02\/CPE_PRAE-768x243.png 768w, https:\/\/wp.ufpel.edu.br\/prae\/files\/2022\/02\/CPE_PRAE.png 940w\" sizes=\"auto, (max-width: 400px) 100vw, 400px\" \/><\/a><\/p>\n","protected":false},"excerpt":{"rendered":"<p>O Programa de Moradia Estudantil (PME) tem por objetivo prover alojamento a acad\u00eamicos, preferencialmente de fora da cidade em que est\u00e3o estudando, e que tenham comprovada situa\u00e7\u00e3o de vulnerabilidade social. Este Programa se insere em uma proposta de assist\u00eancia psicol\u00f3gica, social e pedag\u00f3gica e visa atender estudantes, vinculados \u00e0 UFPel, contribuindo para a sua forma\u00e7\u00e3o &hellip; <\/p>\n<p class=\"link-more\"><a href=\"https:\/\/wp.ufpel.edu.br\/prae\/coordenacao-de-politicas-estudantis\/programa-de-moradia-estudantil\/\" class=\"more-link\">Continue lendo<span class=\"screen-reader-text\"> &#8220;Programa de Moradia Estudantil (PME)&#8221;<\/span><\/a><\/p>\n","protected":false},"author":229,"featured_media":0,"parent":3023,"menu_order":0,"comment_status":"closed","ping_status":"closed","template":"","meta":{"footnotes":""},"class_list":["post-7537","page","type-page","status-publish","hentry"],"_links":{"self":[{"href":"https:\/\/wp.ufpel.edu.br\/prae\/wp-json\/wp\/v2\/pages\/7537","targetHints":{"allow":["GET"]}}],"collection":[{"href":"https:\/\/wp.ufpel.edu.br\/prae\/wp-json\/wp\/v2\/pages"}],"about":[{"href":"https:\/\/wp.ufpel.edu.br\/prae\/wp-json\/wp\/v2\/types\/page"}],"author":[{"embeddable":true,"href":"https:\/\/wp.ufpel.edu.br\/prae\/wp-json\/wp\/v2\/users\/229"}],"replies":[{"embeddable":true,"href":"https:\/\/wp.ufpel.edu.br\/prae\/wp-json\/wp\/v2\/comments?post=7537"}],"version-history":[{"count":19,"href":"https:\/\/wp.ufpel.edu.br\/prae\/wp-json\/wp\/v2\/pages\/7537\/revisions"}],"predecessor-version":[{"id":16080,"href":"https:\/\/wp.ufpel.edu.br\/prae\/wp-json\/wp\/v2\/pages\/7537\/revisions\/16080"}],"up":[{"embeddable":true,"href":"https:\/\/wp.ufpel.edu.br\/prae\/wp-json\/wp\/v2\/pages\/3023"}],"wp:attachment":[{"href":"https:\/\/wp.ufpel.edu.br\/prae\/wp-json\/wp\/v2\/media?parent=7537"}],"curies":[{"name":"wp","href":"https:\/\/api.w.org\/{rel}","templated":true}]}}