{"id":6730,"date":"2018-03-23T09:18:02","date_gmt":"2018-03-23T12:18:02","guid":{"rendered":"https:\/\/wp.ufpel.edu.br\/prae\/?page_id=6730"},"modified":"2026-08-28T18:42:48","modified_gmt":"2026-08-28T21:42:48","slug":"comprovacao-programa-auxilio-moradia","status":"publish","type":"page","link":"https:\/\/wp.ufpel.edu.br\/prae\/coordenacao_de_ingresso_e_beneficios\/nucleo-de-gestao-de-programas\/comprovacao-programa-auxilio-moradia\/","title":{"rendered":"Comprova\u00e7\u00e3o Programa Aux\u00edlio Moradia"},"content":{"rendered":"<h1 style=\"text-align: center\"><strong>Programa Aux\u00edlio Moradia: Comprova\u00e7\u00e3o\u00a0 de uso Semestral<\/strong><\/h1>\n<hr \/>\n<h2 style=\"text-align: center\"><span style=\"color: #ff9900\"><strong>Aviso importante<\/strong><\/span><\/h2>\n<ul>\n<li style=\"text-align: justify\">Os envios ser\u00e3o analisados <strong>no m\u00e1ximo at\u00e9 a 3a tentativa<\/strong> de comprova\u00e7\u00e3o, ou seja, fa\u00e7a o envio apenas quando estiver com todos os documentos prontos e organizados.<\/li>\n<li style=\"text-align: justify\">Comprova\u00e7\u00f5es n\u00e3o aceitas ser\u00e3o consideradas como <strong>indeferidas<\/strong>, obrigando o(a) benefici\u00e1rio(a) a realizar nova avalia\u00e7\u00e3o socioecon\u00f4mica para manuten\u00e7\u00e3o do programa.<\/li>\n<li style=\"text-align: justify\">Em caso de indeferimento da comprova\u00e7\u00e3o, o \u00faltimo pagamento ser\u00e1 feito no m\u00eas de outubro de 2026. A retomada de uso, se deferida pelo setor de Servi\u00e7o Social, somente ocorrer\u00e1 na <strong>folha de dezembro ou posterior<\/strong>, n\u00e3o sendo devido qualquer pagamento retroativo.<\/li>\n<li style=\"text-align: justify\">D\u00favidas encaminhadas a PRAE <strong>n\u00e3o ter\u00e3o prioridade de atendimento<\/strong>, ou seja, n\u00e3o aguarde retorno como condicionante do envio. \u00c9 mais importante enviar a comprova\u00e7\u00e3o.<\/li>\n<li style=\"text-align: justify\"><span style=\"color: #ff9900\"><strong>Comprovantes de resid\u00eancia<\/strong><\/span>: envie qualquer documento que <strong>vincule seu nome ao endere\u00e7o de loca\u00e7\u00e3o<\/strong>. Servem documentos de correspond\u00eancia, comprovantes de compras <em>online<\/em>, cadastros de aplicativos como iFood, Shopee, Amazon, etc., faturas de luz, \u00e1gua, telefone, internet, cadastros de institui\u00e7\u00f5es banc\u00e1rias, servi\u00e7os p\u00fablicos, etc. Importante enviar cadastros do per\u00edodo considerado (janeiro a agosto) acompanhado, se necess\u00e1rio, de evid\u00eancia de uso (como na compra de produtos via aplicativo, comprovante de entrega, etc.).<\/li>\n<li style=\"text-align: justify\">Se o estudante <strong>mudou de endere\u00e7o<\/strong> entre os meses solicitados nesta comprova\u00e7\u00e3o, dever\u00e1 <strong>enviar o contrato antigo e o novo<\/strong> juntamente com os comprovantes de pagamento e demais documentos solicitados nesta convocat\u00f3ria.<\/li>\n<\/ul>\n<hr \/>\n<p>&nbsp;<\/p>\n<p style=\"text-align: justify\">ATEN\u00c7\u00c3O: Este formul\u00e1rio somente se aplica ao(a) benefici\u00e1rio(a) do <strong>Programa de Aux\u00edlio Moradia (PAM)<\/strong> que j\u00e1 tenha recebido pelo menos UMA parcela do programa.<\/p>\n<p>O que \u00e9 necess\u00e1rio para o envio:<\/p>\n<div>\n<p><strong>A \u2013 SE O ESTUDANTE FOR O LOCAT\u00c1RIO DO IM\u00d3VEL (QUEM ALUGA):<\/strong><\/p>\n<ul>\n<li style=\"text-align: justify\">C\u00f3pia do contrato de loca\u00e7\u00e3o (no m\u00ednimo p\u00e1gina inicial e p\u00e1gina com as assinaturas do(a) locat\u00e1rio(a), locador(a) e fiador(es)) <strong>com assinatura digital (GOV.BR) ou autenticado<\/strong> <strong>em cart\u00f3rio<\/strong>;<\/li>\n<li style=\"text-align: justify\">Comprovante de pagamento do aluguel dos meses de Abril, Maio, Junho, Julho e Agosto de 2026 (estudante que foi beneficiado ap\u00f3s Abril, apresentar somente dos meses referentes at\u00e9 Agosto) &#8211; Boleto, Pix, Recibo, etc;<\/li>\n<li style=\"text-align: justify\">C\u00f3pia de um comprovante de resid\u00eancia no endere\u00e7o do contrato, atualizado, <strong>em nome do(a) pr\u00f3prio estudante<\/strong>, podendo ser: conta de luz, \u00e1gua, telefone, TV a cabo, internet, <em>e-commerce<\/em> e condom\u00ednio (em nome do locat\u00e1rio) (ver acima);<\/li>\n<\/ul>\n<\/div>\n<div>\n<p style=\"text-align: justify\"><strong>B \u2013 SE O ESTUDANTE N\u00c3O FOR O LOCAT\u00c1RIO DO IM\u00d3VEL (QUEM ALUGA):<\/strong><\/p>\n<ul>\n<li style=\"text-align: justify\">C\u00f3pia do contrato de loca\u00e7\u00e3o (no m\u00ednimo p\u00e1gina inicial e p\u00e1gina com as assinaturas do(a) locat\u00e1rio(a), locador(a) e fiador(es)) <strong>com assinatura digital (GOV.BR) ou autenticado<\/strong> <strong>em cart\u00f3rio<\/strong>;<\/li>\n<li style=\"text-align: justify\">Declara\u00e7\u00e3o de divis\u00e3o de aluguel, emitida pelo(a) locat\u00e1rio(a), <strong>com assinatura digital (GOV.BR) ou autenticada<\/strong>\u00a0 por todos os residentes no im\u00f3vel (<a href=\"https:\/\/wp.ufpel.edu.br\/prae\/files\/2026\/08\/modelo-divisao-de-aluguel.pdf\" target=\"_blank\" rel=\"noopener\">Link<\/a>);<\/li>\n<li style=\"text-align: justify\">Comprovante de pagamento do aluguel dos meses de Abril, Maio, Junho, Julho e Agosto de 2026 (estudante que foi beneficiado ap\u00f3s Abril, apresentar somente dos meses referentes at\u00e9 Agosto) &#8211; Boleto, Pix, Recibo, etc;<\/li>\n<li style=\"text-align: justify\">C\u00f3pia de um comprovante de resid\u00eancia no endere\u00e7o do contrato, atualizado, <strong>em nome do(a) pr\u00f3prio estudante<\/strong>, podendo ser: conta de luz, \u00e1gua, telefone, TV a cabo, internet, <em>e-commerce<\/em> e condom\u00ednio (em nome do locat\u00e1rio) (ver acima);<\/li>\n<\/ul>\n<\/div>\n<div>\n<p><strong>C \u2013 SE O ESTUDANTE RESIDIR EM RESID\u00caNCIA COMUNIT\u00c1RIA (pensionato, hostel), onde o(a) estudante \u00e9 o(a) locat\u00e1rio(a):<\/strong><\/p>\n<ul>\n<li style=\"text-align: justify\">C\u00f3pia do Contrato de Loca\u00e7\u00e3o <strong>com assinatura digital (GOV.BR) ou autenticado<\/strong> <strong>em cart\u00f3rio<\/strong> (<a href=\"https:\/\/wp.ufpel.edu.br\/prae\/files\/2026\/08\/modelo-pensionato.pdf\" target=\"_blank\" rel=\"noopener\">Link<\/a>);<\/li>\n<li style=\"text-align: justify\">Comprovante de pagamento do aluguel dos meses de Abril, Maio, Junho, Julho e Agosto de 2026 (estudante que foi beneficiado ap\u00f3s Abril, apresentar somente dos meses referentes at\u00e9 Agosto) &#8211; Boleto, Pix, Recibo, etc;<\/li>\n<li style=\"text-align: justify\">C\u00f3pia de um comprovante de resid\u00eancia no endere\u00e7o do contrato, atualizado, <strong>em nome do(a) pr\u00f3prio estudante<\/strong>, podendo ser: conta de luz, \u00e1gua, telefone, TV a cabo, internet, <em>e-commerce<\/em> e condom\u00ednio (em nome do locat\u00e1rio) (ver acima);<\/li>\n<\/ul>\n<\/div>\n<div>\n<p><strong>D \u2013 SE O ALUNO LOCAR UM ESPA\u00c7O EM RESID\u00caNCIA PARTICULAR:<\/strong><\/p>\n<ul>\n<li style=\"text-align: justify\">C\u00f3pia do Contrato de Loca\u00e7\u00e3o (no m\u00ednimo p\u00e1gina inicial e p\u00e1gina com as assinaturas do locat\u00e1rio, locador e fiador(es)) se a resid\u00eancia for alugada E\/OU Declara\u00e7\u00e3o do (a) propriet\u00e1rio (a) de que o(a) estudante reside no im\u00f3vel caso a resid\u00eancia seja pr\u00f3pria (<a href=\"https:\/\/wp.ufpel.edu.br\/prae\/files\/2026\/08\/modelo-residencia-particular.pdf\" target=\"_blank\" rel=\"noopener\">Link<\/a>), <strong>com assinatura digital de todos (GOV.BR) ou autenticado<\/strong> <strong>em cart\u00f3rio<\/strong>;<\/li>\n<li style=\"text-align: justify\">C\u00f3pia da carteira de identidade do(a) propriet\u00e1rio(a) do im\u00f3vel;<\/li>\n<li style=\"text-align: justify\">Comprovante de pagamento do aluguel dos meses de Abril, Maio, Junho, Julho e Agosto de 2026 (estudante que foi beneficiado ap\u00f3s Abril, apresentar somente dos meses referentes at\u00e9 Agosto) &#8211; Boleto, Pix, Recibo, etc;<\/li>\n<li style=\"text-align: justify\">C\u00f3pia de um comprovante de resid\u00eancia no endere\u00e7o do contrato, atualizado, <strong>em nome do(a) pr\u00f3prio estudante<\/strong>, podendo ser: conta de luz, \u00e1gua, telefone, TV a cabo, internet, <em>e-commerce<\/em> e condom\u00ednio (em nome do locat\u00e1rio) (ver acima);<\/li>\n<\/ul>\n<div><\/div>\n<div>Em caso de d\u00favidas, contate ngp.prae.ufpel@gmail.com<\/div>\n<\/div>\n<div>\n<hr \/>\n<\/div>\n<div>\n<h1 style=\"text-align: center\"><strong>RESULTADOS<\/strong><\/h1>\n<div>Acompanhe o resultado da an\u00e1lise da sua comprova\u00e7\u00e3o <a href=\"https:\/\/docs.google.com\/spreadsheets\/d\/e\/2PACX-1vRvOsz6Ib2Mkua_xS2IIRiH81OVMvEABTVGqyRORvQ4NaGT2aC181aSRqH0BjKi1UDeStqEtTTbx8S0\/pubhtml?gid=1763451378&amp;single=true\" target=\"_blank\" rel=\"noopener\">AQUI<\/a>.<\/div>\n<div><\/div>\n<\/div>\n<div>\n<hr \/>\n<\/div>\n<h1 style=\"text-align: center\"><strong>FORMUL\u00c1RIO DE COMPROVA\u00c7\u00c3O DE USO<\/strong><\/h1>\n<p style=\"text-align: center\">\n<div class=\"wpcf7 no-js\" id=\"wpcf7-f18954-o1\" lang=\"pt-BR\" dir=\"ltr\" data-wpcf7-id=\"18954\">\n<div class=\"screen-reader-response\"><p role=\"status\" aria-live=\"polite\" aria-atomic=\"true\"><\/p> <ul><\/ul><\/div>\n<form action=\"\/prae\/wp-json\/wp\/v2\/pages\/6730#wpcf7-f18954-o1\" method=\"post\" class=\"wpcf7-form init\" aria-label=\"Formul\u00e1rios de contato\" enctype=\"multipart\/form-data\" novalidate=\"novalidate\" data-status=\"init\">\n<fieldset class=\"hidden-fields-container\"><input type=\"hidden\" name=\"_wpcf7\" value=\"18954\" \/><input type=\"hidden\" name=\"_wpcf7_version\" value=\"6.1.6\" \/><input type=\"hidden\" name=\"_wpcf7_locale\" value=\"pt_BR\" \/><input type=\"hidden\" name=\"_wpcf7_unit_tag\" value=\"wpcf7-f18954-o1\" \/><input type=\"hidden\" name=\"_wpcf7_container_post\" value=\"0\" \/><input type=\"hidden\" name=\"_wpcf7_posted_data_hash\" value=\"\" \/>\n<\/fieldset>\n<p><label> Seu nome completo:<br \/>\n<span class=\"wpcf7-form-control-wrap\" data-name=\"nome\"><input size=\"40\" maxlength=\"400\" class=\"wpcf7-form-control wpcf7-text wpcf7-validates-as-required\" aria-required=\"true\" aria-invalid=\"false\" value=\"\" type=\"text\" name=\"nome\" \/><\/span> <\/label>\n<\/p>\n<p><label> Seu e-mail (registrado no Cobalto):<br \/>\n<span class=\"wpcf7-form-control-wrap\" data-name=\"email\"><input size=\"40\" maxlength=\"400\" class=\"wpcf7-form-control wpcf7-email wpcf7-validates-as-required wpcf7-text wpcf7-validates-as-email\" aria-required=\"true\" aria-invalid=\"false\" value=\"\" type=\"email\" name=\"email\" \/><\/span> <\/label>\n<\/p>\n<p><label> Matr\u00edcula (8 d\u00edgitos, preencher corretamente, confer\u00eancia ser\u00e1 feita por este valor):<br \/>\n<span class=\"wpcf7-form-control-wrap\" data-name=\"matricula\"><input size=\"40\" maxlength=\"400\" class=\"wpcf7-form-control wpcf7-text wpcf7-validates-as-required\" aria-required=\"true\" aria-invalid=\"false\" value=\"\" type=\"text\" name=\"matricula\" \/><\/span> <\/label>\n<\/p>\n<p><label> Seu CPF:<br \/>\n<span class=\"wpcf7-form-control-wrap\" data-name=\"cpf\"><input size=\"40\" maxlength=\"400\" class=\"wpcf7-form-control wpcf7-text wpcf7-validates-as-required\" aria-required=\"true\" aria-invalid=\"false\" value=\"\" type=\"text\" name=\"cpf\" \/><\/span> <\/label>\n<\/p>\n<p><label> Endere\u00e7o completo:<br \/>\n<span class=\"wpcf7-form-control-wrap\" data-name=\"endereco\"><input size=\"40\" maxlength=\"400\" class=\"wpcf7-form-control wpcf7-text wpcf7-validates-as-required\" aria-required=\"true\" aria-invalid=\"false\" value=\"\" type=\"text\" name=\"endereco\" \/><\/span> <\/label>\n<\/p>\n<p><label> CEP:<br \/>\n<span class=\"wpcf7-form-control-wrap\" data-name=\"cep\"><input size=\"40\" maxlength=\"400\" class=\"wpcf7-form-control wpcf7-text wpcf7-validates-as-required\" aria-required=\"true\" aria-invalid=\"false\" value=\"\" type=\"text\" name=\"cep\" \/><\/span> <\/label>\n<\/p>\n<p><label> Nome completo do propriet\u00e1rio(a)\/imobili\u00e1ria:<br \/>\n<span class=\"wpcf7-form-control-wrap\" data-name=\"locador\"><input size=\"40\" maxlength=\"400\" class=\"wpcf7-form-control wpcf7-text wpcf7-validates-as-required\" aria-required=\"true\" aria-invalid=\"false\" value=\"\" type=\"text\" name=\"locador\" \/><\/span> <\/label>\n<\/p>\n<p><label> Situa\u00e7\u00e3o de moradia:<\/label><br \/>\n<span class=\"wpcf7-form-control-wrap\" data-name=\"situacao-moradia\"><span class=\"wpcf7-form-control wpcf7-radio situacao-moradia\" id=\"situacao-moradia\"><span class=\"wpcf7-list-item first\"><label><span class=\"wpcf7-list-item-label\">Aluguel em seu nome<\/span><input type=\"radio\" name=\"situacao-moradia\" value=\"Aluguel em seu nome\" checked=\"checked\" \/><\/label><\/span><span class=\"wpcf7-list-item\"><label><span class=\"wpcf7-list-item-label\">Aluguel em nome de outra pessoa<\/span><input type=\"radio\" name=\"situacao-moradia\" value=\"Aluguel em nome de outra pessoa\" \/><\/label><\/span><span class=\"wpcf7-list-item\"><label><span class=\"wpcf7-list-item-label\">Aluguel em Resid\u00eancia Comunit\u00e1ria<\/span><input type=\"radio\" name=\"situacao-moradia\" value=\"Aluguel em Resid\u00eancia Comunit\u00e1ria\" \/><\/label><\/span><span class=\"wpcf7-list-item last\"><label><span class=\"wpcf7-list-item-label\">Aluguel de espa\u00e7o em resid\u00eancia particular<\/span><input type=\"radio\" name=\"situacao-moradia\" value=\"Aluguel de espa\u00e7o em resid\u00eancia particular\" \/><\/label><\/span><\/span><\/span>\n<\/p>\n<p>&nbsp;\n<\/p>\n<p><label> Situa\u00e7\u00e3o de parentesco com o(a) propriet\u00e1rio(a)\/imobili\u00e1ria:<\/label><br \/>\n<span class=\"wpcf7-form-control-wrap\" data-name=\"grau-parentesco\"><span class=\"wpcf7-form-control wpcf7-radio grau-parentesco\" id=\"grau-parentesco\"><span class=\"wpcf7-list-item first\"><label><span class=\"wpcf7-list-item-label\">N\u00e3o possuo parentesco<\/span><input type=\"radio\" name=\"grau-parentesco\" value=\"N\u00e3o possuo parentesco\" checked=\"checked\" \/><\/label><\/span><span class=\"wpcf7-list-item\"><label><span class=\"wpcf7-list-item-label\">Parentesco de primeiro grau (pai, m\u00e3e, filho e filha)<\/span><input type=\"radio\" name=\"grau-parentesco\" value=\"Parentesco de primeiro grau (pai, m\u00e3e, filho e filha)\" \/><\/label><\/span><span class=\"wpcf7-list-item\"><label><span class=\"wpcf7-list-item-label\">Parentesco de segundo grau (irm\u00e3o, irm\u00e3, av\u00f4, av\u00f3, neto e neta)<\/span><input type=\"radio\" name=\"grau-parentesco\" value=\"Parentesco de segundo grau (irm\u00e3o, irm\u00e3, av\u00f4, av\u00f3, neto e neta)\" \/><\/label><\/span><span class=\"wpcf7-list-item\"><label><span class=\"wpcf7-list-item-label\">Parentesco de terceiro grau (tio, tia, sobrinho, sobrinha, bisav\u00f4, bisav\u00f3, bisneto e bisneta)<\/span><input type=\"radio\" name=\"grau-parentesco\" value=\"Parentesco de terceiro grau (tio, tia, sobrinho, sobrinha, bisav\u00f4, bisav\u00f3, bisneto e bisneta)\" \/><\/label><\/span><span class=\"wpcf7-list-item\"><label><span class=\"wpcf7-list-item-label\">Parentesco de quarto grau (primo, prima, tio-av\u00f4, tia-av\u00f3, sobrinho-neto, sobrinha-neta, trisav\u00f4, trisav\u00f3, trineto e trineta)<\/span><input type=\"radio\" name=\"grau-parentesco\" value=\"Parentesco de quarto grau (primo, prima, tio-av\u00f4, tia-av\u00f3, sobrinho-neto, sobrinha-neta, trisav\u00f4, trisav\u00f3, trineto e trineta)\" \/><\/label><\/span><span class=\"wpcf7-list-item last\"><label><span class=\"wpcf7-list-item-label\">Parentesco por afinidade (parentes do c\u00f4njuge ou companheiro, como pais, filhos, irm\u00e3os, av\u00f3s, bisav\u00f3s, netos, bisnetos)<\/span><input type=\"radio\" name=\"grau-parentesco\" value=\"Parentesco por afinidade (parentes do c\u00f4njuge ou companheiro, como pais, filhos, irm\u00e3os, av\u00f3s, bisav\u00f3s, netos, bisnetos)\" \/><\/label><\/span><\/span><\/span>\n<\/p>\n<p>&nbsp;\n<\/p>\n<p><label> Documentos da comprova\u00e7\u00e3o:<br \/>\nAten\u00e7\u00e3o: nomear o arquivo com o seu n\u00famero de matr\u00edcula. <strong>Ex: \"25101234.pdf\"<\/strong><br \/>\n(tamanho m\u00e1ximo do arquivo 5Mb)<br \/>\n<span class=\"wpcf7-form-control-wrap\" data-name=\"anexo_comprovantes\"><input size=\"40\" class=\"wpcf7-form-control wpcf7-file wpcf7-validates-as-required\" accept=\".pdf,.jpg\" aria-required=\"true\" aria-invalid=\"false\" type=\"file\" name=\"anexo_comprovantes\" \/><\/span> <\/label>\n<\/p>\n<p><input class=\"wpcf7-form-control wpcf7-submit has-spinner\" type=\"submit\" value=\"Enviar\" \/>\n<\/p><p style=\"display: none !important;\" class=\"akismet-fields-container\" data-prefix=\"_wpcf7_ak_\"><label>&#916;<textarea name=\"_wpcf7_ak_hp_textarea\" cols=\"45\" rows=\"8\" maxlength=\"100\"><\/textarea><\/label><input type=\"hidden\" id=\"ak_js_1\" name=\"_wpcf7_ak_js\" value=\"157\"\/><script>\ndocument.getElementById( \"ak_js_1\" ).setAttribute( \"value\", ( new Date() ).getTime() );\n<\/script>\n<\/p><div class=\"wpcf7-response-output\" aria-hidden=\"true\"><\/div>\n<\/form>\n<\/div>\n<\/p>\n<p>&nbsp;<\/p>\n<p>&nbsp;<\/p>\n","protected":false},"excerpt":{"rendered":"<p>Programa Aux\u00edlio Moradia: Comprova\u00e7\u00e3o\u00a0 de uso Semestral Aviso importante Os envios ser\u00e3o analisados no m\u00e1ximo at\u00e9 a 3a tentativa de comprova\u00e7\u00e3o, ou seja, fa\u00e7a o envio apenas quando estiver com todos os documentos prontos e organizados. Comprova\u00e7\u00f5es n\u00e3o aceitas ser\u00e3o consideradas como indeferidas, obrigando o(a) benefici\u00e1rio(a) a realizar nova avalia\u00e7\u00e3o socioecon\u00f4mica para manuten\u00e7\u00e3o do programa. &hellip; <\/p>\n<p class=\"link-more\"><a href=\"https:\/\/wp.ufpel.edu.br\/prae\/coordenacao_de_ingresso_e_beneficios\/nucleo-de-gestao-de-programas\/comprovacao-programa-auxilio-moradia\/\" class=\"more-link\">Continue lendo<span class=\"screen-reader-text\"> &#8220;Comprova\u00e7\u00e3o Programa Aux\u00edlio Moradia&#8221;<\/span><\/a><\/p>\n","protected":false},"author":667,"featured_media":0,"parent":1313,"menu_order":0,"comment_status":"closed","ping_status":"closed","template":"","meta":{"footnotes":""},"class_list":["post-6730","page","type-page","status-publish","hentry"],"_links":{"self":[{"href":"https:\/\/wp.ufpel.edu.br\/prae\/wp-json\/wp\/v2\/pages\/6730","targetHints":{"allow":["GET"]}}],"collection":[{"href":"https:\/\/wp.ufpel.edu.br\/prae\/wp-json\/wp\/v2\/pages"}],"about":[{"href":"https:\/\/wp.ufpel.edu.br\/prae\/wp-json\/wp\/v2\/types\/page"}],"author":[{"embeddable":true,"href":"https:\/\/wp.ufpel.edu.br\/prae\/wp-json\/wp\/v2\/users\/667"}],"replies":[{"embeddable":true,"href":"https:\/\/wp.ufpel.edu.br\/prae\/wp-json\/wp\/v2\/comments?post=6730"}],"version-history":[{"count":3,"href":"https:\/\/wp.ufpel.edu.br\/prae\/wp-json\/wp\/v2\/pages\/6730\/revisions"}],"predecessor-version":[{"id":18972,"href":"https:\/\/wp.ufpel.edu.br\/prae\/wp-json\/wp\/v2\/pages\/6730\/revisions\/18972"}],"up":[{"embeddable":true,"href":"https:\/\/wp.ufpel.edu.br\/prae\/wp-json\/wp\/v2\/pages\/1313"}],"wp:attachment":[{"href":"https:\/\/wp.ufpel.edu.br\/prae\/wp-json\/wp\/v2\/media?parent=6730"}],"curies":[{"name":"wp","href":"https:\/\/api.w.org\/{rel}","templated":true}]}}