{"id":14120,"date":"2022-10-11T17:44:46","date_gmt":"2022-10-11T20:44:46","guid":{"rendered":"https:\/\/wp.ufpel.edu.br\/prae\/?page_id=14120"},"modified":"2023-08-21T14:52:30","modified_gmt":"2023-08-21T17:52:30","slug":"restaurante-universitario-2","status":"publish","type":"page","link":"https:\/\/wp.ufpel.edu.br\/prae\/restaurante-universitario-2\/","title":{"rendered":"Restaurante Universit\u00e1rio"},"content":{"rendered":"<p><a href=\"https:\/\/wp.ufpel.edu.br\/prae\/files\/2022\/02\/SARE.png\"><img loading=\"lazy\" decoding=\"async\" class=\"size-medium wp-image-12969 aligncenter\" src=\"https:\/\/wp.ufpel.edu.br\/prae\/files\/2022\/02\/SARE-400x146.png\" alt=\"\" width=\"400\" height=\"146\" srcset=\"https:\/\/wp.ufpel.edu.br\/prae\/files\/2022\/02\/SARE-400x146.png 400w, https:\/\/wp.ufpel.edu.br\/prae\/files\/2022\/02\/SARE-1024x373.png 1024w, https:\/\/wp.ufpel.edu.br\/prae\/files\/2022\/02\/SARE-768x280.png 768w, https:\/\/wp.ufpel.edu.br\/prae\/files\/2022\/02\/SARE.png 1245w\" sizes=\"auto, (max-width: 400px) 100vw, 400px\" \/><\/a><\/p>\n<p>&nbsp;<\/p>\n<p style=\"text-align: justify\">A Se\u00e7\u00e3o de Apoio aos <strong>Restaurantes Universit\u00e1rios<\/strong> (SARE) da UFPel \u00e9 o \u00f3rg\u00e3o respons\u00e1vel pela implementa\u00e7\u00e3o de projetos e acompanhamento dos Restaurantes Universit\u00e1rios da UFPel.<\/p>\n<p><b>Os Restaurantes Universit\u00e1rios da UFPel correspondem \u00e0s tr\u00eas unidades: RU Centro, RU Campus Cap\u00e3o e RU Campus Anglo.<\/b><\/p>\n<p>&nbsp;<\/p>\n<p><strong>Equipe:\u00a0<\/strong><\/p>\n<p>Ang\u00e9lica Teixeira da Silva Leitzke \u2013 Coordenadora de Pol\u00edticas Estudantis<\/p>\n<p>Gisele Ferreira Dutra \u2013 Chefe da Se\u00e7\u00e3o de Apoio aos Restaurantes Universit\u00e1rios<\/p>\n<p>Caroline Pereira das Neves &#8211; Nutricionista<\/p>\n<p>&nbsp;<\/p>\n<p><strong>Hor\u00e1rios de atendimento da SARE:<\/strong><\/p>\n<p>8h \u2013 12h \/14h \u2013 18h*<\/p>\n<p>*Em dias\/hor\u00e1rios variados h\u00e1 experiente presencialmente\u00a0junto aos RUs.<\/p>\n<p>&nbsp;<\/p>\n<p><strong>D\u00favidas e sugest\u00f5es<\/strong>:\u00a0<a href=\"mailto:ru.praeufpel@gmail.com\">ru.praeufpel@gmail.com<\/a><\/p>\n<p>&nbsp;<\/p>\n<p><strong><a href=\"https:\/\/wp.ufpel.edu.br\/prae\/restaurante-universitario\/enderecos\/\" target=\"_blank\" rel=\"noopener\">PARA INFORMA\u00c7\u00d5ES SOBRE ENDERE\u00c7O, HOR\u00c1RIOS E VALORES DOS RUs, ACESSE AQUI<\/a><\/strong><\/p>\n<p><strong><a href=\"https:\/\/wp.ufpel.edu.br\/prae\/restaurante-universitario\/cardapio-ru\/\" target=\"_blank\" rel=\"noopener\">PARA INFORMA\u00c7\u00d5ES SOBRE OS CARD\u00c1PIOS DOS RUs, ACESSE AQUI<\/a><\/strong><\/p>\n<p><strong><a href=\"https:\/\/wp.ufpel.edu.br\/prae\/coordenacao-de-politicas-estudantis\/politicas-para-maes-e-pais\/\" target=\"_blank\" rel=\"noopener\">PARA INFORMA\u00c7\u00d5ES QUANTO A POL\u00cdTICA DE M\u00c3ES E PAIS NOS RUs, ACESSE AQUI<\/a><\/strong><\/p>\n<p><strong><a href=\"https:\/\/wp.ufpel.edu.br\/prae\/category\/restaurante-universitario\/\" target=\"_blank\" rel=\"noopener\">ACOMPANHE AQUI AS ULTIMAS NOT\u00cdCIAS SOBRE OS RUs<\/a><\/strong><\/p>\n","protected":false},"excerpt":{"rendered":"<p>&nbsp; A Se\u00e7\u00e3o de Apoio aos Restaurantes Universit\u00e1rios (SARE) da UFPel \u00e9 o \u00f3rg\u00e3o respons\u00e1vel pela implementa\u00e7\u00e3o de projetos e acompanhamento dos Restaurantes Universit\u00e1rios da UFPel. Os Restaurantes Universit\u00e1rios da UFPel correspondem \u00e0s tr\u00eas unidades: RU Centro, RU Campus Cap\u00e3o e RU Campus Anglo. &nbsp; Equipe:\u00a0 Ang\u00e9lica Teixeira da Silva Leitzke \u2013 Coordenadora de Pol\u00edticas &hellip; <\/p>\n<p class=\"link-more\"><a href=\"https:\/\/wp.ufpel.edu.br\/prae\/restaurante-universitario-2\/\" class=\"more-link\">Continue lendo<span class=\"screen-reader-text\"> &#8220;Restaurante Universit\u00e1rio&#8221;<\/span><\/a><\/p>\n","protected":false},"author":229,"featured_media":0,"parent":0,"menu_order":0,"comment_status":"closed","ping_status":"closed","template":"","meta":{"footnotes":""},"class_list":["post-14120","page","type-page","status-publish","hentry"],"_links":{"self":[{"href":"https:\/\/wp.ufpel.edu.br\/prae\/wp-json\/wp\/v2\/pages\/14120","targetHints":{"allow":["GET"]}}],"collection":[{"href":"https:\/\/wp.ufpel.edu.br\/prae\/wp-json\/wp\/v2\/pages"}],"about":[{"href":"https:\/\/wp.ufpel.edu.br\/prae\/wp-json\/wp\/v2\/types\/page"}],"author":[{"embeddable":true,"href":"https:\/\/wp.ufpel.edu.br\/prae\/wp-json\/wp\/v2\/users\/229"}],"replies":[{"embeddable":true,"href":"https:\/\/wp.ufpel.edu.br\/prae\/wp-json\/wp\/v2\/comments?post=14120"}],"version-history":[{"count":9,"href":"https:\/\/wp.ufpel.edu.br\/prae\/wp-json\/wp\/v2\/pages\/14120\/revisions"}],"predecessor-version":[{"id":15326,"href":"https:\/\/wp.ufpel.edu.br\/prae\/wp-json\/wp\/v2\/pages\/14120\/revisions\/15326"}],"wp:attachment":[{"href":"https:\/\/wp.ufpel.edu.br\/prae\/wp-json\/wp\/v2\/media?parent=14120"}],"curies":[{"name":"wp","href":"https:\/\/api.w.org\/{rel}","templated":true}]}}