{"id":13041,"date":"2022-02-22T09:06:38","date_gmt":"2022-02-22T12:06:38","guid":{"rendered":"https:\/\/wp.ufpel.edu.br\/prae\/?page_id=13041"},"modified":"2023-01-02T17:21:27","modified_gmt":"2023-01-02T20:21:27","slug":"editais-2022","status":"publish","type":"page","link":"https:\/\/wp.ufpel.edu.br\/prae\/coordenacao_de_ingresso_e_beneficios\/editais\/editais-2022\/","title":{"rendered":"Editais 2022"},"content":{"rendered":"<ul>\n<li><strong>Ingresso por cotas<\/strong><\/li>\n<\/ul>\n<p style=\"padding-left: 80px\"><a href=\"https:\/\/wp.ufpel.edu.br\/sisu\/editais\/\">Editais SISU<\/a><\/p>\n<p style=\"padding-left: 80px\"><a href=\"https:\/\/wp.ufpel.edu.br\/matriculaspave\/editais\/\">Editais PAVE<\/a><\/p>\n<p>&nbsp;<\/p>\n<hr \/>\n<p><strong>Editais encerrados:<\/strong><\/p>\n<p style=\"padding-left: 40px\"><span style=\"color: #000000\"><strong>Edital CPE\/PRAE 02\/2022 \u2013 Moradia Estudantil P\u00d3S-GRADUA\u00c7\u00c3O 2022 &#8211; <a style=\"color: #000000\" href=\"https:\/\/wp.ufpel.edu.br\/prae\/files\/2022\/04\/SEI_23110.003994_2022_98-5.pdf\" target=\"_blank\" rel=\"noopener\">EDITAL 02\/2022 &#8211; PROCESSO DE INSCRI\u00c7\u00c3O PARA PROGRAMA DE MORADIA ESTUDANTIL &#8211; P\u00d3S-GRADUA\u00c7\u00c3O 2022 (*RETIFICADO)<\/a>(atualize o documento)<\/strong><\/span><\/p>\n<p style=\"padding-left: 80px\"><span style=\"color: #000000\">Inscri\u00e7\u00f5es: 21 de mar\u00e7o e 30 de novembro de 2022.<\/span><\/p>\n<p style=\"padding-left: 80px\"><span style=\"color: #000000\">1\u00ba Lista de Classifica\u00e7\u00e3o Geral (Inscri\u00e7\u00f5es de 21\/03 a 25\/04\/22): <a style=\"color: #000000\" href=\"https:\/\/wp.ufpel.edu.br\/prae\/files\/2022\/04\/SEI_23110.003994_2022_98-5.pdf\" target=\"_blank\" rel=\"noopener\">RESULTADO &#8211; 1\u00aa LISTA DE CLASSIFICA\u00c7\u00c3O GERAL(*RETIFICADO)<\/a>(atualize o documento)<\/span><\/p>\n<p style=\"padding-left: 80px\"><span style=\"color: #000000\">2\u00ba Lista de Classifica\u00e7\u00e3o Geral (Inscri\u00e7\u00f5es de 26\/04 a 25\/05\/22):\u00a0 <a style=\"color: #000000\" href=\"https:\/\/wp.ufpel.edu.br\/prae\/files\/2022\/04\/SEI_23110.003994_2022_98-5.pdf\" target=\"_blank\" rel=\"noopener\">RESULTADO -2\u00aa LISTA DE CLASSIFICA\u00c7\u00c3O GERAL<\/a>(atualize o documento)<\/span><\/p>\n<p style=\"padding-left: 80px\"><span style=\"color: #000000\">3\u00ba Lista de Classifica\u00e7\u00e3o Geral (Inscri\u00e7\u00f5es de 26\/05 a 24\/06\/22): <a style=\"color: #000000\" href=\"https:\/\/wp.ufpel.edu.br\/prae\/files\/2022\/04\/SEI_23110.003994_2022_98-5.pdf\" target=\"_blank\" rel=\"noopener\">RESULTADO &#8211; 3\u00ba Lista de Classifica\u00e7\u00e3o Geral<\/a>(atualize o documento)<\/span><\/p>\n<p style=\"padding-left: 80px\"><span style=\"color: #000000\">4\u00ba Lista de Classifica\u00e7\u00e3o Geral **RETIFICADO**:\u00a0 (Inscri\u00e7\u00f5es de 25\/06 a 27\/07\/22): <a style=\"color: #000000\" href=\"https:\/\/wp.ufpel.edu.br\/prae\/files\/2022\/04\/SEI_23110.003994_2022_98-5.pdf\" target=\"_blank\" rel=\"noopener\">RESULTADO &#8211; 4\u00ba Lista de Classifica\u00e7\u00e3o Geral **RETIFICADO**<\/a>(atualize o documento)<\/span><\/p>\n<p style=\"padding-left: 80px\"><span style=\"color: #000000\">5\u00ba Lista de Classifica\u00e7\u00e3o Geral: (Inscri\u00e7\u00f5es de 28\/07 a 24\/08\/22): <a style=\"color: #000000\" href=\"https:\/\/wp.ufpel.edu.br\/prae\/files\/2022\/04\/SEI_23110.003994_2022_98-5.pdf\" target=\"_blank\" rel=\"noopener\">RESULTADO &#8211; 5\u00ba Lista de Classifica\u00e7\u00e3o Geral<\/a>(atualize o documento)<\/span><\/p>\n<p style=\"padding-left: 80px\"><span style=\"color: #000000\">6\u00ba Lista de Classifica\u00e7\u00e3o Geral: (Inscri\u00e7\u00f5es de 25\/08 a 26\/09\/22): <a style=\"color: #000000\" href=\"https:\/\/wp.ufpel.edu.br\/prae\/files\/2022\/04\/SEI_23110.003994_2022_98-5.pdf\" target=\"_blank\" rel=\"noopener\">RESULTADO &#8211; 6\u00ba Lista de Classifica\u00e7\u00e3o Geral<\/a>\u00a0(atualize o documento) <\/span><\/p>\n<p style=\"padding-left: 80px\"><span style=\"color: #000000\">7\u00ba Lista de Classifica\u00e7\u00e3o Geral: (Inscri\u00e7\u00f5es de 27\/09 a 24\/10\/22): <a style=\"color: #000000\" href=\"https:\/\/wp.ufpel.edu.br\/prae\/files\/2022\/04\/SEI_23110.003994_2022_98-5.pdf\" target=\"_blank\" rel=\"noopener\">RESULTADO &#8211; 7\u00ba Lista de Classifica\u00e7\u00e3o Geral<\/a>\u00a0(atualize o documento)<\/span><\/p>\n<p style=\"padding-left: 80px\"><span style=\"color: #000000\">8\u00ba Lista de Classifica\u00e7\u00e3o Geral: (Inscri\u00e7\u00f5es de 25\/10 a 25\/11\/22): <a style=\"color: #000000\" href=\"https:\/\/wp.ufpel.edu.br\/prae\/files\/2022\/04\/SEI_23110.003994_2022_98-5.pdf\" target=\"_blank\" rel=\"noopener\">RESULTADO &#8211; 8\u00ba Lista de Classifica\u00e7\u00e3o Geral<\/a>(atualize o documento) <\/span><\/p>\n<p style=\"padding-left: 80px\"><span style=\"color: #000000\">9\u00ba Lista de Classifica\u00e7\u00e3o Geral: (Inscri\u00e7\u00f5es at\u00e9 3011\/22): <a style=\"color: #000000\" href=\"https:\/\/wp.ufpel.edu.br\/prae\/files\/2022\/04\/SEI_23110.003994_2022_98-5.pdf\" target=\"_blank\" rel=\"noopener\">RESULTADO &#8211; 9\u00ba Lista de Classifica\u00e7\u00e3o Geral<\/a>(atualize o documento)<\/span><\/p>\n<p style=\"padding-left: 80px\"><strong><span style=\"color: #ff0000\">RESULTADO FINAL &#8211; LISTA DE CLASSIFICA\u00c7\u00c3O GERAL (**RETIFICADO) <a href=\"https:\/\/wp.ufpel.edu.br\/prae\/files\/2022\/04\/SEI_23110.003994_2022_98-5.pdf\" target=\"_blank\" rel=\"noopener\">ACESSE AQUI <\/a><\/span><span style=\"color: #ff0000\">(ATUALIZE O DOCUMENTO)<\/span><\/strong><\/p>\n<p>&nbsp;<\/p>\n<p style=\"padding-left: 40px\"><strong>Edital PRAE 28\/22 &#8211; Processo de sele\u00e7\u00e3o para o Programa de Moradia Estudantil (PME) &#8211; GRADUA\u00c7\u00c3O<\/strong><\/p>\n<p style=\"padding-left: 80px\">Edital: <a href=\"https:\/\/wp.ufpel.edu.br\/prae\/files\/2022\/10\/SEI_23110.039658_2022_83_Edital_PRAE_28_22_Selecao_PMEv2-1.pdf\">Edital PRAE 28\/22 &#8211; Sele\u00e7\u00e3o para o Programa de Moradia Estudantil (PME)<\/a><\/p>\n<p style=\"padding-left: 80px\">Resultado Preliminar: <a href=\"https:\/\/wp.ufpel.edu.br\/prae\/files\/2022\/11\/SEI_23110.039658_2022_83_preliminar.pdf\">Edital PRAE 28\/22 &#8211; Sele\u00e7\u00e3o para o Programa de Moradia Estudantil (PME)<\/a><\/p>\n<p style=\"padding-left: 80px\">Resultado Final: <a href=\"https:\/\/wp.ufpel.edu.br\/prae\/files\/2022\/12\/SEI_23110.039658_2022_83_Edital_PRAE_28_22_Selecao_PMEv3.pdf\">Edital PRAE 28\/22 &#8211; Sele\u00e7\u00e3o para o Programa de Moradia Estudantil (PME)<\/a><\/p>\n<p>&nbsp;<\/p>\n<p style=\"padding-left: 40px\"><strong>Edital Vinculado PRAE 27\/2022 &#8211; SISU &#8211; Chamada Especial 2a, 3a e 4a Convoca\u00e7\u00e3o 2022\/1, PAVE &#8211; Chamada Especial 2a, 3a e 4a Convoca\u00e7\u00e3o 2022\/1, Processo Seletivo Complementar para Medicina (Reingresso, Reop\u00e7\u00e3o e Transfer\u00eancia) &#8211; 2022\/1 e Processo Seletivo Simplificado &#8211; 1a Convoca\u00e7\u00e3o \u2013 2022\/1<\/strong><\/p>\n<p style=\"padding-left: 80px\">Edital: <a href=\"https:\/\/wp.ufpel.edu.br\/prae\/files\/2022\/08\/SEI_23110.031671_2022_94_Edital_PRAE_27_22_Diversos_ingressos_v1.pdf\">Edital Vinculado PRAE 27\/2022 &#8211; SISU &#8211; Chamada Especial 2a, 3a e 4a Convoca\u00e7\u00e3o 2022\/1, PAVE &#8211; Chamada Especial 2a, 3a e 4a Convoca\u00e7\u00e3o 2022\/1, Processo Seletivo Complementar para Medicina (Reingresso, Reop\u00e7\u00e3o e Transfer\u00eancia) &#8211; 2022\/1 e Processo Seletivo Simplificado &#8211; 1a Convoca\u00e7\u00e3o \u2013 2022\/1<\/a><\/p>\n<p style=\"padding-left: 80px\">Resultado Preliminar: <a href=\"https:\/\/wp.ufpel.edu.br\/prae\/files\/2022\/10\/SEI_23110.031671_2022_94_Edital_PRAE_27_22_Diversos_ingressos_v3.pdf\">Edital Vinculado PRAE 27\/2022 &#8211; SISU &#8211; Chamada Especial 2a, 3a e 4a Convoca\u00e7\u00e3o 2022\/1, PAVE &#8211; Chamada Especial 2a, 3a e 4a Convoca\u00e7\u00e3o 2022\/1, Processo Seletivo Complementar para Medicina (Reingresso, Reop\u00e7\u00e3o e Transfer\u00eancia) &#8211; 2022\/1 e Processo Seletivo Simplificado &#8211; 1a Convoca\u00e7\u00e3o \u2013 2022\/1<\/a><\/p>\n<p style=\"padding-left: 80px\">Resultado Final: <a href=\"https:\/\/wp.ufpel.edu.br\/prae\/files\/2022\/11\/SEI_23110.031671_2022_94_Edital_PRAE_27_22_Diversos_ingressos_v4.pdf\">Edital Vinculado PRAE 27\/2022 &#8211; SISU &#8211; Chamada Especial 2a, 3a e 4a Convoca\u00e7\u00e3o 2022\/1, PAVE &#8211; Chamada Especial 2a, 3a e 4a Convoca\u00e7\u00e3o 2022\/1, Processo Seletivo Complementar para Medicina (Reingresso, Reop\u00e7\u00e3o e Transfer\u00eancia) &#8211; 2022\/1 e Processo Seletivo Simplificado &#8211; 1a Convoca\u00e7\u00e3o \u2013 2022\/1<\/a><\/p>\n<p>&nbsp;<\/p>\n<p style=\"padding-left: 40px\"><strong>Edital Vinculado PRAE 26\/22 &#8211; Processo Seletivo Simplificado 2022\/1<\/strong><\/p>\n<p style=\"padding-left: 80px\">Publica\u00e7\u00e3o do edital: <a href=\"https:\/\/wp.ufpel.edu.br\/prae\/files\/2022\/07\/SEI_23110.027284_2022_53_Processo_Seletivo_Simplificado_Edital_PRAE_26_22_v2.pdf\">Edital Vinculado PRAE 26\/22 &#8211; Processo Seletivo Simplificado 2022\/1<\/a><\/p>\n<p style=\"padding-left: 80px\">Lista de inscri\u00e7\u00f5es completas\/incompletas: <a href=\"https:\/\/wp.ufpel.edu.br\/prae\/files\/2022\/08\/SEI_23110.027284_2022_53_Processo_Seletivo_Simplificado_Edital_PRAE_26_22_v3.pdf\">Edital Vinculado PRAE 26\/22 &#8211; Processo Seletivo Simplificado 2022\/1<\/a><\/p>\n<p style=\"padding-left: 80px\">Resultado Preliminar: <a href=\"https:\/\/wp.ufpel.edu.br\/prae\/files\/2022\/09\/SEI_23110.027284_2022_53_Processo_Seletivo_Simplificado_Edital_PRAE_26_22_v5.pdf\">Edital Vinculado PRAE 26\/22 &#8211; Processo Seletivo Simplificado 2022\/1<\/a><\/p>\n<p style=\"padding-left: 80px\">Resultado Final: <a href=\"https:\/\/wp.ufpel.edu.br\/prae\/files\/2022\/10\/SEI_23110.027284_2022_53_Processo_Seletivo_Simplificado_Edital_PRAE_26_22_v6.pdf\">Edital Vinculado PRAE 26\/22 &#8211; Processo Seletivo Simplificado 2022\/1<\/a><\/p>\n<p>&nbsp;<\/p>\n<p style=\"padding-left: 40px\"><strong>Edital PRAE 25\/2022 &#8211; Sele\u00e7\u00e3o para os Programas de Aux\u00edlio Estudantil 2022\/1<\/strong><\/p>\n<p style=\"padding-left: 80px\">Edital: <a href=\"https:\/\/wp.ufpel.edu.br\/prae\/files\/2022\/07\/SEI_23110.024094_2022_84_Edital_PRAE_25_22_Selecao_Ingresso_Programas_v1.pdf\">Edital PRAE 25\/2022 &#8211; Sele\u00e7\u00e3o para os Programas de Aux\u00edlio Estudantil 2022\/1<\/a><\/p>\n<p style=\"padding-left: 80px\">Lista de inscri\u00e7\u00f5es homologadas para a sele\u00e7\u00e3o: <a href=\"https:\/\/wp.ufpel.edu.br\/prae\/files\/2022\/08\/SEI_23110.024094_2022_84_Edital_PRAE_25_22_Selecao_Ingresso_Programas_ListaInscritos.pdf\">Edital PRAE 25\/2022 &#8211; Sele\u00e7\u00e3o para os Programas de Aux\u00edlio Estudantil 2022\/1<\/a><\/p>\n<p style=\"padding-left: 80px\">Resultado Preliminar: <a href=\"https:\/\/wp.ufpel.edu.br\/prae\/files\/2022\/09\/SEI_23110.024094_2022_84.pdf\">Edital PRAE 25\/2022 &#8211; Sele\u00e7\u00e3o para os Programas de Aux\u00edlio Estudantil 2022\/1<\/a><\/p>\n<p style=\"padding-left: 80px\">Resultado Final: <a href=\"https:\/\/wp.ufpel.edu.br\/prae\/files\/2022\/10\/SEI_23110.024094_2022_84_Edital_PRAE_25_22_Selecao_Ingresso_Programas_v2_final.pdf\">Edital PRAE 25\/2022 &#8211; Sele\u00e7\u00e3o para os Programas de Aux\u00edlio Estudantil 2022\/1<\/a><\/p>\n<p>&nbsp;<\/p>\n<p style=\"padding-left: 40px\"><strong>Edital Vinculado PRAE 24\/2022 &#8211; PSC Reingresso, Reop\u00e7\u00e3o, Transfer\u00eancia e Portador de Diploma 2022\/1<\/strong><\/p>\n<p style=\"padding-left: 80px\">Edital: <a href=\"https:\/\/wp.ufpel.edu.br\/prae\/files\/2022\/07\/SEI_23110.025248_2022_55_Edital_PRAE_24_22_Reingresso_Reopcao_Transferencia_Portador_de_Diploma_2022_1_v2-1.pdf\">Edital Vinculado PRAE 24\/2022 &#8211; PSC Reingresso, Reop\u00e7\u00e3o, Transfer\u00eancia e Portador de Diploma 2022\/1<\/a><\/p>\n<p style=\"padding-left: 80px\">Lista de inscri\u00e7\u00f5es completas\/incompletas: <a href=\"https:\/\/wp.ufpel.edu.br\/prae\/files\/2022\/07\/SEI_23110.025248_2022_55_Edital_PRAE_24_22_Reingresso_Reopcao_Transferencia_Portador_de_Diploma_2022_1_v3.pdf\">Edital Vinculado PRAE 24\/2022 &#8211; PSC Reingresso, Reop\u00e7\u00e3o, Transfer\u00eancia e Portador de Diploma 2022\/1<\/a><\/p>\n<p style=\"padding-left: 80px\">Resultado Preliminar: <a href=\"https:\/\/wp.ufpel.edu.br\/prae\/files\/2022\/07\/SEI_23110.025248_2022_55_Edital_PRAE_24_22_Reingresso_Reopcao_Transferencia_Portador_de_Diploma_2022_1_v4.pdf\">Edital Vinculado PRAE 24\/2022 &#8211; PSC Reingresso, Reop\u00e7\u00e3o, Transfer\u00eancia e Portador de Diploma 2022\/1<\/a><\/p>\n<p style=\"padding-left: 80px\">Resultado Final: <a href=\"https:\/\/wp.ufpel.edu.br\/prae\/files\/2022\/08\/SEI_23110.025248_2022_55_corrigido3.pdf\">Edital Vinculado PRAE 24\/2022 &#8211; PSC Reingresso, Reop\u00e7\u00e3o, Transfer\u00eancia e Portador de Diploma 2022\/1<\/a><\/p>\n<p>&nbsp;<\/p>\n","protected":false},"excerpt":{"rendered":"<p>Ingresso por cotas Editais SISU Editais PAVE &nbsp; Editais encerrados: Edital CPE\/PRAE 02\/2022 \u2013 Moradia Estudantil P\u00d3S-GRADUA\u00c7\u00c3O 2022 &#8211; EDITAL 02\/2022 &#8211; PROCESSO DE INSCRI\u00c7\u00c3O PARA PROGRAMA DE MORADIA ESTUDANTIL &#8211; P\u00d3S-GRADUA\u00c7\u00c3O 2022 (*RETIFICADO)(atualize o documento) Inscri\u00e7\u00f5es: 21 de mar\u00e7o e 30 de novembro de 2022. 1\u00ba Lista de Classifica\u00e7\u00e3o Geral (Inscri\u00e7\u00f5es de 21\/03 a &hellip; <\/p>\n<p class=\"link-more\"><a href=\"https:\/\/wp.ufpel.edu.br\/prae\/coordenacao_de_ingresso_e_beneficios\/editais\/editais-2022\/\" class=\"more-link\">Continue lendo<span class=\"screen-reader-text\"> &#8220;Editais 2022&#8221;<\/span><\/a><\/p>\n","protected":false},"author":229,"featured_media":0,"parent":8205,"menu_order":0,"comment_status":"closed","ping_status":"closed","template":"","meta":{"footnotes":""},"class_list":["post-13041","page","type-page","status-publish","hentry"],"_links":{"self":[{"href":"https:\/\/wp.ufpel.edu.br\/prae\/wp-json\/wp\/v2\/pages\/13041","targetHints":{"allow":["GET"]}}],"collection":[{"href":"https:\/\/wp.ufpel.edu.br\/prae\/wp-json\/wp\/v2\/pages"}],"about":[{"href":"https:\/\/wp.ufpel.edu.br\/prae\/wp-json\/wp\/v2\/types\/page"}],"author":[{"embeddable":true,"href":"https:\/\/wp.ufpel.edu.br\/prae\/wp-json\/wp\/v2\/users\/229"}],"replies":[{"embeddable":true,"href":"https:\/\/wp.ufpel.edu.br\/prae\/wp-json\/wp\/v2\/comments?post=13041"}],"version-history":[{"count":84,"href":"https:\/\/wp.ufpel.edu.br\/prae\/wp-json\/wp\/v2\/pages\/13041\/revisions"}],"predecessor-version":[{"id":14382,"href":"https:\/\/wp.ufpel.edu.br\/prae\/wp-json\/wp\/v2\/pages\/13041\/revisions\/14382"}],"up":[{"embeddable":true,"href":"https:\/\/wp.ufpel.edu.br\/prae\/wp-json\/wp\/v2\/pages\/8205"}],"wp:attachment":[{"href":"https:\/\/wp.ufpel.edu.br\/prae\/wp-json\/wp\/v2\/media?parent=13041"}],"curies":[{"name":"wp","href":"https:\/\/api.w.org\/{rel}","templated":true}]}}