{"id":4354,"date":"2021-07-12T22:50:31","date_gmt":"2021-07-13T01:50:31","guid":{"rendered":"https:\/\/wp.ufpel.edu.br\/pra\/?page_id=4354"},"modified":"2023-04-14T09:47:05","modified_gmt":"2023-04-14T12:47:05","slug":"legislacao","status":"publish","type":"page","link":"https:\/\/wp.ufpel.edu.br\/pra\/legislacao\/","title":{"rendered":"LEGISLA\u00c7\u00c3O"},"content":{"rendered":"\r\n<p class=\"has-large-font-size\" style=\"text-align: justify;\"><strong>Aquisi\u00e7\u00f5es e Contrata\u00e7\u00f5es:<\/strong><\/p>\r\n\r\n\r\n\r\n<p style=\"text-align: justify;\"><a href=\"http:\/\/www.planalto.gov.br\/ccivil_03\/leis\/L8245compilado.htm\" target=\"_blank\" rel=\"noreferrer noopener\">LEI N\u00ba 8.245 DE 18 DE OUTUBRO DE 1991<\/a>\u2013 Disp\u00f5e sobre as loca\u00e7\u00f5es dos im\u00f3veis urbanos e os procedimentos a elas pertinentes.<\/p>\r\n\r\n\r\n\r\n<p style=\"text-align: justify;\"><a href=\"http:\/\/www.planalto.gov.br\/ccivil_03\/leis\/L9636compilado.htm\" target=\"_blank\" rel=\"noreferrer noopener\">LEI N\u00ba 9.636 DE 15 DE MAIO DE 1998<\/a>\u2013 Disp\u00f5e sobre a regulariza\u00e7\u00e3o, administra\u00e7\u00e3o, aforamento e aliena\u00e7\u00e3o de bens im\u00f3veis de dom\u00ednio da Uni\u00e3o, altera dispositivos dos Decretos-Leis n<sup>os<\/sup>\u00a09.760, de 5 de setembro de 1946, e 2.398, de 21 de dezembro de 1987, regulamenta o \u00a7 2<sup>o<\/sup>\u00a0do art. 49 do Ato das Disposi\u00e7\u00f5es Constitucionais Transit\u00f3rias, e d\u00e1 outras provid\u00eancias.<\/p>\r\n\r\n\r\n\r\n<p style=\"text-align: justify;\"><span style=\"font-size: 12pt;\"><a href=\"http:\/\/www.planalto.gov.br\/ccivil_03\/Leis\/L8666compilado.htm\" target=\"_blank\" rel=\"noreferrer noopener\"><small>LEI N\u00ba 8.666, DE 21 DE JUNHO DE 1993<\/small><\/a><\/span>\u00a0\u2013 Lei de Licita\u00e7\u00f5es e Contratos da Administra\u00e7\u00e3o P\u00fablica.<\/p>\r\n\r\n\r\n\r\n<p style=\"text-align: justify;\"><a href=\"http:\/\/www.planalto.gov.br\/ccivil_03\/leis\/l9784.htm\" target=\"_blank\" rel=\"noreferrer noopener\">LEI N\u00ba 9.784, DE 29 DE JANEIRO DE 1999<\/a>\u00a0\u2013 Regula o Processo administrativo no \u00e2mbito da Administra\u00e7\u00e3o P\u00fablica Federal.<\/p>\r\n\r\n\r\n\r\n<p style=\"text-align: justify;\"><span style=\"font-size: 12pt;\"><a href=\"http:\/\/www.planalto.gov.br\/ccivil_03\/Leis\/2002\/l10520.htm\" target=\"_blank\" rel=\"noreferrer noopener\"><small>LEI N<sup>o<\/sup>\u00a010.520, DE 17 DE JULHO DE 2002<\/small><\/a><\/span>\u00a0\u2013 Institui a modalidade de licita\u00e7\u00e3o denominada preg\u00e3o, para aquisi\u00e7\u00e3o de bens e servi\u00e7os comuns.<\/p>\r\n\r\n\r\n\r\n<p style=\"text-align: justify;\"><a href=\"http:\/\/www.planalto.gov.br\/ccivil_03\/Leis\/lcp\/lcp123.htm\" target=\"_blank\" rel=\"noreferrer noopener\">LEI COMPLEMENTAR N\u00ba 123, DE 14 DE DEZEMBRO DE 2006<\/a>\u00a0\u2013 Normas gerais relativas ao tratamento diferenciado e favorecido a ser dispensado \u00e0s microempresas e empresas de pequeno porte no \u00e2mbito dos Poderes da Uni\u00e3o, dos Estados, do Distrito Federal e dos Munic\u00edpios.<\/p>\r\n\r\n\r\n\r\n<p style=\"text-align: justify;\"><a href=\"http:\/\/www.planalto.gov.br\/ccivil_03\/_ato2011-2014\/2011\/lei\/l12462.htm\" target=\"_blank\" rel=\"noreferrer noopener\">LEI N\u00ba 12.462, DE 4 DE AGOSTO DE 2011<\/a>\u00a0\u2013 Institui o Regime Diferenciado de Contrata\u00e7\u00f5es P\u00fablicas \u2013 RDC (\u2026).<\/p>\r\n<p style=\"text-align: justify;\"><a href=\"http:\/\/www.planalto.gov.br\/ccivil_03\/_ato2019-2022\/2021\/lei\/L14133.htm\" target=\"_blank\" rel=\"noopener\">LEI N\u00ba 14.133, DE 1\u00ba DE ABRIL DE 2021<\/a> &#8211; Lei de Licita\u00e7\u00f5es e Contratos Administrativos.<\/p>\r\n\r\n\r\n\r\n<p style=\"text-align: justify;\"><a href=\"http:\/\/www.planalto.gov.br\/ccivil_03\/_ato2019-2022\/2019\/decreto\/D10024.htm\" target=\"_blank\" rel=\"noreferrer noopener\">DECRETO N\u00ba 10.024, DE\u00a020 DE SETEMBRO DE 2019<\/a>\u00a0\u2013 Regulamenta a licita\u00e7\u00e3o, na modalidade preg\u00e3o, na forma eletr\u00f4nica, para a aquisi\u00e7\u00e3o de bens e a contrata\u00e7\u00e3o de servi\u00e7os comuns, inclu\u00eddos os servi\u00e7os comuns de engenharia, e disp\u00f5e sobre o uso da dispensa eletr\u00f4nica, no \u00e2mbito da administra\u00e7\u00e3o p\u00fablica federal.<\/p>\r\n<p style=\"text-align: justify;\"><a href=\"http:\/\/www.planalto.gov.br\/ccivil_03\/_ato2019-2022\/2021\/decreto\/D10818.htm\" target=\"_blank\" rel=\"noopener\">DECRETO N\u00ba 10.818, DE 27 DE SETEMBRO DE 2021<\/a> &#8211; Regulamenta o disposto no art. 20 da Lei n\u00ba 14.133, de 1\u00ba de abril de 2021, para estabelecer o enquadramento dos bens de consumo adquiridos para suprir as demandas das estruturas da administra\u00e7\u00e3o p\u00fablica federal nas categorias de qualidade comum e de luxo.<\/p>\r\n<p style=\"text-align: justify;\"><a href=\"https:\/\/in.gov.br\/en\/web\/dou\/-\/decreto-n-10.947-de-25-de-janeiro-de-2022-376059032\" target=\"_blank\" rel=\"noreferrer noopener\">DECRETO N\u00ba 10.947, DE 25 DE JANEIRO DE 2022<\/a> \u2013 Disp\u00f5e sobre o Plano Anual de Contrata\u00e7\u00f5es.<\/p>\r\n<p style=\"text-align: justify;\"><a href=\"http:\/\/www.planalto.gov.br\/ccivil_03\/_ato2019-2022\/2022\/decreto\/D11246.htm\" target=\"_blank\" rel=\"noopener\">DECRETO N\u00ba 11.246, DE 27 DE OUTUBRO DE 2022<\/a>&#8211; Regulamenta o disposto no \u00a7 3\u00ba do art. 8\u00ba da Lei n\u00ba 14.133, de 1\u00ba de abril de 2021, para dispor sobre as regras para a atua\u00e7\u00e3o do agente de contrata\u00e7\u00e3o e da equipe de apoio, o funcionamento da comiss\u00e3o de contrata\u00e7\u00e3o e a atua\u00e7\u00e3o dos gestores e fiscais de contratos, no \u00e2mbito da administra\u00e7\u00e3o p\u00fablica federal direta, aut\u00e1rquica e fundacional.<\/p>\r\n<p style=\"text-align: justify;\"><a href=\"http:\/\/www.planalto.gov.br\/ccivil_03\/_ato2019-2022\/2022\/decreto\/D11317.htm\" target=\"_blank\" rel=\"noopener\">DECRETO N\u00ba 11.317, DE 29 DE DEZEMBRO DE 2022<\/a> &#8211; Atualiza os valores estabelecidos na Lei n\u00ba 14.133, de 1\u00ba de abril de 2021.<\/p>\r\n<p style=\"text-align: justify;\"><a href=\"http:\/\/www.planalto.gov.br\/ccivil_03\/_ato2023-2026\/2023\/decreto\/D11430.htm\" target=\"_blank\" rel=\"noopener\">DECRETO N\u00ba 11.430, DE 08 DE MAR\u00c7O DE 2023<\/a> &#8211; <span lang=\"PT\">Regulamenta a Lei n\u00ba 14.133, de 1\u00ba de abril de 2021, para dispor sobre a exig\u00eancia, em contrata\u00e7\u00f5es p\u00fablicas, de percentual m\u00ednimo d<\/span><span lang=\"PT\">e m\u00e3o de obra constitu\u00edda por mulheres v\u00edtimas de viol\u00eancia dom\u00e9stica e sobre a utiliza\u00e7\u00e3o do desenvolvimento, pelo licitante, de a\u00e7\u00f5es de equidade entre mulheres e homens no ambiente de trabalho como crit\u00e9rio de desempate em licita\u00e7\u00f5es, no \u00e2mbito da administra\u00e7\u00e3o p\u00fablica federal direta, aut\u00e1rquica e fundacional.<\/span><\/p>\r\n<p style=\"text-align: justify;\"><a href=\"http:\/\/www.planalto.gov.br\/ccivil_03\/_ato2023-2026\/2023\/decreto\/D11461.htm\" target=\"_blank\" rel=\"noopener\">DECRETO N\u00ba 11.461, DE 31 DE MAR\u00c7O DE 2023<\/a> &#8211; Regulamenta o art. 31 da Lei n\u00ba 14.133, de 1\u00ba de abril de 2021, para dispor sobre os procedimentos operacionais da licita\u00e7\u00e3o na modalidade leil\u00e3o, na forma eletr\u00f4nica, para aliena\u00e7\u00e3o de bens m\u00f3veis inserv\u00edveis ou legalmente apreendidos, e institui o Sistema de Leil\u00e3o Eletr\u00f4nico no \u00e2mbito da administra\u00e7\u00e3o p\u00fablica federal direta, aut\u00e1rquica e fundacional.<\/p>\r\n<p style=\"text-align: justify;\"><a href=\"http:\/\/www.planalto.gov.br\/ccivil_03\/_ato2023-2026\/2023\/decreto\/D11462.htm\" target=\"_blank\" rel=\"noopener\">DECRETO N\u00ba 11.462, DE 31 DE MAR\u00c7O DE 2023<\/a> &#8211; Regulamenta os art. 82 a art. 86 da Lei n\u00ba 14.133, de 1\u00ba de abril de 2021, para dispor sobre o sistema de registro de pre\u00e7os para a contrata\u00e7\u00e3o de bens e servi\u00e7os, inclusive obras e servi\u00e7os de engenharia, no \u00e2mbito da Administra\u00e7\u00e3o P\u00fablica federal direta, aut\u00e1rquica e fundacional.<\/p>\r\n\r\n\r\n\r\n<p style=\"text-align: justify;\"><a href=\"https:\/\/www.gov.br\/compras\/pt-br\/acesso-a-informacao\/legislacao\/instrucoes-normativas\/instrucao-normativa-no-5-de-26-de-maio-de-2017-atualizada\" target=\"_blank\" rel=\"noreferrer noopener\">INSTRU\u00c7\u00c3O NORMATIVA N\u00ba 5 , DE 26 DE MAIO DE 2017<\/a>\u00a0\u2013\u00a0\u00a0Disp\u00f5e sobre as regras e diretrizes do procedimento de contrata\u00e7\u00e3o de servi\u00e7os sob o regime de execu\u00e7\u00e3o indireta no \u00e2mbito da Administra\u00e7\u00e3o P\u00fablica federal direta, aut\u00e1rquica e fundacional.<\/p>\r\n\r\n\r\n\r\n<p style=\"text-align: justify;\"><a href=\"https:\/\/www.gov.br\/compras\/pt-br\/acesso-a-informacao\/legislacao\/instrucoes-normativas\/instrucao-normativa-no-3-de-26-de-abril-de-2018\" target=\"_blank\" rel=\"noreferrer noopener\">INSTRU\u00c7\u00c3O NORMATIVA N\u00ba 3 DE 26 DE ABRIL DE 2018<\/a>\u00a0\u2013 Estabelece regras de funcionamento do Sistema de Cadastramento Unificado de Fornecedores \u2013 SICAF, no \u00e2mbito do Poder Executivo Federal.<\/p>\r\n\r\n\r\n\r\n<p style=\"text-align: justify;\"><a href=\"https:\/\/www.gov.br\/compras\/pt-br\/acesso-a-informacao\/legislacao\/instrucoes-normativas\/instrucao-normativa-no-3-de-26-de-abril-de-2018\" target=\"_blank\" rel=\"noopener\">INSTRU\u00c7\u00c3O NORMATIVA N\u00ba 6 DE 6 DE JULHO DE 2018<\/a>\u00a0\u2013 Disp\u00f5e sobre cl\u00e1usulas assecurat\u00f3rias de direitos trabalhistas quando da execu\u00e7\u00e3o indireta de obras p\u00fablicas, no \u00e2mbito da Administra\u00e7\u00e3o P\u00fablica federal direta, aut\u00e1rquica e fundacional.<\/p>\r\n\r\n\r\n\r\n\r\n\r\n<p style=\"text-align: justify;\"><a href=\"https:\/\/www.in.gov.br\/en\/web\/dou\/-\/instrucao-normativa-n-40-de-22-de-maio-de-2020-258465807\">I<\/a><a href=\"https:\/\/www.gov.br\/compras\/pt-br\/acesso-a-informacao\/legislacao\/instrucoes-normativas\/instrucao-normativa-no-40-de-22-de-maio-de-2020\" target=\"_blank\" rel=\"noreferrer noopener\">NSTRU\u00c7\u00c3O NORMATIVA N\u00ba 40, DE 22 DE MAIO DE 2020<\/a> \u2013 Disp\u00f5e sobre a elabora\u00e7\u00e3o dos Estudos T\u00e9cnicos Preliminares<\/p>\r\n<p style=\"text-align: justify;\"><a href=\"https:\/\/www.gov.br\/compras\/pt-br\/acesso-a-informacao\/legislacao\/instrucoes-normativas\/instrucao-normativa-no-53-de-8-de-julho-de-2020\" target=\"_blank\" rel=\"noopener\">INSTRU\u00c7\u00c3O NORMATIVA N\u00ba 53, DE 8 DE JULHO DE 2020<\/a> &#8211; Disp\u00f5e sobre as regras e os procedimentos para opera\u00e7\u00e3o de cr\u00e9dito garantida por cess\u00e3o fiduci\u00e1ria dos direitos de cr\u00e9ditos decorrentes de contratos administrativos, realizadas entre o fornecedor e institui\u00e7\u00e3o financeira, por meio do Portal de Cr\u00e9dito digital, no \u00e2mbito da Administra\u00e7\u00e3o P\u00fablica federal direta, aut\u00e1rquica e fundacional.<\/p>\r\n\r\n\r\n\r\n<p style=\"text-align: justify;\"><a href=\"https:\/\/www.in.gov.br\/en\/web\/dou\/-\/instrucao-normativa-n-73-de-5-de-agosto-de-2020-270711836\" target=\"_blank\" rel=\"noreferrer noopener\">INSTRU\u00c7\u00c3O NORMATIVA N\u00ba 73, DE 5 DE AGOSTO DE 2020<\/a>\u00a0\u2013 Disp\u00f5e sobre o procedimento administrativo para a realiza\u00e7\u00e3o de pesquisa de pre\u00e7os para a aquisi\u00e7\u00e3o de bens e contrata\u00e7\u00e3o de servi\u00e7os em geral, no \u00e2mbito da administra\u00e7\u00e3o p\u00fablica federal direta, aut\u00e1rquica e fundacional.<\/p>\r\n<p style=\"text-align: justify;\"><a href=\"https:\/\/www.gov.br\/compras\/pt-br\/acesso-a-informacao\/legislacao\/instrucoes-normativas\/instrucao-normativa-no-107-de-28-de-outubro-de-2020\" target=\"_blank\" rel=\"noopener\">INSTRU\u00c7\u00c3O NORMATIVA N\u00ba 107, DE 28 DE OUTUBRO DE 2020<\/a> &#8211; Altera a Instru\u00e7\u00e3o Normativa n\u00ba 3, de 26 de abril de 2018, que estabelece regras de funcionamento do Sistema de Cadastramento Unificado de Fornecedores \u2013Sicaf, no \u00e2mbito do Poder Executivo Federal.\u00a0<\/p>\r\n<p style=\"text-align: justify;\"><a href=\"https:\/\/www.gov.br\/compras\/pt-br\/acesso-a-informacao\/legislacao\/instrucoes-normativas\/instrucao-normativa-seges-me-no-42-de-19-de-abril-de-2021\" target=\"_blank\" rel=\"noopener\">INSTRU\u00c7\u00c3O NORMATIVA N\u00ba 42, DE 19 DE ABRIL DE 2021<\/a> &#8211; Altera a Instru\u00e7\u00e3o Normativa n\u00ba 53, de 8 de julho de 2020, que disp\u00f5e sobre as regras e os procedimentos para opera\u00e7\u00e3o de cr\u00e9dito garantida por cess\u00e3o fiduci\u00e1ria dos direitos de cr\u00e9ditos decorrentes de contratos administrativos, realizadas entre o fornecedor e institui\u00e7\u00e3o financeira, por meio do Portal de Cr\u00e9dito digital, no \u00e2mbito da Administra\u00e7\u00e3o P\u00fablica federal direta, aut\u00e1rquica e fundacional.<\/p>\r\n<p style=\"text-align: justify;\"><a href=\"https:\/\/www.gov.br\/compras\/pt-br\/acesso-a-informacao\/legislacao\/instrucoes-normativas\/instrucao-normativa-autor-me-no-62-de-28-de-junho-de-2021\" target=\"_blank\" rel=\"noopener\">INSTRU\u00c7\u00c3O NORMATIVA N\u00ba 62, DE 28 DE JUNHO DE 2021<\/a> &#8211; Altera a Instru\u00e7\u00e3o Normativa n\u00ba 53, de 8 de julho de 2020, que disp\u00f5e sobre as regras e os procedimentos para opera\u00e7\u00e3o de cr\u00e9dito garantida por cess\u00e3o fiduci\u00e1ria dos direitos de cr\u00e9ditos decorrentes de contratos administrativos, realizadas entre o fornecedor e institui\u00e7\u00e3o financeira, por meio do Portal de Cr\u00e9dito digital, no \u00e2mbito da Administra\u00e7\u00e3o P\u00fablica federal direta, aut\u00e1rquica e fundacional.<\/p>\r\n<p style=\"text-align: justify;\"><a href=\"https:\/\/www.gov.br\/compras\/pt-br\/acesso-a-informacao\/legislacao\/instrucoes-normativas\/instrucao-normativa-seges-me-no-65-de-7-de-julho-de-2021\" target=\"_blank\" rel=\"noopener\">INSTRU\u00c7\u00c3O NORMATIVA N\u00ba 65, DE 7 DE JULHO DE 2021<\/a> &#8211; Disp\u00f5e sobre o procedimento administrativo para a realiza\u00e7\u00e3o de pesquisa de pre\u00e7os para aquisi\u00e7\u00e3o de bens e contrata\u00e7\u00e3o de servi\u00e7os em geral, no \u00e2mbito da administra\u00e7\u00e3o p\u00fablica federal direta, aut\u00e1rquica e fundacional.<\/p>\r\n<p style=\"text-align: justify;\"><a href=\"https:\/\/www.gov.br\/compras\/pt-br\/acesso-a-informacao\/legislacao\/instrucoes-normativas\/instrucao-normativa-seges-me-no-67-de-8-de-julho-de-2021\" target=\"_blank\" rel=\"noopener\">INSTRU\u00c7\u00c3O NORMATIVA N\u00ba 67, DE 8 DE JULHO DE 2021<\/a> &#8211; Disp\u00f5e sobre a dispensa de licita\u00e7\u00e3o, na forma eletr\u00f4nica, de que trata a Lei n\u00ba 14.133, de 1\u00ba de abril de 2021, e institui o Sistema de Dispensa Eletr\u00f4nica, no \u00e2mbito da Administra\u00e7\u00e3o P\u00fablica federal direta, aut\u00e1rquica e fundacional.<\/p>\r\n<p style=\"text-align: justify;\"><a href=\"https:\/\/www.gov.br\/compras\/pt-br\/acesso-a-informacao\/legislacao\/instrucoes-normativas\/instrucao-normativa-seges-me-no-116-de-21-de-dezembro-de-2021\" target=\"_blank\" rel=\"noopener\">INSTRU\u00c7\u00c3O NORMATIVA N\u00ba 116, DE 21 DE DEZEMBRO DE 2021<\/a> &#8211; Estabelece procedimentos para a participa\u00e7\u00e3o de pessoa f\u00edsica nas contrata\u00e7\u00f5es p\u00fablicas de que trata a Lei n\u00ba 14.133, de 1\u00ba de abril de 2021, no \u00e2mbito da Administra\u00e7\u00e3o P\u00fablica federal direta, aut\u00e1rquica e fundacional.<\/p>\r\n<p style=\"text-align: justify;\"><a href=\"https:\/\/www.gov.br\/compras\/pt-br\/acesso-a-informacao\/legislacao\/instrucoes-normativas\/instrucao-normativa-seges-me-no-26-de-13-de-abril-de-2022\" target=\"_blank\" rel=\"noopener\">INSTRU\u00c7\u00c3O NORMATIVA N\u00ba 26, DE 13 DE ABRIL DE 2022<\/a> &#8211; Disp\u00f5e sobre a dispensa, o parcelamento, a compensa\u00e7\u00e3o e a suspens\u00e3o de cobran\u00e7a de d\u00e9bito resultante de multa administrativa e\/ou indeniza\u00e7\u00f5es, previstas na Lei n\u00ba 14.133, de 1\u00ba de abril de 2021, no \u00e2mbito da Administra\u00e7\u00e3o P\u00fablica federal direta, aut\u00e1rquica e fundacional, n\u00e3o inscritas em d\u00edvida ativa.<\/p>\r\n<p style=\"text-align: justify;\"><a href=\"https:\/\/www.gov.br\/compras\/pt-br\/acesso-a-informacao\/legislacao\/instrucoes-normativas\/instrucao-normativa-seges-no-58-de-8-de-agosto-de-2022\" target=\"_blank\" rel=\"noopener\">INSTRU\u00c7\u00c3O NORMATIVA N\u00ba 58, DE 8 DE AGOSTO DE 2022<\/a> &#8211; Disp\u00f5e sobre a elabora\u00e7\u00e3o dos Estudos T\u00e9cnicos Preliminares &#8211; ETP, para a aquisi\u00e7\u00e3o de bens e a contrata\u00e7\u00e3o de servi\u00e7os e obras, no \u00e2mbito da administra\u00e7\u00e3o p\u00fablica federal direta, aut\u00e1rquica e fundacional, e sobre o Sistema ETP digital.<\/p>\r\n<p style=\"text-align: justify;\"><a href=\"https:\/\/www.gov.br\/compras\/pt-br\/acesso-a-informacao\/legislacao\/instrucoes-normativas\/instrucao-normativa-seges-me-no-73-de-30-de-setembro-de-2022\" target=\"_blank\" rel=\"noopener\">INSTRU\u00c7\u00c3O NORMATIVA N\u00ba 73, DE 30 DE SETEMBRO DE 2022<\/a> &#8211; Disp\u00f5e sobre a licita\u00e7\u00e3o pelo crit\u00e9rio de julgamento por menor pre\u00e7o ou maior desconto, na forma eletr\u00f4nica, para a contrata\u00e7\u00e3o de bens, servi\u00e7os e obras, no \u00e2mbito da Administra\u00e7\u00e3o P\u00fablica federal direta, aut\u00e1rquica e fundacional.<\/p>\r\n<p style=\"text-align: justify;\"><a href=\"https:\/\/www.gov.br\/compras\/pt-br\/acesso-a-informacao\/legislacao\/instrucoes-normativas\/instrucao-normativa-seges-me-no-81-de-25-de-novembro-de-2022\" target=\"_blank\" rel=\"noopener\">INSTRU\u00c7\u00c3O NORMATIVA N\u00ba 81, DE 25 DE NOVEMBRO DE 2022<\/a> &#8211; Disp\u00f5e sobre a elabora\u00e7\u00e3o do Termo de Refer\u00eancia \u2013 TR, para a aquisi\u00e7\u00e3o de bens e a contrata\u00e7\u00e3o de servi\u00e7os, no \u00e2mbito da administra\u00e7\u00e3o p\u00fablica federal direta, aut\u00e1rquica e fundacional, e sobre o Sistema TR digital.<\/p>\r\n<p style=\"text-align: justify;\"><a href=\"https:\/\/www.gov.br\/compras\/pt-br\/acesso-a-informacao\/legislacao\/instrucoes-normativas\/instrucao-normativa-seges-me-no-91-de-16-de-dezembro-de-2022\" target=\"_blank\" rel=\"noopener\">INSTRU\u00c7\u00c3O NORMATIVA N\u00ba 91, DE 16 E DEZEMBRO DE 2022<\/a> &#8211;\u00a0 Estabelece regras para a defini\u00e7\u00e3o do valor estimado para a contrata\u00e7\u00e3o de obras e servi\u00e7os de engenharia nos processos de licita\u00e7\u00e3o e de contrata\u00e7\u00e3o direta, de que disp\u00f5e o \u00a7 2\u00ba do art. 23 da Lei n\u00ba 14.133, de 1\u00ba de abril de 2021, no \u00e2mbito da Administra\u00e7\u00e3o P\u00fablica federal direta, aut\u00e1rquica e fundacional.<\/p>\r\n<p style=\"text-align: justify;\"><a href=\"https:\/\/www.gov.br\/compras\/pt-br\/acesso-a-informacao\/legislacao\/instrucoes-normativas\/instrucao-normativa-seges-me-no-96-de-23-de-dezembro-de-2022\" target=\"_blank\" rel=\"noopener\">INSTRU\u00c7\u00c3O NORMATIVA N\u00ba 96, DE 23 DE DEZEMBRO DE 2022<\/a> &#8211; Disp\u00f5e sobre a licita\u00e7\u00e3o pelo crit\u00e9rio de julgamento por maior retorno econ\u00f4mico, na forma eletr\u00f4nica, no \u00e2mbito da administra\u00e7\u00e3o p\u00fablica federal direta, aut\u00e1rquica e fundacional.<\/p>\r\n<p style=\"text-align: justify;\"><a href=\"https:\/\/www.gov.br\/compras\/pt-br\/acesso-a-informacao\/legislacao\/instrucoes-normativas\/instrucao-normativa-seges-me-no-98-de-26-de-dezembro-de-2022\" target=\"_blank\" rel=\"noopener\">INSTRU\u00c7\u00c3O NORMATIVA N\u00ba 98, DE 26 DE DEZEMBRO DE 2022<\/a> &#8211; Estabelece regras e diretrizes para o procedimento de contrata\u00e7\u00e3o de servi\u00e7os sob o regime de execu\u00e7\u00e3o indireta de que disp\u00f5e a Lei n\u00ba 14.133, de 1\u00ba de abril de 2021, no \u00e2mbito da Administra\u00e7\u00e3o P\u00fablica federal direta, aut\u00e1rquica e fundacional.<\/p>\r\n<p style=\"text-align: justify;\"><a href=\"https:\/\/www.gov.br\/compras\/pt-br\/acesso-a-informacao\/legislacao\/instrucoes-normativas\/instrucao-normtaiva-seges-me-no-103-de-30-de-dezembro-de-2022\" target=\"_blank\" rel=\"noopener\">INSTRU\u00c7\u00c3O NORMATIVA N\u00ba 103, DE 30 DE DEZEMBRO DE 2022<\/a> &#8211; Disp\u00f5e sobre os procedimentos de sele\u00e7\u00e3o de im\u00f3veis para loca\u00e7\u00e3o no \u00e2mbito da Administra\u00e7\u00e3o P\u00fablica federal direta, aut\u00e1rquica e fundacional.<\/p>\r\n<p style=\"text-align: justify;\"><a href=\"https:\/\/www.gov.br\/compras\/pt-br\/acesso-a-informacao\/legislacao\/instrucoes-normativas\/instrucao-normativa-seges-mgi-no-4-de-2-de-fevereiro-de-2023\" target=\"_blank\" rel=\"noopener\">INSTRU\u00c7\u00c3O NORMATIVA N\u00ba 4, DE 2 DE FEVEREIRO DE 2023<\/a> &#8211; Estabelece regras complementares para aplica\u00e7\u00e3o do Decreto n\u00ba 10.818, de 27 de setembro de 2021.<\/p>\r\n<p style=\"text-align: justify;\"><a href=\"https:\/\/www.gov.br\/compras\/pt-br\/acesso-a-informacao\/legislacao\/instrucoes-normativas\/instrucao-normativa-seges-mgi-no-2-de-7-de-fevereiro-de-2023\" target=\"_blank\" rel=\"noopener\">INSTRU\u00c7\u00c3O NORMATIVA N\u00ba 2, DE 7 DE FEVEIRO DE 2023<\/a> &#8211; Disp\u00f5e sobre a licita\u00e7\u00e3o pelo crit\u00e9rio de julgamento por t\u00e9cnica e pre\u00e7o, na forma eletr\u00f4nica, no \u00e2mbito da Administra\u00e7\u00e3o P\u00fablica federal direta, aut\u00e1rquica e fundacional.<\/p>\r\n<p style=\"text-align: justify;\"><a href=\"https:\/\/www.gov.br\/compras\/pt-br\/acesso-a-informacao\/legislacao\/instrucoes-normativas\/instrucao-normativa-seges-mgi-no-8-de-23-de-marco-de-2023\" target=\"_blank\" rel=\"noopener\">INSTRU\u00c7\u00c3O NORMATIVA N\u00ba 8, DE 23 DE MAR\u00c7O DE 2023<\/a> &#8211; Altera a Instru\u00e7\u00e3o Normativa SEGES\/ME n\u00ba 67, de 8 de julho de 2021, que disp\u00f5e sobre a dispensa de licita\u00e7\u00e3o, na forma eletr\u00f4nica, de que trata a Lei n\u00ba 14.133, de 1\u00ba de abril de 2021, e institui o Sistema de Dispensa Eletr\u00f4nica, no \u00e2mbito da Administra\u00e7\u00e3o P\u00fablica federal direta, aut\u00e1rquica e fundacional.<\/p>\r\n<p style=\"text-align: justify;\"><a href=\"https:\/\/www.gov.br\/compras\/pt-br\/acesso-a-informacao\/legislacao\/instrucoes-normativas\/instrucao-normativa-seges-mgi-no-12-de-31-de-marco-de-2023\" target=\"_blank\" rel=\"noopener\">INSTRU\u00c7\u00c3O NORMATIVA N\u00ba12, DE 31 DE MAR\u00c7O DE 2023<\/a> &#8211; Disp\u00f5e sobre a licita\u00e7\u00e3o pelo crit\u00e9rio de julgamento por melhor t\u00e9cnica ou conte\u00fado art\u00edstico, na forma eletr\u00f4nica, no \u00e2mbito da Administra\u00e7\u00e3o P\u00fablica federal direta, aut\u00e1rquica e fundacional.<\/p>\r\n<p style=\"text-align: justify;\"><a href=\"https:\/\/www.in.gov.br\/en\/web\/dou\/-\/portaria-agu-n-140-de-26-de-abril-de-2021-316016680\" target=\"_blank\" rel=\"noreferrer noopener\">PORTARIA DA AGU N\u00ba 140, DE 26 DE ABRIL DE 2021<\/a>\u00a0\u2013 Altera a Orienta\u00e7\u00e3o Normativa n\u00ba 50, de 25 de abril de 2014 sobre acr\u00e9scimos e supress\u00f5es, editada pela Portaria AGU n\u00ba 124, de 25 de abril de 2014.<\/p>\r\n<p style=\"text-align: justify;\"><a href=\"https:\/\/www.gov.br\/compras\/pt-br\/acesso-a-informacao\/legislacao\/portarias\/portaria-seges-mgi-no-720-de-15-de-marco-de-2023\" target=\"_blank\" rel=\"noreferrer noopener\">PORTARIA DA AGU N\u00ba 720, DE 15 DE MAR\u00c7O DE 2023<\/a> \u2013 Fixa o regime de transi\u00e7\u00e3o de que trata o art. 191 da Lei \u00ba 14.133, de 1\u00ba de abril de 2021, no \u00e2mbito da Administra\u00e7\u00e3o P\u00fablica federal direta, aut\u00e1rquica e fundacional.<\/p>\r\n<p>&nbsp;<\/p>\r\n<p style=\"text-align: justify;\">\u00a0<\/p>\r\n\r\n\r\n\r\n\r\n\r\n\r\n\r\n<p class=\"has-large-font-size\" style=\"text-align: justify;\"><strong>Gest\u00e3o Patrimonial<\/strong>:<\/p>\r\n\r\n\r\n\r\n<p style=\"text-align: justify;\"><a href=\"http:\/\/www.planalto.gov.br\/Ccivil_03\/leis\/L4320.htm\" target=\"_blank\" rel=\"noreferrer noopener\">LEI N\u00b0 4.320, DE 17 DE MAR\u00c7O DE 1964<\/a> &#8211; Institui Normas Gerais de Direito Financeiro da Uni\u00e3o, dos Estados, dos Munic\u00edpios e do Distrito Federal, Bras\u00edlia 1964.\u00a0<\/p>\r\n\r\n\r\n\r\n<p style=\"text-align: justify;\"><a href=\"http:\/\/www.planalto.gov.br\/ccivil_03\/leis\/l6120.htm\" target=\"_blank\" rel=\"noreferrer noopener\">LEI N\u00ba 6.120, DE 15 DE OUTUBRO DE 1974<\/a> &#8211; Dispoe sobre a aliena\u00e7\u00e3o de bens im\u00f3veis de institui\u00e7\u00f5es federais de ensino e d\u00e1 outras provid\u00eancias.<\/p>\r\n<p><a href=\"https:\/\/www.planalto.gov.br\/ccivil_03\/_ato2007-2010\/2010\/lei\/l12305.htm\" target=\"_blank\" rel=\"noopener\">LEI N\u00ba 12.305, DE 2 DE AGOSTO DE 2010<\/a> &#8211; Institui a Pol\u00edtica Nacional de Res\u00edduos S\u00f3lidos; altera a Lei n<u><sup>o<\/sup><\/u>\u00a09.605, de 12 de fevereiro de 1998; e d\u00e1 outras provid\u00eancias.<\/p>\r\n\r\n\r\n\r\n<p><a href=\"https:\/\/www.planalto.gov.br\/ccivil_03\/_Ato2019-2022\/2021\/Lei\/L14133.htm\" target=\"_blank\" rel=\"noopener\">LEI N\u00ba 14.133, DE 1\u00ba DE ABRIL DE 2021<\/a>\u00a0&#8211; artigo 76 trata das aliena\u00e7\u00f5es de bens da Administra\u00e7\u00e3o P\u00fablica.<\/p>\r\n<p><a href=\"http:\/\/www.planalto.gov.br\/ccivil_03\/_ato2019-2022\/2022\/lei\/L14479.htm#:~:text=LEI%20N%C2%BA%2014.479%2C%20DE%2021,o%20Programa%20Computadores%20para%20Inclus%C3%A3o\" target=\"_blank\" rel=\"noopener\">LEI N\u00ba 14.479, DE 21 DE DEZEMBRO DE 2022<\/a> &#8211; Institui a Pol\u00edtica Nacional de Desfazimento e Recondicionamento de Equipamentos Eletroeletr\u00f4nicos e disp\u00f5e sobre o Programa Computadores para Inclus\u00e3o.<\/p>\r\n\r\n\r\n\r\n\r\n\r\n<p style=\"text-align: justify;\"><a href=\"http:\/\/www.planalto.gov.br\/ccivil_03\/_Ato2015-2018\/2018\/Decreto\/D9373.htm\" target=\"_blank\" rel=\"noreferrer noopener\">DECRETO N\u00ba 9.373, DE 11 DE MAIO DE 2018<\/a>\u00a0\u2013\u00a0Disp\u00f5e sobre a aliena\u00e7\u00e3o, a cess\u00e3o, a transfer\u00eancia, a destina\u00e7\u00e3o e a disposi\u00e7\u00e3o final ambientalmente adequadas de bens m\u00f3veis no \u00e2mbito da administra\u00e7\u00e3o p\u00fablica federal direta, aut\u00e1rquica e fundacional.<\/p>\r\n<p><a href=\"https:\/\/www.planalto.gov.br\/ccivil_03\/_Ato2019-2022\/2019\/Decreto\/D9764.htm\" target=\"_blank\" rel=\"noopener\">DECRETO N\u00ba 9.764, DE 11 DE ABRIL DE 2019<\/a> &#8211; Disp\u00f5e sobre o recebimento de doa\u00e7\u00f5es de bens m\u00f3veis e de servi\u00e7os de pessoas f\u00edsicas ou jur\u00eddicas de direito privado pelos \u00f3rg\u00e3os e pelas entidades da administra\u00e7\u00e3o p\u00fablica federal direta, aut\u00e1rquica e fundacional.\u00a0<\/p>\r\n<p><a href=\"http:\/\/www.planalto.gov.br\/ccivil_03\/_ato2019-2022\/2020\/Decreto\/D10314.htm#art1\" target=\"_blank\" rel=\"noopener\">DECRETO N\u00ba 10.314, DE 6 DE ABRIL DE 2020<\/a> &#8211; Altera o Decreto n\u00ba 9.764, de 11 de abril de 2019, que disp\u00f5e sobre o recebimento de doa\u00e7\u00f5es de bens m\u00f3veis e de servi\u00e7os, sem \u00f4nus ou encargos, de pessoas f\u00edsicas ou jur\u00eddicas de direito privado pelos \u00f3rg\u00e3os e pelas entidades da administra\u00e7\u00e3o p\u00fablica federal direta, aut\u00e1rquica e fundacional.<\/p>\r\n<p><a href=\"https:\/\/www.in.gov.br\/en\/web\/dou\/-\/decreto-n-10.340-de-6-de-maio-de-2020-255615821\" target=\"_blank\" rel=\"noopener\">DECRETO N\u00ba 10.340, DE 6 DE MAIO E 2020<\/a> &#8211; Altera o\u00a0<a href=\"http:\/\/www.planalto.gov.br\/ccivil_03\/_Ato2015-2018\/2018\/Decreto\/D9373.htm\" target=\"_blank\" rel=\"noopener\">Decreto n\u00ba 9.373, de 11 de maio de 2018<\/a>, que disp\u00f5e sobre a aliena\u00e7\u00e3o, a cess\u00e3o, a transfer\u00eancia, a destina\u00e7\u00e3o e a disposi\u00e7\u00e3o final ambientalmente adequadas de bens m\u00f3veis no \u00e2mbito da administra\u00e7\u00e3o p\u00fablica federal direta, aut\u00e1rquica e fundacional.<\/p>\r\n<p><a href=\"https:\/\/www.in.gov.br\/en\/web\/dou\/-\/decreto-n-10.667-de-5-de-abril-de-2021-312021303\" target=\"_blank\" rel=\"noopener\">DECRETO N\u00ba 10.667, DE 5 DE ABRIL DE 2021<\/a> &#8211; Altera o\u00a0<a href=\"http:\/\/www.planalto.gov.br\/ccivil_03\/_ato2019-2022\/2019\/decreto\/D9764.htm\" target=\"_blank\" rel=\"noopener\">Decreto n\u00ba 9.764, de 11 de abril de 2019<\/a>, que disp\u00f5e sobre o recebimento de doa\u00e7\u00f5es de bens m\u00f3veis e de servi\u00e7os de pessoas f\u00edsicas ou jur\u00eddicas de direito privado pelos \u00f3rg\u00e3os e pelas entidades da administra\u00e7\u00e3o p\u00fablica federal direta, aut\u00e1rquica e fundacional.<\/p>\r\n<p><a href=\"https:\/\/www.in.gov.br\/en\/web\/dou\/-\/decreto-n-10.936-de-12-de-janeiro-de-2022-373573578\" target=\"_blank\" rel=\"noopener\">DECRETO N\u00ba 10.936, DE 12 DE JANEIRO DE 2022<\/a> &#8211; Regulamenta a\u00a0<a href=\"http:\/\/www.planalto.gov.br\/ccivil_03\/_ato2007-2010\/2010\/lei\/l12305.htm\" target=\"_blank\" rel=\"noopener\">Lei n\u00ba 12.305, de 2 de agosto de 2010<\/a>, que institui a Pol\u00edtica Nacional de Res\u00edduos S\u00f3lidos.<\/p>\r\n\r\n\r\n\r\n<p style=\"text-align: justify;\"><a href=\"https:\/\/www.in.gov.br\/en\/web\/dou\/-\/instrucao-normativa-n-73-de-5-de-agosto-de-2020-270711836\" target=\"_blank\" rel=\"noreferrer noopener\">INSTRU\u00c7\u00c3O NORMATIVA N\u00ba <\/a><a href=\"https:\/\/www.gov.br\/compras\/pt-br\/acesso-a-informacao\/legislacao\/instrucoes-normativas\/instrucao-normativa-no-205-de-08-de-abril-de-1988\" target=\"_blank\" rel=\"noreferrer noopener\">205, DE 8 DE ABRIL DE 1988<\/a>\u00a0\u2013 Principal instrumento que rege o controle de material, tanto de consumo, quanto permanente, na Administra\u00e7\u00e3o P\u00fablica Federal. Nela est\u00e3o descritas as principais atividades a serem desenvolvidas pelos \u00f3rg\u00e3os componentes da Administra\u00e7\u00e3o.<\/p>\r\n\r\n\r\n\r\n<p style=\"text-align: justify;\"><a href=\"https:\/\/sisweb.tesouro.gov.br\/apex\/f?p=2501:9::::9:P9_ID_PUBLICACAO:8754\" target=\"_blank\" rel=\"noreferrer noopener\">PORTARIA N\u00b0 448, DE 13 DE SETEMBRO DE 2002 DA STN<\/a> &#8211; Define o que s\u00e3o bens permanentes, consumo e servi\u00e7os, al\u00e9m do detalhamento da natureza de despesas para suas respectivas contas.\u00a0<\/p>\r\n<p><a href=\"https:\/\/www.gov.br\/compras\/pt-br\/acesso-a-informacao\/legislacao\/portarias\/portaria-no-232-de-2-de-junho-de-2020#:~:text=PORTARIA%20N%C2%BA%20232%2C%20DE%202%20DE%20JUNHO%20DE,Publicado%20em%2003%2F06%2F2020%2000h00%20Atualizado%20em%2013%2F05%2F2022%2011h57\" target=\"_blank\" rel=\"noopener\">PORTARIA N\u00ba 232, DE 2 DE JUNHO DE 2020<\/a> &#8211; Institui o Sistema Integrado de Gest\u00e3o Patrimonial &#8211; Siads, no \u00e2mbito da administra\u00e7\u00e3o p\u00fablica federal direta, aut\u00e1rquica e fundacional e das empresas p\u00fablicas dependentes do Poder Executivo federal, e d\u00e1 outras provid\u00eancias.<\/p>\r\n\r\n\r\n\r\n<p style=\"text-align: justify;\"><a href=\"https:\/\/www.gov.br\/compras\/pt-br\/acesso-a-informacao\/legislacao\/portarias\/portaria-me-no-4-378-de-11-de-maio-de-2022\" target=\"_blank\" rel=\"noopener\">PORTARIA N\u00ba 4.378, DE 11 DE MAIO DE 2022<\/a> &#8211; Altera a Portaria n\u00b0 232, de 2 de junho de 2020, que Institui o Sistema Integrado de Gest\u00e3o Patrimonial &#8211; Siads, no \u00e2mbito da administra\u00e7\u00e3o p\u00fablica federal direta, aut\u00e1rquica e fundacional e das empresas p\u00fablicas dependentes do Poder Executivo federal.<\/p>\r\n\r\n\r\n\r\n<p class=\"has-large-font-size\" style=\"text-align: justify;\"><br \/><strong>Finan\u00e7as e Contabilidade:<\/strong><\/p>\r\n\r\n\r\n\r\n<p style=\"text-align: justify;\"><a href=\"http:\/\/www.planalto.gov.br\/ccivil_03\/leis\/l4320.htm\" target=\"_blank\" rel=\"noreferrer noopener\">LEI N\u00ba 4.320, DE 17 DE MAR\u00c7O DE 1964<\/a> &#8211; Estatui Normas Gerais de Direito Financeiro para elabora\u00e7\u00e3o e controle dos or\u00e7amentos e balan\u00e7os da Uni\u00e3o, dos Estados, dos Munic\u00edpios e do Distrito Federal.<\/p>\r\n\r\n\r\n\r\n<p style=\"text-align: justify;\"><a href=\"http:\/\/www.planalto.gov.br\/ccivil_03\/leis\/l8666cons.htm\" target=\"_blank\" rel=\"noreferrer noopener\">LEI N\u00ba 8.666, DE 21 DE JUNHO DE 1993<\/a> &#8211; Regulamenta o art. 37, inciso XXI, da Constitui\u00e7\u00e3o Federal, institui normas para licita\u00e7\u00f5es e contratos da Administra\u00e7\u00e3o P\u00fablica e d\u00e1 outras provid\u00eancias.<\/p>\r\n\r\n\r\n\r\n<p style=\"text-align: justify;\"><a href=\"http:\/\/www.planalto.gov.br\/ccivil_03\/leis\/lcp\/lcp101.htm\" target=\"_blank\" rel=\"noreferrer noopener\">LEI COMPLEMENTAR N\u00ba 101, DE 4 DE MAIO DE 2000<\/a> &#8211; Estabelece normas de finan\u00e7as p\u00fablicas voltadas para a responsabilidade na gest\u00e3o fiscal e d\u00e1 outras provid\u00eancias.<\/p>\r\n\r\n\r\n\r\n<p style=\"text-align: justify;\"><a href=\"http:\/\/www.planalto.gov.br\/ccivil_03\/leis\/leis_2001\/l10180.htm\" target=\"_blank\" rel=\"noreferrer noopener\">LEI N\u00ba 10.180, DE 6 DE FEVEREIRO DE 2001<\/a> &#8211; Organiza e disciplina os Sistemas de Planejamento e de Or\u00e7amento Federal, de Administra\u00e7\u00e3o Financeira Federal, de Contabilidade Federal e de Controle Interno do Poder Executivo Federal, e d\u00e1 outras provid\u00eancias.<\/p>\r\n\r\n\r\n\r\n<p style=\"text-align: justify;\"><a href=\"http:\/\/www.planalto.gov.br\/ccivil_03\/leis\/lcp\/lcp131.htm\" target=\"_blank\" rel=\"noreferrer noopener\">LEI COMPLEMENTAR N\u00ba 131, DE 27 DE MAIO DE 2009<\/a> &#8211; Acrescenta dispositivos \u00e0 LC n<sup>o<\/sup>\u00a0101\/2000, a fim de determinar a disponibiliza\u00e7\u00e3o, em tempo real, de informa\u00e7\u00f5es pormenorizadas sobre a execu\u00e7\u00e3o or\u00e7ament\u00e1ria e financeira da Uni\u00e3o, dos Estados, do Distrito Federal e dos Munic\u00edpios.<\/p>\r\n\r\n\r\n\r\n<p style=\"text-align: justify;\"><a href=\"https:\/\/www.gov.br\/compras\/pt-br\/acesso-a-informacao\/legislacao\/instrucoes-normativas\/instrucao-normativa-no-2-de-6-de-dezembro-de-2016\" target=\"_blank\" rel=\"noreferrer noopener\">INSTRU\u00c7\u00c3O NORMATIVA N\u00ba 2, DE 6 DE DEZEMBRO DE 2016<\/a> &#8211; Disp\u00f5e sobre a observ\u00e2ncia da ordem cronol\u00f3gica de pagamento das obriga\u00e7\u00f5es relativas ao fornecimento de bens, loca\u00e7\u00f5es, realiza\u00e7\u00e3o de obras e presta\u00e7\u00e3o de servi\u00e7os, no \u00e2mbito do Sistema de Servi\u00e7os Gerais \u2013 Sisg.<\/p>\r\n\r\n\r\n\r\n<p style=\"text-align: justify;\"><a href=\"https:\/\/www.in.gov.br\/en\/web\/dou\/-\/instrucao-normativa-n-84-de-22-de-abril-de-2020-254756795\" target=\"_blank\" rel=\"noreferrer noopener\">INSTRU\u00c7\u00c3O NORMATIVA N\u00ba 84, DE 22 DE ABRIL DE 2020<\/a> &#8211; Estabelece normas para a tomada e presta\u00e7\u00e3o de contas dos administradores e respons\u00e1veis da administra\u00e7\u00e3o p\u00fablica federal, para fins de julgamento pelo TCU, nos termos do art. 7\u00ba da Lei 8.443, de 1992, e revoga as INs TCU 63 e 72, de 1\u00ba de setembro de 2010 e de 15 de maio de 2013, respectivamente.<\/p>\r\n\r\n\r\n\r\n<p style=\"text-align: justify;\"><a href=\"http:\/\/normas.receita.fazenda.gov.br\/sijut2consulta\/link.action?idAto=37200\" target=\"_blank\" rel=\"noreferrer noopener\">INSTRU\u00c7\u00c3O NORMATIVA RFB N\u00ba 1234, DE 11 DE JANEIRO DE 2012<\/a> &#8211; Disp\u00f5e sobre a reten\u00e7\u00e3o de tributos nos pagamentos efetuados pelos \u00f3rg\u00e3os da administra\u00e7\u00e3o p\u00fablica federal direta, autarquias e funda\u00e7\u00f5es federais, empresas p\u00fablicas, sociedades de economia mista e demais pessoas jur\u00eddicas que menciona a outras pessoas jur\u00eddicas pelo fornecimento de bens e servi\u00e7os.<\/p>\r\n\r\n\r\n\r\n<p style=\"text-align: justify;\">\u00a0<\/p>\r\n\r\n\r\n\r\n<p style=\"text-align: justify;\">\u00a0<\/p>\r\n\r\n\r\n\r\n<p class=\"has-large-font-size\" style=\"text-align: justify;\"><br \/><strong>\u00d3rg\u00e3os orientadores:<\/strong><\/p>\r\n\r\n\r\n\r\n<p style=\"text-align: justify;\"><a href=\"http:\/\/www4.planalto.gov.br\/legislacao\" target=\"_blank\" rel=\"noreferrer noopener\">PORTAL DA LEGISLA\u00c7\u00c3O DO GOVERNO FEDERAL (PLANALTO.GOV.BR)<\/a><\/p>\r\n\r\n\r\n\r\n<p style=\"text-align: justify;\"><a href=\"https:\/\/www.gov.br\/compras\/pt-br\/acesso-a-informacao\/legislacao\/legislacao-por-tema-1\" target=\"_blank\" rel=\"noreferrer noopener\">LEGISLA\u00c7\u00c3O POR TEMAS (COMPRASGOVERNAMENTAIS.GOV.BR)<\/a><\/p>\r\n\r\n\r\n\r\n<p style=\"text-align: justify;\"><a href=\"https:\/\/www.gov.br\/economia\/pt-br\/centrais-de-conteudo\/publicacoes\/planejamento\" target=\"_blank\" rel=\"noreferrer noopener\">PUBLICA\u00c7\u00d5ES DO MINIST\u00c9RIO DO PLANEJAMENTO (COMPRASGOVERNAMENTAIS.GOV.BR)<\/a><\/p>\r\n\r\n\r\n\r\n<p style=\"text-align: justify;\"><a href=\"https:\/\/www.gov.br\/agu\/pt-br\/normas-da-agu\" target=\"_blank\" rel=\"noreferrer noopener\">ORIENTA\u00c7\u00d5ES NORMATIVAS DA ADVOCACIA GERAL DA UNI\u00c3O SOBRE LICITA\u00c7\u00d5ES E CONTRATOS\u00a0(AGU.GOV.BR)<\/a><\/p>\r\n\r\n\r\n\r\n<p style=\"text-align: justify;\"><a href=\"https:\/\/wp.ufpel.edu.br\/pra\/files\/2012\/03\/Sistematiza%C3%A7%C3%A3o-Legal-das-Contrata%C3%A7%C3%B5es-P%C3%BAblicas-AGU.pdf\" target=\"_blank\" rel=\"noreferrer noopener\">SISTEMATIZA\u00c7\u00c3O LEGAL DAS CONTRATA\u00c7\u00d5ES P\u00daBLICAS (AGU.GOV.BR)<\/a><\/p>\r\n\r\n\r\n\r\n<p style=\"text-align: justify;\"><a href=\"https:\/\/www.gov.br\/cgu\/pt-br\/centrais-de-conteudo\/publicacoes\/orientacoes-aos-gestores\" target=\"_blank\" rel=\"noreferrer noopener\">ORIENTA\u00c7\u00d5ES DA CONTROLADORIA GERAL DA UNI\u00c3O (CGU.GOV.BR)<\/a><\/p>\r\n\r\n\r\n\r\n<p style=\"text-align: justify;\"><a href=\"http:\/\/portal.tcu.gov.br\/lumis\/portal\/file\/fileDownload.jsp?inline=1&amp;fileId=8A8182A24D6E86A4014D72AC81CA540A\" target=\"_blank\" rel=\"noreferrer noopener\">ORIENTA\u00c7\u00d5ES DO TRIBUNAL DE CONTAS DA UNI\u00c3O SOBRE LICITA\u00c7\u00d5ES E CONTRATOS\u00a0(PORTAL.TCU.GOV.BR)<\/a><\/p>\r\n\r\n\r\n\r\n<p style=\"text-align: justify;\"><a href=\"https:\/\/contas.tcu.gov.br\/pls\/apex\/f?p=175:13\" target=\"_blank\" rel=\"noreferrer noopener\">JURISPRUD\u00caNCIA SISTEMATIZADA DO TRIBUNAL DE CONTAS DA UNI\u00c3O (PORTAL.TCU.GOV.BR)<\/a><\/p>\r\n\r\n\r\n\r\n<p style=\"text-align: justify;\">\u00a0<\/p>\r\n","protected":false},"excerpt":{"rendered":"<p>Aquisi\u00e7\u00f5es e Contrata\u00e7\u00f5es: LEI N\u00ba 8.245 DE 18 DE OUTUBRO DE 1991\u2013 Disp\u00f5e sobre as loca\u00e7\u00f5es dos im\u00f3veis urbanos e os procedimentos a elas pertinentes. LEI N\u00ba 9.636 DE 15 DE MAIO DE 1998\u2013 Disp\u00f5e sobre a regulariza\u00e7\u00e3o, administra\u00e7\u00e3o, aforamento e aliena\u00e7\u00e3o de bens im\u00f3veis de dom\u00ednio da Uni\u00e3o, altera dispositivos dos Decretos-Leis nos\u00a09.760, de [&hellip;]<\/p>\n","protected":false},"author":164,"featured_media":0,"parent":0,"menu_order":0,"comment_status":"closed","ping_status":"closed","template":"","meta":{"jetpack_post_was_ever_published":false,"footnotes":""},"class_list":["post-4354","page","type-page","status-publish","hentry"],"yoast_head":"<!-- This site is optimized with the Yoast SEO plugin v26.7 - https:\/\/yoast.com\/wordpress\/plugins\/seo\/ -->\n<title>LEGISLA\u00c7\u00c3O - Superintend\u00eancia de Gest\u00e3o Administrativa<\/title>\n<meta name=\"robots\" content=\"index, follow, max-snippet:-1, max-image-preview:large, max-video-preview:-1\" \/>\n<link rel=\"canonical\" href=\"https:\/\/wp.ufpel.edu.br\/pra\/legislacao\/\" \/>\n<meta property=\"og:locale\" content=\"pt_BR\" \/>\n<meta property=\"og:type\" content=\"article\" \/>\n<meta property=\"og:title\" content=\"LEGISLA\u00c7\u00c3O - Superintend\u00eancia de Gest\u00e3o Administrativa\" \/>\n<meta property=\"og:description\" content=\"Aquisi\u00e7\u00f5es e Contrata\u00e7\u00f5es: LEI N\u00ba 8.245 DE 18 DE OUTUBRO DE 1991\u2013 Disp\u00f5e sobre as loca\u00e7\u00f5es dos im\u00f3veis urbanos e os procedimentos a elas pertinentes. LEI N\u00ba 9.636 DE 15 DE MAIO DE 1998\u2013 Disp\u00f5e sobre a regulariza\u00e7\u00e3o, administra\u00e7\u00e3o, aforamento e aliena\u00e7\u00e3o de bens im\u00f3veis de dom\u00ednio da Uni\u00e3o, altera dispositivos dos Decretos-Leis nos\u00a09.760, de [&hellip;]\" \/>\n<meta property=\"og:url\" content=\"https:\/\/wp.ufpel.edu.br\/pra\/legislacao\/\" \/>\n<meta property=\"og:site_name\" content=\"Superintend\u00eancia de Gest\u00e3o Administrativa\" \/>\n<meta property=\"article:publisher\" content=\"https:\/\/www.facebook.com\/ufpel\/\" \/>\n<meta property=\"article:modified_time\" content=\"2023-04-14T12:47:05+00:00\" \/>\n<meta name=\"twitter:card\" content=\"summary_large_image\" \/>\n<meta name=\"twitter:label1\" content=\"Est. tempo de leitura\" \/>\n\t<meta name=\"twitter:data1\" content=\"16 minutos\" \/>\n<script type=\"application\/ld+json\" class=\"yoast-schema-graph\">{\"@context\":\"https:\/\/schema.org\",\"@graph\":[{\"@type\":\"WebPage\",\"@id\":\"https:\/\/wp.ufpel.edu.br\/pra\/legislacao\/\",\"url\":\"https:\/\/wp.ufpel.edu.br\/pra\/legislacao\/\",\"name\":\"LEGISLA\u00c7\u00c3O - Superintend\u00eancia de Gest\u00e3o Administrativa\",\"isPartOf\":{\"@id\":\"https:\/\/wp.ufpel.edu.br\/pra\/#website\"},\"datePublished\":\"2021-07-13T01:50:31+00:00\",\"dateModified\":\"2023-04-14T12:47:05+00:00\",\"breadcrumb\":{\"@id\":\"https:\/\/wp.ufpel.edu.br\/pra\/legislacao\/#breadcrumb\"},\"inLanguage\":\"pt-BR\",\"potentialAction\":[{\"@type\":\"ReadAction\",\"target\":[\"https:\/\/wp.ufpel.edu.br\/pra\/legislacao\/\"]}]},{\"@type\":\"BreadcrumbList\",\"@id\":\"https:\/\/wp.ufpel.edu.br\/pra\/legislacao\/#breadcrumb\",\"itemListElement\":[{\"@type\":\"ListItem\",\"position\":1,\"name\":\"In\u00edcio\",\"item\":\"https:\/\/wp.ufpel.edu.br\/pra\/\"},{\"@type\":\"ListItem\",\"position\":2,\"name\":\"LEGISLA\u00c7\u00c3O\"}]},{\"@type\":\"WebSite\",\"@id\":\"https:\/\/wp.ufpel.edu.br\/pra\/#website\",\"url\":\"https:\/\/wp.ufpel.edu.br\/pra\/\",\"name\":\"Pr\u00f3-Reitoria Administrativa - PRA\",\"description\":\"Universidade Federal de Pelotas\",\"publisher\":{\"@id\":\"https:\/\/wp.ufpel.edu.br\/pra\/#organization\"},\"potentialAction\":[{\"@type\":\"SearchAction\",\"target\":{\"@type\":\"EntryPoint\",\"urlTemplate\":\"https:\/\/wp.ufpel.edu.br\/pra\/?s={search_term_string}\"},\"query-input\":{\"@type\":\"PropertyValueSpecification\",\"valueRequired\":true,\"valueName\":\"search_term_string\"}}],\"inLanguage\":\"pt-BR\"},{\"@type\":\"Organization\",\"@id\":\"https:\/\/wp.ufpel.edu.br\/pra\/#organization\",\"name\":\"Universidade Federal de Pelotas\",\"url\":\"https:\/\/wp.ufpel.edu.br\/pra\/\",\"logo\":{\"@type\":\"ImageObject\",\"inLanguage\":\"pt-BR\",\"@id\":\"https:\/\/wp.ufpel.edu.br\/pra\/#\/schema\/logo\/image\/\",\"url\":\"https:\/\/wp.ufpel.edu.br\/pra\/files\/2018\/08\/download.png\",\"contentUrl\":\"https:\/\/wp.ufpel.edu.br\/pra\/files\/2018\/08\/download.png\",\"width\":200,\"height\":200,\"caption\":\"Universidade Federal de Pelotas\"},\"image\":{\"@id\":\"https:\/\/wp.ufpel.edu.br\/pra\/#\/schema\/logo\/image\/\"},\"sameAs\":[\"https:\/\/www.facebook.com\/ufpel\/\"]}]}<\/script>\n<!-- \/ Yoast SEO plugin. -->","yoast_head_json":{"title":"LEGISLA\u00c7\u00c3O - Superintend\u00eancia de Gest\u00e3o Administrativa","robots":{"index":"index","follow":"follow","max-snippet":"max-snippet:-1","max-image-preview":"max-image-preview:large","max-video-preview":"max-video-preview:-1"},"canonical":"https:\/\/wp.ufpel.edu.br\/pra\/legislacao\/","og_locale":"pt_BR","og_type":"article","og_title":"LEGISLA\u00c7\u00c3O - Superintend\u00eancia de Gest\u00e3o Administrativa","og_description":"Aquisi\u00e7\u00f5es e Contrata\u00e7\u00f5es: LEI N\u00ba 8.245 DE 18 DE OUTUBRO DE 1991\u2013 Disp\u00f5e sobre as loca\u00e7\u00f5es dos im\u00f3veis urbanos e os procedimentos a elas pertinentes. LEI N\u00ba 9.636 DE 15 DE MAIO DE 1998\u2013 Disp\u00f5e sobre a regulariza\u00e7\u00e3o, administra\u00e7\u00e3o, aforamento e aliena\u00e7\u00e3o de bens im\u00f3veis de dom\u00ednio da Uni\u00e3o, altera dispositivos dos Decretos-Leis nos\u00a09.760, de [&hellip;]","og_url":"https:\/\/wp.ufpel.edu.br\/pra\/legislacao\/","og_site_name":"Superintend\u00eancia de Gest\u00e3o Administrativa","article_publisher":"https:\/\/www.facebook.com\/ufpel\/","article_modified_time":"2023-04-14T12:47:05+00:00","twitter_card":"summary_large_image","twitter_misc":{"Est. tempo de leitura":"16 minutos"},"schema":{"@context":"https:\/\/schema.org","@graph":[{"@type":"WebPage","@id":"https:\/\/wp.ufpel.edu.br\/pra\/legislacao\/","url":"https:\/\/wp.ufpel.edu.br\/pra\/legislacao\/","name":"LEGISLA\u00c7\u00c3O - Superintend\u00eancia de Gest\u00e3o Administrativa","isPartOf":{"@id":"https:\/\/wp.ufpel.edu.br\/pra\/#website"},"datePublished":"2021-07-13T01:50:31+00:00","dateModified":"2023-04-14T12:47:05+00:00","breadcrumb":{"@id":"https:\/\/wp.ufpel.edu.br\/pra\/legislacao\/#breadcrumb"},"inLanguage":"pt-BR","potentialAction":[{"@type":"ReadAction","target":["https:\/\/wp.ufpel.edu.br\/pra\/legislacao\/"]}]},{"@type":"BreadcrumbList","@id":"https:\/\/wp.ufpel.edu.br\/pra\/legislacao\/#breadcrumb","itemListElement":[{"@type":"ListItem","position":1,"name":"In\u00edcio","item":"https:\/\/wp.ufpel.edu.br\/pra\/"},{"@type":"ListItem","position":2,"name":"LEGISLA\u00c7\u00c3O"}]},{"@type":"WebSite","@id":"https:\/\/wp.ufpel.edu.br\/pra\/#website","url":"https:\/\/wp.ufpel.edu.br\/pra\/","name":"Pr\u00f3-Reitoria Administrativa - PRA","description":"Universidade Federal de Pelotas","publisher":{"@id":"https:\/\/wp.ufpel.edu.br\/pra\/#organization"},"potentialAction":[{"@type":"SearchAction","target":{"@type":"EntryPoint","urlTemplate":"https:\/\/wp.ufpel.edu.br\/pra\/?s={search_term_string}"},"query-input":{"@type":"PropertyValueSpecification","valueRequired":true,"valueName":"search_term_string"}}],"inLanguage":"pt-BR"},{"@type":"Organization","@id":"https:\/\/wp.ufpel.edu.br\/pra\/#organization","name":"Universidade Federal de Pelotas","url":"https:\/\/wp.ufpel.edu.br\/pra\/","logo":{"@type":"ImageObject","inLanguage":"pt-BR","@id":"https:\/\/wp.ufpel.edu.br\/pra\/#\/schema\/logo\/image\/","url":"https:\/\/wp.ufpel.edu.br\/pra\/files\/2018\/08\/download.png","contentUrl":"https:\/\/wp.ufpel.edu.br\/pra\/files\/2018\/08\/download.png","width":200,"height":200,"caption":"Universidade Federal de Pelotas"},"image":{"@id":"https:\/\/wp.ufpel.edu.br\/pra\/#\/schema\/logo\/image\/"},"sameAs":["https:\/\/www.facebook.com\/ufpel\/"]}]}},"jetpack_sharing_enabled":true,"_links":{"self":[{"href":"https:\/\/wp.ufpel.edu.br\/pra\/wp-json\/wp\/v2\/pages\/4354","targetHints":{"allow":["GET"]}}],"collection":[{"href":"https:\/\/wp.ufpel.edu.br\/pra\/wp-json\/wp\/v2\/pages"}],"about":[{"href":"https:\/\/wp.ufpel.edu.br\/pra\/wp-json\/wp\/v2\/types\/page"}],"author":[{"embeddable":true,"href":"https:\/\/wp.ufpel.edu.br\/pra\/wp-json\/wp\/v2\/users\/164"}],"replies":[{"embeddable":true,"href":"https:\/\/wp.ufpel.edu.br\/pra\/wp-json\/wp\/v2\/comments?post=4354"}],"version-history":[{"count":49,"href":"https:\/\/wp.ufpel.edu.br\/pra\/wp-json\/wp\/v2\/pages\/4354\/revisions"}],"predecessor-version":[{"id":4698,"href":"https:\/\/wp.ufpel.edu.br\/pra\/wp-json\/wp\/v2\/pages\/4354\/revisions\/4698"}],"wp:attachment":[{"href":"https:\/\/wp.ufpel.edu.br\/pra\/wp-json\/wp\/v2\/media?parent=4354"}],"curies":[{"name":"wp","href":"https:\/\/api.w.org\/{rel}","templated":true}]}}