{"id":9505,"date":"2025-01-31T18:51:44","date_gmt":"2025-01-31T21:51:44","guid":{"rendered":"https:\/\/wp.ufpel.edu.br\/ppgs\/?page_id=9505"},"modified":"2025-01-31T18:51:44","modified_gmt":"2025-01-31T21:51:44","slug":"grupos-de-investigacion","status":"publish","type":"page","link":"https:\/\/wp.ufpel.edu.br\/ppgs\/grupos-de-investigacion\/","title":{"rendered":"Grupos de Investigaci\u00f3n"},"content":{"rendered":"<p><strong>Profesores<\/strong><\/p>\n<table class=\"aligncenter\" style=\"height: 1710px; width: 100%; border-style: dotted;\">\n<tbody>\n<tr style=\"height: 113px;\">\n<td style=\"width: 46.988%; height: 83px; text-align: center; vertical-align: middle;\">\n        <strong><em>Prof. Dr. Am\u00edlcar Cardoso Vila\u00e7a de Freitas<\/em><\/strong>\n      <\/td>\n<td style=\"width: 70.3614%; height: 83px; text-align: center; vertical-align: middle;\">\n        <strong>N\u00facleo Interseccionalidades \u2013 UFPel<\/strong>\n      <\/td>\n<\/tr>\n<tr style=\"height: 72px;\">\n<td style=\"width: 46.988%; height: 72px; text-align: center;\">\n        <strong><em>Prof. Dr. Attila Magno e Silva Barbosa<\/em><\/strong>\n      <\/td>\n<td style=\"width: 70.3614%; height: 72px; text-align: center;\">\n        <strong><br \/>\n          <a href=\"http:\/\/dgp.cnpq.br\/dgp\/espelhogrupo\/3352646326017738\" target=\"_blank\" rel=\"noopener noreferrer\"><br \/>\n            Cambios organizacionales y nuevas subjetividades en el mundo del trabajo<br \/>\n          <\/a> \u2013 UFPel<br \/>\n        <\/strong><\/p>\n<p>        <strong><br \/>\n          <a href=\"http:\/\/dgp.cnpq.br\/dgp\/espelhogrupo\/17478\" target=\"_blank\" rel=\"noopener noreferrer\"><br \/>\n            Laboratorio de Estudios sobre Trabajo, Profesiones y Movilidades (LEST-M)<br \/>\n          <\/a> \u2013 UFSCar<br \/>\n        <\/strong>\n      <\/td>\n<\/tr>\n<tr style=\"height: 168px;\">\n<td style=\"width: 46.988%; height: 168px; text-align: center;\">\n        <strong><em>Profa. Dra. Elaine da Silveira Leite<\/em><\/strong>\n      <\/td>\n<td style=\"width: 70.3614%; height: 168px; text-align: center;\">\n        <strong><br \/>\n          <a href=\"http:\/\/www.nesefi.dep.ufscar.br\/\"><br \/>\n            Centro de Estudios en Sociolog\u00eda Econ\u00f3mica y Finanzas \u2013 UFSCar<br \/>\n          <\/a><br \/>\n        <\/strong><\/p>\n<p>        <strong><br \/>\n          <a href=\"http:\/\/dgp.cnpq.br\/dgp\/espelhogrupo\/501497\" target=\"_blank\" rel=\"noopener noreferrer\"><br \/>\n            Grupo de Estudios e Investigaci\u00f3n en Nuevas Sociolog\u00edas (GENS)<br \/>\n          <\/a> \u2013 UFPel<br \/>\n        <\/strong><\/p>\n<p>        <strong><br \/>\n          <a href=\"http:\/\/dgp.cnpq.br\/dgp\/espelhogrupo\/4289547912878783\" target=\"_blank\" rel=\"noopener noreferrer\"><br \/>\n            Grupo de Estudios sobre Empresas y Organizaciones (GEEO)<br \/>\n          <\/a> \u2013 PUCRS<br \/>\n        <\/strong><\/p>\n<p>        <strong><br \/>\n          <a href=\"http:\/\/dgp.cnpq.br\/dgp\/espelhogrupo\/6977546244551465\" target=\"_blank\" rel=\"noopener noreferrer\"><br \/>\n            Laboratorio de Estudios sobre Mercados y Organizaciones en la Sociedad (LEMOS)<br \/>\n          <\/a> \u2013 UFS<br \/>\n        <\/strong>\n      <\/td>\n<\/tr>\n<tr style=\"height: 144px;\">\n<td style=\"width: 46.988%; height: 10px; text-align: center;\">\n        <strong><em>Prof. Dr. Fl\u00e1vio Sacco dos Anjos<\/em><\/strong>\n      <\/td>\n<td style=\"width: 70.3614%; height: 10px; text-align: center;\">\n        <strong><br \/>\n          <a href=\"http:\/\/nupear-ufpel.blogspot.com\/\"><br \/>\n            N\u00facleo de Investigaci\u00f3n y Extensi\u00f3n en Agroecolog\u00eda y Pol\u00edticas P\u00fablicas para la Agricultura Familiar \u2013 UFPel<br \/>\n          <\/a><br \/>\n        <\/strong><\/p>\n<p>        <strong><br \/>\n          <a href=\"http:\/\/dgp.cnpq.br\/dgp\/espelhogrupo\/3927451037748974\" target=\"_blank\" rel=\"noopener noreferrer\"><br \/>\n            Desarrollo Rural Sostenible<br \/>\n          <\/a> \u2013 UFPel<br \/>\n        <\/strong><\/p>\n<p>        <strong><br \/>\n          <a href=\"http:\/\/dgp.cnpq.br\/dgp\/espelhogrupo\/4735865132954167\" target=\"_blank\" rel=\"noopener noreferrer\"><br \/>\n            Indicaciones Geogr\u00e1ficas y Desarrollo Territorial<br \/>\n          <\/a> \u2013 UFPel<br \/>\n        <\/strong><\/p>\n<p>        <strong><br \/>\n          <a href=\"http:\/\/dgp.cnpq.br\/dgp\/espelhogrupo\/2953328469723658\" target=\"_blank\" rel=\"noopener noreferrer\"><br \/>\n            La Naturaleza Multidimensional de la Seguridad Alimentaria<br \/>\n          <\/a> \u2013 UFPel<br \/>\n        <\/strong><\/p>\n<\/td>\n<\/tr>\n<tr style=\"height: 96px;\">\n<td style=\"width: 46.988%; height: 96px; text-align: center;\">\n        <strong><i>Profa. Dra. Lara Roberta Rodrigues Facioli<\/i><\/strong>\n      <\/td>\n<td style=\"width: 70.3614%; height: 96px; text-align: center;\">\n        <strong><br \/>\n          <a href=\"http:\/\/dgp.cnpq.br\/dgp\/espelhogrupo\/4851\" target=\"_blank\" rel=\"noopener noreferrer\"><br \/>\n            G\u00e9nero, Corporalidades, Derechos Humanos y Pol\u00edticas P\u00fablicas<br \/>\n          <\/a> \u2013 UEL<br \/>\n        <\/strong><\/p>\n<p>        <strong><br \/>\n          <a href=\"http:\/\/dgp.cnpq.br\/dgp\/espelhogrupo\/328087\" target=\"_blank\" rel=\"noopener noreferrer\"><br \/>\n            Grupo de Estudios en Sociolog\u00eda, Medios e Im\u00e1genes (GESMI)<br \/>\n          <\/a> \u2013 UFF<br \/>\n        <\/strong><\/p>\n<p>        <strong><br \/>\n          <a href=\"http:\/\/dgp.cnpq.br\/dgp\/espelhogrupo\/515761\" target=\"_blank\" rel=\"noopener noreferrer\"><br \/>\n            Grupo de Investigaci\u00f3n en Sociolog\u00eda Digital<br \/>\n          <\/a> \u2013 FURG<br \/>\n        <\/strong>\n      <\/td>\n<\/tr>\n<tr style=\"height: 24px;\">\n<td style=\"width: 46.988%; height: 24px; text-align: center;\">\n        <strong><em>Prof. Dr. L\u00e9o Peixoto Rodrigues<\/em><\/strong>\n      <\/td>\n<td style=\"width: 70.3614%; height: 24px; text-align: center;\">\n        <strong><br \/>\n          <a href=\"https:\/\/www.ufrgs.br\/temas\/\"><br \/>\n            Tecnolog\u00eda, Medio Ambiente y Sociedad \u2013 UFRGS<br \/>\n          <\/a><br \/>\n        <\/strong><\/p>\n<p>        <strong><br \/>\n          <a href=\"http:\/\/dgp.cnpq.br\/dgp\/espelhogrupo\/5834032760759427\" target=\"_blank\" rel=\"noopener noreferrer\"><br \/>\n            Teor\u00eda Social Contempor\u00e1nea<br \/>\n          <\/a> \u2013 UFPel<br \/>\n        <\/strong><\/p>\n<p>        <strong><br \/>\n          <a href=\"http:\/\/dgp.cnpq.br\/dgp\/espelhogrupo\/361150\" target=\"_blank\" rel=\"noopener noreferrer\"><br \/>\n            TAT\u00c1: Conocimientos, Ciencias y Tecnolog\u00edas<br \/>\n          <\/a> \u2013 UNB<br \/>\n        <\/strong>\n      <\/td>\n<\/tr>\n<tr style=\"height: 160px;\">\n<td style=\"width: 46.988%; height: 160px; text-align: center;\">\n        <strong><em>Profa. Dra. Lorena Gill<\/em><\/strong>\n      <\/td>\n<td style=\"width: 70.3614%; height: 160px; text-align: center;\">\n        <strong><br \/>\n          <a href=\"https:\/\/wp.ufpel.edu.br\/ndh\/\"><br \/>\n            N\u00facleo de Documentaci\u00f3n Hist\u00f3rica de UFPel<br \/>\n          <\/a><br \/>\n        <\/strong><\/p>\n<p>        <strong><br \/>\n          <a href=\"http:\/\/dgp.cnpq.br\/dgp\/espelhogrupo\/1736257743434318\" target=\"_blank\" rel=\"noopener noreferrer\"><br \/>\n            Intolerancia: Historia y Sensibilidades<br \/>\n          <\/a> \u2013 UFPel<br \/>\n        <\/strong><\/p>\n<p>        <strong><br \/>\n          <a href=\"http:\/\/dgp.cnpq.br\/dgp\/espelhogrupo\/4894347149405273\" target=\"_blank\" rel=\"noopener noreferrer\"><br \/>\n            Historia del Trabajo<br \/>\n          <\/a> \u2013 UFPel<br \/>\n        <\/strong><\/p>\n<p>        <strong><br \/>\n          <a href=\"http:\/\/dgp.cnpq.br\/dgp\/espelhogrupo\/2605319261185986\" target=\"_blank\" rel=\"noopener noreferrer\"><br \/>\n            Cuerpo, Salud y Enfermedad<br \/>\n          <\/a> \u2013 UFSM<br \/>\n        <\/strong>\n      <\/td>\n<\/tr>\n<tr style=\"height: 48px;\">\n<td style=\"width: 46.988%; height: 48px; text-align: center;\">\n        <strong><em>Prof. Dr. Marcio Silva Rodrigues<\/em><\/strong>\n      <\/td>\n<td style=\"width: 70.3614%; height: 48px; text-align: center;\">\n        <strong><br \/>\n          <a href=\"http:\/\/dgp.cnpq.br\/dgp\/espelhogrupo\/6968945960196530\" target=\"_blank\" rel=\"noopener noreferrer\"><br \/>\n            N\u00facleo de Estudios Marcelo Milano Falc\u00e3o Vieira (NEMaVi)<br \/>\n          <\/a> \u2013 UFPel<br \/>\n        <\/strong><\/p>\n<p>        <strong><br \/>\n          <a href=\"http:\/\/dgp.cnpq.br\/dgp\/espelhogrupo\/262403\" target=\"_blank\" rel=\"noopener noreferrer\"><br \/>\n            Grupo de Estudios e Investigaci\u00f3n en Administraci\u00f3n P\u00fablica (GEPAP)<br \/>\n          <\/a> \u2013 UFPel<br \/>\n        <\/strong>\n      <\/td>\n<\/tr>\n<tr style=\"height: 240px;\">\n<td style=\"width: 46.988%; height: 240px; text-align: center;\">\n        <strong><em>Prof. Dr. Marcus Vinicius Spolle<\/em><\/strong>\n      <\/td>\n<td style=\"width: 70.3614%; height: 240px; text-align: center;\">\n        <strong>N\u00facleo Interseccionalidades \u2013 UFPel<\/strong><\/p>\n<p>        <strong><br \/>\n          <a href=\"http:\/\/dgp.cnpq.br\/dgp\/espelhogrupo\/4964006372280542\" target=\"_blank\" rel=\"noopener noreferrer\"><br \/>\n            Ciudad, Vida Cotidiana e Imagen<br \/>\n          <\/a> \u2013 UFPel<br \/>\n        <\/strong><\/p>\n<p>        <strong><br \/>\n          <a href=\"http:\/\/dgp.cnpq.br\/dgp\/espelhogrupo\/1855749109387191\" target=\"_blank\" rel=\"noopener noreferrer\"><br \/>\n            D&#8217;GENERUS: N\u00facleo de Estudios Feministas y de G\u00e9nero<br \/>\n          <\/a> \u2013 UFPel<br \/>\n        <\/strong><\/p>\n<p>        <strong><br \/>\n          <a href=\"http:\/\/dgp.cnpq.br\/dgp\/espelhogrupo\/8652891742194460\"><br \/>\n            Nuevas Pr\u00e1cticas Pol\u00edticas y Actores Sociales en la Democracia Contempor\u00e1nea<br \/>\n          <\/a> \u2013 UFPel<br \/>\n        <\/strong><\/p>\n<p>        <strong><br \/>\n          <a href=\"http:\/\/dgp.cnpq.br\/dgp\/espelhogrupo\/7712357227235928\" target=\"_blank\" rel=\"noopener noreferrer\"><br \/>\n            N\u00facleo de An\u00e1lisis Urbanos<br \/>\n          <\/a> \u2013 FURG<br \/>\n        <\/strong><\/p>\n<p>        <strong><br \/>\n          <a href=\"http:\/\/dgp.cnpq.br\/dgp\/espelhogrupo\/6322481378240754\" target=\"_blank\" rel=\"noopener noreferrer\"><br \/>\n            N\u00facleo de Estudios Afrobrasile\u00f1os e Ind\u00edgenas<br \/>\n          <\/a> \u2013 FURG<br \/>\n        <\/strong>\n      <\/td>\n<\/tr>\n<tr style=\"height: 96px;\">\n<td style=\"width: 46.988%; height: 96px; text-align: center;\">\n        <strong><em>Prof. Dr. Pedro Robertt<\/em><\/strong>\n      <\/td>\n<td style=\"width: 70.3614%; height: 96px; text-align: center;\">\n        <strong><br \/>\n          <a href=\"http:\/\/dgp.cnpq.br\/dgp\/espelhogrupo\/3352646326017738\" target=\"_blank\" rel=\"noopener noreferrer\"><br \/>\n            Cambios organizacionales y nuevas subjetividades en el mundo del trabajo<br \/>\n          <\/a> \u2013 UFPel<br \/>\n        <\/strong><\/p>\n<p>        <strong><br \/>\n          <a href=\"http:\/\/dgp.cnpq.br\/dgp\/espelhogrupo\/34173\" target=\"_blank\" rel=\"noopener noreferrer\"><br \/>\n            Subalternidades Globales \u2013 UFPel<br \/>\n          <\/a><br \/>\n        <\/strong>\n      <\/td>\n<\/tr>\n<tr style=\"height: 116px;\">\n<td style=\"width: 46.988%; height: 116px; text-align: center;\">\n<div dir=\"auto\"><\/div>\n<div dir=\"auto\">\n          <strong><em>Prof. Dr. Rodrigo Cantu<\/em><\/strong>\n        <\/div>\n<p>        <strong><em> <\/em><\/strong>\n      <\/td>\n<td style=\"width: 70.3614%; height: 116px; text-align: center;\">\n<div dir=\"auto\"><\/div>\n<div dir=\"auto\">\n          <strong><br \/>\n            <a href=\"http:\/\/dgp.cnpq.br\/dgp\/espelhogrupo\/3707920884035981\"><br \/>\n              LEFEE \u2013 Laboratorio de Estudios Sociales de las Finanzas, el Estado y la Econom\u00eda<br \/>\n            <\/a> \u2013 UFPEL<br \/>\n          <\/strong>\n        <\/div>\n<div dir=\"auto\"><\/div>\n<\/td>\n<\/tr>\n<tr style=\"height: 120px;\">\n<td style=\"width: 46.988%; height: 120px; text-align: center;\">\n        <strong><em>Prof. Dr. S\u00e9rgio Botton Barcellos<\/em><\/strong>\n      <\/td>\n<td style=\"width: 70.3614%; height: 120px; text-align: center;\">\n        <strong><br \/>\n          <a href=\"http:\/\/dgp.cnpq.br\/dgp\/espelhogrupo\/8536893724936559\" target=\"_blank\" rel=\"noopener noreferrer\"><br \/>\n            Din\u00e1micas Pol\u00edticas, Estado y Movimientos Sociales<br \/>\n          <\/a> \u2013 FURG<br \/>\n        <\/strong><\/p>\n<p>        <strong><br \/>\n          <a href=\"http:\/\/dgp.cnpq.br\/dgp\/espelhogrupo\/224241\"><br \/>\n            Democracia y Pol\u00edticas P\u00fablicas<br \/>\n          <\/a> \u2013 UFPel<br \/>\n        <\/strong><\/p>\n<p>        <strong><br \/>\n          <a href=\"http:\/\/dgp.cnpq.br\/dgp\/espelhogrupo\/6851053245010905\" target=\"_blank\" rel=\"noopener noreferrer\"><br \/>\n            Extensi\u00f3n Rural Aplicada<br \/>\n          <\/a> \u2013 UFSM<br \/>\n        <\/strong><\/p>\n<p>        <strong><br \/>\n          <a href=\"http:\/\/dgp.cnpq.br\/dgp\/espelhogrupo\/5389226784599632\" target=\"_blank\" rel=\"noopener noreferrer\"><br \/>\n            Grupo de Investigaci\u00f3n en Pol\u00edtica, Naturaleza y Ciudad<br \/>\n          <\/a> \u2013 FURG<br \/>\n        <\/strong>\n      <\/td>\n<\/tr>\n<tr style=\"height: 192px;\">\n<td style=\"width: 46.988%; height: 192px; text-align: center;\">\n        <strong><em>Profa. Dra. Simone da Silva Ribeiro Gomes<\/em><\/strong>\n      <\/td>\n<td style=\"width: 70.3614%; height: 192px; text-align: center;\">\n        <strong><br \/>\n          <a href=\"http:\/\/uerj.academia.edu\/NETSAL\" target=\"_blank\" rel=\"noopener noreferrer\"><br \/>\n            N\u00facleo de Estudios en Teor\u00eda Social y Am\u00e9rica Latina (NETSAL)<br \/>\n          <\/a> \u2013 UERJ<br \/>\n        <\/strong><\/p>\n<p>        <strong><br \/>\n          <a href=\"https:\/\/wp.ufpel.edu.br\/crimeacoescoletivas\/\" target=\"_blank\" rel=\"noopener noreferrer\"><br \/>\n            <span style=\"font-size: 12pt;\"><br \/>\n              Configuraciones y Tensiones de las Din\u00e1micas del Crimen y de las Acciones Colectivas en el Brasil Contempor\u00e1neo<br \/>\n            <\/span><br \/>\n          <\/a><br \/>\n        <\/strong>\n      <\/td>\n<\/tr>\n<tr style=\"height: 184px;\">\n<td style=\"width: 46.988%; height: 184px; text-align: center;\">\n        <strong><em>Prof. Dr. William H\u00e9ctor G\u00f3mez Soto<\/em><\/strong>\n      <\/td>\n<td style=\"width: 70.3614%; height: 184px; text-align: center;\">\n        <strong><br \/>\n          <a href=\"http:\/\/dgp.cnpq.br\/dgp\/espelhogrupo\/4964006372280542\" target=\"_blank\" rel=\"noopener noreferrer\"><br \/>\n            Ciudad, Vida Cotidiana e Imagen<br \/>\n          <\/a> \u2013 UFPel<br \/>\n        <\/strong><\/p>\n<p>        <strong><br \/>\n          <a href=\"http:\/\/dgp.cnpq.br\/dgp\/espelhogrupo\/1342131337320216\" target=\"_blank\" rel=\"noopener noreferrer\"><br \/>\n            Identidades \u00c9tnicas y Racismo<br \/>\n          <\/a> \u2013 UFRGS<br \/>\n        <\/strong><\/p>\n<\/td>\n<\/tr>\n<\/tbody>\n<\/table>\n<p>&nbsp;<\/p>\n","protected":false},"excerpt":{"rendered":"<p>Profesores Prof. Dr. Am\u00edlcar Cardoso Vila\u00e7a de Freitas N\u00facleo Interseccionalidades \u2013 UFPel Prof. Dr. Attila Magno e Silva Barbosa Cambios organizacionales y nuevas subjetividades en el mundo del trabajo \u2013 UFPel Laboratorio de Estudios sobre Trabajo, Profesiones y Movilidades (LEST-M) \u2013 UFSCar Profa. Dra. Elaine da Silveira Leite Centro de Estudios en Sociolog\u00eda Econ\u00f3mica y [&hellip;]<\/p>\n","protected":false},"author":396,"featured_media":0,"parent":0,"menu_order":0,"comment_status":"closed","ping_status":"closed","template":"","meta":{"jetpack_post_was_ever_published":false,"footnotes":""},"class_list":["post-9505","page","type-page","status-publish","hentry"],"jetpack_sharing_enabled":true,"jetpack_shortlink":"https:\/\/wp.me\/P9dZ0f-2tj","jetpack_likes_enabled":true,"jetpack-related-posts":[],"_links":{"self":[{"href":"https:\/\/wp.ufpel.edu.br\/ppgs\/wp-json\/wp\/v2\/pages\/9505","targetHints":{"allow":["GET"]}}],"collection":[{"href":"https:\/\/wp.ufpel.edu.br\/ppgs\/wp-json\/wp\/v2\/pages"}],"about":[{"href":"https:\/\/wp.ufpel.edu.br\/ppgs\/wp-json\/wp\/v2\/types\/page"}],"author":[{"embeddable":true,"href":"https:\/\/wp.ufpel.edu.br\/ppgs\/wp-json\/wp\/v2\/users\/396"}],"replies":[{"embeddable":true,"href":"https:\/\/wp.ufpel.edu.br\/ppgs\/wp-json\/wp\/v2\/comments?post=9505"}],"version-history":[{"count":1,"href":"https:\/\/wp.ufpel.edu.br\/ppgs\/wp-json\/wp\/v2\/pages\/9505\/revisions"}],"predecessor-version":[{"id":9506,"href":"https:\/\/wp.ufpel.edu.br\/ppgs\/wp-json\/wp\/v2\/pages\/9505\/revisions\/9506"}],"wp:attachment":[{"href":"https:\/\/wp.ufpel.edu.br\/ppgs\/wp-json\/wp\/v2\/media?parent=9505"}],"curies":[{"name":"wp","href":"https:\/\/api.w.org\/{rel}","templated":true}]}}