{"id":674,"date":"2015-03-13T16:50:12","date_gmt":"2015-03-13T19:50:12","guid":{"rendered":"https:\/\/wp.ufpel.edu.br\/ppgs\/?page_id=674"},"modified":"2024-09-10T02:02:55","modified_gmt":"2024-09-10T05:02:55","slug":"turma-2013","status":"publish","type":"page","link":"https:\/\/wp.ufpel.edu.br\/ppgs\/producaoeeventos\/dissertacoes\/turma-2013\/","title":{"rendered":"Disserta\u00e7\u00f5es: Turma 2013"},"content":{"rendered":"<p><strong>ADRIANA DE LEMOS MUNSBERG<\/strong><\/p>\n<p>Trabalho de Conclus\u00e3o:<strong> <a href=\"https:\/\/wp.ufpel.edu.br\/ppgs\/files\/2015\/03\/DISSERTA\u00c7\u00c3O-ADRIANA-FINAL.pdf\" rel=\"\">Discursos gerenciais e envolvimento dos trabalhadores em uma ind\u00fastria do Rio Grande do Sul<\/a><\/strong><\/p>\n<p>Orientador:\u00a0Pedro Robertt<\/p>\n<p>Data de defesa: 08\/09\/2015<\/p>\n<p>&nbsp;<\/p>\n<p><strong>BRUNA KUCHARSKI WAGNER<\/strong><\/p>\n<p>Trabalho de Conclus\u00e3o:<strong> <a href=\"https:\/\/wp.ufpel.edu.br\/ppgs\/files\/2015\/03\/WAGNER-Bruna-Kucharski..pdf\">A percep\u00e7\u00e3o da burocracia na ci\u00eancia que se produz nos programas de p\u00f3s-gradua\u00e7\u00e3o em Universidades Federais do Rio Grande do Sul<\/a><\/strong><\/p>\n<p>Orientador:\u00a0L\u00e9o Peixoto Rodrigues<\/p>\n<p>Data de defesa:\u00a013\/04\/2015<\/p>\n<p>&nbsp;<\/p>\n<p><strong>CAROLINA FLORES MARASCO DA CUNHA<\/strong><\/p>\n<p>Trabalho de Conclus\u00e3o:<strong> <a href=\"https:\/\/wp.ufpel.edu.br\/ppgs\/files\/2015\/03\/DISSERTA\u00c7\u00c3O_CD.pdf\">Discursos midi\u00e1ticos e sociedade: Jornal do Almo\u00e7o e a redu\u00e7\u00e3o da maioridade penal<\/a><\/strong><\/p>\n<p>Orientador:\u00a0Marcus Vinicius Spolle<\/p>\n<p>Data de defesa:\u00a017\/04\/2015<\/p>\n<p>&nbsp;<\/p>\n<p><strong>DANIEL MARQUES AQUINI<\/strong><\/p>\n<p>Trabalho de Conclus\u00e3o:<strong> <a href=\"https:\/\/wp.ufpel.edu.br\/ppgs\/files\/2015\/03\/disserta\u00e7\u00e3o-daniel-vers\u00e3o-final-com-introdu\u00e7\u00e3o.pdf\">Guardi\u00f5es de semesntes do Sul do RS e a constru\u00e7\u00e3o de um sistema intersocial<\/a><\/strong><\/p>\n<p>Orientador: William H\u00e9ctor Gomez Soto<\/p>\n<p>Data de defesa: 08\/09\/2015<\/p>\n<p>&nbsp;<\/p>\n<p><strong>GABRIEL BANDEIRA COELHO<\/strong><\/p>\n<p>Trabalho de Conclus\u00e3o:<strong> <a href=\"https:\/\/wp.ufpel.edu.br\/ppgs\/files\/2015\/03\/Disserta\u00e7\u00e3o-Gabriel-Vers\u00e3o-Final-1.pdf\">Capes e o fomento aos Programas de P\u00f3s-Gradua\u00e7\u00e3o Interdisciplinares: Um olhar a partir dos Estudos Sociais da Ci\u00eancia<\/a><\/strong><\/p>\n<p>Orientador:\u00a0L\u00e9o Peixoto Rodrigues<\/p>\n<p>Data de defesa:\u00a027\/03\/2015<\/p>\n<p>&nbsp;<\/p>\n<p><strong>JANA\u00cdNA SILVA DA ROSA<\/strong><\/p>\n<p>Trabalho de Conclus\u00e3o:<strong> <a href=\"https:\/\/wp.ufpel.edu.br\/ppgs\/files\/2015\/03\/JANA\u00cdNA-SILVA-DA-ROSA.pdf\">Os limites do desenvolvimento e as rela\u00e7\u00f5es de g\u00eanero no espa\u00e7o rural: a vis\u00e3o das mulheres agricultoras de Arroio do Padre, RS<\/a><\/strong><\/p>\n<p>Orientadores:\u00a0Fl\u00e1vio Sacco dos Anjos e Fernanda Novo da Silva<\/p>\n<p>Data de defesa: 21\/08\/2015<\/p>\n<p>&nbsp;<\/p>\n<p><strong>JULIANI VERONEZI ORBEM<\/strong><\/p>\n<p>Trabalho de Conclus\u00e3o:<strong> <a href=\"https:\/\/wp.ufpel.edu.br\/ppgs\/files\/2015\/03\/Disserta\u00e7\u00e3o-2015-Juliani-Veronezi-Orbem.pdf\">A constru\u00e7\u00e3o sociojur\u00eddica da pejotiza\u00e7\u00e3o e o esp\u00edrito do capitalismo<\/a><\/strong><\/p>\n<p>Orientador:\u00a0\u00c1ttila Barbosa<\/p>\n<p>Data de defesa:\u00a023\/04\/2015<\/p>\n<p>&nbsp;<\/p>\n<p><strong>LUCIANE BARCELLOS DE ALMEIDA<\/strong><\/p>\n<p>Trabalho de Conclus\u00e3o:<strong> <a href=\"https:\/\/wp.ufpel.edu.br\/ppgs\/files\/2015\/03\/Luciane_disserta\u00e7\u00e3o_finalizada-1.pdf\" rel=\"\">Processo de empoderamento das mulheres a cooperativa habitacional de trabalhadores: a forma de habitar em quest\u00e3o<\/a><\/strong><\/p>\n<p>Orientador:\u00a0Maria Thereza Ribeiro<\/p>\n<p>Data de defesa: 20\/05\/2015<\/p>\n<p>&nbsp;<\/p>\n<p><strong>MARCIELE AGOSTA DE VASCONCELLOS<\/strong><\/p>\n<p>Trabalho de Conclus\u00e3o:<strong> <a href=\"https:\/\/wp.ufpel.edu.br\/ppgs\/files\/2015\/03\/VASCONCELLOSM.A._Conducao.pdf\">A condu\u00e7\u00e3o e a constru\u00e7\u00e3o dos lit\u00edgios trabalhistas: Um estudo sociol\u00f3gico sobre os modos de coordena\u00e7\u00e3o da a\u00e7\u00e3o dos atores sociais que atuam em um lit\u00edgio trabalhista na cidade de Pelotas\/RS<\/a><\/strong><\/p>\n<p>Orientador:\u00a0Elaine da Silveira Leite<\/p>\n<p>Data de defesa:\u00a014\/05\/2015<\/p>\n<p>&nbsp;<\/p>\n<p><strong>MARI CRISTINA DE FREITAS FAGUNDES<\/strong><\/p>\n<p>Trabalho de Conclus\u00e3o:<strong> <a href=\"https:\/\/wp.ufpel.edu.br\/ppgs\/files\/2015\/03\/Capa-disserta\u00e7\u00e3o.pdf\">T\u00e1ticas e estrat\u00e9gias para desestabilizar certezas e questionar verdades no presente: O Rap pelotense e seu discurso de Resist\u00eancia ao Sistema de Justi\u00e7a Criminal<\/a><\/strong><\/p>\n<p>Orientador:\u00a0Marcus Vinicius Spolle<\/p>\n<p>Data de defesa:\u00a023\/04\/2015<\/p>\n<p>&nbsp;<\/p>\n<p><strong>MATEUS BENDER<\/strong><\/p>\n<p>Trabalho de Conclus\u00e3o:<strong> <a href=\"https:\/\/wp.ufpel.edu.br\/ppgs\/files\/2015\/03\/Disserta\u00e7\u00e3o-de-Mestrado-em-Sociologia-com-ficha-catalogr\u00e1fica-Mateus-Bender.pdf\">A Constru\u00e7\u00e3o Social e Jur\u00eddica do Ass\u00e9dio Moral na Modernidade Reflexiva<\/a><\/strong><\/p>\n<p>Orientador: \u00c1ttila Barbosa<\/p>\n<p>Data de defesa:\u00a026\/08\/2015<\/p>\n<p>&nbsp;<\/p>\n<p><strong>RAFAEL VALENCIO BARROS<\/strong><\/p>\n<p>Trabalho de Conclus\u00e3o:<strong> <a href=\"https:\/\/wp.ufpel.edu.br\/ppgs\/files\/2015\/03\/Rafael-2015.pdf\" rel=\"\">A Sociologia Fiscal: Um estudo sobre a Educa\u00e7\u00e3o Fiscal e a rela\u00e7\u00e3o Estado-contribuinte no Brasil<\/a><\/strong><\/p>\n<p>Orientador:\u00a0Elaine da Silveira Leite<\/p>\n<p>Data de defesa: 26\/06\/2015<\/p>\n<p>&nbsp;<\/p>\n<p><strong>RAFAELLA EGUES DA ROSA<\/strong><\/p>\n<p>Trabalho de Conclus\u00e3o:<strong> <a href=\"https:\/\/wp.ufpel.edu.br\/ppgs\/files\/2015\/03\/Disserta\u00e7\u00e3o-Vers\u00e3o-Final.pdf\">Conflito socioambiental e representa\u00e7\u00f5es sociais: o caso dos pescadores artesanais circunscritos ao Polo Naval do Rio Grande<\/a><\/strong><\/p>\n<p>Orientador:\u00a0William Hector Gomez Soto<\/p>\n<p>Data de defesa: 26\/06\/2015<\/p>\n<p>&nbsp;<\/p>\n<p><strong>RAM\u00c3O CORREA<\/strong><\/p>\n<p>Trabalho de Conclus\u00e3o:<strong> <a href=\"https:\/\/wp.ufpel.edu.br\/ppgs\/files\/2015\/03\/A-constru\u00e7\u00e3o-social-do-mercado-de-sementes-agroecol\u00f3gicas-na-Regi\u00e3o-Sul-do-Rio-Grande-do-Sul-e-o-papel-do-Estado-Ram\u00e3o-1.pdf\">A constru\u00e7\u00e3o social do mercado de sementes agroecol\u00f3gicas na Regi\u00e3o Sul do Rio Grande do Sul e o papel do Estado<\/a><\/strong><\/p>\n<p>Orientador:\u00a0Elaine da Silveira Leite<\/p>\n<p>Data de defesa:\u00a023\/04\/2015<\/p>\n<p>&nbsp;<\/p>\n<p><strong>RANIERI RODRIGUES GARCIA<\/strong><\/p>\n<p>Trabalho de Conclus\u00e3o:<strong> <a href=\"https:\/\/wp.ufpel.edu.br\/ppgs\/files\/2015\/03\/DISSERTA\u00c7\u00c2O_Ranieri_UFPel.pdf\">Disposi\u00e7\u00f5es para crer sobre o sindicalismo: um estudo com ju\u00edzes do trabalho no sul do Brasil<\/a><\/strong><\/p>\n<p>Orientador:\u00a0Maria Thereza Ribeiro<\/p>\n<p>Data de defesa:\u00a003\/06\/2015<\/p>\n<p>&nbsp;<\/p>\n<p><strong>ROBERTA BORGES MELLO<\/strong><\/p>\n<p>Trabalho de Conclus\u00e3o:<strong> <a href=\"https:\/\/wp.ufpel.edu.br\/ppgs\/files\/2015\/03\/Disserta\u00e7\u00e3o-Roberta.pdf\">Uma hist\u00f3ria de mulheres de classes populares no mundo do trabalho e sua rela\u00e7\u00e3o com o Benef\u00edcio de Presta\u00e7\u00e3o Continuada, da Pol\u00edtica de Assist\u00eancia Social, em Pelotas RS (2010-2014)<\/a><\/strong><\/p>\n<p>Orientador:\u00a0Lorena Almeida Gill<\/p>\n<p>Data de defesa:\u00a017\/06\/2015<\/p>\n<p>&nbsp;<\/p>\n<p><strong>S\u00c9RGIO DE SOUZA SILVEIRA<\/strong><\/p>\n<p>Trabalho de Conclus\u00e3o:<strong> <a href=\"https:\/\/wp.ufpel.edu.br\/ppgs\/files\/2015\/03\/S\u00e9rgio-Disserta\u00e7\u00e3o-2015-12-03-1.pdf\" rel=\"\">As estrat\u00e9gias das pol\u00edticas socioambientais para o desenvolvimento urbano: um estudo de caso do Conselho Municipal de Prote\u00e7\u00e3o Ambiental de Pelotas (COMPAM)<\/a><\/strong><\/p>\n<p>Orientador: William H\u00e9ctor Gom\u00e9z Soto<\/p>\n<p>Data de defesa: 02\/09\/2015<\/p>\n","protected":false},"excerpt":{"rendered":"<p>ADRIANA DE LEMOS MUNSBERG Trabalho de Conclus\u00e3o: Discursos gerenciais e envolvimento dos trabalhadores em uma ind\u00fastria do Rio Grande do Sul Orientador:\u00a0Pedro Robertt Data de defesa: 08\/09\/2015 &nbsp; BRUNA KUCHARSKI WAGNER Trabalho de Conclus\u00e3o: A percep\u00e7\u00e3o da burocracia na ci\u00eancia que se produz nos programas de p\u00f3s-gradua\u00e7\u00e3o em Universidades Federais do Rio Grande do Sul [&hellip;]<\/p>\n","protected":false},"author":396,"featured_media":0,"parent":225,"menu_order":0,"comment_status":"closed","ping_status":"closed","template":"","meta":{"jetpack_post_was_ever_published":false,"footnotes":""},"class_list":["post-674","page","type-page","status-publish","hentry"],"jetpack_sharing_enabled":true,"jetpack_shortlink":"https:\/\/wp.me\/P9dZ0f-aS","jetpack_likes_enabled":true,"jetpack-related-posts":[],"_links":{"self":[{"href":"https:\/\/wp.ufpel.edu.br\/ppgs\/wp-json\/wp\/v2\/pages\/674","targetHints":{"allow":["GET"]}}],"collection":[{"href":"https:\/\/wp.ufpel.edu.br\/ppgs\/wp-json\/wp\/v2\/pages"}],"about":[{"href":"https:\/\/wp.ufpel.edu.br\/ppgs\/wp-json\/wp\/v2\/types\/page"}],"author":[{"embeddable":true,"href":"https:\/\/wp.ufpel.edu.br\/ppgs\/wp-json\/wp\/v2\/users\/396"}],"replies":[{"embeddable":true,"href":"https:\/\/wp.ufpel.edu.br\/ppgs\/wp-json\/wp\/v2\/comments?post=674"}],"version-history":[{"count":43,"href":"https:\/\/wp.ufpel.edu.br\/ppgs\/wp-json\/wp\/v2\/pages\/674\/revisions"}],"predecessor-version":[{"id":8906,"href":"https:\/\/wp.ufpel.edu.br\/ppgs\/wp-json\/wp\/v2\/pages\/674\/revisions\/8906"}],"up":[{"embeddable":true,"href":"https:\/\/wp.ufpel.edu.br\/ppgs\/wp-json\/wp\/v2\/pages\/225"}],"wp:attachment":[{"href":"https:\/\/wp.ufpel.edu.br\/ppgs\/wp-json\/wp\/v2\/media?parent=674"}],"curies":[{"name":"wp","href":"https:\/\/api.w.org\/{rel}","templated":true}]}}