{"id":3670,"date":"2018-08-20T21:36:13","date_gmt":"2018-08-21T00:36:13","guid":{"rendered":"https:\/\/wp.ufpel.edu.br\/ppgs\/?page_id=3670"},"modified":"2018-08-31T10:10:57","modified_gmt":"2018-08-31T13:10:57","slug":"discutindo-a-modernidade-hoje-discursos-desigualdades-e-emocoes","status":"publish","type":"page","link":"https:\/\/wp.ufpel.edu.br\/ppgs\/eventos\/eventos-2018\/discutindo-a-modernidade-hoje-discursos-desigualdades-e-emocoes\/","title":{"rendered":"Discutindo a modernidade hoje: discursos, desigualdades e emo\u00e7\u00f5es"},"content":{"rendered":"<p>O evento segue o formato de uma disciplina, a qual ser\u00e1 concentrada em quatros aulas, durante os dias 28 e 29 de Agosto, e ministrada pelos professores Juan Antonio Roche C\u00e1rcel (Doutor em Sociologia e Prof. Titular da Universidade de Alicante) e Maria del Carmen Marim\u00f3n LLorca (Doutora em Filosofia e Profa. Titular da Universidade de Alicante).<\/p>\n<p>Os t\u00f3picos abordados ser\u00e3o: El discurso ideol\u00f3gico sobre la lengua en los medios de comunicaci\u00f3n: norma ling\u00fc\u00edstica y norma social en el mundo hispanohablante. La lengua como instrumento de legitimaci\u00f3n: el articulismo ling\u00fc\u00edstico durante el primer franquismo (1939-1945). \u00bfEl amor fusiona o desiguala. A prop\u00f3sito de la concepci\u00f3n femenina del amor&#8221; (sociolog\u00eda de las emociones y desigualdad). La creatividad y las contradicciones sociales y culturales de la Modernidad (lacreatividad como construcci\u00f3n de la modernidad).<\/p>\n<p>&nbsp;<\/p>\n<p><strong>Fotos do Evento<br \/>\n<\/strong><\/p>\n<p style=\"text-align: left\"><a href=\"https:\/\/i0.wp.com\/wp.ufpel.edu.br\/ppgs\/files\/2018\/08\/40418450_10212002711962870_3472616010983407616_n.jpg?ssl=1\"><img data-recalc-dims=\"1\" data-attachment-id=\"3702\" data-permalink=\"https:\/\/wp.ufpel.edu.br\/ppgs\/eventos\/eventos-2018\/discutindo-a-modernidade-hoje-discursos-desigualdades-e-emocoes\/40418450_10212002711962870_3472616010983407616_n\/\" data-orig-file=\"https:\/\/i0.wp.com\/wp.ufpel.edu.br\/ppgs\/files\/2018\/08\/40418450_10212002711962870_3472616010983407616_n.jpg?fit=960%2C720&amp;ssl=1\" data-orig-size=\"960,720\" data-comments-opened=\"0\" data-image-meta=\"{&quot;aperture&quot;:&quot;0&quot;,&quot;credit&quot;:&quot;&quot;,&quot;camera&quot;:&quot;&quot;,&quot;caption&quot;:&quot;&quot;,&quot;created_timestamp&quot;:&quot;0&quot;,&quot;copyright&quot;:&quot;&quot;,&quot;focal_length&quot;:&quot;0&quot;,&quot;iso&quot;:&quot;0&quot;,&quot;shutter_speed&quot;:&quot;0&quot;,&quot;title&quot;:&quot;&quot;,&quot;orientation&quot;:&quot;0&quot;}\" data-image-title=\"40418450_10212002711962870_3472616010983407616_n\" data-image-description=\"\" data-image-caption=\"\" data-medium-file=\"https:\/\/i0.wp.com\/wp.ufpel.edu.br\/ppgs\/files\/2018\/08\/40418450_10212002711962870_3472616010983407616_n.jpg?fit=400%2C300&amp;ssl=1\" data-large-file=\"https:\/\/i0.wp.com\/wp.ufpel.edu.br\/ppgs\/files\/2018\/08\/40418450_10212002711962870_3472616010983407616_n.jpg?fit=960%2C720&amp;ssl=1\" class=\"wp-image-3702 size-thumbnail alignleft\" src=\"https:\/\/i0.wp.com\/wp.ufpel.edu.br\/ppgs\/files\/2018\/08\/40418450_10212002711962870_3472616010983407616_n.jpg?resize=200%2C200&#038;ssl=1\" alt=\"\" width=\"200\" height=\"200\" srcset=\"https:\/\/i0.wp.com\/wp.ufpel.edu.br\/ppgs\/files\/2018\/08\/40418450_10212002711962870_3472616010983407616_n.jpg?resize=200%2C200&amp;ssl=1 200w, https:\/\/i0.wp.com\/wp.ufpel.edu.br\/ppgs\/files\/2018\/08\/40418450_10212002711962870_3472616010983407616_n.jpg?zoom=2&amp;resize=200%2C200&amp;ssl=1 400w, https:\/\/i0.wp.com\/wp.ufpel.edu.br\/ppgs\/files\/2018\/08\/40418450_10212002711962870_3472616010983407616_n.jpg?zoom=3&amp;resize=200%2C200&amp;ssl=1 600w\" sizes=\"(max-width: 200px) 100vw, 200px\" \/><\/a> <a href=\"https:\/\/i0.wp.com\/wp.ufpel.edu.br\/ppgs\/files\/2018\/08\/40475493_10212002713362905_7086255306035953664_n.jpg?ssl=1\"><img data-recalc-dims=\"1\" data-attachment-id=\"3703\" data-permalink=\"https:\/\/wp.ufpel.edu.br\/ppgs\/eventos\/eventos-2018\/discutindo-a-modernidade-hoje-discursos-desigualdades-e-emocoes\/40475493_10212002713362905_7086255306035953664_n\/\" data-orig-file=\"https:\/\/i0.wp.com\/wp.ufpel.edu.br\/ppgs\/files\/2018\/08\/40475493_10212002713362905_7086255306035953664_n.jpg?fit=960%2C720&amp;ssl=1\" data-orig-size=\"960,720\" data-comments-opened=\"0\" data-image-meta=\"{&quot;aperture&quot;:&quot;0&quot;,&quot;credit&quot;:&quot;&quot;,&quot;camera&quot;:&quot;&quot;,&quot;caption&quot;:&quot;&quot;,&quot;created_timestamp&quot;:&quot;0&quot;,&quot;copyright&quot;:&quot;&quot;,&quot;focal_length&quot;:&quot;0&quot;,&quot;iso&quot;:&quot;0&quot;,&quot;shutter_speed&quot;:&quot;0&quot;,&quot;title&quot;:&quot;&quot;,&quot;orientation&quot;:&quot;0&quot;}\" data-image-title=\"40475493_10212002713362905_7086255306035953664_n\" data-image-description=\"\" data-image-caption=\"\" data-medium-file=\"https:\/\/i0.wp.com\/wp.ufpel.edu.br\/ppgs\/files\/2018\/08\/40475493_10212002713362905_7086255306035953664_n.jpg?fit=400%2C300&amp;ssl=1\" data-large-file=\"https:\/\/i0.wp.com\/wp.ufpel.edu.br\/ppgs\/files\/2018\/08\/40475493_10212002713362905_7086255306035953664_n.jpg?fit=960%2C720&amp;ssl=1\" class=\"wp-image-3703 size-thumbnail alignleft\" src=\"https:\/\/i0.wp.com\/wp.ufpel.edu.br\/ppgs\/files\/2018\/08\/40475493_10212002713362905_7086255306035953664_n.jpg?resize=200%2C200&#038;ssl=1\" alt=\"\" width=\"200\" height=\"200\" srcset=\"https:\/\/i0.wp.com\/wp.ufpel.edu.br\/ppgs\/files\/2018\/08\/40475493_10212002713362905_7086255306035953664_n.jpg?resize=200%2C200&amp;ssl=1 200w, https:\/\/i0.wp.com\/wp.ufpel.edu.br\/ppgs\/files\/2018\/08\/40475493_10212002713362905_7086255306035953664_n.jpg?zoom=2&amp;resize=200%2C200&amp;ssl=1 400w, https:\/\/i0.wp.com\/wp.ufpel.edu.br\/ppgs\/files\/2018\/08\/40475493_10212002713362905_7086255306035953664_n.jpg?zoom=3&amp;resize=200%2C200&amp;ssl=1 600w\" sizes=\"(max-width: 200px) 100vw, 200px\" \/><\/a> <a href=\"https:\/\/i0.wp.com\/wp.ufpel.edu.br\/ppgs\/files\/2018\/08\/40228537_10211995870271832_3030514334053695488_o.jpg?ssl=1\"><img data-recalc-dims=\"1\" data-attachment-id=\"3704\" data-permalink=\"https:\/\/wp.ufpel.edu.br\/ppgs\/eventos\/eventos-2018\/discutindo-a-modernidade-hoje-discursos-desigualdades-e-emocoes\/40228537_10211995870271832_3030514334053695488_o\/\" data-orig-file=\"https:\/\/i0.wp.com\/wp.ufpel.edu.br\/ppgs\/files\/2018\/08\/40228537_10211995870271832_3030514334053695488_o.jpg?fit=1440%2C1080&amp;ssl=1\" data-orig-size=\"1440,1080\" data-comments-opened=\"0\" data-image-meta=\"{&quot;aperture&quot;:&quot;0&quot;,&quot;credit&quot;:&quot;&quot;,&quot;camera&quot;:&quot;&quot;,&quot;caption&quot;:&quot;&quot;,&quot;created_timestamp&quot;:&quot;0&quot;,&quot;copyright&quot;:&quot;&quot;,&quot;focal_length&quot;:&quot;0&quot;,&quot;iso&quot;:&quot;0&quot;,&quot;shutter_speed&quot;:&quot;0&quot;,&quot;title&quot;:&quot;&quot;,&quot;orientation&quot;:&quot;0&quot;}\" data-image-title=\"40228537_10211995870271832_3030514334053695488_o\" data-image-description=\"\" data-image-caption=\"\" data-medium-file=\"https:\/\/i0.wp.com\/wp.ufpel.edu.br\/ppgs\/files\/2018\/08\/40228537_10211995870271832_3030514334053695488_o.jpg?fit=400%2C300&amp;ssl=1\" data-large-file=\"https:\/\/i0.wp.com\/wp.ufpel.edu.br\/ppgs\/files\/2018\/08\/40228537_10211995870271832_3030514334053695488_o.jpg?fit=1024%2C768&amp;ssl=1\" class=\"wp-image-3704 size-thumbnail alignleft\" src=\"https:\/\/i0.wp.com\/wp.ufpel.edu.br\/ppgs\/files\/2018\/08\/40228537_10211995870271832_3030514334053695488_o.jpg?resize=200%2C200&#038;ssl=1\" alt=\"\" width=\"200\" height=\"200\" srcset=\"https:\/\/i0.wp.com\/wp.ufpel.edu.br\/ppgs\/files\/2018\/08\/40228537_10211995870271832_3030514334053695488_o.jpg?resize=200%2C200&amp;ssl=1 200w, https:\/\/i0.wp.com\/wp.ufpel.edu.br\/ppgs\/files\/2018\/08\/40228537_10211995870271832_3030514334053695488_o.jpg?zoom=2&amp;resize=200%2C200&amp;ssl=1 400w, https:\/\/i0.wp.com\/wp.ufpel.edu.br\/ppgs\/files\/2018\/08\/40228537_10211995870271832_3030514334053695488_o.jpg?zoom=3&amp;resize=200%2C200&amp;ssl=1 600w\" sizes=\"(max-width: 200px) 100vw, 200px\" \/><\/a><\/p>\n<p><a href=\"https:\/\/i0.wp.com\/wp.ufpel.edu.br\/ppgs\/files\/2018\/08\/40392907_10211995450901348_6066144867510124544_n.jpg?ssl=1\"><img data-recalc-dims=\"1\" data-attachment-id=\"3706\" data-permalink=\"https:\/\/wp.ufpel.edu.br\/ppgs\/eventos\/eventos-2018\/discutindo-a-modernidade-hoje-discursos-desigualdades-e-emocoes\/40392907_10211995450901348_6066144867510124544_n\/\" data-orig-file=\"https:\/\/i0.wp.com\/wp.ufpel.edu.br\/ppgs\/files\/2018\/08\/40392907_10211995450901348_6066144867510124544_n.jpg?fit=960%2C720&amp;ssl=1\" data-orig-size=\"960,720\" data-comments-opened=\"0\" data-image-meta=\"{&quot;aperture&quot;:&quot;0&quot;,&quot;credit&quot;:&quot;&quot;,&quot;camera&quot;:&quot;&quot;,&quot;caption&quot;:&quot;&quot;,&quot;created_timestamp&quot;:&quot;0&quot;,&quot;copyright&quot;:&quot;&quot;,&quot;focal_length&quot;:&quot;0&quot;,&quot;iso&quot;:&quot;0&quot;,&quot;shutter_speed&quot;:&quot;0&quot;,&quot;title&quot;:&quot;&quot;,&quot;orientation&quot;:&quot;0&quot;}\" data-image-title=\"40392907_10211995450901348_6066144867510124544_n\" data-image-description=\"\" data-image-caption=\"\" data-medium-file=\"https:\/\/i0.wp.com\/wp.ufpel.edu.br\/ppgs\/files\/2018\/08\/40392907_10211995450901348_6066144867510124544_n.jpg?fit=400%2C300&amp;ssl=1\" data-large-file=\"https:\/\/i0.wp.com\/wp.ufpel.edu.br\/ppgs\/files\/2018\/08\/40392907_10211995450901348_6066144867510124544_n.jpg?fit=960%2C720&amp;ssl=1\" class=\"alignleft wp-image-3706 size-thumbnail\" src=\"https:\/\/i0.wp.com\/wp.ufpel.edu.br\/ppgs\/files\/2018\/08\/40392907_10211995450901348_6066144867510124544_n.jpg?resize=200%2C200&#038;ssl=1\" alt=\"\" width=\"200\" height=\"200\" srcset=\"https:\/\/i0.wp.com\/wp.ufpel.edu.br\/ppgs\/files\/2018\/08\/40392907_10211995450901348_6066144867510124544_n.jpg?resize=200%2C200&amp;ssl=1 200w, https:\/\/i0.wp.com\/wp.ufpel.edu.br\/ppgs\/files\/2018\/08\/40392907_10211995450901348_6066144867510124544_n.jpg?zoom=2&amp;resize=200%2C200&amp;ssl=1 400w, https:\/\/i0.wp.com\/wp.ufpel.edu.br\/ppgs\/files\/2018\/08\/40392907_10211995450901348_6066144867510124544_n.jpg?zoom=3&amp;resize=200%2C200&amp;ssl=1 600w\" sizes=\"(max-width: 200px) 100vw, 200px\" \/><\/a><a href=\"https:\/\/i0.wp.com\/wp.ufpel.edu.br\/ppgs\/files\/2018\/08\/40371591_10211995614385435_5144752551475806208_o.jpg?ssl=1\"><img data-recalc-dims=\"1\" data-attachment-id=\"3705\" data-permalink=\"https:\/\/wp.ufpel.edu.br\/ppgs\/eventos\/eventos-2018\/discutindo-a-modernidade-hoje-discursos-desigualdades-e-emocoes\/40371591_10211995614385435_5144752551475806208_o\/\" data-orig-file=\"https:\/\/i0.wp.com\/wp.ufpel.edu.br\/ppgs\/files\/2018\/08\/40371591_10211995614385435_5144752551475806208_o.jpg?fit=1440%2C1080&amp;ssl=1\" data-orig-size=\"1440,1080\" data-comments-opened=\"0\" data-image-meta=\"{&quot;aperture&quot;:&quot;0&quot;,&quot;credit&quot;:&quot;&quot;,&quot;camera&quot;:&quot;&quot;,&quot;caption&quot;:&quot;&quot;,&quot;created_timestamp&quot;:&quot;0&quot;,&quot;copyright&quot;:&quot;&quot;,&quot;focal_length&quot;:&quot;0&quot;,&quot;iso&quot;:&quot;0&quot;,&quot;shutter_speed&quot;:&quot;0&quot;,&quot;title&quot;:&quot;&quot;,&quot;orientation&quot;:&quot;0&quot;}\" data-image-title=\"40371591_10211995614385435_5144752551475806208_o\" data-image-description=\"\" data-image-caption=\"\" data-medium-file=\"https:\/\/i0.wp.com\/wp.ufpel.edu.br\/ppgs\/files\/2018\/08\/40371591_10211995614385435_5144752551475806208_o.jpg?fit=400%2C300&amp;ssl=1\" data-large-file=\"https:\/\/i0.wp.com\/wp.ufpel.edu.br\/ppgs\/files\/2018\/08\/40371591_10211995614385435_5144752551475806208_o.jpg?fit=1024%2C768&amp;ssl=1\" class=\"alignleft wp-image-3705 size-thumbnail\" src=\"https:\/\/i0.wp.com\/wp.ufpel.edu.br\/ppgs\/files\/2018\/08\/40371591_10211995614385435_5144752551475806208_o.jpg?resize=200%2C200&#038;ssl=1\" alt=\"\" width=\"200\" height=\"200\" srcset=\"https:\/\/i0.wp.com\/wp.ufpel.edu.br\/ppgs\/files\/2018\/08\/40371591_10211995614385435_5144752551475806208_o.jpg?resize=200%2C200&amp;ssl=1 200w, https:\/\/i0.wp.com\/wp.ufpel.edu.br\/ppgs\/files\/2018\/08\/40371591_10211995614385435_5144752551475806208_o.jpg?zoom=2&amp;resize=200%2C200&amp;ssl=1 400w, https:\/\/i0.wp.com\/wp.ufpel.edu.br\/ppgs\/files\/2018\/08\/40371591_10211995614385435_5144752551475806208_o.jpg?zoom=3&amp;resize=200%2C200&amp;ssl=1 600w\" sizes=\"(max-width: 200px) 100vw, 200px\" \/><\/a><\/p>\n","protected":false},"excerpt":{"rendered":"<p>O evento segue o formato de uma disciplina, a qual ser\u00e1 concentrada em quatros aulas, durante os dias 28 e 29 de Agosto, e ministrada pelos professores Juan Antonio Roche C\u00e1rcel (Doutor em Sociologia e Prof. Titular da Universidade de Alicante) e Maria del Carmen Marim\u00f3n LLorca (Doutora em Filosofia e Profa. Titular da Universidade [&hellip;]<\/p>\n","protected":false},"author":396,"featured_media":0,"parent":3200,"menu_order":0,"comment_status":"closed","ping_status":"closed","template":"","meta":{"jetpack_post_was_ever_published":false,"footnotes":""},"class_list":["post-3670","page","type-page","status-publish","hentry"],"jetpack_sharing_enabled":true,"jetpack_shortlink":"https:\/\/wp.me\/P9dZ0f-Xc","jetpack_likes_enabled":true,"jetpack-related-posts":[],"_links":{"self":[{"href":"https:\/\/wp.ufpel.edu.br\/ppgs\/wp-json\/wp\/v2\/pages\/3670","targetHints":{"allow":["GET"]}}],"collection":[{"href":"https:\/\/wp.ufpel.edu.br\/ppgs\/wp-json\/wp\/v2\/pages"}],"about":[{"href":"https:\/\/wp.ufpel.edu.br\/ppgs\/wp-json\/wp\/v2\/types\/page"}],"author":[{"embeddable":true,"href":"https:\/\/wp.ufpel.edu.br\/ppgs\/wp-json\/wp\/v2\/users\/396"}],"replies":[{"embeddable":true,"href":"https:\/\/wp.ufpel.edu.br\/ppgs\/wp-json\/wp\/v2\/comments?post=3670"}],"version-history":[{"count":6,"href":"https:\/\/wp.ufpel.edu.br\/ppgs\/wp-json\/wp\/v2\/pages\/3670\/revisions"}],"predecessor-version":[{"id":3708,"href":"https:\/\/wp.ufpel.edu.br\/ppgs\/wp-json\/wp\/v2\/pages\/3670\/revisions\/3708"}],"up":[{"embeddable":true,"href":"https:\/\/wp.ufpel.edu.br\/ppgs\/wp-json\/wp\/v2\/pages\/3200"}],"wp:attachment":[{"href":"https:\/\/wp.ufpel.edu.br\/ppgs\/wp-json\/wp\/v2\/media?parent=3670"}],"curies":[{"name":"wp","href":"https:\/\/api.w.org\/{rel}","templated":true}]}}