{"id":3200,"date":"2018-03-21T18:05:59","date_gmt":"2018-03-21T21:05:59","guid":{"rendered":"https:\/\/wp.ufpel.edu.br\/ppgs\/?page_id=3200"},"modified":"2018-11-20T11:29:51","modified_gmt":"2018-11-20T13:29:51","slug":"eventos-2018","status":"publish","type":"page","link":"https:\/\/wp.ufpel.edu.br\/ppgs\/eventos\/eventos-2018\/","title":{"rendered":"Eventos 2018"},"content":{"rendered":"<p>2018<\/p>\n<p><strong>&gt; <a href=\"https:\/\/wp.ufpel.edu.br\/ppgs\/eventos\/eventos-2018\/aula-inaugural-2018\/\">Aula inaugural \u2013 Prof. Dr. Rafael Marques (SOCIUS &#8211; Universidade de Lisboa)<\/a>.<\/strong><\/p>\n<p><strong>&gt; <a href=\"https:\/\/wp.ufpel.edu.br\/ppgs\/eventos\/eventos-2018\/topicos-i-mercados-contestados-e-mercados-emergentes\/\">T\u00f3picos I: Mercados Contestados e Mercados Emergentes<\/a>.<\/strong><\/p>\n<p><strong><span style=\"font-size: 12pt\">&gt;\u00a0<\/span><span style=\"font-size: 12pt\"><a href=\"https:\/\/wp.ufpel.edu.br\/ppgs\/2018\/05\/10\/cine-debate-filme-um-sonho-intenso\/\">Cine-Debate: filme \u201cUm Sonho Intenso\u201d<\/a><\/span><\/strong><\/p>\n<p><strong><span style=\"font-size: 12pt\">&gt;\u00a0<\/span><span style=\"font-size: 12pt\"><a href=\"https:\/\/wp.ufpel.edu.br\/ppgs\/2018\/05\/18\/lancamento-do-livro-carmen-miranda-entre-os-desejos-de-duas-nacoes-cultura-de-massas-performatividade-e-cumplicidade-subversiva\/\">Lan\u00e7amento do livro \u201cCarmen Miranda entre os desejos de duas na\u00e7\u00f5es: cultura de massas, performatividade e cumplicidade subversiva\u201d<\/a><\/span><\/strong><\/p>\n<p><strong><span style=\"font-size: 12pt\">&gt; <a href=\"https:\/\/wp.ufpel.edu.br\/ppgs\/brasil-analise-da-conjuntura-politica-e-eleicoes-2018\/\">Brasil: An\u00e1lise da conjuntura pol\u00edtica e Elei\u00e7\u00f5es 2018<\/a><\/span><\/strong><\/p>\n<p><strong><span style=\"font-size: 12pt\">&gt;\u00a0<\/span><span style=\"font-size: 12pt\"><a href=\"https:\/\/wp.ufpel.edu.br\/ppgs\/ciclo-de-palestras-do-gens\/\">Ciclo de Palestras do GENS<\/a><\/span><\/strong><\/p>\n<p><strong><span style=\"font-size: 12pt\">&gt; <a href=\"https:\/\/wp.ufpel.edu.br\/ppgs\/eventos\/eventos-2018\/discutindo-a-modernidade-hoje-discursos-desigualdades-e-emocoes\/\">Discutindo a modernidade hoje: discursos, desigualdades e emo\u00e7\u00f5es<\/a><\/span><\/strong><\/p>\n<p><strong><span style=\"font-size: 12pt\">&gt; <a href=\"https:\/\/wp.ufpel.edu.br\/ppgs\/minicurso-interdisciplinaridade-e-ciencias-ambientais-aportes-epistemologico-teorico-e-empirico\/\">Interdisciplinaridade e ci\u00eancias ambientais: aportes epistemol\u00f3gico, te\u00f3rico e emp\u00edrico<\/a><\/span><\/strong><\/p>\n<p><strong><span style=\"font-size: 12pt\">&gt;\u00a0<\/span><span style=\"font-size: 12pt\"><a href=\"https:\/\/wp.ufpel.edu.br\/ppgs\/lancamento-do-livro-flexiveis-virtuais-e-precarios\/\">Lan\u00e7amento do livro \u201cFlex\u00edveis, virtuais e prec\u00e1rios\u201d<\/a><\/span><\/strong><\/p>\n<p><strong><span style=\"font-size: 12pt\">&gt; <a href=\"https:\/\/wp.ufpel.edu.br\/ppgs\/encontro-internacional-fronteiras-e-identidades\/\">IV Encontro Internacional Fronteiras e Identidades<\/a><\/span><\/strong><\/p>\n<p><a href=\"https:\/\/wp.me\/P9dZ0f-ZV\"><strong>&gt;\u00a0Palestra: A justi\u00e7a e os feminic\u00eddios em Pelotas\/RS: um estudo sobre classe, ra\u00e7a e g\u00eanero nesses crimes<\/strong><\/a><\/p>\n<p>&gt;\u00a0<strong><span style=\"font-size: 12pt\"><a href=\"https:\/\/wp.me\/P9dZ0f-11L\">Palestra \u2013 Envelhecimento, defici\u00eancia, ra\u00e7a, g\u00eanero e sexualidade<\/a><\/span><\/strong><\/p>\n<p><strong>&gt; <a href=\"https:\/\/wp.me\/P9dZ0f-11n\">Semin\u00e1rio: Teorias Sociol\u00f3gicas e agendas de pesquisa para pensar o Brasil hoje<\/a><\/strong><\/p>\n<p>&nbsp;<\/p>\n<p>&nbsp;<\/p>\n","protected":false},"excerpt":{"rendered":"<p>2018 &gt; Aula inaugural \u2013 Prof. Dr. Rafael Marques (SOCIUS &#8211; Universidade de Lisboa). &gt; T\u00f3picos I: Mercados Contestados e Mercados Emergentes. &gt;\u00a0Cine-Debate: filme \u201cUm Sonho Intenso\u201d &gt;\u00a0Lan\u00e7amento do livro \u201cCarmen Miranda entre os desejos de duas na\u00e7\u00f5es: cultura de massas, performatividade e cumplicidade subversiva\u201d &gt; Brasil: An\u00e1lise da conjuntura pol\u00edtica e Elei\u00e7\u00f5es 2018 &gt;\u00a0Ciclo [&hellip;]<\/p>\n","protected":false},"author":396,"featured_media":0,"parent":296,"menu_order":1,"comment_status":"closed","ping_status":"closed","template":"","meta":{"jetpack_post_was_ever_published":false,"footnotes":""},"class_list":["post-3200","page","type-page","status-publish","hentry"],"jetpack_sharing_enabled":true,"jetpack_shortlink":"https:\/\/wp.me\/P9dZ0f-PC","jetpack_likes_enabled":true,"jetpack-related-posts":[],"_links":{"self":[{"href":"https:\/\/wp.ufpel.edu.br\/ppgs\/wp-json\/wp\/v2\/pages\/3200","targetHints":{"allow":["GET"]}}],"collection":[{"href":"https:\/\/wp.ufpel.edu.br\/ppgs\/wp-json\/wp\/v2\/pages"}],"about":[{"href":"https:\/\/wp.ufpel.edu.br\/ppgs\/wp-json\/wp\/v2\/types\/page"}],"author":[{"embeddable":true,"href":"https:\/\/wp.ufpel.edu.br\/ppgs\/wp-json\/wp\/v2\/users\/396"}],"replies":[{"embeddable":true,"href":"https:\/\/wp.ufpel.edu.br\/ppgs\/wp-json\/wp\/v2\/comments?post=3200"}],"version-history":[{"count":10,"href":"https:\/\/wp.ufpel.edu.br\/ppgs\/wp-json\/wp\/v2\/pages\/3200\/revisions"}],"predecessor-version":[{"id":3957,"href":"https:\/\/wp.ufpel.edu.br\/ppgs\/wp-json\/wp\/v2\/pages\/3200\/revisions\/3957"}],"up":[{"embeddable":true,"href":"https:\/\/wp.ufpel.edu.br\/ppgs\/wp-json\/wp\/v2\/pages\/296"}],"wp:attachment":[{"href":"https:\/\/wp.ufpel.edu.br\/ppgs\/wp-json\/wp\/v2\/media?parent=3200"}],"curies":[{"name":"wp","href":"https:\/\/api.w.org\/{rel}","templated":true}]}}