{"id":236,"date":"2014-06-26T14:27:37","date_gmt":"2014-06-26T17:27:37","guid":{"rendered":"https:\/\/wp.ufpel.edu.br\/ppgs\/?page_id=236"},"modified":"2024-09-10T02:02:44","modified_gmt":"2024-09-10T05:02:44","slug":"2009-2","status":"publish","type":"page","link":"https:\/\/wp.ufpel.edu.br\/ppgs\/producaoeeventos\/dissertacoes\/2009-2\/","title":{"rendered":"Disserta\u00e7\u00f5es: Turma 2009"},"content":{"rendered":"<p><strong>AFFONSO CARDOSO AQUILES<\/strong><br \/>\nTrabalho de Conclus\u00e3o: <strong><a href=\"https:\/\/wp.ufpel.edu.br\/ppgs\/files\/2014\/06\/affonso-cardoso-aquiles.pdf\" rel=\"\">O trabalho no setor de telecomunica\u00e7\u00f5es do Brasil: tend\u00eancias gerais e empresa-espelho<\/a><\/strong><br \/>\nOrientador: Pedro Robertt<br \/>\nData da defesa: 23\/05\/2011<\/p>\n<p><strong>ARIEL SALVADOR ROJA FAG\u00daNDEZ<\/strong><br \/>\nTrabalho de Conclus\u00e3o:<strong> <a href=\"https:\/\/wp.ufpel.edu.br\/ppgs\/files\/2014\/06\/ariel-salvador-roja-fagundez.pdf\" rel=\"\">&#8220;NI DE C\u00c1, NI DE ALL\u00c1&#8221;: mem\u00f3ria e identidade filhos de uruguaios residentes em Pelotas\/RS<\/a><\/strong><br \/>\nOrientadora: Lorena Gill<br \/>\nData da defesa: 30\/08\/2011<\/p>\n<p><strong>BARBY DE BITTENCOURT MARTINS<\/strong><br \/>\nTrabalho de Conclus\u00e3o: <strong><a href=\"https:\/\/wp.ufpel.edu.br\/ppgs\/files\/2014\/06\/barby-de-bittencourt-martins.pdf\" rel=\"\">Do fome zero ao bolsa fam\u00edlia: da emancipa\u00e7\u00e3o ao assistencialismo?<\/a><\/strong><br \/>\nOrientador: William Soto<br \/>\nData da defesa: 22\/09\/2011<\/p>\n<p><strong>CAIO RICARDO DUARTE RIBEIRO<\/strong><br \/>\nTrabalho de Conclus\u00e3o: <strong><a href=\"https:\/\/wp.ufpel.edu.br\/ppgs\/files\/2014\/06\/caio-ricardo-duarte-ribeiro.pdf\" rel=\"\">A carreira do presb\u00edtero: entre institui\u00e7\u00f5es, performances e disposi\u00e7\u00f5es<\/a><\/strong><br \/>\nOrientador: Wilson Oliveira<br \/>\nData da defesa: 25\/08\/2011<\/p>\n<p><strong>CARLA SILVA DE AVILA<\/strong><br \/>\nTrabalho de Conclus\u00e3o: <strong><a href=\"https:\/\/wp.ufpel.edu.br\/ppgs\/files\/2014\/06\/carla-silva-de-avila.pdf\" rel=\"\">A princesa batuqueira: etnografia sobre a interface entre o movimento negro e as religi\u00f5es de matriz africana em Pelotas\/RS<\/a><\/strong><br \/>\nOrientador: Rog\u00e9rio Rosa<br \/>\nData da defesa: 15\/08\/2011<\/p>\n<p><strong>CAROLINA VERGARA RODRIGUES<\/strong><br \/>\nTrabalho de Conclus\u00e3o: <strong><a href=\"https:\/\/wp.ufpel.edu.br\/ppgs\/files\/2014\/06\/carolina-vergara-rodrigues.pdf\" rel=\"\">Mulheres negras em movimento: trajet\u00f3rias militantes, negritude e comida no sul do Rio Grande do Sul<\/a><\/strong><br \/>\nOrientadora: Renata Menasche<br \/>\nData da defesa: 19\/01\/2012<\/p>\n<p><strong>CLAUDIA DAIANE GARCIA MOLET<\/strong><br \/>\nTrabalho de Conclus\u00e3o: <strong><a href=\"https:\/\/wp.ufpel.edu.br\/ppgs\/files\/2014\/06\/claudia_molet.pdf\" rel=\"\">Entre o trabalho e a corre\u00e7\u00e3o: escravas e forra na cadeira do Rio Grande\/RS (1864-1875)<\/a><\/strong><br \/>\nOrientadora: Beatriz Loner<br \/>\nData da defesa: 08\/06\/2011<\/p>\n<p><strong>EUG\u00caNIA SQUEFF DE OLIVEIRA<\/strong><br \/>\nTrabalho de Conclus\u00e3o: <strong><a href=\"https:\/\/wp.ufpel.edu.br\/ppgs\/files\/2014\/06\/eugenia-squeff-de-oliveira.pdf\" rel=\"\">Dan\u00e7a do ventre: t\u00e9cnica, express\u00e3o e significados: uma etnografia nas escolas de dan\u00e7a em Pelotas\/RS<\/a><\/strong><br \/>\nOrientadora: Claudia Turra<br \/>\nData da defesa: 24\/05\/2011<\/p>\n<p><strong>FELIPE FRANZ WIENKE<\/strong><br \/>\nTrabalho de Conclus\u00e3o: <strong><a href=\"https:\/\/wp.ufpel.edu.br\/ppgs\/files\/2014\/06\/felipe-franz.pdf\" rel=\"\">A influ\u00eancia do Conselho Municipal de Prote\u00e7\u00e3o Ambiental de Pelotas no Processo de Elabora\u00e7\u00e3o de Pol\u00edticas P\u00fablicas Ambientais Municipais no per\u00edodo dentre abril de 2008 a abril de 2011<\/a><\/strong><br \/>\nOrientadora: Rosangela Schulz<br \/>\nData da defesa: 26\/09\/2011<\/p>\n<p><strong>FERNANDA XAVIER OTT PEROTONI<\/strong><br \/>\nTrabalho de Conclus\u00e3o: <strong><a href=\"https:\/\/wp.ufpel.edu.br\/ppgs\/files\/2014\/06\/fernanda-ott-perotoni.pdf\" rel=\"\">Um culto Ga\u00facho: A lenda do Negrinho do Pastoreio da literatura a internet<\/a><\/strong><br \/>\nOrientadora: Cla\u00fadia Turra<br \/>\nData da defesa: 11\/08\/2011<\/p>\n<p><strong>GISELE SCOBERNATTI<\/strong><br \/>\nTrabalho de Conclus\u00e3o: <strong><a href=\"https:\/\/wp.ufpel.edu.br\/ppgs\/files\/2014\/06\/gisele.pdf\" rel=\"\">Entre os amores invis\u00edveis e silenciados: hist\u00f3rias de abusadoras sexuais na cidade de Pelotas\/RS<\/a><\/strong><br \/>\nOrientadora: Lorena Gill<br \/>\nData da defesa: 31\/03\/2011<\/p>\n<p><strong>GISLAINE MARIA MALTZAHN<\/strong><br \/>\nTrabalho de Conclus\u00e3o: <strong><a href=\"https:\/\/wp.ufpel.edu.br\/ppgs\/files\/2014\/06\/gislaine-maria-maltzahn.pdf\" rel=\"\">Fam\u00edlia, ritual e ciclos de vida: estudo etnogr\u00e1fico sobre narrativas pomeranas em Pelotas<\/a><\/strong><br \/>\nOrientadora: Fl\u00e1via Rieth<br \/>\nData da defesa: 14\/01\/2012<\/p>\n<p><strong>LEONARDO PRADO KANTORSKI<\/strong><br \/>\nTrabalho de Conclus\u00e3o:\u00a0<strong>Expurgo de docentes na l\u00f3gica da doutrina da seguran\u00e7a nacional: o caso da FURG (1969-1977)<\/strong><br \/>\nOrientador: \u00c1lvaro Barreto<br \/>\nData da defesa: 01\/08\/2011<\/p>\n<p><strong>LETICIA BAUER NINO<\/strong><br \/>\nTrabalho de Conclus\u00e3o:<b> <a href=\"https:\/\/wp.ufpel.edu.br\/ppgs\/files\/2014\/06\/leticia-bauer.pdf\" rel=\"\">O conflito sobre os usos da propriedade rural face os imperativos da legisla\u00e7\u00e3o ambiental: estudo sobre representa\u00e7\u00f5es de atores sociais acerca da quest\u00e3o das \u00e1reas de preserva\u00e7\u00e3o permanente e reserva legal \/Pelotas, RS.<\/a><\/b><br \/>\nOrientador: Fl\u00e1vio dos Anjos<br \/>\nData da defesa: 12\/09\/2011<\/p>\n<p><strong>MARIANA LOUREIRO DUARTE BERTINETTI<\/strong><br \/>\nTrabalho de Conclus\u00e3o: <strong><a href=\"https:\/\/wp.ufpel.edu.br\/ppgs\/files\/2014\/06\/mariana-loureiro-duarte-bertinetti.pdf\" rel=\"\">O discurso pol\u00edtico na m\u00eddia televisiva: uma an\u00e1lise do segundo turno das elei\u00e7\u00f5es de 2008 para a Prefeitura de Pelotas<\/a><\/strong><br \/>\nOrientador: Daniel de Mendon\u00e7a<br \/>\nData da defesa: 11\/05\/2012<\/p>\n<p><strong>PATRICK MACHADO KOVALSCKI<\/strong><br \/>\nTrabalho de Conclus\u00e3o: <strong><a href=\"https:\/\/wp.ufpel.edu.br\/ppgs\/files\/2014\/06\/patrick-machado-kovalscki.pdf\" rel=\"\">A agricultura familiar \u2013 a constitui\u00e7\u00e3o de um campo \u2013 rela\u00e7\u00f5es de poder e agricultura familiar em S\u00e3o Louren\u00e7o do Sul<\/a><\/strong><br \/>\nOrientador: William Soto<br \/>\nData da defesa: 22\/08\/2011<\/p>\n<p><strong>PRISCILA DA SILVA BARBOZA<\/strong><br \/>\nTrabalho de Conclus\u00e3o: <strong><a href=\"https:\/\/wp.ufpel.edu.br\/ppgs\/files\/2014\/06\/priscila-da-silva-barboza.pdf\" rel=\"\">A &#8220;judicializa\u00e7\u00e3o das rela\u00e7\u00f5es sociais&#8221;: tens\u00f5es entre o campo jur\u00eddico e as expectativas das mulheres &#8220;v\u00edtimas&#8221; de viol\u00eancia dom\u00e9stica e familiar na 3\u00aa Vara Criminal de Pelotas\/RS (2009-2010)<\/a><\/strong><br \/>\nOrientadora: Maria Thereza Ribeiro<br \/>\nData da defesa: 27\/09\/2011<\/p>\n<p><strong>RAFAEL BRUNO GON\u00c7ALVES<\/strong><br \/>\nTrabalho de Conclus\u00e3o: <strong><a href=\"https:\/\/wp.ufpel.edu.br\/ppgs\/files\/2014\/06\/rafael-bruno-goncalves.pdf\" rel=\"\">Bancada evang\u00e9lica?: Uma an\u00e1lise do discurso parlamentar evang\u00e9lico durante a 52\u00aa legislatura da C\u00e2mara Federal<\/a><\/strong><br \/>\nOrientador: Daniel de Mendon\u00e7a<br \/>\nData da defesa: 26\/04\/2011<\/p>\n<p><strong>RAFAEL VARGAS HETSPER<\/strong><br \/>\nTrabalho de Conclus\u00e3o: <strong><a href=\"https:\/\/wp.ufpel.edu.br\/ppgs\/files\/2014\/06\/rafael-vargas.pdf\" rel=\"\">Os Significados pol\u00edtico-institucionais do uso do veto na rela\u00e7\u00e3o Executivo-Legislativo em Pelotas (RS) no per\u00edodo 2001-2008<\/a><\/strong><br \/>\nOrientador: \u00c1lvaro Barreto<br \/>\nData da defesa: 18\/07\/2011<\/p>\n","protected":false},"excerpt":{"rendered":"<p>AFFONSO CARDOSO AQUILES Trabalho de Conclus\u00e3o: O trabalho no setor de telecomunica\u00e7\u00f5es do Brasil: tend\u00eancias gerais e empresa-espelho Orientador: Pedro Robertt Data da defesa: 23\/05\/2011 ARIEL SALVADOR ROJA FAG\u00daNDEZ Trabalho de Conclus\u00e3o: &#8220;NI DE C\u00c1, NI DE ALL\u00c1&#8221;: mem\u00f3ria e identidade filhos de uruguaios residentes em Pelotas\/RS Orientadora: Lorena Gill Data da defesa: 30\/08\/2011 BARBY [&hellip;]<\/p>\n","protected":false},"author":396,"featured_media":0,"parent":225,"menu_order":0,"comment_status":"closed","ping_status":"closed","template":"","meta":{"jetpack_post_was_ever_published":false,"footnotes":""},"class_list":["post-236","page","type-page","status-publish","hentry"],"jetpack_sharing_enabled":true,"jetpack_shortlink":"https:\/\/wp.me\/P9dZ0f-3O","jetpack_likes_enabled":true,"jetpack-related-posts":[],"_links":{"self":[{"href":"https:\/\/wp.ufpel.edu.br\/ppgs\/wp-json\/wp\/v2\/pages\/236","targetHints":{"allow":["GET"]}}],"collection":[{"href":"https:\/\/wp.ufpel.edu.br\/ppgs\/wp-json\/wp\/v2\/pages"}],"about":[{"href":"https:\/\/wp.ufpel.edu.br\/ppgs\/wp-json\/wp\/v2\/types\/page"}],"author":[{"embeddable":true,"href":"https:\/\/wp.ufpel.edu.br\/ppgs\/wp-json\/wp\/v2\/users\/396"}],"replies":[{"embeddable":true,"href":"https:\/\/wp.ufpel.edu.br\/ppgs\/wp-json\/wp\/v2\/comments?post=236"}],"version-history":[{"count":5,"href":"https:\/\/wp.ufpel.edu.br\/ppgs\/wp-json\/wp\/v2\/pages\/236\/revisions"}],"predecessor-version":[{"id":8902,"href":"https:\/\/wp.ufpel.edu.br\/ppgs\/wp-json\/wp\/v2\/pages\/236\/revisions\/8902"}],"up":[{"embeddable":true,"href":"https:\/\/wp.ufpel.edu.br\/ppgs\/wp-json\/wp\/v2\/pages\/225"}],"wp:attachment":[{"href":"https:\/\/wp.ufpel.edu.br\/ppgs\/wp-json\/wp\/v2\/media?parent=236"}],"curies":[{"name":"wp","href":"https:\/\/api.w.org\/{rel}","templated":true}]}}