{"id":2284,"date":"2017-03-20T08:38:12","date_gmt":"2017-03-20T11:38:12","guid":{"rendered":"https:\/\/wp.ufpel.edu.br\/ppgs\/?page_id=2284"},"modified":"2017-03-20T08:43:48","modified_gmt":"2017-03-20T11:43:48","slug":"eventos-2016","status":"publish","type":"page","link":"https:\/\/wp.ufpel.edu.br\/ppgs\/eventos\/eventos-2016\/","title":{"rendered":"Eventos 2016"},"content":{"rendered":"<p>2016<\/p>\n<p><strong>&gt;\u00a0<a href=\"https:\/\/wp.ufpel.edu.br\/ppgs\/2016\/11\/16\/tecnologias-digitais-afetos-e-as-ciencias-sociais-tensoes-conceituais-e-desafios-teoricos-metodologicos-do-presente-com-a-profa-dra-larissa-pelucio\/\">Palestra\u00a0\u201cTecnologias digitais, afetos e as Ci\u00eancias Sociais: tens\u00f5es conceituais e desafios te\u00f3ricos metodol\u00f3gicos do presente\u201d\u00a0<\/a><\/strong><\/p>\n<p><strong>&gt;\u00a0<a href=\"https:\/\/wp.ufpel.edu.br\/ppgs\/2016\/09\/30\/convite-para-palestra-e-lancamento-de-livros\/\">Palestra e Lan\u00e7amento de Livro<\/a><\/strong><\/p>\n<p><strong>&gt;\u00a0<a href=\"https:\/\/wp.ufpel.edu.br\/ppgs\/2016\/09\/13\/ciclo-de-palestras-virtual-as-interfaces-da-sociologia-economica\/\">Ciclo de Palestras Virtual \u2013\u00a0As interfaces da Sociologia Econ\u00f4mica<\/a><\/strong><\/p>\n<p><strong>&gt; <\/strong><a href=\"https:\/\/wp.ufpel.edu.br\/ppgs\/2016\/08\/15\/convite-lancamento-de-livro-2\/\"><strong>Convite \u2013 Lan\u00e7amento de Livro<\/strong><\/a><\/p>\n<p><strong>&gt;<\/strong>\u00a0<a href=\"https:\/\/wp.ufpel.edu.br\/ppgs\/2016\/08\/03\/palestra-aprendendo-intersubjetividades-experiencias-com-grupos-focais\/\"><strong>Palestra PPGS\u00a0\u2013 \u201cAprendendo intersubjetividades: experi\u00eancias com grupos focais\u201d<\/strong><\/a><\/p>\n<p><strong>&gt; <a href=\"https:\/\/wp.ufpel.edu.br\/ppgs\/2016\/05\/26\/palestra-cooperacao-brasil-x-italia-relato-de-experiencia\/\">Palestra \u2013 Coopera\u00e7\u00e3o Brasil \u2013 It\u00e1lia: Relato de Experi\u00eancia<\/a><br \/>\n<\/strong><\/p>\n<p><strong>&gt;<\/strong> <a href=\"https:\/\/wp.ufpel.edu.br\/ppgs\/2016\/04\/20\/convite-lancamento-de-livro\/\"><strong>Convite \u2013 Lan\u00e7amento de Livro<\/strong><\/a><\/p>\n<p><strong>&gt; <\/strong><a href=\"https:\/\/wp.ufpel.edu.br\/ppgs\/2016\/04\/10\/ciclo-de-cinema-sociedade-e-diferencas\/\"><strong>Ciclo de Cinema \u201cSociedade e Diferen\u00e7as\u201d<\/strong><\/a><\/p>\n<p><strong>&gt;<\/strong> <strong><a href=\"https:\/\/wp.ufpel.edu.br\/ppgs\/2016\/03\/01\/palestra-subjetividades-corporificadas-ensaiando-novas-formas-de-pensar-e-pesquisar-com-miriam-adelman-ufpr\/\">Palestra \u201cSubjetividades corporificadas: ensaiando novas formas de pensar e pesquisar\u201d<\/a><\/strong><\/p>\n<p><strong>&gt;\u00a0<a href=\"https:\/\/wp.ufpel.edu.br\/ppgs\/2016\/03\/16\/convite-aula-inaugural-do-ppg-sociologia-prof-dra-cibele-saliba-rizek\/\">Convite: Aula Inaugural do\u00a0Programa de P\u00f3s-Gradua\u00e7\u00e3o em Sociologia \u2013\u00a0Prof. Dra. Cibele Saliba Rizek<\/a><\/strong><\/p>\n<p><strong>&gt;<\/strong> <strong><a href=\"https:\/\/wp.ufpel.edu.br\/ppgs\/2016\/04\/10\/lancamento-de-livro\/\">Lan\u00e7amento do Livro \u201cTeorias e Pr\u00e1ticas Sociol\u00f3gicas\u201d (PPGS)<\/a><\/strong><\/p>\n","protected":false},"excerpt":{"rendered":"<p>2016 &gt;\u00a0Palestra\u00a0\u201cTecnologias digitais, afetos e as Ci\u00eancias Sociais: tens\u00f5es conceituais e desafios te\u00f3ricos metodol\u00f3gicos do presente\u201d\u00a0 &gt;\u00a0Palestra e Lan\u00e7amento de Livro &gt;\u00a0Ciclo de Palestras Virtual \u2013\u00a0As interfaces da Sociologia Econ\u00f4mica &gt; Convite \u2013 Lan\u00e7amento de Livro &gt;\u00a0Palestra PPGS\u00a0\u2013 \u201cAprendendo intersubjetividades: experi\u00eancias com grupos focais\u201d &gt; Palestra \u2013 Coopera\u00e7\u00e3o Brasil \u2013 It\u00e1lia: Relato de Experi\u00eancia &gt; [&hellip;]<\/p>\n","protected":false},"author":396,"featured_media":0,"parent":296,"menu_order":2,"comment_status":"closed","ping_status":"closed","template":"","meta":{"jetpack_post_was_ever_published":false,"footnotes":""},"class_list":["post-2284","page","type-page","status-publish","hentry"],"jetpack_sharing_enabled":true,"jetpack_shortlink":"https:\/\/wp.me\/P9dZ0f-AQ","jetpack_likes_enabled":true,"jetpack-related-posts":[],"_links":{"self":[{"href":"https:\/\/wp.ufpel.edu.br\/ppgs\/wp-json\/wp\/v2\/pages\/2284","targetHints":{"allow":["GET"]}}],"collection":[{"href":"https:\/\/wp.ufpel.edu.br\/ppgs\/wp-json\/wp\/v2\/pages"}],"about":[{"href":"https:\/\/wp.ufpel.edu.br\/ppgs\/wp-json\/wp\/v2\/types\/page"}],"author":[{"embeddable":true,"href":"https:\/\/wp.ufpel.edu.br\/ppgs\/wp-json\/wp\/v2\/users\/396"}],"replies":[{"embeddable":true,"href":"https:\/\/wp.ufpel.edu.br\/ppgs\/wp-json\/wp\/v2\/comments?post=2284"}],"version-history":[{"count":1,"href":"https:\/\/wp.ufpel.edu.br\/ppgs\/wp-json\/wp\/v2\/pages\/2284\/revisions"}],"predecessor-version":[{"id":2286,"href":"https:\/\/wp.ufpel.edu.br\/ppgs\/wp-json\/wp\/v2\/pages\/2284\/revisions\/2286"}],"up":[{"embeddable":true,"href":"https:\/\/wp.ufpel.edu.br\/ppgs\/wp-json\/wp\/v2\/pages\/296"}],"wp:attachment":[{"href":"https:\/\/wp.ufpel.edu.br\/ppgs\/wp-json\/wp\/v2\/media?parent=2284"}],"curies":[{"name":"wp","href":"https:\/\/api.w.org\/{rel}","templated":true}]}}