{"id":227,"date":"2014-06-26T14:11:58","date_gmt":"2014-06-26T17:11:58","guid":{"rendered":"https:\/\/wp.ufpel.edu.br\/ppgs\/?page_id=227"},"modified":"2024-09-10T02:03:56","modified_gmt":"2024-09-10T05:03:56","slug":"2006-2","status":"publish","type":"page","link":"https:\/\/wp.ufpel.edu.br\/ppgs\/producaoeeventos\/dissertacoes\/2006-2\/","title":{"rendered":"Disserta\u00e7\u00f5es: Turma 2006"},"content":{"rendered":"<p><strong>ANA AM\u00c9LIA BRAUNER PERERA<\/strong><br \/>\nTrabalho de Conclus\u00e3o: <strong><a href=\"https:\/\/wp.ufpel.edu.br\/ppgs\/files\/2014\/06\/ana_amelia_brauner_pereira_dissertacao.pdf\" rel=\"\">Projeto Poupan\u00e7a Florestal no munic\u00edpio de Pelotas: marketing ou marketing social?<\/a><\/strong><br \/>\nOrientador: Alfredo Gugliano<br \/>\nData da defesa: 24\/11\/2008<\/p>\n<p><strong>ANA CAROLINA DODE LOPEZ\u00a0<\/strong><br \/>\nTrabalho de Conclus\u00e3o: <strong><a href=\"https:\/\/wp.ufpel.edu.br\/ppgs\/files\/2014\/06\/ana_carolina.pdf\" rel=\"\">A Reorganiza\u00e7\u00e3o territorial no munic\u00edpio de Pedras Altas-RS: emerg\u00eancia de novas estrat\u00e9gias produtivas<\/a>\u00a0<\/strong><span class=\"link style1\" style=\"color: #999999;\">(arquivo com aproximadamente 10MB)<\/span><br \/>\nOrientador: Profa. Dra. Giancarla Salamoni<br \/>\nData da defesa: 25\/06\/2008<\/p>\n<p><strong>ANDR\u00c9IA ORSATO<\/strong><br \/>\nTrabalho de Conclus\u00e3o: <strong><a href=\"https:\/\/wp.ufpel.edu.br\/ppgs\/files\/2014\/06\/andreia_orsato_dissertacao.pdf\" rel=\"\">G\u00eanero e Democracia: rupturas e perman\u00eancias no Or\u00e7amento Participativo de Porto Alegre (2005)<\/a><\/strong><br \/>\nOrientador: Prof. Dr. Alfredo Gugliano<br \/>\nData da defesa: 21\/06\/2008<\/p>\n<p><strong>CARLOS LEONARDO COELHO RECUERO<\/strong><br \/>\nTrabalho de Conclus\u00e3o:\u00a0<strong>Festas religiosas na Ilha dos Marinheiros: os ilh\u00e9us entre o sagrado e o profano. Um estudo fotoetnogr\u00e1fico.<\/strong><br \/>\nOrientador: F\u00e1bio Cerqueira<br \/>\nData da defesa: 18\/12\/2008<br \/>\n<strong><a href=\"https:\/\/wp.ufpel.edu.br\/ppgs\/files\/2014\/06\/recuero-parte1.pdf\" rel=\"\">PARTE 01<\/a><\/strong><br \/>\n<strong><a href=\"https:\/\/wp.ufpel.edu.br\/ppgs\/files\/2014\/06\/recuero-parte2.pdf\" rel=\"\">PARTE 02<\/a><\/strong> <span class=\"link style1\" style=\"color: #999999;\">(arquivo com aproximadamente 17MB)<\/span><br \/>\n<strong><a href=\"https:\/\/wp.ufpel.edu.br\/ppgs\/files\/2014\/06\/recuero-parte3.pdf\" rel=\"\">PARTE 03<\/a><\/strong> <span class=\"link style1\" style=\"color: #999999;\">(arquivo com aproximadamente 25MB)<\/span><\/p>\n<p><strong>CINTIA DE OLIVEIRA CARUSO\u00a0<\/strong><br \/>\nTrabalho de Conclus\u00e3o: <strong><a href=\"https:\/\/wp.ufpel.edu.br\/ppgs\/files\/2014\/06\/cintia_oliveira_caruso_dissertacao.pdf\" rel=\"\">A Agroind\u00fastria Familiar no Extremo Sul Ga\u00facho: limites e possibilidades de uma estrat\u00e9gia de reprodu\u00e7\u00e3o social. <\/a><\/strong><br \/>\nOrientador: Prof. Dr. Fl\u00e1vio Sacco dos Anjos<br \/>\nData da defesa: 28\/05\/2008<\/p>\n<p><strong>CLAUDIA CARDOSO GOULARTE<\/strong><br \/>\nTrabalho de Conclus\u00e3o: <strong><a href=\"https:\/\/wp.ufpel.edu.br\/ppgs\/files\/2014\/06\/claudia_goularte_dissertacao.pdf\" rel=\"\">Cotidiano, Identidade e Mem\u00f3ria: Narrativas de camel\u00f4s em Pelotas (RS)<\/a><\/strong><br \/>\nOrientador: Profa. Dra. Lorena Almeida Gill<br \/>\nData da defesa: 25\/06\/2008<\/p>\n<p><strong>EUG\u00caNIA ANTUNES DIAS\u00a0<\/strong><br \/>\nTrabalho de Conclus\u00e3o: <strong><a href=\"https:\/\/wp.ufpel.edu.br\/ppgs\/files\/2014\/06\/eugenia_antunes_dias_dissertacao.pdf\" rel=\"\">Vis\u00f5es da natureza: uma an\u00e1lise sobre pr\u00e1ticas jur\u00eddicas antropoc\u00eantricas do tribunal de justi\u00e7a do Estado do Rio Grande do Sul<\/a><\/strong><br \/>\nOrientador: Profa. Dra. Maria Thereza Rosa Ribeiro<br \/>\nData da defesa: 27\/08\/2008<\/p>\n<p><strong>FABIOLA MATTOS PEREIRA<\/strong><br \/>\nTrabalho de Conclus\u00e3o: <strong><a href=\"https:\/\/wp.ufpel.edu.br\/ppgs\/files\/2014\/06\/fabiola_mattos_pereira_dissertacao.pdf\" rel=\"\">Acessos, reciprocidades e inclus\u00f5es: estudo sobre as rela\u00e7\u00f5es entre redes de assist\u00eancia e fam\u00edlias de grupos populares em Pelotas\/RS<\/a><\/strong><br \/>\nOrientador: Profa. Dra. Fl\u00e1via Rieth<br \/>\nData da defesa: 22\/08\/2008<\/p>\n<p><strong>GILSON C\u00c9SAR PIANT\u00c1 CORREA<\/strong><br \/>\nTrabalho de Conclus\u00e3o: <strong><a href=\"https:\/\/wp.ufpel.edu.br\/ppgs\/files\/2014\/06\/gilson.pdf\" rel=\"\">Fronteiras como zonas estrat\u00e9gicas para o desenvolvimento regional: a coopera\u00e7\u00e3o entre S\u00e3o Borja (RS) e Santo Tom\u00e9 (AR)<\/a><\/strong><br \/>\nOrientador: Alfredo Gugliano<br \/>\nData da defesa: 27\/11\/2008<\/p>\n<p><strong>IVETE BEATRIZ GUIMAR\u00c3ES SEVERO<\/strong><br \/>\nTrabalho de Conclus\u00e3o: <strong><a href=\"https:\/\/wp.ufpel.edu.br\/ppgs\/files\/2014\/06\/ivete_severo.pdf\" rel=\"\">Cadeira vazia? Migra\u00e7\u00e3o partid\u00e1ria na C\u00e2mara de Vereadores de Bag\u00e9 (1983-2004)<\/a><\/strong><br \/>\nOrientador: \u00c1lvaro Barreto<br \/>\nData da defesa: 17\/12\/2008<\/p>\n<p><strong>KAREN MELO DA SILVA<\/strong><br \/>\nTrabalho de Conclus\u00e3o: <strong><a href=\"https:\/\/wp.ufpel.edu.br\/ppgs\/files\/2014\/06\/karen.pdf\" rel=\"\">Patrim\u00f4nio cultural, ruralidade e identidade territorial: diversidade na Col\u00f4nia de Pelotas &#8211; RS<\/a><\/strong><br \/>\nOrientador: F\u00e1bio Cerqueira<br \/>\nData da defesa: 10\/03\/2009<\/p>\n<p><strong>LOSANE HARTWIG SCHWARTZ\u00a0<\/strong><br \/>\nTrabalho de Conclus\u00e3o: <strong><a href=\"https:\/\/wp.ufpel.edu.br\/ppgs\/files\/2014\/06\/losane_schwartz.pdf\" rel=\"\">Organiza\u00e7\u00e3o espacial e a Reprodu\u00e7\u00e3o Social da Agricultura familiar na Localidade de Harmonia I \u2013 S\u00e3o Louren\u00e7o do Sul- RS<\/a><\/strong><br \/>\nOrientador: Profa. Dra. Giancarla Salamoni<br \/>\nData da defesa: 25\/06\/2008<\/p>\n<p><strong>MARCELO FREITAS GIL<\/strong><br \/>\nTrabalho de Conclus\u00e3o: <a href=\"https:\/\/wp.ufpel.edu.br\/ppgs\/files\/2014\/06\/marcelo_gil_dissertacao.pdf\" rel=\"\"><strong>O Movimento Esp\u00edrita Pelotense e suas ra\u00edzes s\u00f3cio-hist\u00f3ricas e culturais.<\/strong> <\/a><br \/>\nOrientador: Profa. Dra. Lorena Almeida Gill<br \/>\nData da defesa: 28\/05\/2008<\/p>\n<p><strong>MONICA ANSELMI DUARTE DA SILVA\u00a0<\/strong><br \/>\nTrabalho de Conclus\u00e3o: <a href=\"https:\/\/wp.ufpel.edu.br\/ppgs\/files\/2014\/06\/monica_anselmi_duarte_silva_dissertacao.pdf\" rel=\"\"><strong>Representa\u00e7\u00e3os, Discursos e Novas Institucionalidades: estudo de caso sobre a din\u00e2mica do uso da \u00e1gua entre produtores de arroz irrigado no Extremo Sul Ga\u00facho.<\/strong> <\/a><br \/>\nOrientador: Prof. Dr. Fl\u00e1vio Sacco dos Anjos<br \/>\nData da defesa: 28\/05\/2008<\/p>\n<p><strong>RICARDO GON\u00c7ALVES SEVERO<\/strong><br \/>\nTrabalho de Conclus\u00e3o: <strong><a href=\"https:\/\/wp.ufpel.edu.br\/ppgs\/files\/2014\/06\/ricardo_goncalves_severo_dissertacao.pdf\" rel=\"\">Catadores de Materiais recicl\u00e1veis da cidade de Pelotas: situa\u00e7\u00f5es de trabalho<\/a><\/strong><br \/>\nOrientador: Profa. Dra. Beatriz Ana Loner<br \/>\nData da defesa: 27\/06\/2008<\/p>\n<p><strong>ROBSON BECKER LOECK<\/strong><br \/>\nTrabalho de Conclus\u00e3o: <strong><a href=\"https:\/\/wp.ufpel.edu.br\/ppgs\/files\/2014\/06\/robson_becker_loeck_dissertacao.pdf\" rel=\"\">Comportamento eleitoral em Porto Alegre nas elei\u00e7\u00f5es de 2004: o voto nas regi\u00f5es do Or\u00e7amento Participativo.<\/a><\/strong><br \/>\nOrientador: Alfredo Gugliano<br \/>\nData da defesa: 01\/12\/2008<\/p>\n<p><strong>SILVIO FREDERICO DA SILVA CHAIGAR<\/strong><br \/>\nTrabalho de Conclus\u00e3o:<b> <a href=\"https:\/\/wp.ufpel.edu.br\/ppgs\/files\/2014\/06\/silvio_frederico_silva_chaigar_dissertacao.pdf\" rel=\"\">A vida condominial e as sociabilidades: estudo de caso do PAR \u2013 Quer\u00eancia, Pelotas, RS<\/a><\/b><br \/>\nOrientador: Nirce Medevedowski<br \/>\nData da defesa: 18\/12\/2008<\/p>\n<p><strong>VIVIAN SILVA<\/strong><br \/>\nTrabalho de Conclus\u00e3o: <a href=\"https:\/\/wp.ufpel.edu.br\/ppgs\/files\/2014\/06\/vivian_silva_dissertacao.pdf\" rel=\"\">As escritoras de grafite de Porto Alegre: um estudo sobre as possibilidades de forma\u00e7\u00e3o de identidade atrav\u00e9s dessa arte.<\/a><br \/>\nOrientador: Profa. Dra. Beatriz Ana Loner<br \/>\nData da defesa: 13\/05\/2008<\/p>\n","protected":false},"excerpt":{"rendered":"<p>ANA AM\u00c9LIA BRAUNER PERERA Trabalho de Conclus\u00e3o: Projeto Poupan\u00e7a Florestal no munic\u00edpio de Pelotas: marketing ou marketing social? Orientador: Alfredo Gugliano Data da defesa: 24\/11\/2008 ANA CAROLINA DODE LOPEZ\u00a0 Trabalho de Conclus\u00e3o: A Reorganiza\u00e7\u00e3o territorial no munic\u00edpio de Pedras Altas-RS: emerg\u00eancia de novas estrat\u00e9gias produtivas\u00a0(arquivo com aproximadamente 10MB) Orientador: Profa. Dra. Giancarla Salamoni Data da [&hellip;]<\/p>\n","protected":false},"author":396,"featured_media":0,"parent":225,"menu_order":0,"comment_status":"closed","ping_status":"closed","template":"","meta":{"jetpack_post_was_ever_published":false,"footnotes":""},"class_list":["post-227","page","type-page","status-publish","hentry"],"jetpack_sharing_enabled":true,"jetpack_shortlink":"https:\/\/wp.me\/P9dZ0f-3F","jetpack_likes_enabled":true,"jetpack-related-posts":[],"_links":{"self":[{"href":"https:\/\/wp.ufpel.edu.br\/ppgs\/wp-json\/wp\/v2\/pages\/227","targetHints":{"allow":["GET"]}}],"collection":[{"href":"https:\/\/wp.ufpel.edu.br\/ppgs\/wp-json\/wp\/v2\/pages"}],"about":[{"href":"https:\/\/wp.ufpel.edu.br\/ppgs\/wp-json\/wp\/v2\/types\/page"}],"author":[{"embeddable":true,"href":"https:\/\/wp.ufpel.edu.br\/ppgs\/wp-json\/wp\/v2\/users\/396"}],"replies":[{"embeddable":true,"href":"https:\/\/wp.ufpel.edu.br\/ppgs\/wp-json\/wp\/v2\/comments?post=227"}],"version-history":[{"count":7,"href":"https:\/\/wp.ufpel.edu.br\/ppgs\/wp-json\/wp\/v2\/pages\/227\/revisions"}],"predecessor-version":[{"id":8913,"href":"https:\/\/wp.ufpel.edu.br\/ppgs\/wp-json\/wp\/v2\/pages\/227\/revisions\/8913"}],"up":[{"embeddable":true,"href":"https:\/\/wp.ufpel.edu.br\/ppgs\/wp-json\/wp\/v2\/pages\/225"}],"wp:attachment":[{"href":"https:\/\/wp.ufpel.edu.br\/ppgs\/wp-json\/wp\/v2\/media?parent=227"}],"curies":[{"name":"wp","href":"https:\/\/api.w.org\/{rel}","templated":true}]}}