{"id":855,"date":"2016-10-21T10:27:00","date_gmt":"2016-10-21T12:27:00","guid":{"rendered":"https:\/\/wp.ufpel.edu.br\/ppgrecursoshidricos\/?page_id=855"},"modified":"2025-07-29T08:58:30","modified_gmt":"2025-07-29T11:58:30","slug":"bolsas-de-produtividade-e-pesquisa-pqcnpq","status":"publish","type":"page","link":"https:\/\/wp.ufpel.edu.br\/ppgrecursoshidricos\/bolsas-de-produtividade-e-pesquisa-pqcnpq\/","title":{"rendered":"Bolsas de Produtividade em Pesquisa PQ\/CNPq"},"content":{"rendered":"<p><span style=\"color: #000000;\"><b>Prof. Dr. Andr\u00e9 Becker Nunes<\/b><\/span><\/p>\n<div>T\u00edtulo: &#8220;Ferramentas para Previs\u00e3o de Tempo Severo de Escala Di\u00e1ria \u00e0 Subsazonal na Regi\u00e3o Sul do Brasil&#8221;<\/div>\n<div>Vig\u00eancia: 01\/03\/2024 &#8211; 28\/02\/2027<\/div>\n<div>N\u00edvel: 2<\/div>\n<div>\n<hr \/>\n<div>\n<div><strong>Prof. Dr. Carlos Rog\u00e9rio de Mello<\/strong><\/div>\n<div>T\u00edtulo: &#8220;Mudan\u00e7as clim\u00e1ticas e recursos h\u00eddricos: proje\u00e7\u00f5es e an\u00e1lises em bacias hidrogr\u00e1ficas de cabeceira&#8221;<\/div>\n<div>Vig\u00eancia: 01\/03\/2023 &#8211; 31\/07\/2028<\/div>\n<div>N\u00edvel: 1A<\/div>\n<\/div>\n<div><\/div>\n<\/div>\n<div>\n<hr \/>\n<p><span style=\"color: #000000;\"><b>Prof. Dr. Fabr\u00edcio da Silva Terra<\/b><\/span><\/p>\n<\/div>\n<div>\n<div>Radia\u00e7\u00e3o infravermelha na conserva\u00e7\u00e3o do solo: quantificando importantes atributos com espectros mid-IR e m\u00e1quina de aprendizagem<\/div>\n<div>Vig\u00eancia: 01\/08\/2025 \u2013 31\/07\/2028<br \/>\nProfessor Bolsista: Fabr\u00edcio da Silva Terra<br \/>\nN\u00edvel: C<\/div>\n<\/div>\n<div><\/div>\n<div>\n<div>\n<hr \/>\n<p><strong>Prof. Dr. Lessandro Coll Faria<\/strong><\/p>\n<\/div>\n<div>\n<div dir=\"auto\">T\u00edtulo: Uso de redes neurais artificiais na modelagem da distribui\u00e7\u00e3o de \u00e1gua de aspersores<\/div>\n<div dir=\"auto\">Vig\u00eancia: 01\/06\/2023 &#8211; 28\/02\/2026<\/div>\n<div dir=\"auto\">N\u00edvel: 2<\/div>\n<div dir=\"auto\">\n<hr \/>\n<\/div>\n<\/div>\n<div><strong>Prof. Dr. Samuel Beskow<\/strong><\/div>\n<div>T\u00edtulo: &#8220;Sistema integrado de previs\u00e3o hidrol\u00f3gica e aviso antecipado para gest\u00e3o de \u00e1gua com diferentes usos&#8221;<\/div>\n<div>Vig\u00eancia: 01\/03\/2024 &#8211; 29\/02\/2028<\/div>\n<div>N\u00edvel: 1D<\/div>\n<\/div>\n<div><\/div>\n<p>&nbsp;<\/p>\n","protected":false},"excerpt":{"rendered":"<p>Prof. Dr. Andr\u00e9 Becker Nunes T\u00edtulo: &#8220;Ferramentas para Previs\u00e3o de Tempo Severo de Escala Di\u00e1ria \u00e0 Subsazonal na Regi\u00e3o Sul do Brasil&#8221; Vig\u00eancia: 01\/03\/2024 &#8211; 28\/02\/2027 N\u00edvel: 2 Prof. Dr. Carlos Rog\u00e9rio de Mello T\u00edtulo: &#8220;Mudan\u00e7as clim\u00e1ticas e recursos h\u00eddricos: proje\u00e7\u00f5es e an\u00e1lises em bacias hidrogr\u00e1ficas de cabeceira&#8221; Vig\u00eancia: 01\/03\/2023 &#8211; 31\/07\/2028 N\u00edvel: 1A Prof. [&hellip;]<\/p>\n","protected":false},"author":669,"featured_media":0,"parent":0,"menu_order":0,"comment_status":"closed","ping_status":"closed","template":"","meta":{"jetpack_post_was_ever_published":false,"footnotes":""},"class_list":["post-855","page","type-page","status-publish","hentry"],"jetpack_shortlink":"https:\/\/wp.me\/Paj7D4-dN","jetpack_sharing_enabled":true,"_links":{"self":[{"href":"https:\/\/wp.ufpel.edu.br\/ppgrecursoshidricos\/wp-json\/wp\/v2\/pages\/855","targetHints":{"allow":["GET"]}}],"collection":[{"href":"https:\/\/wp.ufpel.edu.br\/ppgrecursoshidricos\/wp-json\/wp\/v2\/pages"}],"about":[{"href":"https:\/\/wp.ufpel.edu.br\/ppgrecursoshidricos\/wp-json\/wp\/v2\/types\/page"}],"author":[{"embeddable":true,"href":"https:\/\/wp.ufpel.edu.br\/ppgrecursoshidricos\/wp-json\/wp\/v2\/users\/669"}],"replies":[{"embeddable":true,"href":"https:\/\/wp.ufpel.edu.br\/ppgrecursoshidricos\/wp-json\/wp\/v2\/comments?post=855"}],"version-history":[{"count":18,"href":"https:\/\/wp.ufpel.edu.br\/ppgrecursoshidricos\/wp-json\/wp\/v2\/pages\/855\/revisions"}],"predecessor-version":[{"id":4763,"href":"https:\/\/wp.ufpel.edu.br\/ppgrecursoshidricos\/wp-json\/wp\/v2\/pages\/855\/revisions\/4763"}],"wp:attachment":[{"href":"https:\/\/wp.ufpel.edu.br\/ppgrecursoshidricos\/wp-json\/wp\/v2\/media?parent=855"}],"curies":[{"name":"wp","href":"https:\/\/api.w.org\/{rel}","templated":true}]}}