{"id":2561,"date":"2020-08-11T10:51:36","date_gmt":"2020-08-11T13:51:36","guid":{"rendered":"https:\/\/wp.ufpel.edu.br\/ppgrecursoshidricos\/?page_id=2561"},"modified":"2023-05-09T12:10:57","modified_gmt":"2023-05-09T15:10:57","slug":"teses","status":"publish","type":"page","link":"https:\/\/wp.ufpel.edu.br\/ppgrecursoshidricos\/teses\/","title":{"rendered":"Teses"},"content":{"rendered":"<p><span style=\"color: #000000;\"><strong>Let\u00edcia Burkert M\u00e9llo Araujo<\/strong><\/span><\/p>\n<p><span style=\"font-size: 10pt; color: #000000;\">T\u00edtulo: <a style=\"color: #000000;\" href=\"http:\/\/guaiaca.ufpel.edu.br:8080\/handle\/prefix\/9354\">Otimiza\u00e7\u00e3o da irriga\u00e7\u00e3o das culturas da soja e do milho no sistema sulco-camalh\u00e3o em terras baixas.<\/a><\/span><br \/>\n<span style=\"font-size: 10pt; color: #000000;\">Orienta\u00e7\u00e3o: Lessandro Coll Faria<\/span><br \/>\n<span style=\"font-size: 10pt; color: #000000;\">Data da defesa: 02.03.2023<br \/>\n<\/span><\/p>\n<p><span style=\"color: #000000;\"><strong>George Marino Soares Gon\u00e7alves<\/strong><\/span><\/p>\n<p><span style=\"font-size: 10pt; color: #000000;\">T\u00edtulo: Estimativa da Descarga L\u00edquida e da Concentra\u00e7\u00e3o de Sedimentos em Suspens\u00e3o por meio de Perfiladores Ac\u00fasticos de Corrente por Doppler no Canal S\u00e3o Gon\u00e7alo &#8211; RS.<\/span><br \/>\n<span style=\"font-size: 10pt; color: #000000;\">Orienta\u00e7\u00e3o: Gilberto Loguercio Collares<\/span><br \/>\n<span style=\"font-size: 10pt; color: #000000;\">Data da defesa: 27.02.2023<br \/>\n<\/span><\/p>\n<p><span style=\"color: #000000;\"><strong>Lukas dos Santos Boeira<\/strong><\/span><\/p>\n<p><span style=\"font-size: 10pt; color: #000000;\">T\u00edtulo: Modelagem Hidrol\u00f3gica &#8211; Hidrodin\u00e2mica da Bacia Hidrogr\u00e1fica Mirim &#8211; S\u00e3o Gon\u00e7alo e an\u00e1lise da influ\u00eancia do ENOS e de usos m\u00faltiplos da \u00e1gua.<\/span><br \/>\n<span style=\"font-size: 10pt; color: #000000;\">Orienta\u00e7\u00e3o: Gilberto Loguercio Collares e Viviane Santos Silva Terra<\/span><br \/>\n<span style=\"font-size: 10pt; color: #000000;\">Data da defesa: 10.02.2023<br \/>\n<\/span><\/p>\n<p><span style=\"color: #000000;\"><strong>Marcos Valle Bueno<\/strong><\/span><\/p>\n<p><span style=\"font-size: 10pt; color: #000000;\">T\u00edtulo: <a style=\"color: #000000;\" href=\"http:\/\/guaiaca.ufpel.edu.br:8080\/handle\/prefix\/8554\">Sistematiza\u00e7\u00e3o com declividade variada como ferramenta para diversifica\u00e7\u00e3o de sistemas produtivos em terras baixas<\/a><\/span><br \/>\n<span style=\"font-size: 10pt; color: #000000;\">Orienta\u00e7\u00e3o: Lessandro Coll Faria, \u00c1lvaro Roel Dellazoppa e Jos\u00e9 Maria Barbat Parfitt<\/span><br \/>\n<span style=\"font-size: 10pt; color: #000000;\">Data da defesa: 31.05.2022<br \/>\n<\/span><\/p>\n<p><span style=\"color: #000000;\"><strong>Bernardo Gomes N\u00f6renberg<\/strong><\/span><\/p>\n<p><span style=\"font-size: 10pt; color: #000000;\">T\u00edtulo: <a style=\"color: #000000;\" href=\"http:\/\/guaiaca.ufpel.edu.br:8080\/handle\/prefix\/8584\">\u00cdndices de desempenho da irriga\u00e7\u00e3o pressurizada com base na distribui\u00e7\u00e3o log\u00edstica de probabilidades<\/a><\/span><br \/>\n<span style=\"font-size: 10pt; color: #000000;\">Orienta\u00e7\u00e3o: Lessandro Coll Faria<\/span><br \/>\n<span style=\"font-size: 10pt; color: #000000;\">Data da defesa: 14.02.2022<br \/>\n<\/span><\/p>\n<p><span style=\"color: #000000;\"><strong>Maur\u00edcio Fornalski Soares<\/strong><\/span><\/p>\n<p><span style=\"font-size: 10pt; color: #000000;\">T\u00edtulo: <a style=\"color: #000000;\" href=\"http:\/\/guaiaca.ufpel.edu.br\/handle\/prefix\/8376\" target=\"_blank\" rel=\"noopener\">Avalia\u00e7\u00e3o da co-simula\u00e7\u00e3o sequencial gaussiana na gera\u00e7\u00e3o de campos aleat\u00f3rios da condutividade hidr\u00e1ulica do solo saturado<\/a><\/span><br \/>\n<span style=\"font-size: 10pt; color: #000000;\">Orienta\u00e7\u00e3o: Lu\u00eds Carlos Timm e Tirzah Moreira Siqueira<\/span><br \/>\n<span style=\"font-size: 10pt; color: #000000;\">Data da defesa: 17.12.2021<br \/>\n<\/span><\/p>\n<p><span style=\"color: #000000;\"><strong>Cristian Larri Pires Veber<\/strong><\/span><\/p>\n<p><span style=\"font-size: 10pt; color: #000000;\">T\u00edtulo: <a style=\"color: #000000;\" href=\"http:\/\/guaiaca.ufpel.edu.br:8080\/handle\/prefix\/7937\">Desempenho do LISEM para a modelagem hidrol\u00f3gica em bacia hidrogr\u00e1fica com diferentes fontes de informa\u00e7\u00f5es<\/a><\/span><br \/>\n<span style=\"font-size: 10pt; color: #000000;\">Orienta\u00e7\u00e3o: Fabr\u00edcio da Silva Terra e Samuel Beskow<\/span><br \/>\n<span style=\"font-size: 10pt; color: #000000;\">Data da defesa: 12.03.2021<\/span><\/p>\n<hr \/>\n<p><span style=\"color: #000000;\"><strong>Viviane Rodrigues Dorneles<\/strong><\/span><\/p>\n<p><span style=\"font-size: 10pt; color: #000000;\">T\u00edtulo: <a style=\"color: #000000;\" href=\"http:\/\/guaiaca.ufpel.edu.br\/handle\/prefix\/7501\">Aplicabilidade de curvas-chave para modelagem de produ\u00e7\u00e3o de sedimentos a partir da Modified Universal Soil Loss Equation (MUSLE)<\/a><\/span><br \/>\n<span style=\"font-size: 10pt; color: #000000;\">Orienta\u00e7\u00e3o: Samuel Beskow e Maria C\u00e2ndida Moitinho Nunes<\/span><br \/>\n<span style=\"font-size: 10pt; color: #000000;\">Data da defesa: 29.07.2020<\/span><\/p>\n<p><span style=\"color: #000000;\"><strong>Rosimere da Silva Fraga<\/strong><\/span><\/p>\n<p><span style=\"font-size: 10pt; color: #000000;\">T\u00edtulo: <a style=\"color: #000000;\" href=\"http:\/\/guaiaca.ufpel.edu.br\/handle\/prefix\/7500\">Modelagem emp\u00edrica e mapeamento de par\u00e2metros de qualidade de \u00e1gua em uma lagoa subtropical utilizando dados de sensoriamento remoto<\/a><\/span><br \/>\n<span style=\"font-size: 10pt; color: #000000;\">Orienta\u00e7\u00e3o: Hugo Alexandre Soares Guedes<\/span><br \/>\n<span style=\"font-size: 10pt; color: #000000;\">Data da defesa: 17.06.2020<\/span><\/p>\n<p><span style=\"color: #000000;\"><strong>Luana Nunes Centeno<\/strong><\/span><\/p>\n<p><span style=\"font-size: 10pt; color: #000000;\">T\u00edtulo: <a style=\"color: #000000;\" href=\"http:\/\/guaiaca.ufpel.edu.br\/handle\/prefix\/7498\">Modelos de espa\u00e7o de estados e an\u00e1lise em wavelets no estudo do relacionamento entre atributos f\u00edsico-h\u00eddricos do solo e atributos topogr\u00e1ficos em escala de bacia hidrogr\u00e1fica<\/a><\/span><br \/>\n<span style=\"font-size: 10pt; color: #000000;\">Orienta\u00e7\u00e3o: Luis Carlos Timm<\/span><br \/>\n<span style=\"font-size: 10pt; color: #000000;\">Data da defesa: 29.05.2020<\/span><\/p>\n<p><span style=\"color: #000000;\"><strong>Alice Alonzo Steinmetz<\/strong><\/span><\/p>\n<p><span style=\"font-size: 10pt; color: #000000;\">T\u00edtulo: <a style=\"color: #000000;\" href=\"http:\/\/guaiaca.ufpel.edu.br\/handle\/prefix\/7497\">Impacto das mudan\u00e7as clim\u00e1ticas sobre as vaz\u00f5es em sub-bacias do Pampa brasileiro<\/a><\/span><br \/>\n<span style=\"font-size: 10pt; color: #000000;\">Orienta\u00e7\u00e3o: Samuel Beskow<\/span><br \/>\n<span style=\"font-size: 10pt; color: #000000;\">Data da defesa: 17.04.2020<\/span><\/p>\n<p><span style=\"color: #000000;\"><strong>Rodrigo C\u00e9sar de Vasconcelos dos Santos<\/strong><\/span><\/p>\n<p><span style=\"font-size: 10pt; color: #000000;\">T\u00edtulo: <a style=\"color: #000000;\" href=\"http:\/\/guaiaca.ufpel.edu.br\/handle\/prefix\/7499\">Variabilidade espacial da condutividade hidr\u00e1ulica do solo saturado e implica\u00e7\u00f5es no escoamento superficial direto em escala de bacia hidrogr\u00e1fica<\/a><\/span><br \/>\n<span style=\"font-size: 10pt; color: #000000;\">Orienta\u00e7\u00e3o: Luis Carlos Timm (orientador), Tirzah Moreira Siqueira e Samuel Beskow<\/span><br \/>\n<span style=\"font-size: 10pt; color: #000000;\">Data da defesa: 27.03.2020<\/span><\/p>\n","protected":false},"excerpt":{"rendered":"<p>Let\u00edcia Burkert M\u00e9llo Araujo T\u00edtulo: Otimiza\u00e7\u00e3o da irriga\u00e7\u00e3o das culturas da soja e do milho no sistema sulco-camalh\u00e3o em terras baixas. Orienta\u00e7\u00e3o: Lessandro Coll Faria Data da defesa: 02.03.2023 George Marino Soares Gon\u00e7alves T\u00edtulo: Estimativa da Descarga L\u00edquida e da Concentra\u00e7\u00e3o de Sedimentos em Suspens\u00e3o por meio de Perfiladores Ac\u00fasticos de Corrente por Doppler no [&hellip;]<\/p>\n","protected":false},"author":669,"featured_media":0,"parent":0,"menu_order":0,"comment_status":"closed","ping_status":"closed","template":"","meta":{"jetpack_post_was_ever_published":false,"footnotes":""},"class_list":["post-2561","page","type-page","status-publish","hentry"],"jetpack_shortlink":"https:\/\/wp.me\/Paj7D4-Fj","jetpack_sharing_enabled":true,"_links":{"self":[{"href":"https:\/\/wp.ufpel.edu.br\/ppgrecursoshidricos\/wp-json\/wp\/v2\/pages\/2561","targetHints":{"allow":["GET"]}}],"collection":[{"href":"https:\/\/wp.ufpel.edu.br\/ppgrecursoshidricos\/wp-json\/wp\/v2\/pages"}],"about":[{"href":"https:\/\/wp.ufpel.edu.br\/ppgrecursoshidricos\/wp-json\/wp\/v2\/types\/page"}],"author":[{"embeddable":true,"href":"https:\/\/wp.ufpel.edu.br\/ppgrecursoshidricos\/wp-json\/wp\/v2\/users\/669"}],"replies":[{"embeddable":true,"href":"https:\/\/wp.ufpel.edu.br\/ppgrecursoshidricos\/wp-json\/wp\/v2\/comments?post=2561"}],"version-history":[{"count":19,"href":"https:\/\/wp.ufpel.edu.br\/ppgrecursoshidricos\/wp-json\/wp\/v2\/pages\/2561\/revisions"}],"predecessor-version":[{"id":3028,"href":"https:\/\/wp.ufpel.edu.br\/ppgrecursoshidricos\/wp-json\/wp\/v2\/pages\/2561\/revisions\/3028"}],"wp:attachment":[{"href":"https:\/\/wp.ufpel.edu.br\/ppgrecursoshidricos\/wp-json\/wp\/v2\/media?parent=2561"}],"curies":[{"name":"wp","href":"https:\/\/api.w.org\/{rel}","templated":true}]}}