{"id":2430,"date":"2020-07-29T11:12:37","date_gmt":"2020-07-29T14:12:37","guid":{"rendered":"https:\/\/wp.ufpel.edu.br\/ppgrecursoshidricos\/?page_id=2430"},"modified":"2020-08-27T16:17:06","modified_gmt":"2020-08-27T19:17:06","slug":"books","status":"publish","type":"page","link":"https:\/\/wp.ufpel.edu.br\/ppgrecursoshidricos\/scientific-production\/books\/","title":{"rendered":"Books"},"content":{"rendered":"<table style=\"height: 279px;width: 100.011%;border-collapse: collapse\" border=\"0\">\n<tbody>\n<tr style=\"height: 199px\">\n<td style=\"width: 100%;height: 199px\">\n<p><span style=\"color: #000000\"><img class=\"alignleft\" src=\"https:\/\/encrypted-tbn2.gstatic.com\/shopping?q=tbn:ANd9GcT5TI18-_n9MKrtIKU0CiWAr-LKsm9S64X1yrUi97dIXNUlWMlHBJ4b2AmrLx6HM0W53v-1izdxkxCdK5YxKW4JENlVWluJdQ&amp;usqp=CAc\" alt=\"\u00c1gua e Sustentabilidade No Sistema Solo-Planta-Atmosfera\" width=\"144\" height=\"200\" \/><\/span><\/p>\n<p>&nbsp;<\/p>\n<p><span style=\"color: #000000\"><strong>\u00c1gua e sustentabilidade no sistema solo-planta-atmosfera<\/strong><\/span><br \/>\n<span style=\"font-size: 10pt;color: #000000\">Reichardt, K.; <strong>Timm, L. C.\u00a0<\/strong><\/span><br \/>\n<span style=\"font-size: 10pt;color: #000000\">1. ed. Barueri: Manole, 2016. v. 1. 228p.<\/span><\/td>\n<\/tr>\n<tr style=\"height: 24px\">\n<td style=\"width: 100%;height: 24px\">\n<p><span style=\"color: #000000\"><img class=\"wp-image-2671 alignleft\" src=\"https:\/\/wp.ufpel.edu.br\/ppgrecursoshidricos\/files\/2020\/08\/download-3.jpg\" alt=\"\" width=\"142\" height=\"191\" \/><\/span><\/p>\n<p>&nbsp;<\/p>\n<p><span style=\"color: #000000\"><strong><span style=\"font-size: 16px\">Solo, Planta e Atmosfera: conceitos, processos e aplica\u00e7\u00f5es<br \/>\n<\/span><\/strong><span style=\"font-size: 16px\"><span style=\"font-size: 10pt\">Reichardt, K.; <strong>Timm, L. C.\u00a0<\/strong><\/span><\/span><span style=\"font-size: 16px\"><br \/>\n<\/span><span style=\"font-size: 10pt\">3. ed. Barueri: Manole, 2016. 547p .<\/span><\/span><\/td>\n<\/tr>\n<tr style=\"height: 56px\">\n<td style=\"width: 100%;height: 56px\">\n<p><span style=\"color: #000000\"><img class=\"wp-image-2674 alignleft\" src=\"https:\/\/wp.ufpel.edu.br\/ppgrecursoshidricos\/files\/2020\/08\/download-4.jpg\" alt=\"\" width=\"144\" height=\"204\" \/><\/span><\/p>\n<p>&nbsp;<\/p>\n<p><span style=\"color: #000000\"><strong><span style=\"font-size: 16px\">Meteorolog<\/span><\/strong><strong><span style=\"font-size: 16px\">ia em T\u00f3picos &#8211; Volume 3<br \/>\n<span style=\"font-size: 10pt\">Nunes, A.<\/span><\/span><\/strong><strong><span style=\"font-size: 16px\"><span style=\"font-size: 10pt\">\u00a0B.<\/span><\/span><\/strong><span style=\"font-size: 16px\"><span style=\"font-size: 10pt\">; Mariano, G. L. (Org.)<\/span><\/span><span style=\"font-size: 16px\"><br \/>\n<span style=\"font-size: 10pt\">1. ed. Macei\u00f3-AL: Clube de Autores, 2016. 288p.<br \/>\n<\/span><\/span><\/span><\/td>\n<\/tr>\n<tr style=\"height: 236px\">\n<td style=\"width: 100%;height: 236px\">\n<p><span style=\"color: #000000\"><img class=\"alignleft\" style=\"font-family: inherit;font-size: inherit\" src=\"https:\/\/images-na.ssl-images-amazon.com\/images\/I\/51jjCKRSxRL._SX339_BO1,204,203,200_.jpg\" alt=\"Ecohidrologia e hidrograma ecol\u00f3gico: Estudo de caso no Rio ...\" width=\"140\" height=\"205\" \/><\/span><\/p>\n<p>&nbsp;<\/p>\n<p style=\"padding-left: 40px\"><span style=\"color: #000000\"><strong style=\"font-family: inherit;font-size: inherit\"><span style=\"font-size: 10pt\"><strong><span style=\"font-size: 16px\"><span style=\"font-size: 12pt\">Ecohidro<\/span><\/span><\/strong><span style=\"font-size: 12pt\">logi<\/span><span style=\"font-size: 12pt\">a e Hidrograma Ecol\u00f3gico: Estudo de Caso no Rio <\/span><span style=\"font-size: 12pt\">Formoso &#8211; MG<\/span><span style=\"font-size: 12pt\">\u00a0&#8211; Brasil<\/span><br \/>\nGuedes, H. A. S.<\/span><\/strong><span style=\"font-size: 16px\"><span style=\"font-size: 10pt\">; Silva, D. D.<\/span><\/span><strong style=\"font-family: inherit;font-size: inherit\"><span style=\"font-size: 12pt\"><br \/>\n<\/span><\/strong><span style=\"font-size: 16px\"><span style=\"font-size: 10pt\">1. ed. Saarbr\u00fccken, Deutschland: NEA &#8211; Novas Edi\u00e7\u00f5es Acad\u00eamicas, 2015. v. 1. 149p.<\/span><\/span><\/span><\/p>\n<\/td>\n<\/tr>\n<tr style=\"height: 264px\">\n<td style=\"width: 100%;height: 264px\">\n<p><span style=\"color: #000000\"><img class=\"alignleft\" src=\"https:\/\/encrypted-tbn0.gstatic.com\/images?q=tbn%3AANd9GcTp5IgWT9Ou9p2NjC9wKA38maSfQnMGIDF0ug&amp;usqp=CAU\" alt=\"PDF) Water in Urban Regions: Building Future Knowledge to ...\" width=\"148\" height=\"210\" \/><\/span><\/p>\n<p>&nbsp;<\/p>\n<p><span style=\"color: #000000\"><strong><span style=\"font-size: 16px\"><span style=\"font-size: 12pt\">Water in Urban<\/span><\/span><\/strong><strong><span style=\"font-size: 16px\"><span style=\"font-size: 12pt\">\u00a0Regions: Building Future Knowledge to Integrate Land Use, Ecosystem Services and Human Health<br \/>\n<\/span><\/span><\/strong><span style=\"font-size: 16px\"><span style=\"font-size: 12pt\"><span style=\"font-size: 10pt\">Anthonj, C.; <strong>Beskow, S.<\/strong>; Dornelles, F.; Fushita, A. T.; Galharte, C. A.; Galv\u00e3o, P.; Gatti Junior, P.; Gucker, B.; Hildebrandt, A.; Karthe, D. Knillmann, S.; Kotsila, P.; Krauze, K.; Silva, A. K. L.; Lehmann, P.; Moura, P.; Periotto, N. A.; Rodrigues Filho, J. L.; Santos, D. R. L.; Selge, F.; Silva, T.; Soares, R. M; Strohbach, M.; Suhogusoff, A.; Wahnfried, I. , et al.<br \/>\n1. ed. Berlim\/Rio de Janeiro: Academia Brasileira de Ci\u00eancias &#8211; Die Junge Akademi &#8211; Nationale Akademie der Wissenschaften, 2014. v. 1. 32p .<br \/>\n<\/span><\/span><\/span><\/span><\/td>\n<\/tr>\n<tr>\n<td style=\"width: 100%\">\n<p><span style=\"color: #000000\"><img class=\"alignleft\" src=\"https:\/\/encrypted-tbn0.gstatic.com\/images?q=tbn%3AANd9GcRvhlBLbSmairtYqcTuhMu09zZ2o22q5GgCSQ&amp;usqp=CAU\" alt=\"Hidrologia: princ\u00edpio e aplica\u00e7\u00f5es em sistemas agr\u00edcolas | Flickr\" width=\"149\" height=\"224\" \/><\/span><\/p>\n<p>&nbsp;<\/p>\n<p><span style=\"color: #000000\"><strong><span style=\"font-size: 16px\"><span style=\"font-size: 12pt\">Hidrologia: p<\/span><\/span><\/strong><strong><span style=\"font-size: 16px\"><span style=\"font-size: 12pt\">rin<\/span><\/span><\/strong><strong><span style=\"font-size: 16px\"><span style=\"font-size: 12pt\">c\u00edpios e aplica\u00e7\u00f5es em sistemas agr\u00edcolas<br \/>\n<\/span><\/span><\/strong><strong><span style=\"font-size: 16px\"><span style=\"font-size: 12pt\"><span style=\"font-size: 10pt\">Mello, C. R.<\/span><\/span><\/span><\/strong><span style=\"font-size: 16px\"><span style=\"font-size: 12pt\"><span style=\"font-size: 10pt\">; Silva, A. M. . <\/span><\/span><\/span><span style=\"font-size: 16px\"><span style=\"font-size: 12pt\"><br \/>\n<span style=\"font-size: 10pt\">1. ed. Lavras: Editor da UFLA, 2013. 455p.<\/span><\/span><\/span><\/span><\/td>\n<\/tr>\n<\/tbody>\n<\/table>\n<p>&nbsp;<\/p>\n","protected":false},"excerpt":{"rendered":"<p>&nbsp; \u00c1gua e sustentabilidade no sistema solo-planta-atmosfera Reichardt, K.; Timm, L. C.\u00a0 1. ed. Barueri: Manole, 2016. v. 1. 228p. &nbsp; Solo, Planta e Atmosfera: conceitos, processos e aplica\u00e7\u00f5es Reichardt, K.; Timm, L. C.\u00a0 3. ed. Barueri: Manole, 2016. 547p . &nbsp; Meteorologia em T\u00f3picos &#8211; Volume 3 Nunes, A.\u00a0B.; Mariano, G. L. (Org.) 1. [&hellip;]<\/p>\n","protected":false},"author":669,"featured_media":0,"parent":2399,"menu_order":4,"comment_status":"closed","ping_status":"closed","template":"","meta":{"jetpack_post_was_ever_published":false,"footnotes":""},"class_list":["post-2430","page","type-page","status-publish","hentry"],"jetpack_shortlink":"https:\/\/wp.me\/Paj7D4-Dc","jetpack_sharing_enabled":true,"_links":{"self":[{"href":"https:\/\/wp.ufpel.edu.br\/ppgrecursoshidricos\/wp-json\/wp\/v2\/pages\/2430","targetHints":{"allow":["GET"]}}],"collection":[{"href":"https:\/\/wp.ufpel.edu.br\/ppgrecursoshidricos\/wp-json\/wp\/v2\/pages"}],"about":[{"href":"https:\/\/wp.ufpel.edu.br\/ppgrecursoshidricos\/wp-json\/wp\/v2\/types\/page"}],"author":[{"embeddable":true,"href":"https:\/\/wp.ufpel.edu.br\/ppgrecursoshidricos\/wp-json\/wp\/v2\/users\/669"}],"replies":[{"embeddable":true,"href":"https:\/\/wp.ufpel.edu.br\/ppgrecursoshidricos\/wp-json\/wp\/v2\/comments?post=2430"}],"version-history":[{"count":2,"href":"https:\/\/wp.ufpel.edu.br\/ppgrecursoshidricos\/wp-json\/wp\/v2\/pages\/2430\/revisions"}],"predecessor-version":[{"id":2799,"href":"https:\/\/wp.ufpel.edu.br\/ppgrecursoshidricos\/wp-json\/wp\/v2\/pages\/2430\/revisions\/2799"}],"up":[{"embeddable":true,"href":"https:\/\/wp.ufpel.edu.br\/ppgrecursoshidricos\/wp-json\/wp\/v2\/pages\/2399"}],"wp:attachment":[{"href":"https:\/\/wp.ufpel.edu.br\/ppgrecursoshidricos\/wp-json\/wp\/v2\/media?parent=2430"}],"curies":[{"name":"wp","href":"https:\/\/api.w.org\/{rel}","templated":true}]}}