{"id":2544,"date":"2019-04-26T20:13:37","date_gmt":"2019-04-26T23:13:37","guid":{"rendered":"https:\/\/wp.ufpel.edu.br\/ppgmmat\/?page_id=2544"},"modified":"2022-05-11T17:18:25","modified_gmt":"2022-05-11T20:18:25","slug":"galeria-2019-2","status":"publish","type":"page","link":"https:\/\/wp.ufpel.edu.br\/ppgmmat\/galeria-2019-2\/","title":{"rendered":"galeria-2019-2"},"content":{"rendered":"<p><a href=\"https:\/\/wp.ufpel.edu.br\/ppgmmat\/galeria\/\">Voltar para galeria<\/a><\/p>\n<ul>\n<li><strong>Congressos:<\/strong><\/li>\n<\/ul>\n<p>1. Encontro Regional de Matem\u00e1tica Aplicada e Computacional (ERMAC), UFSC,\u00a0 Blumenau -SC.<\/p>\n<p><a href=\"https:\/\/wp.ufpel.edu.br\/ppgmmat\/files\/2019\/08\/02.-Alunos_ERMAC.jpg\"><img data-attachment-id=\"2635\" data-permalink=\"https:\/\/wp.ufpel.edu.br\/ppgmmat\/galeria-2019-2\/02-alunos_ermac\/\" data-orig-file=\"https:\/\/wp.ufpel.edu.br\/ppgmmat\/files\/2019\/08\/02.-Alunos_ERMAC.jpg\" data-orig-size=\"2615,2929\" data-comments-opened=\"0\" data-image-meta=\"{&quot;aperture&quot;:&quot;2&quot;,&quot;credit&quot;:&quot;&quot;,&quot;camera&quot;:&quot;Moto G (5)&quot;,&quot;caption&quot;:&quot;&quot;,&quot;created_timestamp&quot;:&quot;1564047936&quot;,&quot;copyright&quot;:&quot;&quot;,&quot;focal_length&quot;:&quot;3.59&quot;,&quot;iso&quot;:&quot;320&quot;,&quot;shutter_speed&quot;:&quot;0.033333333333333&quot;,&quot;title&quot;:&quot;&quot;,&quot;orientation&quot;:&quot;1&quot;}\" data-image-title=\"02. Alunos_ERMAC\" data-image-description=\"\" data-image-caption=\"\" data-medium-file=\"https:\/\/wp.ufpel.edu.br\/ppgmmat\/files\/2019\/08\/02.-Alunos_ERMAC-357x400.jpg\" data-large-file=\"https:\/\/wp.ufpel.edu.br\/ppgmmat\/files\/2019\/08\/02.-Alunos_ERMAC-914x1024.jpg\" class=\"size-medium wp-image-2635 aligncenter\" src=\"https:\/\/wp.ufpel.edu.br\/ppgmmat\/files\/2019\/08\/02.-Alunos_ERMAC-357x400.jpg\" alt=\"\" width=\"357\" height=\"400\" srcset=\"https:\/\/wp.ufpel.edu.br\/ppgmmat\/files\/2019\/08\/02.-Alunos_ERMAC-357x400.jpg 357w, https:\/\/wp.ufpel.edu.br\/ppgmmat\/files\/2019\/08\/02.-Alunos_ERMAC-768x860.jpg 768w, https:\/\/wp.ufpel.edu.br\/ppgmmat\/files\/2019\/08\/02.-Alunos_ERMAC-914x1024.jpg 914w\" sizes=\"(max-width: 357px) 100vw, 357px\" \/><\/a><br \/>\n<a href=\"https:\/\/wp.ufpel.edu.br\/ppgmmat\/files\/2019\/08\/04.-Lety_ERMAC.jpg\"><img data-attachment-id=\"2636\" data-permalink=\"https:\/\/wp.ufpel.edu.br\/ppgmmat\/galeria-2019-2\/04-lety_ermac\/\" data-orig-file=\"https:\/\/wp.ufpel.edu.br\/ppgmmat\/files\/2019\/08\/04.-Lety_ERMAC.jpg\" data-orig-size=\"1017,875\" data-comments-opened=\"0\" data-image-meta=\"{&quot;aperture&quot;:&quot;0&quot;,&quot;credit&quot;:&quot;&quot;,&quot;camera&quot;:&quot;&quot;,&quot;caption&quot;:&quot;&quot;,&quot;created_timestamp&quot;:&quot;0&quot;,&quot;copyright&quot;:&quot;&quot;,&quot;focal_length&quot;:&quot;0&quot;,&quot;iso&quot;:&quot;0&quot;,&quot;shutter_speed&quot;:&quot;0&quot;,&quot;title&quot;:&quot;&quot;,&quot;orientation&quot;:&quot;1&quot;}\" data-image-title=\"04. Lety_ERMAC\" data-image-description=\"\" data-image-caption=\"\" data-medium-file=\"https:\/\/wp.ufpel.edu.br\/ppgmmat\/files\/2019\/08\/04.-Lety_ERMAC-400x344.jpg\" data-large-file=\"https:\/\/wp.ufpel.edu.br\/ppgmmat\/files\/2019\/08\/04.-Lety_ERMAC.jpg\" class=\"size-medium wp-image-2636 aligncenter\" src=\"https:\/\/wp.ufpel.edu.br\/ppgmmat\/files\/2019\/08\/04.-Lety_ERMAC-400x344.jpg\" alt=\"\" width=\"400\" height=\"344\" srcset=\"https:\/\/wp.ufpel.edu.br\/ppgmmat\/files\/2019\/08\/04.-Lety_ERMAC-400x344.jpg 400w, https:\/\/wp.ufpel.edu.br\/ppgmmat\/files\/2019\/08\/04.-Lety_ERMAC-768x661.jpg 768w, https:\/\/wp.ufpel.edu.br\/ppgmmat\/files\/2019\/08\/04.-Lety_ERMAC.jpg 1017w\" sizes=\"(max-width: 400px) 100vw, 400px\" \/><\/a><\/p>\n<p>2. Encontro Regional de Estudantes de Matem\u00e1tica da Regi\u00e3o Sul ( EREMATSul ), FACCAT, Taquara, RS.<\/p>\n<p><a href=\"https:\/\/wp.ufpel.edu.br\/ppgmmat\/files\/2019\/08\/01.-Alunos_EREMATSUL.jpg\"><img data-attachment-id=\"2637\" data-permalink=\"https:\/\/wp.ufpel.edu.br\/ppgmmat\/galeria-2019-2\/01-alunos_erematsul\/\" data-orig-file=\"https:\/\/wp.ufpel.edu.br\/ppgmmat\/files\/2019\/08\/01.-Alunos_EREMATSUL.jpg\" data-orig-size=\"4160,3120\" data-comments-opened=\"0\" data-image-meta=\"{&quot;aperture&quot;:&quot;2&quot;,&quot;credit&quot;:&quot;&quot;,&quot;camera&quot;:&quot;Moto G (5)&quot;,&quot;caption&quot;:&quot;&quot;,&quot;created_timestamp&quot;:&quot;1565882082&quot;,&quot;copyright&quot;:&quot;&quot;,&quot;focal_length&quot;:&quot;3.59&quot;,&quot;iso&quot;:&quot;320&quot;,&quot;shutter_speed&quot;:&quot;0.025&quot;,&quot;title&quot;:&quot;&quot;,&quot;orientation&quot;:&quot;0&quot;}\" data-image-title=\"01. Alunos_EREMATSUL\" data-image-description=\"\" data-image-caption=\"\" data-medium-file=\"https:\/\/wp.ufpel.edu.br\/ppgmmat\/files\/2019\/08\/01.-Alunos_EREMATSUL-400x300.jpg\" data-large-file=\"https:\/\/wp.ufpel.edu.br\/ppgmmat\/files\/2019\/08\/01.-Alunos_EREMATSUL-1024x768.jpg\" class=\"size-medium wp-image-2637 aligncenter\" src=\"https:\/\/wp.ufpel.edu.br\/ppgmmat\/files\/2019\/08\/01.-Alunos_EREMATSUL-400x300.jpg\" alt=\"\" width=\"400\" height=\"300\" srcset=\"https:\/\/wp.ufpel.edu.br\/ppgmmat\/files\/2019\/08\/01.-Alunos_EREMATSUL-400x300.jpg 400w, https:\/\/wp.ufpel.edu.br\/ppgmmat\/files\/2019\/08\/01.-Alunos_EREMATSUL-768x576.jpg 768w, https:\/\/wp.ufpel.edu.br\/ppgmmat\/files\/2019\/08\/01.-Alunos_EREMATSUL-1024x768.jpg 1024w\" sizes=\"(max-width: 400px) 100vw, 400px\" \/><\/a><br \/>\n<a href=\"https:\/\/wp.ufpel.edu.br\/ppgmmat\/files\/2019\/08\/03.-Lety_EREMATSUL.jpg\"><img data-attachment-id=\"2638\" data-permalink=\"https:\/\/wp.ufpel.edu.br\/ppgmmat\/galeria-2019-2\/03-lety_erematsul\/\" data-orig-file=\"https:\/\/wp.ufpel.edu.br\/ppgmmat\/files\/2019\/08\/03.-Lety_EREMATSUL.jpg\" data-orig-size=\"837,864\" data-comments-opened=\"0\" data-image-meta=\"{&quot;aperture&quot;:&quot;0&quot;,&quot;credit&quot;:&quot;&quot;,&quot;camera&quot;:&quot;&quot;,&quot;caption&quot;:&quot;&quot;,&quot;created_timestamp&quot;:&quot;0&quot;,&quot;copyright&quot;:&quot;&quot;,&quot;focal_length&quot;:&quot;0&quot;,&quot;iso&quot;:&quot;0&quot;,&quot;shutter_speed&quot;:&quot;0&quot;,&quot;title&quot;:&quot;&quot;,&quot;orientation&quot;:&quot;1&quot;}\" data-image-title=\"03. Lety_EREMATSUL\" data-image-description=\"\" data-image-caption=\"\" data-medium-file=\"https:\/\/wp.ufpel.edu.br\/ppgmmat\/files\/2019\/08\/03.-Lety_EREMATSUL-388x400.jpg\" data-large-file=\"https:\/\/wp.ufpel.edu.br\/ppgmmat\/files\/2019\/08\/03.-Lety_EREMATSUL.jpg\" class=\"size-medium wp-image-2638 aligncenter\" src=\"https:\/\/wp.ufpel.edu.br\/ppgmmat\/files\/2019\/08\/03.-Lety_EREMATSUL-388x400.jpg\" alt=\"\" width=\"388\" height=\"400\" srcset=\"https:\/\/wp.ufpel.edu.br\/ppgmmat\/files\/2019\/08\/03.-Lety_EREMATSUL-388x400.jpg 388w, https:\/\/wp.ufpel.edu.br\/ppgmmat\/files\/2019\/08\/03.-Lety_EREMATSUL-768x793.jpg 768w, https:\/\/wp.ufpel.edu.br\/ppgmmat\/files\/2019\/08\/03.-Lety_EREMATSUL.jpg 837w\" sizes=\"(max-width: 388px) 100vw, 388px\" \/><\/a><\/p>\n<p>3. Encontro Nacional de Modelagem Computacional ( ENMC ), Universidade Federal de Juiz de Fora, Juiz de Fora, MG.<\/p>\n<p><a href=\"https:\/\/wp.ufpel.edu.br\/ppgmmat\/files\/2019\/10\/ENMC_2019.jpg\"><img data-attachment-id=\"2688\" data-permalink=\"https:\/\/wp.ufpel.edu.br\/ppgmmat\/galeria-2019-2\/enmc_2019\/\" data-orig-file=\"https:\/\/wp.ufpel.edu.br\/ppgmmat\/files\/2019\/10\/ENMC_2019.jpg\" data-orig-size=\"803,792\" data-comments-opened=\"0\" data-image-meta=\"{&quot;aperture&quot;:&quot;0&quot;,&quot;credit&quot;:&quot;&quot;,&quot;camera&quot;:&quot;&quot;,&quot;caption&quot;:&quot;&quot;,&quot;created_timestamp&quot;:&quot;0&quot;,&quot;copyright&quot;:&quot;&quot;,&quot;focal_length&quot;:&quot;0&quot;,&quot;iso&quot;:&quot;0&quot;,&quot;shutter_speed&quot;:&quot;0&quot;,&quot;title&quot;:&quot;&quot;,&quot;orientation&quot;:&quot;0&quot;}\" data-image-title=\"ENMC_2019\" data-image-description=\"\" data-image-caption=\"\" data-medium-file=\"https:\/\/wp.ufpel.edu.br\/ppgmmat\/files\/2019\/10\/ENMC_2019-400x395.jpg\" data-large-file=\"https:\/\/wp.ufpel.edu.br\/ppgmmat\/files\/2019\/10\/ENMC_2019.jpg\" class=\"size-medium wp-image-2688 aligncenter\" src=\"https:\/\/wp.ufpel.edu.br\/ppgmmat\/files\/2019\/10\/ENMC_2019-400x395.jpg\" alt=\"\" width=\"400\" height=\"395\" srcset=\"https:\/\/wp.ufpel.edu.br\/ppgmmat\/files\/2019\/10\/ENMC_2019-400x395.jpg 400w, https:\/\/wp.ufpel.edu.br\/ppgmmat\/files\/2019\/10\/ENMC_2019-768x757.jpg 768w, https:\/\/wp.ufpel.edu.br\/ppgmmat\/files\/2019\/10\/ENMC_2019.jpg 803w\" sizes=\"(max-width: 400px) 100vw, 400px\" \/><\/a><\/p>\n<p>4.\u00a0 5o\u00a0 SIIEPE &#8211; Semana integrada UFPel 2019.<\/p>\n<p style=\"text-align: left;\"><a href=\"https:\/\/wp.ufpel.edu.br\/ppgmmat\/files\/2019\/11\/SIIEPE_2019.jpg\"><img data-attachment-id=\"2739\" data-permalink=\"https:\/\/wp.ufpel.edu.br\/ppgmmat\/galeria-2019-2\/siiepe_2019\/\" data-orig-file=\"https:\/\/wp.ufpel.edu.br\/ppgmmat\/files\/2019\/11\/SIIEPE_2019.jpg\" data-orig-size=\"1060,710\" data-comments-opened=\"0\" data-image-meta=\"{&quot;aperture&quot;:&quot;0&quot;,&quot;credit&quot;:&quot;&quot;,&quot;camera&quot;:&quot;&quot;,&quot;caption&quot;:&quot;&quot;,&quot;created_timestamp&quot;:&quot;0&quot;,&quot;copyright&quot;:&quot;&quot;,&quot;focal_length&quot;:&quot;0&quot;,&quot;iso&quot;:&quot;0&quot;,&quot;shutter_speed&quot;:&quot;0&quot;,&quot;title&quot;:&quot;&quot;,&quot;orientation&quot;:&quot;0&quot;}\" data-image-title=\"SIIEPE_2019\" data-image-description=\"\" data-image-caption=\"\" data-medium-file=\"https:\/\/wp.ufpel.edu.br\/ppgmmat\/files\/2019\/11\/SIIEPE_2019-400x268.jpg\" data-large-file=\"https:\/\/wp.ufpel.edu.br\/ppgmmat\/files\/2019\/11\/SIIEPE_2019-1024x686.jpg\" class=\"size-medium wp-image-2739 aligncenter\" src=\"https:\/\/wp.ufpel.edu.br\/ppgmmat\/files\/2019\/11\/SIIEPE_2019-400x268.jpg\" alt=\"\" width=\"400\" height=\"268\" srcset=\"https:\/\/wp.ufpel.edu.br\/ppgmmat\/files\/2019\/11\/SIIEPE_2019-400x268.jpg 400w, https:\/\/wp.ufpel.edu.br\/ppgmmat\/files\/2019\/11\/SIIEPE_2019-768x514.jpg 768w, https:\/\/wp.ufpel.edu.br\/ppgmmat\/files\/2019\/11\/SIIEPE_2019-1024x686.jpg 1024w, https:\/\/wp.ufpel.edu.br\/ppgmmat\/files\/2019\/11\/SIIEPE_2019.jpg 1060w\" sizes=\"(max-width: 400px) 100vw, 400px\" \/><\/a><\/p>\n<p>5.\u00a0 International Nuclear Atlantic Conference\u00a0 (INAC), Santos, SP, 2019.<\/p>\n<p style=\"text-align: center;\"><a href=\"https:\/\/wp.ufpel.edu.br\/ppgmmat\/files\/2019\/12\/INAC.jpeg\"><img data-attachment-id=\"2766\" data-permalink=\"https:\/\/wp.ufpel.edu.br\/ppgmmat\/galeria-2019-2\/inac\/\" data-orig-file=\"https:\/\/wp.ufpel.edu.br\/ppgmmat\/files\/2019\/12\/INAC.jpeg\" data-orig-size=\"960,1280\" data-comments-opened=\"0\" data-image-meta=\"{&quot;aperture&quot;:&quot;0&quot;,&quot;credit&quot;:&quot;&quot;,&quot;camera&quot;:&quot;&quot;,&quot;caption&quot;:&quot;&quot;,&quot;created_timestamp&quot;:&quot;0&quot;,&quot;copyright&quot;:&quot;&quot;,&quot;focal_length&quot;:&quot;0&quot;,&quot;iso&quot;:&quot;0&quot;,&quot;shutter_speed&quot;:&quot;0&quot;,&quot;title&quot;:&quot;&quot;,&quot;orientation&quot;:&quot;0&quot;}\" data-image-title=\"INAC\" data-image-description=\"\" data-image-caption=\"\" data-medium-file=\"https:\/\/wp.ufpel.edu.br\/ppgmmat\/files\/2019\/12\/INAC-300x400.jpeg\" data-large-file=\"https:\/\/wp.ufpel.edu.br\/ppgmmat\/files\/2019\/12\/INAC-768x1024.jpeg\" class=\"alignnone size-medium wp-image-2766\" src=\"https:\/\/wp.ufpel.edu.br\/ppgmmat\/files\/2019\/12\/INAC-300x400.jpeg\" alt=\"\" width=\"300\" height=\"400\" srcset=\"https:\/\/wp.ufpel.edu.br\/ppgmmat\/files\/2019\/12\/INAC-300x400.jpeg 300w, https:\/\/wp.ufpel.edu.br\/ppgmmat\/files\/2019\/12\/INAC-768x1024.jpeg 768w, https:\/\/wp.ufpel.edu.br\/ppgmmat\/files\/2019\/12\/INAC.jpeg 960w\" sizes=\"(max-width: 300px) 100vw, 300px\" \/><\/a><\/p>\n<p>6. XI Workshop Brasileiro de Micrometeorologia, INPE, S\u00e3o Jos\u00e9 dos Campos, SP, 2019.<\/p>\n<p style=\"text-align: center;\"><a href=\"https:\/\/wp.ufpel.edu.br\/ppgmmat\/files\/2019\/12\/workshop.jpeg\"><img data-attachment-id=\"2762\" data-permalink=\"https:\/\/wp.ufpel.edu.br\/ppgmmat\/galeria-2019-2\/workshop\/\" data-orig-file=\"https:\/\/wp.ufpel.edu.br\/ppgmmat\/files\/2019\/12\/workshop.jpeg\" data-orig-size=\"1280,1112\" data-comments-opened=\"0\" data-image-meta=\"{&quot;aperture&quot;:&quot;0&quot;,&quot;credit&quot;:&quot;&quot;,&quot;camera&quot;:&quot;&quot;,&quot;caption&quot;:&quot;&quot;,&quot;created_timestamp&quot;:&quot;0&quot;,&quot;copyright&quot;:&quot;&quot;,&quot;focal_length&quot;:&quot;0&quot;,&quot;iso&quot;:&quot;0&quot;,&quot;shutter_speed&quot;:&quot;0&quot;,&quot;title&quot;:&quot;&quot;,&quot;orientation&quot;:&quot;0&quot;}\" data-image-title=\"workshop\" data-image-description=\"\" data-image-caption=\"\" data-medium-file=\"https:\/\/wp.ufpel.edu.br\/ppgmmat\/files\/2019\/12\/workshop-400x348.jpeg\" data-large-file=\"https:\/\/wp.ufpel.edu.br\/ppgmmat\/files\/2019\/12\/workshop-1024x890.jpeg\" class=\"alignnone size-medium wp-image-2762\" src=\"https:\/\/wp.ufpel.edu.br\/ppgmmat\/files\/2019\/12\/workshop-400x348.jpeg\" alt=\"\" width=\"400\" height=\"348\" srcset=\"https:\/\/wp.ufpel.edu.br\/ppgmmat\/files\/2019\/12\/workshop-400x348.jpeg 400w, https:\/\/wp.ufpel.edu.br\/ppgmmat\/files\/2019\/12\/workshop-1024x890.jpeg 1024w, https:\/\/wp.ufpel.edu.br\/ppgmmat\/files\/2019\/12\/workshop-768x667.jpeg 768w, https:\/\/wp.ufpel.edu.br\/ppgmmat\/files\/2019\/12\/workshop.jpeg 1280w\" sizes=\"(max-width: 400px) 100vw, 400px\" \/><\/a><\/p>\n<p>&nbsp;<\/p>\n<ul>\n<li><strong>Defesas de Mestrado:<\/strong><\/li>\n<\/ul>\n<p>1. Amanda Mallue Ferreira: 25.04.2019. Orientador: Dra. Camila Pinto da Costa.<\/p>\n<p><a href=\"https:\/\/wp.ufpel.edu.br\/ppgmmat\/files\/2019\/04\/Amanda.jpeg\"><img data-attachment-id=\"2549\" data-permalink=\"https:\/\/wp.ufpel.edu.br\/ppgmmat\/galeria-2019-2\/amanda\/\" data-orig-file=\"https:\/\/wp.ufpel.edu.br\/ppgmmat\/files\/2019\/04\/Amanda.jpeg\" data-orig-size=\"1280,800\" data-comments-opened=\"0\" data-image-meta=\"{&quot;aperture&quot;:&quot;0&quot;,&quot;credit&quot;:&quot;&quot;,&quot;camera&quot;:&quot;&quot;,&quot;caption&quot;:&quot;&quot;,&quot;created_timestamp&quot;:&quot;0&quot;,&quot;copyright&quot;:&quot;&quot;,&quot;focal_length&quot;:&quot;0&quot;,&quot;iso&quot;:&quot;0&quot;,&quot;shutter_speed&quot;:&quot;0&quot;,&quot;title&quot;:&quot;&quot;,&quot;orientation&quot;:&quot;1&quot;}\" data-image-title=\"Amanda\" data-image-description=\"\" data-image-caption=\"\" data-medium-file=\"https:\/\/wp.ufpel.edu.br\/ppgmmat\/files\/2019\/04\/Amanda-400x250.jpeg\" data-large-file=\"https:\/\/wp.ufpel.edu.br\/ppgmmat\/files\/2019\/04\/Amanda-1024x640.jpeg\" class=\"size-medium wp-image-2549 aligncenter\" src=\"https:\/\/wp.ufpel.edu.br\/ppgmmat\/files\/2019\/04\/Amanda-400x250.jpeg\" alt=\"\" width=\"400\" height=\"250\" srcset=\"https:\/\/wp.ufpel.edu.br\/ppgmmat\/files\/2019\/04\/Amanda-400x250.jpeg 400w, https:\/\/wp.ufpel.edu.br\/ppgmmat\/files\/2019\/04\/Amanda-768x480.jpeg 768w, https:\/\/wp.ufpel.edu.br\/ppgmmat\/files\/2019\/04\/Amanda-1024x640.jpeg 1024w, https:\/\/wp.ufpel.edu.br\/ppgmmat\/files\/2019\/04\/Amanda.jpeg 1280w\" sizes=\"(max-width: 400px) 100vw, 400px\" \/><\/a><\/p>\n<p>2. Roberto Martins da Silva D\u00e9cio J\u00fanior: 24.04.2019. Orientador: Dr. Leslie Darien P\u00e9rez Fern\u00e1ndez<\/p>\n<p><a href=\"https:\/\/wp.ufpel.edu.br\/ppgmmat\/files\/2019\/04\/Roberto.jpeg\"><img data-attachment-id=\"2550\" data-permalink=\"https:\/\/wp.ufpel.edu.br\/ppgmmat\/galeria-2019-2\/roberto\/\" data-orig-file=\"https:\/\/wp.ufpel.edu.br\/ppgmmat\/files\/2019\/04\/Roberto.jpeg\" data-orig-size=\"1104,714\" data-comments-opened=\"0\" data-image-meta=\"{&quot;aperture&quot;:&quot;0&quot;,&quot;credit&quot;:&quot;&quot;,&quot;camera&quot;:&quot;&quot;,&quot;caption&quot;:&quot;&quot;,&quot;created_timestamp&quot;:&quot;0&quot;,&quot;copyright&quot;:&quot;&quot;,&quot;focal_length&quot;:&quot;0&quot;,&quot;iso&quot;:&quot;0&quot;,&quot;shutter_speed&quot;:&quot;0&quot;,&quot;title&quot;:&quot;&quot;,&quot;orientation&quot;:&quot;1&quot;}\" data-image-title=\"Roberto\" data-image-description=\"\" data-image-caption=\"\" data-medium-file=\"https:\/\/wp.ufpel.edu.br\/ppgmmat\/files\/2019\/04\/Roberto-400x259.jpeg\" data-large-file=\"https:\/\/wp.ufpel.edu.br\/ppgmmat\/files\/2019\/04\/Roberto-1024x662.jpeg\" class=\"size-medium wp-image-2550 aligncenter\" src=\"https:\/\/wp.ufpel.edu.br\/ppgmmat\/files\/2019\/04\/Roberto-400x259.jpeg\" alt=\"\" width=\"400\" height=\"259\" srcset=\"https:\/\/wp.ufpel.edu.br\/ppgmmat\/files\/2019\/04\/Roberto-400x259.jpeg 400w, https:\/\/wp.ufpel.edu.br\/ppgmmat\/files\/2019\/04\/Roberto-768x497.jpeg 768w, https:\/\/wp.ufpel.edu.br\/ppgmmat\/files\/2019\/04\/Roberto-1024x662.jpeg 1024w, https:\/\/wp.ufpel.edu.br\/ppgmmat\/files\/2019\/04\/Roberto.jpeg 1104w\" sizes=\"(max-width: 400px) 100vw, 400px\" \/><\/a><\/p>\n<ul>\n<li><span style=\"color: #000000;\"><strong>Qualifica\u00e7\u00e3o de Mestrado:<\/strong><\/span><\/li>\n<\/ul>\n<p>1. No\u00e9 Franco de Jesus: 26.04.2019 &#8211; Orientador: Dr. Marcelo Schramm<\/p>\n<p><a href=\"https:\/\/wp.ufpel.edu.br\/ppgmmat\/files\/2019\/04\/qualifica_Noe.jpeg\"><img data-attachment-id=\"2552\" data-permalink=\"https:\/\/wp.ufpel.edu.br\/ppgmmat\/galeria-2019-2\/qualifica_noe\/\" data-orig-file=\"https:\/\/wp.ufpel.edu.br\/ppgmmat\/files\/2019\/04\/qualifica_Noe.jpeg\" data-orig-size=\"705,694\" data-comments-opened=\"0\" data-image-meta=\"{&quot;aperture&quot;:&quot;0&quot;,&quot;credit&quot;:&quot;&quot;,&quot;camera&quot;:&quot;&quot;,&quot;caption&quot;:&quot;&quot;,&quot;created_timestamp&quot;:&quot;0&quot;,&quot;copyright&quot;:&quot;&quot;,&quot;focal_length&quot;:&quot;0&quot;,&quot;iso&quot;:&quot;0&quot;,&quot;shutter_speed&quot;:&quot;0&quot;,&quot;title&quot;:&quot;&quot;,&quot;orientation&quot;:&quot;1&quot;}\" data-image-title=\"qualifica_Noe\" data-image-description=\"\" data-image-caption=\"\" data-medium-file=\"https:\/\/wp.ufpel.edu.br\/ppgmmat\/files\/2019\/04\/qualifica_Noe-400x394.jpeg\" data-large-file=\"https:\/\/wp.ufpel.edu.br\/ppgmmat\/files\/2019\/04\/qualifica_Noe.jpeg\" class=\"size-medium wp-image-2552 aligncenter\" src=\"https:\/\/wp.ufpel.edu.br\/ppgmmat\/files\/2019\/04\/qualifica_Noe-400x394.jpeg\" alt=\"\" width=\"400\" height=\"394\" srcset=\"https:\/\/wp.ufpel.edu.br\/ppgmmat\/files\/2019\/04\/qualifica_Noe-400x394.jpeg 400w, https:\/\/wp.ufpel.edu.br\/ppgmmat\/files\/2019\/04\/qualifica_Noe.jpeg 705w\" sizes=\"(max-width: 400px) 100vw, 400px\" \/><\/a><\/p>\n<p>2. Camila F\u00e1vero: 05.09.2019 &#8211; Orientador: Gl\u00eanio Aguiar Gon\u00e7alves<\/p>\n<p><a href=\"https:\/\/wp.ufpel.edu.br\/ppgmmat\/files\/2019\/09\/Camila_19-09-05.jpeg\"><img data-attachment-id=\"2665\" data-permalink=\"https:\/\/wp.ufpel.edu.br\/ppgmmat\/galeria-2019-2\/camila_19-09-05\/\" data-orig-file=\"https:\/\/wp.ufpel.edu.br\/ppgmmat\/files\/2019\/09\/Camila_19-09-05.jpeg\" data-orig-size=\"1032,774\" data-comments-opened=\"0\" data-image-meta=\"{&quot;aperture&quot;:&quot;0&quot;,&quot;credit&quot;:&quot;&quot;,&quot;camera&quot;:&quot;&quot;,&quot;caption&quot;:&quot;&quot;,&quot;created_timestamp&quot;:&quot;0&quot;,&quot;copyright&quot;:&quot;&quot;,&quot;focal_length&quot;:&quot;0&quot;,&quot;iso&quot;:&quot;0&quot;,&quot;shutter_speed&quot;:&quot;0&quot;,&quot;title&quot;:&quot;&quot;,&quot;orientation&quot;:&quot;0&quot;}\" data-image-title=\"Camila_19-09-05\" data-image-description=\"\" data-image-caption=\"\" data-medium-file=\"https:\/\/wp.ufpel.edu.br\/ppgmmat\/files\/2019\/09\/Camila_19-09-05-400x300.jpeg\" data-large-file=\"https:\/\/wp.ufpel.edu.br\/ppgmmat\/files\/2019\/09\/Camila_19-09-05-1024x768.jpeg\" class=\"size-medium wp-image-2665 aligncenter\" src=\"https:\/\/wp.ufpel.edu.br\/ppgmmat\/files\/2019\/09\/Camila_19-09-05-400x300.jpeg\" alt=\"\" width=\"400\" height=\"300\" srcset=\"https:\/\/wp.ufpel.edu.br\/ppgmmat\/files\/2019\/09\/Camila_19-09-05-400x300.jpeg 400w, https:\/\/wp.ufpel.edu.br\/ppgmmat\/files\/2019\/09\/Camila_19-09-05-768x576.jpeg 768w, https:\/\/wp.ufpel.edu.br\/ppgmmat\/files\/2019\/09\/Camila_19-09-05-1024x768.jpeg 1024w, https:\/\/wp.ufpel.edu.br\/ppgmmat\/files\/2019\/09\/Camila_19-09-05.jpeg 1032w\" sizes=\"(max-width: 400px) 100vw, 400px\" \/><\/a><\/p>\n<p>3. Larissa Nunes Meirelles da Luz: 06.09.2019 &#8211;\u00a0 Orientador: Leslie Darien P\u00e9rez Fern\u00e1ndez<\/p>\n<p style=\"text-align: center;\"><a href=\"https:\/\/wp.ufpel.edu.br\/ppgmmat\/files\/2019\/09\/Larissa_19-09-06.jpeg\"><img data-attachment-id=\"2670\" data-permalink=\"https:\/\/wp.ufpel.edu.br\/ppgmmat\/galeria-2019-2\/larissa_19-09-06\/\" data-orig-file=\"https:\/\/wp.ufpel.edu.br\/ppgmmat\/files\/2019\/09\/Larissa_19-09-06.jpeg\" data-orig-size=\"1280,960\" data-comments-opened=\"0\" data-image-meta=\"{&quot;aperture&quot;:&quot;0&quot;,&quot;credit&quot;:&quot;&quot;,&quot;camera&quot;:&quot;&quot;,&quot;caption&quot;:&quot;&quot;,&quot;created_timestamp&quot;:&quot;0&quot;,&quot;copyright&quot;:&quot;&quot;,&quot;focal_length&quot;:&quot;0&quot;,&quot;iso&quot;:&quot;0&quot;,&quot;shutter_speed&quot;:&quot;0&quot;,&quot;title&quot;:&quot;&quot;,&quot;orientation&quot;:&quot;0&quot;}\" data-image-title=\"Larissa_19-09-06\" data-image-description=\"\" data-image-caption=\"\" data-medium-file=\"https:\/\/wp.ufpel.edu.br\/ppgmmat\/files\/2019\/09\/Larissa_19-09-06-400x300.jpeg\" data-large-file=\"https:\/\/wp.ufpel.edu.br\/ppgmmat\/files\/2019\/09\/Larissa_19-09-06-1024x768.jpeg\" class=\"alignnone size-medium wp-image-2670\" src=\"https:\/\/wp.ufpel.edu.br\/ppgmmat\/files\/2019\/09\/Larissa_19-09-06-400x300.jpeg\" alt=\"\" width=\"400\" height=\"300\" srcset=\"https:\/\/wp.ufpel.edu.br\/ppgmmat\/files\/2019\/09\/Larissa_19-09-06-400x300.jpeg 400w, https:\/\/wp.ufpel.edu.br\/ppgmmat\/files\/2019\/09\/Larissa_19-09-06-768x576.jpeg 768w, https:\/\/wp.ufpel.edu.br\/ppgmmat\/files\/2019\/09\/Larissa_19-09-06-1024x768.jpeg 1024w, https:\/\/wp.ufpel.edu.br\/ppgmmat\/files\/2019\/09\/Larissa_19-09-06.jpeg 1280w\" sizes=\"(max-width: 400px) 100vw, 400px\" \/><\/a><\/p>\n<p>4.\u00a0 N\u00edvea Maria Barreto Nunes Oleques: 11.09.2019 &#8211; Orientador: Fabr\u00edcio Pereira H\u00e4rter<\/p>\n<p style=\"text-align: center;\"><a href=\"https:\/\/wp.ufpel.edu.br\/ppgmmat\/files\/2019\/09\/Nivea_19-09-11.jpeg\"><img data-attachment-id=\"2672\" data-permalink=\"https:\/\/wp.ufpel.edu.br\/ppgmmat\/galeria-2019-2\/nivea_19-09-11\/\" data-orig-file=\"https:\/\/wp.ufpel.edu.br\/ppgmmat\/files\/2019\/09\/Nivea_19-09-11.jpeg\" data-orig-size=\"1280,720\" data-comments-opened=\"0\" data-image-meta=\"{&quot;aperture&quot;:&quot;0&quot;,&quot;credit&quot;:&quot;&quot;,&quot;camera&quot;:&quot;&quot;,&quot;caption&quot;:&quot;&quot;,&quot;created_timestamp&quot;:&quot;0&quot;,&quot;copyright&quot;:&quot;&quot;,&quot;focal_length&quot;:&quot;0&quot;,&quot;iso&quot;:&quot;0&quot;,&quot;shutter_speed&quot;:&quot;0&quot;,&quot;title&quot;:&quot;&quot;,&quot;orientation&quot;:&quot;0&quot;}\" data-image-title=\"Nivea_19-09-11\" data-image-description=\"\" data-image-caption=\"\" data-medium-file=\"https:\/\/wp.ufpel.edu.br\/ppgmmat\/files\/2019\/09\/Nivea_19-09-11-400x225.jpeg\" data-large-file=\"https:\/\/wp.ufpel.edu.br\/ppgmmat\/files\/2019\/09\/Nivea_19-09-11-1024x576.jpeg\" class=\"alignnone size-medium wp-image-2672\" src=\"https:\/\/wp.ufpel.edu.br\/ppgmmat\/files\/2019\/09\/Nivea_19-09-11-400x225.jpeg\" alt=\"\" width=\"400\" height=\"225\" srcset=\"https:\/\/wp.ufpel.edu.br\/ppgmmat\/files\/2019\/09\/Nivea_19-09-11-400x225.jpeg 400w, https:\/\/wp.ufpel.edu.br\/ppgmmat\/files\/2019\/09\/Nivea_19-09-11-768x432.jpeg 768w, https:\/\/wp.ufpel.edu.br\/ppgmmat\/files\/2019\/09\/Nivea_19-09-11-1024x576.jpeg 1024w, https:\/\/wp.ufpel.edu.br\/ppgmmat\/files\/2019\/09\/Nivea_19-09-11.jpeg 1280w\" sizes=\"(max-width: 400px) 100vw, 400px\" \/><\/a><\/p>\n<p>5. C\u00e9sar Magno Leite de Oliveira Junior: 11.09.2019 &#8211; Orientador: Jonas da Costa Carvalho<\/p>\n<p style=\"text-align: center;\"><a href=\"https:\/\/wp.ufpel.edu.br\/ppgmmat\/files\/2019\/09\/Cesar_19-09-11.jpeg\"><img data-attachment-id=\"2673\" data-permalink=\"https:\/\/wp.ufpel.edu.br\/ppgmmat\/galeria-2019-2\/cesar_19-09-11\/\" data-orig-file=\"https:\/\/wp.ufpel.edu.br\/ppgmmat\/files\/2019\/09\/Cesar_19-09-11.jpeg\" data-orig-size=\"1280,720\" data-comments-opened=\"0\" data-image-meta=\"{&quot;aperture&quot;:&quot;0&quot;,&quot;credit&quot;:&quot;&quot;,&quot;camera&quot;:&quot;&quot;,&quot;caption&quot;:&quot;&quot;,&quot;created_timestamp&quot;:&quot;0&quot;,&quot;copyright&quot;:&quot;&quot;,&quot;focal_length&quot;:&quot;0&quot;,&quot;iso&quot;:&quot;0&quot;,&quot;shutter_speed&quot;:&quot;0&quot;,&quot;title&quot;:&quot;&quot;,&quot;orientation&quot;:&quot;0&quot;}\" data-image-title=\"Cesar_19-09-11\" data-image-description=\"\" data-image-caption=\"\" data-medium-file=\"https:\/\/wp.ufpel.edu.br\/ppgmmat\/files\/2019\/09\/Cesar_19-09-11-400x225.jpeg\" data-large-file=\"https:\/\/wp.ufpel.edu.br\/ppgmmat\/files\/2019\/09\/Cesar_19-09-11-1024x576.jpeg\" class=\"alignnone size-medium wp-image-2673\" src=\"https:\/\/wp.ufpel.edu.br\/ppgmmat\/files\/2019\/09\/Cesar_19-09-11-400x225.jpeg\" alt=\"\" width=\"400\" height=\"225\" srcset=\"https:\/\/wp.ufpel.edu.br\/ppgmmat\/files\/2019\/09\/Cesar_19-09-11-400x225.jpeg 400w, https:\/\/wp.ufpel.edu.br\/ppgmmat\/files\/2019\/09\/Cesar_19-09-11-768x432.jpeg 768w, https:\/\/wp.ufpel.edu.br\/ppgmmat\/files\/2019\/09\/Cesar_19-09-11-1024x576.jpeg 1024w, https:\/\/wp.ufpel.edu.br\/ppgmmat\/files\/2019\/09\/Cesar_19-09-11.jpeg 1280w\" sizes=\"(max-width: 400px) 100vw, 400px\" \/><\/a><\/p>\n<p>6. Let\u00edcia Machado Kaufmann: 12.09.2019 &#8211; Orientador: Guilherme Janecke Weymar<\/p>\n<p style=\"text-align: center;\"><a href=\"https:\/\/wp.ufpel.edu.br\/ppgmmat\/files\/2019\/09\/Leticia_19-09-12.jpeg\"><img data-attachment-id=\"2676\" data-permalink=\"https:\/\/wp.ufpel.edu.br\/ppgmmat\/galeria-2019-2\/leticia_19-09-12\/\" data-orig-file=\"https:\/\/wp.ufpel.edu.br\/ppgmmat\/files\/2019\/09\/Leticia_19-09-12.jpeg\" data-orig-size=\"1280,720\" data-comments-opened=\"0\" data-image-meta=\"{&quot;aperture&quot;:&quot;0&quot;,&quot;credit&quot;:&quot;&quot;,&quot;camera&quot;:&quot;&quot;,&quot;caption&quot;:&quot;&quot;,&quot;created_timestamp&quot;:&quot;0&quot;,&quot;copyright&quot;:&quot;&quot;,&quot;focal_length&quot;:&quot;0&quot;,&quot;iso&quot;:&quot;0&quot;,&quot;shutter_speed&quot;:&quot;0&quot;,&quot;title&quot;:&quot;&quot;,&quot;orientation&quot;:&quot;0&quot;}\" data-image-title=\"Leticia_19-09-12\" data-image-description=\"\" data-image-caption=\"\" data-medium-file=\"https:\/\/wp.ufpel.edu.br\/ppgmmat\/files\/2019\/09\/Leticia_19-09-12-400x225.jpeg\" data-large-file=\"https:\/\/wp.ufpel.edu.br\/ppgmmat\/files\/2019\/09\/Leticia_19-09-12-1024x576.jpeg\" class=\"alignnone size-medium wp-image-2676\" src=\"https:\/\/wp.ufpel.edu.br\/ppgmmat\/files\/2019\/09\/Leticia_19-09-12-400x225.jpeg\" alt=\"\" width=\"400\" height=\"225\" srcset=\"https:\/\/wp.ufpel.edu.br\/ppgmmat\/files\/2019\/09\/Leticia_19-09-12-400x225.jpeg 400w, https:\/\/wp.ufpel.edu.br\/ppgmmat\/files\/2019\/09\/Leticia_19-09-12-768x432.jpeg 768w, https:\/\/wp.ufpel.edu.br\/ppgmmat\/files\/2019\/09\/Leticia_19-09-12-1024x576.jpeg 1024w, https:\/\/wp.ufpel.edu.br\/ppgmmat\/files\/2019\/09\/Leticia_19-09-12.jpeg 1280w\" sizes=\"(max-width: 400px) 100vw, 400px\" \/><\/a><\/p>\n<p>7. Danieli Morales de Lima Martins: 13.09.2019 &#8211; Orientador: R\u00e9gis Sperotto de Quadros<\/p>\n<p style=\"text-align: center;\"><a href=\"https:\/\/wp.ufpel.edu.br\/ppgmmat\/files\/2019\/09\/Danieli_19-09-13.jpeg\"><img data-attachment-id=\"2678\" data-permalink=\"https:\/\/wp.ufpel.edu.br\/ppgmmat\/galeria-2019-2\/danieli_19-09-13\/\" data-orig-file=\"https:\/\/wp.ufpel.edu.br\/ppgmmat\/files\/2019\/09\/Danieli_19-09-13.jpeg\" data-orig-size=\"1280,1116\" data-comments-opened=\"0\" data-image-meta=\"{&quot;aperture&quot;:&quot;0&quot;,&quot;credit&quot;:&quot;&quot;,&quot;camera&quot;:&quot;&quot;,&quot;caption&quot;:&quot;&quot;,&quot;created_timestamp&quot;:&quot;0&quot;,&quot;copyright&quot;:&quot;&quot;,&quot;focal_length&quot;:&quot;0&quot;,&quot;iso&quot;:&quot;0&quot;,&quot;shutter_speed&quot;:&quot;0&quot;,&quot;title&quot;:&quot;&quot;,&quot;orientation&quot;:&quot;0&quot;}\" data-image-title=\"Danieli_19-09-13\" data-image-description=\"\" data-image-caption=\"\" data-medium-file=\"https:\/\/wp.ufpel.edu.br\/ppgmmat\/files\/2019\/09\/Danieli_19-09-13-400x349.jpeg\" data-large-file=\"https:\/\/wp.ufpel.edu.br\/ppgmmat\/files\/2019\/09\/Danieli_19-09-13-1024x893.jpeg\" class=\"alignnone size-medium wp-image-2678\" src=\"https:\/\/wp.ufpel.edu.br\/ppgmmat\/files\/2019\/09\/Danieli_19-09-13-400x349.jpeg\" alt=\"\" width=\"400\" height=\"349\" srcset=\"https:\/\/wp.ufpel.edu.br\/ppgmmat\/files\/2019\/09\/Danieli_19-09-13-400x349.jpeg 400w, https:\/\/wp.ufpel.edu.br\/ppgmmat\/files\/2019\/09\/Danieli_19-09-13-768x670.jpeg 768w, https:\/\/wp.ufpel.edu.br\/ppgmmat\/files\/2019\/09\/Danieli_19-09-13-1024x893.jpeg 1024w, https:\/\/wp.ufpel.edu.br\/ppgmmat\/files\/2019\/09\/Danieli_19-09-13.jpeg 1280w\" sizes=\"(max-width: 400px) 100vw, 400px\" \/><\/a><\/p>\n<p>8. Evanildo Franco de Jesus: 13.09.2019 &#8211;\u00a0 Orientador: Daniela Buske<\/p>\n<p style=\"text-align: center;\"><a href=\"https:\/\/wp.ufpel.edu.br\/ppgmmat\/files\/2019\/09\/Evanildo_19-09-13.jpeg\"><img data-attachment-id=\"2679\" data-permalink=\"https:\/\/wp.ufpel.edu.br\/ppgmmat\/galeria-2019-2\/evanildo_19-09-13\/\" data-orig-file=\"https:\/\/wp.ufpel.edu.br\/ppgmmat\/files\/2019\/09\/Evanildo_19-09-13.jpeg\" data-orig-size=\"1280,720\" data-comments-opened=\"0\" data-image-meta=\"{&quot;aperture&quot;:&quot;0&quot;,&quot;credit&quot;:&quot;&quot;,&quot;camera&quot;:&quot;&quot;,&quot;caption&quot;:&quot;&quot;,&quot;created_timestamp&quot;:&quot;0&quot;,&quot;copyright&quot;:&quot;&quot;,&quot;focal_length&quot;:&quot;0&quot;,&quot;iso&quot;:&quot;0&quot;,&quot;shutter_speed&quot;:&quot;0&quot;,&quot;title&quot;:&quot;&quot;,&quot;orientation&quot;:&quot;0&quot;}\" data-image-title=\"Evanildo_19-09-13\" data-image-description=\"\" data-image-caption=\"\" data-medium-file=\"https:\/\/wp.ufpel.edu.br\/ppgmmat\/files\/2019\/09\/Evanildo_19-09-13-400x225.jpeg\" data-large-file=\"https:\/\/wp.ufpel.edu.br\/ppgmmat\/files\/2019\/09\/Evanildo_19-09-13-1024x576.jpeg\" class=\"alignnone size-medium wp-image-2679\" src=\"https:\/\/wp.ufpel.edu.br\/ppgmmat\/files\/2019\/09\/Evanildo_19-09-13-400x225.jpeg\" alt=\"\" width=\"400\" height=\"225\" srcset=\"https:\/\/wp.ufpel.edu.br\/ppgmmat\/files\/2019\/09\/Evanildo_19-09-13-400x225.jpeg 400w, https:\/\/wp.ufpel.edu.br\/ppgmmat\/files\/2019\/09\/Evanildo_19-09-13-768x432.jpeg 768w, https:\/\/wp.ufpel.edu.br\/ppgmmat\/files\/2019\/09\/Evanildo_19-09-13-1024x576.jpeg 1024w, https:\/\/wp.ufpel.edu.br\/ppgmmat\/files\/2019\/09\/Evanildo_19-09-13.jpeg 1280w\" sizes=\"(max-width: 400px) 100vw, 400px\" \/><\/a><\/p>\n<p style=\"text-align: center;\"><span style=\"font-size: 18pt;\"><a href=\"https:\/\/wp.ufpel.edu.br\/ppgmmat\/galeria\/\">Voltar para galeria<\/a><\/span><\/p>\n","protected":false},"excerpt":{"rendered":"<p>Voltar para galeria Congressos: 1. Encontro Regional de Matem\u00e1tica Aplicada e Computacional (ERMAC), UFSC,\u00a0 Blumenau -SC. 2. Encontro Regional de Estudantes de Matem\u00e1tica da Regi\u00e3o Sul ( EREMATSul ), FACCAT, Taquara, RS. 3. Encontro Nacional de Modelagem Computacional ( ENMC ), Universidade Federal de Juiz de Fora, Juiz de Fora, MG. 4.\u00a0 5o\u00a0 SIIEPE &#8211; [&hellip;]<\/p>\n","protected":false},"author":458,"featured_media":0,"parent":0,"menu_order":0,"comment_status":"closed","ping_status":"closed","template":"","meta":{"jetpack_post_was_ever_published":false,"footnotes":""},"class_list":["post-2544","page","type-page","status-publish","hentry"],"jetpack_sharing_enabled":true,"jetpack_shortlink":"https:\/\/wp.me\/ParAg0-F2","_links":{"self":[{"href":"https:\/\/wp.ufpel.edu.br\/ppgmmat\/wp-json\/wp\/v2\/pages\/2544","targetHints":{"allow":["GET"]}}],"collection":[{"href":"https:\/\/wp.ufpel.edu.br\/ppgmmat\/wp-json\/wp\/v2\/pages"}],"about":[{"href":"https:\/\/wp.ufpel.edu.br\/ppgmmat\/wp-json\/wp\/v2\/types\/page"}],"author":[{"embeddable":true,"href":"https:\/\/wp.ufpel.edu.br\/ppgmmat\/wp-json\/wp\/v2\/users\/458"}],"replies":[{"embeddable":true,"href":"https:\/\/wp.ufpel.edu.br\/ppgmmat\/wp-json\/wp\/v2\/comments?post=2544"}],"version-history":[{"count":23,"href":"https:\/\/wp.ufpel.edu.br\/ppgmmat\/wp-json\/wp\/v2\/pages\/2544\/revisions"}],"predecessor-version":[{"id":3543,"href":"https:\/\/wp.ufpel.edu.br\/ppgmmat\/wp-json\/wp\/v2\/pages\/2544\/revisions\/3543"}],"wp:attachment":[{"href":"https:\/\/wp.ufpel.edu.br\/ppgmmat\/wp-json\/wp\/v2\/media?parent=2544"}],"curies":[{"name":"wp","href":"https:\/\/api.w.org\/{rel}","templated":true}]}}