{"id":645,"date":"2018-05-24T11:03:25","date_gmt":"2018-05-24T14:03:25","guid":{"rendered":"https:\/\/wp.ufpel.edu.br\/ppgmet\/?page_id=645"},"modified":"2025-06-16T16:36:16","modified_gmt":"2025-06-16T19:36:16","slug":"dissertacoes","status":"publish","type":"page","link":"https:\/\/wp.ufpel.edu.br\/ppgmet\/dissertacoes\/","title":{"rendered":"Disserta\u00e7\u00f5es"},"content":{"rendered":"<p><span style=\"color: #333399;\"><em><span style=\"font-size: 24pt;\"><strong>Disserta\u00e7\u00f5es defendidas desde 2006<\/strong><\/span><\/em><\/span><\/p>\n<p>Aviso: Caso o link da disserta\u00e7\u00e3o esteja indispon\u00edvel, entre em contato com a coordena\u00e7\u00e3o do Programa.<\/p>\n<p>__________________________________________________________________________________________________________<\/p>\n<table style=\"width: 698px;\" width=\"1274\">\n<tbody>\n<tr style=\"height: 70px;\">\n<td style=\"width: 188px; height: 70px;\"><span style=\"color: #000080;\"><strong>EGRESSO<\/strong><\/span><\/td>\n<td style=\"width: 83px; height: 70px;\"><span style=\"color: #000080;\"><strong>ANO<\/strong><\/span><\/td>\n<td style=\"width: 285px; height: 70px;\"><span style=\"color: #000080;\"><strong>LINK DISSERTA\u00c7\u00c3O<\/strong><\/span><\/td>\n<td style=\"width: 350px; height: 70px;\"><span style=\"color: #000080;\"><strong>LATTES<\/strong><\/span><\/td>\n<\/tr>\n<tr style=\"height: 219px;\">\n<td style=\"width: 188px; height: 219px;\">CL\u00caNIO REN\u00ca KURZ BOHMER<\/td>\n<td style=\"width: 83px; height: 219px;\">2006<\/td>\n<td style=\"width: 285px; height: 219px;\"><a href=\"http:\/\/repositorio.ufpel.edu.br:8080\/handle\/prefix\/4827\">Otimiza\u00e7\u00e3o da inclina\u00e7\u00e3o de m\u00f3dulos fotovoltaicos em fun\u00e7\u00e3o da radia\u00e7\u00e3o solar incidente na regi\u00e3o de Pelotas &#8211; RS<\/a><\/td>\n<td style=\"width: 350px; height: 219px;\"><a href=\"http:\/\/lattes.cnpq.br\/9266829567732028\">http:\/\/lattes.cnpq.br\/9266829567732028<\/a><\/td>\n<\/tr>\n<tr style=\"height: 169px;\">\n<td style=\"width: 188px; height: 169px;\">FABIO ZIEMANN LOPES<\/td>\n<td style=\"width: 83px; height: 169px;\">2006<\/td>\n<td style=\"width: 285px; height: 169px;\"><a href=\"http:\/\/repositorio.ufpel.edu.br:8080\/handle\/prefix\/3992\">Rela\u00e7\u00e3o entre o MEI (Multivariate Enso Index) e a precipita\u00e7\u00e3o pluvial no estado do Rio Grande do Sul<\/a><\/td>\n<td style=\"width: 350px; height: 169px;\"><a href=\"http:\/\/lattes.cnpq.br\/0759035618078911\">http:\/\/lattes.cnpq.br\/0759035618078911<\/a><\/td>\n<\/tr>\n<tr style=\"height: 169px;\">\n<td style=\"width: 188px; height: 169px;\">JOS\u00c9 ROBSON LEITE NOGUEIRA<\/td>\n<td style=\"width: 83px; height: 169px;\">2006<\/td>\n<td style=\"width: 285px; height: 169px;\"><a href=\"http:\/\/repositorio.ufpel.edu.br:8080\/handle\/prefix\/5016\">Avalia\u00e7\u00e3o do modelo h\u00edbrido, para obten\u00e7\u00e3o de temperatura do solo, na regi\u00e3o de Pelotas &#8211; RS<\/a><\/td>\n<td style=\"width: 350px; height: 169px;\"><a href=\"http:\/\/lattes.cnpq.br\/4965042391321599\">http:\/\/lattes.cnpq.br\/4965042391321599<\/a><\/td>\n<\/tr>\n<tr style=\"height: 194px;\">\n<td style=\"width: 188px; height: 194px;\">LUCIANA BARROS PINTO<\/td>\n<td style=\"width: 83px; height: 194px;\">2006<\/td>\n<td style=\"width: 285px; height: 194px;\"><a href=\"http:\/\/repositorio.ufpel.edu.br:8080\/handle\/prefix\/3989\">Estudo de um Sistema Convectivo de Mesoescala (SCM) observado nos dias 19 e 20\/02\/2003 sobre o Rio Grande do Sul<\/a><\/td>\n<td style=\"width: 350px; height: 194px;\"><a href=\"http:\/\/lattes.cnpq.br\/5192318389798896\">http:\/\/lattes.cnpq.br\/5192318389798896<\/a><\/td>\n<\/tr>\n<tr style=\"height: 219px;\">\n<td style=\"width: 188px; height: 219px;\">MARCELO FELIX ALONSO<\/td>\n<td style=\"width: 83px; height: 219px;\">2006<\/td>\n<td style=\"width: 285px; height: 219px;\"><a href=\"http:\/\/repositorio.ufpel.edu.br:8080\/handle\/prefix\/3988\">Estudo da efici\u00eancia das Parametriza\u00e7\u00f5es Convectivas na simula\u00e7\u00e3o de eventos severos ocorridos no Brasil, utilizando o BRAMS<\/a><\/td>\n<td style=\"width: 350px; height: 219px;\"><a href=\"http:\/\/lattes.cnpq.br\/0480439997738726\">http:\/\/lattes.cnpq.br\/0480439997738726<\/a><\/td>\n<\/tr>\n<tr style=\"height: 169px;\">\n<td style=\"width: 188px; height: 169px;\">MATEUS MADAIL SANTIN<\/td>\n<td style=\"width: 83px; height: 169px;\">2006<\/td>\n<td style=\"width: 285px; height: 169px;\"><a href=\"http:\/\/repositorio.ufpel.edu.br:8080\/handle\/prefix\/4842\">Operacionaliza\u00e7\u00e3o do modelo Brams aplicado \u00e0 previs\u00e3o do tempo, agricultura e pesquisa<\/a><\/td>\n<td style=\"width: 350px; height: 169px;\"><a href=\"http:\/\/lattes.cnpq.br\/7328608347125244\">http:\/\/lattes.cnpq.br\/7328608347125244<\/a><\/td>\n<\/tr>\n<tr style=\"height: 145px;\">\n<td style=\"width: 188px; height: 145px;\">RICARDO LUIZ RILHO MEDINA<\/td>\n<td style=\"width: 83px; height: 145px;\">2006<\/td>\n<td style=\"width: 285px; height: 145px;\"><a href=\"http:\/\/repositorio.ufpel.edu.br:8080\/handle\/prefix\/3986\">Constru\u00e7\u00e3o de um instrumento para a medida e estudo do campo el\u00e9trico da atmosfera<\/a><\/td>\n<td style=\"width: 350px; height: 145px;\"><a href=\"http:\/\/lattes.cnpq.br\/8142468132516676\">http:\/\/lattes.cnpq.br\/8142468132516676<\/a><\/td>\n<\/tr>\n<tr style=\"height: 194px;\">\n<td style=\"width: 188px; height: 194px;\">SIMONE COLVARA ALVES<\/td>\n<td style=\"width: 83px; height: 194px;\">2006<\/td>\n<td style=\"width: 285px; height: 194px;\"><a href=\"http:\/\/repositorio.ufpel.edu.br:8080\/handle\/prefix\/3985\">Avalia\u00e7\u00e3o do Modelo de Kuo para a previs\u00e3o de chuvas e tempestades na regi\u00e3o sul do Brasil: estudo de casos<\/a><\/td>\n<td style=\"width: 350px; height: 194px;\"><a href=\"http:\/\/lattes.cnpq.br\/9868476866436908\">http:\/\/lattes.cnpq.br\/9868476866436908<\/a><\/td>\n<\/tr>\n<tr style=\"height: 95px;\">\n<td style=\"width: 188px; height: 95px;\">TA\u00cdS PEGORARO SCAGLIONI<\/td>\n<td style=\"width: 83px; height: 95px;\">2006<\/td>\n<td style=\"width: 285px; height: 95px;\"><a href=\"http:\/\/repositorio.ufpel.edu.br:8080\/handle\/prefix\/4976\">Atividade convectiva no sul da Am\u00e9rica do Sul<\/a><\/td>\n<td style=\"width: 350px; height: 95px;\"><a href=\"http:\/\/lattes.cnpq.br\/2119460128083124\">http:\/\/lattes.cnpq.br\/2119460128083124<\/a><\/td>\n<\/tr>\n<tr style=\"height: 219px;\">\n<td style=\"width: 188px; height: 219px;\">GRACIELA REDIES FISCHER<\/td>\n<td style=\"width: 83px; height: 219px;\">2007<\/td>\n<td style=\"width: 285px; height: 219px;\"><a href=\"http:\/\/repositorio.ufpel.edu.br:8080\/handle\/prefix\/3991\">Estudo das rela\u00e7\u00f5es preditivas entre o n\u00famero de dias de chuva e a Temperatura da Superf\u00edcie do Mar (TSM) para o Rio Grande do Sul<\/a><\/td>\n<td style=\"width: 350px; height: 219px;\"><a href=\"http:\/\/lattes.cnpq.br\/3946867460041974\">http:\/\/lattes.cnpq.br\/3946867460041974<\/a><\/td>\n<\/tr>\n<tr style=\"height: 219px;\">\n<td style=\"width: 188px; height: 219px;\">JULIANO LISB\u00d4A GRUPPELLI<\/td>\n<td style=\"width: 83px; height: 219px;\">2007<\/td>\n<td style=\"width: 285px; height: 219px;\"><a href=\"http:\/\/repositorio.ufpel.edu.br:8080\/handle\/prefix\/5015\">Rela\u00e7\u00e3o entre a precipita\u00e7\u00e3o pluvial na regi\u00e3o Nordeste do Rio Grande do Sul e a temperatura da superf\u00edcie do mar dos oceanos Atl\u00e2ntico e Pac\u00edfico<\/a><\/td>\n<td style=\"width: 350px; height: 219px;\"><a href=\"http:\/\/lattes.cnpq.br\/7846696367026246\">http:\/\/lattes.cnpq.br\/7846696367026246<\/a><\/td>\n<\/tr>\n<tr style=\"height: 219px;\">\n<td style=\"width: 188px; height: 219px;\">MARCIA OLIVEIRA CURI HALLAL<\/td>\n<td style=\"width: 83px; height: 219px;\">2007<\/td>\n<td style=\"width: 285px; height: 219px;\"><a href=\"http:\/\/repositorio.ufpel.edu.br:8080\/handle\/123456789\/2357\">An\u00e1lise e compara\u00e7\u00e3o de m\u00e9todos de estimativa da evapotranspira\u00e7\u00e3o de refer\u00eancia para a regi\u00e3o de Pelotas (RS).<\/a><\/td>\n<td style=\"width: 350px; height: 219px;\"><a href=\"http:\/\/lattes.cnpq.br\/0501409935291745\">http:\/\/lattes.cnpq.br\/0501409935291745<\/a><\/td>\n<\/tr>\n<tr style=\"height: 219px;\">\n<td style=\"width: 188px; height: 219px;\">MARIA DA GRA\u00c7A PEREIRA PIMENTEL<\/td>\n<td style=\"width: 83px; height: 219px;\">2007<\/td>\n<td style=\"width: 285px; height: 219px;\"><a href=\"http:\/\/repositorio.ufpel.edu.br:8080\/handle\/prefix\/3987\">M\u00e9todo de estimativa de temperaturas m\u00ednimas e m\u00e1ximas m\u00e9dias mensais climatol\u00f3gicas do ar no Rio Grande do Sul<\/a><\/td>\n<td style=\"width: 350px; height: 219px;\"><a href=\"http:\/\/lattes.cnpq.br\/0733396624113518\">http:\/\/lattes.cnpq.br\/0733396624113518<\/a><\/td>\n<\/tr>\n<tr style=\"height: 194px;\">\n<td style=\"width: 188px; height: 194px;\">MARIELI SALLET<\/td>\n<td style=\"width: 83px; height: 194px;\">2007<\/td>\n<td style=\"width: 285px; height: 194px;\"><a href=\"http:\/\/repositorio.ufpel.edu.br:8080\/handle\/123456789\/2183\">Desenvolvimento de um modelo lagrangeano para dispers\u00e3o de poluentes em condi\u00e7\u00f5es de vento fraco<\/a><\/td>\n<td style=\"width: 350px; height: 194px;\"><a href=\"http:\/\/lattes.cnpq.br\/6325264174761633\">http:\/\/lattes.cnpq.br\/6325264174761633<\/a><\/td>\n<\/tr>\n<tr style=\"height: 194px;\">\n<td style=\"width: 188px; height: 194px;\">N\u00c9LIA KAINARA RODRIGUES CARDOSO<\/td>\n<td style=\"width: 83px; height: 194px;\">2007<\/td>\n<td style=\"width: 285px; height: 194px;\"><a href=\"http:\/\/repositorio.ufpel.edu.br:8080\/handle\/123456789\/2181\">Rela\u00e7\u00f5es entre \u00cdndices de Instabilidade e as chuvas ocorridas em Porto Alegre,RS,de 1990 a 2005<\/a><\/td>\n<td style=\"width: 350px; height: 194px;\"><a href=\"http:\/\/lattes.cnpq.br\/1451482450120120\">http:\/\/lattes.cnpq.br\/1451482450120120<\/a><\/td>\n<\/tr>\n<tr style=\"height: 219px;\">\n<td style=\"width: 188px; height: 219px;\">RODRIGO GULARTE LOVATO<\/td>\n<td style=\"width: 83px; height: 219px;\">2007<\/td>\n<td style=\"width: 285px; height: 219px;\"><a href=\"http:\/\/repositorio.ufpel.edu.br:8080\/handle\/123456789\/2182\">Estimativa da constante de Kolmogorov (C0) para a camada limite est\u00e1vel usando simula\u00e7\u00e3o dos grandes turbilh\u00f5es<\/a><\/td>\n<td style=\"width: 350px; height: 219px;\"><a href=\"http:\/\/lattes.cnpq.br\/1669429900569341\">http:\/\/lattes.cnpq.br\/1669429900569341<\/a><\/td>\n<\/tr>\n<tr style=\"height: 194px;\">\n<td style=\"width: 188px; height: 194px;\">ANA CAROLINA CARDOSO PEREIRA<\/td>\n<td style=\"width: 83px; height: 194px;\">2008<\/td>\n<td style=\"width: 285px; height: 194px;\"><a href=\"http:\/\/repositorio.ufpel.edu.br:8080\/handle\/123456789\/2193\">Estudo dos ventos no Rio Grande do Sul e simula\u00e7\u00e3o para um ciclone extratropical usando o Modelo MM5<\/a><\/td>\n<td style=\"width: 350px; height: 194px;\"><a href=\"http:\/\/lattes.cnpq.br\/8442291206184580\">http:\/\/lattes.cnpq.br\/8442291206184580<\/a><\/td>\n<\/tr>\n<tr style=\"height: 219px;\">\n<td style=\"width: 188px; height: 219px;\">CLAUDIA PRISCILA WANZELER DA COSTA<\/td>\n<td style=\"width: 83px; height: 219px;\">2008<\/td>\n<td style=\"width: 285px; height: 219px;\"><a href=\"http:\/\/repositorio.ufpel.edu.br:8080\/handle\/123456789\/2186\">An\u00e1lise espacial e temporal de \u00edndices clim\u00e1ticos derivados das temperaturas m\u00e1ximas e m\u00ednimas para o Rio Grande do Sul<\/a><\/td>\n<td style=\"width: 350px; height: 219px;\"><a href=\"http:\/\/lattes.cnpq.br\/6186548975691317\">http:\/\/lattes.cnpq.br\/6186548975691317<\/a><\/td>\n<\/tr>\n<tr style=\"height: 194px;\">\n<td style=\"width: 188px; height: 194px;\">IDILIO MANOEL BREA VICTORIA<\/td>\n<td style=\"width: 83px; height: 194px;\">2008<\/td>\n<td style=\"width: 285px; height: 194px;\"><a href=\"http:\/\/repositorio.ufpel.edu.br:8080\/handle\/123456789\/2187\">Medi\u00e7\u00e3o da Radia\u00e7\u00e3o Solar Global e Difusa Utilizando Piran\u00f4metros com Sensores Fotoel\u00e9tricos<\/a><\/td>\n<td style=\"width: 350px; height: 194px;\"><a href=\"http:\/\/lattes.cnpq.br\/7727596043239495\">http:\/\/lattes.cnpq.br\/7727596043239495<\/a><\/td>\n<\/tr>\n<tr style=\"height: 269px;\">\n<td style=\"width: 188px; height: 269px;\">LEANDRO SAMPAIO CLAVICO<\/td>\n<td style=\"width: 83px; height: 269px;\">2008<\/td>\n<td style=\"width: 285px; height: 269px;\"><a href=\"http:\/\/repositorio.ufpel.edu.br:8080\/handle\/123456789\/2189\">Estudo das rela\u00e7\u00f5es da variabilidade climatol\u00f3gica relacionada \u00e0 variabilidade social da safra de pescados de \u00e1gua doce desembarcado na cidade do Rio Grande RS<\/a><\/td>\n<td style=\"width: 350px; height: 269px;\"><a href=\"http:\/\/lattes.cnpq.br\/1652935140252320\">http:\/\/lattes.cnpq.br\/1652935140252320<\/a><\/td>\n<\/tr>\n<tr style=\"height: 145px;\">\n<td style=\"width: 188px; height: 145px;\">MARI ANDREA FELDMAN FIRPO<\/td>\n<td style=\"width: 83px; height: 145px;\">2008<\/td>\n<td style=\"width: 285px; height: 145px;\"><a href=\"http:\/\/repositorio.ufpel.edu.br:8080\/handle\/123456789\/2185\">Ondas de frio e de calor para o Rio Grande do Sul e sua rela\u00e7\u00e3o com El Ni\u00f1o e La Ni\u00f1a<\/a><\/td>\n<td style=\"width: 350px; height: 145px;\"><a href=\"http:\/\/lattes.cnpq.br\/9408620304462130\">http:\/\/lattes.cnpq.br\/9408620304462130<\/a><\/td>\n<\/tr>\n<tr style=\"height: 244px;\">\n<td style=\"width: 188px; height: 244px;\">THEO HACKBART<\/td>\n<td style=\"width: 83px; height: 244px;\">2008<\/td>\n<td style=\"width: 285px; height: 244px;\"><a href=\"http:\/\/repositorio.ufpel.edu.br:8080\/handle\/123456789\/2188\">Utiliza\u00e7\u00e3o de ve\u00edculos a\u00e9reos n\u00e3o tripulados e desenvolvimento de um sistema de aquisi\u00e7\u00e3o de dados de baixo custo para sondagem atmosf\u00e9rica<\/a><\/td>\n<td style=\"width: 350px; height: 244px;\"><a href=\"http:\/\/lattes.cnpq.br\/6489026871563517\">http:\/\/lattes.cnpq.br\/6489026871563517<\/a><\/td>\n<\/tr>\n<tr style=\"height: 219px;\">\n<td style=\"width: 188px; height: 219px;\">ALINE SCHNEIDER FALCK<\/td>\n<td style=\"width: 83px; height: 219px;\">2009<\/td>\n<td style=\"width: 285px; height: 219px;\"><a href=\"http:\/\/repositorio.ufpel.edu.br:8080\/handle\/prefix\/4819\">Estudo de uma situa\u00e7\u00e3o convectiva (inicia\u00e7\u00e3o dissipa\u00e7\u00e3o) utilizando dados do radar meteorol\u00f3gico Doppler de Manaus<\/a><\/td>\n<td style=\"width: 350px; height: 219px;\"><a href=\"http:\/\/lattes.cnpq.br\/8124852216020335\">http:\/\/lattes.cnpq.br\/8124852216020335<\/a><\/td>\n<\/tr>\n<tr style=\"height: 194px;\">\n<td style=\"width: 188px; height: 194px;\">DIONIS MAURI PENNING BLANK<\/td>\n<td style=\"width: 83px; height: 194px;\">2009<\/td>\n<td style=\"width: 285px; height: 194px;\"><a href=\"http:\/\/repositorio.ufpel.edu.br:8080\/handle\/123456789\/2192\">Rela\u00e7\u00e3o entre a concentra\u00e7\u00e3o de gelo marinho Ant\u00e1rtico e a temperatura m\u00ednima na Am\u00e9rica do Sul<\/a><\/td>\n<td style=\"width: 350px; height: 194px;\"><a href=\"http:\/\/lattes.cnpq.br\/5181555838698145\">http:\/\/lattes.cnpq.br\/5181555838698145<\/a><\/td>\n<\/tr>\n<tr style=\"height: 318px;\">\n<td style=\"width: 188px; height: 318px;\">GUILHERME LAUXE REINKE<\/td>\n<td style=\"width: 83px; height: 318px;\">2009<\/td>\n<td style=\"width: 285px; height: 318px;\"><a href=\"http:\/\/repositorio.ufpel.edu.br:8080\/handle\/123456789\/2191\">Padr\u00f5es de anomalias da temperatura da superf\u00edcie dos Oceanos Pac\u00edfico e Atl\u00e2ntico associados \u00e0 Radia\u00e7\u00e3o de Onda Longa na Am\u00e9rica do Sul e \u00e0 precipita\u00e7\u00e3o no Brasil.<\/a><\/td>\n<td style=\"width: 350px; height: 318px;\"><a href=\"http:\/\/lattes.cnpq.br\/4883078994314123\">http:\/\/lattes.cnpq.br\/4883078994314123<\/a><\/td>\n<\/tr>\n<tr style=\"height: 169px;\">\n<td style=\"width: 188px; height: 169px;\">GUSTAVO LEITE DA SILVA<\/td>\n<td style=\"width: 83px; height: 169px;\">2009<\/td>\n<td style=\"width: 285px; height: 169px;\"><a href=\"http:\/\/repositorio.ufpel.edu.br:8080\/handle\/123456789\/2195\">Valida\u00e7\u00e3o da assimila\u00e7\u00e3o de dados na infer\u00eancia da refletividade de um radar com sistema MM5<\/a><\/td>\n<td style=\"width: 350px; height: 169px;\"><a href=\"http:\/\/lattes.cnpq.br\/8472987757112592\">http:\/\/lattes.cnpq.br\/8472987757112592<\/a><\/td>\n<\/tr>\n<tr style=\"height: 194px;\">\n<td style=\"width: 188px; height: 194px;\">MILENA MACHADO DA LUZ JOAO<\/td>\n<td style=\"width: 83px; height: 194px;\">2009<\/td>\n<td style=\"width: 285px; height: 194px;\"><a href=\"http:\/\/repositorio.ufpel.edu.br:8080\/handle\/123456789\/2190\">An\u00e1lise do comportamento das temperaturas m\u00e1xima e m\u00ednima m\u00e9dias mensais para o estado do Rio Grande do Sul<\/a><\/td>\n<td style=\"width: 350px; height: 194px;\"><a href=\"http:\/\/lattes.cnpq.br\/4492565058803775\">http:\/\/lattes.cnpq.br\/4492565058803775<\/a><\/td>\n<\/tr>\n<tr style=\"height: 244px;\">\n<td style=\"width: 188px; height: 244px;\">MIRLEN TASSIA FILGUEIRA DA SILVA<\/td>\n<td style=\"width: 83px; height: 244px;\">2009<\/td>\n<td style=\"width: 285px; height: 244px;\"><a href=\"http:\/\/repositorio.ufpel.edu.br:8080\/handle\/123456789\/2194\">Estudo das Descargas El\u00e9tricas Atmosf\u00e9ricas associadas a sistemas convectivos de mesoescala para a Regi\u00e3o Sudeste do Brasil<\/a><\/td>\n<td style=\"width: 350px; height: 244px;\"><a href=\"http:\/\/lattes.cnpq.br\/5603957950097986\">http:\/\/lattes.cnpq.br\/5603957950097986<\/a><\/td>\n<\/tr>\n<tr style=\"height: 169px;\">\n<td style=\"width: 188px; height: 169px;\">CL\u00d3VIS ROBERTO LEVIEN CORR\u00caA<\/td>\n<td style=\"width: 83px; height: 169px;\">2010<\/td>\n<td style=\"width: 285px; height: 169px;\"><a href=\"http:\/\/repositorio.ufpel.edu.br:8080\/handle\/123456789\/2196\">Condi\u00e7\u00f5es atmosf\u00e9ricas associadas ao furac\u00e3o Catarina e a outros dois casos de estudo<\/a><\/td>\n<td style=\"width: 350px; height: 169px;\"><a href=\"http:\/\/lattes.cnpq.br\/0998231553954137\">http:\/\/lattes.cnpq.br\/0998231553954137<\/a><\/td>\n<\/tr>\n<tr style=\"height: 194px;\">\n<td style=\"width: 188px; height: 194px;\">DANIEL SOUZA CARDOSO<\/td>\n<td style=\"width: 83px; height: 194px;\">2010<\/td>\n<td style=\"width: 285px; height: 194px;\"><a href=\"http:\/\/repositorio.ufpel.edu.br:8080\/handle\/123456789\/2199\">An\u00e1lise harm\u00f4nica dos totais de chuvas mensais de regi\u00f5es homog\u00eaneas do Estado do Rio Grande do Sul<\/a><\/td>\n<td style=\"width: 350px; height: 194px;\"><a href=\"http:\/\/lattes.cnpq.br\/1220158390683439\">http:\/\/lattes.cnpq.br\/1220158390683439<\/a><\/td>\n<\/tr>\n<tr style=\"height: 219px;\">\n<td style=\"width: 188px; height: 219px;\">JO\u00c3O CARLOS RIBEIRO OMENA<\/td>\n<td style=\"width: 83px; height: 219px;\">2010<\/td>\n<td style=\"width: 285px; height: 219px;\"><a href=\"http:\/\/repositorio.ufpel.edu.br:8080\/handle\/123456789\/2198\">A Oscila\u00e7\u00e3o Decadal do Pac\u00edfico (ODP) e sua influ\u00eancia nas temperaturas m\u00e1ximas e m\u00ednimas do Rio Grande do Sul<\/a><\/td>\n<td style=\"width: 350px; height: 219px;\"><a href=\"http:\/\/lattes.cnpq.br\/7227901569180209\">http:\/\/lattes.cnpq.br\/7227901569180209<\/a><\/td>\n<\/tr>\n<tr style=\"height: 169px;\">\n<td style=\"width: 188px; height: 169px;\">MARIA ARITA MADRUGA GARCIA<\/td>\n<td style=\"width: 83px; height: 169px;\">2010<\/td>\n<td style=\"width: 285px; height: 169px;\"><a href=\"http:\/\/repositorio.ufpel.edu.br:8080\/handle\/123456789\/2200\">A Variabilidade da precipita\u00e7\u00e3o no Rio Grande do Sul e sua rela\u00e7\u00e3o com o \u00cdndice de Oscila\u00e7\u00e3o Ant\u00e1rtica<\/a><\/td>\n<td style=\"width: 350px; height: 169px;\"><a href=\"http:\/\/lattes.cnpq.br\/1311715362572354\">http:\/\/lattes.cnpq.br\/1311715362572354<\/a><\/td>\n<\/tr>\n<tr style=\"height: 244px;\">\n<td style=\"width: 188px; height: 244px;\">MORGANA VAZ DA SILVA<\/td>\n<td style=\"width: 83px; height: 244px;\">2010<\/td>\n<td style=\"width: 285px; height: 244px;\"><a href=\"http:\/\/repositorio.ufpel.edu.br:8080\/handle\/123456789\/2197\">An\u00e1lise sazonal do regime h\u00eddrico do Rio Grande do Sul no per\u00edodo de 1977 a 2006: impacto de sistemas meteorol\u00f3gicos no regime h\u00eddrico do Estado em 2006<\/a><\/td>\n<td style=\"width: 350px; height: 244px;\"><a href=\"http:\/\/lattes.cnpq.br\/5233966208853446\">http:\/\/lattes.cnpq.br\/5233966208853446<\/a><\/td>\n<\/tr>\n<tr style=\"height: 219px;\">\n<td style=\"width: 188px; height: 219px;\">CRISTIANO WICKBOLDT EICHHOLZ<\/td>\n<td style=\"width: 83px; height: 219px;\">2011<\/td>\n<td style=\"width: 285px; height: 219px;\"><a href=\"http:\/\/repositorio.ufpel.edu.br:8080\/handle\/123456789\/2201\">Caracter\u00edsticas f\u00edsicas dos Sistemas Convectivos de Mesoescala que afetaram o Rio Grande do Sul no per\u00edodo de 2004 a 2008<\/a><\/td>\n<td style=\"width: 350px; height: 219px;\"><a href=\"http:\/\/lattes.cnpq.br\/3933039769920991\">http:\/\/lattes.cnpq.br\/3933039769920991<\/a><\/td>\n<\/tr>\n<tr style=\"height: 219px;\">\n<td style=\"width: 188px; height: 219px;\">DANIEL ANDRADE SCHUCH<\/td>\n<td style=\"width: 83px; height: 219px;\">2011<\/td>\n<td style=\"width: 285px; height: 219px;\"><a href=\"http:\/\/repositorio.ufpel.edu.br:8080\/handle\/123456789\/2208\">Simula\u00e7\u00e3o de dispers\u00e3o de poluentes na atmosfera pela t\u00e9cnica de transformada integral para uma fonte arbitr\u00e1ria<\/a><\/td>\n<td style=\"width: 350px; height: 219px;\"><a href=\"http:\/\/lattes.cnpq.br\/7656605773440811\">http:\/\/lattes.cnpq.br\/7656605773440811<\/a><\/td>\n<\/tr>\n<tr style=\"height: 145px;\">\n<td style=\"width: 188px; height: 145px;\">ELIANE BARBOSA SANTOS<\/td>\n<td style=\"width: 83px; height: 145px;\">2011<\/td>\n<td style=\"width: 285px; height: 145px;\"><a href=\"http:\/\/repositorio.ufpel.edu.br:8080\/handle\/123456789\/2202\">\u00cdndice oce\u00e2nicos e sua rela\u00e7\u00e3o com a precipita\u00e7\u00e3o pluvial do Rio Grande do Sul<\/a><\/td>\n<td style=\"width: 350px; height: 145px;\"><a href=\"http:\/\/lattes.cnpq.br\/1517641534499568\">http:\/\/lattes.cnpq.br\/1517641534499568<\/a><\/td>\n<\/tr>\n<tr style=\"height: 219px;\">\n<td style=\"width: 188px; height: 219px;\">GEORGE ULGUIM PEDRA<\/td>\n<td style=\"width: 83px; height: 219px;\">2011<\/td>\n<td style=\"width: 285px; height: 219px;\"><a href=\"http:\/\/repositorio.ufpel.edu.br:8080\/handle\/123456789\/2205\">Rela\u00e7\u00e3o dos principais padr\u00f5es de oscila\u00e7\u00e3o do vento na baixa atmosfera e a temperatura m\u00ednima mensal no Rio Grande do Sul<\/a><\/td>\n<td style=\"width: 350px; height: 219px;\"><a href=\"http:\/\/lattes.cnpq.br\/9034726135535940\">http:\/\/lattes.cnpq.br\/9034726135535940<\/a><\/td>\n<\/tr>\n<tr style=\"height: 194px;\">\n<td style=\"width: 188px; height: 194px;\">GILSON CARLOS DA SILVA<\/td>\n<td style=\"width: 83px; height: 194px;\">2011<\/td>\n<td style=\"width: 285px; height: 194px;\"><a href=\"http:\/\/repositorio.ufpel.edu.br:8080\/handle\/123456789\/2207\">An\u00e1lise quantitativa de eventos extremos de precipita\u00e7\u00e3o da regi\u00e3o Leste e Norte de Santa Catarina<\/a><\/td>\n<td style=\"width: 350px; height: 194px;\"><a href=\"http:\/\/lattes.cnpq.br\/8632884236747293\">http:\/\/lattes.cnpq.br\/8632884236747293<\/a><\/td>\n<\/tr>\n<tr style=\"height: 219px;\">\n<td style=\"width: 188px; height: 219px;\">GUSTAVO COPSTEIN CUCHIARA<\/td>\n<td style=\"width: 83px; height: 219px;\">2011<\/td>\n<td style=\"width: 285px; height: 219px;\"><a href=\"http:\/\/repositorio.ufpel.edu.br:8080\/handle\/123456789\/2204\">Modelagem da polui\u00e7\u00e3o do ar por rea\u00e7\u00f5es fotoqu\u00edmicas associada \u00e0 fontes veiculares na regi\u00e3o metropolitana de Porto Alegre<\/a><\/td>\n<td style=\"width: 350px; height: 219px;\"><a href=\"http:\/\/lattes.cnpq.br\/5410942424760291\">http:\/\/lattes.cnpq.br\/5410942424760291<\/a><\/td>\n<\/tr>\n<tr style=\"height: 169px;\">\n<td style=\"width: 188px; height: 169px;\">NAILE NUNES VAGHETTI<\/td>\n<td style=\"width: 83px; height: 169px;\">2011<\/td>\n<td style=\"width: 285px; height: 169px;\"><a href=\"http:\/\/repositorio.ufpel.edu.br:8080\/handle\/123456789\/2206\">An\u00e1lise da Umidade Relativa do Ar em Regi\u00f5es Homog\u00eaneas do Estado do Rio Grande do Sul<\/a><\/td>\n<td style=\"width: 350px; height: 169px;\"><a href=\"http:\/\/lattes.cnpq.br\/2410165329698349\">http:\/\/lattes.cnpq.br\/2410165329698349<\/a><\/td>\n<\/tr>\n<tr style=\"height: 145px;\">\n<td style=\"width: 188px; height: 145px;\">C\u00c1TIA CRISTINA BRAGA RODRIGUES<\/td>\n<td style=\"width: 83px; height: 145px;\">2012<\/td>\n<td style=\"width: 285px; height: 145px;\"><a href=\"http:\/\/repositorio.ufpel.edu.br:8080\/handle\/123456789\/2179\">Variabilidade da precipita\u00e7\u00e3o em Mato Grosso do Sul e a rela\u00e7\u00e3o com \u00edndices oce\u00e2nicos<\/a><\/td>\n<td style=\"width: 350px; height: 145px;\"><a href=\"http:\/\/lattes.cnpq.br\/7725875555478984\">http:\/\/lattes.cnpq.br\/7725875555478984<\/a><\/td>\n<\/tr>\n<tr style=\"height: 145px;\">\n<td style=\"width: 188px; height: 145px;\">ALINE MACEDO DE OLIVEIRA<\/td>\n<td style=\"width: 83px; height: 145px;\">2013<\/td>\n<td style=\"width: 285px; height: 145px;\"><a href=\"http:\/\/repositorio.ufpel.edu.br:8080\/handle\/prefix\/4566\">Estudo do impacto dos aeross\u00f3is na espessura \u00f3ptica da atmosfera na regi\u00e3o sul do Brasil<\/a><\/td>\n<td style=\"width: 350px; height: 145px;\"><a href=\"http:\/\/lattes.cnpq.br\/8193534380537030\">http:\/\/lattes.cnpq.br\/8193534380537030<\/a><\/td>\n<\/tr>\n<tr style=\"height: 169px;\">\n<td style=\"width: 188px; height: 169px;\">GUSTAVO RASERA<\/td>\n<td style=\"width: 83px; height: 169px;\">2013<\/td>\n<td style=\"width: 285px; height: 169px;\"><a href=\"https:\/\/drive.google.com\/open?id=1bQIoVg7tNqTY42Qcwg0j7qzxaypGMp59\">Eventos Severos gerados por SCM que atingiram o Rio Grande do Sul no per\u00edodo de 2004 a 2008<\/a><\/td>\n<td style=\"width: 350px; height: 169px;\"><a href=\"http:\/\/lattes.cnpq.br\/7026323713868024\">http:\/\/lattes.cnpq.br\/7026323713868024<\/a><\/td>\n<\/tr>\n<tr style=\"height: 145px;\">\n<td style=\"width: 188px; height: 145px;\">JULIANA RESENDE DA SILVA<\/td>\n<td style=\"width: 83px; height: 145px;\">2013<\/td>\n<td style=\"width: 285px; height: 145px;\"><a href=\"https:\/\/drive.google.com\/file\/d\/1YTiJ4DBNpy7aAqIjYUR4xF96ObjutwcJ\/view?usp=sharing\">An\u00e1lise clim\u00e1tica pontual de eventos extremos de precipita\u00e7\u00e3o no Rio Grande do Sul<\/a><\/td>\n<td style=\"width: 350px; height: 145px;\"><a href=\"http:\/\/lattes.cnpq.br\/0399299353740102\">http:\/\/lattes.cnpq.br\/0399299353740102<\/a><\/td>\n<\/tr>\n<tr style=\"height: 294px;\">\n<td style=\"width: 188px; height: 294px;\">LUCIANA CARDOSO NETA<\/td>\n<td style=\"width: 83px; height: 294px;\">2013<\/td>\n<td style=\"width: 285px; height: 294px;\"><a href=\"https:\/\/drive.google.com\/open?id=1pF1JOeVMEXWy4UJjcEdWs_yex-L-2C3r\">Caracter\u00edsticas das Descargas Nuvem-Solo e da Precipita\u00e7\u00e3o em Superf\u00edcie Associadas a Sistemas Convectivos Ocorridos na Regi\u00e3o Sudeste do Brasil<\/a><\/td>\n<td style=\"width: 350px; height: 294px;\"><a href=\"http:\/\/lattes.cnpq.br\/1899661697236115\">http:\/\/lattes.cnpq.br\/1899661697236115<\/a><\/td>\n<\/tr>\n<tr style=\"height: 169px;\">\n<td style=\"width: 188px; height: 169px;\">LUDMILA POCHMANN DE SOUZA<\/td>\n<td style=\"width: 83px; height: 169px;\">2013<\/td>\n<td style=\"width: 285px; height: 169px;\"><a href=\"https:\/\/drive.google.com\/open?id=1CiXDZ48yxNIIz6gMOkDc3Zgc51VvSA2h\">Estudo do impacto das emiss\u00f5es de poluentes na Regi\u00e3o Metropolitana de Porto Alegre \u2013 RS<\/a><\/td>\n<td style=\"width: 350px; height: 169px;\"><a href=\"http:\/\/lattes.cnpq.br\/1559736208600374\">http:\/\/lattes.cnpq.br\/1559736208600374<\/a><\/td>\n<\/tr>\n<tr style=\"height: 169px;\">\n<td style=\"width: 188px; height: 169px;\">MARLON CESAR COLARES DUTRA<\/td>\n<td style=\"width: 83px; height: 169px;\">2013<\/td>\n<td style=\"width: 285px; height: 169px;\"><a href=\"https:\/\/drive.google.com\/open?id=1iUarkKZf--jfoB1A-c3HOICgeZh2Ek4D\">Variabilidade da \u00c1gua Precipit\u00e1vel na Am\u00e9rica do Sul e sua Rela\u00e7\u00e3o com Indicadores Oce\u00e2nicos<\/a><\/td>\n<td style=\"width: 350px; height: 169px;\"><a href=\"http:\/\/lattes.cnpq.br\/9355102643890205\">http:\/\/lattes.cnpq.br\/9355102643890205<\/a><\/td>\n<\/tr>\n<tr style=\"height: 95px;\">\n<td style=\"width: 188px; height: 95px;\">PATRICIA NUNES TUCHTENHAGEN<\/td>\n<td style=\"width: 83px; height: 95px;\">2013<\/td>\n<td style=\"width: 285px; height: 95px;\"><a href=\"https:\/\/drive.google.com\/open?id=1Yjt252NYVK48ZMAmWGs9Z4PexPa0ev3E\">WRF e o Potencial E\u00f3lico no Brasil em 2011\u00a0<\/a><\/td>\n<td style=\"width: 350px; height: 95px;\"><a href=\"http:\/\/lattes.cnpq.br\/1782938142785537\">http:\/\/lattes.cnpq.br\/1782938142785537<\/a><\/td>\n<\/tr>\n<tr style=\"height: 169px;\">\n<td style=\"width: 188px; height: 169px;\">VENICE MARIA MEAZZA DE CAMARGO<\/td>\n<td style=\"width: 83px; height: 169px;\">2013<\/td>\n<td style=\"width: 285px; height: 169px;\"><a href=\"https:\/\/drive.google.com\/open?id=1HvfR_Yu21bBks6iugjm47XU3RnRL_WQS\">Estudo de eventos de estiagem extrema na regi\u00e3o sul do Brasil no per\u00edodo de 1979 a 2009<\/a><\/td>\n<td style=\"width: 350px; height: 169px;\"><a href=\"http:\/\/lattes.cnpq.br\/3651603061913921\">http:\/\/lattes.cnpq.br\/3651603061913921<\/a><\/td>\n<\/tr>\n<tr style=\"height: 194px;\">\n<td style=\"width: 188px; height: 194px;\">VILIAM CARDOSO DA SILVEIRA<\/td>\n<td style=\"width: 83px; height: 194px;\">2013<\/td>\n<td style=\"width: 285px; height: 194px;\"><a href=\"http:\/\/guaiaca.ufpel.edu.br\/handle\/prefix\/4564\">Simula\u00e7\u00e3o tridimensional da dispers\u00e3o de poluentes na atmosfera em condi\u00e7\u00f5es de vento fraco<\/a><\/td>\n<td style=\"width: 350px; height: 194px;\"><a href=\"http:\/\/lattes.cnpq.br\/1723649311410460\">http:\/\/lattes.cnpq.br\/1723649311410460<\/a><\/td>\n<\/tr>\n<tr style=\"height: 120px;\">\n<td style=\"width: 188px; height: 120px;\">VINICIUS CARVALHO BECK<\/td>\n<td style=\"width: 83px; height: 120px;\">2013<\/td>\n<td style=\"width: 285px; height: 120px;\"><a href=\"http:\/\/guaiaca.ufpel.edu.br\/handle\/123456789\/2180\">Assimila\u00e7\u00e3o 3DVAR no WRF e a Previs\u00e3o do Tempo no Sul do Brasil<\/a><\/td>\n<td style=\"width: 350px; height: 120px;\"><a href=\"http:\/\/lattes.cnpq.br\/1872216160935847\">http:\/\/lattes.cnpq.br\/1872216160935847<\/a><\/td>\n<\/tr>\n<tr style=\"height: 169px;\">\n<td style=\"width: 188px; height: 169px;\">WILIAM AZAMBUJA MORALES<\/td>\n<td style=\"width: 83px; height: 169px;\">2013<\/td>\n<td style=\"width: 285px; height: 169px;\"><a href=\"http:\/\/guaiaca.ufpel.edu.br\/handle\/prefix\/4621\">Converg\u00eancia do fluxo de umidade verticalmente integrada e os progn\u00f3sticos do modelo WRF<\/a><\/td>\n<td style=\"width: 350px; height: 169px;\"><a href=\"http:\/\/lattes.cnpq.br\/1622433524350772\">http:\/\/lattes.cnpq.br\/1622433524350772<\/a><\/td>\n<\/tr>\n<tr style=\"height: 194px;\">\n<td style=\"width: 188px; height: 194px;\">DIOGO MONTEIRO MARIA<\/td>\n<td style=\"width: 83px; height: 194px;\">2014<\/td>\n<td style=\"width: 285px; height: 194px;\"><a href=\"https:\/\/drive.google.com\/open?id=1vZbaWYZPeb9W20IF3ibWM6D0gnfznMNr\">Ocorr\u00eancia de granizo associada a dois Sistemas Convectivos de Mesoescala que afetaram o Rio Grande do Sul<\/a><\/td>\n<td style=\"width: 350px; height: 194px;\"><a href=\"http:\/\/lattes.cnpq.br\/7594071626744510\">http:\/\/lattes.cnpq.br\/7594071626744510<\/a><\/td>\n<\/tr>\n<tr style=\"height: 145px;\">\n<td style=\"width: 188px; height: 145px;\">LAIS SAN MARTINS SCHMALFUSS<\/td>\n<td style=\"width: 83px; height: 145px;\">2014<\/td>\n<td style=\"width: 285px; height: 145px;\"><a href=\"http:\/\/guaiaca.ufpel.edu.br\/handle\/prefix\/4568\">An\u00e1lise do decaimento da coluna total de oz\u00f4nio sobre a Am\u00e9rica do Sul<\/a><\/td>\n<td style=\"width: 350px; height: 145px;\"><a href=\"http:\/\/lattes.cnpq.br\/4870850602788252\">http:\/\/lattes.cnpq.br\/4870850602788252<\/a><\/td>\n<\/tr>\n<tr style=\"height: 145px;\">\n<td style=\"width: 188px; height: 145px;\">BRUNO KABKE BAINY<\/td>\n<td style=\"width: 83px; height: 145px;\">2015<\/td>\n<td style=\"width: 285px; height: 145px;\"><a href=\"http:\/\/guaiaca.ufpel.edu.br\/handle\/prefix\/3460\">Simula\u00e7\u00e3o da dispers\u00e3o de poluentes em lan\u00e7amento de foguetes<\/a><\/td>\n<td style=\"width: 350px; height: 145px;\"><a href=\"http:\/\/lattes.cnpq.br\/6223181584410971\">http:\/\/lattes.cnpq.br\/6223181584410971<\/a><\/td>\n<\/tr>\n<tr style=\"height: 120px;\">\n<td style=\"width: 188px; height: 120px;\">DEJANIRA FERREIRA BRAZ<\/td>\n<td style=\"width: 83px; height: 120px;\">2015<\/td>\n<td style=\"width: 285px; height: 120px;\"><a href=\"http:\/\/guaiaca.ufpel.edu.br\/handle\/prefix\/3459\">Impacto de eventos severos na agricultura do Rio Grande do Sul<\/a><\/td>\n<td style=\"width: 350px; height: 120px;\"><a href=\"http:\/\/lattes.cnpq.br\/0381113341065200\">http:\/\/lattes.cnpq.br\/0381113341065200<\/a><\/td>\n<\/tr>\n<tr style=\"height: 194px;\">\n<td style=\"width: 188px; height: 194px;\">FERNANDO CRISTIAN JULIANO NUNES<\/td>\n<td style=\"width: 83px; height: 194px;\">2015<\/td>\n<td style=\"width: 285px; height: 194px;\"><a href=\"https:\/\/drive.google.com\/open?id=1x9wVHaVfjZU275R1U72gjHlyByHdvEgC\">Associa\u00e7\u00e3o entre condi\u00e7\u00f5es meteorol\u00f3gicas de inverno e doen\u00e7as respirat\u00f3rias em crian\u00e7as na cidade de Pelotas-RS\u00a0<\/a><\/td>\n<td style=\"width: 350px; height: 194px;\"><a href=\"http:\/\/lattes.cnpq.br\/2461535840185033\">http:\/\/lattes.cnpq.br\/2461535840185033<\/a><\/td>\n<\/tr>\n<tr style=\"height: 294px;\">\n<td style=\"width: 188px; height: 294px;\">GABRIELA LAMEU MOREIRA<\/td>\n<td style=\"width: 83px; height: 294px;\">2015<\/td>\n<td style=\"width: 285px; height: 294px;\"><a href=\"http:\/\/guaiaca.ufpel.edu.br\/handle\/prefix\/3426\">Estudo dos efeitos de par\u00e2metros meteorol\u00f3gicos nas estruturas el\u00e9tricas de uma linha de instabilidade e de um complexo convectivo de mesoescala na regi\u00e3o Sudeste do Brasil<\/a><\/td>\n<td style=\"width: 350px; height: 294px;\"><a href=\"http:\/\/lattes.cnpq.br\/8295017154770477\">http:\/\/lattes.cnpq.br\/8295017154770477<\/a><\/td>\n<\/tr>\n<tr style=\"height: 244px;\">\n<td style=\"width: 188px; height: 244px;\">RODRIGO DA SILVA PEREIRA<\/td>\n<td style=\"width: 83px; height: 244px;\">2015<\/td>\n<td style=\"width: 285px; height: 244px;\"><a href=\"http:\/\/guaiaca.ufpel.edu.br\/handle\/prefix\/3382\">Clima presente e cen\u00e1rio futuro dos eventos com potencial para causar alagamentos nas cidades de Porto Alegre, Pelotas, Caxias do Sul e Santa Maria<\/a><\/td>\n<td style=\"width: 350px; height: 244px;\"><a href=\"http:\/\/lattes.cnpq.br\/2218390107760466\">http:\/\/lattes.cnpq.br\/2218390107760466<\/a><\/td>\n<\/tr>\n<tr style=\"height: 194px;\">\n<td style=\"width: 188px; height: 194px;\">THIAGO GUERREIRO FERREIRA<\/td>\n<td style=\"width: 83px; height: 194px;\">2015<\/td>\n<td style=\"width: 285px; height: 194px;\"><a href=\"https:\/\/drive.google.com\/open?id=1_2GGoZQuspSMo9GzvOxofkbFWt6N-B7s\">Sistemas meteorol\u00f3gicos e sua rela\u00e7\u00e3o com altos valores de espessura \u00f3tica dos aeross\u00f3is no Rio Grande do Sul<\/a><\/td>\n<td style=\"width: 350px; height: 194px;\"><\/td>\n<\/tr>\n<tr style=\"height: 194px;\">\n<td style=\"width: 188px; height: 194px;\">ANGEL DOMINGUEZ CHOVERT<\/td>\n<td style=\"width: 83px; height: 194px;\">2016<\/td>\n<td style=\"width: 285px; height: 194px;\"><a href=\"http:\/\/guaiaca.ufpel.edu.br\/handle\/prefix\/3462\">Estudo num\u00e9rico do impacto da frota veicular na qualidade do ar na regi\u00e3o metropolitana de Porto Alegre<\/a><\/td>\n<td style=\"width: 350px; height: 194px;\"><a href=\"http:\/\/lattes.cnpq.br\/1416478899425503\">http:\/\/lattes.cnpq.br\/1416478899425503<\/a><\/td>\n<\/tr>\n<tr style=\"height: 194px;\">\n<td style=\"width: 188px; height: 194px;\">JEYMISON MARGADO BEZERRA<\/td>\n<td style=\"width: 83px; height: 194px;\">2016<\/td>\n<td style=\"width: 285px; height: 194px;\"><a href=\"http:\/\/guaiaca.ufpel.edu.br\/handle\/prefix\/3694\">Configura\u00e7\u00e3o meteorol\u00f3gica do ver\u00e3o (2013-2014) anomalamente quente das regi\u00f5es Sul e Sudeste do Brasil<\/a><\/td>\n<td style=\"width: 350px; height: 194px;\"><a href=\"http:\/\/lattes.cnpq.br\/7268729626332234\">http:\/\/lattes.cnpq.br\/7268729626332234<\/a><\/td>\n<\/tr>\n<tr style=\"height: 169px;\">\n<td style=\"width: 188px; height: 169px;\">JOAO MARCELO HOFFMANN DE SOUZA<\/td>\n<td style=\"width: 83px; height: 169px;\">2016<\/td>\n<td style=\"width: 285px; height: 169px;\"><a href=\"https:\/\/drive.google.com\/open?id=1m0xBnHyVzpYHGz6vSEhLXGlzq1rB1knv\">Calibra\u00e7\u00e3o do modelo Canegro\/DSSAT para a cana de a\u00e7\u00facar no Rio Grande do Sul<\/a><\/td>\n<td style=\"width: 350px; height: 169px;\"><a href=\"http:\/\/lattes.cnpq.br\/1737351484772810\">http:\/\/lattes.cnpq.br\/1737351484772810<\/a><\/td>\n<\/tr>\n<tr style=\"height: 244px;\">\n<td style=\"width: 188px; height: 244px;\">JOAO RODRIGO DE CASTRO<\/td>\n<td style=\"width: 83px; height: 244px;\">2016<\/td>\n<td style=\"width: 285px; height: 244px;\"><a href=\"https:\/\/drive.google.com\/open?id=1HG2RxEMdrJ9TCFF9-OflrmCnNeiHitb_\">Determina\u00e7\u00e3o das incertezas nas simula\u00e7\u00f5es da produtividade do arroz irrigado associadas com as estimativas da radia\u00e7\u00e3o solar global<\/a><\/td>\n<td style=\"width: 350px; height: 244px;\"><a href=\"http:\/\/lattes.cnpq.br\/3818202132347585\">http:\/\/lattes.cnpq.br\/3818202132347585<\/a><\/td>\n<\/tr>\n<tr style=\"height: 145px;\">\n<td style=\"width: 188px; height: 145px;\">RAIDEL BAEZ PRIETO<\/td>\n<td style=\"width: 83px; height: 145px;\">2016<\/td>\n<td style=\"width: 285px; height: 145px;\"><a href=\"https:\/\/drive.google.com\/open?id=1badJmDrn-H2ZYAScFkkSXp4bRpcf1QH2\">Estudo de Eventos Extremos de Chuva Persistente sobre o Rio Grande do Sul entre 2004 e 2013<\/a><\/td>\n<td style=\"width: 350px; height: 145px;\"><a href=\"http:\/\/lattes.cnpq.br\/7122789992709145\">http:\/\/lattes.cnpq.br\/7122789992709145<\/a><\/td>\n<\/tr>\n<tr style=\"height: 169px;\">\n<td style=\"width: 188px; height: 169px;\">RENA MOREIRA ARAUJO<\/td>\n<td style=\"width: 83px; height: 169px;\">2016<\/td>\n<td style=\"width: 285px; height: 169px;\"><a href=\"https:\/\/drive.google.com\/open?id=16UmLTJYhHonxbYA6UE33BZhl5AmP0wT8\">Caracteriza\u00e7\u00e3o morfol\u00f3gica e respostas \u00e0s condi\u00e7\u00f5es agrometeorol\u00f3gicas da cana-de-a\u00e7ucar<\/a><\/td>\n<td style=\"width: 350px; height: 169px;\"><a href=\"http:\/\/lattes.cnpq.br\/5333294957135117\">http:\/\/lattes.cnpq.br\/5333294957135117<\/a><\/td>\n<\/tr>\n<tr style=\"height: 145px;\">\n<td style=\"width: 188px; height: 145px;\">STEFANE FONSECA FREITAS<\/td>\n<td style=\"width: 83px; height: 145px;\">2016<\/td>\n<td style=\"width: 285px; height: 145px;\"><a href=\"https:\/\/drive.google.com\/open?id=1kZLUFmcJg_rKKr2-kVzhSsdry7nBcL09\">Atividade El\u00e9trica e Precipita\u00e7\u00e3o de Mon\u00e7\u00e3o no Estado de S\u00e3o Paulo no Per\u00edodo 2008-2011<\/a><\/td>\n<td style=\"width: 350px; height: 145px;\"><a href=\"http:\/\/lattes.cnpq.br\/2706736619151413\">http:\/\/lattes.cnpq.br\/2706736619151413<\/a><\/td>\n<\/tr>\n<tr style=\"height: 219px;\">\n<td style=\"width: 188px; height: 219px;\">BRUNO MAON FERNANDES<\/td>\n<td style=\"width: 83px; height: 219px;\">2017<\/td>\n<td style=\"width: 285px; height: 219px;\"><a href=\"http:\/\/guaiaca.ufpel.edu.br\/handle\/prefix\/4281\">Caracter\u00edsticas dos Sistemas Convectivos de Mesoescala que geraram granizo e atingiram o Rio Grande do Sul entre 2004 e 2008<\/a><\/td>\n<td style=\"width: 350px; height: 219px;\"><a href=\"http:\/\/lattes.cnpq.br\/6956175919535331\">http:\/\/lattes.cnpq.br\/6956175919535331<\/a><\/td>\n<\/tr>\n<tr style=\"height: 219px;\">\n<td style=\"width: 188px; height: 219px;\">DAYANA RABELO TOLEDO<\/td>\n<td style=\"width: 83px; height: 219px;\">2017<\/td>\n<td style=\"width: 285px; height: 219px;\"><a href=\"http:\/\/guaiaca.ufpel.edu.br\/handle\/prefix\/4282\">Ambiente atmosf\u00e9rico associado ao tornado ocorrido na cidade de Indaiatuba\/SP no dia 24 de maio de 2005<\/a><\/td>\n<td style=\"width: 350px; height: 219px;\"><a href=\"http:\/\/lattes.cnpq.br\/3029961251275424\">http:\/\/lattes.cnpq.br\/3029961251275424<\/a><\/td>\n<\/tr>\n<tr style=\"height: 219px;\">\n<td style=\"width: 188px; height: 219px;\">IGOR ROJAHN DA SILVA<\/td>\n<td style=\"width: 83px; height: 219px;\">2017<\/td>\n<td style=\"width: 285px; height: 219px;\"><a href=\"http:\/\/guaiaca.ufpel.edu.br\/handle\/prefix\/4283\">Rela\u00e7\u00e3o entre vari\u00e1veis ambientais e problemas respirat\u00f3rios em crian\u00e7as da cidade de Canoas, Rio Grande do Sul<\/a><\/td>\n<td style=\"width: 350px; height: 219px;\"><a href=\"http:\/\/lattes.cnpq.br\/2202144602632181\">http:\/\/lattes.cnpq.br\/2202144602632181<\/a><\/td>\n<\/tr>\n<tr style=\"height: 318px;\">\n<td style=\"width: 188px; height: 318px;\">KAREN LEANDRA AVILA DA SILVA<\/td>\n<td style=\"width: 83px; height: 318px;\">2017<\/td>\n<td style=\"width: 285px; height: 318px;\"><a href=\"https:\/\/drive.google.com\/file\/d\/1mY2xoXJXoljj9wBCznbMtMzqEFfnOqzC\/view?usp=sharing\">Estudo da dispers\u00e3o de poluentes associados \u00e0 emiss\u00e3o veicular na Regi\u00e3o Metropolitana de Porto Alegre com o sistema de modelagem num\u00e9rica CCATT \u2013 BRAMS<\/a><\/td>\n<td style=\"width: 350px; height: 318px;\"><a href=\"http:\/\/lattes.cnpq.br\/1579174332071204\">http:\/\/lattes.cnpq.br\/1579174332071204<\/a><\/td>\n<\/tr>\n<tr style=\"height: 194px;\">\n<td style=\"width: 188px; height: 194px;\">MATEUS DIAS NUNES<\/td>\n<td style=\"width: 83px; height: 194px;\">2017<\/td>\n<td style=\"width: 285px; height: 194px;\"><a href=\"http:\/\/guaiaca.ufpel.edu.br\/handle\/prefix\/4284\">Influ\u00eancia da coluna total de oz\u00f4nio na variabilidade da radia\u00e7\u00e3o ultravioleta sobre o sul da Am\u00e9rica do Sul<\/a><\/td>\n<td style=\"width: 350px; height: 194px;\"><a href=\"http:\/\/lattes.cnpq.br\/7658435188541210\">http:\/\/lattes.cnpq.br\/7658435188541210<\/a><\/td>\n<\/tr>\n<tr style=\"height: 194px;\">\n<td style=\"width: 188px; height: 194px;\">SANDRO DOS SANTOS PEREIRA<\/td>\n<td style=\"width: 83px; height: 194px;\">2017<\/td>\n<td style=\"width: 285px; height: 194px;\"><a href=\"https:\/\/drive.google.com\/file\/d\/1kc-0fZ1RICBM9B_0wTzKguK4xEEqi1XJ\/view?usp=drive_link\">Estimativa da radia\u00e7\u00e3o de onda longa atmosf\u00e9rica em \u00e1rea de pastagem no sudoeste da Amaz\u00f4nia<\/a><\/td>\n<td style=\"width: 350px; height: 194px;\"><a href=\"http:\/\/lattes.cnpq.br\/5870402948535051\">http:\/\/lattes.cnpq.br\/5870402948535051<\/a><\/td>\n<\/tr>\n<tr style=\"height: 169px;\">\n<td style=\"width: 188px; height: 169px;\">YASMANY GUANCHE PALENZUELA<\/td>\n<td style=\"width: 83px; height: 169px;\">2017<\/td>\n<td style=\"width: 285px; height: 169px;\"><a href=\"http:\/\/guaiaca.ufpel.edu.br\/handle\/prefix\/4285\">Estudo de um evento de chuva intensa acontecido no munic\u00edpio de Pelotas, RS, em janeiro de 2009<\/a><\/td>\n<td style=\"width: 350px; height: 169px;\"><a href=\"http:\/\/lattes.cnpq.br\/5767540147004095\">http:\/\/lattes.cnpq.br\/5767540147004095<\/a><\/td>\n<\/tr>\n<tr style=\"height: 169px;\">\n<td style=\"width: 188px; height: 169px;\">LANZOERQUES GOMES DA SILVA JUNIOR<\/td>\n<td style=\"width: 83px; height: 169px;\">2018<\/td>\n<td style=\"width: 285px; height: 169px;\"><a href=\"http:\/\/guaiaca.ufpel.edu.br\/handle\/prefix\/4370\">An\u00e1lise da estrutura vertical de ciclones extratropicais na Am\u00e9rica do Sul: Estudos de casos<\/a><\/td>\n<td style=\"width: 350px; height: 169px;\"><a href=\"http:\/\/lattes.cnpq.br\/6855190148028050\">http:\/\/lattes.cnpq.br\/6855190148028050<\/a><\/td>\n<\/tr>\n<tr style=\"height: 219px;\">\n<td style=\"width: 188px; height: 219px;\">LUCAS FERNANDO CARVALHO DA CONCEICAO<\/td>\n<td style=\"width: 83px; height: 219px;\">2018<\/td>\n<td style=\"width: 285px; height: 219px;\">An\u00e1lise de desempenho de um modelo fenol\u00f3gico para a cultura do arroz irrigado no Estado do Rio Grande do Sul &#8211; Brasil<\/td>\n<td style=\"width: 350px; height: 219px;\"><a href=\"http:\/\/lattes.cnpq.br\/0157824024545593\">http:\/\/lattes.cnpq.br\/0157824024545593<\/a><\/td>\n<\/tr>\n<tr style=\"height: 194px;\">\n<td style=\"width: 188px; height: 194px;\">LUCIANO RITTER NOLASCO JUNIOR<\/td>\n<td style=\"width: 83px; height: 194px;\">2018<\/td>\n<td style=\"width: 285px; height: 194px;\"><a href=\"http:\/\/guaiaca.ufpel.edu.br\/handle\/prefix\/4702\">Previs\u00e3o por conjunto e caracter\u00edsticas sin\u00f3ticas de um evento de chuva intensa na regi\u00e3o Sul do Brasil<\/a><\/td>\n<td style=\"width: 350px; height: 194px;\"><a href=\"http:\/\/lattes.cnpq.br\/2734508980299444\">http:\/\/lattes.cnpq.br\/2734508980299444<\/a><\/td>\n<\/tr>\n<tr style=\"height: 194px;\">\n<td style=\"width: 188px; height: 194px;\">ALVARO VASCONCELOS DE AVILA<\/td>\n<td style=\"width: 83px; height: 194px;\">2019<\/td>\n<td style=\"width: 285px; height: 194px;\">Verifica\u00e7\u00e3o da previs\u00e3o do WRF quanto a parametriza\u00e7\u00e3o de radia\u00e7\u00e3o para S\u00e3o Martinho da Serra\/RS<\/td>\n<td style=\"width: 350px; height: 194px;\"><a href=\"http:\/\/lattes.cnpq.br\/7240065806365871\">http:\/\/lattes.cnpq.br\/7240065806365871<\/a><\/td>\n<\/tr>\n<tr style=\"height: 194px;\">\n<td style=\"width: 188px; height: 194px;\">DAYANIS MONTERO BORGES<\/td>\n<td style=\"width: 83px; height: 194px;\">2019<\/td>\n<td style=\"width: 285px; height: 194px;\"><a href=\"http:\/\/guaiaca.ufpel.edu.br\/handle\/prefix\/4567\">Sistema de previs\u00e3o de ondas oce\u00e2nicas no litoral sul do Brasil e \u00e1guas adjacentes do Oceano Atl\u00e2ntico Sul<\/a><\/td>\n<td style=\"width: 350px; height: 194px;\"><a href=\"http:\/\/lattes.cnpq.br\/6113179006972347\">http:\/\/lattes.cnpq.br\/6113179006972347<\/a><\/td>\n<\/tr>\n<tr style=\"height: 145px;\">\n<td style=\"width: 188px; height: 145px;\">JOSIELE SOUZA DOS SANTOS<\/td>\n<td style=\"width: 83px; height: 145px;\">2019<\/td>\n<td style=\"width: 285px; height: 145px;\">Ocorr\u00eancia de granizo em planta\u00e7\u00f5es de fumo no Rio Grande do Sul<\/td>\n<td style=\"width: 350px; height: 145px;\"><a href=\"http:\/\/lattes.cnpq.br\/8721062773402650\">http:\/\/lattes.cnpq.br\/8721062773402650<\/a><\/td>\n<\/tr>\n<tr style=\"height: 244px;\">\n<td style=\"width: 188px; height: 244px;\">LETICIA MOREIRA NICK<\/td>\n<td style=\"width: 83px; height: 244px;\">2019<\/td>\n<td style=\"width: 285px; height: 244px;\">Rela\u00e7\u00e3o entre vari\u00e1veis meteorol\u00f3gicas e a morbidade respirat\u00f3ria de crian\u00e7as em diferentes regi\u00f5es do estado do Rio Grande do Sul<\/td>\n<td style=\"width: 350px; height: 244px;\"><a href=\"http:\/\/lattes.cnpq.br\/2623742142853159\">http:\/\/lattes.cnpq.br\/2623742142853159<\/a><\/td>\n<\/tr>\n<tr style=\"height: 145px;\">\n<td style=\"width: 188px; height: 145px;\">SIMONE MARIA STRIEDER<\/td>\n<td style=\"width: 83px; height: 145px;\">2019<\/td>\n<td style=\"width: 285px; height: 145px;\">M\u00e9todo De \u00cdndices De Instabilidade Combinados Para Modelos De Previs\u00e3o De Tempo<\/td>\n<td style=\"width: 350px; height: 145px;\"><a href=\"http:\/\/lattes.cnpq.br\/1797666478982802\">http:\/\/lattes.cnpq.br\/1797666478982802<\/a><\/td>\n<\/tr>\n<tr style=\"height: 169px;\">\n<td style=\"width: 188px; height: 169px;\">STEPHANO DOS REIS FREITAS<\/td>\n<td style=\"width: 83px; height: 169px;\">2019<\/td>\n<td style=\"width: 285px; height: 169px;\">Ciclog\u00eaneses Explosivas na Am\u00e9rica do Sul e no Atl\u00e2ntico Sul entre 2012 e 2014: Estudos de Casos<\/td>\n<td style=\"width: 350px; height: 169px;\"><a href=\"http:\/\/lattes.cnpq.br\/1443227716082450\">http:\/\/lattes.cnpq.br\/1443227716082450<\/a><\/td>\n<\/tr>\n<tr style=\"height: 194px;\">\n<td style=\"width: 188px; height: 194px;\">WILLIAM FERREIRA COELHO<\/td>\n<td style=\"width: 83px; height: 194px;\">2019<\/td>\n<td style=\"width: 285px; height: 194px;\"><a href=\"http:\/\/guaiaca.ufpel.edu.br\/handle\/prefix\/4565\">Avalia\u00e7\u00e3o das estimativas de precipita\u00e7\u00e3o e refletividade geradas a partir de descargas el\u00e9tricas atmosf\u00e9ricas<\/a><\/td>\n<td style=\"width: 350px; height: 194px;\"><a href=\"http:\/\/lattes.cnpq.br\/9526159421763745\">http:\/\/lattes.cnpq.br\/9526159421763745<\/a><\/td>\n<\/tr>\n<tr style=\"height: 169px;\">\n<td style=\"width: 188px; height: 169px;\">WILLIAM DUARTE JACONDINO<\/td>\n<td style=\"width: 83px; height: 169px;\">2020<\/td>\n<td style=\"width: 285px; height: 169px;\">Previs\u00e3o hor\u00e1ria do Vento utilizando o modelo WRF para gera\u00e7\u00e3o de energia e\u00f3lica na regi\u00e3o Nordeste do Brasil<\/td>\n<td style=\"width: 350px; height: 169px;\"><a href=\"http:\/\/lattes.cnpq.br\/1111671373753798\">http:\/\/lattes.cnpq.br\/1111671373753798<\/a><\/td>\n<\/tr>\n<tr style=\"height: 219px;\">\n<td style=\"width: 188px; height: 219px;\">ANA LUCIA DA SILVA NASCIMENTO<\/td>\n<td style=\"width: 83px; height: 219px;\">2020<\/td>\n<td style=\"width: 285px; height: 219px;\">Inc\u00eandios na Regi\u00e3o da Esta\u00e7\u00e3o Ecol\u00f3gica do Taim: An\u00e1lise do Ambiente Atmosf\u00e9rico e Dispers\u00e3o de Poluentes<\/td>\n<td style=\"width: 350px; height: 219px;\"><a href=\"http:\/\/lattes.cnpq.br\/5780531737584920\">http:\/\/lattes.cnpq.br\/5780531737584920<\/a><\/td>\n<\/tr>\n<tr style=\"height: 194px;\">\n<td style=\"width: 188px; height: 194px;\">MULLER JUNIOR MARTINS DOS SANTOS<\/td>\n<td style=\"width: 83px; height: 194px;\">2020<\/td>\n<td style=\"width: 285px; height: 194px;\">Focos de Inc\u00eandios em Mato Grosso e Mato Grosso do Sul e suas rela\u00e7\u00f5es com as vari\u00e1veis meteorol\u00f3gicas e eventos de friagens<\/td>\n<td style=\"width: 350px; height: 194px;\"><a href=\"http:\/\/lattes.cnpq.br\/9244297298999160\">http:\/\/lattes.cnpq.br\/9244297298999160<\/a><\/td>\n<\/tr>\n<tr style=\"height: 219px;\">\n<td style=\"width: 188px; height: 219px;\">GUSTAVO COLEPICOLO MONTEIRO<\/td>\n<td style=\"width: 83px; height: 219px;\">2020<\/td>\n<td style=\"width: 285px; height: 219px;\"><a href=\"https:\/\/drive.google.com\/file\/d\/1iVgZEhhW34uv0eUwnKV55-PHmkPEDZD-\/view?usp=drive_link\">Estimativa do Balan\u00e7o H\u00eddrico Climatol\u00f3gico para determina\u00e7\u00e3o do cultivo de milho no Rio Grande do Sul: per\u00edodo atual e proje\u00e7\u00f5es futuras<\/a><\/td>\n<td style=\"width: 350px; height: 219px;\"><a href=\"http:\/\/lattes.cnpq.br\/5018293634196797\">http:\/\/lattes.cnpq.br\/5018293634196797<\/a><\/td>\n<\/tr>\n<tr>\n<td style=\"width: 188px;\">GUILHERME ALVES BORGES<\/td>\n<td style=\"width: 83px;\">2021<\/td>\n<td style=\"width: 285px;\"><a href=\"https:\/\/drive.google.com\/file\/d\/12IheUQ34VxQM4tR1aVGt8FxHZzGN9qS5\/view?usp=drive_link\">Estimativa da radia\u00e7\u00e3o solar e suas componentes para cidade de S\u00e3o Martinho da Serra (RS).<\/a><\/td>\n<td style=\"width: 350px;\"><a href=\"http:\/\/lattes.cnpq.br\/2086576848211129\">http:\/\/lattes.cnpq.br\/2086576848211129<\/a><\/td>\n<\/tr>\n<tr>\n<td style=\"width: 188px;\">KELLI SILVA DE LARA<\/td>\n<td style=\"width: 83px;\">2021<\/td>\n<td style=\"width: 285px;\">Rela\u00e7\u00f5es entre a variabilidade de gelo marinho Ant\u00e1rtico e os eventos de Jatos de Baixos N\u00edveis na Am\u00e9rica do Sul<\/td>\n<td style=\"width: 350px;\"><a href=\"http:\/\/lattes.cnpq.br\/9790409410213199\">http:\/\/lattes.cnpq.br\/9790409410213199<\/a><\/td>\n<\/tr>\n<tr>\n<td style=\"width: 188px;\">LUCAS ALBERTO FUMAGALLI COELHO<\/td>\n<td style=\"width: 83px;\">2021<\/td>\n<td style=\"width: 285px;\">An\u00e1lise sin\u00f3tica e de grande escala de epis\u00f3dios de geada generalizada no estado do Paran\u00e1 &#8211; Brasil<\/td>\n<td style=\"width: 350px;\">\n<p>&nbsp;<\/p>\n<p><a href=\"http:\/\/lattes.cnpq.br\/5854733866085475\">http:\/\/lattes.cnpq.br\/5854733866085475<\/a><\/td>\n<\/tr>\n<tr>\n<td style=\"width: 188px;\">LUIZ GABRIEL CASSOL MACHADO<\/td>\n<td style=\"width: 83px;\">2022<\/td>\n<td style=\"width: 285px;\"><a href=\"https:\/\/drive.google.com\/file\/d\/1mByFdWJlhHIrASjQseXum1ae24JDRMZC\/view?usp=drive_link\">Avalia\u00e7\u00e3o do cisalhamento do vento em tempestades severas que impactaram o fornecimento de energia el\u00e9trica<\/a><\/td>\n<td style=\"width: 350px;\"><a href=\"http:\/\/lattes.cnpq.br\/3974372778849875\">http:\/\/lattes.cnpq.br\/3974372778849875<\/a><\/td>\n<\/tr>\n<tr>\n<td style=\"width: 188px;\"><em>FERNANDO RAFAEL BATISTA RIBEIRO<\/em><\/td>\n<td style=\"width: 83px;\">2022<\/td>\n<td style=\"width: 285px;\"><a href=\"https:\/\/drive.google.com\/file\/d\/1adz1Ja3WAIlOXG_VVE8v2fKk_pnmA6Jv\/view?usp=drive_link\">Aspectos clim\u00e1ticos e extremos de temperatura e precipita\u00e7\u00e3o nas Serras do Sudeste e Nordeste do Rio Grande do Sul e influ\u00eancias no cultivo de oliveiras<\/a><\/td>\n<td style=\"width: 350px;\"><a href=\"http:\/\/lattes.cnpq.br\/8585247171960487\">http:\/\/lattes.cnpq.br\/8585247171960487<\/a><\/td>\n<\/tr>\n<tr>\n<td style=\"width: 188px;\">FERNANDO PIL\u00c9 GOMES<\/td>\n<td style=\"width: 83px;\">2022<\/td>\n<td style=\"width: 285px;\"><a href=\"https:\/\/drive.google.com\/file\/d\/1HPjlFse42BmdOExqoeNfN5kbTPjJ6HHw\/view?usp=drive_link\">Previs\u00e3o de curt\u00edssimo prazo (nowcasting) de tempestades severas ocorridas no Rio Grande do Sul em 2019 e 2020 com o uso do sistema TITAN<\/a><\/td>\n<td style=\"width: 350px;\"><a href=\"http:\/\/lattes.cnpq.br\/0510524448870053\">http:\/\/lattes.cnpq.br\/0510524448870053<\/a><\/td>\n<\/tr>\n<tr>\n<td style=\"width: 188px;\">LUCIJACY PEREIRA JAVARINI<\/td>\n<td style=\"width: 83px;\">2023<\/td>\n<td style=\"width: 285px;\"><a href=\"https:\/\/drive.google.com\/file\/d\/1NvFDREHmcz3zMM87GV3aHgkQeLbsju8w\/view?usp=drive_link\">AN\u00c1LISE DA VARIA\u00c7\u00c3O DAS PART\u00cdCULAS DE AEROSSOL NA ESPESSURA \u00d3PTICA DA ATMOSFERA E NA ELETRIFICA\u00c7\u00c3O DAS NUVENS NO ESTADO DO RIO GRANDE DO SUL<\/a><\/td>\n<td style=\"width: 350px;\"><a href=\"http:\/\/lattes.cnpq.br\/3432628688306861\">http:\/\/lattes.cnpq.br\/3432628688306861<\/a><\/td>\n<\/tr>\n<tr>\n<td style=\"width: 188px;\">\u00cdTALO SEILHE REIS<\/td>\n<td style=\"width: 83px;\">2023<\/td>\n<td style=\"width: 285px;\"><a href=\"https:\/\/drive.google.com\/file\/d\/119vJxx17JNkcrfcVA8nva3-ucGFodMTn\/view?usp=drive_link\">An\u00e1lise da variabilidade da precipita\u00e7\u00e3o e seus extremos nas regi\u00f5es Centro-Oeste e MATOPIBA no per\u00edodo do Ciclo da Soja de 1981 \u2013 2020<\/a><\/td>\n<td style=\"width: 350px;\"><a href=\"http:\/\/lattes.cnpq.br\/8656566086707657\">http:\/\/lattes.cnpq.br\/8656566086707657<\/a><\/td>\n<\/tr>\n<tr>\n<td style=\"width: 188px;\">EMILY CLAUDIA PEREIRA RAMOS<\/td>\n<td style=\"width: 83px;\">2023<\/td>\n<td style=\"width: 285px;\"><a href=\"https:\/\/drive.google.com\/file\/d\/1db6Y29Oqs17fRE0WuC2XUos1UpGwz_jj\/view?usp=drive_link\">Rela\u00e7\u00e3o entre Jato de Baixos N\u00edveis e Ciclog\u00eanese Explosiva no Atl\u00e2ntico Sul<\/a><\/td>\n<td style=\"width: 350px;\"><a href=\"http:\/\/lattes.cnpq.br\/5865759140378282\">http:\/\/lattes.cnpq.br\/5865759140378282<\/a><\/td>\n<\/tr>\n<tr>\n<td style=\"width: 188px;\">BRUNO COELHO BULC\u00c3O<\/td>\n<td style=\"width: 83px;\">2024<\/td>\n<td style=\"width: 285px;\"><a href=\"https:\/\/drive.google.com\/file\/d\/1YCLVO6cDKhm5g6K6cU8lKv9EIaV9vx1U\/view?usp=drive_link\">DESENVOLVIMENTO DE FUN\u00c7\u00d5ES EM AMBIENTE R PARA A AUTOMA\u00c7\u00c3O DOS PROCESSOS DE PREVIS\u00d5ES METEOROL\u00d3GICAS DE CURTO PRAZO UTILIZANDO DADOS DO GLOBAL ENSEMBLE FORECAST SYSTEM (GEFS)<\/a><\/td>\n<td style=\"width: 350px;\"><a href=\"http:\/\/lattes.cnpq.br\/2912195893220977\">http:\/\/lattes.cnpq.br\/2912195893220977<\/a><\/td>\n<\/tr>\n<tr>\n<td style=\"width: 188px;\">MARCOS JEAN DA SILVA<\/td>\n<td style=\"width: 83px;\">2024<\/td>\n<td style=\"width: 285px;\"><a href=\"https:\/\/drive.google.com\/file\/d\/1XNXGhmtXwi9dTzMFfco5sGmpi3nLjBIJ\/view?usp=drive_link\">AN\u00c1LISE DA PRECIPITA\u00c7\u00c3O OCORRIDA DURANTE A GERMINA\u00c7\u00c3O DA CANOLA, NO ANO DE 2022, NO CENTRO AGROPECU\u00c1RIO DA PALMA CAP\u00c3O DO LE\u00c3O-R.S.<\/a><\/td>\n<td style=\"width: 350px;\"><a href=\"http:\/\/lattes.cnpq.br\/4108315085047420\">http:\/\/lattes.cnpq.br\/4108315085047420<\/a><\/td>\n<\/tr>\n<tr>\n<td style=\"width: 188px;\">LUCAS DA COSTA BERNA<\/td>\n<td style=\"width: 83px;\">2025<\/td>\n<td style=\"width: 285px;\">Parametriza\u00e7\u00f5es de Rajadas de Ventos Baseadas em Equa\u00e7\u00f5es do Espectro de Energia Cin\u00e9tica Turbulenta<\/td>\n<td style=\"width: 350px;\"><a href=\"http:\/\/lattes.cnpq.br\/0721825022819593\">http:\/\/lattes.cnpq.br\/0721825022819593<\/a><\/td>\n<\/tr>\n<tr>\n<td style=\"width: 188px;\">THAMIRES RAQUEL MARINHO E SILVA<\/td>\n<td style=\"width: 83px;\">2025<\/td>\n<td style=\"width: 285px;\">Modelos Matem\u00e1ticos na Estimativa dos Fluxos de CO<sub>2<\/sub>\u00a0em uma Lavoura de Arroz Irrigado por Inunda\u00e7\u00e3o no Sul do Brasil<\/td>\n<td style=\"width: 350px;\"><a href=\"http:\/\/lattes.cnpq.br\/3363039734865323\">http:\/\/lattes.cnpq.br\/3363039734865323<\/a><\/td>\n<\/tr>\n<\/tbody>\n<\/table>\n<p>&nbsp;<\/p>\n","protected":false},"excerpt":{"rendered":"<p>Disserta\u00e7\u00f5es defendidas desde 2006 Aviso: Caso o link da disserta\u00e7\u00e3o esteja indispon\u00edvel, entre em contato com a coordena\u00e7\u00e3o do Programa. __________________________________________________________________________________________________________ EGRESSO ANO LINK DISSERTA\u00c7\u00c3O LATTES CL\u00caNIO REN\u00ca KURZ BOHMER 2006 Otimiza\u00e7\u00e3o da inclina\u00e7\u00e3o de m\u00f3dulos fotovoltaicos em fun\u00e7\u00e3o da radia\u00e7\u00e3o solar incidente na regi\u00e3o de Pelotas &#8211; RS http:\/\/lattes.cnpq.br\/9266829567732028 FABIO ZIEMANN LOPES 2006 Rela\u00e7\u00e3o&#8230; <\/p>\n<div class=\"link-more\"><a href=\"https:\/\/wp.ufpel.edu.br\/ppgmet\/dissertacoes\/\">Leia mais<\/a><\/div>\n","protected":false},"author":424,"featured_media":0,"parent":0,"menu_order":0,"comment_status":"closed","ping_status":"closed","template":"","meta":{"jetpack_post_was_ever_published":false,"footnotes":""},"class_list":["post-645","page","type-page","status-publish","hentry"],"yoast_head":"<!-- This site is optimized with the Yoast SEO plugin v26.7 - https:\/\/yoast.com\/wordpress\/plugins\/seo\/ -->\n<title>Disserta\u00e7\u00f5es -<\/title>\n<meta name=\"robots\" content=\"index, follow, max-snippet:-1, max-image-preview:large, max-video-preview:-1\" \/>\n<link rel=\"canonical\" href=\"https:\/\/wp.ufpel.edu.br\/ppgmet\/dissertacoes\/\" \/>\n<meta property=\"og:locale\" content=\"pt_BR\" \/>\n<meta property=\"og:type\" content=\"article\" \/>\n<meta property=\"og:title\" content=\"Disserta\u00e7\u00f5es -\" \/>\n<meta property=\"og:description\" content=\"Disserta\u00e7\u00f5es defendidas desde 2006 Aviso: Caso o link da disserta\u00e7\u00e3o esteja indispon\u00edvel, entre em contato com a coordena\u00e7\u00e3o do Programa. __________________________________________________________________________________________________________ EGRESSO ANO LINK DISSERTA\u00c7\u00c3O LATTES CL\u00caNIO REN\u00ca KURZ BOHMER 2006 Otimiza\u00e7\u00e3o da inclina\u00e7\u00e3o de m\u00f3dulos fotovoltaicos em fun\u00e7\u00e3o da radia\u00e7\u00e3o solar incidente na regi\u00e3o de Pelotas &#8211; RS http:\/\/lattes.cnpq.br\/9266829567732028 FABIO ZIEMANN LOPES 2006 Rela\u00e7\u00e3o... Leia mais\" \/>\n<meta property=\"og:url\" content=\"https:\/\/wp.ufpel.edu.br\/ppgmet\/dissertacoes\/\" \/>\n<meta property=\"article:modified_time\" content=\"2025-06-16T19:36:16+00:00\" \/>\n<meta name=\"twitter:card\" content=\"summary_large_image\" \/>\n<meta name=\"twitter:label1\" content=\"Est. tempo de leitura\" \/>\n\t<meta name=\"twitter:data1\" content=\"13 minutos\" \/>\n<script type=\"application\/ld+json\" class=\"yoast-schema-graph\">{\"@context\":\"https:\/\/schema.org\",\"@graph\":[{\"@type\":\"WebPage\",\"@id\":\"https:\/\/wp.ufpel.edu.br\/ppgmet\/dissertacoes\/\",\"url\":\"https:\/\/wp.ufpel.edu.br\/ppgmet\/dissertacoes\/\",\"name\":\"Disserta\u00e7\u00f5es -\",\"isPartOf\":{\"@id\":\"https:\/\/wp.ufpel.edu.br\/ppgmet\/#website\"},\"datePublished\":\"2018-05-24T14:03:25+00:00\",\"dateModified\":\"2025-06-16T19:36:16+00:00\",\"breadcrumb\":{\"@id\":\"https:\/\/wp.ufpel.edu.br\/ppgmet\/dissertacoes\/#breadcrumb\"},\"inLanguage\":\"pt-BR\",\"potentialAction\":[{\"@type\":\"ReadAction\",\"target\":[\"https:\/\/wp.ufpel.edu.br\/ppgmet\/dissertacoes\/\"]}]},{\"@type\":\"BreadcrumbList\",\"@id\":\"https:\/\/wp.ufpel.edu.br\/ppgmet\/dissertacoes\/#breadcrumb\",\"itemListElement\":[{\"@type\":\"ListItem\",\"position\":1,\"name\":\"In\u00edcio\",\"item\":\"https:\/\/wp.ufpel.edu.br\/ppgmet\/\"},{\"@type\":\"ListItem\",\"position\":2,\"name\":\"Disserta\u00e7\u00f5es\"}]},{\"@type\":\"WebSite\",\"@id\":\"https:\/\/wp.ufpel.edu.br\/ppgmet\/#website\",\"url\":\"https:\/\/wp.ufpel.edu.br\/ppgmet\/\",\"name\":\"\",\"description\":\"Programa de P\u00f3s Gradua\u00e7\u00e3o em Meteorologia\",\"potentialAction\":[{\"@type\":\"SearchAction\",\"target\":{\"@type\":\"EntryPoint\",\"urlTemplate\":\"https:\/\/wp.ufpel.edu.br\/ppgmet\/?s={search_term_string}\"},\"query-input\":{\"@type\":\"PropertyValueSpecification\",\"valueRequired\":true,\"valueName\":\"search_term_string\"}}],\"inLanguage\":\"pt-BR\"}]}<\/script>\n<!-- \/ Yoast SEO plugin. -->","yoast_head_json":{"title":"Disserta\u00e7\u00f5es -","robots":{"index":"index","follow":"follow","max-snippet":"max-snippet:-1","max-image-preview":"max-image-preview:large","max-video-preview":"max-video-preview:-1"},"canonical":"https:\/\/wp.ufpel.edu.br\/ppgmet\/dissertacoes\/","og_locale":"pt_BR","og_type":"article","og_title":"Disserta\u00e7\u00f5es -","og_description":"Disserta\u00e7\u00f5es defendidas desde 2006 Aviso: Caso o link da disserta\u00e7\u00e3o esteja indispon\u00edvel, entre em contato com a coordena\u00e7\u00e3o do Programa. __________________________________________________________________________________________________________ EGRESSO ANO LINK DISSERTA\u00c7\u00c3O LATTES CL\u00caNIO REN\u00ca KURZ BOHMER 2006 Otimiza\u00e7\u00e3o da inclina\u00e7\u00e3o de m\u00f3dulos fotovoltaicos em fun\u00e7\u00e3o da radia\u00e7\u00e3o solar incidente na regi\u00e3o de Pelotas &#8211; RS http:\/\/lattes.cnpq.br\/9266829567732028 FABIO ZIEMANN LOPES 2006 Rela\u00e7\u00e3o... Leia mais","og_url":"https:\/\/wp.ufpel.edu.br\/ppgmet\/dissertacoes\/","article_modified_time":"2025-06-16T19:36:16+00:00","twitter_card":"summary_large_image","twitter_misc":{"Est. tempo de leitura":"13 minutos"},"schema":{"@context":"https:\/\/schema.org","@graph":[{"@type":"WebPage","@id":"https:\/\/wp.ufpel.edu.br\/ppgmet\/dissertacoes\/","url":"https:\/\/wp.ufpel.edu.br\/ppgmet\/dissertacoes\/","name":"Disserta\u00e7\u00f5es -","isPartOf":{"@id":"https:\/\/wp.ufpel.edu.br\/ppgmet\/#website"},"datePublished":"2018-05-24T14:03:25+00:00","dateModified":"2025-06-16T19:36:16+00:00","breadcrumb":{"@id":"https:\/\/wp.ufpel.edu.br\/ppgmet\/dissertacoes\/#breadcrumb"},"inLanguage":"pt-BR","potentialAction":[{"@type":"ReadAction","target":["https:\/\/wp.ufpel.edu.br\/ppgmet\/dissertacoes\/"]}]},{"@type":"BreadcrumbList","@id":"https:\/\/wp.ufpel.edu.br\/ppgmet\/dissertacoes\/#breadcrumb","itemListElement":[{"@type":"ListItem","position":1,"name":"In\u00edcio","item":"https:\/\/wp.ufpel.edu.br\/ppgmet\/"},{"@type":"ListItem","position":2,"name":"Disserta\u00e7\u00f5es"}]},{"@type":"WebSite","@id":"https:\/\/wp.ufpel.edu.br\/ppgmet\/#website","url":"https:\/\/wp.ufpel.edu.br\/ppgmet\/","name":"","description":"Programa de P\u00f3s Gradua\u00e7\u00e3o em Meteorologia","potentialAction":[{"@type":"SearchAction","target":{"@type":"EntryPoint","urlTemplate":"https:\/\/wp.ufpel.edu.br\/ppgmet\/?s={search_term_string}"},"query-input":{"@type":"PropertyValueSpecification","valueRequired":true,"valueName":"search_term_string"}}],"inLanguage":"pt-BR"}]}},"jetpack_sharing_enabled":true,"jetpack_shortlink":"https:\/\/wp.me\/P8qPE3-ap","_links":{"self":[{"href":"https:\/\/wp.ufpel.edu.br\/ppgmet\/wp-json\/wp\/v2\/pages\/645","targetHints":{"allow":["GET"]}}],"collection":[{"href":"https:\/\/wp.ufpel.edu.br\/ppgmet\/wp-json\/wp\/v2\/pages"}],"about":[{"href":"https:\/\/wp.ufpel.edu.br\/ppgmet\/wp-json\/wp\/v2\/types\/page"}],"author":[{"embeddable":true,"href":"https:\/\/wp.ufpel.edu.br\/ppgmet\/wp-json\/wp\/v2\/users\/424"}],"replies":[{"embeddable":true,"href":"https:\/\/wp.ufpel.edu.br\/ppgmet\/wp-json\/wp\/v2\/comments?post=645"}],"version-history":[{"count":24,"href":"https:\/\/wp.ufpel.edu.br\/ppgmet\/wp-json\/wp\/v2\/pages\/645\/revisions"}],"predecessor-version":[{"id":1856,"href":"https:\/\/wp.ufpel.edu.br\/ppgmet\/wp-json\/wp\/v2\/pages\/645\/revisions\/1856"}],"wp:attachment":[{"href":"https:\/\/wp.ufpel.edu.br\/ppgmet\/wp-json\/wp\/v2\/media?parent=645"}],"curies":[{"name":"wp","href":"https:\/\/api.w.org\/{rel}","templated":true}]}}