{"id":1699,"date":"2024-12-19T12:03:56","date_gmt":"2024-12-19T15:03:56","guid":{"rendered":"https:\/\/wp.ufpel.edu.br\/ppgmet\/?page_id=1699"},"modified":"2025-05-15T15:21:03","modified_gmt":"2025-05-15T18:21:03","slug":"grupos-de-pesquisa","status":"publish","type":"page","link":"https:\/\/wp.ufpel.edu.br\/ppgmet\/grupos-de-pesquisa\/","title":{"rendered":"Grupos de Pesquisa"},"content":{"rendered":"<p>Os Grupos de Pesquisa liderados pelos docentes do Programa de P\u00f3s-Gradua\u00e7\u00e3o em Meteorologia &#8211; UFPel s\u00e3o:<\/p>\n<h1><span style=\"font-size: 18pt; color: #003366; font-family: helvetica, arial, sans-serif;\">Grupo de Pesquisa em Intera\u00e7\u00e3o Oceano-Atmosfera e Climatologia &#8211; GOAC<\/span><\/h1>\n<p><a href=\"https:\/\/wp.ufpel.edu.br\/ppgmet\/files\/2024\/12\/GOAC-Posts-quadrados.png\"><img loading=\"lazy\" decoding=\"async\" class=\"wp-image-1715 aligncenter\" src=\"https:\/\/wp.ufpel.edu.br\/ppgmet\/files\/2024\/12\/GOAC-Posts-quadrados-400x400.png\" alt=\"\" width=\"197\" height=\"197\" srcset=\"https:\/\/wp.ufpel.edu.br\/ppgmet\/files\/2024\/12\/GOAC-Posts-quadrados-400x400.png 400w, https:\/\/wp.ufpel.edu.br\/ppgmet\/files\/2024\/12\/GOAC-Posts-quadrados-1024x1024.png 1024w, https:\/\/wp.ufpel.edu.br\/ppgmet\/files\/2024\/12\/GOAC-Posts-quadrados-200x200.png 200w, https:\/\/wp.ufpel.edu.br\/ppgmet\/files\/2024\/12\/GOAC-Posts-quadrados-768x768.png 768w, https:\/\/wp.ufpel.edu.br\/ppgmet\/files\/2024\/12\/GOAC-Posts-quadrados-300x300.png 300w, https:\/\/wp.ufpel.edu.br\/ppgmet\/files\/2024\/12\/GOAC-Posts-quadrados.png 1080w\" sizes=\"auto, (max-width: 197px) 100vw, 197px\" \/><\/a><\/p>\n<p style=\"text-align: justify;\"><span style=\"font-size: 12pt;\">O GOAC, liderado pelo professor Douglas Lindemann da Silva, foi criado em abril de 2023, est\u00e1 situado na Faculdade de Meteorologia da UFPEL. Entre os principais objetivos do grupo est\u00e1 em proporcionar de forma mais detalhada estudos sobre os processos de intera\u00e7\u00e3o oceano-atmosfera que ocorrem no oceano Atl\u00e2ntico Sul e Austral e suas rela\u00e7\u00f5es com a criosfera e Am\u00e9rica do Sul, al\u00e9m dos impactos que estes sistemas possuem sobre a sociedade, influenciando em altera\u00e7\u00f5es nos regimes t\u00e9rmicos e h\u00eddricos m\u00e9dios e eventos extremos. Para isso, a equipe \u00e9 composta por profissionais com diferentes especialidades e que podem agregar conhecimento, metodologias e resultados com relev\u00e2ncia acad\u00eamica e para a sociedade. Maiores informa\u00e7\u00f5es dispon\u00edveis em <a href=\"http:\/\/dgp.cnpq.br\/dgp\/espelhogrupo\/789104\">http:\/\/dgp.cnpq.br\/dgp\/espelhogrupo\/789104<\/a>\u00a0 ou @goac.ufpel no Instagram.<\/span><\/p>\n<p><span style=\"color: #3366ff;\"><strong><em>Integrantes do grupo:<\/em><\/strong><\/span><\/p>\n<p><span style=\"font-size: 12pt;\"><strong>Pesquisadores<\/strong><\/span><br \/>\n<span style=\"font-size: 12pt;\">Douglas da Silva Lindemann &#8211; UFPel<\/span><br \/>\n<span style=\"font-size: 12pt;\">Camila Bertoletti Carpenedo &#8211; UFPR<\/span><br \/>\n<span style=\"font-size: 12pt;\">Fl\u00e1vio Barbosa Justino &#8211; UFV<\/span><br \/>\n<span style=\"font-size: 12pt;\">Jackson Martins Rodrigues &#8211; UFF<\/span><br \/>\n<span style=\"font-size: 12pt;\">Jeferson Prietsch Machado &#8211; FURG<\/span><br \/>\n<span style=\"font-size: 12pt;\">Luciana Barros Pinto &#8211; UFPel<\/span><br \/>\n<span style=\"font-size: 12pt;\">Luis Felipe Ferreira de Mendon\u00e7a &#8211; UFBA<\/span><br \/>\n<span style=\"font-size: 12pt;\">Rose Ane Pereira de Freitas &#8211; UFPEL<\/span><br \/>\n<span style=\"font-size: 12pt;\">Henrique Fuchs Bueno Repinaldo \u2013 UFPEL<\/span><br \/>\n<span style=\"font-size: 12pt;\">\u00c1lvaro Javier \u00c1vila D\u00edaz &#8211; UROSARIO, Col\u00f4mbia<\/span><\/p>\n<p><span style=\"font-size: 12pt;\"><strong>Estudantes<\/strong><\/span><br \/>\n<span style=\"font-size: 12pt;\">Danildo Jos\u00e9 Nhaga &#8211; Mestrando &#8211; PPGMMAT\/UFPel<\/span><br \/>\n<span style=\"font-size: 12pt;\">Diulio Patrick &#8211; Graduando &#8211; FAMET\/UFPel<\/span><br \/>\n<span style=\"font-size: 12pt;\">Guilherme Nogueira da Silva &#8211; Mestrando &#8211; PPGMMAT\/UFPel<\/span><br \/>\n<span style=\"font-size: 12pt;\">Juan Pablo Guzman Escalante \u2013 Mestrando &#8211; PPGMET\/UFPel<\/span><br \/>\n<span style=\"font-size: 12pt;\">Raquel Machado Machado &#8211; Mestranda &#8211; PPGMET\/UFPel<\/span><br \/>\n<span style=\"font-size: 12pt;\">Thalita Collares Alves \u2013 Graduanda &#8211; IB\/UFPel<\/span><br \/>\n<span style=\"font-size: 12pt;\">Ynara Aguiar Castro \u2013 Graduanda &#8211; FAMET\/UFPel<\/span><\/p>\n<h1 style=\"text-align: justify;\"><span style=\"font-size: 18pt; color: #003366; font-family: helvetica, arial, sans-serif;\">Grupo de Estudos em Polui\u00e7\u00e3o Atmosf\u00e9rica e Biometeorologia Humana &#8211; GEPABIOH<\/span><\/h1>\n<p style=\"text-align: justify;\"><a href=\"https:\/\/wp.ufpel.edu.br\/ppgmet\/files\/2024\/12\/WhatsApp-Image-2024-12-19-at-13.37.59.jpeg\"><img loading=\"lazy\" decoding=\"async\" class=\"wp-image-1717 aligncenter\" src=\"https:\/\/wp.ufpel.edu.br\/ppgmet\/files\/2024\/12\/WhatsApp-Image-2024-12-19-at-13.37.59-400x400.jpeg\" alt=\"\" width=\"221\" height=\"221\" srcset=\"https:\/\/wp.ufpel.edu.br\/ppgmet\/files\/2024\/12\/WhatsApp-Image-2024-12-19-at-13.37.59-400x400.jpeg 400w, https:\/\/wp.ufpel.edu.br\/ppgmet\/files\/2024\/12\/WhatsApp-Image-2024-12-19-at-13.37.59-1024x1024.jpeg 1024w, https:\/\/wp.ufpel.edu.br\/ppgmet\/files\/2024\/12\/WhatsApp-Image-2024-12-19-at-13.37.59-200x200.jpeg 200w, https:\/\/wp.ufpel.edu.br\/ppgmet\/files\/2024\/12\/WhatsApp-Image-2024-12-19-at-13.37.59-768x768.jpeg 768w, https:\/\/wp.ufpel.edu.br\/ppgmet\/files\/2024\/12\/WhatsApp-Image-2024-12-19-at-13.37.59-1536x1536.jpeg 1536w, https:\/\/wp.ufpel.edu.br\/ppgmet\/files\/2024\/12\/WhatsApp-Image-2024-12-19-at-13.37.59-300x300.jpeg 300w, https:\/\/wp.ufpel.edu.br\/ppgmet\/files\/2024\/12\/WhatsApp-Image-2024-12-19-at-13.37.59.jpeg 1600w\" sizes=\"auto, (max-width: 221px) 100vw, 221px\" \/><\/a>O Grupo de Estudos em Polui\u00e7\u00e3o Atmosf\u00e9rica e Biometeorologia Humana (GEPABIOH), liderado pelo professor Marcelo Alonso, \u00e9 uma equipe multidisciplinar dedicada a investigar as intera\u00e7\u00f5es entre condi\u00e7\u00f5es atmosf\u00e9ricas e os efeitos na sa\u00fade humana. O foco central do grupo est\u00e1 em temas como polui\u00e7\u00e3o atmosf\u00e9rica, conforto t\u00e9rmico e biometeorologia, com especial aten\u00e7\u00e3o para os impactos de vari\u00e1veis clim\u00e1ticas e poluentes na sa\u00fade de popula\u00e7\u00f5es vulner\u00e1veis. Utilizando metodologias avan\u00e7adas, incluindo t\u00e9cnicas de intelig\u00eancia artificial e aprendizado profundo, o GEPABIOH busca desenvolver an\u00e1lises e previs\u00f5es que apoiem pol\u00edticas p\u00fablicas voltadas \u00e0 sa\u00fade e ao meio ambiente. Este grupo colabora em projetos com abrang\u00eancia nacional e internacional, oferecendo subs\u00eddios para o desenvolvimento sustent\u00e1vel e para a mitiga\u00e7\u00e3o dos impactos das mudan\u00e7as clim\u00e1ticas na sa\u00fade p\u00fablica.<\/p>\n<p>&nbsp;<\/p>\n<h1 style=\"text-align: justify;\"><span style=\"font-size: 18pt; color: #003366; font-family: helvetica, arial, sans-serif;\">Grupo de Energ\u00e9tica da Atmosfera &#8211; ENERAT<\/span><a href=\"https:\/\/wp.ufpel.edu.br\/ppgmet\/files\/2025\/04\/ENERAT_UFPEL.png\"><img loading=\"lazy\" decoding=\"async\" class=\" wp-image-1781 aligncenter\" src=\"https:\/\/wp.ufpel.edu.br\/ppgmet\/files\/2025\/04\/ENERAT_UFPEL-400x400.png\" alt=\"\" width=\"260\" height=\"260\" srcset=\"https:\/\/wp.ufpel.edu.br\/ppgmet\/files\/2025\/04\/ENERAT_UFPEL-400x400.png 400w, https:\/\/wp.ufpel.edu.br\/ppgmet\/files\/2025\/04\/ENERAT_UFPEL-200x200.png 200w, https:\/\/wp.ufpel.edu.br\/ppgmet\/files\/2025\/04\/ENERAT_UFPEL-300x300.png 300w, https:\/\/wp.ufpel.edu.br\/ppgmet\/files\/2025\/04\/ENERAT_UFPEL.png 500w\" sizes=\"auto, (max-width: 260px) 100vw, 260px\" \/><\/a><\/h1>\n<p>O grupo de Energ\u00e9tica da Atmosfera (ENERAT), liderado pelo Professor Leonardo Jos\u00e9 Gon\u00e7alves Aguiar, foi formado no ano de 2024 e tem buscado desenvolver metodologias para utilizar a energ\u00e9tica de \u00e1rea limitada na previs\u00e3o do tempo, desde eventos de escala sin\u00f3tica a de mesoescala. Isso impactar\u00e1 na forma como os meteorologistas utilizam a energ\u00e9tica de \u00e1rea limitada, podendo trazer melhorias na previs\u00e3o, principalmente de eventos severos. Atualmente est\u00e3o sendo desenvolvidas tr\u00eas disserta\u00e7\u00f5es sobre o tema no PPG em Meteorologia da UFPel.<\/p>\n<p><span style=\"color: #3366ff;\"><strong><em>Integrantes do grupo:<\/em><\/strong><\/span><\/p>\n<p><span style=\"font-size: 12pt;\"><strong>Pesquisadores:<\/strong><\/span><\/p>\n<p>Leonardo Jos\u00e9 Gon\u00e7alves Aguiar &#8211; UFPel<br \/>\nGraciela Redies Fischer &#8211; UFPel<\/p>\n<p><span style=\"font-size: 12pt;\"><strong>Estudantes<\/strong><\/span><\/p>\n<p>Henrique N\u00f6rnberg da Silva<br \/>\nFelipe Freitas Costa<br \/>\nSamuel Hosser<\/p>\n","protected":false},"excerpt":{"rendered":"<p>Os Grupos de Pesquisa liderados pelos docentes do Programa de P\u00f3s-Gradua\u00e7\u00e3o em Meteorologia &#8211; UFPel s\u00e3o: Grupo de Pesquisa em Intera\u00e7\u00e3o Oceano-Atmosfera e Climatologia &#8211; GOAC O GOAC, liderado pelo professor Douglas Lindemann da Silva, foi criado em abril de 2023, est\u00e1 situado na Faculdade de Meteorologia da UFPEL. Entre os principais objetivos do grupo&#8230; <\/p>\n<div class=\"link-more\"><a href=\"https:\/\/wp.ufpel.edu.br\/ppgmet\/grupos-de-pesquisa\/\">Leia mais<\/a><\/div>\n","protected":false},"author":424,"featured_media":0,"parent":0,"menu_order":0,"comment_status":"closed","ping_status":"closed","template":"","meta":{"jetpack_post_was_ever_published":false,"footnotes":""},"class_list":["post-1699","page","type-page","status-publish","hentry"],"yoast_head":"<!-- This site is optimized with the Yoast SEO plugin v26.7 - https:\/\/yoast.com\/wordpress\/plugins\/seo\/ -->\n<title>Grupos de Pesquisa -<\/title>\n<meta name=\"robots\" content=\"index, follow, max-snippet:-1, max-image-preview:large, max-video-preview:-1\" \/>\n<link rel=\"canonical\" href=\"https:\/\/wp.ufpel.edu.br\/ppgmet\/grupos-de-pesquisa\/\" \/>\n<meta property=\"og:locale\" content=\"pt_BR\" \/>\n<meta property=\"og:type\" content=\"article\" \/>\n<meta property=\"og:title\" content=\"Grupos de Pesquisa -\" \/>\n<meta property=\"og:description\" content=\"Os Grupos de Pesquisa liderados pelos docentes do Programa de P\u00f3s-Gradua\u00e7\u00e3o em Meteorologia &#8211; UFPel s\u00e3o: Grupo de Pesquisa em Intera\u00e7\u00e3o Oceano-Atmosfera e Climatologia &#8211; GOAC O GOAC, liderado pelo professor Douglas Lindemann da Silva, foi criado em abril de 2023, est\u00e1 situado na Faculdade de Meteorologia da UFPEL. Entre os principais objetivos do grupo... Leia mais\" \/>\n<meta property=\"og:url\" content=\"https:\/\/wp.ufpel.edu.br\/ppgmet\/grupos-de-pesquisa\/\" \/>\n<meta property=\"article:modified_time\" content=\"2025-05-15T18:21:03+00:00\" \/>\n<meta property=\"og:image\" content=\"https:\/\/wp.ufpel.edu.br\/ppgmet\/files\/2024\/12\/GOAC-Posts-quadrados.png\" \/>\n\t<meta property=\"og:image:width\" content=\"1080\" \/>\n\t<meta property=\"og:image:height\" content=\"1080\" \/>\n\t<meta property=\"og:image:type\" content=\"image\/png\" \/>\n<meta name=\"twitter:card\" content=\"summary_large_image\" \/>\n<meta name=\"twitter:label1\" content=\"Est. tempo de leitura\" \/>\n\t<meta name=\"twitter:data1\" content=\"4 minutos\" \/>\n<script type=\"application\/ld+json\" class=\"yoast-schema-graph\">{\"@context\":\"https:\/\/schema.org\",\"@graph\":[{\"@type\":\"WebPage\",\"@id\":\"https:\/\/wp.ufpel.edu.br\/ppgmet\/grupos-de-pesquisa\/\",\"url\":\"https:\/\/wp.ufpel.edu.br\/ppgmet\/grupos-de-pesquisa\/\",\"name\":\"Grupos de Pesquisa -\",\"isPartOf\":{\"@id\":\"https:\/\/wp.ufpel.edu.br\/ppgmet\/#website\"},\"primaryImageOfPage\":{\"@id\":\"https:\/\/wp.ufpel.edu.br\/ppgmet\/grupos-de-pesquisa\/#primaryimage\"},\"image\":{\"@id\":\"https:\/\/wp.ufpel.edu.br\/ppgmet\/grupos-de-pesquisa\/#primaryimage\"},\"thumbnailUrl\":\"https:\/\/wp.ufpel.edu.br\/ppgmet\/files\/2024\/12\/GOAC-Posts-quadrados-400x400.png\",\"datePublished\":\"2024-12-19T15:03:56+00:00\",\"dateModified\":\"2025-05-15T18:21:03+00:00\",\"breadcrumb\":{\"@id\":\"https:\/\/wp.ufpel.edu.br\/ppgmet\/grupos-de-pesquisa\/#breadcrumb\"},\"inLanguage\":\"pt-BR\",\"potentialAction\":[{\"@type\":\"ReadAction\",\"target\":[\"https:\/\/wp.ufpel.edu.br\/ppgmet\/grupos-de-pesquisa\/\"]}]},{\"@type\":\"ImageObject\",\"inLanguage\":\"pt-BR\",\"@id\":\"https:\/\/wp.ufpel.edu.br\/ppgmet\/grupos-de-pesquisa\/#primaryimage\",\"url\":\"https:\/\/wp.ufpel.edu.br\/ppgmet\/files\/2024\/12\/GOAC-Posts-quadrados.png\",\"contentUrl\":\"https:\/\/wp.ufpel.edu.br\/ppgmet\/files\/2024\/12\/GOAC-Posts-quadrados.png\",\"width\":1080,\"height\":1080},{\"@type\":\"BreadcrumbList\",\"@id\":\"https:\/\/wp.ufpel.edu.br\/ppgmet\/grupos-de-pesquisa\/#breadcrumb\",\"itemListElement\":[{\"@type\":\"ListItem\",\"position\":1,\"name\":\"In\u00edcio\",\"item\":\"https:\/\/wp.ufpel.edu.br\/ppgmet\/\"},{\"@type\":\"ListItem\",\"position\":2,\"name\":\"Grupos de Pesquisa\"}]},{\"@type\":\"WebSite\",\"@id\":\"https:\/\/wp.ufpel.edu.br\/ppgmet\/#website\",\"url\":\"https:\/\/wp.ufpel.edu.br\/ppgmet\/\",\"name\":\"\",\"description\":\"Programa de P\u00f3s Gradua\u00e7\u00e3o em Meteorologia\",\"potentialAction\":[{\"@type\":\"SearchAction\",\"target\":{\"@type\":\"EntryPoint\",\"urlTemplate\":\"https:\/\/wp.ufpel.edu.br\/ppgmet\/?s={search_term_string}\"},\"query-input\":{\"@type\":\"PropertyValueSpecification\",\"valueRequired\":true,\"valueName\":\"search_term_string\"}}],\"inLanguage\":\"pt-BR\"}]}<\/script>\n<!-- \/ Yoast SEO plugin. -->","yoast_head_json":{"title":"Grupos de Pesquisa -","robots":{"index":"index","follow":"follow","max-snippet":"max-snippet:-1","max-image-preview":"max-image-preview:large","max-video-preview":"max-video-preview:-1"},"canonical":"https:\/\/wp.ufpel.edu.br\/ppgmet\/grupos-de-pesquisa\/","og_locale":"pt_BR","og_type":"article","og_title":"Grupos de Pesquisa -","og_description":"Os Grupos de Pesquisa liderados pelos docentes do Programa de P\u00f3s-Gradua\u00e7\u00e3o em Meteorologia &#8211; UFPel s\u00e3o: Grupo de Pesquisa em Intera\u00e7\u00e3o Oceano-Atmosfera e Climatologia &#8211; GOAC O GOAC, liderado pelo professor Douglas Lindemann da Silva, foi criado em abril de 2023, est\u00e1 situado na Faculdade de Meteorologia da UFPEL. Entre os principais objetivos do grupo... Leia mais","og_url":"https:\/\/wp.ufpel.edu.br\/ppgmet\/grupos-de-pesquisa\/","article_modified_time":"2025-05-15T18:21:03+00:00","og_image":[{"width":1080,"height":1080,"url":"https:\/\/wp.ufpel.edu.br\/ppgmet\/files\/2024\/12\/GOAC-Posts-quadrados.png","type":"image\/png"}],"twitter_card":"summary_large_image","twitter_misc":{"Est. tempo de leitura":"4 minutos"},"schema":{"@context":"https:\/\/schema.org","@graph":[{"@type":"WebPage","@id":"https:\/\/wp.ufpel.edu.br\/ppgmet\/grupos-de-pesquisa\/","url":"https:\/\/wp.ufpel.edu.br\/ppgmet\/grupos-de-pesquisa\/","name":"Grupos de Pesquisa -","isPartOf":{"@id":"https:\/\/wp.ufpel.edu.br\/ppgmet\/#website"},"primaryImageOfPage":{"@id":"https:\/\/wp.ufpel.edu.br\/ppgmet\/grupos-de-pesquisa\/#primaryimage"},"image":{"@id":"https:\/\/wp.ufpel.edu.br\/ppgmet\/grupos-de-pesquisa\/#primaryimage"},"thumbnailUrl":"https:\/\/wp.ufpel.edu.br\/ppgmet\/files\/2024\/12\/GOAC-Posts-quadrados-400x400.png","datePublished":"2024-12-19T15:03:56+00:00","dateModified":"2025-05-15T18:21:03+00:00","breadcrumb":{"@id":"https:\/\/wp.ufpel.edu.br\/ppgmet\/grupos-de-pesquisa\/#breadcrumb"},"inLanguage":"pt-BR","potentialAction":[{"@type":"ReadAction","target":["https:\/\/wp.ufpel.edu.br\/ppgmet\/grupos-de-pesquisa\/"]}]},{"@type":"ImageObject","inLanguage":"pt-BR","@id":"https:\/\/wp.ufpel.edu.br\/ppgmet\/grupos-de-pesquisa\/#primaryimage","url":"https:\/\/wp.ufpel.edu.br\/ppgmet\/files\/2024\/12\/GOAC-Posts-quadrados.png","contentUrl":"https:\/\/wp.ufpel.edu.br\/ppgmet\/files\/2024\/12\/GOAC-Posts-quadrados.png","width":1080,"height":1080},{"@type":"BreadcrumbList","@id":"https:\/\/wp.ufpel.edu.br\/ppgmet\/grupos-de-pesquisa\/#breadcrumb","itemListElement":[{"@type":"ListItem","position":1,"name":"In\u00edcio","item":"https:\/\/wp.ufpel.edu.br\/ppgmet\/"},{"@type":"ListItem","position":2,"name":"Grupos de Pesquisa"}]},{"@type":"WebSite","@id":"https:\/\/wp.ufpel.edu.br\/ppgmet\/#website","url":"https:\/\/wp.ufpel.edu.br\/ppgmet\/","name":"","description":"Programa de P\u00f3s Gradua\u00e7\u00e3o em Meteorologia","potentialAction":[{"@type":"SearchAction","target":{"@type":"EntryPoint","urlTemplate":"https:\/\/wp.ufpel.edu.br\/ppgmet\/?s={search_term_string}"},"query-input":{"@type":"PropertyValueSpecification","valueRequired":true,"valueName":"search_term_string"}}],"inLanguage":"pt-BR"}]}},"jetpack_sharing_enabled":true,"jetpack_shortlink":"https:\/\/wp.me\/P8qPE3-rp","_links":{"self":[{"href":"https:\/\/wp.ufpel.edu.br\/ppgmet\/wp-json\/wp\/v2\/pages\/1699","targetHints":{"allow":["GET"]}}],"collection":[{"href":"https:\/\/wp.ufpel.edu.br\/ppgmet\/wp-json\/wp\/v2\/pages"}],"about":[{"href":"https:\/\/wp.ufpel.edu.br\/ppgmet\/wp-json\/wp\/v2\/types\/page"}],"author":[{"embeddable":true,"href":"https:\/\/wp.ufpel.edu.br\/ppgmet\/wp-json\/wp\/v2\/users\/424"}],"replies":[{"embeddable":true,"href":"https:\/\/wp.ufpel.edu.br\/ppgmet\/wp-json\/wp\/v2\/comments?post=1699"}],"version-history":[{"count":8,"href":"https:\/\/wp.ufpel.edu.br\/ppgmet\/wp-json\/wp\/v2\/pages\/1699\/revisions"}],"predecessor-version":[{"id":1810,"href":"https:\/\/wp.ufpel.edu.br\/ppgmet\/wp-json\/wp\/v2\/pages\/1699\/revisions\/1810"}],"wp:attachment":[{"href":"https:\/\/wp.ufpel.edu.br\/ppgmet\/wp-json\/wp\/v2\/media?parent=1699"}],"curies":[{"name":"wp","href":"https:\/\/api.w.org\/{rel}","templated":true}]}}