{"id":4329,"date":"2026-04-27T16:29:51","date_gmt":"2026-04-27T19:29:51","guid":{"rendered":"https:\/\/wp.ufpel.edu.br\/ppgmacsa\/?page_id=4329"},"modified":"2026-04-28T11:28:46","modified_gmt":"2026-04-28T14:28:46","slug":"teses","status":"publish","type":"page","link":"https:\/\/wp.ufpel.edu.br\/ppgmacsa\/atividades\/pesquisa\/producao-cientifica\/teses\/","title":{"rendered":"Teses"},"content":{"rendered":"<div class=\"entry-content clearfix\">\n<table style=\"border-collapse: collapse; width: 100%;\" border=\"1\">\n<tbody>\n<tr>\n<td style=\"width: 100%;\">2025<\/td>\n<\/tr>\n<tr>\n<td style=\"width: 100%;\"><a href=\"https:\/\/wp.ufpel.edu.br\/ppgmacsa\/files\/2026\/04\/Tese-Cristiano.pdf\"><strong>MANEJO DAS ADUBA\u00c7\u00d5ES FOSFATADA E POT\u00c1SSICA E DA COBERTURA VEGETAL PARA A ROTA\u00c7\u00c3O SOJA\/ARROZ IRRIGADO EM TERRAS BAIXAS<\/strong><\/a><sub>Cristiano Weinert, 2025<\/sub><\/p>\n<p style=\"text-align: justify;\"><strong><a href=\"http:\/\/guaiaca.ufpel.edu.br\/xmlui\/handle\/prefix\/15899\">Potencial de t\u00e9cnicas de obten\u00e7\u00e3o de dados para modelagem da identifica\u00e7\u00e3o de fontes de produ\u00e7\u00e3o de sedimentos<\/a><\/strong>\u00a0<sub>M\u00e9lory Maria Fernandes de Ara\u00fajo, 2025<\/sub><\/p>\n<p style=\"text-align: justify;\"><strong><a href=\"http:\/\/guaiaca.ufpel.edu.br\/xmlui\/handle\/prefix\/17054\">Impacto do fen\u00f4meno ENOS na demanda e defici\u00eancia h\u00eddrica do milho em terras baixas do RS<\/a>\u00a0<\/strong><sub>Thayse do Amaral Aires, 2025<\/sub><\/p>\n<\/td>\n<\/tr>\n<\/tbody>\n<\/table>\n<div>\n<table style=\"border-collapse: collapse; width: 100%;\" border=\"1\">\n<tbody>\n<tr>\n<td style=\"width: 100%;\">2024<\/td>\n<\/tr>\n<tr>\n<td style=\"width: 100%;\">\n<p style=\"text-align: justify;\"><strong><a href=\"http:\/\/guaiaca.ufpel.edu.br\/xmlui\/handle\/prefix\/13784\">IDENTIFICA\u00c7\u00c3O DAS FONTES DE SEDIMENTOS NA AVALIA\u00c7\u00c3O DA SUSTENTABILIDADE AMBIENTAL DE UMA BACIA HIDROGR\u00c1FICA<\/a>\u00a0<sub>CELSO ELIAS CORRADI, 2024<\/sub><\/strong><\/p>\n<h4 style=\"text-align: justify;\"><strong><a href=\"http:\/\/guaiaca.ufpel.edu.br\/xmlui\/handle\/prefix\/13783\">Efeito dos sistemas integrados\u00a0de\u00a0produ\u00e7\u00e3o agropecu\u00e1ria sobre as fra\u00e7\u00f5es\u00a0de\u00a0f\u00f3sforo e pot\u00e1ssio em Planossolo<\/a><span class=\"Z3988\" title=\"ctx_ver=Z39.88-2004&amp;rft_val_fmt=info%3Aofi%2Ffmt%3Akev%3Amtx%3Adc&amp;rft_id=QUEVEDO%2C+Juliano+B.+Efeito+dos+sistemas+integrados+de+produ%C3%A7%C3%A3o+agropecu%C3%A1ria+sobre+as+fra%C3%A7%C3%B5es+de+f%C3%B3sforo+e+pot%C3%A1ssio+em+Planossolo.+2024.103+f.+Tese+%28Doutorado+em+Manejo+e+Conserva%C3%A7%C3%A3o+do+Solo+e+da+%C3%81gua%29+%E2%80%93+Programa+de+P%C3%B3s-Gradua%C3%A7%C3%A3o+em+Manejo+e+Conserva%C3%A7%C3%A3o+do+Solo+e+da+%C3%81gua%2C+Faculdade+de+Agronomia+Eliseu+Maciel%2C+Universidade+Federal+de+Pelotas%2C+Pelotas%2C+2024.&amp;rft_id=http%3A%2F%2Fguaiaca.ufpel.edu.br%2Fxmlui%2Fhandle%2Fprefix%2F13783&amp;rfr_id=info%3Asid%2Fdspace.org%3Arepository&amp;\">\u00a0<\/span><sub>JULIANO BRUM DE QUEVEDO, 2024<\/sub><\/strong><\/h4>\n<p style=\"text-align: justify;\"><strong><a href=\"http:\/\/guaiaca.ufpel.edu.br\/xmlui\/handle\/prefix\/13782\">Modelagem da variabilidade dos atributos do solo em diferentes escalas espaciais usando modelos lineares mistos e Wavelets bidimensionais<\/a>\u00a0<sub>LUANA NUNES CENTENO, 2024<\/sub><\/strong><\/p>\n<p style=\"text-align: justify;\"><strong><a href=\"http:\/\/guaiaca.ufpel.edu.br\/xmlui\/handle\/prefix\/13867\">Atributos qu\u00edmicos e microbiol\u00f3gicos sob sistemas de produ\u00e7\u00e3o que governam a disponibilidade de nutrientes para as culturas agr\u00edcolas em terras baixas\u00a0<\/a><sub>MILENA MOREIRA PERES, 2024<\/sub><\/strong><\/p>\n<p style=\"text-align: justify;\"><strong><a href=\"https:\/\/wp.ufpel.edu.br\/ppgmacsa\/files\/2024\/10\/Versao-definitiva-Sergio.pdf\">ESTUDO PIONEIRO DA RESTAURA\u00c7\u00c3O DE SOLOS MINERADOS EM UMA CRONOSEQU\u00caNCIA DE 10,6 ANOS NA MINA DE CARV\u00c3O DE MOATIZE \u2013 MO\u00c7AMBIQUE<\/a>\u00a0<sub>S\u00c9RGIO DA COSTA DIAS, 2024<\/sub><\/strong><\/p>\n<p style=\"text-align: justify;\"><strong><a href=\"http:\/\/guaiaca.ufpel.edu.br\/xmlui\/handle\/prefix\/14608\">HIERARQUIA INTEGRADA DA QUALIDADE F\u00cdSICO-HIDR\u00c1ULICA DO SOLO EM UMA BACIA HIDROGR\u00c1FICA<\/a>\u00a0<sub>ANGELO GARCIA COSTA, 2024<\/sub><\/strong><\/p>\n<p style=\"text-align: justify;\"><strong><a href=\"http:\/\/guaiaca.ufpel.edu.br\/xmlui\/handle\/prefix\/14609\">RELA\u00c7\u00c3O SOLO-PAISAGEM-GEOLOGIA NA BORDA DA BACIA DO PARAN\u00c1, MUNIC\u00cdPIO DE CAHOEIRA DO SUL \u2013 RS<\/a><sub>JULIANA MACIEL BICCA, 2024<\/sub><\/strong><\/p>\n<p style=\"text-align: justify;\"><strong><a href=\"http:\/\/guaiaca.ufpel.edu.br\/xmlui\/handle\/prefix\/15703\">SIMULA\u00c7\u00c3O GEOESTAT\u00cdSTICA NA AVALIA\u00c7\u00c3O DA QUALIDADE F\u00cdSICA E ESTRUTURAL DE SOLOS SUBTROPICAIS<\/a>\u00a0<sub>R\u00d4MULO F\u00c9LIX NUNES, 2024<\/sub><\/strong><\/p>\n<p style=\"text-align: justify;\"><strong><a href=\"https:\/\/wp.ufpel.edu.br\/ppgmacsa\/files\/2026\/04\/Tese_Final_SamantaCecconello-2.pdf\">DESEMPENHO DE SOFTWARES E ALGORITMOS PARA CALIBRA\u00c7\u00c3O DO MODELO SWAT+: ABORDAGEM CIENCIOM\u00c9TRICA E AVALIA\u00c7\u00c3O COMPARATIVA<\/a><sub>SAMANTA TOLENTINO CECCONELLO, 2024<\/sub><\/strong><\/p>\n<p style=\"text-align: justify;\"><strong><a href=\"http:\/\/guaiaca.ufpel.edu.br\/xmlui\/handle\/prefix\/15582\">Atributos f\u00edsicos, qu\u00edmicos e biol\u00f3gicos do solo em pastagens sob uso sucessivo de dejeto l\u00edquido de su\u00ednos<\/a><\/strong>\u00a0<sub>Diego Armando Amaro da Silva, 2024<\/sub><\/p>\n<p style=\"text-align: justify;\"><a href=\"http:\/\/guaiaca.ufpel.edu.br\/xmlui\/handle\/prefix\/15702\"><strong>Potencial da irriga\u00e7\u00e3o por inunda\u00e7\u00e3o intermitente em mitigar as emiss\u00f5es de gases de efeito estufa de cultivares de arroz<\/strong><\/a>\u00a0<sub>Giovana Tavares Silva, 2024<\/sub><\/p>\n<\/td>\n<\/tr>\n<\/tbody>\n<\/table>\n<\/div>\n<div class=\"entry-content clearfix\">\n<p>&nbsp;<\/p>\n<\/div>\n<table style=\"border-collapse: collapse; width: 100%;\" border=\"1\">\n<tbody>\n<tr>\n<td style=\"width: 100%;\">2023<\/td>\n<\/tr>\n<tr>\n<td style=\"width: 100%;\">\n<p style=\"text-align: justify;\"><strong>BOEIRA, Y. S. L. ATIVIDADE PROMOTORA DO CRESCIMENTO DE Trichoderma harzianum CPACT324 EM ARROZ IRRIGADO<\/strong><\/p>\n<\/td>\n<\/tr>\n<\/tbody>\n<\/table>\n<p>&nbsp;<\/p>\n<table style=\"border-collapse: collapse; width: 100%;\" border=\"1\">\n<tbody>\n<tr>\n<td style=\"width: 100%;\">2022<\/td>\n<\/tr>\n<tr>\n<td style=\"width: 100%;\">\n<p style=\"text-align: justify;\"><strong><a href=\"http:\/\/guaiaca.ufpel.edu.br\/handle\/prefix\/9110\">Modelagem da reten\u00e7\u00e3o de \u00e1gua em solos sob clima subtropical usando fun\u00e7\u00f5es de pedotransfer\u00eancia e redes neurais artificiais\u00a0<\/a><sub>DAVID FUENTES GUEVARA, 2022<\/sub><\/strong><\/p>\n<p style=\"text-align: justify;\"><strong><a href=\"http:\/\/guaiaca.ufpel.edu.br\/handle\/prefix\/8982\">Rela\u00e7\u00e3o da qualidade do leite in natura com a qualidade da \u00e1gua de dessedenta\u00e7\u00e3o animal e os atributos do solo de propriedades rurais<\/a>\u00a0<sub>JAQUELINE DE BORTOLI, 2022<\/sub><\/strong><\/p>\n<p style=\"text-align: justify;\"><strong>\u00a0<a href=\"http:\/\/guaiaca.ufpel.edu.br\/handle\/prefix\/9108\">Fus\u00e3o de imagens Landsat e Modis para remo\u00e7\u00e3o de nuvens no contexto do mapeamento de \u00e1reas de soja<\/a>\u00a0<sub>LUIS CARLOS WEYMAR JUNIOR, 2022<\/sub><\/strong><\/p>\n<p style=\"text-align: justify;\"><strong>\u00a0<a href=\"http:\/\/guaiaca.ufpel.edu.br\/xmlui\/handle\/prefix\/14490\">Modelagem para predi\u00e7\u00e3o de classes de solos em escala de munic\u00edpio\u00a0<\/a><sub>STEFAN DOMINGUES NATCHTIGALL, 2022<\/sub><\/strong><\/p>\n<\/td>\n<\/tr>\n<\/tbody>\n<\/table>\n<table style=\"border-collapse: collapse; width: 100%;\" border=\"1\">\n<tbody>\n<tr>\n<td style=\"width: 100%;\">2021<\/td>\n<\/tr>\n<tr>\n<td style=\"width: 100%;\">\n<p style=\"text-align: justify;\"><strong><a href=\"https:\/\/wp.ufpel.edu.br\/ppgmacsa\/files\/2024\/10\/TESE_Gabriel_Lemos_Versao_Final.pdf\">PRODUTIVIDADE DA SOJA NO RIO GRANDE DO SUL ESTIMADA POR MEIO DE DADOS OBTIDOS POR SAT\u00c9LITES<\/a>\u00a0<sub>GABRIEL DA SILVA LEMOS, 2021<\/sub><\/strong><\/p>\n<p style=\"text-align: justify;\"><strong><a href=\"http:\/\/guaiaca.ufpel.edu.br\/handle\/prefix\/7903\">Fontes de produ\u00e7\u00e3o de sedimentos e \u00edndices ambientais de uso da terra como indicadores de vulnerabilidade ambiental de uma bacia hidrogr\u00e1fica rural<\/a><sub>ELIANA APARECIDA CADON\u00c1, 2021<\/sub><\/strong><\/p>\n<\/td>\n<\/tr>\n<\/tbody>\n<\/table>\n<table style=\"border-collapse: collapse; width: 100%;\" border=\"1\">\n<tbody>\n<tr>\n<td style=\"width: 100%;\">2020<\/td>\n<\/tr>\n<tr>\n<td style=\"width: 100%;\">\n<p style=\"text-align: justify;\"><strong><a href=\"http:\/\/guaiaca.ufpel.edu.br\/handle\/prefix\/6575\">ALTERA\u00c7\u00d5ES QU\u00cdMICAS E BIOL\u00d3GICAS DO SOLO E DESENVOLVIMENTO DE PLANTAS DECORRENTES DA ADI\u00c7\u00c3O DE LODO DA IND\u00daSTRIA DE LATIC\u00cdNIOS\u00a0<sub>EDENARA DE MARCO, 2020<\/sub><\/a><\/strong><\/p>\n<p style=\"text-align: justify;\"><strong><a href=\"https:\/\/wp.ufpel.edu.br\/ppgmacsa\/files\/2024\/10\/Tese-Karen-bersch-Revisada-Final.pdf\">MACROINVERTEBRADOS BENT\u00d4NICOS COMO BIOINDICADORES DE QUALIDADE DE \u00c1GUA PARA MONITORAMENTO DE SERVI\u00c7OS AMBIENTAIS H\u00cdDRICOS NA BACIA DO ARROIO EPAMINONDAS, PELOTAS (RS)<\/a><sub>KAREN TAVARES JURU\u00c1, 2020\u00a0<\/sub><\/strong><\/p>\n<p style=\"text-align: justify;\"><strong><a href=\"https:\/\/wp.ufpel.edu.br\/ppgmacsa\/files\/2024\/10\/Tese_Roberta_Machado_Karsburg.pdf\">ABORDAGEM METODOL\u00d3GICA EM RELA\u00c7\u00c3O AO AJUSTE DOS PAR\u00c2METROS DO MODELO NEYMAN-SCOTT DO PULSO RETANGULAR PARA SIMULA\u00c7\u00c3O DA CHUVA EM ESCALA SUB-HOR\u00c1RIA<\/a>\u00a0<sub>ROBERTA MACHADO KARSBURG, 2020<\/sub><\/strong><\/p>\n<\/td>\n<\/tr>\n<\/tbody>\n<\/table>\n<table style=\"border-collapse: collapse; width: 100%;\" border=\"1\">\n<tbody>\n<tr>\n<td style=\"width: 100%;\">2019<\/td>\n<\/tr>\n<tr>\n<td style=\"width: 100%;\">\n<p style=\"text-align: justify;\"><strong><a href=\"http:\/\/guaiaca.ufpel.edu.br:8080\/handle\/prefix\/4529\">MODELAGEM DO IMPACTO DAS MUDAN\u00c7AS CLIM\u00c1TICAS SOBRE A HIDROLOGIA DE SUB-BACIAS DA BACIA HIDROGR\u00c1FICA TRANSFRONTEIRI\u00c7A MIRIM-S\u00c3O GON\u00c7ALO<sub>\u00a0 TAMARA LEITZKE CALDEIRA, 2019<\/sub><\/a><\/strong><\/p>\n<p style=\"text-align: justify;\"><strong>DO COUTO, R. S. TEND\u00caNCIA DE \u00cdNDICES CLIM\u00c1TICOS DE TEMPERATURA DO AR E PRECIPITA\u00c7\u00c3O PARA O ESTADO DO RIO GRANDE DO SUL<\/strong><\/p>\n<p style=\"text-align: justify;\"><strong><a href=\"http:\/\/guaiaca.ufpel.edu.br\/handle\/prefix\/4941\">FERTILIZANTES NITROGENADOS DE EFIC\u00caNCIA AUMENTADA EM ARROZ IRRIGADO: RENDIMENTO DE GR\u00c3OS, EFICI\u00caNCIA NO USO DO NITROG\u00caNIO E EMISS\u00c3O DE GASES DE EFEITO ESTUFA<sub>\u00a0THA\u00cdS ANTOLINI VE\u00c7OZZI, 2019<\/sub><\/a><\/strong><\/p>\n<p style=\"text-align: justify;\"><strong>\u00cdNDICE DE SEVERIDADE DE SECA DE PALMER MODIFICADO PARA AS CONDI\u00c7\u00d5ES CLIM\u00c1TICAS DO ESTADO DO RIO GRANDE DO SUL<sub>\u00a0SU\u00c9LEN CRISTIANE RIEMER DA SILVEIRA, 2019<\/sub><\/strong><\/p>\n<p style=\"text-align: justify;\"><strong>MONTEIRO, A. B. DESENVOLVIMENTO E AVALIA\u00c7\u00c3O AGRON\u00d4MICA DE SUBSTRATOS FORMULADOS A PARTIR DE BIOCHAR DE LODO DE ESGOTO<\/strong><\/p>\n<p style=\"text-align: justify;\"><strong><a href=\"http:\/\/guaiaca.ufpel.edu.br\/handle\/prefix\/5347\">SIMULADOR SAZONAL DA PRECIPITA\u00c7\u00c3O MEDIANTE O USO DO MODELO DE BARTTETT-LEWIS DO PULSO RETANGULAR MODIFICADO EM DURA\u00c7\u00d5ES SUB-HOR\u00c1RIAS<sub>\u00a0EMANUELE BAIFUS MANKE, 2019<\/sub><\/a><\/strong><\/p>\n<p style=\"text-align: justify;\"><strong><a href=\"http:\/\/guaiaca.ufpel.edu.br\/handle\/prefix\/6574\">ATRIBUTOS F\u00cdSICOS ASSOCIADOS \u00c0 MAT\u00c9RIA ORG\u00c2NICA DO SOLO E \u00c0 DISTRIBUI\u00c7\u00c3O RADICULAR EM UMA TRANSE\u00c7\u00c3O NA SUB-BACIA MICAELA, RS\u00a0<sub>RODRIGO BRUM PAIVA, 2019<\/sub><\/a><\/strong><\/p>\n<\/td>\n<\/tr>\n<\/tbody>\n<\/table>\n<table style=\"border-collapse: collapse; width: 100%;\" border=\"1\">\n<tbody>\n<tr>\n<td style=\"width: 100%;\">2018<\/td>\n<\/tr>\n<tr>\n<td style=\"width: 100%;\">\n<p style=\"text-align: justify;\"><strong><a href=\"http:\/\/guaiaca.ufpel.edu.br\/handle\/prefix\/4242\">ESPA\u00c7AMENTOS ENTRELINHAS EM CULTIVO DE CANA-DE-A\u00c7\u00daCAR: PAR\u00c2METROS F\u00cdSICOS DO SOLO E COMPONENTES DE RENDIMENTO\u00a0<sub>WILDON PANZIERA, 2018<\/sub><\/a><\/strong><\/p>\n<p style=\"text-align: justify;\"><strong><a href=\"http:\/\/guaiaca.ufpel.edu.br\/handle\/prefix\/4241\">VARIABILIDADE ESPACIAL DE INDICADORES F\u00cdSICOS E VISUAIS DA QUALIDADE ESTRUTURAL DOS SOLOS DA SUB-BACIA SANTA RITA, PELOTAS\/RS\u00a0<sub>IVANA KRUGER TUCHTENHAGEN, 2018<\/sub><\/a><\/strong><\/p>\n<p style=\"text-align: justify;\"><strong>VENZKE, T. S. L. ESTUDOS SOBRE ECOLOGIA FLORESTAL DE UM GRADIENTE AMBIENTAL NO MUNIC\u00cdPIO DE PELOTAS, RS, BRASIL: VEGETA\u00c7\u00c3O E SOLOS<\/strong><\/p>\n<p style=\"text-align: justify;\"><strong>DISCONZI, P. B. IMPACTO DA PREDI\u00c7\u00c3O DOS MODELOS GLOBAIS DE CLIMA NA PRODUTIVIDADE DE SOJA NO MUNIC\u00cdPIO DE BAG\u00c9\/RS<\/strong><\/p>\n<p style=\"text-align: justify;\"><strong><a href=\"http:\/\/guaiaca.ufpel.edu.br\/handle\/prefix\/4524\">SIQUEIRA, E. B. IDENTIFICA\u00c7\u00c3O DO PAR\u00c2METRO CURVA N\u00daMERO PARA UMA SUB-BACIA DA ENCOSTA DO SUDESTE DO RIO GRANDE DO SUL\u00a0<sub>ELISA BALD SIQUEIRA, 2018<\/sub><\/a><\/strong><\/p>\n<p style=\"text-align: justify;\"><strong><a href=\"http:\/\/guaiaca.ufpel.edu.br\/handle\/prefix\/5002\">VARIABILIDADE ESPA\u00c7O-TEMPORAL DE ATRIBUTOS DO SOLO E DA PRODUTIVIDADE DE ARROZ IRRIGADO EM AREA SISTEMATIZADA DE TERRAS BAIXAS\u00a0<em><sub>ANTONIONY SEVERO WINKLER, 2018<\/sub><\/em><\/a><\/strong><\/p>\n<p style=\"text-align: justify;\"><strong>ALBERT, R. P. POTENCIAL DE ACIDIFICA\u00c7\u00c3O E DE NEUTRALIZA\u00c7\u00c3O EM MATERIAIS GEOL\u00d3GICOS DA JAZIDA DE CARV\u00c3O DE CANDIOTA, SUL DO BRASIL<\/strong><\/p>\n<p style=\"text-align: justify;\"><strong>DA SILVA, J. T. RESPOSTA DO ARROZ IRRIGADO \u00c0 DEFICI\u00caNCIA H\u00cdDRICA EM DIFERENTES FASES DE DESENVOLVIMENTO DA PLANTA<\/strong><\/p>\n<p style=\"text-align: justify;\"><strong>KATH, A. F. DIN\u00c2MICA DO MANGAN\u00caS NOS COMPARTIMENTOS SOLO-SEDIMENTO-PLANTA NA BACIA HIDROGR\u00c1FICA DO ARROIO SANTA B\u00c1RBARA<\/strong><\/p>\n<\/td>\n<\/tr>\n<\/tbody>\n<\/table>\n<table style=\"border-collapse: collapse; width: 100%;\" border=\"1\">\n<tbody>\n<tr>\n<td style=\"width: 100%;\">2017<\/td>\n<\/tr>\n<tr>\n<td style=\"width: 100%;\">\n<p style=\"text-align: justify;\"><strong><a href=\"http:\/\/guaiaca.ufpel.edu.br\/handle\/prefix\/4117\">DESEMPENHO DE CULTIVARES DE ARROZ SUBMETIDOS \u00c0 CALAGEM E MANEJOS DA \u00c1GUA EM CAMPOS NATURAIS DO SUL DO AMAZONAS<sub>\u00a0VAIRTON RADMANN, 2017<\/sub><\/a><\/strong><\/p>\n<p style=\"text-align: justify;\"><strong>GUIDOTTI, R. M. M. M\u00c9TODOS DE AN\u00c1LISE DE SIL\u00cdCIO, F\u00d3SFORO, POT\u00c1SSIO, C\u00c1LCIO E MAGN\u00c9SIO DISPON\u00cdVEIS \u00c0S PLANTAS NA CINZA DE CASCA DE ARROZ<\/strong><\/p>\n<p style=\"text-align: justify;\"><strong><a href=\"http:\/\/guaiaca.ufpel.edu.br\/handle\/prefix\/4114\">MANEJO DE \u00c1GUA EM POMAR DE PESSEGUEIRO BASEADO EM ATRIBUTOS DO SISTEMA SOLO-\u00c1GUA-PLANTA-ATMOSFERA<\/a><del><sub>LUCIANO RECART ROMANO, 2017<\/sub><\/del><\/strong><\/p>\n<p style=\"text-align: justify;\"><strong><a href=\"http:\/\/guaiaca.ufpel.edu.br\/handle\/prefix\/4115\">ATRIBUTOS DE SOLO E PLANTA EM FUN\u00c7\u00c3O DA APLICA\u00c7\u00c3O CUMULATIVA DE CINZA DE CASCA DE ARROZ NO CULTIVO DO ARROZ IRRIGADO<sub>\u00a0MARIA DE F\u00c1TIMA MARCHEZAN MENEZES DA SILVA, 2017<\/sub><\/a><\/strong><\/p>\n<\/td>\n<\/tr>\n<\/tbody>\n<\/table>\n<table style=\"border-collapse: collapse; width: 100%;\" border=\"1\">\n<tbody>\n<tr>\n<td style=\"width: 100%;\">2016<\/td>\n<\/tr>\n<tr>\n<td style=\"width: 100%;\">\n<p style=\"text-align: justify;\"><strong>REIS, D. A. QUALIDADE F\u00cdSICO-H\u00cdDRICA E FRA\u00c7\u00d5ES DA MAT\u00c9RIA ORG\u00c2NICA DE UM PLANOSSOLO SOB DIFERENTES TEMPOS DE IMPLANTA\u00c7\u00c3O DO PLANTIO DIRETO<\/strong><\/p>\n<p style=\"text-align: justify;\"><strong>BARBOSA, F. DA S. PAR\u00c2METROS F\u00cdSICO-H\u00cdDRICOS DE UM SOLO CONSTRU\u00cdDO SUBMETIDO A EVENTOS DE TR\u00c1FEGO DE M\u00c1QUINAS EM \u00c1REA DE MINERA\u00c7\u00c3O DE CARV\u00c3O<\/strong><\/p>\n<p style=\"text-align: justify;\"><strong>ZARNOTT, D. H. SERVI\u00c7OS AMBIENTAIS ASSOCIADOS \u00c0 MITIGA\u00c7\u00c3O DE IMPACTOS DE EVENTOS EXTREMOS DE PRECIPITA\u00c7\u00c3O<\/strong><\/p>\n<p style=\"text-align: justify;\"><strong><a href=\"http:\/\/guaiaca.ufpel.edu.br\/handle\/prefix\/4116\">ADUBA\u00c7\u00c3O NITROGENADA VIA FERTIRRIGA\u00c7\u00c3O EM ARROZ IRRIGADO POR ASPERS\u00c3O<sub>\u00a0ALEXANDRE DIAS DUTRA, 2016<\/sub><\/a><\/strong><\/p>\n<\/td>\n<\/tr>\n<\/tbody>\n<\/table>\n<p style=\"text-align: justify;\">\n<\/div>\n","protected":false},"excerpt":{"rendered":"<p>2025 MANEJO DAS ADUBA\u00c7\u00d5ES FOSFATADA E POT\u00c1SSICA E DA COBERTURA VEGETAL PARA A ROTA\u00c7\u00c3O SOJA\/ARROZ IRRIGADO EM TERRAS BAIXASCristiano Weinert, 2025 Potencial de t\u00e9cnicas de obten\u00e7\u00e3o de dados para modelagem da identifica\u00e7\u00e3o de fontes de produ\u00e7\u00e3o de sedimentos\u00a0M\u00e9lory Maria Fernandes de Ara\u00fajo, 2025 Impacto do fen\u00f4meno ENOS na demanda e defici\u00eancia h\u00eddrica do milho em &hellip; <\/p>\n<p><a class=\"more-link btn\" href=\"https:\/\/wp.ufpel.edu.br\/ppgmacsa\/atividades\/pesquisa\/producao-cientifica\/teses\/\">Continue lendo<\/a><\/p>\n","protected":false},"author":108,"featured_media":0,"parent":4291,"menu_order":0,"comment_status":"closed","ping_status":"closed","template":"","meta":{"jetpack_post_was_ever_published":false,"footnotes":""},"class_list":["post-4329","page","type-page","status-publish","hentry","nodate","item-wrap"],"jetpack_shortlink":"https:\/\/wp.me\/Pa3t0X-17P","jetpack_sharing_enabled":true,"_links":{"self":[{"href":"https:\/\/wp.ufpel.edu.br\/ppgmacsa\/wp-json\/wp\/v2\/pages\/4329","targetHints":{"allow":["GET"]}}],"collection":[{"href":"https:\/\/wp.ufpel.edu.br\/ppgmacsa\/wp-json\/wp\/v2\/pages"}],"about":[{"href":"https:\/\/wp.ufpel.edu.br\/ppgmacsa\/wp-json\/wp\/v2\/types\/page"}],"author":[{"embeddable":true,"href":"https:\/\/wp.ufpel.edu.br\/ppgmacsa\/wp-json\/wp\/v2\/users\/108"}],"replies":[{"embeddable":true,"href":"https:\/\/wp.ufpel.edu.br\/ppgmacsa\/wp-json\/wp\/v2\/comments?post=4329"}],"version-history":[{"count":3,"href":"https:\/\/wp.ufpel.edu.br\/ppgmacsa\/wp-json\/wp\/v2\/pages\/4329\/revisions"}],"predecessor-version":[{"id":4400,"href":"https:\/\/wp.ufpel.edu.br\/ppgmacsa\/wp-json\/wp\/v2\/pages\/4329\/revisions\/4400"}],"up":[{"embeddable":true,"href":"https:\/\/wp.ufpel.edu.br\/ppgmacsa\/wp-json\/wp\/v2\/pages\/4291"}],"wp:attachment":[{"href":"https:\/\/wp.ufpel.edu.br\/ppgmacsa\/wp-json\/wp\/v2\/media?parent=4329"}],"curies":[{"name":"wp","href":"https:\/\/api.w.org\/{rel}","templated":true}]}}