{"id":4408,"date":"2020-03-24T13:27:21","date_gmt":"2020-03-24T16:27:21","guid":{"rendered":"https:\/\/wp.ufpel.edu.br\/ppgl\/?page_id=4408"},"modified":"2020-03-24T13:27:21","modified_gmt":"2020-03-24T16:27:21","slug":"master","status":"publish","type":"page","link":"https:\/\/wp.ufpel.edu.br\/ppgl\/fr\/admission\/master\/","title":{"rendered":"Master"},"content":{"rendered":"<p>Il existe deux modalit\u00e9s d\u2019admission \u00e0 PPG Letras UFPel, en tant qu\u2019\u00e9tudiant sp\u00e9cial et en tant qu\u2019\u00e9tudiant r\u00e9gulier du Programme.<\/p>\n<ul>\n<li>Admission en tant qu\u2019\u00e9tudiant r\u00e9gulier<\/li>\n<\/ul>\n<p>Processus de s\u00e9lection des candidats int\u00e9ress\u00e9s \u00e0 se joindre au Programme \u00e0 titre d\u2019\u00e9tudiant r\u00e9gulier du cours.<\/p>\n<p>Ils peuvent s\u2019inscrire comme candidats, dipl\u00f4m\u00e9s en Lettres ou dans des domaines connexes, avec l\u2019approbation du Comit\u00e9 de S\u00e9lection.<\/p>\n<p>L\u2019examen de s\u00e9lection au Programme se d\u00e9roulera en deux phases, sous la responsabilit\u00e9 du Comit\u00e9 de S\u00e9lection.<\/p>\n<p>&nbsp;<\/p>\n<p><u>Premi\u00e8re phase<\/u><\/p>\n<p>Effectuer un test \u00e9crit, de caract\u00e8re \u00e9liminatoire. Le candidat doit obtenir une note minimale de 7,0. \u00a0Le test \u00e9crit de chaque ligne de recherche portera sur les th\u00e8mes pr\u00e9sents dans la bibliographie annuelle indiqu\u00e9e par le Cours.<\/p>\n<p>Le test \u00e9crit sera traduit en LIBRAS (Langue des Signes Br\u00e9silienne), par le candidat sourd, imm\u00e9diatement apr\u00e8s sa remise au Comit\u00e9 de S\u00e9lection. La lecture, r\u00e9alis\u00e9e dans une salle sp\u00e9cifique, sera enregistr\u00e9e par audio et vid\u00e9o. Il y aura la pr\u00e9sence d\u2019un interpr\u00e8te de LIBRAS pendant le test \u00e9crit et la lecture du test.<\/p>\n<p>Pour la note du test \u00e9crit, on consid\u00e9rera: l\u2019\u00e9laboration du contenu propos\u00e9 dans la question (jusqu\u2019\u00e0 <strong>2,0<\/strong> points par question); clart\u00e9 des id\u00e9es pr\u00e9sent\u00e9es par rapport au contenu de la question (jusqu\u2019\u00e0\u00a0 <strong>2,0<\/strong> points par question); qualit\u00e9 du texte concernant les aspects de la correction et de l\u2019ad\u00e9quation de la r\u00e9daction (jusqu\u2019\u00e0 <strong>2,0<\/strong> points par question); preuve d\u2019une capacit\u00e9 d\u2019analyse critique et r\u00e9flexive par rapport au contenu de la question (jusqu\u2019\u00e0 <strong>2,0<\/strong> points par question); l\u2019utilisation appropri\u00e9e de la bibliographie indiqu\u00e9e et la pr\u00e9sentation d\u2019autres titres et\/ou auteurs en plus de ceux qui ont \u00e9t\u00e9 indiqu\u00e9s (jusqu\u2019\u00e0 <strong>2,0<\/strong> points par question). La somme finale de tous les articles ne sera pas plus de <strong>10.<\/strong>\u00a0 Le score de l\u2019examen, jusqu\u2019\u00e0 <strong>10<\/strong>, r\u00e9sulte de la moyenne des questions.<\/p>\n<p>&nbsp;<\/p>\n<p><u>Deuxi\u00e8me phase<\/u><\/p>\n<p>\u00c9valuation du <em>curriculum vitae,<\/em> selon les crit\u00e8res \u00e9tablis dans le tableau de score <em>curriculum vitae<\/em>\u00a0 (Annexe <a href=\"https:\/\/wp.ufpel.edu.br\/ppgl\/files\/2018\/07\/ANEXO_2_MESTRADO.pdf\">2<\/a>) et d\u00e9taill\u00e9 dans le formulaire de preuve du <em>curriculum<\/em> <em>vitae<\/em> (annexe <a href=\"https:\/\/wp.ufpel.edu.br\/ppgl\/files\/2018\/07\/ANEXO_1_MESTRADO.pdf\">1<\/a>). Cette \u00e9tape est classificatoire.<\/p>\n<p>Pour obtenir les points de l\u2019analyse curriculaire, les activit\u00e9s suivantes seront prises en consid\u00e9ration :<\/p>\n<ol>\n<li>Dipl\u00f4mes et dipl\u00f4mes acad\u00e9miques;<\/li>\n<li>Production technique-scientifique au cours des six derni\u00e8res ann\u00e9es;<\/li>\n<li>Activit\u00e9s acad\u00e9miques et scientifiques au cours des six derni\u00e8res ann\u00e9es;<\/li>\n<li>Exp\u00e9rience professionnelle dans le domaine du cours des six derni\u00e8res ann\u00e9es.<\/li>\n<li><\/li>\n<\/ol>\n<p>Pour la classification dans le processus de <strong>s\u00e9lection:<\/strong> test \u00e9crit &#8211; valeur 7; analyse <em>curriculum<\/em> <em>vitae<\/em> &#8211; poids 3. La note finale sera le r\u00e9sultat de la moyenne : [(Valeur 7) Test \u00e9crit et (Valeur 3) <em>curriculum<\/em>].<\/p>\n<p>Le nombre de postes vacants est divulgu\u00e9 par le Programme lors du lancement de chaque avis de s\u00e9lection, soit de vingt-cinq pourcent (25 %) des postes vacants r\u00e9serv\u00e9s aux noirs, quilombolas, indig\u00e8nes ou handicap\u00e9s.<\/p>\n<p>Au moment de l\u2019inscription, il ne faut pas avoir r\u00e9ussi \u00e0 un test de comp\u00e9tence linguistique, puisqu\u2019il peut \u00eatre pr\u00e9sent\u00e9 au cours de la premi\u00e8re ann\u00e9e du Programme. La preuve d\u2019approbation sera accept\u00e9e dans le cas d\u2019un test de comp\u00e9tence en lecture en langue \u00e9trang\u00e8re (allemand, espagnol, fran\u00e7ais ou anglais) d\u00e9livr\u00e9 ou reconnu par le Centre de Lettres et Communication de l\u2019UFPEL (les certifications internationales ou \u00e9mises par d\u2019autres Institutions d\u2019Enseignement Sup\u00e9rieur sont reconnues).<\/p>\n<p>Pour les dipl\u00f4m\u00e9s en allemand, espagnol, fran\u00e7ais ou anglais et pour les candidats sourds, ayant LIBRAS comme langue maternelle et qui ont un dipl\u00f4me au Br\u00e9sil, la preuve d\u2019approbation dans un test de comp\u00e9tence linguistique ne sera pas n\u00e9cessaire.<\/p>\n<p>&nbsp;<\/p>\n<ul>\n<li>Admission en tant qu\u2019\u00e9tudiant sp\u00e9cial<\/li>\n<\/ul>\n<p>Processus de s\u00e9lection des candidats int\u00e9ress\u00e9s \u00e0 suivre des cours \u00e9lectifs en tant qu\u2019\u00e9tudiant sur une base sp\u00e9ciale.<\/p>\n<p>Les dipl\u00f4m\u00e9s en Lettres ou dans des domaines connexes peuvent \u00eatre inscrits comme candidats, avec l\u2019approbation de la Coordination du programme.<\/p>\n<p>&nbsp;<\/p>\n","protected":false},"excerpt":{"rendered":"<p>Il existe deux modalit\u00e9s d\u2019admission \u00e0 PPG Letras UFPel, en tant qu\u2019\u00e9tudiant sp\u00e9cial et en tant qu\u2019\u00e9tudiant r\u00e9gulier du Programme. Admission en tant qu\u2019\u00e9tudiant r\u00e9gulier Processus de s\u00e9lection des candidats int\u00e9ress\u00e9s \u00e0 se joindre au Programme \u00e0 titre d\u2019\u00e9tudiant r\u00e9gulier du cours. Ils peuvent s\u2019inscrire comme candidats, dipl\u00f4m\u00e9s en Lettres ou dans des domaines connexes, [&hellip;]<\/p>\n","protected":false},"author":253,"featured_media":0,"parent":4403,"menu_order":0,"comment_status":"closed","ping_status":"closed","template":"","meta":{"jetpack_post_was_ever_published":false,"footnotes":""},"class_list":["post-4408","page","type-page","status-publish","hentry"],"jetpack_sharing_enabled":true,"jetpack_shortlink":"https:\/\/wp.me\/P8vD3Q-196","_links":{"self":[{"href":"https:\/\/wp.ufpel.edu.br\/ppgl\/wp-json\/wp\/v2\/pages\/4408","targetHints":{"allow":["GET"]}}],"collection":[{"href":"https:\/\/wp.ufpel.edu.br\/ppgl\/wp-json\/wp\/v2\/pages"}],"about":[{"href":"https:\/\/wp.ufpel.edu.br\/ppgl\/wp-json\/wp\/v2\/types\/page"}],"author":[{"embeddable":true,"href":"https:\/\/wp.ufpel.edu.br\/ppgl\/wp-json\/wp\/v2\/users\/253"}],"replies":[{"embeddable":true,"href":"https:\/\/wp.ufpel.edu.br\/ppgl\/wp-json\/wp\/v2\/comments?post=4408"}],"version-history":[{"count":1,"href":"https:\/\/wp.ufpel.edu.br\/ppgl\/wp-json\/wp\/v2\/pages\/4408\/revisions"}],"predecessor-version":[{"id":4410,"href":"https:\/\/wp.ufpel.edu.br\/ppgl\/wp-json\/wp\/v2\/pages\/4408\/revisions\/4410"}],"up":[{"embeddable":true,"href":"https:\/\/wp.ufpel.edu.br\/ppgl\/wp-json\/wp\/v2\/pages\/4403"}],"wp:attachment":[{"href":"https:\/\/wp.ufpel.edu.br\/ppgl\/wp-json\/wp\/v2\/media?parent=4408"}],"curies":[{"name":"wp","href":"https:\/\/api.w.org\/{rel}","templated":true}]}}