{"id":3883,"date":"2019-07-19T10:44:04","date_gmt":"2019-07-19T13:44:04","guid":{"rendered":"https:\/\/wp.ufpel.edu.br\/ppgl\/?page_id=3883"},"modified":"2019-09-04T10:31:06","modified_gmt":"2019-09-04T13:31:06","slug":"maestria","status":"publish","type":"page","link":"https:\/\/wp.ufpel.edu.br\/ppgl\/es\/seleccion\/maestria\/","title":{"rendered":"Maestr\u00eda"},"content":{"rendered":"<p style=\"text-align: justify\">Existen dos modalidades para el ingreso en el Programa de Posgrado en Letras (PPG Letras) de UFPel: (1) como alumno especial y (2) como alumno regular del Programa.<\/p>\n<ul style=\"text-align: justify\">\n<li>Ingreso como alumno regular<\/li>\n<\/ul>\n<p style=\"text-align: justify\">Proceso de selecci\u00f3n de candidatos para ingreso en el PPG como alumno regular.<\/p>\n<p style=\"text-align: justify\">Podr\u00e1n inscribirse como candidatos a alumno regular del PPG Letras de UFPel los que posean t\u00edtulo universitario en Letras o \u00e1reas afines, quedando la homologaci\u00f3n de la inscripci\u00f3n condicionada al an\u00e1lisis de la Comisi\u00f3n de Selecci\u00f3n.<\/p>\n<p style=\"text-align: justify\">El examen de selecci\u00f3n ocurrir\u00e1 en dos etapas a cargo de la Comisi\u00f3n de Selecci\u00f3n designada por el PPG.<\/p>\n<p>&nbsp;<\/p>\n<p style=\"text-align: justify\"><u>Primera fase<\/u><\/p>\n<p style=\"text-align: justify\">Comprende la realizaci\u00f3n de una evaluaci\u00f3n escrita, de car\u00e1cter eliminatorio, en la que el candidato debe obtener nota m\u00ednima &gt; 7,0. La evaluaci\u00f3n escrita de cada l\u00ednea de investigaci\u00f3n tratar\u00e1\u00a0 de tem\u00e1ticas presentes en la bibliograf\u00eda que anualmente es indicada por el PPG.<\/p>\n<p style=\"text-align: justify\">El candidato sordo tendr\u00e1 derecho a que su evaluaci\u00f3n sea traducida a LIBRAS [de la sigla en portugu\u00e9s para Lengua Brasile\u00f1a de Se\u00f1as].\u00a0 A todos los candidatos se solicitar\u00e1 que lean p\u00fablicamente la evaluaci\u00f3n escrita en sesi\u00f3n formal, a ser realizada en una sala espec\u00edfica del PPG, y la cual ser\u00e1 grabada en audio y video. Habr\u00e1 la presencia de int\u00e9rprete de LIBRAS durante la realizaci\u00f3n de la evaluaci\u00f3n escrita y de la lectura de la evaluaci\u00f3n en LIBRAS.<\/p>\n<p style=\"text-align: justify\">Para calcular el promedio de la evaluaci\u00f3n escrita, ser\u00e1n considerados los siguientes criterios: el buen desarrollo del tema solicitado (hasta 2.0 puntos por cuesti\u00f3n); la claridad de las ideas presentadas en la exposici\u00f3n (hasta 2.0 puntos por cuesti\u00f3n); la cualidad del texto con relaci\u00f3n a los aspectos de correcci\u00f3n y adecuaci\u00f3n de la escritura (hasta 2.0 puntos por cuesti\u00f3n); el an\u00e1lisis cr\u00edtico y reflexivo respecto al contenido (hasta 2.0 puntos por cuesti\u00f3n); la utilizaci\u00f3n adecuada de la bibliograf\u00eda indicada por el PPG y la presentaci\u00f3n de otros t\u00edtulos y\/o autores adem\u00e1s de los indicados (hasta 2.0 puntos por cuesti\u00f3n). La suma de todos los criterios evaluados alcanzar\u00e1 10 (diez) puntos como m\u00e1ximo. El resultado final ser\u00e1 obtenido a partir del promedio de todas las cuestiones.<\/p>\n<p style=\"text-align: justify\">Segunda etapa<\/p>\n<p style=\"text-align: justify\">Evaluaci\u00f3n del <em>curriculum vitae<\/em> con documentos probatorios, de acuerdo con criterios establecidos en la Tabla de Puntuaci\u00f3n de <em>Curriculum Vitae<\/em> (Anexo 2) y detallados en el Formulario de Comprobaci\u00f3n <em>de Curriculum Vitae<\/em> (Anexo 1). Esta etapa es clasificatoria.<\/p>\n<p>&nbsp;<\/p>\n<p style=\"text-align: justify\">El an\u00e1lisis curricular considerar\u00e1 las siguientes actividades:<\/p>\n<ol style=\"text-align: justify\">\n<li>Grados y t\u00edtulos universitarios;<\/li>\n<li>Producci\u00f3n t\u00e9cnica y cient\u00edfica en los \u00faltimos seis a\u00f1os;<\/li>\n<li>Actividades acad\u00e9micas y cient\u00edficas en los \u00faltimos seis a\u00f1os;<\/li>\n<li>Experiencia profesional en el \u00e1rea de Letras y afines en los \u00faltimos seis a\u00f1os.<\/li>\n<\/ol>\n<p style=\"text-align: justify\">Para la clasificaci\u00f3n en el proceso selectivo, se consideran: prueba escrita &#8211; valor 7; an\u00e1lisis del Curriculum Vitae &#8211; valor 3. El resultado final ser\u00e1 obtenido a partir de la f\u00f3rmula: [(Valor 7) Evaluaci\u00f3n Escrita + (Valor 3) an\u00e1lisis de curriculum]<\/p>\n<p style=\"text-align: justify\">El n\u00famero de plazas disponibles ser\u00e1 divulgado por el PPG a cada convocatoria de selecci\u00f3n. El 25% (veinticinco por ciento de las plazas totales ser\u00e1n reservadas para personas negras, o provenientes del grupo \u00e9tnico \u201cquilombolas\u201d, o ind\u00edgenas o a\u00fan personas con discapacidad.<\/p>\n<p style=\"text-align: justify\">En el momento de la inscripci\u00f3n no se exigir\u00e1 la proficiencia en lengua extranjera, la cual podr\u00e1 ser presentada durante el transcurso del primer a\u00f1o de formaci\u00f3n. Se aceptar\u00e1 comprobante de aprobaci\u00f3n en examen de competencia lectora en lengua extranjera (alem\u00e1n, espa\u00f1ol, franc\u00e9s, ingl\u00e9s) emitido o reconocido por el Centro de Letras y Comunicaci\u00f3n de la UFPEL (se reconocen certificados internacionales o aquellos emitidos por otras universidades brasile\u00f1as).<\/p>\n<p style=\"text-align: justify\">Para los licenciados en Letras &#8211; Alem\u00e1n, Espa\u00f1ol, Franc\u00e9s o Ingl\u00e9s y para los candidatos sordos que tengan LIBRAS como lengua materna y se hayan diplomado en Brasil, no ser\u00e1 necesaria la comprobaci\u00f3n de aprobaci\u00f3n\u00a0 en el examen de proficiencia en lenguas.<\/p>\n<ul style=\"text-align: justify\">\n<li style=\"text-align: justify\">Ingreso como alumno especial<\/li>\n<\/ul>\n<p style=\"text-align: justify\">Proceso de selecci\u00f3n de candidatos interesados en cursar asignaturas optativas como alumno especial.<\/p>\n<p style=\"text-align: justify\">Podr\u00e1n inscribirse los Graduados en Letras o \u00e1reas afines, a criterio de la Coordinaci\u00f3n del PPG.<\/p>\n","protected":false},"excerpt":{"rendered":"<p>Existen dos modalidades para el ingreso en el Programa de Posgrado en Letras (PPG Letras) de UFPel: (1) como alumno especial y (2) como alumno regular del Programa. Ingreso como alumno regular Proceso de selecci\u00f3n de candidatos para ingreso en el PPG como alumno regular. Podr\u00e1n inscribirse como candidatos a alumno regular del PPG Letras [&hellip;]<\/p>\n","protected":false},"author":253,"featured_media":0,"parent":3877,"menu_order":0,"comment_status":"closed","ping_status":"closed","template":"","meta":{"jetpack_post_was_ever_published":false,"footnotes":""},"class_list":["post-3883","page","type-page","status-publish","hentry"],"jetpack_sharing_enabled":true,"jetpack_shortlink":"https:\/\/wp.me\/P8vD3Q-10D","_links":{"self":[{"href":"https:\/\/wp.ufpel.edu.br\/ppgl\/wp-json\/wp\/v2\/pages\/3883","targetHints":{"allow":["GET"]}}],"collection":[{"href":"https:\/\/wp.ufpel.edu.br\/ppgl\/wp-json\/wp\/v2\/pages"}],"about":[{"href":"https:\/\/wp.ufpel.edu.br\/ppgl\/wp-json\/wp\/v2\/types\/page"}],"author":[{"embeddable":true,"href":"https:\/\/wp.ufpel.edu.br\/ppgl\/wp-json\/wp\/v2\/users\/253"}],"replies":[{"embeddable":true,"href":"https:\/\/wp.ufpel.edu.br\/ppgl\/wp-json\/wp\/v2\/comments?post=3883"}],"version-history":[{"count":3,"href":"https:\/\/wp.ufpel.edu.br\/ppgl\/wp-json\/wp\/v2\/pages\/3883\/revisions"}],"predecessor-version":[{"id":4030,"href":"https:\/\/wp.ufpel.edu.br\/ppgl\/wp-json\/wp\/v2\/pages\/3883\/revisions\/4030"}],"up":[{"embeddable":true,"href":"https:\/\/wp.ufpel.edu.br\/ppgl\/wp-json\/wp\/v2\/pages\/3877"}],"wp:attachment":[{"href":"https:\/\/wp.ufpel.edu.br\/ppgl\/wp-json\/wp\/v2\/media?parent=3883"}],"curies":[{"name":"wp","href":"https:\/\/api.w.org\/{rel}","templated":true}]}}