{"id":500,"date":"2017-06-22T12:03:04","date_gmt":"2017-06-22T15:03:04","guid":{"rendered":"https:\/\/wp.ufpel.edu.br\/ppgh\/?page_id=500"},"modified":"2017-06-22T12:38:25","modified_gmt":"2017-06-22T15:38:25","slug":"turma-2013","status":"publish","type":"page","link":"https:\/\/wp.ufpel.edu.br\/ppgh\/turma-2013\/","title":{"rendered":"Turma 2013"},"content":{"rendered":"<p>Dario Milech Neto<\/p>\n<p><a href=\"https:\/\/wp.ufpel.edu.br\/ppgh\/files\/2017\/06\/D\u00e1rio-Milech-Neto.pdf\">Um ilustrado nas fronteiras da alteridade:F\u00e9lix de Azara e a quest\u00e3o do \u201coutro\u201d<\/a><\/p>\n<p>&nbsp;<\/p>\n<p>D\u00e9bora Strieder Kreuz<\/p>\n<p><a href=\"https:\/\/wp.ufpel.edu.br\/ppgh\/files\/2017\/06\/D\u00e9bora-Strieder.pdf\">\u201cElas t\u00eam um outro jeito de ser, de resistir\u201d: a narrativa de mulheres sobre o feminismo e a sua milit\u00e2ncia durante a ditadura civil-militar brasileira.<\/a><\/p>\n<p>&nbsp;<\/p>\n<p>Helissa Renata\u00a0Grundeman<\/p>\n<p><a href=\"https:\/\/wp.ufpel.edu.br\/ppgh\/files\/2017\/06\/HELISSA-GR\u00dcNDEMANN.pdf\">\u201cQuando as pessoas lembram da Ilha, elas lembram da Jurupiga\u201d :mem\u00f3ria, tradi\u00e7\u00e3o e patrim\u00f4nio na Ilha dos Marinheiros (Rio Grande\/RS)<\/a><\/p>\n<p>&nbsp;<\/p>\n<p>Jean Pierre Teixeira da Silva<\/p>\n<p><a href=\"https:\/\/wp.ufpel.edu.br\/ppgh\/files\/2017\/06\/Jean-Pierre-Teixeira-da-Silva.pdf\">As Doze Horas que Abalaram Pelotas: um Estudo de Caso da Revolu\u00e7\u00e3o de 1923<\/a><\/p>\n<p>&nbsp;<\/p>\n<p>J\u00falio Ribeiro Xavier<\/p>\n<p><a href=\"https:\/\/wp.ufpel.edu.br\/ppgh\/files\/2017\/06\/J\u00falio-Ribeiro-Xavier.pdf\">A HIST\u00d3RIA DO BATALH\u00c3O SUEZ: A\u00c7\u00d5ES, REA\u00c7\u00d5ES E ARTICULA\u00c7\u00d5ES COTIDIANAS NA FAIXA DE GAZA (1957-1967).<\/a><\/p>\n<p>&nbsp;<\/p>\n<p>L\u00f3ren Nunes da Rocha<\/p>\n<p><a href=\"https:\/\/wp.ufpel.edu.br\/ppgh\/files\/2017\/06\/L\u00f3ren-Rocha.pdf\">\u201cIndisciplinados os que adoecem e n\u00f4mades os que reclamam f\u00e9rias\u201d:A sa\u00fade nos autos trabalhistas de Pelotas (1936-1945)<\/a><\/p>\n<p>&nbsp;<\/p>\n<p>Marcello de Albuquerque Maranh\u00e3o<\/p>\n<p><a href=\"https:\/\/wp.ufpel.edu.br\/ppgh\/files\/2017\/06\/Marcello-de-Albuquerque.pdf\">A HISTORIOGRAFIA DAS INTERA\u00c7\u00d5ES GRECO-S\u00cdCELAS, DO S\u00c9CULO VIII AO V: novas identidades no mundo pol\u00edade ocidental?<\/a><\/p>\n<p>&nbsp;<\/p>\n<p>Rodrigo Salaberry dos Santos<\/p>\n<p><a href=\"https:\/\/wp.ufpel.edu.br\/ppgh\/files\/2017\/06\/Rodrigo-Salaberry.pdf\">ESFOR\u00c7O DE GUERRA: A mobiliza\u00e7\u00e3o portuguesa para socorrer a Col\u00f4nia do Sacramento e o cotidiano da guerra (1735 \u2013 1737)<\/a><\/p>\n<p>&nbsp;<\/p>\n<p>Sara Teixeira Munaretto<\/p>\n<p><a href=\"https:\/\/wp.ufpel.edu.br\/ppgh\/files\/2017\/06\/Sara-Teixeira.pdf\">EM CENA: O SETE DE ABRIL E O TEATRO DOS CORPOS NA PELOTAS OITOCENTISTA.<\/a><\/p>\n<p>&nbsp;<\/p>\n<p>Vitor Bernardi B\u00fcndchen<\/p>\n<p><a href=\"https:\/\/wp.ufpel.edu.br\/ppgh\/files\/2017\/06\/Vitor-Bundchen.pdf\">Representa\u00e7\u00f5es Cinematogr\u00e1ficas da M\u00e1fia Norte-Americana e suas rela\u00e7\u00f5es com a Hist\u00f3ria<\/a><\/p>\n<p>&nbsp;<\/p>\n<p>&nbsp;<\/p>\n","protected":false},"excerpt":{"rendered":"<p>Dario Milech Neto Um ilustrado nas fronteiras da alteridade:F\u00e9lix de Azara e a quest\u00e3o do \u201coutro\u201d &nbsp; D\u00e9bora Strieder Kreuz \u201cElas t\u00eam um outro jeito de ser, de resistir\u201d: a narrativa de mulheres sobre o feminismo e a sua milit\u00e2ncia durante a ditadura civil-militar brasileira. &nbsp; Helissa Renata\u00a0Grundeman \u201cQuando as pessoas lembram da Ilha, elas [&hellip;]<\/p>\n","protected":false},"author":57,"featured_media":0,"parent":0,"menu_order":0,"comment_status":"closed","ping_status":"closed","template":"","meta":{"footnotes":""},"class_list":["post-500","page","type-page","status-publish","hentry"],"_links":{"self":[{"href":"https:\/\/wp.ufpel.edu.br\/ppgh\/wp-json\/wp\/v2\/pages\/500","targetHints":{"allow":["GET"]}}],"collection":[{"href":"https:\/\/wp.ufpel.edu.br\/ppgh\/wp-json\/wp\/v2\/pages"}],"about":[{"href":"https:\/\/wp.ufpel.edu.br\/ppgh\/wp-json\/wp\/v2\/types\/page"}],"author":[{"embeddable":true,"href":"https:\/\/wp.ufpel.edu.br\/ppgh\/wp-json\/wp\/v2\/users\/57"}],"replies":[{"embeddable":true,"href":"https:\/\/wp.ufpel.edu.br\/ppgh\/wp-json\/wp\/v2\/comments?post=500"}],"version-history":[{"count":5,"href":"https:\/\/wp.ufpel.edu.br\/ppgh\/wp-json\/wp\/v2\/pages\/500\/revisions"}],"predecessor-version":[{"id":517,"href":"https:\/\/wp.ufpel.edu.br\/ppgh\/wp-json\/wp\/v2\/pages\/500\/revisions\/517"}],"wp:attachment":[{"href":"https:\/\/wp.ufpel.edu.br\/ppgh\/wp-json\/wp\/v2\/media?parent=500"}],"curies":[{"name":"wp","href":"https:\/\/api.w.org\/{rel}","templated":true}]}}