{"id":2945,"date":"2023-03-29T09:07:16","date_gmt":"2023-03-29T12:07:16","guid":{"rendered":"https:\/\/wp.ufpel.edu.br\/ppgh\/?page_id=2945"},"modified":"2023-04-04T18:01:42","modified_gmt":"2023-04-04T21:01:42","slug":"turma-2020","status":"publish","type":"page","link":"https:\/\/wp.ufpel.edu.br\/ppgh\/turma-2020\/","title":{"rendered":"Turma 2020"},"content":{"rendered":"<p><span style=\"font-family: arial, helvetica, sans-serif;color: #000000\">ALLAN GOMES SILVA PEREIRA<\/span><\/p>\n<p><span style=\"font-family: arial, helvetica, sans-serif;color: #000000\"><a style=\"color: #000000\" href=\"http:\/\/guaiaca.ufpel.edu.br\/handle\/prefix\/9203\">&#8220;Sem arma, mas com inten\u00e7\u00e3o&#8221;: a atua\u00e7\u00e3o do movimento estudantil em Pelotas no pr\u00e9-golpe civil-militar ao AI-5 (1961-1968)<\/a><\/span><\/p>\n<p>&nbsp;<\/p>\n<p><span style=\"font-family: arial, helvetica, sans-serif;color: #000000\">ANGELO BIERHALS ZARNOT<\/span><\/p>\n<p><span style=\"font-family: arial, helvetica, sans-serif;color: #000000\"><a style=\"color: #000000\" href=\"http:\/\/guaiaca.ufpel.edu.br\/handle\/prefix\/9220\">A Campanha da legalidade de 1961 na imprensa, as repercuss\u00f5es sobre o movimento nas p\u00e1ginas da Tribuna da Imprensa e do Di\u00e1rio de Not\u00edcias<\/a><\/span><\/p>\n<p>&nbsp;<\/p>\n<p><span style=\"font-family: arial, helvetica, sans-serif;color: #000000\">BRUNA GABRIELLE SILVA ZANETTI<\/span><\/p>\n<p><span style=\"font-family: arial, helvetica, sans-serif;color: #000000\"><a style=\"color: #000000\" href=\"http:\/\/guaiaca.ufpel.edu.br\/handle\/prefix\/9221\">\u201cDisse ser seu \u00fanico arrependimento apenas n\u00e3o ter conseguido assassinar Const\u00e2ncia\u201d: perspectivas acerca de rela\u00e7\u00f5es de g\u00eanero, interseccionalidade e crime em Pelotas (1861 -1888)<\/a><\/span><\/p>\n<p>&nbsp;<\/p>\n<p><span style=\"font-family: arial, helvetica, sans-serif;color: #000000\">BRUNO DOS SANTOS BENGOCHEA<\/span><\/p>\n<p><span style=\"font-family: arial, helvetica, sans-serif;color: #000000\"><a style=\"color: #000000\" href=\"http:\/\/guaiaca.ufpel.edu.br\/handle\/prefix\/9222\">Fatos e Coisas de Antanho do Rio Grande: facebook, mem\u00f3ria fotogr\u00e1fica e hist\u00f3ria digital<\/a><\/span><\/p>\n<p>&nbsp;<\/p>\n<p><span style=\"font-family: arial, helvetica, sans-serif;color: #000000\">BRUNO EINHARDT BIERHALS<\/span><\/p>\n<p><span style=\"font-family: arial, helvetica, sans-serif;color: #000000\"><a style=\"color: #000000\" href=\"http:\/\/guaiaca.ufpel.edu.br\/handle\/prefix\/9223\">A f\u00e9 sub judice: germanidade e f\u00e9 luterana no extremo Sul do Brasil<\/a><\/span><\/p>\n<p>&nbsp;<\/p>\n<p><span style=\"font-family: arial, helvetica, sans-serif;color: #000000\">CAMILA MENEGUEL ARENHART<\/span><\/p>\n<p><span style=\"font-family: arial, helvetica, sans-serif;color: #000000\"><a style=\"color: #000000\" href=\"http:\/\/guaiaca.ufpel.edu.br\/handle\/prefix\/9224\">\u201cE naquela \u00e9poca, n\u00e3o sei porque, se era mulher tinha que ser normal\u201d: hist\u00f3rias de vida de mulheres professoras, em Pelotas-RS (1950 a 1970)<\/a><\/span><\/p>\n<p>&nbsp;<\/p>\n<p><span style=\"font-family: arial, helvetica, sans-serif;color: #000000\">DARLISE GON\u00c7ALVES DE GON\u00c7ALVES<\/span><\/p>\n<p><span style=\"font-family: arial, helvetica, sans-serif;color: #000000\"><a style=\"color: #000000\" href=\"http:\/\/guaiaca.ufpel.edu.br\/handle\/prefix\/9225\">Acolhei aos perseguidos! Redes de mobilidade que salvaguardavam vidas na fronteira entre o Brasil e o Uruguai (1964-1975)<\/a><\/span><\/p>\n<p>&nbsp;<\/p>\n<p><span style=\"font-family: arial, helvetica, sans-serif;color: #000000\">DENISE VIEIRA DA SILVA<\/span><\/p>\n<p><span style=\"font-family: arial, helvetica, sans-serif;color: #000000\"><a style=\"color: #000000\" href=\"http:\/\/guaiaca.ufpel.edu.br\/handle\/prefix\/9226\">O canibal, o b\u00fafalo e o drag\u00e3o: an\u00e1lise representativa dos personagens Hannibal Lecter, Jame Gumb e Francis Dolarhyde atrav\u00e9s do estilo f\u00edlmico (1991-2007)<\/a><\/span><\/p>\n<p>&nbsp;<\/p>\n<p><span style=\"font-family: arial, helvetica, sans-serif;color: #000000\">DOUGLAS DA SILVA NUNES<\/span><\/p>\n<p><span style=\"font-family: arial, helvetica, sans-serif;color: #000000\"><a style=\"color: #000000\" href=\"http:\/\/guaiaca.ufpel.edu.br\/handle\/prefix\/9228\">Espa\u00e7o dos vivos, espa\u00e7o dos mortos: transforma\u00e7\u00f5es das atitudes perante a morte na cidade do Rio Grande\/RS do s\u00e9culo XIX<\/a><\/span><\/p>\n<p>&nbsp;<\/p>\n<p><span style=\"font-family: arial, helvetica, sans-serif;color: #000000\">DOUGLAS FERREIRA DOS SANTOS<\/span><\/p>\n<p><span style=\"font-family: arial, helvetica, sans-serif;color: #000000\"><a style=\"color: #000000\" href=\"http:\/\/guaiaca.ufpel.edu.br\/handle\/prefix\/9227\">\u201cCollor\u201dindo as p\u00e1ginas da revista Veja: a representa\u00e7\u00e3o visual e textual de Fernando Collor de Mello e o movimento dos caras pintadas<\/a><\/span><\/p>\n<p>&nbsp;<\/p>\n<p><span style=\"font-family: arial, helvetica, sans-serif;color: #000000\">ETIANE CARVALHO NUNES<\/span><\/p>\n<p><span style=\"font-family: arial, helvetica, sans-serif;color: #000000\"><a style=\"color: #000000\" href=\"http:\/\/guaiaca.ufpel.edu.br\/handle\/prefix\/9229\">&#8220;Mostrai-vos denodadas, generosas, caritativas, verdadeiras riograndenses\u201d: a participa\u00e7\u00e3o de mulheres na campanha abolicionista de Pelotas e Rio Grande (1880- 1888)<\/a><\/span><\/p>\n<p>&nbsp;<\/p>\n<p><span style=\"font-family: arial, helvetica, sans-serif;color: #000000\">EULER FABRES ZANETTI<\/span><\/p>\n<p><span style=\"font-family: arial, helvetica, sans-serif;color: #000000\"><a style=\"color: #000000\" href=\"http:\/\/guaiaca.ufpel.edu.br\/handle\/prefix\/9242\">As comemora\u00e7\u00f5es da Lei \u00c1urea pelas p\u00e1ginas dos jornais A Federa\u00e7\u00e3o (RS) e O Paiz (RJ), 1888-1928<\/a><\/span><\/p>\n<p>&nbsp;<\/p>\n<p><span style=\"font-family: arial, helvetica, sans-serif;color: #000000\">FABR\u00cdCIO DE OLIVEIRA FARIAS<\/span><\/p>\n<p>&nbsp;<\/p>\n<p><span style=\"font-family: arial, helvetica, sans-serif;color: #000000\">FL\u00c1VIA RODRIGUES DE FREITAS<\/span><\/p>\n<p><span style=\"font-family: arial, helvetica, sans-serif;color: #000000\"><a style=\"color: #000000\" href=\"http:\/\/guaiaca.ufpel.edu.br\/handle\/prefix\/9230\">Concurso p\u00fablico, igualdade e o direito \u00e0 conviv\u00eancia: trajet\u00f3rias de servidores ingressantes por meio da reserva de vagas para pessoas com defici\u00eancia da Universidade Federal de Pelotas\/RS (1999-2020)<\/a><\/span><\/p>\n<p>&nbsp;<\/p>\n<p><span style=\"font-family: arial, helvetica, sans-serif;color: #000000\">LUCIANA MECKING ARANTES<\/span><\/p>\n<p><span style=\"font-family: arial, helvetica, sans-serif;color: #000000\"><a style=\"color: #000000\" href=\"http:\/\/guaiaca.ufpel.edu.br\/handle\/prefix\/9231\">A (re) apresenta\u00e7\u00e3o de inquisidores: a constru\u00e7\u00e3o da masculinidade nas narrativas f\u00edlmicas \u201cO po\u00e7o e o p\u00eandulo\u201d (1961 e 1991)<\/a><\/span><\/p>\n<p>&nbsp;<\/p>\n<p><span style=\"font-family: arial, helvetica, sans-serif;color: #000000\">MATHEUS SILVA DA SILVA<\/span><\/p>\n<p><span style=\"font-family: arial, helvetica, sans-serif;color: #000000\"><a style=\"color: #000000\" href=\"http:\/\/guaiaca.ufpel.edu.br\/handle\/prefix\/9232\">Rio Grande kaos: hist\u00f3ria e mem\u00f3rias do Movimento Punk da cidade de Rio Grande\/RS (1980 \u2013 1999)<\/a><\/span><\/p>\n<p>&nbsp;<\/p>\n<p><span style=\"font-family: arial, helvetica, sans-serif;color: #000000\">NYCOLE SCHMITT ANDRADE<\/span><\/p>\n<p><span style=\"font-family: arial, helvetica, sans-serif;color: #000000\"><a style=\"color: #000000\" href=\"http:\/\/guaiaca.ufpel.edu.br\/handle\/prefix\/9233\">\u201cOrdenai, ent\u00e3o, e sereis obedecido \u2013 do companheiro grato e soldado\u201d: a pol\u00edtica na fronteira Sul e os coron\u00e9is correspondentes de Borges de Medeiros (Jaguar\u00e3o, 1898-1928)<\/a><\/span><\/p>\n<p>&nbsp;<\/p>\n<p><span style=\"font-family: arial, helvetica, sans-serif;color: #000000\">VITOR WIETH PORTO<\/span><\/p>\n<p><span style=\"font-family: arial, helvetica, sans-serif;color: #000000\"><a style=\"color: #000000\" href=\"http:\/\/guaiaca.ufpel.edu.br\/handle\/prefix\/9234\">A defesa da honra no Imp\u00e9rio do Brasil: os duelos na corte pelas p\u00e1ginas do Jornal do Commercio e Gazeta de Not\u00edcias (1870-1889)<\/a><\/span><\/p>\n","protected":false},"excerpt":{"rendered":"<p>ALLAN GOMES SILVA PEREIRA &#8220;Sem arma, mas com inten\u00e7\u00e3o&#8221;: a atua\u00e7\u00e3o do movimento estudantil em Pelotas no pr\u00e9-golpe civil-militar ao AI-5 (1961-1968) &nbsp; ANGELO BIERHALS ZARNOT A Campanha da legalidade de 1961 na imprensa, as repercuss\u00f5es sobre o movimento nas p\u00e1ginas da Tribuna da Imprensa e do Di\u00e1rio de Not\u00edcias &nbsp; BRUNA GABRIELLE SILVA ZANETTI [&hellip;]<\/p>\n","protected":false},"author":57,"featured_media":0,"parent":0,"menu_order":0,"comment_status":"closed","ping_status":"closed","template":"","meta":{"footnotes":""},"class_list":["post-2945","page","type-page","status-publish","hentry"],"_links":{"self":[{"href":"https:\/\/wp.ufpel.edu.br\/ppgh\/wp-json\/wp\/v2\/pages\/2945","targetHints":{"allow":["GET"]}}],"collection":[{"href":"https:\/\/wp.ufpel.edu.br\/ppgh\/wp-json\/wp\/v2\/pages"}],"about":[{"href":"https:\/\/wp.ufpel.edu.br\/ppgh\/wp-json\/wp\/v2\/types\/page"}],"author":[{"embeddable":true,"href":"https:\/\/wp.ufpel.edu.br\/ppgh\/wp-json\/wp\/v2\/users\/57"}],"replies":[{"embeddable":true,"href":"https:\/\/wp.ufpel.edu.br\/ppgh\/wp-json\/wp\/v2\/comments?post=2945"}],"version-history":[{"count":6,"href":"https:\/\/wp.ufpel.edu.br\/ppgh\/wp-json\/wp\/v2\/pages\/2945\/revisions"}],"predecessor-version":[{"id":3239,"href":"https:\/\/wp.ufpel.edu.br\/ppgh\/wp-json\/wp\/v2\/pages\/2945\/revisions\/3239"}],"wp:attachment":[{"href":"https:\/\/wp.ufpel.edu.br\/ppgh\/wp-json\/wp\/v2\/media?parent=2945"}],"curies":[{"name":"wp","href":"https:\/\/api.w.org\/{rel}","templated":true}]}}