{"id":55,"date":"2016-02-23T17:17:27","date_gmt":"2016-02-23T20:17:27","guid":{"rendered":"https:\/\/wp.ufpel.edu.br\/ppgfil\/?page_id=55"},"modified":"2025-08-26T15:50:43","modified_gmt":"2025-08-26T18:50:43","slug":"dissertacoes","status":"publish","type":"page","link":"https:\/\/wp.ufpel.edu.br\/ppgfil\/dissertacoes\/","title":{"rendered":"Disserta\u00e7\u00f5es e Teses"},"content":{"rendered":"<p>&nbsp;<\/p>\n<p><strong>Teses 2024<\/strong><\/p>\n<p><a href=\"https:\/\/sucupira-legado.capes.gov.br\/sucupira\/public\/consultas\/coleta\/trabalhoConclusao\/viewTrabalhoConclusao.jsf?popup=true&amp;id_trabalho=16777346\">HANNAH ARENDT: REP\u00daBLICA E LIBERDADE<\/a><\/p>\n<p><span style=\"font-size: 10pt;\">ROSSANA BATISTA PADILHA<\/span><\/p>\n<p><a href=\"https:\/\/sucupira-legado.capes.gov.br\/sucupira\/public\/consultas\/coleta\/trabalhoConclusao\/viewTrabalhoConclusao.jsf?popup=true&amp;id_trabalho=16777689\">PROBLEMAS BIOPOL\u00cdTICOS: CORPO, RA\u00c7A E VIOL\u00caNCIA<\/a><\/p>\n<p><span style=\"font-size: 10pt;\">BRUNA DOS SANTOS LEITE<\/span><\/p>\n<p><a href=\"https:\/\/sucupira-legado.capes.gov.br\/sucupira\/public\/consultas\/coleta\/trabalhoConclusao\/viewTrabalhoConclusao.jsf?popup=true&amp;id_trabalho=16777133\">SOBRE A ANALOGIA DO BEM COMUM EM SANTO TOM\u00c1S DE AQUINO<\/a><\/p>\n<p><span style=\"font-size: 10pt;\">JULIAN RITZEL FARRET<\/span><\/p>\n<p>&nbsp;<\/p>\n<p>&nbsp;<\/p>\n<p><strong>Disserta\u00e7\u00f5es 2024<\/strong><\/p>\n<p><a href=\"https:\/\/sucupira-legado.capes.gov.br\/sucupira\/public\/consultas\/coleta\/trabalhoConclusao\/viewTrabalhoConclusao.jsf?popup=true&amp;id_trabalho=16808439\">POR UMA \u00c9TICA DO DESEJO: DA FUNDAMENTA\u00c7\u00c3O FILOS\u00d3FICA \u00c0 POT\u00caNCIA POL\u00cdTICA DA\u00a0HIP\u00d3TESE LACANIANA<\/a><\/p>\n<p><span style=\"font-size: 10pt;\">GABRIEL HENRIQUE SOUZA MACIEL<\/span><\/p>\n<p><a href=\"https:\/\/sucupira-legado.capes.gov.br\/sucupira\/public\/consultas\/coleta\/trabalhoConclusao\/viewTrabalhoConclusao.jsf?popup=true&amp;id_trabalho=16808447\">UMA AN\u00c1LISE MORAL DA LINGUAGEM A PARTIR DE NIETZSCHE E WITTGENSTEIN<\/a><\/p>\n<p><span style=\"font-size: 10pt;\">JAIR DE OLIVEIRA DUARTE JUNIOR<\/span><\/p>\n<p>&nbsp;<\/p>\n<p>&nbsp;<\/p>\n<p><strong>Teses 2023<\/strong><\/p>\n<p><a href=\"https:\/\/sucupira-legado.capes.gov.br\/sucupira\/public\/consultas\/coleta\/trabalhoConclusao\/viewTrabalhoConclusao.jsf?popup=true&amp;id_trabalho=14475427\">A IRRACIONALIDADE DA RAZ\u00c3O NA TOMADA DE DECIS\u00c3O MORAL<\/a><\/p>\n<p><span style=\"font-size: 10pt;\">LUCA NOGUEIRA IGANSI<\/span><\/p>\n<p><a href=\"https:\/\/sucupira-legado.capes.gov.br\/sucupira\/public\/consultas\/coleta\/trabalhoConclusao\/viewTrabalhoConclusao.jsf?popup=true&amp;id_trabalho=14422109\">A PERTURBADOURA INQUIETUDE DO SER: A EXPERI\u00caNCIA DA CONTING\u00caNCIA NA FILOSOFIA DE HEGEL<\/a><\/p>\n<p><span style=\"font-size: 10pt;\">DIEGO ECHEVENGU\u00c1 QUADRO<\/span><\/p>\n<p><a href=\"https:\/\/sucupira-legado.capes.gov.br\/sucupira\/public\/consultas\/coleta\/trabalhoConclusao\/viewTrabalhoConclusao.jsf?popup=true&amp;id_trabalho=5419681\">O PROBLEMA FREGE-GEACH E A INVIABILIDADE DE EXPRESSIVISMOS SEM\u00c2NTICOS E METASEM\u00c2NTICOS<\/a><\/p>\n<p><span style=\"font-size: 10pt;\">JULIO HENRIQUE CARVALHO PEREIRA<\/span><\/p>\n<p><a href=\"https:\/\/sucupira-legado.capes.gov.br\/sucupira\/public\/consultas\/coleta\/trabalhoConclusao\/viewTrabalhoConclusao.jsf?popup=true&amp;id_trabalho=14885021\">\u201cO ARGUMENTO EVOLUCIONISTA EM ECONOMIA E FILOSOFIA SOCIAL: UMA ABORDAGEM A PARTIR DE F.A.HAYEK\u201d.<\/a><\/p>\n<p><span style=\"font-size: 10pt;\">VIVIANE PERBONI<\/span><\/p>\n<p>&nbsp;<\/p>\n<p><strong>Disserta\u00e7\u00f5es 2023<\/strong><\/p>\n<p><a href=\"https:\/\/sucupira-legado.capes.gov.br\/sucupira\/public\/consultas\/coleta\/trabalhoConclusao\/viewTrabalhoConclusao.jsf?popup=true&amp;id_trabalho=12653986\">A \u00a0LEX COMO FUNDAMENTO DA CIVITAS EM MARS\u00cdLIO DE P\u00c1DUA<\/a><\/p>\n<p><span style=\"font-size: 10pt;\">MARCELO DA SILVA FABRES<\/span><\/p>\n<p><a href=\"https:\/\/sucupira-legado.capes.gov.br\/sucupira\/public\/consultas\/coleta\/trabalhoConclusao\/viewTrabalhoConclusao.jsf?popup=true&amp;id_trabalho=14756571\">\u00a0HONNETH: A REATUALIZA\u00c7\u00c3O DA FILOSOFIA SOCIAL DE HEGEL A PARTIR DA ESFERA DO AMOR&#8217;<\/a><\/p>\n<p><span style=\"font-size: 10pt;\">ENILSON SILVA GON\u00c7ALVES<\/span><\/p>\n<p><a href=\"https:\/\/sucupira-legado.capes.gov.br\/sucupira\/public\/consultas\/coleta\/trabalhoConclusao\/viewTrabalhoConclusao.jsf?popup=true&amp;id_trabalho=12653711\">HOSPITALIDADE E HOSTILIDADE: UMA AN\u00c1LISE DA CONVEN\u00c7\u00c3O RELATIVA AO ESTATUTO DO REFUGIADO \u00c0 LUZ DO DIREITO COSMOPOLITA KANTIANO<\/a><\/p>\n<p><span style=\"font-size: 10pt;\">CAROLINA MOREIRA PAULSEN<\/span><\/p>\n<p><a href=\"https:\/\/sucupira-legado.capes.gov.br\/sucupira\/public\/consultas\/coleta\/trabalhoConclusao\/viewTrabalhoConclusao.jsf?popup=true&amp;id_trabalho=14948944\">A ESTRUTURA DE RELIGI\u00c3O DO CAPITALISMO: AN\u00c1LISES CR\u00cdTICAS A PARTIR DE WALTER BENJAMIN<\/a><\/p>\n<p><span style=\"font-size: 10pt;\">LEANDRO KIM PEREIRA DOS SANTOS<\/span><\/p>\n<p><a href=\"https:\/\/sucupira-legado.capes.gov.br\/sucupira\/public\/consultas\/coleta\/trabalhoConclusao\/viewTrabalhoConclusao.jsf?popup=true&amp;id_trabalho=14761386\">AS RELA\u00c7\u00d5ES ENTRE G\u00caNERO E CONHECIMENTO OBJETIVO<\/a><\/p>\n<p><span style=\"font-size: 10pt;\">RAIZA ALVES PEREIRA<\/span><\/p>\n<p><a href=\"https:\/\/sucupira-legado.capes.gov.br\/sucupira\/public\/consultas\/coleta\/trabalhoConclusao\/viewTrabalhoConclusao.jsf?popup=true&amp;id_trabalho=14761386\">A POSSIBILIDADE DA FELICIDADE EM SCHOPENHAUER: Da compreens\u00e3o pessimista em O Mundo Como Vontade e Como Representa\u00e7\u00e3o \u00e0 formula\u00e7\u00e3o de uma eudemonologia nos \u201cAforismos para a sabedoria de vida\u201d, de Parerga e Paralipomena<\/a><\/p>\n<p><span style=\"font-size: 10pt;\">SONIA MARIA DA SILVA<\/span><\/p>\n<p>&#8220;<a href=\"https:\/\/sucupira-legado.capes.gov.br\/sucupira\/public\/consultas\/coleta\/trabalhoConclusao\/viewTrabalhoConclusao.jsf?popup=true&amp;id_trabalho=15165906\">A UNIDIMENSIONALIDADE EM HERBERT MARCUSE E A INFLU\u00caNCIA DA LINGUAGEM OPERACIONALIZADA NO PROCESSO DE DOMINA\u00c7\u00c3O SOCIAL<\/a><\/p>\n<p><span style=\"font-size: 10pt;\">PAULO EDUARDO DA SILVA NUNES<\/span><\/p>\n<p><a href=\"https:\/\/sucupira-legado.capes.gov.br\/sucupira\/public\/consultas\/coleta\/trabalhoConclusao\/viewTrabalhoConclusao.jsf?popup=true&amp;id_trabalho=15513483\">DA LIBERDADE A JUSTI\u00c7A: ABORDAGEM DAS CAPACIDADES NA TEORIA DE AMARTYA SEM<\/a><\/p>\n<p><span style=\"font-size: 10pt;\">DEISE PORTO KUNZ<\/span><\/p>\n<p><a href=\"https:\/\/sucupira-legado.capes.gov.br\/sucupira\/public\/consultas\/coleta\/trabalhoConclusao\/viewTrabalhoConclusao.jsf?popup=true&amp;id_trabalho=16765527\">O IDEAL E A SOMBRA: A CONCEP\u00c7\u00c3O DE FORMA\u00c7\u00c3O (BILDUNG) NA TEORIA EST\u00c9TICA DE WINCKELMANN<\/a><\/p>\n<p><span style=\"font-size: 10pt;\">HUMBERTO MIRESKI<\/span><\/p>\n<p>&nbsp;<\/p>\n<p><strong>Teses 2022<\/strong><\/p>\n<p><a href=\"https:\/\/wp.ufpel.edu.br\/ppgfil\/files\/2022\/11\/A-questao-do-desejo-em-Michel-Foucault.pdf\">A quest\u00e3o do desejo em Michel Foucault<\/a>: A interpreta\u00e7\u00e3o de uma experi\u00eancia de retomada da vontade aut\u00f4noma<br \/>\nDirceu Arno Kr\u00fcger Junior<\/p>\n<p><a href=\"https:\/\/wp.ufpel.edu.br\/ppgfil\/files\/2022\/11\/CAUSALIDADE-E-VONTADE-O-MONOLOGION-DE-SANTO-ANSELMO.pdf\">CAUSALIDADE E VONTADE O MONOLOGION DE SANTO ANSELMO<\/a><br \/>\nDOUGLAS CHAVES DE SOUZA<\/p>\n<p><a href=\"https:\/\/wp.ufpel.edu.br\/ppgfil\/files\/2022\/11\/ETICA-E-CONDICOES-DE-OBJETIVIDADE-EM-HILARY-PUTNAM.pdf\">\u00c9TICA E CONDI\u00c7\u00d5ES DE OBJETIVIDADE EM HILARY PUTNAM<\/a><br \/>\nAlexandre Xavier Vargas<\/p>\n<p><a href=\"https:\/\/wp.ufpel.edu.br\/ppgfil\/files\/2022\/11\/O-CONCEITO-DA-DIGNIDADE-DA-PESSOA-HUMANA-COMO-VALOR.pdf\">O CONCEITO DA DIGNIDADE [DA PESSOA] HUMANA COMO VALOR<\/a> ABSOLUTO NA TEORIA MORAL DE IMMANUEL KANT<br \/>\n\u00cdtalo Clay Tavares de Lima<\/p>\n<p><a href=\"https:\/\/wp.ufpel.edu.br\/ppgfil\/files\/2022\/11\/O-Estatuto-da-Analise-Conceitual-na-Epistemologia-das-Virtudes.pdf\">O Estatuto da An\u00e1lise Conceitual na Epistemologia das Virtudes<\/a>: o problema da boa circularidade na obra de Ernest Sosa.<br \/>\nCARLOS ALBERTO MIRAGLIA<\/p>\n<p><a href=\"https:\/\/wp.ufpel.edu.br\/ppgfil\/files\/2022\/11\/O-livre-arbitrio-no-Direito-Penal.pdf\">O livre-arb\u00edtrio no Direito Penal<\/a> nvestiga\u00e7\u00f5es sobre a culpabilidade e a responsabiliza\u00e7\u00e3o na filosofia de Nietzsche e nas neuroci\u00eancias<br \/>\nAlianna Caroline Sousa Cardoso Van\u00e7an<\/p>\n<p><strong>Disserta\u00e7\u00f5es 2022<\/strong><\/p>\n<p><a href=\"https:\/\/wp.ufpel.edu.br\/ppgfil\/files\/2022\/11\/Contratualismo-Moral-em-T.M.-Scanlon-1.pdf\">Contratualismo Moral em T.M. Scanlon<\/a>: Sobre Justifica\u00e7\u00e3o e Motiva\u00e7\u00e3o Moral<br \/>\nGuilherme Gon\u00e7alves Meneghello<\/p>\n<p><a href=\"https:\/\/wp.ufpel.edu.br\/ppgfil\/files\/2022\/11\/HABERMAS-a-fundamentacao-de-uma-ordem-juridica-cosmopolita.pdf\">HABERMAS a fundamenta\u00e7\u00e3o de uma ordem jur\u00eddica cosmopolita<\/a>salvaguardada pelos direitos humanos<br \/>\nJa\u00edne Isabel Jorge da Rosa<\/p>\n<p><a href=\"https:\/\/wp.ufpel.edu.br\/ppgfil\/files\/2022\/11\/Nietzsche-Foucault-e-o-cuidado-de-si-as-praticas-asceticas.pdf\">Nietzsche, Foucault e o cuidado de si as pr\u00e1ticas asc\u00e9ticas<\/a> e o desenvolvimento de um tipo de ser humano capaz de criar novos valores.<br \/>\nDANILO ROSA GON\u00c7ALVES<\/p>\n<p><a href=\"https:\/\/wp.ufpel.edu.br\/ppgfil\/files\/2022\/11\/O-ato-voluntario-uma-analise-da-teoria-da-acao-aristotelica-nos-tratados.pdf\">O ato volunt\u00e1rio uma an\u00e1lise da teoria da a\u00e7\u00e3o aristot\u00e9lica nos tratados<\/a>\u00e9ticos de Arist\u00f3teles<br \/>\nMarcos Vinicius Rodrigues Brizola<\/p>\n<p><a href=\"https:\/\/wp.ufpel.edu.br\/ppgfil\/files\/2022\/11\/O-PROBLEMA-DO-MAL-E-A-BOA-VONTADE-NO-DE-LIBERO-ARBITRIO-DE.pdf\">O PROBLEMA DO MAL E A BOA VONTADE NO DE LIBERO ARBITRIO DE<\/a>SANTO AGOSTINHO<br \/>\nMARCOS ANTONIO SCHIAVON<\/p>\n<p><a href=\"https:\/\/wp.ufpel.edu.br\/ppgfil\/files\/2022\/11\/UM-RETORNO-A-SIMONE-DE-BEAUVOIR.pdf\">UM RETORNO A SIMONE DE BEAUVOIR<\/a>: Estudo do drama da coexist\u00eancia \u00e0 luz da g\u00eanese e estrutura da filosofia beauvoiriana<br \/>\nJosiana Barbosa Andrade<\/p>\n<p><strong>Teses 2021<\/strong><\/p>\n<p><a href=\"https:\/\/wp.ufpel.edu.br\/ppgfil\/files\/2022\/11\/A-LOGICA-COMO-CONDICAO-NECESSARIA-PARA-A-FILOSOFIA-MEDIEVAL.pdf\">A L\u00d3GICA COMO CONDI\u00c7\u00c3O NECESS\u00c1RIA PARA A FILOSOFIA MEDIEVAL<\/a>: UM ESTUDO ACERCA DA ARGUMENTA\u00c7\u00c3O T\u00d3PICA A PARTIR DE BO\u00c9CIO<br \/>\nLuana Talita da Cruz<\/p>\n<p><a href=\"https:\/\/wp.ufpel.edu.br\/ppgfil\/files\/2022\/11\/LOGICA-Y-MORAL-EN-CARLOS-VAZ-FERREIRA.-UNA-BUSQUEDA.pdf\">L\u00d3GICA Y MORAL EN CARLOS VAZ FERREIRA. UNA B\u00daSQUEDA<\/a>COMPLEMENTARIA A PARTIR DEL PENSAMIENTO DE J\u00dcRGEN HABERMAS<br \/>\nElbio Gerardo Silveira Ramos<\/p>\n<p><a href=\"https:\/\/wp.ufpel.edu.br\/ppgfil\/files\/2022\/11\/OS-DIREITOS-DO-HOMEM-E-OS-FUNDAMENTOS-DO-ESTADO-DEMOCRATICO.pdf\">OS DIREITOS DO HOMEM E OS FUNDAMENTOS DO ESTADO DEMOCR\u00c1TICO<\/a>DE DIREITO: A IMPORT\u00c2NCIA DA EDUCA\u00c7\u00c3O NA CONSOLIDA\u00c7\u00c3O DA DEMOCRACIA<br \/>\nMarielena da Cunha Faria Torrescasana<\/p>\n<p><a href=\"https:\/\/wp.ufpel.edu.br\/ppgfil\/files\/2022\/11\/PRESSUPOSTOS-DO-DISCURSO-MORAL-E-JURIDICO-EM-HABERMAS.pdf\">PRESSUPOSTOS DO DISCURSO MORAL E JUR\u00cdDICO EM HABERMAS<\/a>: Possibilidades do constitucionalismo habermasiano para ressignificar direitos sociais constitucionais<br \/>\nFernando Amaral<\/p>\n<p><strong>Disserta\u00e7\u00f5es 2021<\/strong><\/p>\n<p><a href=\"https:\/\/wp.ufpel.edu.br\/ppgfil\/files\/2022\/11\/A-METODOLOGIA-NA-TEORIA-DA-LEI-NATURAL-DE-JOHN-FINNIS.pdf\">A METODOLOGIA NA TEORIA DA LEI NATURAL DE JOHN FINNIS<\/a>: Prop\u00f3sito pr\u00e1tico, caso central do direito e cr\u00edtica \u00e0 tese da neutralidade<br \/>\nMatheus Monteiro de Oliveira<\/p>\n<p><a href=\"https:\/\/wp.ufpel.edu.br\/ppgfil\/files\/2022\/11\/A-relacao-entre-a-justica-e-a-condenacao-eterna-na-obra-A-Cidade.pdf\">A rela\u00e7\u00e3o entre a justi\u00e7a e a condena\u00e7\u00e3o eterna na obra A Cidade<\/a> de Deus de Santo Agostinho<br \/>\nOsni Coimbra Pereira<\/p>\n<p><a href=\"https:\/\/wp.ufpel.edu.br\/ppgfil\/files\/2022\/11\/A-VIDA-EM-COMUM-O-CONTRATO-SOCIAL-E-O-SENSUS-COMMUNIS.pdf\">A VIDA EM COMUM O CONTRATO SOCIAL E O SENSUS COMMUNIS<\/a>: A PARTIR DO PENSAMENTO DE HANNAH ARENDT<br \/>\nAndr\u00e9 Lu\u00eds Fernandes Dutra<\/p>\n<p><a href=\"https:\/\/wp.ufpel.edu.br\/ppgfil\/files\/2022\/11\/Da-Etica-a-antropologia.pdf\">Da \u00c9tica \u00e0 antropologia<\/a>: a educa\u00e7\u00e3o est\u00e9tica para a liberdade em Friedrich von Schiller<br \/>\nCiro Osmari Cardoso Gon\u00e7alves<\/p>\n<p><a href=\"https:\/\/wp.ufpel.edu.br\/ppgfil\/files\/2022\/11\/Niilismo-e-afirmacao-da-vida-em-Fernando-Pessoa.pdf\">Niilismo e afirma\u00e7\u00e3o da vida em Fernando Pessoa<\/a>: uma leitura \u00e0 luz da filosofia de Friedrich Nietzsche<br \/>\nFabr\u00edcio Fonseca Machado<\/p>\n<p><a href=\"https:\/\/wp.ufpel.edu.br\/ppgfil\/files\/2022\/11\/O-UTILITARISMO-MULTINIVEL-DE-JOHN-STUART-MILL.pdf\">O UTILITARISMO MULTIN\u00cdVEL DE JOHN STUART MILL<\/a>: UMA RESPOSTA PARA A OBJE\u00c7\u00c3O DA INJUSTI\u00c7A E EXIG\u00caNCIA<br \/>\n\u00c9merson Franco de Almeida<\/p>\n<p><a href=\"https:\/\/wp.ufpel.edu.br\/ppgfil\/files\/2022\/11\/SCHELLING-E-O-CONCEITO-DE-LIBERDADE-NO-FREIHEITSSCHRIFT.pdf\">SCHELLING E O CONCEITO DE LIBERDADE NO FREIHEITSSCHRIFT<\/a><br \/>\nIsadora Farias Tabordes<\/p>\n<p><a href=\"https:\/\/wp.ufpel.edu.br\/ppgfil\/files\/2022\/11\/Sobre-o-intelecto-e-as-virtudes-intelectuais-especulativas-em-Santo-Tomas-de-Aquino.pdf\">Sobre o intelecto e as virtudes intelectuais especulativas em Santo Tom\u00e1s de Aquino<\/a><br \/>\nWillian Kalinowski<\/p>\n<p><strong>Teses 2020<\/strong><\/p>\n<p><a href=\"https:\/\/wp.ufpel.edu.br\/ppgfil\/files\/2022\/11\/Michel-Foucault-e-a-constituicao-da-subjetividade.pdf\">Michel Foucault e a constitui\u00e7\u00e3o da subjetividade<\/a> como est\u00e9tica da exist\u00eancia: o cuidado de si, a coragem da verdade c\u00ednica e suas reverbera\u00e7\u00f5es na rte do s\u00e9culo XIX<br \/>\nTulipa Martins Meireles<\/p>\n<p><a href=\"https:\/\/wp.ufpel.edu.br\/ppgfil\/files\/2022\/11\/O-CONCEITO-DE-OBJETIVIDADE.pdf\">O CONCEITO DE OBJETIVIDADE<\/a>: Um estudo sobre sua estrutura l\u00f3gica e defini\u00e7\u00e3o m\u00ednima<br \/>\nJohn Florindo de Miranda<\/p>\n<p><a href=\"https:\/\/wp.ufpel.edu.br\/ppgfil\/files\/2022\/11\/O-PROBLEMA-DO-MAL-EM-BOECIO-O-SOFRIMENTO-DOS-BONS-E-A.pdf\">O PROBLEMA DO MAL EM BO\u00c9CIO O SOFRIMENTO DOS BONS E A<\/a> IMPUNIDADE DOS MAUS NO DE CONSOLATIONE PHILOSOPHIAE<br \/>\nMaur\u00edcio Medeiros Vieira<\/p>\n<p><a href=\"https:\/\/wp.ufpel.edu.br\/ppgfil\/files\/2022\/11\/Uma-Pratica-Filosofica-em-Michel-Foucault.pdf\">Uma Pr\u00e1tica Filos\u00f3fica em Michel Foucault<\/a>: a resposta ao chamado da Aufkl\u00e4rung<br \/>\nDavid In\u00e1cio Nascimento<\/p>\n<p><strong>Disserta\u00e7\u00f5es 2020<\/strong><\/p>\n<p><a href=\"https:\/\/wp.ufpel.edu.br\/ppgfil\/files\/2022\/11\/A-partir-das-concepcoes-arendtianas-a-tolerancia-em-uma-perspectiva-politica.pdf\">A partir das concep\u00e7\u00f5es arendtianas, a toler\u00e2ncia em uma perspectiva pol\u00edtica<\/a><br \/>\nCesar Cal\u00e7ada Radtke<\/p>\n<p><a href=\"https:\/\/wp.ufpel.edu.br\/ppgfil\/files\/2022\/11\/ARGUMENTOS-DESMANTELADORES-EVOLUTIVOS-E-A.pdf\">ARGUMENTOS DESMANTELADORES EVOLUTIVOS E A<\/a> DERROGABILIDADE DO CONHECIMENTO MORAL<br \/>\nMariana Marques Burkle<\/p>\n<p><a href=\"https:\/\/wp.ufpel.edu.br\/ppgfil\/files\/2022\/11\/CONHECIMENTO-AFETO-E-PAIXAO-EM-NIETZSCHE-E.pdf\">CONHECIMENTO, AFETO E PAIX\u00c3O EM NIETZSCHE E<\/a> SPINOZA: aproxima\u00e7\u00f5es entre Aurora, A gaia ci\u00eancia e a \u00c9tica<br \/>\nPaulo Rog\u00e9rio da Rosa Corr\u00eaa<\/p>\n<p><a href=\"https:\/\/wp.ufpel.edu.br\/ppgfil\/files\/2022\/11\/David-Humes-Politics-a-distinct-reconciliation-between.pdf\">David Hume&#8217;s Politics a distinct reconciliation between<\/a> Liberalism and Conservatism<br \/>\nCelina Alcantara Brod<\/p>\n<p><a href=\"https:\/\/wp.ufpel.edu.br\/ppgfil\/files\/2022\/11\/MARIO-FERREIRA-DOS-SANTOS-INTERPRETE-DE-NIETZSCHE.pdf\">M\u00c1RIO FERREIRA DOS SANTOS, INT\u00c9RPRETE DE NIETZSCHE<\/a> contextualiza\u00e7\u00e3o e an\u00e1lise do ensaio \u201cO homem que foi um campo de batalha\u201d.<br \/>\nRafael Gon\u00e7alves da Silveira<\/p>\n<p><a href=\"https:\/\/wp.ufpel.edu.br\/ppgfil\/files\/2022\/11\/Michel-Foucault-a-producao-de-verdades-sobre-o-corpo-na-Modernidade.pdf\">Michel Foucault a produ\u00e7\u00e3o de \u201cverdades\u201d sobre o corpo na Modernidade<\/a><br \/>\nBruna dos Santos Leite<\/p>\n<p><a href=\"https:\/\/wp.ufpel.edu.br\/ppgfil\/files\/2022\/11\/NEUTRALIDADE-METAETICA.pdf\">NEUTRALIDADE META\u00c9TICA<\/a>: SEUS PRESSUPOSTOS E SUA SUPERA\u00c7\u00c3O<br \/>\nGustavo Generaldo de S\u00e1 Teles Jr<\/p>\n<p><a href=\"https:\/\/wp.ufpel.edu.br\/ppgfil\/files\/2022\/11\/Nietzsche-e-a-natureza-humana.pdf\">Nietzsche e a natureza humana<\/a> da moral como contranatureza \u00e0 naturaliza\u00e7\u00e3o do homem<br \/>\nNicolle Eloisa Lemos<\/p>\n<p><a href=\"https:\/\/wp.ufpel.edu.br\/ppgfil\/files\/2022\/11\/O-bem-e-sua-relacao-com-o-bem-comum-na-Suma-Teologica-de-Santo-Tomas.pdf\">O bem e sua rela\u00e7\u00e3o com o bem comum na Suma Teol\u00f3gica de Santo Tom\u00e1s<\/a> de Aquino<br \/>\nJulian Ritzel Farret<\/p>\n<p><a href=\"https:\/\/wp.ufpel.edu.br\/ppgfil\/files\/2022\/11\/O-conceito-de-lei-na-Suma-Teologica-de-Santo-Tomas-e-os-direitos-humanos.pdf\">O conceito de lei na Suma Teol\u00f3gica de Santo Tom\u00e1s e os direitos humanos<\/a> modernos segundo Danilo Castellano<br \/>\nThales Corr\u00eaa Braga Lobo<\/p>\n<p><a href=\"https:\/\/wp.ufpel.edu.br\/ppgfil\/files\/2022\/11\/O-feminismo-em-outros-termos.pdf\">O feminismo em outros termos<\/a>: da cr\u00edtica ao sujeito fundacional feminista \u00e0 \u00e9tica da precariedade em Judith Butler<br \/>\nJade Bueno Arbo<\/p>\n<p><a href=\"https:\/\/wp.ufpel.edu.br\/ppgfil\/files\/2022\/11\/Sintese-sobre-a-inter-relacao-entre.pdf\">S\u00edntese sobre a inter-rela\u00e7\u00e3o entre<\/a> gratia et liberum arbitrium voluntatis em Agostinho de Hipona Per\u00edodo antipelagiano<br \/>\nMarcos Vin\u00edcius Madruga Vaz<\/p>\n<p><a href=\"https:\/\/wp.ufpel.edu.br\/ppgfil\/files\/2022\/11\/SOBRE-A-CONFIABILIDADE-DAS-INTUICOES-PARA-SUSTENTAR.pdf\">SOBRE A CONFIABILIDADE DAS INTUI\u00c7\u00d5ES PARA SUSTENTAR<\/a> PREMISSAS DE ARGUMENTOS FILOS\u00d3FICOS<br \/>\nBruna Schneid da Silva<\/p>\n<p><a href=\"https:\/\/wp.ufpel.edu.br\/ppgfil\/files\/2022\/11\/UMA-INVESTIGACAO-ACERCA-DAS-PUNICOES-EM-MICHEL-FOUCAULT.pdf\">UMA INVESTIGA\u00c7\u00c3O ACERCA DAS PUNI\u00c7\u00d5ES EM MICHEL FOUCAULT<\/a><br \/>\nFl\u00e1via Ferreira Trindade<\/p>\n<p><a href=\"https:\/\/wp.ufpel.edu.br\/ppgfil\/files\/2022\/11\/WAGNER-E-NIETZSCHE.pdf\">WAGNER E NIETZSCHE<\/a><br \/>\nThiago Costa Perdig\u00e3o<\/p>\n<p><strong>Teses2019<\/strong><\/p>\n<p><a href=\"https:\/\/wp.ufpel.edu.br\/ppgfil\/files\/2022\/11\/Elementos-fundamentais-do-pensamento-de-Alain-Badiou-para-a-compreensao.pdf\">Elementos fundamentais do pensamento de Alain Badiou para a compreens\u00e3o<\/a> da no\u00e7\u00e3o de Acontecimento<br \/>\nRoberto Vieira J\u00fanior<\/p>\n<p><a href=\"https:\/\/wp.ufpel.edu.br\/ppgfil\/files\/2022\/11\/Iustitia-et-Misericordia-\u2013-o-conceito-de-justica-na-obra-de.pdf\">Iustitia et Misericordia \u2013 o conceito de justi\u00e7a na obra de<\/a> Santo Agostinho<br \/>\nMatheus Jeske Vahl<\/p>\n<p><a href=\"https:\/\/wp.ufpel.edu.br\/ppgfil\/files\/2022\/11\/O-potencial-expressivo-da-linguagem-em-Nietzsche-da-dissolucao-dos.pdf\">O potencial expressivo da linguagem em Nietzsche da dissolu\u00e7\u00e3o dos<\/a> dos opostos \u00e0 expressividade de Assim falava Zaratustra<br \/>\nFrancisco Rafael Leidens<\/p>\n<p><strong>Disserta\u00e7\u00f5es 2019<\/strong><\/p>\n<p><a href=\"https:\/\/wp.ufpel.edu.br\/ppgfil\/files\/2022\/11\/A-decisao-judicial-e-o-micrototalitarismo-uma-leitura-a-partir-do-referencial-arendtiano-PPGFi_1.pdf\">A decis\u00e3o judicial e o micrototalitarismo &#8211; uma leitura a partir do referencial arendtiano (PPGFi_1<\/a><br \/>\nL\u00edlian Velleda Soares<\/p>\n<p><a href=\"https:\/\/wp.ufpel.edu.br\/ppgfil\/files\/2022\/11\/A-interdependencia-entre-etica-e-economia-Uma-analise-critico-construtiva-da.pdf\">A interdepend\u00eancia entre \u00e9tica e economia Uma an\u00e1lise cr\u00edtico-construtiva da<\/a><a href=\"https:\/\/wp.ufpel.edu.br\/ppgfil\/files\/2022\/11\/A-interdependencia-entre-etica-e-economia-Uma-analise-critico-construtiva-da.pdf\">da rela\u00e7\u00e3o fato e valor em Sen e Putnam<br \/>\nVinicius Britto Moraes<\/a><\/p>\n<p><a href=\"https:\/\/wp.ufpel.edu.br\/ppgfil\/files\/2022\/11\/A-luta-por-reconhecimento-em-Honneth.pdf\">A luta por reconhecimento em Honneth<\/a>:perspectivas de uma filosofia social<br \/>\nMatheus Genske Siqueira<\/p>\n<p><a href=\"https:\/\/wp.ufpel.edu.br\/ppgfil\/files\/2022\/11\/AMOR-FATI.pdf\">AMOR FATI<\/a>: A EXPRESS\u00c3O DA DIFEREN\u00c7A COMO AFIRMA\u00c7\u00c3O DE SI MESMO<br \/>\nLouise Azevedo Moscareli<\/p>\n<p><a href=\"https:\/\/wp.ufpel.edu.br\/ppgfil\/files\/2022\/11\/Aval-epistemico-e-teismo.pdf\">Aval epist\u00eamico e te\u00edsmo<\/a><br \/>\nEmerson Martins Soares<\/p>\n<p><a href=\"https:\/\/wp.ufpel.edu.br\/ppgfil\/files\/2022\/11\/FICCOES-REGULATIVAS-PSICOLOGIA-DO-ERRO-E-A-QUESTAO-DOS.pdf\">FIC\u00c7\u00d5ES REGULATIVAS, PSICOLOGIA DO ERRO E A QUEST\u00c3O DOS<\/a><br \/>\nRafael dos Santos Ramos<\/p>\n<p><a href=\"https:\/\/wp.ufpel.edu.br\/ppgfil\/files\/2022\/11\/NIETZSCHE-E-O-POSITIVISMO.pdf\">NIETZSCHE E O POSITIVISMO<\/a><br \/>\nBruno Pereira Dutra<\/p>\n<p><a href=\"https:\/\/wp.ufpel.edu.br\/ppgfil\/files\/2022\/11\/O-enfoque-das-capacidades-na-teoria-politico-economica-de-Amartya-Sen-Felipe-F.-Cougo-oficial.pdf\">O enfoque das capacidades na teoria pol\u00edtico-econ\u00f4mica de Amartya Sen &#8211;<br \/>\nFelipe Ferreira Cougo<\/a><\/p>\n<p><a href=\"https:\/\/wp.ufpel.edu.br\/ppgfil\/files\/2022\/11\/O-naturalismo-na-Politica-de-Aristoteles.pdf\">O naturalismo na Pol\u00edtica de Arist\u00f3teles<\/a><br \/>\nMarina Leal Bar\u00e3o<\/p>\n<p><a href=\"https:\/\/wp.ufpel.edu.br\/ppgfil\/files\/2022\/11\/SIMONE-DE-BEAUVOIR-E-A-LIBERTACAO-DA-MULHER-DO.pdf\">SIMONE DE BEAUVOIR E A LIBERTA\u00c7\u00c3O DA MULHER DO<\/a><br \/>\nBeatr\u00eds da Silva Seus<\/p>\n<p><a href=\"https:\/\/wp.ufpel.edu.br\/ppgfil\/files\/2022\/11\/O-Problema-da-Vontade-Livre-Uma-Abordagem-Contemporanea-.pdf\">O Problema da Vontade Livre Uma Abordagem Contempor\u00e2nea<\/a><br \/>\nVin\u00edcius Cezar Bianchi<\/p>\n<p><strong>Disserta\u00e7\u00f5es 2018<\/strong><\/p>\n<p><a href=\"https:\/\/wp.ufpel.edu.br\/ppgfil\/files\/2022\/11\/A-PERSPECTIVA-NIILISTA-ENTRE-NIETZSCHE-E-DOSTOIEVSKI-EM-OS-IRMAOS.pdf\">A PERSPECTIVA NIILISTA ENTRE NIETZSCHE E DOSTOI\u00c9VSKI EM OS IRM\u00c3OS<\/a><br \/>\nCRISTIANE GOMES LOPES<\/p>\n<p><a href=\"https:\/\/wp.ufpel.edu.br\/ppgfil\/files\/2022\/11\/A-RELACAO-ENTRE-REGNUM-E-ECCLESIA-NA-TEORIA-POLITICA.pdf\">A RELA\u00c7\u00c3O ENTRE \u201cREGNUM\u201d E \u201cECCLESIA\u201d NA TEORIA POL\u00cdTICA<\/a><br \/>\nBruno Strapazon Figueiredo<\/p>\n<p><a href=\"https:\/\/wp.ufpel.edu.br\/ppgfil\/files\/2022\/11\/A-Unidade-da-Razao-acerca-da-relacao-entre-razao-teorica-e-pratica-em-Kant.pdf\">A Unidade da Raz\u00e3o acerca da rela\u00e7\u00e3o entre raz\u00e3o te\u00f3rica e pr\u00e1tica em Kant<\/a><br \/>\nDiego Echevengu\u00e1 Quadro<\/p>\n<p><a href=\"https:\/\/wp.ufpel.edu.br\/ppgfil\/files\/2022\/11\/A-VOLUNTAS-EM-SANTO-AGOSTINHO-ANALISE-DE-CONFESSIONES-VIII.pdf\">A VOLUNTAS EM SANTO AGOSTINHO AN\u00c1LISE DE CONFESSIONES VIII<\/a><br \/>\nRoberto Barboza da Silva<\/p>\n<p><a href=\"https:\/\/wp.ufpel.edu.br\/ppgfil\/files\/2022\/11\/Da-guerra-de-morte-contra-o-cristianismo-em-Nietzsche-a-filosofia-da.pdf\">Da guerra de morte contra o cristianismo em Nietzsche \u00e0 filosofia da<\/a><br \/>\nJonas Machado Rodeghiero<\/p>\n<p><a href=\"https:\/\/wp.ufpel.edu.br\/ppgfil\/files\/2022\/11\/Da-ideia-de-justica-social-em-Hayek.pdf\">Da ideia de justi\u00e7a social em Hayek<\/a><br \/>\nViviane Perboni<\/p>\n<p><a href=\"https:\/\/wp.ufpel.edu.br\/ppgfil\/files\/2022\/11\/Lei-Positiva-e-Moralidade.pdf\">Lei Positiva e Moralidade<\/a>: A evolu\u00e7\u00e3o dos conceitos de Raz\u00e3o Pr\u00e1tica e Bens Humanos B\u00e1sicos na<br \/>\nTeoria legal e a influ\u00eancia destes na evolu\u00e7\u00e3o mais recente da jurisprud\u00eancia e<br \/>\ndoutrina jur\u00eddica brasileira<br \/>\nCarlos Marcelo Neutzling<\/p>\n<p><a href=\"https:\/\/wp.ufpel.edu.br\/ppgfil\/files\/2022\/11\/LIBERDADE-RESPONSABILIDADE-E-SUSTENTABILIDADE.pdf\">LIBERDADE, RESPONSABILIDADE E SUSTENTABILIDADE<\/a>: UMA ABORDAGEM FILOS\u00d3FICA A PARTIR DA TEORIA DE AMARTYA SEN<br \/>\nAndrei Thomaz Oss-Emer<\/p>\n<p><a href=\"https:\/\/wp.ufpel.edu.br\/ppgfil\/files\/2022\/11\/O-DIREITO-E-A-ESTETICA.pdf\">O DIREITO E A EST\u00c9TICA<\/a>: interlocu\u00e7\u00f5es a partir do Pensamento Pol\u00edtico de Hannah Arendt<br \/>\nEduardo Jose Bordignon Benedetti<\/p>\n<p><a href=\"https:\/\/wp.ufpel.edu.br\/ppgfil\/files\/2022\/11\/O-REPUBLICANISMO-MAQUIAVELIANO-A-IMPORTANCIA-DOS-TRIBUNOS-DA.pdf\">O REPUBLICANISMO MAQUIAVELIANO A IMPORT\u00c2NCIA DOS TRIBUNOS DA<\/a><br \/>\nAntonio Carlos Maia Gissoni<\/p>\n<p><a href=\"https:\/\/wp.ufpel.edu.br\/ppgfil\/files\/2022\/11\/Pobreza-Obediencia-e-Castidade-na-Otica-de-Sao-Boaventura.pdf\">Pobreza, Obedi\u00eancia e Castidade na \u00d3tica de S\u00e3o Boaventura<\/a><br \/>\nLeonardo Rafael de Araujo Zaromski<\/p>\n<p><a href=\"https:\/\/wp.ufpel.edu.br\/ppgfil\/files\/2022\/11\/Racionalidade-intencao-e-normatividade.pdf\">Racionalidade, inten\u00e7\u00e3o e normatividade<\/a><br \/>\nMatheus de Lima Rui<\/p>\n<p><strong>Disserta\u00e7\u00f5es 2017<\/strong><\/p>\n<p><a href=\"https:\/\/wp.ufpel.edu.br\/ppgfil\/files\/2023\/03\/A-imanentizacao-da-civitas-na-teoria-politica-de-Marsilio-de-Padua.pdf\">A imanentiza\u00e7\u00e3o da civitas na teoria pol\u00edtica de Mars\u00edlio de P\u00e1dua<\/a><br \/>\nThiago Rodrigues Silveira<\/p>\n<p><a href=\"https:\/\/wp.ufpel.edu.br\/ppgfil\/files\/2022\/11\/A-liberdade-religiosa-e-politica-Um-estudo-a-partir-do-III.pdf\">A liberdade religiosa e pol\u00edtica &#8211; Um estudo a partir do III<\/a><br \/>\nWilliam Saraiva Borges<\/p>\n<p><a href=\"https:\/\/wp.ufpel.edu.br\/ppgfil\/files\/2022\/11\/Hannah-Arendt-Politica-e-Responsabilidade-do-Homem-da-Massa.pdf\">Hannah Arendt Pol\u00edtica e Responsabilidade do \u201cHomem da Massa\u201d<\/a><br \/>\nJuliana Scherdien Amaral<\/p>\n<p><a href=\"https:\/\/wp.ufpel.edu.br\/ppgfil\/files\/2022\/11\/O-RETORNO-AO-ESTADO-DE-NATUREZA-NO-AMBITO-INTERNACIONAL-DE.pdf\">O (RETORNO AO) ESTADO DE NATUREZA NO AMBITO INTERNACIONAL DE<\/a><br \/>\nAlexandre Neves Sapper<\/p>\n<p><a href=\"https:\/\/wp.ufpel.edu.br\/ppgfil\/files\/2022\/11\/O-HEDONISMO-QUALITATIVO-DE-J.-S.-MILL-ENQUANTO-RESPOSTA-A.pdf\">O HEDONISMO QUALITATIVO DE J. S. MILL ENQUANTO RESPOSTA \u00c0<\/a><br \/>\nBruno Botelho Braga<\/p>\n<p><a href=\"https:\/\/wp.ufpel.edu.br\/ppgfil\/files\/2022\/11\/O-PROBLEMA-FREGE-GEACH-E-A-SOLUCAO-EXPRESSIVISTA.pdf\">O PROBLEMA FREGE-GEACH E A SOLU\u00c7\u00c3O EXPRESSIVISTA<\/a><br \/>\nJulio Henrique Carvalho Pereira<\/p>\n<p><a href=\"https:\/\/wp.ufpel.edu.br\/ppgfil\/files\/2017\/12\/Disserta\u00e7\u00e3o-Lucas-Vin\u00edcius-Cintra-Mendes.pdf\">NATURALISMO E NORMATIVIDADE:\u00a0SOBRE A COMPATIBILIZA\u00c7\u00c3O ENTRE A DETERMINA\u00c7\u00c3O CAUSAL E A DETERMINA\u00c7\u00c3O NORMATIVA<\/a><br \/>\nLucas Vin\u00edcius Cintra Mendes<\/p>\n<p><a href=\"https:\/\/wp.ufpel.edu.br\/ppgfil\/files\/2017\/12\/Disserta\u00e7\u00e3o-WESLEY-MENDES-DE-CARVALHO.pdf\">A PRIMAZIA E O ORDENAMENTO DA CIVITAS EM MARS\u00cdLIO DE P\u00c1DUA<\/a><br \/>\nWesley Mendes de Carvalho<\/p>\n<p><a href=\"https:\/\/wp.ufpel.edu.br\/ppgfil\/files\/2017\/12\/Disserta\u00e7\u00e3o-Marco.pdf\">ABSURDO E REVOLTA: O HOMEM REVOLTADO DE CAMUS COMO RESPOSTA AO PROBLEMA DO NIILISMO EM NIETZSCHE<\/a><br \/>\nMarco Vin\u00edcio Pereira do Esp\u00edrito Santo<\/p>\n<p><a href=\"https:\/\/wp.ufpel.edu.br\/ppgfil\/files\/2017\/12\/Disserta\u00e7\u00e3o-Madelon-Pires-Palmeira.pdf\">IGUALDADE EM FACE \u00c0 DOUTRINA DO DIREITO DE IMMANUEL KANT<\/a><br \/>\nMadelon Pires Palmeira<\/p>\n<p><a href=\"https:\/\/wp.ufpel.edu.br\/ppgfil\/files\/2017\/12\/Disserta\u00e7\u00e3o-Camila-Pilotto-Figueiredo.pdf\">RESPONSABILIDADE MORAL: UMA ABORDAGEM ACERCA DAS ORIGENS DO PROBLEMA E SEU DESENVOLVIMENTO CONTEMPOR\u00c2NEO<\/a><br \/>\nCamila Pilotto Figueiredo<\/p>\n<p><a href=\"https:\/\/wp.ufpel.edu.br\/ppgfil\/files\/2017\/12\/DISSERTA\u00c7\u00c3O-VERS\u00c3O-FINAL-V3.pdf\">FOUCAULT: O DISPOSITIVO DE SEXUALIDADE NO DISCURSO M\u00c9DICO E HIGIENISTA<\/a><br \/>\nDirceu Arno Kr\u00fcger Junior<\/p>\n<p><a href=\"https:\/\/wp.ufpel.edu.br\/ppgfil\/files\/2016\/02\/DISSERTA\u00c7\u00c3O-SILVIO-CESAR-GOMES-CARDOSO .pdf\">HANNAH ARENDT: DESOBEDI\u00caNCIA CIVIL E LIBERDADE<\/a><br \/>\nSilvio Cesar Gomes Cardoso<\/p>\n<p><a href=\"https:\/\/wp.ufpel.edu.br\/ppgfil\/files\/2016\/02\/PPG-FIL-DISSERTA\u00c7\u00c3O-HAROLDO.pdf\">JUSTIFICABILIDADE MORAL DO ABORTO:\u00a0O ENFOQUE JUSNATURALISTA DE JOHN FINNIS, ROBERT P. GEORGE E PATRICK LEE<\/a><br \/>\nHaroldo Augusto da Silva Teixeira Duarte<\/p>\n<p><a href=\"https:\/\/wp.ufpel.edu.br\/ppgfil\/files\/2016\/02\/O-problema-do-conhecimento-e-pr\u00e1tica-moral-no-jusnaturalismo-de-Aquino-1.pdf\"><em>OPUS LEGIS SCRIPTUM IN CORDIBUS SUIS<\/em>: O PROBLEMA DO CONHECIMENTO E PR\u00c1TICA MORAL NO JUSNATURALISMO DE TOM\u00c1S DE AQUINO<\/a><br \/>\nBruno Rodrigo D&#8217;Ambros<\/p>\n<p><strong>Disserta\u00e7\u00f5es 2016<\/strong><\/p>\n<p><a href=\"https:\/\/wp.ufpel.edu.br\/ppgfil\/files\/2016\/02\/Disserta\u00e7\u00e3o-Lu\u00edsa-Caroline-da-Silveira-Pogozelski.pdf\"> MORALISMO MODERADO DE NO\u00cbL CARROLL<\/a><a>O<\/a><br \/>\nLu\u00edsa Caroline da Silveira Pogozelski<\/p>\n<p><a href=\"https:\/\/wp.ufpel.edu.br\/ppgfil\/files\/2016\/02\/Lays-da-Silva-Peres.pdf\">ACERCA DA RELA\u00c7\u00c3O ENTRE MORAL, LINGUAGEM E VERDADE NO PENSAMENTO DE NIETZSCHE<\/a><br \/>\nLays Da Silva Peres<\/p>\n<p><a href=\"https:\/\/wp.ufpel.edu.br\/ppgfil\/files\/2016\/02\/Disserta\u00e7\u00e3o-Maur\u00edcio-Vieira.pdf\">A RELA\u00c7\u00c3O ENTRE O LIVRE ARB\u00cdTRIO, A FELICIDADE E A PRESCI\u00caNCIA DE DEUS NO PENSAMENTO DE SEVERINO BO\u00c9CIO<\/a><br \/>\nMaur\u00edcio Medeiros Vieira<\/p>\n<p><a href=\"https:\/\/wp.ufpel.edu.br\/ppgfil\/files\/2016\/02\/01-Disserta\u00e7\u00e3o-Final-CRISTIANN-UFPEL.pdf\">INTERNALISMO DE RAZ\u00d5ES E A DEFLA\u00c7\u00c3O DA SISTEMATIZA\u00c7\u00c3O \u00c9TICA SEGUNDO BERNARD WILLIAMS<\/a><br \/>\nCristiann Wissmann Matos<\/p>\n<p><a href=\"https:\/\/wp.ufpel.edu.br\/ppgfil\/files\/2016\/02\/Disserta\u00e7\u00e3o-vers\u00e3o-final.pdf\">A DEPEND\u00caNCIA ENTRE L\u00d3GICA E MORAL EM BO\u00c9CIO: UM ESTUDO ACERCA DAS INFER\u00caNCIAS T\u00d3PICAS NA CONSOLA\u00c7\u00c3O DA FILOSOFIA<\/a><br \/>\nLuana Talita da Cruz<\/p>\n<p><a href=\"https:\/\/wp.ufpel.edu.br\/ppgfil\/files\/2016\/02\/Disserta\u00e7\u00e3o-Wagner-Fran\u00e7a.pdf\">UMA CARACTERIZA\u00c7\u00c3O DO IMORALISMO EM NIETZSCHE: DA COSMOLOGIA DAS FOR\u00c7AS \u00c0 AQUIESC\u00caNCIA DO<br \/>\nWagner Soares Fran\u00e7a<\/a><\/p>\n<p><a href=\"https:\/\/wp.ufpel.edu.br\/ppgfil\/files\/2016\/02\/Disserta\u00e7\u00e3o-DINNO-CAMPOSILVAN-ZANELLA.pdf\">O CONHECER E O AGIR: RAZ\u00c3O ILUMINADORA E RETID\u00c3O DA VONTADE SEGUNDO SANTO AGOSTINHO<\/a><br \/>\nDinno Camposilvan Zanella<\/p>\n<p><a href=\"https:\/\/wp.ufpel.edu.br\/ppgfil\/files\/2016\/02\/Fatos-e-Valores-um-estudo-sobre-a-dicotomia-fato-valor-e-o-problema-da-objetividade-da-\u00e9tica-em-Hilary-Putnam.pdf\">FATOS E VALORES: UM ESTUDO SOBRE A DICOTOMIA FATO\/VALOR E O PROBLEMA DA OBJETIVIDADE DA \u00c9TICA EM HILARY PUTNAM<\/a><br \/>\nAlexandre Xavier Vargas<\/p>\n<p><a href=\"https:\/\/wp.ufpel.edu.br\/ppgfil\/files\/2016\/02\/Mariana-Secani-Lucas-Disserta\u00e7\u00e3o-Mestrado-2016-UFPel.pdf\">O ESTADO HEGELIANO E SUAS BASES \u00c9TICAS<\/a><br \/>\nMariana Secani Lucas<\/p>\n<p><strong>Disserta\u00e7\u00f5es 2015<\/strong><\/p>\n<p>A\u00c7\u00d5ES AFIRMATIVAS EM RONALD DWORKIN: OS LIMITES DE SUA JUSTIFICA\u00c7\u00c3O E APLICABILIDADE &lt;ahref=&#8221;https:\/\/wp.ufpel.edu.br\/ppgfil\/files\/2017\/12\/disserta\u00e7\u00e3othais.pdf&#8221;&gt;<br \/>\nTha\u00eds Cristina Alves Costa<\/p>\n<p><a href=\"https:\/\/wp.ufpel.edu.br\/ppgfil\/files\/2017\/12\/Disserta\u00e7ao-versao-final.pdf\">A FILOSOFIA DO ESP\u00cdRITO LIVRE EM NIETZSCHE: TENS\u00d5ES, RUPTURAS E INOVA\u00c7\u00d5ES<\/a><br \/>\nDaniel de Alvarenga Berbare<\/p>\n<p><a href=\"https:\/\/wp.ufpel.edu.br\/ppgfil\/files\/2017\/12\/Disserta\u00e7\u00e3o-Tulipa-Meireles.pdf\">EST\u00c9TICA DA EXIST\u00caNCIA EM MICHEL FOUCAULT<\/a><br \/>\nTulipa Martins Meireles<\/p>\n<p><a href=\"https:\/\/wp.ufpel.edu.br\/ppgfil\/files\/2017\/12\/Disserta\u00e7\u00e3o-revisada-pdf.pdf\">DA LEI NATURAL COMO FUNDAMENTO SUPRAMORAL DA A\u00c7\u00c3O HUMANA EM JOHN FINNIS<\/a><br \/>\nJohn Florindo de Miranda<\/p>\n<p><a href=\"https:\/\/wp.ufpel.edu.br\/ppgfil\/files\/2017\/12\/DISSERTA\u00c7\u00c3O-LUCIANO.pdf\">O PROBLEMA DO MAL EM ANSELMO DE AOSTA<\/a><br \/>\nLuciano da Rosa Ramires<\/p>\n<p><a href=\"https:\/\/wp.ufpel.edu.br\/ppgfil\/files\/2017\/12\/A-DISSERTA\u00c7\u00c3O-SET-2015-pdf-MARIELENA.pdf\">OS DIREITOS HUMANOS FUNDAMENTAIS NA TEORIA DE ROBERT ALEXY <\/a><span class=\"fontstyle0\" style=\"font-family: inherit; font-size: inherit;\"><br \/>\nMarielena da Cunha Faria Torrescasana<\/span><\/p>\n<p><a href=\"https:\/\/wp.ufpel.edu.br\/ppgfil\/files\/2016\/02\/DISSERTA\u00c7\u00c3O-Rossana-Batista-Padilha.pdf\">HANNAH ARENDT: O ORDENAMENTO JUR\u00cdDICO COMO<span class=\"apple-converted-space\">\u00a0<\/span>COMPLEMENTO DE SOCIABILIDADE<\/a><br \/>\nRossana Batista Padilha<\/p>\n<p><a href=\"https:\/\/wp.ufpel.edu.br\/ppgfil\/files\/2016\/02\/Ricardo-Rojas-Fabres.pdf\">OS PRINC\u00cdPIOS FILOS\u00d3FICOS DA REVOLU\u00c7\u00c3O SOCIAL NA OBRA DO JOVEM MARX<\/a>Ricardo Rojas Fabres<\/p>\n<p><strong>Disserta\u00e7\u00f5es 2014<\/strong><\/p>\n<p><a href=\"https:\/\/wp.ufpel.edu.br\/ppgfil\/files\/2017\/12\/O-suposto-antagonismo-entre-liberdade-e-determinismo-em-Nietzsche-o-tra\u00e7o-estoico-do-compatibilis.pdf\">O SUPOSTO ANTAGONISMO ENTRE LIBERDADE E DETERMINISMO EM NIETZSCHE: O TRA\u00c7O ESTOICO DO COMPATIBILISMO NIETZSCHIANO<\/a><br \/>\nLeonardo Camacho de Oliveira<\/p>\n<p><a href=\"https:\/\/wp.ufpel.edu.br\/ppgfil\/files\/2017\/12\/NATUREZA-HUMANA-E-DIREITO-EM-ROUSSEAU.pdf\">NATUREZA HUMANA E DIREITO EM ROUSSEAU<\/a><br \/>\nMaribel Moraes Felippe<\/p>\n<p><a href=\"https:\/\/wp.ufpel.edu.br\/ppgfil\/files\/2017\/12\/Disserta\u00e7\u00e3o_S\u00e9rgio-Fernando.pdf\">O \u201cSUJEITO\u201d DA INTERPRETA\u00c7\u00c3O EM NIETZSCHE E FOUCAULT<\/a><br \/>\nS\u00e9rgio Fernando Maciel Corr\u00eaa<\/p>\n<p><a href=\"https:\/\/wp.ufpel.edu.br\/ppgfil\/files\/2017\/12\/A-compaix\u00e3o-em-Nietzsche-e-Schopenhauer-seu-valor-e-sua-cr\u00edtica.pdf\">A COMPAIX\u00c3O EM NIETZSCHE E SCHOPENHAUER: SEU VALOR E SUA CR\u00cdTICA<br \/>\n<\/a><span class=\"fontstyle0\" style=\"font-family: inherit; font-size: inherit;\"><br \/>\nGabriel Heidrich Medeiros<\/span><\/p>\n<p><a href=\"https:\/\/wp.ufpel.edu.br\/ppgfil\/files\/2017\/12\/Disserta\u00ba\u00fao-para-imprimir.pdf\"><span class=\"fontstyle0\">A INFLU\u00caNCIA DE S\u00caNECA NA COMPOSI\u00c7\u00c3O DA TERCEIRA PARTE DA<\/span> <span class=\"fontstyle0\"><em>MORALIS PHILOSOPHIA<\/em> DE ROGER BACON<\/span><br \/>\n<\/a>Diego Atahualpa de Andrade Ramires Farias<\/p>\n<p><strong><span class=\"titulo\">Disserta\u00e7\u00f5es 2013<\/span><\/strong><\/p>\n<p><a href=\"https:\/\/wp.ufpel.edu.br\/ppgfil\/files\/2017\/12\/UNIVERSIDADE-FEDERAL-DE-PELOTAS.pdf\">A PROPOSTA DE UMA REFORMULA\u00c7\u00c3O MORAL EM MESTRE ECKHART<\/a><br \/>\nAntonio Carlos L\u00facio<\/p>\n<p><a href=\"https:\/\/wp.ufpel.edu.br\/ppgfil\/files\/2017\/12\/Disserta\u00e7\u00e3o-Daniela-Grillo-de-Azevedo.pdf\">HANNAH ARENDT: A NATALIDADE ENQUANTO CONDI\u00c7\u00c3O HUMANA PARA A POL\u00cdTICA<\/a><br \/>\nDaniela Grillo de Azevedo<\/p>\n<p><a href=\"https:\/\/wp.ufpel.edu.br\/ppgfil\/files\/2017\/12\/Disserta\u00e7\u00e3o-Marlo-do-Nascimento.pdf\">A QUEST\u00c3O DA FELICIDADE EM BO\u00c9CIO<\/a><br \/>\nMarlo do Nascimento<\/p>\n<p><strong><span class=\"titulo\">Disserta\u00e7\u00f5es 2012<\/span><\/strong><\/p>\n<p><a href=\"https:\/\/wp.ufpel.edu.br\/ppgfil\/files\/2017\/12\/Disserta\u00e7\u00e3o-final-de-Filosofia-Daltro.pdf\">NIETZSCHE E A TRANSVALORA\u00c7\u00c3O DOS VALORES DECADENTES: DO\u00a0AL\u00c9M-DO-HOMEM AO \u201cTIPO NOBRE\u201d<\/a><br \/>\nDaltro Lucena Ulguim<\/p>\n<p><a href=\"https:\/\/wp.ufpel.edu.br\/ppgfil\/files\/2017\/12\/Disserta__o-Hilario-Oliveira-de-Oliveira-imprimir.pdf\"><span class=\"fontstyle0\">A TEORIA DO ESTADO LAICO NA <\/span><span class=\"fontstyle2\">CIVITAS <\/span><span class=\"fontstyle0\">DE MARS\u00cdLIO DE P\u00c1DUA COMO\u00a0<\/span><span class=\"fontstyle0\">PRECURSORA DO ESTADO EM THOMAS HOBBES<\/span><br \/>\n<\/a>Hilario Oliveira de Oliveira<\/p>\n<p><a href=\"https:\/\/wp.ufpel.edu.br\/ppgfil\/files\/2017\/12\/Disserta\u00e7\u00e3o.pdf_.pdf\"> <span class=\"fontstyle0\">A CONSTITUI\u00c7\u00c3O OBJETIVA DO SUJEITO MODERNO NO<\/span> <span class=\"fontstyle0\">DIAGN\u00d3STICO DE MICHEL FOUCAULT<\/span><\/a><br \/>\nMateus Weizenmann<\/p>\n<p><strong><span class=\"titulo\">Disserta\u00e7\u00f5es 2011<\/span><\/strong><\/p>\n<p><a class=\"text\" href=\"http:\/\/www2.ufpel.edu.br\/ich\/ppgfil\/dissertacoes\/fernando-oliveira.pdf\" target=\"_blank\" rel=\"noopener noreferrer\">OS DIREITOS HUMANOS NO DIREITO DOS POVOS SEU CONTE\u00daDO, FUN\u00c7\u00d5ES, PARTICIPA\u00c7\u00c3O EM UMA TEORIA DE PAZ E POSS\u00cdVEL FUNDAMENTA\u00c7\u00c3O.<br \/>\n<\/a><em>Fernando Nunes Oliveira<\/em><\/p>\n<p><a class=\"text\" href=\"http:\/\/www2.ufpel.edu.br\/ich\/ppgfil\/dissertacoes\/francisco-leidens.pdf\" target=\"_blank\" rel=\"noopener noreferrer\">SOLID\u00c3O E COMUNICA\u00c7\u00c3O EM NIETZSCHE: UMA TENS\u00c3O NA OBRA ASSIM FALAVA ZARATUSTRA<br \/>\n<\/a><em>Francisco Rafael Leidens<\/em><\/p>\n<p><a class=\"text\" href=\"http:\/\/www2.ufpel.edu.br\/ich\/ppgfil\/dissertacoes\/mateus-lima.pdf\" target=\"_blank\" rel=\"noopener noreferrer\">A JUSTIFICA\u00c7\u00c3O MORAL ATRAV\u00c9S DA CATEGORIA DE RAZ\u00c3O P\u00daBLICA NA TEORIA DA JUSTI\u00c7A DE JOHN RAWLS<br \/>\n<\/a><em>Mateus de Lima<\/em><\/p>\n<p><a class=\"text\" href=\"http:\/\/www2.ufpel.edu.br\/ich\/ppgfil\/dissertacoes\/lucianosilveira.pdf\" target=\"_blank\" rel=\"noopener noreferrer\">G\u00caNESE E ESTATUTO DO \u201c<em>FACTUM DA RAZ\u00c3O<\/em>\u201d: KANT E O PROBLEMA DA JUSTIFICA\u00c7\u00c3O DA LEI MORAL NA \u201cANAL\u00cdTICA DA RAZ\u00c3O PR\u00c1TICA PURA\u201d<br \/>\n<\/a><em>Luciano Duarte da Silveira<\/em><\/p>\n<p><a class=\"text\" href=\"http:\/\/www2.ufpel.edu.br\/ich\/ppgfil\/dissertacoes\/ataualpa.pdf\" target=\"_blank\" rel=\"noopener noreferrer\">O CONSTRUTIVISMO POL\u00cdTICO RAWLSEANO<br \/>\nDa possibilidade de uma justifica\u00e7\u00e3o pol\u00edtica normativa n\u00e3o-fundacionalista<\/a><br \/>\n<em>Ataualpa Godolphim Feij\u00f3<\/em><\/p>\n<p><strong><span class=\"titulo\">Disserta\u00e7\u00f5es 2010<\/span><\/strong><\/p>\n<p><a class=\"text\" href=\"http:\/\/www2.ufpel.edu.br\/ich\/ppgfil\/dissertacoes\/arthur.pdf\" target=\"_blank\" rel=\"noopener noreferrer\">ETHICA NICOMACHEA: UMA LEITURA PARTICULARISTA<\/a><br \/>\n<em>Arthur Piranema da Cruz<\/em><\/p>\n<p><a class=\"text\" href=\"http:\/\/www2.ufpel.edu.br\/ich\/ppgfil\/dissertacoes\/fernando.pdf\" target=\"_blank\" rel=\"noopener noreferrer\">O RACIOC\u00cdNIO PR\u00c1TICO EM ARIST\u00d3TELES<\/a><br \/>\n<em>Fernando Rodrigues Montes D\u2019Oca<\/em><\/p>\n<p><a class=\"text\" href=\"http:\/\/www2.ufpel.edu.br\/ich\/ppgfil\/dissertacoes\/sergio.pdf\" target=\"_blank\" rel=\"noopener noreferrer\">A CONSTITUI\u00c7\u00c3O DA PROPRIEDADE NO DIREITO ABSTRATO DE HEGEL<\/a><br \/>\n<em>S\u00e9rgio Batista Christino<\/em><\/p>\n<p><a class=\"text\" href=\"http:\/\/www2.ufpel.edu.br\/ich\/ppgfil\/dissertacoes\/vani.pdf\">A CR\u00cdTICA DA MORAL E A TRANSVALORA\u00c7\u00c3O DOS VALORES EM NIETZSCHE: UMA POSSIBILIDADE PARA A FORMA\u00c7\u00c3O DE UM INDIV\u00cdDUO AL\u00c9M-DA-MORAL<\/a><br \/>\n<em>Vani Let\u00edcia Fonseca dos Santos<\/em><\/p>\n<p><a class=\"text\" href=\"http:\/\/www2.ufpel.edu.br\/ich\/ppgfil\/dissertacoes\/joaoleonardo.pdf\" target=\"_blank\" rel=\"noopener noreferrer\">DA CONSTRU\u00c7\u00c3O DOS FUNDAMENTOS DO DIREITO EM JOHN RAWLS<\/a><br \/>\n<em>Jo\u00e3o Leonardo Marques Roschildt<\/em><\/p>\n<p>&nbsp;<\/p>\n","protected":false},"excerpt":{"rendered":"<p>&nbsp; Teses 2024 HANNAH ARENDT: REP\u00daBLICA E LIBERDADE ROSSANA BATISTA PADILHA PROBLEMAS BIOPOL\u00cdTICOS: CORPO, RA\u00c7A E VIOL\u00caNCIA BRUNA DOS SANTOS LEITE SOBRE A ANALOGIA DO BEM COMUM EM SANTO TOM\u00c1S DE AQUINO JULIAN RITZEL FARRET &nbsp; &nbsp; Disserta\u00e7\u00f5es 2024 POR UMA \u00c9TICA DO DESEJO: DA FUNDAMENTA\u00c7\u00c3O FILOS\u00d3FICA \u00c0 POT\u00caNCIA POL\u00cdTICA DA\u00a0HIP\u00d3TESE LACANIANA GABRIEL HENRIQUE SOUZA [&hellip;]<\/p>\n","protected":false},"author":16,"featured_media":0,"parent":0,"menu_order":0,"comment_status":"closed","ping_status":"closed","template":"","meta":{"jetpack_post_was_ever_published":false,"footnotes":""},"class_list":["post-55","page","type-page","status-publish","hentry"],"jetpack_sharing_enabled":true,"_links":{"self":[{"href":"https:\/\/wp.ufpel.edu.br\/ppgfil\/wp-json\/wp\/v2\/pages\/55","targetHints":{"allow":["GET"]}}],"collection":[{"href":"https:\/\/wp.ufpel.edu.br\/ppgfil\/wp-json\/wp\/v2\/pages"}],"about":[{"href":"https:\/\/wp.ufpel.edu.br\/ppgfil\/wp-json\/wp\/v2\/types\/page"}],"author":[{"embeddable":true,"href":"https:\/\/wp.ufpel.edu.br\/ppgfil\/wp-json\/wp\/v2\/users\/16"}],"replies":[{"embeddable":true,"href":"https:\/\/wp.ufpel.edu.br\/ppgfil\/wp-json\/wp\/v2\/comments?post=55"}],"version-history":[{"count":3,"href":"https:\/\/wp.ufpel.edu.br\/ppgfil\/wp-json\/wp\/v2\/pages\/55\/revisions"}],"predecessor-version":[{"id":3368,"href":"https:\/\/wp.ufpel.edu.br\/ppgfil\/wp-json\/wp\/v2\/pages\/55\/revisions\/3368"}],"wp:attachment":[{"href":"https:\/\/wp.ufpel.edu.br\/ppgfil\/wp-json\/wp\/v2\/media?parent=55"}],"curies":[{"name":"wp","href":"https:\/\/api.w.org\/{rel}","templated":true}]}}