{"id":3798,"date":"2026-08-10T11:21:17","date_gmt":"2026-08-10T14:21:17","guid":{"rendered":"https:\/\/wp.ufpel.edu.br\/ppgfil\/?page_id=3798"},"modified":"2026-08-24T18:31:12","modified_gmt":"2026-08-24T21:31:12","slug":"tematicas-de-pesquisa-disponiveis-para-orientacoes","status":"publish","type":"page","link":"https:\/\/wp.ufpel.edu.br\/ppgfil\/tematicas-de-pesquisa-disponiveis-para-orientacoes\/","title":{"rendered":"Tem\u00e1ticas de Pesquisa Dispon\u00edveis para Orienta\u00e7\u00f5es"},"content":{"rendered":"<p><strong>Abaixo apresentamos os eixos tem\u00e1ticos dos docentes do PPGFIL para que possam servir de base para a constru\u00e7\u00e3o dos anteprojetos (Processos Seletivos 2027\/01 para os cursos de Mestrado e Doutorado).<\/strong><\/p>\n<p><strong>DOCENTES PERMANENTES:<\/strong><\/p>\n<p><strong><img class=\"\" src=\"https:\/\/tse3.mm.bing.net\/th\/id\/OIP.Sq7p0tzbsebn1ijAUT_pEwHaHa?r=0&amp;pid=ImgDet&amp;w=205&amp;h=205&amp;c=7&amp;dpr=1,5&amp;o=7&amp;rm=3\" alt=\"Veja os detalhes da imagem relacionada. Servidores Docentes | UFPel\" width=\"85\" height=\"85\" \/> Prof. Dr. Alexandre Reis<\/strong><\/p>\n<p><span style=\"font-weight: 400;\">Orienta pesquisas dedicadas \u00e0 investiga\u00e7\u00e3o da constitui\u00e7\u00e3o hist\u00f3rica dos conceitos filos\u00f3ficos, com especial interesse pela genealogia dos conceitos morais, pol\u00edticos e religiosos. Desenvolve pesquisas sobre a filosofia da morte e do suic\u00eddio, filosofia da religi\u00e3o, filosofia da educa\u00e7\u00e3o, bio\u00e9tica e filosofia da medicina, bem como sobre as interfaces entre filosofia, direito, psicologia e psiquiatria. No \u00e2mbito da tradi\u00e7\u00e3o filos\u00f3fica, orienta pesquisas sobre a Patr\u00edstica e a Filosofia Medieval (especialmente Anselmo, Jer\u00f4nimo e Santo Agostinho), a filosofia pol\u00edtica de Nicolau Maquiavel e sua recep\u00e7\u00e3o contempor\u00e2nea (Newton Bignotto, Quentin Skinner e Claude Lefort), bem como sobre o pensamento de Albert Camus, Viktor Frankl e Jean Am\u00e9ry.\u00a0<\/span><\/p>\n<p><strong><img class=\"\" src=\"https:\/\/th.bing.com\/th\/id\/OIP.cMnRp7LujClM7ezg5a3HHgAAAA?w=138&amp;h=150&amp;c=7&amp;r=0&amp;o=7&amp;dpr=1.5&amp;pid=1.7&amp;rm=3\" alt=\"Resultado de imagem para Adriano Maslowski UFPel\" width=\"80\" height=\"87\" \/> Prof. Dr. Adriano Maslowski<\/strong><\/p>\n<p><span style=\"font-weight: 400;\">Dedica-se a pesquisas com \u00eanfase em fenomenologia, \u00e9tica, ontologia, metaf\u00edsica, antropologia filos\u00f3fica e filosofia pol\u00edtica. Suas investiga\u00e7\u00f5es concentram-se nos fundamentos da subjetividade e da pessoa, analisando categorias como interioridade, ipseidade, afetividade, empatia, alteridade, intersubjetividade e responsabilidade, em articula\u00e7\u00e3o com a \u00e9tica e a filosofia pol\u00edtica. Essas investiga\u00e7\u00f5es desenvolvem-se, sobretudo, em di\u00e1logo com a fenomenologia de Edith Stein, especialmente no que se refere \u00e0s concep\u00e7\u00f5es de pessoa, empatia e comunidade; com outros autores da tradi\u00e7\u00e3o fenomenol\u00f3gica, como Husserl, Heidegger, Scheler e Merleau-Ponty; com Emmanuel L\u00e9vinas. Tamb\u00e9m dedica-se a pesquisas sobre os fundamentos epistemol\u00f3gicos, fenomenol\u00f3gicos e filos\u00f3ficos do Ensino de Filosofia e da forma\u00e7\u00e3o humana, com \u00eanfase na experi\u00eancia educativa, nos processos de ensino e aprendizagem, na forma\u00e7\u00e3o de professores, no curr\u00edculo, nas tecnologias educacionais e na forma\u00e7\u00e3o filos\u00f3fica.\u00a0<\/span><\/p>\n<p><strong><img class=\"\" src=\"https:\/\/institucional.ufpel.edu.br\/cache\/imagens\/7f110ba6-2776-490c-9b2b-0a1e5f8294f7.png\" alt=\"Instituto de Filosofia, Sociologia e Pol\u00edtica | UFPel\" width=\"85\" height=\"85\" \/> Prof. Dr. Clademir Araldi<\/strong><\/p>\n<p><span style=\"font-weight: 400;\">Desenvolve pesquisas sobre a filosofia de Nietzsche e filosofia moderna alem\u00e3, sobre os temas de \u00e9tica e est\u00e9tica, incluindo autores como Schopenhauer e Schelling. Atua tamb\u00e9m em temas de filosofia contempor\u00e2nea, sobretudo sobre a \u00e9tica e est\u00e9tica em Foucault e nos debates sobre o niilismo contempor\u00e2neo.<\/span><\/p>\n<p><strong><img class=\"\" src=\"https:\/\/institucional.ufpel.edu.br\/cache\/imagens\/9e00e60e-af32-4954-b0aa-d4864fcbcac4.jpg\" alt=\"Filosofia | UFPel\" width=\"87\" height=\"62\" \/> Prof. Dr. Eduardo Ferreira das Neves Filho<\/strong><\/p>\n<p><span style=\"font-weight: 400;\">Atua nas \u00e1reas de Epistemologia e Interdisciplinaridade. Desenvolve pesquisas em Filosofia da Linguagem, particularmente em interface com a Epistemologia contempor\u00e2nea de cunho anal\u00edtico. Ludwig Wittgenstein e seus escritos tardios. Tamb\u00e9m orienta temas sobre Ensino de Filosofia.<\/span><\/p>\n<p><strong><img class=\"\" src=\"https:\/\/tse3.mm.bing.net\/th\/id\/OIP.yrE0fi8pGXeZuQLqPMnfjgHaHa?r=0&amp;pid=ImgDet&amp;w=205&amp;h=205&amp;c=7&amp;dpr=1,5&amp;o=7&amp;rm=3\" alt=\"Veja os detalhes da imagem relacionada. Filosofia | UFPel\" width=\"85\" height=\"85\" \/> Prof. Dr. Evandro Barbosa<\/strong><\/p>\n<p><span style=\"font-weight: 400;\">Desenvolve pesquisas nas seguintes \u00e1reas: em Filosofia pol\u00edtica, interessa-se sobremaneira pelas discuss\u00f5es sobre liberalismo e em teorias da justi\u00e7a (com \u00eanfase nos autores Hume, Smith, Kant, Mill, T. Scanlon e Rawls). Em \u00e9tica, tem interesse em discutir teorias normativas (sentimentalismo moral, vertentes deontol\u00f3gicas e contratualismo), em \u00e9tica pr\u00e1tica (bio\u00e9tica e implica\u00e7\u00f5es \u00e9ticas em intelig\u00eancia artificial) e alguns pontos de meta\u00e9tica (teoria do dever, construtivismo e naturalismo moral). No que diz respeito \u00e0 interdisciplinaridade: tem interesse em discutir temas relacionados \u00e0 vulnerabilidade digital (o que inclui intera\u00e7\u00e3o &#8220;humano-m\u00e1quina&#8221;, modelos de ag\u00eancia moral e ethics by design) e discuss\u00f5es em filosofia da economia (especialmente Adam Smith e autores contempor\u00e2neos).<\/span><\/p>\n<p><strong><img class=\"\" src=\"https:\/\/tse4.mm.bing.net\/th\/id\/OIP.6yOAjIq3NFmzBQFXRnlX8gHaHW?r=0&amp;pid=ImgDet&amp;w=205&amp;h=203&amp;c=7&amp;dpr=1,5&amp;o=7&amp;rm=3\" alt=\"Veja os detalhes da imagem relacionada. PROFESSORES\" width=\"85\" height=\"84\" \/> Prof. Dra. Fl\u00e1via Braga de Azambuja<\/strong><\/p>\n<p><span style=\"font-weight: 400;\">Desenvolve pesquisas nas \u00e1reas de \u00c9tica e Filosofia Pol\u00edtica e Epistemologia e Interdisciplinaridade, com interesse nas rela\u00e7\u00f5es entre \u00e9tica, conhecimento, tecnologia e sociedade, incluindo abordagens vinculadas \u00e0 Filosofia da Informa\u00e7\u00e3o e \u00e0 \u00c9tica da Informa\u00e7\u00e3o. Tem disponibilidade para orientar pesquisas sobre os fundamentos, impactos e desafios \u00e9ticos e epistemol\u00f3gicos da intelig\u00eancia artificial e das tecnologias contempor\u00e2neas.<\/span><\/p>\n<p><strong><img class=\"\" src=\"https:\/\/wp.ufpel.edu.br\/ppgfil\/files\/2026\/08\/FB_IMG_1787605580140-1-882x1024.jpg\" alt=\"\" width=\"86\" height=\"100\" \/> \u00a0Prof. Dra. Fl\u00e1via Carvalho Chagas<\/strong><\/p>\n<p><span style=\"font-weight: 400;\">Tem interesse nos seguintes temas: filosofia transcendental de Kant, teoria dos sentimentos morais em Hume, teorias feministas contempor\u00e2neas, teorias epistemol\u00f3gicas do sul global voltadas tanto para o debate sobre g\u00eanero como acerca da sustentabilidade da vida na terra. Tem disponibilidade para orientar pesquisas sobre epistemologia feminista, debates contempor\u00e2neos em \u00e9tica e Filosofia Pol\u00edtica a partir de teorias feministas.<\/span><\/p>\n<p><strong><img class=\"\" src=\"https:\/\/0.academia-photos.com\/687732\/236045\/161354947\/s200_juliano.do_carmo.jpg\" alt=\"Juliano do Carmo - Universidade Federal de Pelotas (Federal University ...\" width=\"85\" height=\"85\" \/> Prof. Dr. Juliano do Carmo<\/strong><\/p>\n<p><span style=\"font-weight: 400;\">Desenvolve pesquisas sobre Filosofia da Neuroci\u00eancia, Ci\u00eancias Cognitivas e suas interfaces com t\u00f3picos de interesse filos\u00f3ficos, tais como: os processos de aquisi\u00e7\u00e3o de linguagem, a natureza do processo de forma\u00e7\u00e3o de cren\u00e7as (Confiabilismo), a normatividade das cren\u00e7as, disson\u00e2ncia cognitiva, amplia\u00e7\u00e3o do escopo do termo \u201ccogni\u00e7\u00e3o\u201d no sentido de incluir processos que ocorrem em n\u00edvel subconsciente. Atua e orienta pesquisas sobre a influ\u00eancia das emo\u00e7\u00f5es no processo de tomada de decis\u00e3o, sobre a exist\u00eancia de livre-arb\u00edtrio (dados os recentes achados neurocient\u00edficos). sobre teorias do racioc\u00ednio dedutivo, sobre cren\u00e7as e normatividade, sobre aspectos epistemol\u00f3gicos no processo de conhecimento direto, sobre Filosofia da Neuroci\u00eancia e da Psicologia, sobre Ensino de Filosofia e Neuroaprendizagem.<\/span><\/p>\n<p><strong><img class=\"\" src=\"https:\/\/institucional.ufpel.edu.br\/cache\/imagens\/25738057-4e81-424e-b2c7-60db5375c70e.png\" alt=\"Instituto de Filosofia, Sociologia e Pol\u00edtica | UFPel\" width=\"85\" height=\"85\" \/> Prof. Dr. Keberson Bresolin<\/strong><\/p>\n<p><span style=\"font-weight: 400;\">Suas pesquisas concentram-se nas \u00e1reas de \u00e9tica, filosofia pol\u00edtica e filosofia do direito, com especial interesse pela filosofia de Immanuel Kant e por temas como autonomia, esclarecimento, raz\u00e3o p\u00fablica, democracia, legitimidade do Estado e liberdade de express\u00e3o. Atualmente, dedica-se tamb\u00e9m \u00e0 investiga\u00e7\u00e3o dos impactos das redes sociais e dos sistemas algor\u00edtmicos sobre a esfera p\u00fablica, a forma\u00e7\u00e3o da opini\u00e3o, a polariza\u00e7\u00e3o pol\u00edtica, a modera\u00e7\u00e3o de conte\u00fado e as condi\u00e7\u00f5es contempor\u00e2neas do debate democr\u00e1tico.<\/span><\/p>\n<p><strong><img class=\"\" src=\"https:\/\/cdn.ahoradosul.com.br\/2025\/10\/WhatsApp_Image_2025-10-17_at_14.42.05-removebg-preview.png\" alt=\"Luis Eduardo Urb\u00e1n Rivero | Facultad\" width=\"85\" height=\"88\" \/>Prof. Dr Luis Eduardo Xavier Rubira<\/strong><\/p>\n<p>Suas investiga\u00e7\u00f5es concentram-se na filosofia de Nietzsche, em particular nos escritos do per\u00edodo de 1882-1888. Orienta teses e disserta\u00e7\u00f5es tamb\u00e9m na intersec\u00e7\u00e3o entre Filosofia e Interdisciplinaridade, com foco em Filosofia Moderna e Contempor\u00e2nea e suas rela\u00e7\u00f5es com a hist\u00f3ria, arte e a cultura.<\/p>\n<p><strong><img class=\"\" src=\"https:\/\/cursos.anpof.org.br\/wp-content\/uploads\/2024\/07\/Trilha-XIII-2-1.png\" alt=\"Trilha XIII - Clima e Sociedade - Cursos Anpof\" width=\"85\" height=\"85\" \/> Prof. Dr. Nuno Castanheira<\/strong><\/p>\n<p><span style=\"font-weight: 400;\">Desenvolve pesquisas sobre a crise ecol\u00f3gica e temas relacionados \u2013 incluindo viol\u00eancia ecol\u00f3gica, Antropoceno, cr\u00edtica do capitalismo e da Modernidade, aliena\u00e7\u00e3o e domina\u00e7\u00e3o, ecofeminismo, ecossocialismo, \u00e9tica ambiental \u2013, assim como em \u00e9tica, pol\u00edtica e ontologia \u2013 contempor\u00e2neas e de matriz continental, com particular enfoque em Hannah Arendt e pensadores\/as afins \u2013, fenomenologia e filosofias da exist\u00eancia, teoria cr\u00edtica, e cr\u00edtica da t\u00e9cnica e da tecnologia.<\/span><\/p>\n<p><strong><img class=\"\" src=\"https:\/\/wp.ufpel.edu.br\/ppgartes\/files\/2025\/07\/FOTO-Renata-Requiao-edited.jpeg\" alt=\"Programa de P\u00f3s Gradua\u00e7\u00e3o em Artes \u00bb Renata Azevedo Requi\u00e3o\" width=\"85\" height=\"85\" \/> Prof. Dra. Renata Requi\u00e3o\u00a0<\/strong><\/p>\n<p><span style=\"font-weight: 400;\">Desenvolve pesquisas sobre a produ\u00e7\u00e3o\/recep\u00e7\u00e3o de pensamento cr\u00edtico na contemporaneidade, preponderantemente, a partir de \u201cobjetos est\u00e9ticos\u201d produzidos nos Campos das Artes Visuais e da Literatura. Seus temas de pesquisa, orienta\u00e7\u00e3o e leitura incluem: Cr\u00edtica do Capitalismo e da Modernidade; Modernidade como constru\u00e7\u00e3o\/impedimento para a Contemporaneidade; Cr\u00edtica \u00e0 Ind\u00fastria Cultural e \u00e0 Tecnologia; Viol\u00eancia e Fascismo; Estudos de Linguagem (Lingu\u00edstica e Literatura), Leitura e Interdisciplinaridade; Pensamento M\u00edtico na Contemporaneidade; Ordem Social e Estado de Exce\u00e7\u00e3o; Corporeidade, Cidade, Cidadania, Pessoas ap\u00e1tridas e \u00caxodo no Contempor\u00e2neo. Com particular interesse na leitura de Walter Benjamin, na de seus herdeiros contempor\u00e2neos (Deleuze, Sontag, Sennnett, Derrida, Agamben, e outros pensadores afins), e na de Roland Barthes.<\/span><\/p>\n<p><strong><img class=\"\" src=\"https:\/\/institucional.ufpel.edu.br\/cache\/imagens\/8dc094cf-d3a9-4028-9345-1572771e294d.jpg\" alt=\"Filosofia | UFPel\" width=\"86\" height=\"61\" \/> Prof. Dr. S\u00e9rgio Ricardo Strefling<\/strong><\/p>\n<p><span style=\"font-weight: 400;\">Desenvolve pesquisas em Metaf\u00edsica, especialmente ontologia, \u00e9tica, pol\u00edtica, estado laico. Destaca-se temas relacionados \u00e0 intelig\u00eancia, vontade, virtudes e v\u00edcios. Dialoga e orienta pesquisa a partir de autores cl\u00e1ssicos como Arist\u00f3teles, Agostinho, Tom\u00e1s de Aquino e Mars\u00edlio de P\u00e1dua.<\/span><\/p>\n<p><strong>DOCENTES COLABORADORES:<\/strong><\/p>\n<p><strong>Prof. Dr. Rodrigo Reis Lastra Cid<\/strong><\/p>\n<p><span style=\"font-weight: 400;\">Desenvolve pesquisas interdisciplinares em Filosofia da Tecnologia, com enfoque em Intelig\u00eancia Artificial, sistemas descentralizados da Web3 e governan\u00e7a digital, e em \u00c9tica Acad\u00eamica do uso de IA. Atua tamb\u00e9m na discuss\u00e3o filos\u00f3fica sobre as leis da natureza e os princ\u00edpios de simetria da f\u00edsica e seus status modais. Dispon\u00edvel para orienta\u00e7\u00e3o nesses temas.<\/span><\/p>\n<p style=\"text-align: justify;\"><strong>Prof. Dra. Thais Alves Costa<\/strong><\/p>\n<p style=\"text-align: justify;\"><span style=\"font-weight: 400;\">Desenvolve pesquisas em \u00e9tica e filosofia pol\u00edtica, com \u00eanfase em vulnerabilidade, justi\u00e7a e intelig\u00eancia artificial, investigando os desafios \u00e9ticos, jur\u00eddicos e sociais decorrentes da automa\u00e7\u00e3o, da governan\u00e7a digital e das novas tecnologias. Atua tamb\u00e9m em filosofia do direito, especialmente nas rela\u00e7\u00f5es entre moralidade, institui\u00e7\u00f5es, direitos humanos e pol\u00edticas p\u00fablicas, com interesse pelos fundamentos normativos da regula\u00e7\u00e3o tecnol\u00f3gica e da prote\u00e7\u00e3o das pessoas em contextos de vulnerabilidade. Na filosofia da economia e na hist\u00f3ria do pensamento econ\u00f4mico, dedica-se ao estudo do Iluminismo Escoc\u00eas, investigando as rela\u00e7\u00f5es entre sentimentos morais, virtudes, desenvolvimento humano e o funcionamento da sociedade comercial. Est\u00e1 dispon\u00edvel para orientar pesquisas nessas \u00e1reas e em temas correlatos.<\/span><\/p>\n","protected":false},"excerpt":{"rendered":"<p>Abaixo apresentamos os eixos tem\u00e1ticos dos docentes do PPGFIL para que possam servir de base para a constru\u00e7\u00e3o dos anteprojetos (Processos Seletivos 2027\/01 para os cursos de Mestrado e Doutorado). DOCENTES PERMANENTES: Prof. Dr. Alexandre Reis Orienta pesquisas dedicadas \u00e0 investiga\u00e7\u00e3o da constitui\u00e7\u00e3o hist\u00f3rica dos conceitos filos\u00f3ficos, com especial interesse pela genealogia dos conceitos morais, [&hellip;]<\/p>\n","protected":false},"author":16,"featured_media":0,"parent":0,"menu_order":0,"comment_status":"closed","ping_status":"closed","template":"","meta":{"footnotes":""},"class_list":["post-3798","page","type-page","status-publish","hentry"],"jetpack_sharing_enabled":true,"_links":{"self":[{"href":"https:\/\/wp.ufpel.edu.br\/ppgfil\/wp-json\/wp\/v2\/pages\/3798","targetHints":{"allow":["GET"]}}],"collection":[{"href":"https:\/\/wp.ufpel.edu.br\/ppgfil\/wp-json\/wp\/v2\/pages"}],"about":[{"href":"https:\/\/wp.ufpel.edu.br\/ppgfil\/wp-json\/wp\/v2\/types\/page"}],"author":[{"embeddable":true,"href":"https:\/\/wp.ufpel.edu.br\/ppgfil\/wp-json\/wp\/v2\/users\/16"}],"replies":[{"embeddable":true,"href":"https:\/\/wp.ufpel.edu.br\/ppgfil\/wp-json\/wp\/v2\/comments?post=3798"}],"version-history":[{"count":3,"href":"https:\/\/wp.ufpel.edu.br\/ppgfil\/wp-json\/wp\/v2\/pages\/3798\/revisions"}],"predecessor-version":[{"id":3836,"href":"https:\/\/wp.ufpel.edu.br\/ppgfil\/wp-json\/wp\/v2\/pages\/3798\/revisions\/3836"}],"wp:attachment":[{"href":"https:\/\/wp.ufpel.edu.br\/ppgfil\/wp-json\/wp\/v2\/media?parent=3798"}],"curies":[{"name":"wp","href":"https:\/\/api.w.org\/{rel}","templated":true}]}}