{"id":484,"date":"2021-03-10T11:58:56","date_gmt":"2021-03-10T14:58:56","guid":{"rendered":"https:\/\/wp.ufpel.edu.br\/ppgent\/?page_id=484"},"modified":"2022-06-09T13:03:09","modified_gmt":"2022-06-09T16:03:09","slug":"ingresso-2018-1","status":"publish","type":"page","link":"https:\/\/wp.ufpel.edu.br\/ppgent\/discentes\/ingresso-2018-1\/","title":{"rendered":"Ingresso 2018\/1"},"content":{"rendered":"<p><a href=\"http:\/\/lattes.cnpq.br\/5272105343288785\"><strong>Laura Viana Vargas<\/strong><\/a><\/p>\n<ul>\n<li><strong>Orientador:<\/strong> <a href=\"http:\/\/lattes.cnpq.br\/1010854680087943\">Prof. Dr. Marco Antonio Tonus Marinho<\/a><\/li>\n<li><strong>Projeto de Pesquisa:<\/strong> Contribui\u00e7\u00f5es ao conhecimento biogeogr\u00e1fico de Mesembrinellidae e estudo faun\u00edstico de Calliphoridae e Mesembrinellidae (Diptera: Oestroidea) no sul do Brasil<\/li>\n<li style=\"text-align: justify;\"><strong>Resumo:<\/strong> Calliphoridae e Mesembrinellidae (Diptera: Oestroidea) s\u00e3o fam\u00edlias de d\u00edpteros caliptrados. Os califor\u00eddeos t\u00eam distribui\u00e7\u00e3o mundial e import\u00e2ncia para a entomologia forense e medicina veterin\u00e1ria, pois suas larvas possuem h\u00e1bito sapr\u00f3fago ou ectoparas\u00edtico de mam\u00edferos. J\u00e1 os mesembrinel\u00eddeos distribuem-se exclusivamente na Regi\u00e3o Neotropical, apresentando potencial para uso como bioindicadores, ocorrendo quase exclusivamente em \u00e1reas florestais. O conhecimento da fauna destas fam\u00edlias no Rio Grande do Sul \u00e9 ainda incipiente, assim como s\u00e3o poucos os estudos sobre os padr\u00f5es biogeogr\u00e1ficos para estes grupos na regi\u00e3o Neotropical, em especial para Mesembrinellidae. Neste contexto, a primeira parte desde trabalho teve como objetivo realizar um estudo da fauna destas fam\u00edlias em duas localidades do Rio Grande do Sul, uma no Horto Bot\u00e2nico Irm\u00e3o Teodoro Luis, localizado no munic\u00edpio de Cap\u00e3o do Le\u00e3o, e outra na Floresta Nacional (FLONA) de S\u00e3o Francisco de Paula. Foram realizadas coletas utilizando quatro armadilhas Van Someren-Rydon iscadas com f\u00edgado bovino ou de galinha. No Horto Bot\u00e2nico, as coletas foram realizadas mensalmente, com exposi\u00e7\u00e3o das armadilhas por sete dias, durante um ano (08\/2018 a 08\/2019). Na FLONA, a coleta realizada foi de car\u00e1ter pontual, no per\u00edodo de 13\/04 a 03\/05\/2019 (21 dias). No Horto Bot\u00e2nico, foram coletados 604 indiv\u00edduos, sendo a esp\u00e9cie mais abundante <em>Lucia eximia<\/em> (57,3%), seguida por <em>Chrysomya albiceps<\/em> (21,0%). Na FLONA, foram coletados 243 indiv\u00edduos, sendo a esp\u00e9cie mais abundante <em>L. eximia<\/em> (71,2%), seguida por <em>Hemilucilia semidiaphana<\/em> (18,5%). Indiv\u00edduos de Mesembrinellidae foram coletados apenas na FLONA. No Horto Bot\u00e2nico, observou-se a varia\u00e7\u00e3o temporal no perfil das esp\u00e9cies, sendo que a maior riqueza foi encontrada no outono e primavera. A segunda parte do trabalho objetivou realizar uma an\u00e1lise biogeogr\u00e1fica para Mesembrinellidae. Para tanto, dados de ocorr\u00eancia das 53 esp\u00e9cies viventes conhecidas da fam\u00edlia foram compilados a partir da literatura e de material dispon\u00edvel no Laborat\u00f3rio de Gen\u00e9tica e Evolu\u00e7\u00e3o de Insetos (LEGIN), do IB\/UFPel. Os dados de ocorr\u00eancia foram utilizados na elabora\u00e7\u00e3o de mapas de distribui\u00e7\u00e3o e incorporados \u00e0s an\u00e1lises biogeogr\u00e1ficas conduzidas com o software BioGeoBEARS, utilizando os modelos DEC, DIVA-like e BAYAREA. Para as an\u00e1lises, foi utilizada uma \u00e1rvore filogen\u00e9tica com estimativa de tempos de diverg\u00eancia extra\u00edda de uma an\u00e1lise ainda n\u00e3o publicada das rela\u00e7\u00f5es filgen\u00e9ticas em Oestroidea, conduzida com o software BEAST. Os resultados das an\u00e1lises mostram que Mesembrinellidae originou-se h\u00e1 ~38 milh\u00f5es de anos atr\u00e1s, sendo que a linhagem ancestral da fam\u00edlia parece ter se estabelecido e diversificado inicialmente na por\u00e7\u00e3o noroeste da Am\u00e9rica do Sul, associada \u00e0 Floresta Amaz\u00f4nica e \u00e0 Cordilheira dos Andes. A coloniza\u00e7\u00e3o de \u00e1reas mais perif\u00e9ricas da regi\u00e3o Neotropical, como a Am\u00e9rica Central e a Mata Atl\u00e2ntica, ocorreu mais recentemente, coincidindo, respectivamente, com os per\u00edodos de forma\u00e7\u00e3o do Istmo do Panam\u00e1 e da exist\u00eancia de interconex\u00f5es hist\u00f3ricas entre a Floresta Amaz\u00f4nica e a Mata Atl\u00e2ntica.<\/li>\n<li><strong>Palavras-chave:<\/strong> Levantamento de fauna; Horto Bot\u00e2nico Irm\u00e3o Teodoro Luis; FLONA S\u00e3o Francisco de Paula; Biogeografia; Regi\u00e3o Neotropical; moscas varejeiras.<\/li>\n<li><a href=\"http:\/\/www.repositorio.ufpel.edu.br\/bitstream\/prefix\/7002\/1\/Dissertacao_Laura_Viana_Vargas___versao_parcial.pdf\">Download (PDF)<\/a><\/li>\n<\/ul>\n<p>&nbsp;<\/p>\n<p><a href=\"http:\/\/lattes.cnpq.br\/9822878879421687\"><strong>M\u00e1rcio Soares Ferreira<\/strong><\/a><\/p>\n<ul>\n<li><strong>Orientador:<\/strong> <a href=\"http:\/\/lattes.cnpq.br\/3632078197153438\">Prof. Dr. Marco Silva Gottschalk<\/a><\/li>\n<li><strong>Projeto de pesquisa: <\/strong>Caracteriza\u00e7\u00e3o da assembleia de <em>Drosophila<\/em> (Diptera: Drosophilidae)<br \/>\nem \u00e1reas de produ\u00e7\u00e3o de pequenos frutos no Rio Grande do Sul, Brasil<\/li>\n<li style=\"text-align: justify;\"><strong>Resumo:\u00a0<\/strong>Drosophilidae (Diptera) pode servir de modelo em estudos nas \u00e1reas de gen\u00e9tica, evolu\u00e7\u00e3o, ecologia entre outros, al\u00e9m de apresentar esp\u00e9cies de import\u00e2ncia econ\u00f4mica. Esses insetos apresentam uma grande distribui\u00e7\u00e3o mundial, com muitas esp\u00e9cies na regi\u00e3o Neotropical. Al\u00e9m disso, os estudos de taxonomia contribuem para a compreens\u00e3o da fauna de drosofil\u00eddeos na regi\u00e3o. H\u00e1 car\u00eancia de estudos que identifiquem esse grupo de insetos em \u00e1reas rurais, antropizadas e\/ou associadas a cultivos de frutos. Nesse sentido, o presente estudo foi importante para responder quest\u00f5es sobre a din\u00e2mica populacional de drosofil\u00eddeos em tr\u00eas \u00e1reas com cultivos de frutos pequenos, pr\u00f3ximas ou n\u00e3o de \u00e1reas de mata em localidades no sul do Rio Grande do Sul. A identifica\u00e7\u00e3o dos insetos foi feita baseada na an\u00e1lise da morfologia externa e da termin\u00e1lia masculina. Foram identificados 4221 indiv\u00edduos, sendo desse total 3119 atribu\u00eddos a 41 esp\u00e9cies do g\u00eanero <em>Drosophila<\/em>, e outros 1102 indiv\u00edduos identificados a n\u00edvel de grupo. As esp\u00e9cies <em>D<\/em>. <em>simulans<\/em>, <em>D<\/em>. <em>hydei<\/em>, <em>D<\/em>. <em>mercatorum<\/em> e <em>D<\/em>.<em> suzukii<\/em> foram as mais abundantes. Das tr\u00eas localidades, a Cascatinha apresentou a maior riqueza, provavelmente em fun\u00e7\u00e3o da diversidade de cultivos presentes na \u00e1rea. A esta\u00e7\u00e3o com maior abund\u00e2ncia foi o outono, e o m\u00eas com a maior abund\u00e2ncia foi maio. Possivelmente o decl\u00ednio da abund\u00e2ncia das esp\u00e9cies na primavera esteja relacionado a ocorr\u00eancia do per\u00edodo de flora\u00e7\u00e3o e frutifica\u00e7\u00e3o da maioria dos cultivos amostrados, n\u00e3o havendo frutos suficientes e com isso menos recursos. Podemos concluir que \u00e1reas de cultivo de pequenos frutos apresentam um grande potencial para estudos de levantamento de esp\u00e9cies e para a compreens\u00e3o ecol\u00f3gica do g\u00eanero <em>Drosophila<\/em>.<\/li>\n<li><strong>Palavras-chave: <\/strong>mosca do vinagre; pequenos frutos; armadilhas; assembleias.<\/li>\n<li><a href=\"https:\/\/drive.google.com\/file\/d\/1UpizwRPOcOlOUFEdsKN9DyV19by3GV89\/view?usp=sharing\">Download (PDF)<\/a><\/li>\n<\/ul>\n<p>&nbsp;<\/p>\n<p><a href=\"http:\/\/lattes.cnpq.br\/5179208577288584\"><strong>S\u00e9rgio da Costa Dias<\/strong><\/a><\/p>\n<ul>\n<li><strong>Orientador:<\/strong> <a href=\"http:\/\/lattes.cnpq.br\/0371096131093979\">Prof. Dr. Fl\u00e1vio Roberto Mello Garcia<\/a><\/li>\n<li><strong>Co-orientadora:<\/strong> <a href=\"http:\/\/lattes.cnpq.br\/7939862176652504\">Dr\u00aa. Andressa Lima de Brida<\/a><\/li>\n<li><strong>Projeto de Pesquisa:<\/strong> Potencial de nematoides entomopatog\u00eanicos no controle de <em>Drosophila suzukii<\/em> e compatibilidade com inseticidas<\/li>\n<li style=\"text-align: justify;\"><strong>Resumo:<\/strong> <em>Drosophila suzukii<\/em> (Diptera: Drosophilidae) foi recentemente registrada no Brasil e constitui uma amea\u00e7a \u00e0 fruticultura, principalmente para as pequenas frutas. No contexto de busca de medidas para o controle de <em>D. suzukii<\/em>, o objetivo do trabalho foi avaliar a patogenicidade e virul\u00eancia de nematoides entomopatog\u00eanicos a pupas de <em>D. suzukii<\/em>, a viabilidade e infectividade de nematoides entomopatog\u00eanicos combinados com inseticidas em pupas de <em>D. suzukii<\/em> e o efeito da associa\u00e7\u00e3o de inseticida e nematoides entomopatog\u00eanicos em pupas e na longevidade dos adultos. Foi avaliada a patogenicidade e virul\u00eancia de <em>Steinernema brazilense<\/em> IBCBn 24, <em>Steinernema carpocapsae<\/em> IBCBn 02, <em>Heterorhabditis bacteriophora<\/em> HB e <em>Heterorhabditis amazonensis<\/em> IBCBn 24 nas concentra\u00e7\u00f5es de 0 (testemunha), 200, 400, 600, 800, 1000, 1800, 3600 e 5400 juvenis infectantes a pupas de <em>D. suzukii<\/em>. Em seguida foi avaliada a viabilidade e infectividade de nematoides entomopatog\u00eanicos com inseticidas qu\u00edmicos. Para tal, foram utilizados 10 tipos de inseticidas (abamectina, acetamiprida, thiamethoxam, malationa, fosmete, deltametrina, espinetoram, azadiractina, novalurom e lambda-cialotrina), formulados na concentra\u00e7\u00e3o recomendada pelo fabricante. A viabilidade dos nematoides entomopatog\u00eanicos foi avaliada 48 horas ap\u00f3s a exposi\u00e7\u00e3o ao produto e, para tanto, pequenas al\u00edquotas foram retiradas da suspens\u00e3o, sendo observadas 100 juvenis infectantes de cada repeti\u00e7\u00e3o em microsc\u00f3pio para determinar a mortalidade. Para verificar a infectividade, os nematoides entomopatog\u00eanicos foram lavados com \u00e1gua destilada e uma al\u00edquota de 0,2 mL foi pipetada em 10 pupas de <em>D. suzukii<\/em> individualizadas em copos pl\u00e1sticos. A fim de avaliar o efeito de associa\u00e7\u00e3o de isolados de nematoides entomopatog\u00eanicos e inseticidas no controle de <em>D. suzukii<\/em>, foram utilizados os nematoides <em>H. bacteriophora<\/em> HB e <em>H. amazonensis<\/em> IBCBn 24 associadas aos inseticidas espinetoram, malationa, azadiractina, fosmete e novalurom na dosagem 1\/4 e, ap\u00f3s seis dias foi feita a avalia\u00e7\u00e3o. Os nematoides do g\u00eanero <em>Heterorhabditis<\/em> foram mais eficientes causando mortalidade m\u00e1xima de 80,0% para <em>H. bacteriophora<\/em> HB na concentra\u00e7\u00e3o de 5400 juvenis infectantes\/mL e 86,25% para <em>H. amazonesis<\/em> IBCBn 24 na concentra\u00e7\u00e3o de 1800 juvenis\/mL, tamb\u00e9m houve alta virul\u00eancia. As menores concentra\u00e7\u00f5es letais de juvenis foram obtidas em pupas, com <em>H. bacteriophora<\/em> HB (CL50) com 771,63 juvenis infectantes\/mL e <em>H. amazonesis<\/em> IBCBn 24 (CL50) com 1115,49 juvenis\/mL. Apenas os inseticidas espinetoram, malationa, abamectina, azadiractina e lambda-cialotrina afetaram a viabilidade do isolado <em>S. carpocapsae<\/em> IBCBn 02. A redu\u00e7\u00e3o da infec\u00e7\u00e3o ap\u00f3s contato com inseticidas foi inferior a 30% para todos nematoides, sendo que lambda-cialotrina foi o inseticida que mais reduziu a infectividade diminuindo em 20%, 24% 10% e 20% para <em>H. bacteriophora<\/em> HB, <em>H. amazonensis<\/em> IBCBn 24, <em>S. carpocapsae<\/em> IBCBn 02 e <em>S. brazilense<\/em> IBCBn 24, respectivamente. Quando associado os dois m\u00e9todos de controle observou-se uma a\u00e7\u00e3o sin\u00e9rgica, exceto para o inseticida novalurom que afetou negativamente a a\u00e7\u00e3o de nematoides entomopatog\u00eanicos.<\/li>\n<li><strong>Palavras-chave:<\/strong> Controle Biol\u00f3gico; Patogenicidade; Virul\u00eancia.<\/li>\n<li><a href=\"http:\/\/www.repositorio.ufpel.edu.br\/bitstream\/prefix\/7003\/1\/Dissertacao_Sergio_da_Costa_Dias.pdf\">Download (PDF)<\/a><\/li>\n<\/ul>\n","protected":false},"excerpt":{"rendered":"<p>Laura Viana Vargas Orientador: Prof. Dr. Marco Antonio Tonus Marinho Projeto de Pesquisa: Contribui\u00e7\u00f5es ao conhecimento biogeogr\u00e1fico de Mesembrinellidae e estudo faun\u00edstico de Calliphoridae e Mesembrinellidae (Diptera: Oestroidea) no sul do Brasil Resumo: Calliphoridae e Mesembrinellidae (Diptera: Oestroidea) s\u00e3o fam\u00edlias de d\u00edpteros caliptrados. Os califor\u00eddeos t\u00eam distribui\u00e7\u00e3o mundial e import\u00e2ncia para a entomologia forense e [&hellip;]<\/p>\n","protected":false},"author":606,"featured_media":0,"parent":60,"menu_order":0,"comment_status":"closed","ping_status":"closed","template":"","meta":{"footnotes":""},"class_list":["post-484","page","type-page","status-publish","hentry"],"yoast_head":"<!-- This site is optimized with the Yoast SEO plugin v26.7 - https:\/\/yoast.com\/wordpress\/plugins\/seo\/ -->\n<title>Ingresso 2018\/1 &#8226; PPG em Entomologia<\/title>\n<meta name=\"robots\" content=\"index, follow, max-snippet:-1, max-image-preview:large, max-video-preview:-1\" \/>\n<link rel=\"canonical\" href=\"https:\/\/wp.ufpel.edu.br\/ppgent\/discentes\/ingresso-2018-1\/\" \/>\n<meta property=\"og:locale\" content=\"pt_BR\" \/>\n<meta property=\"og:type\" content=\"article\" \/>\n<meta property=\"og:title\" content=\"Ingresso 2018\/1 &#8226; PPG em Entomologia\" \/>\n<meta property=\"og:description\" content=\"Laura Viana Vargas Orientador: Prof. Dr. Marco Antonio Tonus Marinho Projeto de Pesquisa: Contribui\u00e7\u00f5es ao conhecimento biogeogr\u00e1fico de Mesembrinellidae e estudo faun\u00edstico de Calliphoridae e Mesembrinellidae (Diptera: Oestroidea) no sul do Brasil Resumo: Calliphoridae e Mesembrinellidae (Diptera: Oestroidea) s\u00e3o fam\u00edlias de d\u00edpteros caliptrados. Os califor\u00eddeos t\u00eam distribui\u00e7\u00e3o mundial e import\u00e2ncia para a entomologia forense e [&hellip;]\" \/>\n<meta property=\"og:url\" content=\"https:\/\/wp.ufpel.edu.br\/ppgent\/discentes\/ingresso-2018-1\/\" \/>\n<meta property=\"og:site_name\" content=\"PPG em Entomologia\" \/>\n<meta property=\"article:modified_time\" content=\"2022-06-09T16:03:09+00:00\" \/>\n<meta name=\"twitter:card\" content=\"summary_large_image\" \/>\n<meta name=\"twitter:label1\" content=\"Est. tempo de leitura\" \/>\n\t<meta name=\"twitter:data1\" content=\"8 minutos\" \/>\n<script type=\"application\/ld+json\" class=\"yoast-schema-graph\">{\"@context\":\"https:\/\/schema.org\",\"@graph\":[{\"@type\":\"WebPage\",\"@id\":\"https:\/\/wp.ufpel.edu.br\/ppgent\/discentes\/ingresso-2018-1\/\",\"url\":\"https:\/\/wp.ufpel.edu.br\/ppgent\/discentes\/ingresso-2018-1\/\",\"name\":\"Ingresso 2018\/1 &#8226; PPG em Entomologia\",\"isPartOf\":{\"@id\":\"https:\/\/wp.ufpel.edu.br\/ppgent\/#website\"},\"datePublished\":\"2021-03-10T14:58:56+00:00\",\"dateModified\":\"2022-06-09T16:03:09+00:00\",\"breadcrumb\":{\"@id\":\"https:\/\/wp.ufpel.edu.br\/ppgent\/discentes\/ingresso-2018-1\/#breadcrumb\"},\"inLanguage\":\"pt-BR\",\"potentialAction\":[{\"@type\":\"ReadAction\",\"target\":[\"https:\/\/wp.ufpel.edu.br\/ppgent\/discentes\/ingresso-2018-1\/\"]}]},{\"@type\":\"BreadcrumbList\",\"@id\":\"https:\/\/wp.ufpel.edu.br\/ppgent\/discentes\/ingresso-2018-1\/#breadcrumb\",\"itemListElement\":[{\"@type\":\"ListItem\",\"position\":1,\"name\":\"In\u00edcio\",\"item\":\"https:\/\/wp.ufpel.edu.br\/ppgent\/\"},{\"@type\":\"ListItem\",\"position\":2,\"name\":\"Discentes e Disserta\u00e7\u00f5es Defendidas\",\"item\":\"https:\/\/wp.ufpel.edu.br\/ppgent\/discentes\/\"},{\"@type\":\"ListItem\",\"position\":3,\"name\":\"Ingresso 2018\/1\"}]},{\"@type\":\"WebSite\",\"@id\":\"https:\/\/wp.ufpel.edu.br\/ppgent\/#website\",\"url\":\"https:\/\/wp.ufpel.edu.br\/ppgent\/\",\"name\":\"PPG em Entomologia\",\"description\":\"Universidade Federal de Pelotas\",\"potentialAction\":[{\"@type\":\"SearchAction\",\"target\":{\"@type\":\"EntryPoint\",\"urlTemplate\":\"https:\/\/wp.ufpel.edu.br\/ppgent\/?s={search_term_string}\"},\"query-input\":{\"@type\":\"PropertyValueSpecification\",\"valueRequired\":true,\"valueName\":\"search_term_string\"}}],\"inLanguage\":\"pt-BR\"}]}<\/script>\n<!-- \/ Yoast SEO plugin. -->","yoast_head_json":{"title":"Ingresso 2018\/1 &#8226; PPG em Entomologia","robots":{"index":"index","follow":"follow","max-snippet":"max-snippet:-1","max-image-preview":"max-image-preview:large","max-video-preview":"max-video-preview:-1"},"canonical":"https:\/\/wp.ufpel.edu.br\/ppgent\/discentes\/ingresso-2018-1\/","og_locale":"pt_BR","og_type":"article","og_title":"Ingresso 2018\/1 &#8226; PPG em Entomologia","og_description":"Laura Viana Vargas Orientador: Prof. Dr. Marco Antonio Tonus Marinho Projeto de Pesquisa: Contribui\u00e7\u00f5es ao conhecimento biogeogr\u00e1fico de Mesembrinellidae e estudo faun\u00edstico de Calliphoridae e Mesembrinellidae (Diptera: Oestroidea) no sul do Brasil Resumo: Calliphoridae e Mesembrinellidae (Diptera: Oestroidea) s\u00e3o fam\u00edlias de d\u00edpteros caliptrados. Os califor\u00eddeos t\u00eam distribui\u00e7\u00e3o mundial e import\u00e2ncia para a entomologia forense e [&hellip;]","og_url":"https:\/\/wp.ufpel.edu.br\/ppgent\/discentes\/ingresso-2018-1\/","og_site_name":"PPG em Entomologia","article_modified_time":"2022-06-09T16:03:09+00:00","twitter_card":"summary_large_image","twitter_misc":{"Est. tempo de leitura":"8 minutos"},"schema":{"@context":"https:\/\/schema.org","@graph":[{"@type":"WebPage","@id":"https:\/\/wp.ufpel.edu.br\/ppgent\/discentes\/ingresso-2018-1\/","url":"https:\/\/wp.ufpel.edu.br\/ppgent\/discentes\/ingresso-2018-1\/","name":"Ingresso 2018\/1 &#8226; PPG em Entomologia","isPartOf":{"@id":"https:\/\/wp.ufpel.edu.br\/ppgent\/#website"},"datePublished":"2021-03-10T14:58:56+00:00","dateModified":"2022-06-09T16:03:09+00:00","breadcrumb":{"@id":"https:\/\/wp.ufpel.edu.br\/ppgent\/discentes\/ingresso-2018-1\/#breadcrumb"},"inLanguage":"pt-BR","potentialAction":[{"@type":"ReadAction","target":["https:\/\/wp.ufpel.edu.br\/ppgent\/discentes\/ingresso-2018-1\/"]}]},{"@type":"BreadcrumbList","@id":"https:\/\/wp.ufpel.edu.br\/ppgent\/discentes\/ingresso-2018-1\/#breadcrumb","itemListElement":[{"@type":"ListItem","position":1,"name":"In\u00edcio","item":"https:\/\/wp.ufpel.edu.br\/ppgent\/"},{"@type":"ListItem","position":2,"name":"Discentes e Disserta\u00e7\u00f5es Defendidas","item":"https:\/\/wp.ufpel.edu.br\/ppgent\/discentes\/"},{"@type":"ListItem","position":3,"name":"Ingresso 2018\/1"}]},{"@type":"WebSite","@id":"https:\/\/wp.ufpel.edu.br\/ppgent\/#website","url":"https:\/\/wp.ufpel.edu.br\/ppgent\/","name":"PPG em Entomologia","description":"Universidade Federal de Pelotas","potentialAction":[{"@type":"SearchAction","target":{"@type":"EntryPoint","urlTemplate":"https:\/\/wp.ufpel.edu.br\/ppgent\/?s={search_term_string}"},"query-input":{"@type":"PropertyValueSpecification","valueRequired":true,"valueName":"search_term_string"}}],"inLanguage":"pt-BR"}]}},"jetpack_sharing_enabled":true,"_links":{"self":[{"href":"https:\/\/wp.ufpel.edu.br\/ppgent\/wp-json\/wp\/v2\/pages\/484","targetHints":{"allow":["GET"]}}],"collection":[{"href":"https:\/\/wp.ufpel.edu.br\/ppgent\/wp-json\/wp\/v2\/pages"}],"about":[{"href":"https:\/\/wp.ufpel.edu.br\/ppgent\/wp-json\/wp\/v2\/types\/page"}],"author":[{"embeddable":true,"href":"https:\/\/wp.ufpel.edu.br\/ppgent\/wp-json\/wp\/v2\/users\/606"}],"replies":[{"embeddable":true,"href":"https:\/\/wp.ufpel.edu.br\/ppgent\/wp-json\/wp\/v2\/comments?post=484"}],"version-history":[{"count":5,"href":"https:\/\/wp.ufpel.edu.br\/ppgent\/wp-json\/wp\/v2\/pages\/484\/revisions"}],"predecessor-version":[{"id":555,"href":"https:\/\/wp.ufpel.edu.br\/ppgent\/wp-json\/wp\/v2\/pages\/484\/revisions\/555"}],"up":[{"embeddable":true,"href":"https:\/\/wp.ufpel.edu.br\/ppgent\/wp-json\/wp\/v2\/pages\/60"}],"wp:attachment":[{"href":"https:\/\/wp.ufpel.edu.br\/ppgent\/wp-json\/wp\/v2\/media?parent=484"}],"curies":[{"name":"wp","href":"https:\/\/api.w.org\/{rel}","templated":true}]}}