{"id":138,"date":"2016-05-17T15:42:17","date_gmt":"2016-05-17T18:42:17","guid":{"rendered":"https:\/\/wp.ufpel.edu.br\/ppgemat\/?page_id=138"},"modified":"2021-06-22T08:04:21","modified_gmt":"2021-06-22T11:04:21","slug":"selecao","status":"publish","type":"page","link":"https:\/\/wp.ufpel.edu.br\/ppgemat\/selecao\/","title":{"rendered":"Sele\u00e7\u00e3o 2019"},"content":{"rendered":"<p><span style=\"color: #000000\">SELE\u00c7\u00c3O PARA ALUNO REGULAR<\/span><br \/>\n<span style=\"color: #000000\">PROGRAMA DE P\u00d3S-GRADUA\u00c7\u00c3O EM EDUCA\u00c7\u00c3O MATEM\u00c1TICA &#8211; <strong><span style=\"font-size: 18pt\">2019\/1<\/span><\/strong>.<\/span><\/p>\n<p><span style=\"color: #000000\"><a style=\"color: #000000\" href=\"https:\/\/wp.ufpel.edu.br\/ppgemat\/files\/2018\/12\/SEI_23110.049800_2018_14-Edital-19-1.pdf\">Edital ingresso 2019\/1<\/a><\/span><\/p>\n<p><span style=\"color: #000000\"><a style=\"color: #000000\" href=\"https:\/\/wp.ufpel.edu.br\/ppgemat\/files\/2018\/12\/Anexo-1-Regular-2019-1.pdf\">Anexo ao edital ingresso 2019\/1<\/a><\/span><\/p>\n<p><span style=\"color: #000000\"><a style=\"color: #000000\" href=\"https:\/\/wp.ufpel.edu.br\/ppgemat\/files\/2018\/12\/form_inscri\u00e7\u00e3o_20191.docx\">Formul\u00e1rio de inscri\u00e7\u00e3o 2019\/1<\/a><\/span><\/p>\n<p><span style=\"color: #000000\"><a style=\"color: #000000\" href=\"https:\/\/wp.ufpel.edu.br\/ppgemat\/files\/2018\/12\/modelo_anteprojeto.docx\">Modelo anteprojeto<\/a><\/span><\/p>\n<p><span style=\"color: #000000\"><a style=\"color: #000000\" href=\"https:\/\/wp.ufpel.edu.br\/ppgemat\/files\/2020\/08\/Selecao_2019_1___Declaracao_etnia.pdf\">Declara\u00e7\u00e3o de Etnia<\/a><\/span><\/p>\n<p><span style=\"color: #000000\"><a style=\"color: #000000\" href=\"https:\/\/wp.ufpel.edu.br\/ppgemat\/files\/2020\/08\/Selecao_2019_1___inscricoes_homologadas.pdf\">Lista de Inscri\u00e7\u00f5es Homologadas &#8211; 2019\/1<\/a><\/span><\/p>\n<p><span style=\"color: #000000\"><a style=\"color: #000000\" href=\"https:\/\/wp.ufpel.edu.br\/ppgemat\/files\/2020\/08\/Selecao_2019_1___aprovados_prova_escrita.pdf\">Lista de APROVADOS na Prova Escrita &#8211; 2019\/1<\/a><\/span><\/p>\n<p><span style=\"color: #000000\"><a style=\"color: #000000\" href=\"https:\/\/wp.ufpel.edu.br\/ppgemat\/files\/2020\/08\/Selecao_2019_1___entrevistas.pdf\">Cronograma das Entrevistas &#8211; 2019\/1<\/a><\/span><\/p>\n<p><span style=\"color: #000000\"><a style=\"color: #000000\" href=\"https:\/\/wp.ufpel.edu.br\/ppgemat\/files\/2020\/08\/Selecao_2019_1___candidatos_selecionados.pdf\">Lista de APROVADOS no Processo Seletivo &#8211; 2019\/1<\/a><\/span><\/p>\n","protected":false},"excerpt":{"rendered":"<p>SELE\u00c7\u00c3O PARA ALUNO REGULAR PROGRAMA DE P\u00d3S-GRADUA\u00c7\u00c3O EM EDUCA\u00c7\u00c3O MATEM\u00c1TICA &#8211; 2019\/1. Edital ingresso 2019\/1 Anexo ao edital ingresso 2019\/1 Formul\u00e1rio de inscri\u00e7\u00e3o 2019\/1 Modelo anteprojeto Declara\u00e7\u00e3o de Etnia Lista de Inscri\u00e7\u00f5es Homologadas &#8211; 2019\/1 Lista de APROVADOS na Prova Escrita &#8211; 2019\/1 Cronograma das Entrevistas &#8211; 2019\/1 Lista de APROVADOS no Processo Seletivo &#8211; [&hellip;]<\/p>\n","protected":false},"author":617,"featured_media":0,"parent":0,"menu_order":0,"comment_status":"closed","ping_status":"closed","template":"","meta":{"footnotes":""},"class_list":["post-138","page","type-page","status-publish","hentry"],"_links":{"self":[{"href":"https:\/\/wp.ufpel.edu.br\/ppgemat\/wp-json\/wp\/v2\/pages\/138","targetHints":{"allow":["GET"]}}],"collection":[{"href":"https:\/\/wp.ufpel.edu.br\/ppgemat\/wp-json\/wp\/v2\/pages"}],"about":[{"href":"https:\/\/wp.ufpel.edu.br\/ppgemat\/wp-json\/wp\/v2\/types\/page"}],"author":[{"embeddable":true,"href":"https:\/\/wp.ufpel.edu.br\/ppgemat\/wp-json\/wp\/v2\/users\/617"}],"replies":[{"embeddable":true,"href":"https:\/\/wp.ufpel.edu.br\/ppgemat\/wp-json\/wp\/v2\/comments?post=138"}],"version-history":[{"count":22,"href":"https:\/\/wp.ufpel.edu.br\/ppgemat\/wp-json\/wp\/v2\/pages\/138\/revisions"}],"predecessor-version":[{"id":2355,"href":"https:\/\/wp.ufpel.edu.br\/ppgemat\/wp-json\/wp\/v2\/pages\/138\/revisions\/2355"}],"wp:attachment":[{"href":"https:\/\/wp.ufpel.edu.br\/ppgemat\/wp-json\/wp\/v2\/media?parent=138"}],"curies":[{"name":"wp","href":"https:\/\/api.w.org\/{rel}","templated":true}]}}