{"id":2014,"date":"2020-11-03T11:50:17","date_gmt":"2020-11-03T14:50:17","guid":{"rendered":"https:\/\/wp.ufpel.edu.br\/ppgef\/?page_id=2014"},"modified":"2024-11-13T19:14:40","modified_gmt":"2024-11-13T22:14:40","slug":"egressos-doutorado","status":"publish","type":"page","link":"https:\/\/wp.ufpel.edu.br\/ppgef\/egressos-doutorado\/","title":{"rendered":"Egressos Doutorado"},"content":{"rendered":"<p style=\"text-align: justify;\">Os(as) egressos(as) do nosso Programa s\u00e3o apresentados de forma ordenada por ano de conclus\u00e3o.<\/p>\n<p><strong>2024<\/strong><br \/>\nDener Budziarek de Oliveira<br \/>\nGabriel Gomes da Silva<br \/>\nJos\u00e9 Carlos Ribeiro<br \/>\nLeonardo Costa da Cunha<\/p>\n<p><strong>2023<\/strong><br \/>\nCintia Ramos Nicoes<br \/>\nDebora Tornquist<br \/>\nEduardo Frio Marins<br \/>\nGeovanna Caroline Zanini Dutra<br \/>\nJeferson Santos Jer\u00f4nimo<br \/>\nLeonardo Lemos Silveira<br \/>\nLuciana Tornquist<br \/>\nLuana Siqueira Andrade<br \/>\nMarina Marques Kremer<br \/>\nSamuel Volz Lopes<\/p>\n<p><strong>2022<\/strong><br \/>\nCamila Borges M\u00fcller<br \/>\nCamila Fagundes Machado<br \/>\nPatr\u00edcia da Rosa Louzada da Silva<\/p>\n<p><strong>2021<\/strong><br \/>\nCezar Barbosa Santolin<br \/>\nChristian Ferreira Mackedanz<br \/>\nGustavo Zaccaria Schaun<br \/>\nJos\u00e9 Antonio Bicca Ribeiro<br \/>\nNatan Feter<\/p>\n<p><strong>2020<\/strong><br \/>\nAline Machado Araujo<br \/>\nAng\u00e9lica Kaefer<br \/>\nAng\u00e9lica Teixeira da Silva Leitzke<br \/>\nC\u00e9sar Augusto H\u00e4fele<br \/>\nFrancisco Jos\u00e9 Pereira Tavares<br \/>\nIvan Bremm de Oliveira<br \/>\nJennifer Rodrigues Silveira<br \/>\nJo\u00e3o Gilberto Mattos Giusti<br \/>\nLeontine Lima dos Santos<br \/>\nMarina Silva H\u00e4fele<br \/>\nMauricio Berndt Razeira<br \/>\nRodrigo Wiltgen Ferreira<br \/>\nV\u00edtor H\u00e4fele<\/p>\n<p><strong>2019<\/strong><br \/>\nFabiana Celente Montiel<br \/>\nGabriela Barreto David<br \/>\nGabriele Radunz Kruger<br \/>\nLeony Morgana Galliano<br \/>\nRafael Barbosa Porcellis da Silva<br \/>\nRoberta Santos Azambuja dos Santos<br \/>\nThiago Silva de Souza<br \/>\nWerner de Andrade M\u00fcller<\/p>\n<p><strong>2018<\/strong><br \/>\nAnt\u00f4nio Evanho\u00e9 Pereira de Souza Sobrinho<br \/>\nDaiana Lopes de Rosa<br \/>\nEduardo Lucia Caputo<br \/>\nFernanda Stein<br \/>\nHelena Thofehrn Lessa Stumpf<br \/>\nJones Mendes Correia<br \/>\nLaura Garcia Jung<br \/>\nLeandro Quadro Corr\u00eaa<br \/>\nMaria Laura Dutra Resem Brizio<br \/>\nMarluce Raquel Decian Corr\u00eaa<br \/>\nMatheus Pintanel Silva de Freitas<br \/>\nNicole Gomes Gonzales<br \/>\nPriscila Lopes Cardozo<br \/>\nRodrigo Kohn Cardoso<br \/>\nThamires Lorenzet Cunha Seus<\/p>\n<p><strong>2017<\/strong><br \/>\nVictor Silveira Coswig<\/p>\n","protected":false},"excerpt":{"rendered":"<p>Os(as) egressos(as) do nosso Programa s\u00e3o apresentados de forma ordenada por ano de conclus\u00e3o. 2024 Dener Budziarek de Oliveira Gabriel Gomes da Silva Jos\u00e9 Carlos Ribeiro Leonardo Costa da Cunha 2023 Cintia Ramos Nicoes Debora Tornquist Eduardo Frio Marins Geovanna Caroline Zanini Dutra Jeferson Santos Jer\u00f4nimo Leonardo Lemos Silveira Luciana Tornquist Luana Siqueira Andrade Marina [&hellip;]<\/p>\n","protected":false},"author":592,"featured_media":0,"parent":0,"menu_order":0,"comment_status":"closed","ping_status":"closed","template":"","meta":{"footnotes":""},"class_list":["post-2014","page","type-page","status-publish","hentry"],"_links":{"self":[{"href":"https:\/\/wp.ufpel.edu.br\/ppgef\/wp-json\/wp\/v2\/pages\/2014","targetHints":{"allow":["GET"]}}],"collection":[{"href":"https:\/\/wp.ufpel.edu.br\/ppgef\/wp-json\/wp\/v2\/pages"}],"about":[{"href":"https:\/\/wp.ufpel.edu.br\/ppgef\/wp-json\/wp\/v2\/types\/page"}],"author":[{"embeddable":true,"href":"https:\/\/wp.ufpel.edu.br\/ppgef\/wp-json\/wp\/v2\/users\/592"}],"replies":[{"embeddable":true,"href":"https:\/\/wp.ufpel.edu.br\/ppgef\/wp-json\/wp\/v2\/comments?post=2014"}],"version-history":[{"count":27,"href":"https:\/\/wp.ufpel.edu.br\/ppgef\/wp-json\/wp\/v2\/pages\/2014\/revisions"}],"predecessor-version":[{"id":4274,"href":"https:\/\/wp.ufpel.edu.br\/ppgef\/wp-json\/wp\/v2\/pages\/2014\/revisions\/4274"}],"wp:attachment":[{"href":"https:\/\/wp.ufpel.edu.br\/ppgef\/wp-json\/wp\/v2\/media?parent=2014"}],"curies":[{"name":"wp","href":"https:\/\/api.w.org\/{rel}","templated":true}]}}