{"id":2012,"date":"2020-11-03T11:49:24","date_gmt":"2020-11-03T14:49:24","guid":{"rendered":"https:\/\/wp.ufpel.edu.br\/ppgef\/?page_id=2012"},"modified":"2024-11-13T19:16:15","modified_gmt":"2024-11-13T22:16:15","slug":"egressos-mestrado","status":"publish","type":"page","link":"https:\/\/wp.ufpel.edu.br\/ppgef\/egressos-mestrado\/","title":{"rendered":"Egressos Mestrado"},"content":{"rendered":"<p style=\"text-align: justify;\">Os egressos do nosso Programa s\u00e3o apresentados ordenados por ano de conclus\u00e3o.<\/p>\n<p><strong>2024<\/strong><br \/>\nAlessandra Lima Luiz<br \/>\nC\u00e1ssio Luiz Ferrari<br \/>\nCiana Alves Goicochea<br \/>\nDesir\u00e9e Goulart Souza<br \/>\nFranciele Costa Bern\u00ed<br \/>\nIgor Andr\u00e9 Correa Silveira<br \/>\nLara Schuerne<br \/>\nLucas Vargas Bozzato<br \/>\nMatheus de Lima Weege<br \/>\nRafael Mello Martins<br \/>\nVal\u00e9ria Fim<\/p>\n<p><strong>2023<\/strong><br \/>\nAna Val\u00e9ria Lima Reis<br \/>\nAndr\u00e9ia Xavier da Costa da Rosa<br \/>\nBruno Feij\u00f3 Burkle<br \/>\nEduarda Vesfal Dutra<br \/>\nEunice Silva de Souza Martins<br \/>\nGis\u00e9le dos Santos Tom\u00e1z<br \/>\nHelena Kunde Miritz<br \/>\nIgor Darlan Kreuse Romig<br \/>\nLauren Silva Costa<br \/>\nMarina Krause Weymar<br \/>\nMariana da Silva Brum<br \/>\nNai\u00e9len Rodrigues Silveira<br \/>\nPaulo Ricardo Rezende Marques<br \/>\nRodrigo Zanetti da Rocha<br \/>\nR\u00fabia da Cunha Gorziza Garcia<br \/>\nSamara Nickel Rodrigues<br \/>\nTaciane Deluca Ferreira<br \/>\nVictor Hugo Guesser Pinheiro<br \/>\nVin\u00edcius Pereira Colares<\/p>\n<p><strong>2022<\/strong><br \/>\nAmanda Franco da Silva<br \/>\nCaroline Campos Bluhm<br \/>\nCaroline Malue Huckembeck<br \/>\nGabriela Diel de Arruda<br \/>\nGabriel de Moares Siqueira<br \/>\nHenrique de Oliveira Arrieira<br \/>\nJ\u00falia Cassuriaga da Silva Vilela Lemos<br \/>\nLarissa Leal da Cunha<br \/>\nMarcelo Frio Marins<br \/>\nMariane de S\u00e1 Britto Morales<br \/>\nP\u00e2mella Dias Flores<br \/>\nTamires Carvalho Motta<br \/>\nThais Elisabeth Balzan<br \/>\nWilliam Tomaz Coelho<\/p>\n<p><strong>2021<\/strong><br \/>\nAna Paula Dias de Souza<br \/>\nB\u00e1rbara Coelho Nunes<br \/>\nBrenda de Pinho Bastos<br \/>\nBreno Berny Vasconcelos<br \/>\nBruna Ornelas da Costa<br \/>\nGabriel V\u00f6lz Protzen<br \/>\nGiulia Salaberry Leite<br \/>\nIasmim Leguissano dos Santos<br \/>\nJuliana Diel de Arruda<br \/>\nJulie Helen de Barros da Cruz<br \/>\nLarissa Brum de Quevedo<br \/>\nMarcelo Kopp Toescher<br \/>\nPaloma Reis Ortigas<br \/>\nRaul Victoria<br \/>\nVinicius Guadalupe Barcelos Oliveira<\/p>\n<p><strong>2020<\/strong><br \/>\nAngel Caroline Chirivino Antunes da Rocha<br \/>\nBianca Pagel Ramson<br \/>\nCamila Ferreira de Castro<br \/>\nCamila Fernandes Ferro<br \/>\nCaroline Sedrez Garcia<br \/>\nCati\u00facia Almeida Souza da Rocha<br \/>\nChaiane Calonego<br \/>\nCharles Bartel Farias<br \/>\nEduardo Ribes Kohn<br \/>\nFranci\u00e9le da Silva Ribeiro<br \/>\nItalo Fontoura Guimar\u00e3es<br \/>\nJos\u00e9 Alberto Coutinho da Silva<br \/>\nLorena Rodrigues Silva<br \/>\nMariele dos Santos Rosa Xavier<br \/>\nMatheus Maron Val\u00e9rio<br \/>\nPaula Carolini Concei\u00e7\u00e3o Campelo<br \/>\nPaulo Say\u00e3o Lobato Leivas<br \/>\nRousseau Silva da Veiga<br \/>\nSamara Taban\u00eas Fernandes Vieira<br \/>\nTha\u00eds Mortola Dias<br \/>\nV\u00edtor Tavares da Silva<\/p>\n<p><strong>2019<\/strong><br \/>\nCarlos Ricardo Becker da Silva<br \/>\nCintia Engelkes Morales<br \/>\nCintia Ramos Nicoes<br \/>\nDaiane Grillo Martins<br \/>\nDaniele Barin Facin<br \/>\nDener Budziarek de Oliveira<br \/>\nHector Kerchirne Ferreira<br \/>\nLeon Flores Cibeira<br \/>\nLeonardo Lemos Silveira<br \/>\nLuan Nascimento da Silva<br \/>\nLucas Cardozo Bagatini<br \/>\nLuciana Maia Garcias<br \/>\nOt\u00e1vio Avila Pereira<\/p>\n<p><strong>2018<\/strong><br \/>\nAlessa Oliveira Jorge de Castro<br \/>\nAna da Cruz Cereser<br \/>\nAng\u00e9lica Vilela Lessa<br \/>\nAriane Pinto Silva<br \/>\nCamila Borges M\u00fcller<br \/>\nDaniele Fernandes da Silva de Souza<br \/>\nGabriel Gomes da Silva<br \/>\nGabriela Neves Nunes<br \/>\nGisele Severo Gon\u00e7alves<br \/>\nIgor Retzlaff Doring<br \/>\nIndiara Alexandra Vilela da Silva<br \/>\nLincoln Belmonte Bender<br \/>\nLorena de Lima Oppelt<br \/>\nLuana Siqueira Andrade<br \/>\nMariana Gamino da Costa<br \/>\nMariana Teixeira da Silva<br \/>\nMartina Gon\u00e7alves Burch Costa<br \/>\nM\u00edrian Vaz Val\u00e9rio<br \/>\nNat\u00e1lia Maass Harter<br \/>\nNatan Feter<br \/>\nPatr\u00edcia da Rosa Louzada da Silva<br \/>\nTiago Silva dos Santos<\/p>\n<p><strong>2017<\/strong><br \/>\nAline Machado Ara\u00fajo<br \/>\nB\u00e1rbara Gon\u00e7alves de Freitas<br \/>\nBruno Brasil da Costa<br \/>\nBruno Ezequiel Botelho Xavier<br \/>\nEduardo Frio Marins<br \/>\nElisa Gouv\u00eaa Portella<br \/>\nEmanuele Alves de Souza<br \/>\nF\u00e1bio Seixas de Borba<br \/>\nFrancisco de Assis Furtado de Oliveira<br \/>\nGraciele Ferreira de Ferreira Mendes<br \/>\nGuilherme da Fonseca Vilela<br \/>\nIvan Bremm de Oliveira<br \/>\nJobert Caldeira Penny<br \/>\nLiliane Locatelli<br \/>\nMyriane Rosa da Rosa<br \/>\nPatr\u00edcia Machado da Silva<br \/>\nRenato Lins Rodrigues<br \/>\nRui Carlos Gomes Dorneles<\/p>\n<p><strong>2016<\/strong><br \/>\nAlessandra Reis da Silva<br \/>\nAndressa Pires Bopsin<br \/>\nAng\u00e9lica Teixeira da Silva Leitzke<br \/>\nC\u00e1rin Gomes Teixeira<br \/>\nC\u00e9sar Augusto H\u00e4fele<br \/>\nCristina Rotta Assis<br \/>\nEliana K\u00f6hler Kr\u00f6ning<br \/>\nGabriela Barreto David<br \/>\nGustavo Zaccaria Schaun<br \/>\nJennifer Rodrigues Silveira<br \/>\nLarissa Zanetti Theil<br \/>\nLuiza Azevedo Lopez<br \/>\nMarcelo dos Santos Vaz<br \/>\nMariana Ribeiro Silva<br \/>\nPatr\u00edcia Becker Engers<br \/>\nRobinson Barros Mendon\u00e7a<br \/>\nRodrigo Wiltgen Ferreira<br \/>\nRossano Diniz<br \/>\nVitor H\u00e4fele<\/p>\n<p><strong>2015<\/strong><br \/>\nAdriana Akemi Takahashi Dourado<br \/>\nAlex Sander Souza de Souza<br \/>\nAlice Meyer Iepsen<br \/>\nAnielle Concei\u00e7\u00e3o Lemos<br \/>\nBruno Fernandes Antunez<br \/>\nCamila da Silva Ribeiro<br \/>\nCarlos Alex Martins Soares<br \/>\nCristiane de Almeida Herbstrith<br \/>\nDaniel Ricardi Crizel da Silva<br \/>\nDaniel Vidinha da Silva<br \/>\nDanilo Rodrigues da Silva<br \/>\nGabriele Radunz Kruger<br \/>\nJo\u00e3o Gilberto Mattos Giusti<br \/>\nMartaliz Dimare<br \/>\nMatheus Pintanel Silva de Freitas<br \/>\nSamuel V\u00f6lz Lopes<br \/>\nTan\u00edsia Hip\u00f3lito Medeiro<br \/>\nWerner de Andrade Muller<br \/>\nWilliam Macedo da Silva<\/p>\n<p><strong>2014<\/strong><br \/>\nCarla Rosane Carret Machado<br \/>\nCarolina Bohns Mattea<br \/>\nEdison Duarte Coelho<br \/>\nCristian Leandro Lopes da Rosa<br \/>\nDaiana Lopes de Rosa<br \/>\nDaniel Guimar\u00e3es Soares<br \/>\nDaniele Kopp<br \/>\nF\u00e1bio Bitencourt Leivas<br \/>\nF\u00e1bio Saraiva Flores<br \/>\nFernando Godinho Lima<br \/>\nIeda Oliveira Mota<br \/>\nJeferson Santos Jer\u00f4nimo<br \/>\nJones Mendes Correia<br \/>\nJos\u00e9 Ant\u00f4nio Bicca Ribeiro<br \/>\nL\u00e9o Dutra Cabistany<br \/>\nLuan Merseburger Pican\u00e7o<br \/>\nLuiza Isnardi Cardoso Ricardo<br \/>\nMarluce Raquel Decian<br \/>\nMauricio Berndt Razeira<br \/>\nMichele Ziegler de Mattos<br \/>\nNicole Gomes Gonzales<br \/>\nPaola Marques Duarte<br \/>\nPriscila Lopes Cardozo<br \/>\nRafael Barbosa Porcellis da Silva<br \/>\nRafaela Avila Mattioli<br \/>\nRoberta Santos Azambuja dos Santos<br \/>\nSusana Schneid Scherer<br \/>\nVictor Edgar Pitzer Neto<br \/>\nVictor Silveira Coswig<br \/>\nYuri Salenave Ribeiro<\/p>\n<p><strong>2013<\/strong><br \/>\nAnelita Helena Michelini Del Vecchio<br \/>\nAng\u00e9lica Xavier Kalinoski<br \/>\nBruno Prestes Gomes<br \/>\nCamila Zuchetto<br \/>\nCarla Francieli Spohr<br \/>\nCarla Teixeira Coelho<br \/>\nCarlos Marcelo Cuello Moreno<br \/>\nCaroline Valente Heidrich<br \/>\nCezar Barboza Santolin<br \/>\nCibele Alves dos Santos<br \/>\nDiego Ebling do Nascimento<br \/>\nEdilene Cunha Sinott<br \/>\nEvelize Dorneles Minuzzi<br \/>\nEverson Zaycowsky do Amaral<br \/>\nFabiane de Oliveira Schellin<br \/>\nFrancisco Marlon da Silva Gomes<br \/>\nIsabella Filippini<br \/>\nGesiane Dias Trindade Teixeira<br \/>\nJoice Vigil Lopes Pires<br \/>\nJorge Otte<br \/>\nJuliana G\u00f6ebel Treptow<br \/>\nLaura Garcia Jung<br \/>\nLeony Morgana Galliano<br \/>\nLidiane Amanda Bevilacqua<br \/>\nLouren\u00e7o dos Santos Del Ponte<br \/>\nLuciane Collares Ara\u00fajo<br \/>\nMarcos Atrib Zanchet<br \/>\nMaria Laura Dutra Resem Brizio<br \/>\nMarina Cordeiro Madeira<br \/>\nMateus Salerno<br \/>\nMilena de Oliveira Fortes<br \/>\nRicardo Drews<br \/>\nRicardo Pontes Hadler<br \/>\nRodrigo Kohn Cardoso<br \/>\nRosane Ferreira Veiga<br \/>\nThais Burlani Neves<br \/>\nThamires Lorenzet Cunha Seus<br \/>\nTiago Wally Hartwig<\/p>\n<p><strong>2012<\/strong><br \/>\nAlvaro Braga de Moura Neto<br \/>\nAnderson Leandro Peres Campos<br \/>\nCarlos Eduardo Barros David<br \/>\nCristina Lessa dos Santos<br \/>\nDaniela Hollweg Gonzalez<br \/>\nD\u00e9bora Duarte Freitas<br \/>\nEduardo Lucia Caputo<br \/>\nErnanda de Oliveira Garcia<br \/>\nFelipe Vogt Cureau<br \/>\nGabriela Padilha Hax<br \/>\nGabriela Machado Ribeiro<br \/>\nHelder Madruga de Quadros<br \/>\nJacob Alfredo Iora<br \/>\nLeandro dos Santos<br \/>\nLeonardo Costa da Cunha<br \/>\nLuciana Toaldo Gentilini Avila<br \/>\nMarcel Cardoso<br \/>\nM\u00e1rcia Morschbacher<br \/>\nMarcos Cordeiro Bueno<br \/>\nMargarete Oleiro Marques<br \/>\nMariana Afonso Ost<br \/>\nMicheli Verg\u00ednia Ghiggi<br \/>\nNat\u00e1lia Silveira Antunes<br \/>\nShadia Mussa Yussef<br \/>\nViviane Tunes da Rosa<\/p>\n<p><strong>2011<\/strong><br \/>\nAna Aparecida Esperdi\u00e3o Constancio<br \/>\nAna Luiza Angelo Levien<br \/>\nC\u00e1tia Fernandes Leite<br \/>\nChirle de Oliveira Raphaelli<br \/>\nCynthia Munhoz dos Anjos Leal<br \/>\nDani\u00e8lle M\u00fcller de Andrade<br \/>\nFl\u00e1via Nascimento<br \/>\nGabriela Nilson<br \/>\nJosi Mara de Oliveira<br \/>\nLeontine Lima dos Santos<br \/>\nLovane Maria Lemos<br \/>\nLuciane Goulart da Silva<br \/>\nPriscila Cardoso Meirelles<br \/>\nRuhena Ferreira<br \/>\nTiago Pereira Campos<\/p>\n<p><strong>2010<\/strong><br \/>\nAndr\u00e9 Oreques Fonseca<br \/>\nAngela Alves dos Passos<br \/>\nAntonio Carlos Onofrio<br \/>\nDaniel Medeiros Alves<br \/>\nEcl\u00e9a Vanessa Canei Baccin<br \/>\nEder da Fontoura Silveira<br \/>\nFabiana Celente Montiel<br \/>\nGaleno Criscolo Parrela<br \/>\nJulia Coelho Quintana<br \/>\nJuliana Izabel Katzer<br \/>\nK\u00e1tia Denise Costa Bern\u00ed<br \/>\nLiliane Nobre Lima<br \/>\nL\u00facio Kerber Canabarro<br \/>\nMarcio Neres Dos Santos<br \/>\nMarina Marques Kremer<br \/>\nMarta Solange Streicher Janelli da Silva<br \/>\nMoane Marchesan<br \/>\nNice de Vasconcellos Nocchi<br \/>\nPriscila Postali Cruz<br \/>\nRaquel do Sacramento Wally<br \/>\nRoberta Bermudes<br \/>\nShanda de Freitas Couto<br \/>\nVirg\u00edlio Viana Ramires<\/p>\n<p><strong>2009<\/strong><br \/>\nAng\u00e9lica Nickel Adamoli<br \/>\nAng\u00e9lica Kaefer<br \/>\nAugusto Luis Medeiros Amaral<br \/>\nCristina Sutil<br \/>\nEnio Araujo Pereira<br \/>\nF\u00e1bio Renato Barcellos Costa<br \/>\nGustavo da Silva Freitas<br \/>\nJaqueline Copetti<br \/>\nJos\u00e9 Eduardo Nunes de Vargas<br \/>\nLeandro Quadro Corr\u00eaa<br \/>\nNeiva Pereira<br \/>\nS\u00edlvia Teixeira de Pinho<br \/>\nVilmar Jos\u00e9 Both<\/p>\n<p><strong>2008<\/strong><br \/>\nTales Emilio Costa Amorim<br \/>\nThiago Terra Borges<\/p>\n","protected":false},"excerpt":{"rendered":"<p>Os egressos do nosso Programa s\u00e3o apresentados ordenados por ano de conclus\u00e3o. 2024 Alessandra Lima Luiz C\u00e1ssio Luiz Ferrari Ciana Alves Goicochea Desir\u00e9e Goulart Souza Franciele Costa Bern\u00ed Igor Andr\u00e9 Correa Silveira Lara Schuerne Lucas Vargas Bozzato Matheus de Lima Weege Rafael Mello Martins Val\u00e9ria Fim 2023 Ana Val\u00e9ria Lima Reis Andr\u00e9ia Xavier da Costa [&hellip;]<\/p>\n","protected":false},"author":592,"featured_media":0,"parent":0,"menu_order":0,"comment_status":"closed","ping_status":"closed","template":"","meta":{"footnotes":""},"class_list":["post-2012","page","type-page","status-publish","hentry"],"_links":{"self":[{"href":"https:\/\/wp.ufpel.edu.br\/ppgef\/wp-json\/wp\/v2\/pages\/2012","targetHints":{"allow":["GET"]}}],"collection":[{"href":"https:\/\/wp.ufpel.edu.br\/ppgef\/wp-json\/wp\/v2\/pages"}],"about":[{"href":"https:\/\/wp.ufpel.edu.br\/ppgef\/wp-json\/wp\/v2\/types\/page"}],"author":[{"embeddable":true,"href":"https:\/\/wp.ufpel.edu.br\/ppgef\/wp-json\/wp\/v2\/users\/592"}],"replies":[{"embeddable":true,"href":"https:\/\/wp.ufpel.edu.br\/ppgef\/wp-json\/wp\/v2\/comments?post=2012"}],"version-history":[{"count":23,"href":"https:\/\/wp.ufpel.edu.br\/ppgef\/wp-json\/wp\/v2\/pages\/2012\/revisions"}],"predecessor-version":[{"id":3480,"href":"https:\/\/wp.ufpel.edu.br\/ppgef\/wp-json\/wp\/v2\/pages\/2012\/revisions\/3480"}],"wp:attachment":[{"href":"https:\/\/wp.ufpel.edu.br\/ppgef\/wp-json\/wp\/v2\/media?parent=2012"}],"curies":[{"name":"wp","href":"https:\/\/api.w.org\/{rel}","templated":true}]}}