{"id":1966,"date":"2020-11-03T09:13:22","date_gmt":"2020-11-03T12:13:22","guid":{"rendered":"https:\/\/wp.ufpel.edu.br\/ppgef\/?page_id=1966"},"modified":"2026-04-24T15:02:58","modified_gmt":"2026-04-24T18:02:58","slug":"apresentacao","status":"publish","type":"page","link":"https:\/\/wp.ufpel.edu.br\/ppgef\/apresentacao\/","title":{"rendered":"Apresenta\u00e7\u00e3o"},"content":{"rendered":"<p><span style=\"font-size: 18pt; color: #339966;\"><strong>Apresenta\u00e7\u00e3o:<\/strong><\/span><\/p>\n<p style=\"text-align: justify;\">A cria\u00e7\u00e3o do\u00a0Programa de P\u00f3s-Gradua\u00e7\u00e3o em Ci\u00eancias do Movimento Humano (PPGCMH) da Universidade Federal de Pelotas (UFPel) est\u00e1 associada \u00e0 longa experi\u00eancia da Escola Superior de Educa\u00e7\u00e3o F\u00edsica (ESEF) no oferecimento de cursos de P\u00f3s-gradua\u00e7\u00e3o Lato Sensu, cuja primeira edi\u00e7\u00e3o ocorreu em 1979. Em 2006 a ESEF obteve da CAPES aprova\u00e7\u00e3o para a cria\u00e7\u00e3o do Curso de Mestrado. A primeira turma deste curso iniciou em mar\u00e7o de 2007, com apenas uma \u00e1rea de concentra\u00e7\u00e3o: \u201cAtividade F\u00edsica, Esporte e Escola\u201d. No come\u00e7o de 2011, com a entrada de novos docentes na institui\u00e7\u00e3o, o curso foi reestruturado e passou a contar com duas \u00e1reas de concentra\u00e7\u00e3o: \u201cEduca\u00e7\u00e3o F\u00edsica, Ci\u00eancias Sociais e Humanas\u201d e \u201cAtividade F\u00edsica, Sa\u00fade e Desempenho\u201d. Em 2013 elevou seu conceito de 3 para 4 na avalia\u00e7\u00e3o trienal da CAPES (2010 \u2013 2012) e, subsequentemente, no ano de 2014, o curso de doutorado iniciou suas atividades (com 14 doutorandos).<\/p>\n<p style=\"text-align: justify;\">Com a cria\u00e7\u00e3o do curso de doutorado, observou-se a necessidade de estabelecer uma maior coer\u00eancia entre as \u00e1reas de concentra\u00e7\u00e3o e as linhas de pesquisa existentes. Assim, em 2014 foram reestabelecidas duas \u00e1reas de concentra\u00e7\u00e3o: \u201cBiodin\u00e2mica do Movimento Humano\u201d e \u201cMovimento Humano, Educa\u00e7\u00e3o e Sociedade\u201d. A primeira \u00e1rea contemplou as seguintes linhas de pesquisa: \u201cDesempenho e Metabolismo Humano\u201d e \u201cEpidemiologia da Atividade F\u00edsica\u201d. A segunda \u00e1rea foi constitu\u00edda por: \u201cEstudos Socioculturais do Esporte e da Sa\u00fade\u201d, \u201cComportamento Motor\u201d e \u201cForma\u00e7\u00e3o Profissional e Pr\u00e1tica Pedag\u00f3gica\u201d. Em 2018, foi criada uma terceira linha de pesquisa \u201cExerc\u00edcio F\u00edsico para Promo\u00e7\u00e3o da Sa\u00fade\u201d, ap\u00f3s ser verificada a necessidade de alinhamento das produ\u00e7\u00f5es intelectuais na \u00e1rea de Biodin\u00e2mica do Movimento Humano. Em 2026 o curso passou por uma nova reformula\u00e7\u00e3o que envolveu a mudan\u00e7a do nome do curso (anteriormente chamado de Programa de P\u00f3s-gradua\u00e7\u00e3o em Educa\u00e7\u00e3o F\u00edsica) e pelos ajustes na nomenclatura das \u00c1reas de concentra\u00e7\u00e3o e linhas de pesquisa. A nova estrutura conta com a \u00e1rea de Biodin\u00e2mica do Movimento Humano (linhas: Atividade F\u00edsica e Sa\u00fade; Desempenho, Metabolismo Humano e reabilita\u00e7\u00e3o esportiva) e a \u00e1rea de Movimento Humano, Educa\u00e7\u00e3o, Sa\u00fade e Sociedade (linhas: Estudos Socioculturais do Esporte e da Sa\u00fade; Comportamento Motor; Forma\u00e7\u00e3o profissional, pol\u00edticas p\u00fablicas e pr\u00e1ticas pedag\u00f3gicas; Esporte: pr\u00e1ticas pedag\u00f3gicas e forma\u00e7\u00e3o profissional). Estas mudan\u00e7as visaram reajustar a realidade dos projetos desenvolvidos, buscar coer\u00eancia com o corpo docente atual e ampliar o acesso do curso para outros profissionais da \u00e1rea da sa\u00fade e n\u00e3o somente profissionais de educa\u00e7\u00e3o f\u00edsica. Na \u00faltima avalia\u00e7\u00e3o quadrienal da Capes (2025) o Programa obteve o Conceito 5.<\/p>\n<p><span style=\"color: #339966; font-size: 18pt;\"><strong>Miss\u00e3o<\/strong>:<\/span><\/p>\n<p>A miss\u00e3o do Programa de P\u00f3s-gradua\u00e7\u00e3o em Ci\u00eancias do Movimento Humano da Universidade Federal de Pelotas \u00e9 a forma\u00e7\u00e3o de professores\/profissionais\/pesquisadores em n\u00edvel de mestrado, doutorado e p\u00f3s-doutorado, com compet\u00eancia para atua\u00e7\u00e3o em contextos que envolvam o movimento humano, seja no ensino superior, institui\u00e7\u00f5es de pesquisa, educa\u00e7\u00e3o b\u00e1sica, servi\u00e7os de sa\u00fade e demais espa\u00e7os de inser\u00e7\u00e3o especializados, produzindo conhecimento cient\u00edfico com contribui\u00e7\u00e3o social no \u00e2mbito local, nacional e internacional. Todas as linhas do Programa realizam pesquisas com enfoque em popula\u00e7\u00f5es especiais e no \u00e2mbito da inclus\u00e3o, nos contextos esportivo, pedag\u00f3gico, sociocultural ou da sa\u00fade.<\/p>\n<p><span style=\"color: #339966; font-size: 18pt;\"><strong>Vis\u00e3o<\/strong>:<\/span><\/p>\n<p>A vis\u00e3o do do Programa de P\u00f3s-gradua\u00e7\u00e3o em Ci\u00eancias do Movimento Humano da Universidade Federal de Pelotas contempla a qualifica\u00e7\u00e3o de professores e profissionais das \u00e1reas do movimento humano ou \u00e1reas afins, bem como a forma\u00e7\u00e3o de pesquisadores de excel\u00eancia capazes de produzir conhecimentos pertinentes que contribuam para o avan\u00e7o da ci\u00eancia no Brasil, atingindo reconhecimento local por suas contribui\u00e7\u00f5es diretas e indiretas no \u00e2mbito te\u00f3rico e pr\u00e1tico, buscando reconhecimento e consolida\u00e7\u00e3o em n\u00edvel nacional e internacional.<\/p>\n<p><span style=\"color: #339966; font-size: 18pt;\"><strong>Valores<\/strong>:<\/span><\/p>\n<p>O Programa de P\u00f3s-Gradua\u00e7\u00e3o em Ci\u00eancias do Movimento Humano da Universidade Federal de Pelotas possui como valores fundamentais a responsabilidade social, digna de uma Universidade p\u00fablica, gratuita e socialmente referenciada, mobilizada para o retorno dos investimentos feitos pela sociedade; o comprometimento cr\u00edtico com a produ\u00e7\u00e3o e a defesa da ci\u00eancia; respeito e fomento \u00e0 diversidade na produ\u00e7\u00e3o do conhecimento; a busca por uma forma\u00e7\u00e3o de excel\u00eancia para o enfrentamento de situa\u00e7\u00f5es de lideran\u00e7a e desafios t\u00e9cnicos-cient\u00edficos relacionados \u00e0s demandas da sociedade; e a soberania da \u00e9tica.<\/p>\n","protected":false},"excerpt":{"rendered":"<p>Apresenta\u00e7\u00e3o: A cria\u00e7\u00e3o do\u00a0Programa de P\u00f3s-Gradua\u00e7\u00e3o em Ci\u00eancias do Movimento Humano (PPGCMH) da Universidade Federal de Pelotas (UFPel) est\u00e1 associada \u00e0 longa experi\u00eancia da Escola Superior de Educa\u00e7\u00e3o F\u00edsica (ESEF) no oferecimento de cursos de P\u00f3s-gradua\u00e7\u00e3o Lato Sensu, cuja primeira edi\u00e7\u00e3o ocorreu em 1979. Em 2006 a ESEF obteve da CAPES aprova\u00e7\u00e3o para a cria\u00e7\u00e3o [&hellip;]<\/p>\n","protected":false},"author":592,"featured_media":0,"parent":0,"menu_order":0,"comment_status":"closed","ping_status":"closed","template":"","meta":{"footnotes":""},"class_list":["post-1966","page","type-page","status-publish","hentry"],"_links":{"self":[{"href":"https:\/\/wp.ufpel.edu.br\/ppgef\/wp-json\/wp\/v2\/pages\/1966","targetHints":{"allow":["GET"]}}],"collection":[{"href":"https:\/\/wp.ufpel.edu.br\/ppgef\/wp-json\/wp\/v2\/pages"}],"about":[{"href":"https:\/\/wp.ufpel.edu.br\/ppgef\/wp-json\/wp\/v2\/types\/page"}],"author":[{"embeddable":true,"href":"https:\/\/wp.ufpel.edu.br\/ppgef\/wp-json\/wp\/v2\/users\/592"}],"replies":[{"embeddable":true,"href":"https:\/\/wp.ufpel.edu.br\/ppgef\/wp-json\/wp\/v2\/comments?post=1966"}],"version-history":[{"count":4,"href":"https:\/\/wp.ufpel.edu.br\/ppgef\/wp-json\/wp\/v2\/pages\/1966\/revisions"}],"predecessor-version":[{"id":4826,"href":"https:\/\/wp.ufpel.edu.br\/ppgef\/wp-json\/wp\/v2\/pages\/1966\/revisions\/4826"}],"wp:attachment":[{"href":"https:\/\/wp.ufpel.edu.br\/ppgef\/wp-json\/wp\/v2\/media?parent=1966"}],"curies":[{"name":"wp","href":"https:\/\/api.w.org\/{rel}","templated":true}]}}