{"id":715,"date":"2016-10-06T11:57:51","date_gmt":"2016-10-06T14:57:51","guid":{"rendered":"https:\/\/wp.ufpel.edu.br\/ppgecm\/?page_id=715"},"modified":"2022-09-23T10:38:07","modified_gmt":"2022-09-23T13:38:07","slug":"defesas-2016","status":"publish","type":"page","link":"https:\/\/wp.ufpel.edu.br\/ppgecm\/dissertacoes-e-produtos\/defesas-2016\/","title":{"rendered":"Defesas 2016"},"content":{"rendered":"<table style=\"height: 299px; background-color: #ffffff;\" border=\"0\" width=\"739\" cellspacing=\"8\" cellpadding=\"0\">\n<tbody>\n<tr style=\"background-color: #ffffff;\">\n<td style=\"background-color: #ffffff; text-align: justify;\"><span class=\"text12\"><span class=\"text12\"><strong>47. Carla Denize Ott Felcher<\/strong>\u00a0&#8211; Defendeu em 19\/12\/2016<strong><br \/>\n<em>O Uso do Facebook no Processo de Ensino dos N\u00fameros Racionais. <\/em><\/strong>Palavras-chave:<br \/>\nOrienta\u00e7\u00e3o: Prof. Dr.\u00a0Andr\u00e9 Luis Andrejew Ferreira<br \/>\n<a href=\"http:\/\/guaiaca.ufpel.edu.br\/handle\/prefix\/3629\" target=\"_blank\" rel=\"noopener\">Reposit\u00f3rio Institucional da UFPel<\/a><\/span><\/span><\/td>\n<\/tr>\n<tr style=\"background-color: #ffffff;\">\n<td style=\"background-color: #c4bdc9; text-align: justify;\"><span class=\"text12\"><span class=\"text12\"><strong>46. Marylucia Cavalcante Silva<\/strong> &#8211; Defendeu em 29\/11\/2016<strong><br \/>\n<em>Percep\u00e7\u00f5es e Aproxima\u00e7\u00f5es sobre os Saberes Elementares Aritm\u00e9ticos para o Ensino P\u00fablico Prim\u00e1rio entre Maranh\u00e3o e S\u00e3o Paulo:\u00a0aritm\u00e9tica escolar na legisla\u00e7\u00e3o oficial de 1890 a 1895.\u00a0<\/em><\/strong>Palavras-chave:<br \/>\nOrienta\u00e7\u00e3o: Prof\u00aa. Dr\u00aa. Maria de F\u00e1tima Duarte Martins<br \/>\n<a href=\"http:\/\/guaiaca.ufpel.edu.br\/handle\/prefix\/3739\" target=\"_blank\" rel=\"noopener\">Reposit\u00f3rio Institucional da UFPel<\/a><br \/>\n<\/span><\/span><\/td>\n<\/tr>\n<tr style=\"background-color: #ffffff;\">\n<td style=\"background-color: #ffffff; text-align: justify;\"><span class=\"text12\"><span class=\"text12\"><strong>45. Raquel Massot Siqueira\u00a0<\/strong>&#8211; Defendeu em\u00a013\/10\/2016<strong><br \/>\n<em>O Trabalhador Surdo nas Ind\u00fastrias de Pelotas: uma reflex\u00e3o sobre a inclus\u00e3o escolar na educa\u00e7\u00e3o de jovens e adultos.\u00a0<\/em><\/strong>Palavras-chave: surdos; inclus\u00e3o; ind\u00fastria.<br \/>\nOrienta\u00e7\u00e3o: Prof\u00aa. Dr\u00aa. Maria de F\u00e1tima Duarte Martins<br \/>\n<a href=\"http:\/\/guaiaca.ufpel.edu.br\/handle\/prefix\/3627\" target=\"_blank\" rel=\"noopener\">Reposit\u00f3rio Institucional da UFPel<\/a><br \/>\n<\/span><\/span><\/td>\n<\/tr>\n<tr style=\"background-color: #ffffff;\">\n<td style=\"background-color: #c4bdc9; text-align: justify;\"><span class=\"text12\"><span class=\"text12\"><strong>44. Patr\u00edcia de Faria Ferreira <\/strong>&#8211; Defendeu em 12\/08\/2016<strong><br \/>\n<em>O Impacto do Pacto Nacional Pela Alfabetiza\u00e7\u00e3o na Idade Certa na Forma\u00e7\u00e3o Matem\u00e1tica de Professoras Alfabetizadoras e sua Rela\u00e7\u00e3o com a Cultura da Performatividade. <\/em><\/strong>Palavras-chave:\u00a0<\/span><\/span>Alfabetiza\u00e7\u00e3o Matem\u00e1tica, forma\u00e7\u00e3o de professores, PNAIC, subjetiva\u00e7\u00e3o, cultura da performatividade.<br \/>\n<span class=\"text12\">Orienta\u00e7\u00e3o: Prof\u00aa. Dr\u00aa. M\u00e1rcia Souza da Fonseca<\/span><br \/>\n<a href=\"http:\/\/guaiaca.ufpel.edu.br\/handle\/prefix\/3630\" target=\"_blank\" rel=\"noopener\"><span class=\"text12\">Reposit\u00f3rio Institucional da UFPel<\/span><\/a><\/td>\n<\/tr>\n<tr style=\"background-color: #c4bdc9;\">\n<td style=\"background-color: #ffffff; text-align: justify;\"><span class=\"text12\"><span class=\"text12\"><strong>43. N\u00e1dia Regina Barcelos Martins <\/strong>&#8211; Defendeu em 07\/07\/2016<strong><br \/>\n<em>Quando Dois Mais Dois s\u00e3o Mais que Quatro: sucesso de alunos de escola de periferia hoje acad\u00eamicos da Licenciatura em Matem\u00e1tica da UFPel. <\/em><\/strong>Palavras-chave: s<\/span><\/span>ucesso escolar, desenvolvimento humano, viol\u00eancia, escola p\u00fablica.<br \/>\n<span class=\"text12\">Orienta\u00e7\u00e3o: Prof\u00aa. Dr\u00aa. Maria de F\u00e1tima Duarte Martins<br \/>\n<a href=\"http:\/\/guaiaca.ufpel.edu.br\/handle\/prefix\/3628\" target=\"_blank\" rel=\"noopener\">Reposit\u00f3rio Institucional da UFPel<\/a><br \/>\n<\/span><\/td>\n<\/tr>\n<tr style=\"background-color: #ffffff;\">\n<td style=\"background-color: #c4bdc9;\"><span class=\"text12\"><strong>42. Rodrigo Farias Gama <\/strong>&#8211; Defendeu em 27\/06\/2016<strong><br \/>\n<em>Uso de Jogos Digitais como Objetos Auxiliares para o Ensino de Fun\u00e7\u00f5es do Primeiro e Segundo Graus. <\/em><\/strong>Palavras-chave: aprendizagem ub\u00edqua, fun\u00e7\u00f5es, jogos digitais, redes sociais.<\/span><br \/>\n<span class=\"text12\">Orienta\u00e7\u00e3o: Prof\u00aa. Dr\u00aa. Ros\u00e1ria Ilgenfritz Sperotto<br \/>\n<a href=\"http:\/\/guaiaca.ufpel.edu.br\/handle\/prefix\/3625\" target=\"_blank\" rel=\"noopener\">Reposit\u00f3rio Institucional da UFPel<\/a><br \/>\n<\/span><\/td>\n<\/tr>\n<tr style=\"background-color: #ffffff;\">\n<td style=\"background-color: #ffffff; text-align: justify;\"><span class=\"text12\"><span class=\"text12\"><strong>41. Daniel de Souza Pereira <\/strong>&#8211; Defendeu em 29\/04\/2016<strong><br \/>\n<em>A Ci\u00eancia, Tecnologia e Sociedade (CTS), como uma Proposta Curricular para o Ensino M\u00e9dio Polit\u00e9cnico no Rio Grande do Sul. <\/em><\/strong>Palavras-chave:\u00a0<\/span><\/span>projeto de ensino, CTS, semin\u00e1rio integrado, Ensino M\u00e9dio Polit\u00e9cnico.<br \/>\n<span class=\"text12\">Orienta\u00e7\u00e3o: Prof. Dr. Verno Kr\u00fcger<br \/>\n<a href=\"http:\/\/guaiaca.ufpel.edu.br\/handle\/prefix\/3626\" target=\"_blank\" rel=\"noopener\">Reposit\u00f3rio Institucional da UFPel<\/a><br \/>\n<\/span><\/td>\n<\/tr>\n<tr style=\"background-color: #ffffff;\">\n<td style=\"background-color: #c4bdc9; text-align: justify;\"><span class=\"text12\"><strong>40. <\/strong><strong>Aur\u00e9lia Valesca Soares de Azevedo<\/strong> &#8211; Defendeu em 29\/04\/2016<br \/>\n<strong><em>Avalia\u00e7\u00e3o: uma proposta de orienta\u00e7\u00e3o da aprendizagem do aluno e reorienta\u00e7\u00e3o da pr\u00e1tica pedag\u00f3gica do professor.<\/em><\/strong> Palavras-chave: avalia\u00e7\u00e3o formativa; orienta\u00e7\u00e3o e reorienta\u00e7\u00e3o; aprendizagem do aluno; pr\u00e1tica do professor.<br \/>\nOrienta\u00e7\u00e3o: Prof\u00aa. Dr\u00aa. Rita de C\u00e1ssia Morem C\u00f3ssio Rodriguez<br \/>\n<a href=\"http:\/\/guaiaca.ufpel.edu.br\/handle\/prefix\/3647\" target=\"_blank\" rel=\"noopener\">Reposit\u00f3rio Institucional da UFPel<\/a><br \/>\n<\/span><\/td>\n<\/tr>\n<tr style=\"background-color: #c4bdc9;\">\n<td style=\"background-color: #ffffff; text-align: justify;\"><strong>39. <\/strong><strong>Maura Cristina Rickes dos Santos<\/strong> &#8211; Defendeu em 29\/04\/2016<br \/>\n<em><strong>Reprova\u00e7\u00e3o e Algumas Reflex\u00f5es sobre as Faces da Avalia\u00e7\u00e3o: um estudo de caso no IFSUL &#8211; Campus Pelotas.<\/strong> <\/em>Palavras-chave: escola; reprova\u00e7\u00e3o; avalia\u00e7\u00e3o.<br \/>\nOrienta\u00e7\u00e3o: Prof\u00aa. Dr\u00aa. Denise Nascimento Silveira<br \/>\n<a href=\"http:\/\/guaiaca.ufpel.edu.br\/handle\/prefix\/2890\" target=\"_blank\" rel=\"noopener\"><span class=\"text12\">Reposit\u00f3rio Institucional da UFPel<\/span><\/a><\/td>\n<\/tr>\n<tr style=\"background-color: #ffffff;\">\n<td style=\"background-color: #c4bdc9;\"><span class=\"text12\"><strong>38. Samantha Pinto da Silva <\/strong>&#8211; Defendeu em 15\/04\/2016<strong><br \/>\n<em>O Uso da L\u00f3gica de Programa\u00e7\u00e3o para a Educa\u00e7\u00e3o Matem\u00e1tica no Ensino M\u00e9dio: experi\u00eancias com o SCRATCH. <\/em><\/strong>Palavras-chave: tecnologias digitais; resolu\u00e7\u00e3o de problemas; matem\u00e1tica; algoritmo; linguagem de programa\u00e7\u00e3o Scratch.<br \/>\nOrienta\u00e7\u00e3o: Prof. Dr. Andr\u00e9 Luis Andrejew Ferreira<br \/>\n<a href=\"http:\/\/guaiaca.ufpel.edu.br\/handle\/prefix\/2891\" target=\"_blank\" rel=\"noopener\">Reposit\u00f3rio Institucional da UFPel<\/a><br \/>\n<\/span><\/td>\n<\/tr>\n<tr style=\"background-color: #c4bdc9;\">\n<td style=\"background-color: #ffffff;\"><span class=\"text12\"><strong>37. <\/strong><strong>Cristiane Leitzke Buss<\/strong> &#8211; Defendeu em 18\/03\/2016<br \/>\n<em><strong>Intrumento para Identifica\u00e7\u00e3o de Software Educativo para o Ensino de Matem\u00e1tica nos 3\u00ba, 4\u00ba e 5\u00ba Anos do Ensino Fundamental.<\/strong> <\/em>Palavras-chave: instrumento avaliativo; Ensino da Matem\u00e1tica; software educativo.<br \/>\nOrienta\u00e7\u00e3o: Prof\u00aa. Dr\u00aa. Aline Brum Loreto<br \/>\n<a href=\"http:\/\/guaiaca.ufpel.edu.br\/handle\/prefix\/2892\" target=\"_blank\" rel=\"noopener\">Reposit\u00f3rio Institucional da UFPel<\/a><br \/>\n<\/span><\/td>\n<\/tr>\n<\/tbody>\n<\/table>\n<p>&nbsp;<\/p>\n","protected":false},"excerpt":{"rendered":"<p>47. Carla Denize Ott Felcher\u00a0&#8211; Defendeu em 19\/12\/2016 O Uso do Facebook no Processo de Ensino dos N\u00fameros Racionais. Palavras-chave: Orienta\u00e7\u00e3o: Prof. Dr.\u00a0Andr\u00e9 Luis Andrejew Ferreira Reposit\u00f3rio Institucional da UFPel 46. Marylucia Cavalcante Silva &#8211; Defendeu em 29\/11\/2016 Percep\u00e7\u00f5es e Aproxima\u00e7\u00f5es sobre os Saberes Elementares Aritm\u00e9ticos para o Ensino P\u00fablico Prim\u00e1rio entre Maranh\u00e3o e S\u00e3o [&hellip;]<\/p>\n","protected":false},"author":112,"featured_media":0,"parent":461,"menu_order":0,"comment_status":"closed","ping_status":"closed","template":"","meta":{"footnotes":""},"class_list":["post-715","page","type-page","status-publish","hentry"],"yoast_head":"<!-- This site is optimized with the Yoast SEO plugin v26.7 - https:\/\/yoast.com\/wordpress\/plugins\/seo\/ -->\n<title>Defesas 2016 - Programa de P\u00f3s Gradua\u00e7\u00e3o em Ensino de Ci\u00eancias e Matem\u00e1tica - Mestrado Profissional<\/title>\n<meta name=\"robots\" content=\"index, follow, max-snippet:-1, max-image-preview:large, max-video-preview:-1\" \/>\n<link rel=\"canonical\" href=\"https:\/\/wp.ufpel.edu.br\/ppgecm\/dissertacoes-e-produtos\/defesas-2016\/\" \/>\n<meta property=\"og:locale\" content=\"pt_BR\" \/>\n<meta property=\"og:type\" content=\"article\" \/>\n<meta property=\"og:title\" content=\"Defesas 2016 - Programa de P\u00f3s Gradua\u00e7\u00e3o em Ensino de Ci\u00eancias e Matem\u00e1tica - Mestrado Profissional\" \/>\n<meta property=\"og:description\" content=\"47. Carla Denize Ott Felcher\u00a0&#8211; Defendeu em 19\/12\/2016 O Uso do Facebook no Processo de Ensino dos N\u00fameros Racionais. Palavras-chave: Orienta\u00e7\u00e3o: Prof. Dr.\u00a0Andr\u00e9 Luis Andrejew Ferreira Reposit\u00f3rio Institucional da UFPel 46. Marylucia Cavalcante Silva &#8211; Defendeu em 29\/11\/2016 Percep\u00e7\u00f5es e Aproxima\u00e7\u00f5es sobre os Saberes Elementares Aritm\u00e9ticos para o Ensino P\u00fablico Prim\u00e1rio entre Maranh\u00e3o e S\u00e3o [&hellip;]\" \/>\n<meta property=\"og:url\" content=\"https:\/\/wp.ufpel.edu.br\/ppgecm\/dissertacoes-e-produtos\/defesas-2016\/\" \/>\n<meta property=\"og:site_name\" content=\"Programa de P\u00f3s Gradua\u00e7\u00e3o em Ensino de Ci\u00eancias e Matem\u00e1tica - Mestrado Profissional\" \/>\n<meta property=\"article:modified_time\" content=\"2022-09-23T13:38:07+00:00\" \/>\n<meta name=\"twitter:card\" content=\"summary_large_image\" \/>\n<meta name=\"twitter:label1\" content=\"Est. tempo de leitura\" \/>\n\t<meta name=\"twitter:data1\" content=\"3 minutos\" \/>\n<script type=\"application\/ld+json\" class=\"yoast-schema-graph\">{\"@context\":\"https:\/\/schema.org\",\"@graph\":[{\"@type\":\"WebPage\",\"@id\":\"https:\/\/wp.ufpel.edu.br\/ppgecm\/dissertacoes-e-produtos\/defesas-2016\/\",\"url\":\"https:\/\/wp.ufpel.edu.br\/ppgecm\/dissertacoes-e-produtos\/defesas-2016\/\",\"name\":\"Defesas 2016 - Programa de P\u00f3s Gradua\u00e7\u00e3o em Ensino de Ci\u00eancias e Matem\u00e1tica - Mestrado Profissional\",\"isPartOf\":{\"@id\":\"https:\/\/wp.ufpel.edu.br\/ppgecm\/#website\"},\"datePublished\":\"2016-10-06T14:57:51+00:00\",\"dateModified\":\"2022-09-23T13:38:07+00:00\",\"breadcrumb\":{\"@id\":\"https:\/\/wp.ufpel.edu.br\/ppgecm\/dissertacoes-e-produtos\/defesas-2016\/#breadcrumb\"},\"inLanguage\":\"pt-BR\",\"potentialAction\":[{\"@type\":\"ReadAction\",\"target\":[\"https:\/\/wp.ufpel.edu.br\/ppgecm\/dissertacoes-e-produtos\/defesas-2016\/\"]}]},{\"@type\":\"BreadcrumbList\",\"@id\":\"https:\/\/wp.ufpel.edu.br\/ppgecm\/dissertacoes-e-produtos\/defesas-2016\/#breadcrumb\",\"itemListElement\":[{\"@type\":\"ListItem\",\"position\":1,\"name\":\"In\u00edcio\",\"item\":\"https:\/\/wp.ufpel.edu.br\/ppgecm\/\"},{\"@type\":\"ListItem\",\"position\":2,\"name\":\"Disserta\u00e7\u00f5es e Produtos Educacionais\",\"item\":\"https:\/\/wp.ufpel.edu.br\/ppgecm\/dissertacoes-e-produtos\/\"},{\"@type\":\"ListItem\",\"position\":3,\"name\":\"Defesas 2016\"}]},{\"@type\":\"WebSite\",\"@id\":\"https:\/\/wp.ufpel.edu.br\/ppgecm\/#website\",\"url\":\"https:\/\/wp.ufpel.edu.br\/ppgecm\/\",\"name\":\"Programa de P\u00f3s Gradua\u00e7\u00e3o em Ensino de Ci\u00eancias e Matem\u00e1tica - Mestrado Profissional\",\"description\":\"Universidade Federal de Pelotas\",\"potentialAction\":[{\"@type\":\"SearchAction\",\"target\":{\"@type\":\"EntryPoint\",\"urlTemplate\":\"https:\/\/wp.ufpel.edu.br\/ppgecm\/?s={search_term_string}\"},\"query-input\":{\"@type\":\"PropertyValueSpecification\",\"valueRequired\":true,\"valueName\":\"search_term_string\"}}],\"inLanguage\":\"pt-BR\"}]}<\/script>\n<!-- \/ Yoast SEO plugin. -->","yoast_head_json":{"title":"Defesas 2016 - Programa de P\u00f3s Gradua\u00e7\u00e3o em Ensino de Ci\u00eancias e Matem\u00e1tica - Mestrado Profissional","robots":{"index":"index","follow":"follow","max-snippet":"max-snippet:-1","max-image-preview":"max-image-preview:large","max-video-preview":"max-video-preview:-1"},"canonical":"https:\/\/wp.ufpel.edu.br\/ppgecm\/dissertacoes-e-produtos\/defesas-2016\/","og_locale":"pt_BR","og_type":"article","og_title":"Defesas 2016 - Programa de P\u00f3s Gradua\u00e7\u00e3o em Ensino de Ci\u00eancias e Matem\u00e1tica - Mestrado Profissional","og_description":"47. Carla Denize Ott Felcher\u00a0&#8211; Defendeu em 19\/12\/2016 O Uso do Facebook no Processo de Ensino dos N\u00fameros Racionais. Palavras-chave: Orienta\u00e7\u00e3o: Prof. Dr.\u00a0Andr\u00e9 Luis Andrejew Ferreira Reposit\u00f3rio Institucional da UFPel 46. Marylucia Cavalcante Silva &#8211; Defendeu em 29\/11\/2016 Percep\u00e7\u00f5es e Aproxima\u00e7\u00f5es sobre os Saberes Elementares Aritm\u00e9ticos para o Ensino P\u00fablico Prim\u00e1rio entre Maranh\u00e3o e S\u00e3o [&hellip;]","og_url":"https:\/\/wp.ufpel.edu.br\/ppgecm\/dissertacoes-e-produtos\/defesas-2016\/","og_site_name":"Programa de P\u00f3s Gradua\u00e7\u00e3o em Ensino de Ci\u00eancias e Matem\u00e1tica - Mestrado Profissional","article_modified_time":"2022-09-23T13:38:07+00:00","twitter_card":"summary_large_image","twitter_misc":{"Est. tempo de leitura":"3 minutos"},"schema":{"@context":"https:\/\/schema.org","@graph":[{"@type":"WebPage","@id":"https:\/\/wp.ufpel.edu.br\/ppgecm\/dissertacoes-e-produtos\/defesas-2016\/","url":"https:\/\/wp.ufpel.edu.br\/ppgecm\/dissertacoes-e-produtos\/defesas-2016\/","name":"Defesas 2016 - Programa de P\u00f3s Gradua\u00e7\u00e3o em Ensino de Ci\u00eancias e Matem\u00e1tica - Mestrado Profissional","isPartOf":{"@id":"https:\/\/wp.ufpel.edu.br\/ppgecm\/#website"},"datePublished":"2016-10-06T14:57:51+00:00","dateModified":"2022-09-23T13:38:07+00:00","breadcrumb":{"@id":"https:\/\/wp.ufpel.edu.br\/ppgecm\/dissertacoes-e-produtos\/defesas-2016\/#breadcrumb"},"inLanguage":"pt-BR","potentialAction":[{"@type":"ReadAction","target":["https:\/\/wp.ufpel.edu.br\/ppgecm\/dissertacoes-e-produtos\/defesas-2016\/"]}]},{"@type":"BreadcrumbList","@id":"https:\/\/wp.ufpel.edu.br\/ppgecm\/dissertacoes-e-produtos\/defesas-2016\/#breadcrumb","itemListElement":[{"@type":"ListItem","position":1,"name":"In\u00edcio","item":"https:\/\/wp.ufpel.edu.br\/ppgecm\/"},{"@type":"ListItem","position":2,"name":"Disserta\u00e7\u00f5es e Produtos Educacionais","item":"https:\/\/wp.ufpel.edu.br\/ppgecm\/dissertacoes-e-produtos\/"},{"@type":"ListItem","position":3,"name":"Defesas 2016"}]},{"@type":"WebSite","@id":"https:\/\/wp.ufpel.edu.br\/ppgecm\/#website","url":"https:\/\/wp.ufpel.edu.br\/ppgecm\/","name":"Programa de P\u00f3s Gradua\u00e7\u00e3o em Ensino de Ci\u00eancias e Matem\u00e1tica - Mestrado Profissional","description":"Universidade Federal de Pelotas","potentialAction":[{"@type":"SearchAction","target":{"@type":"EntryPoint","urlTemplate":"https:\/\/wp.ufpel.edu.br\/ppgecm\/?s={search_term_string}"},"query-input":{"@type":"PropertyValueSpecification","valueRequired":true,"valueName":"search_term_string"}}],"inLanguage":"pt-BR"}]}},"_links":{"self":[{"href":"https:\/\/wp.ufpel.edu.br\/ppgecm\/wp-json\/wp\/v2\/pages\/715","targetHints":{"allow":["GET"]}}],"collection":[{"href":"https:\/\/wp.ufpel.edu.br\/ppgecm\/wp-json\/wp\/v2\/pages"}],"about":[{"href":"https:\/\/wp.ufpel.edu.br\/ppgecm\/wp-json\/wp\/v2\/types\/page"}],"author":[{"embeddable":true,"href":"https:\/\/wp.ufpel.edu.br\/ppgecm\/wp-json\/wp\/v2\/users\/112"}],"replies":[{"embeddable":true,"href":"https:\/\/wp.ufpel.edu.br\/ppgecm\/wp-json\/wp\/v2\/comments?post=715"}],"version-history":[{"count":15,"href":"https:\/\/wp.ufpel.edu.br\/ppgecm\/wp-json\/wp\/v2\/pages\/715\/revisions"}],"predecessor-version":[{"id":2510,"href":"https:\/\/wp.ufpel.edu.br\/ppgecm\/wp-json\/wp\/v2\/pages\/715\/revisions\/2510"}],"up":[{"embeddable":true,"href":"https:\/\/wp.ufpel.edu.br\/ppgecm\/wp-json\/wp\/v2\/pages\/461"}],"wp:attachment":[{"href":"https:\/\/wp.ufpel.edu.br\/ppgecm\/wp-json\/wp\/v2\/media?parent=715"}],"curies":[{"name":"wp","href":"https:\/\/api.w.org\/{rel}","templated":true}]}}