{"id":3032,"date":"2025-03-12T17:39:54","date_gmt":"2025-03-12T20:39:54","guid":{"rendered":"https:\/\/wp.ufpel.edu.br\/ppgecm\/?page_id=3032"},"modified":"2025-08-21T14:01:15","modified_gmt":"2025-08-21T17:01:15","slug":"defesas-2024","status":"publish","type":"page","link":"https:\/\/wp.ufpel.edu.br\/ppgecm\/dissertacoes-e-produtos\/defesas-2024\/","title":{"rendered":"Defesas 2024"},"content":{"rendered":"<table style=\"height: 299px; background-color: #ffffff;\" border=\"0\" cellspacing=\"8\" cellpadding=\"0\">\n<tbody>\n<tr style=\"height: 24px;\">\n<td style=\"background-color: #ffffff; text-align: justify; width: 721px; height: 24px;\"><strong>138.<\/strong> <span class=\"text12\"><strong>Natanna Antunes da Luz &#8211; <\/strong>Defendeu em 13\/12\/2024<br \/>\n<strong>A FOTOGRAFIA COMO PROPOSTA TE\u00d3RICO-METODOL\u00d3GICA NA FORMA\u00c7\u00c3O DE PROFESSORES DE QU\u00cdMICA: ENSINO, INTERPRETA\u00c7\u00c3O E REFLEX\u00c3O CR\u00cdTICA<\/strong><br \/>\nPalavras-chave: Fotografia; Imagem; Ensino de Qu\u00edmica; Representa\u00e7\u00e3o; Forma\u00e7\u00e3o de Professores.<br \/>\nOrienta\u00e7\u00e3o: Prof. Dr. F\u00e1bio Andr\u00e9 Sangiogo<br \/>\n<a href=\"http:\/\/guaiaca.ufpel.edu.br\/xmlui\/handle\/prefix\/15713\" target=\"_blank\" rel=\"noopener\">Reposit\u00f3rio Institucional da UFPel (Disserta\u00e7\u00e3o e Produto)<\/a><\/span><\/td>\n<\/tr>\n<tr style=\"height: 24px;\">\n<td style=\"background-color: #c4bdc9; text-align: justify; width: 721px; height: 24px;\"><strong>137. <span class=\"text12\">Maria Eduarda Domingues Sperotto<\/span><\/strong><span class=\"text12\"> &#8211; <\/span><span class=\"text12\">Defendeu em 13\/12\/2024<\/span><strong><span class=\"text12\"><br \/>\nRecursos de Tecnologia Digital como mediadores dos processos de ensino e aprendizagem de Biologia<br \/>\n<\/span><\/strong><span class=\"text12\">Palavras-chave: Recursos Digitais; Ensino de Biologia; Educa\u00e7\u00e3o B\u00e1sica; Forma\u00e7\u00e3o de Professores.<\/span><span class=\"text12\"><br \/>\nOrienta\u00e7\u00e3o: Prof\u00aa. Dr\u00aa. Francele de Abreu Carlan<br \/>\n<a href=\"https:\/\/guaiaca.ufpel.edu.br\/handle\/prefix\/15712\" target=\"_blank\" rel=\"noopener\">Reposit\u00f3rio Institucional da UFPel (Disserta\u00e7\u00e3o e Produto)<\/a><\/span><\/td>\n<\/tr>\n<tr style=\"height: 24px;\">\n<td style=\"background-color: #ffffff; text-align: justify; width: 721px; height: 24px;\"><span class=\"text12\"><strong>136.<\/strong> <strong>Adriana Mendes Bastos &#8211; <\/strong>Defendeu em 10\/12\/2024<br \/>\n<strong>O Emergir da Educa\u00e7\u00e3o Matem\u00e1tica com Significado e Sentido para o Conceito de Numera\u00e7\u00e3o Matem\u00e1tica para os alunos com TEA-Transtorno do Espectro Autista no quarto ano do Ensino Fundamental<\/strong><br \/>\nPalavras-chave: Transtorno do Espectro Autista. Numera\u00e7\u00e3o, Educa\u00e7\u00e3o Matem\u00e1tica.<br \/>\nEduca\u00e7\u00e3o Inclusiva.<br \/>\nOrienta\u00e7\u00e3o: Prof.\u00aa Dr.\u00aa Rita de C\u00e1ssia Morem C\u00f3ssio Rodriguez<br \/>\n<a href=\"https:\/\/guaiaca.ufpel.edu.br\/handle\/prefix\/15711\" target=\"_blank\" rel=\"noopener\">Reposit\u00f3rio Institucional da UFPel (Disserta\u00e7\u00e3o e Produto)<\/a><\/span><\/td>\n<\/tr>\n<tr style=\"height: 24px;\">\n<td style=\"background-color: #c4bdc9; text-align: justify; width: 721px; height: 24px;\"><span class=\"text12\"><strong>135. Vanessa Mattoso Cardoso<\/strong>\u00a0&#8211; Defendeu em 06\/12\/2024<strong><br \/>\nExplorando estrat\u00e9gias do pensamento computacional na resolu\u00e7\u00e3o de problemas em matem\u00e1tica discreta: em busca da aprendizagem significativa<br \/>\n<\/strong>Palavras-chave: andragogia; aprendizagem significativa; resolu\u00e7\u00e3o de problemas;<br \/>\npensamento computacional; aprendizagem colaborativa.<br \/>\nOrienta\u00e7\u00e3o: Prof. Dr. Andr\u00e9 Luis Andrejew Ferreira<br \/>\n<a href=\"https:\/\/guaiaca.ufpel.edu.br\/handle\/prefix\/16015\" target=\"_blank\" rel=\"noopener\">Reposit\u00f3rio Institucional da UFPel (Disserta\u00e7\u00e3o e Produto)<\/a><\/span><\/td>\n<\/tr>\n<tr style=\"height: 24px;\">\n<td style=\"background-color: #ffffff; text-align: justify; width: 721px; height: 24px;\"><span class=\"text12\"><strong>134. Nat\u00e1lia Schmiele Schmechel<\/strong> &#8211; Defendeu em 12\/09\/2024<br \/>\n<strong>O USO DO Pop It NA APRENDIZAGEM DA ADI\u00c7\u00c3O EM UMA TURMA DO 2\u00ba <\/strong><strong>ANO DO ENSINO FUNDAMENTAL<\/strong><br \/>\nPalavras-chave: : Matem\u00e1tica nos Anos Iniciais; Pop It; Adi\u00e7\u00e3o; Aprendizagem; Anos iniciais.<br \/>\nOrienta\u00e7\u00e3o: Prof. Dr. Ant\u00f4nio Maur\u00edcio Medeiros Alves<br \/>\n<a href=\"https:\/\/guaiaca.ufpel.edu.br\/handle\/prefix\/15715\" target=\"_blank\" rel=\"noopener\">Reposit\u00f3rio Institucional da UFPel (Disserta\u00e7\u00e3o e Produto)<\/a><\/span><\/td>\n<\/tr>\n<tr style=\"height: 24px;\">\n<td style=\"background-color: #c4bdc9; text-align: justify; width: 721px; height: 24px;\"><span class=\"text12\"><strong>133. Tais Angelo Louzada <\/strong>&#8211; Defendeu em 05\/07\/2024<br \/>\n<strong>O protagonismo feminino na Educa\u00e7\u00e3o de Jovens e Adultos (EJA): entre <\/strong><strong>ensinagens e aprendizagens<\/strong><br \/>\nPalavras-chave: : educa\u00e7\u00e3o de jovens e adultos; educa\u00e7\u00e3o matem\u00e1tica; viv\u00eancia dos alunos; protagonismo feminino.<br \/>\nOrienta\u00e7\u00e3o: Prof. Dr. Lui N\u00f6rnberg<br \/>\n<a href=\"http:\/\/guaiaca.ufpel.edu.br\/xmlui\/handle\/prefix\/14713\" target=\"_blank\" rel=\"noopener\">Reposit\u00f3rio Institucional da UFPel (Disserta\u00e7\u00e3o e Produto)<\/a><\/span><\/td>\n<\/tr>\n<tr style=\"height: 120px;\">\n<td style=\"background-color: #ffffff; text-align: justify; width: 721px; height: 120px;\"><span class=\"text12\"><strong>132. Vanderl\u00e9ia Raddatz Schultz <\/strong>&#8211; Defendeu em 11\/03\/2024<br \/>\n<strong>A potencialidade do pensamento computacional na resolu\u00e7\u00e3o de situa\u00e7\u00f5es-problema no ensino de matem\u00e1tica para os anos iniciais<\/strong><br \/>\nPalavras-chave: Pensamento computacional; Aprendizagem matem\u00e1tica; Anos iniciais.<br \/>\nOrienta\u00e7\u00e3o: Profa. Dra. Maria Simone Debacco<br \/>\n<a href=\"https:\/\/guaiaca.ufpel.edu.br\/handle\/prefix\/16480\" target=\"_blank\" rel=\"noopener\">Reposit\u00f3rio Institucional da UFPel (Disserta\u00e7\u00e3o e Produto)<\/a><\/span><\/td>\n<\/tr>\n<tr style=\"height: 120px;\">\n<td style=\"background-color: #c4bdc9; text-align: justify; width: 721px; height: 120px;\"><span class=\"text12\"><strong>131. Maria Aparecida Peres<\/strong> &#8211; Defendeu em <span data-sheets-root=\"1\">11\/03\/2024<\/span><br \/>\n<strong>ALFABETIZA\u00c7\u00c3O CIENT\u00cdFICA E TECNOL\u00d3GICA: <\/strong><strong>METODOLOGIAS ATIVAS COMO CATALISADORES EDUCACIONAIS NO <\/strong><strong>ENSINO DE CI\u00caNCIAS NOS ANOS FINAIS DO ENSINO FUNDAMENTAL<\/strong><br \/>\nPalavras-chave: Alfabetiza\u00e7\u00e3o Cient\u00edfica e tecnol\u00f3gica; Metodologias Ativas; Ensino de Ci\u00eancias.<br \/>\nOrienta\u00e7\u00e3o: : Prof. Dr. Robledo Lima Gil<br \/>\n<a href=\"https:\/\/guaiaca.ufpel.edu.br\/handle\/prefix\/17072\" target=\"_blank\" rel=\"noopener\">Reposit\u00f3rio Institucional da UFPel (Disserta\u00e7\u00e3o e Produto)<\/a><\/span><\/td>\n<\/tr>\n<tr style=\"height: 24px;\">\n<td style=\"background-color: #ffffff; text-align: justify; width: 721px; height: 24px;\"><span class=\"text12\"><strong>130. Tiago Dias Bolzan &#8211;\u00a0<\/strong>Defendeu em 29\/02\/2024<br \/>\n<\/span><strong>Proposta de uma Sequ\u00eancia Did\u00e1tica para o ensino de Equa\u00e7\u00e3o do 1\u00ba grau via Resolu\u00e7\u00e3o de Problemas: um olhar a partir da an\u00e1lise de erros<br \/>\n<\/strong>Palavras-chave: Resolu\u00e7\u00e3o de problemas. Equa\u00e7\u00e3o do 1\u00ba grau. An\u00e1lise de erros.<br \/>\nOrienta\u00e7\u00e3o: Prof. Dr. Andr\u00e9 Luis Andrejew Ferreira<br \/>\n<a href=\"https:\/\/guaiaca.ufpel.edu.br\/handle\/prefix\/16480\" target=\"_blank\" rel=\"noopener\">Reposit\u00f3rio Institucional da UFPel (Disserta\u00e7\u00e3o e Produto)<\/a><\/td>\n<\/tr>\n<\/tbody>\n<\/table>\n<p>&nbsp;<\/p>\n","protected":false},"excerpt":{"rendered":"<p>138. Natanna Antunes da Luz &#8211; Defendeu em 13\/12\/2024 A FOTOGRAFIA COMO PROPOSTA TE\u00d3RICO-METODOL\u00d3GICA NA FORMA\u00c7\u00c3O DE PROFESSORES DE QU\u00cdMICA: ENSINO, INTERPRETA\u00c7\u00c3O E REFLEX\u00c3O CR\u00cdTICA Palavras-chave: Fotografia; Imagem; Ensino de Qu\u00edmica; Representa\u00e7\u00e3o; Forma\u00e7\u00e3o de Professores. Orienta\u00e7\u00e3o: Prof. Dr. F\u00e1bio Andr\u00e9 Sangiogo Reposit\u00f3rio Institucional da UFPel (Disserta\u00e7\u00e3o e Produto) 137. Maria Eduarda Domingues Sperotto &#8211; Defendeu [&hellip;]<\/p>\n","protected":false},"author":112,"featured_media":0,"parent":461,"menu_order":0,"comment_status":"closed","ping_status":"closed","template":"","meta":{"footnotes":""},"class_list":["post-3032","page","type-page","status-publish","hentry"],"yoast_head":"<!-- This site is optimized with the Yoast SEO plugin v26.7 - https:\/\/yoast.com\/wordpress\/plugins\/seo\/ -->\n<title>Defesas 2024 - Programa de P\u00f3s Gradua\u00e7\u00e3o em Ensino de Ci\u00eancias e Matem\u00e1tica - Mestrado Profissional<\/title>\n<meta name=\"robots\" content=\"index, follow, max-snippet:-1, max-image-preview:large, max-video-preview:-1\" \/>\n<link rel=\"canonical\" href=\"https:\/\/wp.ufpel.edu.br\/ppgecm\/dissertacoes-e-produtos\/defesas-2024\/\" \/>\n<meta property=\"og:locale\" content=\"pt_BR\" \/>\n<meta property=\"og:type\" content=\"article\" \/>\n<meta property=\"og:title\" content=\"Defesas 2024 - Programa de P\u00f3s Gradua\u00e7\u00e3o em Ensino de Ci\u00eancias e Matem\u00e1tica - Mestrado Profissional\" \/>\n<meta property=\"og:description\" content=\"138. Natanna Antunes da Luz &#8211; Defendeu em 13\/12\/2024 A FOTOGRAFIA COMO PROPOSTA TE\u00d3RICO-METODOL\u00d3GICA NA FORMA\u00c7\u00c3O DE PROFESSORES DE QU\u00cdMICA: ENSINO, INTERPRETA\u00c7\u00c3O E REFLEX\u00c3O CR\u00cdTICA Palavras-chave: Fotografia; Imagem; Ensino de Qu\u00edmica; Representa\u00e7\u00e3o; Forma\u00e7\u00e3o de Professores. Orienta\u00e7\u00e3o: Prof. Dr. F\u00e1bio Andr\u00e9 Sangiogo Reposit\u00f3rio Institucional da UFPel (Disserta\u00e7\u00e3o e Produto) 137. Maria Eduarda Domingues Sperotto &#8211; Defendeu [&hellip;]\" \/>\n<meta property=\"og:url\" content=\"https:\/\/wp.ufpel.edu.br\/ppgecm\/dissertacoes-e-produtos\/defesas-2024\/\" \/>\n<meta property=\"og:site_name\" content=\"Programa de P\u00f3s Gradua\u00e7\u00e3o em Ensino de Ci\u00eancias e Matem\u00e1tica - Mestrado Profissional\" \/>\n<meta property=\"article:modified_time\" content=\"2025-08-21T17:01:15+00:00\" \/>\n<meta name=\"twitter:card\" content=\"summary_large_image\" \/>\n<meta name=\"twitter:label1\" content=\"Est. tempo de leitura\" \/>\n\t<meta name=\"twitter:data1\" content=\"3 minutos\" \/>\n<script type=\"application\/ld+json\" class=\"yoast-schema-graph\">{\"@context\":\"https:\/\/schema.org\",\"@graph\":[{\"@type\":\"WebPage\",\"@id\":\"https:\/\/wp.ufpel.edu.br\/ppgecm\/dissertacoes-e-produtos\/defesas-2024\/\",\"url\":\"https:\/\/wp.ufpel.edu.br\/ppgecm\/dissertacoes-e-produtos\/defesas-2024\/\",\"name\":\"Defesas 2024 - Programa de P\u00f3s Gradua\u00e7\u00e3o em Ensino de Ci\u00eancias e Matem\u00e1tica - Mestrado Profissional\",\"isPartOf\":{\"@id\":\"https:\/\/wp.ufpel.edu.br\/ppgecm\/#website\"},\"datePublished\":\"2025-03-12T20:39:54+00:00\",\"dateModified\":\"2025-08-21T17:01:15+00:00\",\"breadcrumb\":{\"@id\":\"https:\/\/wp.ufpel.edu.br\/ppgecm\/dissertacoes-e-produtos\/defesas-2024\/#breadcrumb\"},\"inLanguage\":\"pt-BR\",\"potentialAction\":[{\"@type\":\"ReadAction\",\"target\":[\"https:\/\/wp.ufpel.edu.br\/ppgecm\/dissertacoes-e-produtos\/defesas-2024\/\"]}]},{\"@type\":\"BreadcrumbList\",\"@id\":\"https:\/\/wp.ufpel.edu.br\/ppgecm\/dissertacoes-e-produtos\/defesas-2024\/#breadcrumb\",\"itemListElement\":[{\"@type\":\"ListItem\",\"position\":1,\"name\":\"In\u00edcio\",\"item\":\"https:\/\/wp.ufpel.edu.br\/ppgecm\/\"},{\"@type\":\"ListItem\",\"position\":2,\"name\":\"Disserta\u00e7\u00f5es e Produtos Educacionais\",\"item\":\"https:\/\/wp.ufpel.edu.br\/ppgecm\/dissertacoes-e-produtos\/\"},{\"@type\":\"ListItem\",\"position\":3,\"name\":\"Defesas 2024\"}]},{\"@type\":\"WebSite\",\"@id\":\"https:\/\/wp.ufpel.edu.br\/ppgecm\/#website\",\"url\":\"https:\/\/wp.ufpel.edu.br\/ppgecm\/\",\"name\":\"Programa de P\u00f3s Gradua\u00e7\u00e3o em Ensino de Ci\u00eancias e Matem\u00e1tica - Mestrado Profissional\",\"description\":\"Universidade Federal de Pelotas\",\"potentialAction\":[{\"@type\":\"SearchAction\",\"target\":{\"@type\":\"EntryPoint\",\"urlTemplate\":\"https:\/\/wp.ufpel.edu.br\/ppgecm\/?s={search_term_string}\"},\"query-input\":{\"@type\":\"PropertyValueSpecification\",\"valueRequired\":true,\"valueName\":\"search_term_string\"}}],\"inLanguage\":\"pt-BR\"}]}<\/script>\n<!-- \/ Yoast SEO plugin. -->","yoast_head_json":{"title":"Defesas 2024 - Programa de P\u00f3s Gradua\u00e7\u00e3o em Ensino de Ci\u00eancias e Matem\u00e1tica - Mestrado Profissional","robots":{"index":"index","follow":"follow","max-snippet":"max-snippet:-1","max-image-preview":"max-image-preview:large","max-video-preview":"max-video-preview:-1"},"canonical":"https:\/\/wp.ufpel.edu.br\/ppgecm\/dissertacoes-e-produtos\/defesas-2024\/","og_locale":"pt_BR","og_type":"article","og_title":"Defesas 2024 - Programa de P\u00f3s Gradua\u00e7\u00e3o em Ensino de Ci\u00eancias e Matem\u00e1tica - Mestrado Profissional","og_description":"138. Natanna Antunes da Luz &#8211; Defendeu em 13\/12\/2024 A FOTOGRAFIA COMO PROPOSTA TE\u00d3RICO-METODOL\u00d3GICA NA FORMA\u00c7\u00c3O DE PROFESSORES DE QU\u00cdMICA: ENSINO, INTERPRETA\u00c7\u00c3O E REFLEX\u00c3O CR\u00cdTICA Palavras-chave: Fotografia; Imagem; Ensino de Qu\u00edmica; Representa\u00e7\u00e3o; Forma\u00e7\u00e3o de Professores. Orienta\u00e7\u00e3o: Prof. Dr. F\u00e1bio Andr\u00e9 Sangiogo Reposit\u00f3rio Institucional da UFPel (Disserta\u00e7\u00e3o e Produto) 137. Maria Eduarda Domingues Sperotto &#8211; Defendeu [&hellip;]","og_url":"https:\/\/wp.ufpel.edu.br\/ppgecm\/dissertacoes-e-produtos\/defesas-2024\/","og_site_name":"Programa de P\u00f3s Gradua\u00e7\u00e3o em Ensino de Ci\u00eancias e Matem\u00e1tica - Mestrado Profissional","article_modified_time":"2025-08-21T17:01:15+00:00","twitter_card":"summary_large_image","twitter_misc":{"Est. tempo de leitura":"3 minutos"},"schema":{"@context":"https:\/\/schema.org","@graph":[{"@type":"WebPage","@id":"https:\/\/wp.ufpel.edu.br\/ppgecm\/dissertacoes-e-produtos\/defesas-2024\/","url":"https:\/\/wp.ufpel.edu.br\/ppgecm\/dissertacoes-e-produtos\/defesas-2024\/","name":"Defesas 2024 - Programa de P\u00f3s Gradua\u00e7\u00e3o em Ensino de Ci\u00eancias e Matem\u00e1tica - Mestrado Profissional","isPartOf":{"@id":"https:\/\/wp.ufpel.edu.br\/ppgecm\/#website"},"datePublished":"2025-03-12T20:39:54+00:00","dateModified":"2025-08-21T17:01:15+00:00","breadcrumb":{"@id":"https:\/\/wp.ufpel.edu.br\/ppgecm\/dissertacoes-e-produtos\/defesas-2024\/#breadcrumb"},"inLanguage":"pt-BR","potentialAction":[{"@type":"ReadAction","target":["https:\/\/wp.ufpel.edu.br\/ppgecm\/dissertacoes-e-produtos\/defesas-2024\/"]}]},{"@type":"BreadcrumbList","@id":"https:\/\/wp.ufpel.edu.br\/ppgecm\/dissertacoes-e-produtos\/defesas-2024\/#breadcrumb","itemListElement":[{"@type":"ListItem","position":1,"name":"In\u00edcio","item":"https:\/\/wp.ufpel.edu.br\/ppgecm\/"},{"@type":"ListItem","position":2,"name":"Disserta\u00e7\u00f5es e Produtos Educacionais","item":"https:\/\/wp.ufpel.edu.br\/ppgecm\/dissertacoes-e-produtos\/"},{"@type":"ListItem","position":3,"name":"Defesas 2024"}]},{"@type":"WebSite","@id":"https:\/\/wp.ufpel.edu.br\/ppgecm\/#website","url":"https:\/\/wp.ufpel.edu.br\/ppgecm\/","name":"Programa de P\u00f3s Gradua\u00e7\u00e3o em Ensino de Ci\u00eancias e Matem\u00e1tica - Mestrado Profissional","description":"Universidade Federal de Pelotas","potentialAction":[{"@type":"SearchAction","target":{"@type":"EntryPoint","urlTemplate":"https:\/\/wp.ufpel.edu.br\/ppgecm\/?s={search_term_string}"},"query-input":{"@type":"PropertyValueSpecification","valueRequired":true,"valueName":"search_term_string"}}],"inLanguage":"pt-BR"}]}},"_links":{"self":[{"href":"https:\/\/wp.ufpel.edu.br\/ppgecm\/wp-json\/wp\/v2\/pages\/3032","targetHints":{"allow":["GET"]}}],"collection":[{"href":"https:\/\/wp.ufpel.edu.br\/ppgecm\/wp-json\/wp\/v2\/pages"}],"about":[{"href":"https:\/\/wp.ufpel.edu.br\/ppgecm\/wp-json\/wp\/v2\/types\/page"}],"author":[{"embeddable":true,"href":"https:\/\/wp.ufpel.edu.br\/ppgecm\/wp-json\/wp\/v2\/users\/112"}],"replies":[{"embeddable":true,"href":"https:\/\/wp.ufpel.edu.br\/ppgecm\/wp-json\/wp\/v2\/comments?post=3032"}],"version-history":[{"count":4,"href":"https:\/\/wp.ufpel.edu.br\/ppgecm\/wp-json\/wp\/v2\/pages\/3032\/revisions"}],"predecessor-version":[{"id":3148,"href":"https:\/\/wp.ufpel.edu.br\/ppgecm\/wp-json\/wp\/v2\/pages\/3032\/revisions\/3148"}],"up":[{"embeddable":true,"href":"https:\/\/wp.ufpel.edu.br\/ppgecm\/wp-json\/wp\/v2\/pages\/461"}],"wp:attachment":[{"href":"https:\/\/wp.ufpel.edu.br\/ppgecm\/wp-json\/wp\/v2\/media?parent=3032"}],"curies":[{"name":"wp","href":"https:\/\/api.w.org\/{rel}","templated":true}]}}