{"id":2572,"date":"2022-10-14T10:10:33","date_gmt":"2022-10-14T13:10:33","guid":{"rendered":"https:\/\/wp.ufpel.edu.br\/ppgecm\/?page_id=2572"},"modified":"2026-09-04T09:36:19","modified_gmt":"2026-09-04T12:36:19","slug":"corpo-docente","status":"publish","type":"page","link":"https:\/\/wp.ufpel.edu.br\/ppgecm\/corpo-docente\/","title":{"rendered":"Corpo Docente"},"content":{"rendered":"<p><strong>LINHA 1. DOC\u00caNCIAS NO ENSINO DE CI\u00caNCIAS E MATEM\u00c1TICA:<\/strong><\/p>\n<p style=\"text-align: justify;\">Desenvolve pesquisas que envolvem a professoralidade docente, considerando os diferentes espa\u00e7os educativos, tendo por refer\u00eancia a diversidade e o curr\u00edculo na perspectiva pessoal e profissional, contemplando aperfei\u00e7oamento de conhecimentos e pr\u00e1ticas educativas.<\/p>\n<p>Corpo Docente:<\/p>\n<ul class=\"wpipessoa-lista\"><li class=\"wpipessoa-post clearfix\"><div class=\"wpipessoa-thumb\"><a href=\"https:\/\/wp.ufpel.edu.br\/ppgecm\/pessoas\/aniara-ribeiro-machado\/\"><img width=\"200\" height=\"200\" src=\"https:\/\/wp.ufpel.edu.br\/ppgecm\/files\/2025\/02\/Aniara-200x200.png\" class=\"attachment-thumbnail size-thumbnail wp-post-image\" alt=\"\" \/><\/a><\/div><div class=\"wpipessoa-info\"><div class=\"wpipessoa-nome wpipessoa-fonte-grande\"><a href=\"https:\/\/wp.ufpel.edu.br\/ppgecm\/pessoas\/aniara-ribeiro-machado\/\">Aniara Ribeiro Machado &#8211; UNIPAMPA<\/a><\/div><div class=\"wpipessoa-funcao wpipessoa-fonte-italica\">Professora Colaboradora do PPGECM<\/div><div class=\"wpipessoa-lattes\"><a href=\"http:\/\/lattes.cnpq.br\/5184724006440412\" target=\"_blank\">Lattes<\/a><\/div><div class=\"wpipessoa-email\"><a href=\"aniaramachado@unipampa.edu.br\" target=\"_blank\">aniaramachado@unipampa.edu.br<\/a><\/div><\/div><\/li><li class=\"wpipessoa-post clearfix\"><div class=\"wpipessoa-thumb\"><a href=\"https:\/\/wp.ufpel.edu.br\/ppgecm\/pessoas\/antonio-mauricio-medeiros-alves\/\"><img width=\"200\" height=\"200\" src=\"https:\/\/wp.ufpel.edu.br\/ppgecm\/files\/2022\/04\/Ant-Mauricio-e1649166632606-200x200.jpg\" class=\"attachment-thumbnail size-thumbnail wp-post-image\" alt=\"\" \/><\/a><\/div><div class=\"wpipessoa-info\"><div class=\"wpipessoa-nome wpipessoa-fonte-grande\"><a href=\"https:\/\/wp.ufpel.edu.br\/ppgecm\/pessoas\/antonio-mauricio-medeiros-alves\/\">Ant\u00f4nio Maur\u00edcio Medeiros Alves<\/a><\/div><div class=\"wpipessoa-funcao wpipessoa-fonte-italica\">Professor Permanente do PPGECM<\/div><div class=\"wpipessoa-lattes\"><a href=\"http:\/\/lattes.cnpq.br\/3704006449718179\" target=\"_blank\">Lattes<\/a><\/div><div class=\"wpipessoa-site\"><a href=\"https:\/\/institucional.ufpel.edu.br\/servidores\/id\/29444\" target=\"_blank\">Web<\/a><\/div><div class=\"wpipessoa-email\"><a href=\"alves.antoniomauricio@gmail.com\" target=\"_blank\">alves.antoniomauricio@gmail.com<\/a><\/div><\/div><\/li><li class=\"wpipessoa-post clearfix\"><div class=\"wpipessoa-thumb\"><a href=\"https:\/\/wp.ufpel.edu.br\/ppgecm\/pessoas\/denise-nascimento-silveira\/\"><img width=\"200\" height=\"200\" src=\"https:\/\/wp.ufpel.edu.br\/ppgecm\/files\/2022\/04\/Denise-Silveira-200x200.jpg\" class=\"attachment-thumbnail size-thumbnail wp-post-image\" alt=\"\" \/><\/a><\/div><div class=\"wpipessoa-info\"><div class=\"wpipessoa-nome wpipessoa-fonte-grande\"><a href=\"https:\/\/wp.ufpel.edu.br\/ppgecm\/pessoas\/denise-nascimento-silveira\/\">Denise Nascimento Silveira<\/a><\/div><div class=\"wpipessoa-funcao wpipessoa-fonte-italica\">Professora Permanente - Coordenadora Adjunta do PPGECM<\/div><div class=\"wpipessoa-lattes\"><a href=\"http:\/\/lattes.cnpq.br\/4866864802999230\" target=\"_blank\">Lattes<\/a><\/div><div class=\"wpipessoa-site\"><a href=\"https:\/\/institucional.ufpel.edu.br\/servidores\/id\/22818\" target=\"_blank\">Web<\/a><\/div><div class=\"wpipessoa-email\"><a href=\"silveiradenise13@gmail.com\" target=\"_blank\">silveiradenise13@gmail.com<\/a><\/div><\/div><\/li><li class=\"wpipessoa-post clearfix\"><div class=\"wpipessoa-thumb\"><a href=\"https:\/\/wp.ufpel.edu.br\/ppgecm\/pessoas\/lui-nornberg\/\"><img width=\"200\" height=\"200\" src=\"https:\/\/wp.ufpel.edu.br\/ppgecm\/files\/2022\/04\/Lui-200x200.jpg\" class=\"attachment-thumbnail size-thumbnail wp-post-image\" alt=\"\" \/><\/a><\/div><div class=\"wpipessoa-info\"><div class=\"wpipessoa-nome wpipessoa-fonte-grande\"><a href=\"https:\/\/wp.ufpel.edu.br\/ppgecm\/pessoas\/lui-nornberg\/\">Lui N\u00f6rnberg<\/a><\/div><div class=\"wpipessoa-funcao wpipessoa-fonte-italica\">Professor Permanente do PPGECM<\/div><div class=\"wpipessoa-lattes\"><a href=\"http:\/\/lattes.cnpq.br\/3056019144137008\" target=\"_blank\">Lattes<\/a><\/div><div class=\"wpipessoa-site\"><a href=\"https:\/\/institucional.ufpel.edu.br\/servidores\/id\/165904\" target=\"_blank\">Web<\/a><\/div><div class=\"wpipessoa-email\"><a href=\"luinornberg@gmail.com\" target=\"_blank\">luinornberg@gmail.com<\/a><\/div><\/div><\/li><li class=\"wpipessoa-post clearfix\"><div class=\"wpipessoa-thumb\"><a href=\"https:\/\/wp.ufpel.edu.br\/ppgecm\/pessoas\/mauricio-aires-vieira\/\"><img width=\"200\" height=\"200\" src=\"https:\/\/wp.ufpel.edu.br\/ppgecm\/files\/2025\/02\/Mauricio-Aires-200x200.png\" class=\"attachment-thumbnail size-thumbnail wp-post-image\" alt=\"\" srcset=\"https:\/\/wp.ufpel.edu.br\/ppgecm\/files\/2025\/02\/Mauricio-Aires-200x200.png 200w, https:\/\/wp.ufpel.edu.br\/ppgecm\/files\/2025\/02\/Mauricio-Aires.png 360w\" sizes=\"(max-width: 200px) 100vw, 200px\" \/><\/a><\/div><div class=\"wpipessoa-info\"><div class=\"wpipessoa-nome wpipessoa-fonte-grande\"><a href=\"https:\/\/wp.ufpel.edu.br\/ppgecm\/pessoas\/mauricio-aires-vieira\/\">Mauricio Aires Vieira &#8211; UNIPAMPA<\/a><\/div><div class=\"wpipessoa-funcao wpipessoa-fonte-italica\">Professor Permanente do PPGECM<\/div><div class=\"wpipessoa-lattes\"><a href=\"http:\/\/lattes.cnpq.br\/2009052579244052\" target=\"_blank\">Lattes<\/a><\/div><div class=\"wpipessoa-email\"><a href=\"mauriciovieira@unipampa. edu.br\" target=\"_blank\">mauriciovieira@unipampa. edu.br<\/a><\/div><\/div><\/li><li class=\"wpipessoa-post clearfix\"><div class=\"wpipessoa-thumb\"><a href=\"https:\/\/wp.ufpel.edu.br\/ppgecm\/pessoas\/robledo-lima-gil\/\"><img width=\"200\" height=\"200\" src=\"https:\/\/wp.ufpel.edu.br\/ppgecm\/files\/2022\/10\/Robledo-Gil-200x200.jpg\" class=\"attachment-thumbnail size-thumbnail wp-post-image\" alt=\"\" srcset=\"https:\/\/wp.ufpel.edu.br\/ppgecm\/files\/2022\/10\/Robledo-Gil-200x200.jpg 200w, https:\/\/wp.ufpel.edu.br\/ppgecm\/files\/2022\/10\/Robledo-Gil-400x400.jpg 400w, https:\/\/wp.ufpel.edu.br\/ppgecm\/files\/2022\/10\/Robledo-Gil-768x766.jpg 768w, https:\/\/wp.ufpel.edu.br\/ppgecm\/files\/2022\/10\/Robledo-Gil.jpg 960w\" sizes=\"(max-width: 200px) 100vw, 200px\" \/><\/a><\/div><div class=\"wpipessoa-info\"><div class=\"wpipessoa-nome wpipessoa-fonte-grande\"><a href=\"https:\/\/wp.ufpel.edu.br\/ppgecm\/pessoas\/robledo-lima-gil\/\">Robledo Lima Gil<\/a><\/div><div class=\"wpipessoa-funcao wpipessoa-fonte-italica\">Professor Permanente - Coordenador do PPGECM<\/div><div class=\"wpipessoa-lattes\"><a href=\"http:\/\/lattes.cnpq.br\/3025226898731035\" target=\"_blank\">Lattes<\/a><\/div><div class=\"wpipessoa-site\"><a href=\"https:\/\/institucional.ufpel.edu.br\/servidores\/id\/34448\" target=\"_blank\">Web<\/a><\/div><div class=\"wpipessoa-email\"><a href=\"robledogil@gmail.com\" target=\"_blank\">robledogil@gmail.com<\/a><\/div><\/div><\/li><\/ul>\n<p>&nbsp;<\/p>\n<p><strong>LINHA 2. ESTRAT\u00c9GIAS PEDAG\u00d3GICAS E ACESSIBILIDADE NO ENSINO DE CI\u00caNCIAS E MATEM\u00c1TICA<\/strong><\/p>\n<p style=\"text-align: justify;\">Discute e prop\u00f5e pesquisas, pol\u00edticas e pr\u00e1ticas em ensino de Ci\u00eancias e de Matem\u00e1tica focadas nos processos de ensino e de aprendizagem, na educa\u00e7\u00e3o inclusiva, na produ\u00e7\u00e3o de materiais did\u00e1ticos em diferentes contextos educacionais e de recursos acess\u00edveis na perspectiva do desenho universal.<\/p>\n<p>Corpo Docente:<\/p>\n<ul class=\"wpipessoa-lista\"><li class=\"wpipessoa-post clearfix\"><div class=\"wpipessoa-thumb\"><a href=\"https:\/\/wp.ufpel.edu.br\/ppgecm\/pessoas\/bruno-santos-pastoriza\/\"><img width=\"200\" height=\"200\" src=\"https:\/\/wp.ufpel.edu.br\/ppgecm\/files\/2022\/04\/Bruno-Pastoriza-200x200.jpg\" class=\"attachment-thumbnail size-thumbnail wp-post-image\" alt=\"\" \/><\/a><\/div><div class=\"wpipessoa-info\"><div class=\"wpipessoa-nome wpipessoa-fonte-grande\"><a href=\"https:\/\/wp.ufpel.edu.br\/ppgecm\/pessoas\/bruno-santos-pastoriza\/\">Bruno Santos Pastoriza<\/a><\/div><div class=\"wpipessoa-funcao wpipessoa-fonte-italica\">Professor Permanente do PPGECM<\/div><div class=\"wpipessoa-lattes\"><a href=\"http:\/\/lattes.cnpq.br\/8526270736001728\" target=\"_blank\">Lattes<\/a><\/div><div class=\"wpipessoa-site\"><a href=\"https:\/\/institucional.ufpel.edu.br\/servidores\/id\/152315\" target=\"_blank\">Web<\/a><\/div><div class=\"wpipessoa-email\"><a href=\"bspastoriza@ufpel.edu.br\" target=\"_blank\">bspastoriza@ufpel.edu.br<\/a><\/div><\/div><\/li><li class=\"wpipessoa-post clearfix\"><div class=\"wpipessoa-thumb\"><a href=\"https:\/\/wp.ufpel.edu.br\/ppgecm\/pessoas\/fabio-andre-sangiogo\/\"><img width=\"200\" height=\"200\" src=\"https:\/\/wp.ufpel.edu.br\/ppgecm\/files\/2022\/04\/Fabio-Sangiogo-200x200.jpg\" class=\"attachment-thumbnail size-thumbnail wp-post-image\" alt=\"\" \/><\/a><\/div><div class=\"wpipessoa-info\"><div class=\"wpipessoa-nome wpipessoa-fonte-grande\"><a href=\"https:\/\/wp.ufpel.edu.br\/ppgecm\/pessoas\/fabio-andre-sangiogo\/\">F\u00e1bio Andr\u00e9 Sangiogo<\/a><\/div><div class=\"wpipessoa-funcao wpipessoa-fonte-italica\">Professor Permanente do PPGECM<\/div><div class=\"wpipessoa-lattes\"><a href=\"http:\/\/lattes.cnpq.br\/3646621320378234\" target=\"_blank\">Lattes<\/a><\/div><div class=\"wpipessoa-site\"><a href=\"https:\/\/institucional.ufpel.edu.br\/servidores\/id\/138824\" target=\"_blank\">Web<\/a><\/div><div class=\"wpipessoa-email\"><a href=\"fabiosangiogo@gmail.com\" target=\"_blank\">fabiosangiogo@gmail.com<\/a><\/div><\/div><\/li><li class=\"wpipessoa-post clearfix\"><div class=\"wpipessoa-thumb\"><a href=\"https:\/\/wp.ufpel.edu.br\/ppgecm\/pessoas\/francele-de-abreu-carlan\/\"><img width=\"200\" height=\"200\" src=\"https:\/\/wp.ufpel.edu.br\/ppgecm\/files\/2022\/04\/Francele-Carlan-e1649175916872-200x200.gif\" class=\"attachment-thumbnail size-thumbnail wp-post-image\" alt=\"\" \/><\/a><\/div><div class=\"wpipessoa-info\"><div class=\"wpipessoa-nome wpipessoa-fonte-grande\"><a href=\"https:\/\/wp.ufpel.edu.br\/ppgecm\/pessoas\/francele-de-abreu-carlan\/\">Francele de Abreu Carlan<\/a><\/div><div class=\"wpipessoa-funcao wpipessoa-fonte-italica\">Professora Permanente do PPGECM<\/div><div class=\"wpipessoa-lattes\"><a href=\"http:\/\/lattes.cnpq.br\/9327222157358583\" target=\"_blank\">Lattes<\/a><\/div><div class=\"wpipessoa-site\"><a href=\"https:\/\/institucional.ufpel.edu.br\/servidores\/id\/143430\" target=\"_blank\">Web<\/a><\/div><div class=\"wpipessoa-email\"><a href=\"francelecarlan@gmail.com\" target=\"_blank\">francelecarlan@gmail.com<\/a><\/div><\/div><\/li><li class=\"wpipessoa-post clearfix\"><div class=\"wpipessoa-thumb\"><a href=\"https:\/\/wp.ufpel.edu.br\/ppgecm\/pessoas\/3373\/\"><img width=\"200\" height=\"200\" src=\"https:\/\/wp.ufpel.edu.br\/ppgecm\/files\/2026\/09\/Hardalla-200x200.jpeg\" class=\"attachment-thumbnail size-thumbnail wp-post-image\" alt=\"\" srcset=\"https:\/\/wp.ufpel.edu.br\/ppgecm\/files\/2026\/09\/Hardalla-200x200.jpeg 200w, https:\/\/wp.ufpel.edu.br\/ppgecm\/files\/2026\/09\/Hardalla-400x400.jpeg 400w, https:\/\/wp.ufpel.edu.br\/ppgecm\/files\/2026\/09\/Hardalla.jpeg 640w\" sizes=\"(max-width: 200px) 100vw, 200px\" \/><\/a><\/div><div class=\"wpipessoa-info\"><div class=\"wpipessoa-nome wpipessoa-fonte-grande\"><a href=\"https:\/\/wp.ufpel.edu.br\/ppgecm\/pessoas\/3373\/\">Hardalla Santos do Valle<\/a><\/div><div class=\"wpipessoa-funcao wpipessoa-fonte-italica\">Professora Colaboradora do PPGECM<\/div><div class=\"wpipessoa-lattes\"><a href=\"http:\/\/lattes.cnpq.br\/0494683367350565\" target=\"_blank\">Lattes<\/a><\/div><div class=\"wpipessoa-email\"><a href=\"hardalla.valle@ufpel.edu.br\" target=\"_blank\">hardalla.valle@ufpel.edu.br<\/a><\/div><\/div><\/li><li class=\"wpipessoa-post clearfix\"><div class=\"wpipessoa-thumb\"><a href=\"https:\/\/wp.ufpel.edu.br\/ppgecm\/pessoas\/rita-de-cassia-de-souza-soares-ramos\/\"><img width=\"200\" height=\"200\" src=\"https:\/\/wp.ufpel.edu.br\/ppgecm\/files\/2026\/06\/Rita-ramos-200x200.jpg\" class=\"attachment-thumbnail size-thumbnail wp-post-image\" alt=\"\" \/><\/a><\/div><div class=\"wpipessoa-info\"><div class=\"wpipessoa-nome wpipessoa-fonte-grande\"><a href=\"https:\/\/wp.ufpel.edu.br\/ppgecm\/pessoas\/rita-de-cassia-de-souza-soares-ramos\/\">Rita de C\u00e1ssia de Souza Soares Ramos<\/a><\/div><div class=\"wpipessoa-funcao wpipessoa-fonte-italica\">Professora Permanente do PPGECM<\/div><div class=\"wpipessoa-lattes\"><a href=\"http:\/\/lattes.cnpq.br\/4861626888804809\" target=\"_blank\">Lattes<\/a><\/div><div class=\"wpipessoa-email\"><a href=\"ritamatematica@gmail.com\" target=\"_blank\">ritamatematica@gmail.com<\/a><\/div><\/div><\/li><li class=\"wpipessoa-post clearfix\"><div class=\"wpipessoa-thumb\"><a href=\"https:\/\/wp.ufpel.edu.br\/ppgecm\/pessoas\/rita-de-cassia-morem-cossio-rodriguez\/\"><img width=\"200\" height=\"200\" src=\"https:\/\/wp.ufpel.edu.br\/ppgecm\/files\/2022\/10\/Rita-Cossio-e1665750174661-200x200.gif\" class=\"attachment-thumbnail size-thumbnail wp-post-image\" alt=\"\" \/><\/a><\/div><div class=\"wpipessoa-info\"><div class=\"wpipessoa-nome wpipessoa-fonte-grande\"><a href=\"https:\/\/wp.ufpel.edu.br\/ppgecm\/pessoas\/rita-de-cassia-morem-cossio-rodriguez\/\">Rita de C\u00e1ssia Morem C\u00f3ssio Rodriguez<\/a><\/div><div class=\"wpipessoa-funcao wpipessoa-fonte-italica\">Professora Permanente do PPGECM<\/div><div class=\"wpipessoa-lattes\"><a href=\"http:\/\/lattes.cnpq.br\/9199716328773316\" target=\"_blank\">Lattes<\/a><\/div><div class=\"wpipessoa-site\"><a href=\"https:\/\/institucional.ufpel.edu.br\/servidores\/id\/23955\" target=\"_blank\">Web<\/a><\/div><div class=\"wpipessoa-email\"><a href=\"rita.cossio@gmail.com\" target=\"_blank\">rita.cossio@gmail.com<\/a><\/div><\/div><\/li><li class=\"wpipessoa-post clearfix\"><div class=\"wpipessoa-thumb\"><a href=\"https:\/\/wp.ufpel.edu.br\/ppgecm\/pessoas\/rodrigo-da-silva-vital\/\"><img width=\"200\" height=\"200\" src=\"https:\/\/wp.ufpel.edu.br\/ppgecm\/files\/2025\/02\/Rodrigo-Vital-200x200.png\" class=\"attachment-thumbnail size-thumbnail wp-post-image\" alt=\"\" srcset=\"https:\/\/wp.ufpel.edu.br\/ppgecm\/files\/2025\/02\/Rodrigo-Vital-200x200.png 200w, https:\/\/wp.ufpel.edu.br\/ppgecm\/files\/2025\/02\/Rodrigo-Vital-400x400.png 400w, https:\/\/wp.ufpel.edu.br\/ppgecm\/files\/2025\/02\/Rodrigo-Vital.png 640w\" sizes=\"(max-width: 200px) 100vw, 200px\" \/><\/a><\/div><div class=\"wpipessoa-info\"><div class=\"wpipessoa-nome wpipessoa-fonte-grande\"><a href=\"https:\/\/wp.ufpel.edu.br\/ppgecm\/pessoas\/rodrigo-da-silva-vital\/\">Rodrigo da Silva Vital<\/a><\/div><div class=\"wpipessoa-funcao wpipessoa-fonte-italica\">Professor Colaborador do PPGECM<\/div><div class=\"wpipessoa-lattes\"><a href=\"http:\/\/lattes.cnpq.br\/6299048479090041\" target=\"_blank\">Lattes<\/a><\/div><div class=\"wpipessoa-site\"><a href=\"https:\/\/institucional.ufpel.edu.br\/servidores\/id\/140047\" target=\"_blank\">Web<\/a><\/div><div class=\"wpipessoa-email\"><a href=\"rodrigo.vital@ufpel.edu.br\" target=\"_blank\">rodrigo.vital@ufpel.edu.br<\/a><\/div><\/div><\/li><\/ul>\n<p>&nbsp;<\/p>\n<p><strong>LINHA 3. TECNOLOGIAS DIGITAIS PARA O ENSINO DE CI\u00caNCIAS E MATEM\u00c1TICA<\/strong><\/p>\n<p style=\"text-align: justify;\">Discute e prop\u00f5e estudos sobre o impacto das tecnologias digitais e redes de comunica\u00e7\u00e3o no ensino de Ci\u00eancias e de Matem\u00e1tica, para al\u00e9m da perspectiva de ferramentas e\/ou de instrumentos que inovam a forma como socializamos, ensinamos e aprendemos.<\/p>\n<p>Corpo Docente:<\/p>\n<ul class=\"wpipessoa-lista\"><li class=\"wpipessoa-post clearfix\"><div class=\"wpipessoa-thumb\"><a href=\"https:\/\/wp.ufpel.edu.br\/ppgecm\/pessoas\/andre-luis-andrejew-ferreira\/\"><img width=\"200\" height=\"200\" src=\"https:\/\/wp.ufpel.edu.br\/ppgecm\/files\/2022\/04\/Andre-Ferreira-e1649165588468-200x200.gif\" class=\"attachment-thumbnail size-thumbnail wp-post-image\" alt=\"\" \/><\/a><\/div><div class=\"wpipessoa-info\"><div class=\"wpipessoa-nome wpipessoa-fonte-grande\"><a href=\"https:\/\/wp.ufpel.edu.br\/ppgecm\/pessoas\/andre-luis-andrejew-ferreira\/\">Andr\u00e9 Luis Andrejew Ferreira<\/a><\/div><div class=\"wpipessoa-funcao wpipessoa-fonte-italica\">Professor Permanente do PPGECM<\/div><div class=\"wpipessoa-lattes\"><a href=\"http:\/\/lattes.cnpq.br\/0257799779736390\" target=\"_blank\">Lattes<\/a><\/div><div class=\"wpipessoa-site\"><a href=\"https:\/\/institucional.ufpel.edu.br\/servidores\/id\/27381\" target=\"_blank\">Web<\/a><\/div><div class=\"wpipessoa-email\"><a href=\"andrejew.ferreira@gmail.com\" target=\"_blank\">andrejew.ferreira@gmail.com<\/a><\/div><\/div><\/li><li class=\"wpipessoa-post clearfix\"><div class=\"wpipessoa-thumb\"><a href=\"https:\/\/wp.ufpel.edu.br\/ppgecm\/pessoas\/christiano-martino-otero-avila\/\"><img width=\"200\" height=\"200\" src=\"https:\/\/wp.ufpel.edu.br\/ppgecm\/files\/2025\/02\/Christiano-200x200.png\" class=\"attachment-thumbnail size-thumbnail wp-post-image\" alt=\"\" \/><\/a><\/div><div class=\"wpipessoa-info\"><div class=\"wpipessoa-nome wpipessoa-fonte-grande\"><a href=\"https:\/\/wp.ufpel.edu.br\/ppgecm\/pessoas\/christiano-martino-otero-avila\/\">Christiano Martino Otero Avila<\/a><\/div><div class=\"wpipessoa-funcao wpipessoa-fonte-italica\">Professor Permanente do PPGECM<\/div><div class=\"wpipessoa-lattes\"><a href=\"http:\/\/lattes.cnpq.br\/7651451630867803\" target=\"_blank\">Lattes<\/a><\/div><div class=\"wpipessoa-site\"><a href=\"https:\/\/institucional.ufpel.edu.br\/servidores\/id\/29773\" target=\"_blank\">Web<\/a><\/div><div class=\"wpipessoa-email\"><a href=\"christiano.avila@ufoepel.edu.br\" target=\"_blank\">christiano.avila@ufoepel.edu.br<\/a><\/div><\/div><\/li><li class=\"wpipessoa-post clearfix\"><div class=\"wpipessoa-thumb\"><a href=\"https:\/\/wp.ufpel.edu.br\/ppgecm\/pessoas\/maria-simone-debacco\/\"><img width=\"200\" height=\"200\" src=\"https:\/\/wp.ufpel.edu.br\/ppgecm\/files\/2022\/10\/Simone-Debacco-200x200.jpg\" class=\"attachment-thumbnail size-thumbnail wp-post-image\" alt=\"\" \/><\/a><\/div><div class=\"wpipessoa-info\"><div class=\"wpipessoa-nome wpipessoa-fonte-grande\"><a href=\"https:\/\/wp.ufpel.edu.br\/ppgecm\/pessoas\/maria-simone-debacco\/\">Maria Simone Debacco<\/a><\/div><div class=\"wpipessoa-funcao wpipessoa-fonte-italica\">Professora Permanente do PPGECM<\/div><div class=\"wpipessoa-lattes\"><a href=\"http:\/\/lattes.cnpq.br\/1706406950183024\" target=\"_blank\">Lattes<\/a><\/div><div class=\"wpipessoa-site\"><a href=\"https:\/\/institucional.ufpel.edu.br\/servidores\/id\/24732\" target=\"_blank\">Web<\/a><\/div><div class=\"wpipessoa-email\"><a href=\"msdebacco@gmail.com\" target=\"_blank\">msdebacco@gmail.com<\/a><\/div><\/div><\/li><li class=\"wpipessoa-post clearfix\"><div class=\"wpipessoa-thumb\"><a href=\"https:\/\/wp.ufpel.edu.br\/ppgecm\/pessoas\/sabrina-bobsin-salazar\/\"><img width=\"200\" height=\"200\" src=\"https:\/\/wp.ufpel.edu.br\/ppgecm\/files\/2026\/09\/Sabrina-Salazar-200x200.jpg\" class=\"attachment-thumbnail size-thumbnail wp-post-image\" alt=\"\" srcset=\"https:\/\/wp.ufpel.edu.br\/ppgecm\/files\/2026\/09\/Sabrina-Salazar-200x200.jpg 200w, https:\/\/wp.ufpel.edu.br\/ppgecm\/files\/2026\/09\/Sabrina-Salazar-400x400.jpg 400w, https:\/\/wp.ufpel.edu.br\/ppgecm\/files\/2026\/09\/Sabrina-Salazar.jpg 640w\" sizes=\"(max-width: 200px) 100vw, 200px\" \/><\/a><\/div><div class=\"wpipessoa-info\"><div class=\"wpipessoa-nome wpipessoa-fonte-grande\"><a href=\"https:\/\/wp.ufpel.edu.br\/ppgecm\/pessoas\/sabrina-bobsin-salazar\/\">Sabrina Bobsin Salazar<\/a><\/div><div class=\"wpipessoa-funcao wpipessoa-fonte-italica\">Professora Colaboradora do PPGECM<\/div><div class=\"wpipessoa-lattes\"><a href=\"http:\/\/lattes.cnpq.br\/9905161053333022\" target=\"_blank\">Lattes<\/a><\/div><div class=\"wpipessoa-email\"><a href=\"sabrina.salazar@ufpel.edu.br\" target=\"_blank\">sabrina.salazar@ufpel.edu.br<\/a><\/div><\/div><\/li><\/ul>\n","protected":false},"excerpt":{"rendered":"<div class=\"wpipessoa-lista wpipessoa-info\">\n<div class=\"wpipessoa-funcao wpipessoa-fonte-italica\">Professora Colaboradora do PPGECM<\/div>\n<\/div>\n","protected":false},"author":112,"featured_media":0,"parent":0,"menu_order":0,"comment_status":"closed","ping_status":"closed","template":"","meta":{"footnotes":""},"class_list":["post-2572","page","type-page","status-publish","hentry"],"yoast_head":"<!-- This site is optimized with the Yoast SEO plugin v28.1 - https:\/\/yoast.com\/product\/yoast-seo-wordpress\/ -->\n<title>Corpo Docente - Programa de P\u00f3s Gradua\u00e7\u00e3o em Ensino de Ci\u00eancias e Matem\u00e1tica - Mestrado Profissional<\/title>\n<meta name=\"robots\" content=\"index, follow, max-snippet:-1, max-image-preview:large, max-video-preview:-1\" \/>\n<link rel=\"canonical\" href=\"https:\/\/wp.ufpel.edu.br\/ppgecm\/corpo-docente\/\" \/>\n<meta property=\"og:locale\" content=\"pt_BR\" \/>\n<meta property=\"og:type\" content=\"article\" \/>\n<meta property=\"og:title\" content=\"Corpo Docente - Programa de P\u00f3s Gradua\u00e7\u00e3o em Ensino de Ci\u00eancias e Matem\u00e1tica - Mestrado Profissional\" \/>\n<meta property=\"og:description\" content=\"Professora Colaboradora do PPGECM\" \/>\n<meta property=\"og:url\" content=\"https:\/\/wp.ufpel.edu.br\/ppgecm\/corpo-docente\/\" \/>\n<meta property=\"og:site_name\" content=\"Programa de P\u00f3s Gradua\u00e7\u00e3o em Ensino de Ci\u00eancias e Matem\u00e1tica - Mestrado Profissional\" \/>\n<meta property=\"article:modified_time\" content=\"2026-09-04T12:36:19+00:00\" \/>\n<meta name=\"twitter:card\" content=\"summary_large_image\" \/>\n<meta name=\"twitter:label1\" content=\"Est. tempo de leitura\" \/>\n\t<meta name=\"twitter:data1\" content=\"1 minuto\" \/>\n<script type=\"application\/ld+json\" class=\"yoast-schema-graph\">{\"@context\":\"https:\\\/\\\/schema.org\",\"@graph\":[{\"@type\":\"WebPage\",\"@id\":\"https:\\\/\\\/wp.ufpel.edu.br\\\/ppgecm\\\/corpo-docente\\\/\",\"url\":\"https:\\\/\\\/wp.ufpel.edu.br\\\/ppgecm\\\/corpo-docente\\\/\",\"name\":\"Corpo Docente - Programa de P\u00f3s Gradua\u00e7\u00e3o em Ensino de Ci\u00eancias e Matem\u00e1tica - Mestrado Profissional\",\"isPartOf\":{\"@id\":\"https:\\\/\\\/wp.ufpel.edu.br\\\/ppgecm\\\/#website\"},\"datePublished\":\"2022-10-14T13:10:33+00:00\",\"dateModified\":\"2026-09-04T12:36:19+00:00\",\"breadcrumb\":{\"@id\":\"https:\\\/\\\/wp.ufpel.edu.br\\\/ppgecm\\\/corpo-docente\\\/#breadcrumb\"},\"inLanguage\":\"pt-BR\",\"potentialAction\":[{\"@type\":\"ReadAction\",\"target\":[\"https:\\\/\\\/wp.ufpel.edu.br\\\/ppgecm\\\/corpo-docente\\\/\"]}]},{\"@type\":\"BreadcrumbList\",\"@id\":\"https:\\\/\\\/wp.ufpel.edu.br\\\/ppgecm\\\/corpo-docente\\\/#breadcrumb\",\"itemListElement\":[{\"@type\":\"ListItem\",\"position\":1,\"name\":\"In\u00edcio\",\"item\":\"https:\\\/\\\/wp.ufpel.edu.br\\\/ppgecm\\\/\"},{\"@type\":\"ListItem\",\"position\":2,\"name\":\"Corpo Docente\"}]},{\"@type\":\"WebSite\",\"@id\":\"https:\\\/\\\/wp.ufpel.edu.br\\\/ppgecm\\\/#website\",\"url\":\"https:\\\/\\\/wp.ufpel.edu.br\\\/ppgecm\\\/\",\"name\":\"Programa de P\u00f3s Gradua\u00e7\u00e3o em Ensino de Ci\u00eancias e Matem\u00e1tica - Mestrado Profissional\",\"description\":\"Universidade Federal de Pelotas\",\"potentialAction\":[{\"@type\":\"SearchAction\",\"target\":{\"@type\":\"EntryPoint\",\"urlTemplate\":\"https:\\\/\\\/wp.ufpel.edu.br\\\/ppgecm\\\/?s={search_term_string}\"},\"query-input\":{\"@type\":\"PropertyValueSpecification\",\"valueRequired\":true,\"valueName\":\"search_term_string\"}}],\"inLanguage\":\"pt-BR\"}]}<\/script>\n<!-- \/ Yoast SEO plugin. -->","yoast_head_json":{"title":"Corpo Docente - Programa de P\u00f3s Gradua\u00e7\u00e3o em Ensino de Ci\u00eancias e Matem\u00e1tica - Mestrado Profissional","robots":{"index":"index","follow":"follow","max-snippet":"max-snippet:-1","max-image-preview":"max-image-preview:large","max-video-preview":"max-video-preview:-1"},"canonical":"https:\/\/wp.ufpel.edu.br\/ppgecm\/corpo-docente\/","og_locale":"pt_BR","og_type":"article","og_title":"Corpo Docente - Programa de P\u00f3s Gradua\u00e7\u00e3o em Ensino de Ci\u00eancias e Matem\u00e1tica - Mestrado Profissional","og_description":"Professora Colaboradora do PPGECM","og_url":"https:\/\/wp.ufpel.edu.br\/ppgecm\/corpo-docente\/","og_site_name":"Programa de P\u00f3s Gradua\u00e7\u00e3o em Ensino de Ci\u00eancias e Matem\u00e1tica - Mestrado Profissional","article_modified_time":"2026-09-04T12:36:19+00:00","twitter_card":"summary_large_image","twitter_misc":{"Est. tempo de leitura":"1 minuto"},"schema":{"@context":"https:\/\/schema.org","@graph":[{"@type":"WebPage","@id":"https:\/\/wp.ufpel.edu.br\/ppgecm\/corpo-docente\/","url":"https:\/\/wp.ufpel.edu.br\/ppgecm\/corpo-docente\/","name":"Corpo Docente - Programa de P\u00f3s Gradua\u00e7\u00e3o em Ensino de Ci\u00eancias e Matem\u00e1tica - Mestrado Profissional","isPartOf":{"@id":"https:\/\/wp.ufpel.edu.br\/ppgecm\/#website"},"datePublished":"2022-10-14T13:10:33+00:00","dateModified":"2026-09-04T12:36:19+00:00","breadcrumb":{"@id":"https:\/\/wp.ufpel.edu.br\/ppgecm\/corpo-docente\/#breadcrumb"},"inLanguage":"pt-BR","potentialAction":[{"@type":"ReadAction","target":["https:\/\/wp.ufpel.edu.br\/ppgecm\/corpo-docente\/"]}]},{"@type":"BreadcrumbList","@id":"https:\/\/wp.ufpel.edu.br\/ppgecm\/corpo-docente\/#breadcrumb","itemListElement":[{"@type":"ListItem","position":1,"name":"In\u00edcio","item":"https:\/\/wp.ufpel.edu.br\/ppgecm\/"},{"@type":"ListItem","position":2,"name":"Corpo Docente"}]},{"@type":"WebSite","@id":"https:\/\/wp.ufpel.edu.br\/ppgecm\/#website","url":"https:\/\/wp.ufpel.edu.br\/ppgecm\/","name":"Programa de P\u00f3s Gradua\u00e7\u00e3o em Ensino de Ci\u00eancias e Matem\u00e1tica - Mestrado Profissional","description":"Universidade Federal de Pelotas","potentialAction":[{"@type":"SearchAction","target":{"@type":"EntryPoint","urlTemplate":"https:\/\/wp.ufpel.edu.br\/ppgecm\/?s={search_term_string}"},"query-input":{"@type":"PropertyValueSpecification","valueRequired":true,"valueName":"search_term_string"}}],"inLanguage":"pt-BR"}]}},"_links":{"self":[{"href":"https:\/\/wp.ufpel.edu.br\/ppgecm\/wp-json\/wp\/v2\/pages\/2572","targetHints":{"allow":["GET"]}}],"collection":[{"href":"https:\/\/wp.ufpel.edu.br\/ppgecm\/wp-json\/wp\/v2\/pages"}],"about":[{"href":"https:\/\/wp.ufpel.edu.br\/ppgecm\/wp-json\/wp\/v2\/types\/page"}],"author":[{"embeddable":true,"href":"https:\/\/wp.ufpel.edu.br\/ppgecm\/wp-json\/wp\/v2\/users\/112"}],"replies":[{"embeddable":true,"href":"https:\/\/wp.ufpel.edu.br\/ppgecm\/wp-json\/wp\/v2\/comments?post=2572"}],"version-history":[{"count":3,"href":"https:\/\/wp.ufpel.edu.br\/ppgecm\/wp-json\/wp\/v2\/pages\/2572\/revisions"}],"predecessor-version":[{"id":3383,"href":"https:\/\/wp.ufpel.edu.br\/ppgecm\/wp-json\/wp\/v2\/pages\/2572\/revisions\/3383"}],"wp:attachment":[{"href":"https:\/\/wp.ufpel.edu.br\/ppgecm\/wp-json\/wp\/v2\/media?parent=2572"}],"curies":[{"name":"wp","href":"https:\/\/api.w.org\/{rel}","templated":true}]}}