{"id":2213,"date":"2022-03-08T09:32:17","date_gmt":"2022-03-08T12:32:17","guid":{"rendered":"https:\/\/wp.ufpel.edu.br\/ppgecm\/?page_id=2213"},"modified":"2025-09-26T16:43:14","modified_gmt":"2025-09-26T19:43:14","slug":"defesas-2021","status":"publish","type":"page","link":"https:\/\/wp.ufpel.edu.br\/ppgecm\/dissertacoes-e-produtos\/defesas-2021\/","title":{"rendered":"Defesas 2021"},"content":{"rendered":"<table style=\"height: 299px; background-color: #ffffff;\" border=\"0\" cellspacing=\"8\" cellpadding=\"0\">\n<tbody>\n<tr>\n<td style=\"background-color: #c4bdc9; text-align: justify; width: 721px;\"><span class=\"text12\"><strong>111. Priscila Kr\u00fcger Voigt<\/strong> &#8211; Defendeu em 20\/12\/2021<strong><br \/>\n<strong style=\"font-family: inherit; font-size: inherit;\"><em>Base Nacional Comum Curricular: os impactos e reflexos para o Ensino de Ci\u00eancias. <\/em><\/strong><\/strong><span style=\"font-family: inherit; font-size: inherit;\">Palavras-chave: BNCC; Ci\u00eancias da natureza; Forma\u00e7\u00e3o de professores; Sequ\u00eancia de Ensino Investigativo.<\/span><br \/>\nOrienta\u00e7\u00e3o: Prof\u00aa. Dr\u00aa. Francele de Abreu Carlan<br \/>\n<a href=\"http:\/\/guaiaca.ufpel.edu.br\/handle\/prefix\/8180\" target=\"_blank\" rel=\"noopener\">Reposit\u00f3rio Institucional da UFPel (Disserta\u00e7\u00e3o e Produto)<\/a><\/span><\/td>\n<\/tr>\n<tr>\n<td style=\"background-color: #ffffff; text-align: justify; width: 721px;\"><span class=\"text12\"><strong>110. Gillan Garcia Oliveira &#8211; Defendeu em 20\/12\/2021<br \/>\n<strong style=\"font-family: inherit; font-size: inherit;\"><em>A Forma\u00e7\u00e3o do Professor de Matem\u00e1tica na UFPel: registros sobre andan\u00e7as de um aluno\/professor entre saberes e pr\u00e1ticas. <\/em><\/strong><\/strong><span style=\"font-family: inherit; font-size: inherit;\">Palavras-chave: Forma\u00e7\u00e3o dos professores de matem\u00e1tica; Pr\u00e1ticas pedag\u00f3gicas; Ensino de matem\u00e1tica.<\/span><br \/>\nOrienta\u00e7\u00e3o: Prof. Dr. Lui N\u00f6rnberg<br \/>\n<a href=\"http:\/\/guaiaca.ufpel.edu.br\/handle\/prefix\/8337\" target=\"_blank\" rel=\"noopener\">Reposit\u00f3rio Institucional da UFPel (Disserta\u00e7\u00e3o e Produto)<\/a><\/span><\/td>\n<\/tr>\n<tr>\n<td style=\"background-color: #c4bdc9; text-align: justify; width: 721px;\"><span class=\"text12\"><strong>109. Sandriane Valad\u00e3o Duarte<\/strong> &#8211; Defendeu em 30\/11\/2021<strong><br \/>\n<strong style=\"font-family: inherit; font-size: inherit;\"><em>Inclus\u00e3o de estudantes Cegos e de Baixa Vis\u00e3o: discuss\u00f5es em espa\u00e7os de forma\u00e7\u00e3o de professores de Qu\u00edmica. <\/em><\/strong><\/strong><span style=\"font-family: inherit; font-size: inherit;\">Palavras-chave: Inclus\u00e3o; Ensino de Qu\u00edmica; Alunos cegos e de baixa vis\u00e3o; Forma\u00e7\u00e3o docente; Licenciatura em Qu\u00edmica.<\/span><br \/>\nOrienta\u00e7\u00e3o: Prof. Dr. F\u00e1bio Andr\u00e9 Sangiogo<br \/>\n<a href=\"http:\/\/guaiaca.ufpel.edu.br\/handle\/prefix\/8244\" target=\"_blank\" rel=\"noopener\">Reposit\u00f3rio Institucional da UFPel (Disserta\u00e7\u00e3o e Produto)<\/a><\/span><\/td>\n<\/tr>\n<tr>\n<td style=\"background-color: #ffffff; text-align: justify; width: 721px;\"><span class=\"text12\"><strong>108. Gessiele da Silva Corr\u00eaa <\/strong>&#8211; Defendeu em 16\/09\/2021<strong><br \/>\n<strong style=\"font-family: inherit; font-size: inherit;\"><em>Ensino de Qu\u00edmica para alunos surdos: planejamento de materiais did\u00e1ticos pautados na visualidade. <\/em><\/strong><\/strong><span style=\"font-family: inherit; font-size: inherit;\">Palavras-chave: Pedagogia visual; Estrat\u00e9gia did\u00e1tica; Surdos; Ensino de qu\u00edmica.<\/span><br \/>\nOrienta\u00e7\u00e3o: Prof\u00aa. Dr\u00aa. Rita de C\u00e1ssia Morem C\u00f3ssio Rodriguez<strong><br \/>\n<\/strong><a href=\"http:\/\/guaiaca.ufpel.edu.br\/handle\/prefix\/8181\" target=\"_blank\" rel=\"noopener\">Reposit\u00f3rio Institucional da UFPel(Disserta\u00e7\u00e3o e Produto)<\/a><\/span><\/td>\n<\/tr>\n<tr>\n<td style=\"background-color: #c4bdc9; text-align: justify; width: 721px;\"><span class=\"text12\"><strong>107. Elisiane Peixoto Cardona Biurrun <\/strong>&#8211; Defendeu em 09\/07\/2021<strong><br \/>\n<strong style=\"font-family: inherit; font-size: inherit;\"><em>Avalia\u00e7\u00f5es de larga escala: um di\u00e1logo com professoras de Matem\u00e1tica do 9\u00ba ano do ensino fundamental no munic\u00edpio de Bag\u00e9-RS. <\/em><\/strong><\/strong><span style=\"font-family: inherit; font-size: inherit;\">Palavras-chave: Avalia\u00e7\u00e3o externa; Saeb; Prova Brasil; Educa\u00e7\u00e3o b\u00e1sica.<\/span><br \/>\nOrienta\u00e7\u00e3o: Prof\u00aa. Dr\u00aa. Denise Nascimento Silveira<br \/>\n<a href=\"http:\/\/guaiaca.ufpel.edu.br\/handle\/prefix\/8056\" target=\"_blank\" rel=\"noopener\">Reposit\u00f3rio Institucional da UFPel (Disserta\u00e7\u00e3o e Produto)<\/a><\/span><\/td>\n<\/tr>\n<tr>\n<td style=\"background-color: #ffffff; text-align: justify; width: 721px;\"><span class=\"text12\"><strong>106. C\u00edntia G\u00f6cks<\/strong> &#8211; Defendeu em 17\/06\/2021<strong><br \/>\n<strong style=\"font-family: inherit; font-size: inherit;\"><em>Vicissitudes do brincar e do aprender em uma escola rural do 4\u00ba distrito de<br \/>\nPelotas\/RS \u2013 Brasil. <\/em><\/strong><\/strong><\/span><span style=\"font-family: inherit; font-size: inherit;\">Palavras-chave: Educa\u00e7\u00e3o Infantil; Brincadeiras; Zona Rural; Ensino Remoto; Pandemia Covid-19.<\/span><br \/>\n<span class=\"text12\">Orienta\u00e7\u00e3o: Prof\u00aa. Dr\u00aa. Ros\u00e1ria Ilgenfritz Sperotto<br \/>\n<a href=\"http:\/\/guaiaca.ufpel.edu.br\/handle\/prefix\/8800\" target=\"_blank\" rel=\"noopener\">Reposit\u00f3rio Institucional da UFPel (Disserta\u00e7\u00e3o e Produto)<\/a><\/span><\/td>\n<\/tr>\n<tr>\n<td style=\"background-color: #c4bdc9; text-align: justify; width: 721px;\"><span class=\"text12\"><strong>105. Isabela Schiavon Amaral<\/strong> &#8211; Defendeu em 14\/06\/2021<strong><br \/>\n<strong style=\"font-family: inherit; font-size: inherit;\"><em>Aplica\u00e7\u00e3o de uma Unidade Did\u00e1tica para o Ensino de Bot\u00e2nica. <\/em><\/strong><\/strong><span style=\"font-family: inherit; font-size: inherit;\">Palavras-chave: Ensino de Ci\u00eancias; Ensino e aprendizagem; Alfabetiza\u00e7\u00e3o cient\u00edfica; Bot\u00e2nica.<\/span><br \/>\nOrienta\u00e7\u00e3o: Prof\u00aa. Dr\u00aa. Rita de C\u00e1ssia Morem C\u00f3ssio Rodriguez<br \/>\n<a href=\"http:\/\/guaiaca.ufpel.edu.br\/handle\/prefix\/7983\" target=\"_blank\" rel=\"noopener\">Reposit\u00f3rio Institucional da UFPel (Disserta\u00e7\u00e3o e Produto)<\/a><\/span><\/td>\n<\/tr>\n<tr>\n<td style=\"background-color: #ffffff; text-align: justify; width: 721px;\"><span class=\"text12\"><strong>104. Jord\u00e2nia da Silva Del Sacramento <\/strong>&#8211; Defendeu em 10\/06\/2021<strong><br \/>\n<strong style=\"font-family: inherit; font-size: inherit;\"><em>Educa\u00e7\u00e3o em Ci\u00eancias e defici\u00eancia visual: estrat\u00e9gias de um ensino inclusivo para a supera\u00e7\u00e3o de barreiras em sala de aula. <\/em><\/strong><\/strong><span style=\"font-family: inherit; font-size: inherit;\">Palavras-chave: Educa\u00e7\u00e3o inclusiva; Ensino de ci\u00eancias; Barreiras pedag\u00f3gicas; Barreiras epistemol\u00f3gicas.<\/span><br \/>\nOrienta\u00e7\u00e3o: Prof. Dr. Robledo Lima Gil<br \/>\n<a href=\"http:\/\/guaiaca.ufpel.edu.br\/handle\/prefix\/7984\" target=\"_blank\" rel=\"noopener\">Reposit\u00f3rio Institucional da UFPel (Disserta\u00e7\u00e3o e Produto)<\/a><\/span><\/td>\n<\/tr>\n<tr>\n<td style=\"background-color: #c4bdc9; text-align: justify; width: 721px;\"><span class=\"text12\"><strong>103. Theo Mariano da Rocha Pires <\/strong>&#8211; Defendeu em 26\/04\/2021<strong><br \/>\n<strong style=\"font-family: inherit; font-size: inherit;\"><em>RPG no Ensino de F\u00edsica: um estudo explorat\u00f3rio sobre a sua utiliza\u00e7\u00e3o no ensino m\u00e9dio. <\/em><\/strong><\/strong><span style=\"font-family: inherit; font-size: inherit;\">Palavras-chave: Jogos l\u00fadicos; Tecnologia; Educa\u00e7\u00e3o; Ensino de f\u00edsica.<\/span><br \/>\nOrienta\u00e7\u00e3o: Prof. Dr. Marcelo Pereira Machado<br \/>\n<a href=\"http:\/\/guaiaca.ufpel.edu.br\/handle\/prefix\/7905\" target=\"_blank\" rel=\"noopener\">Reposit\u00f3rio Institucional da UFPel (Disserta\u00e7\u00e3o e Produto)<\/a><\/span><\/td>\n<\/tr>\n<tr>\n<td style=\"background-color: #ffffff; text-align: justify; width: 721px;\"><span class=\"text12\"><strong>102. Nat\u00e1lia Romano Weirich <\/strong>&#8211; Defendeu em 16\/04\/2021<strong><br \/>\n<strong style=\"font-family: inherit; font-size: inherit;\"><em>Trabalho colaborativo entre o professor de AEE e o professor de ci\u00eancias na perspectiva de inclus\u00e3o escolar de alunos com Transtorno do Espectro Autista. <\/em><\/strong><\/strong><span style=\"font-family: inherit; font-size: inherit;\">Palavras-chave: Forma\u00e7\u00e3o de Professores; Ensino T\u00e9cnico e Tecnol\u00f3gico; Inova\u00e7\u00e3o Pedag\u00f3gica; Pr\u00e1tica Pedag\u00f3gica.<\/span><br \/>\nOrienta\u00e7\u00e3o: Prof\u00aa. Dr\u00aa. Rita de C\u00e1ssia Morem C\u00f3ssio Rodriguez<br \/>\n<a href=\"http:\/\/guaiaca.ufpel.edu.br\/handle\/prefix\/7589\" target=\"_blank\" rel=\"noopener\">Reposit\u00f3rio Institucional da UFPel (Disserta\u00e7\u00e3o e Produto)<\/a><\/span><\/td>\n<\/tr>\n<tr>\n<td style=\"background-color: #c4bdc9; text-align: justify; width: 721px;\"><span class=\"text12\"><strong>101. Denise Alves da Silva<\/strong> &#8211; Defendeu em 31\/03\/2021<strong><br \/>\n<strong style=\"font-family: inherit; font-size: inherit;\"><em>Cartografias Autopoi\u00e9ticas da Doc\u00eancia: uma reflex\u00e3o epistemol\u00f3gica e pedag\u00f3gica no Ensino Superior. <\/em><\/strong><\/strong><span style=\"font-family: inherit; font-size: inherit;\">P<\/span><span style=\"font-family: inherit; font-size: inherit;\">alavras-chave: Autopoiese; Experi\u00eancia cognitiva; Ensino Superior; Aprendizagem<\/span><br \/>\nOrienta\u00e7\u00e3o: Prof. Dr. Robledo Lima Gil<br \/>\n<a href=\"http:\/\/guaiaca.ufpel.edu.br\/handle\/prefix\/7421\" target=\"_blank\" rel=\"noopener\">Reposit\u00f3rio Institucional da UFPel (Disserta\u00e7\u00e3o e Produto)<\/a><\/span><\/td>\n<\/tr>\n<tr>\n<td style=\"background-color: #ffffff; text-align: justify; width: 721px;\"><span class=\"text12\"><strong>100. Gabriele Lopes Garcia <\/strong>&#8211; Defendeu em 19\/03\/2021<strong><br \/>\n<strong style=\"font-family: inherit; font-size: inherit;\"><em>Sala de aula invertida: uma metodologia ativa no ensino de matem\u00e1tica para os anos finais do ensino fundamental. <\/em><\/strong><\/strong><span style=\"font-family: inherit; font-size: inherit;\">Palavras-chave: Sala de aula invertida; Metodologias ativas; Teoria da atividade; Aprendizagem matem\u00e1tica.<\/span><br \/>\nOrienta\u00e7\u00e3o: Prof\u00aa. Dr\u00aa. Maria Simone Debacco<\/span><br \/>\n<span class=\"text12\">Co-orienta\u00e7\u00e3o: Prof\u00aa. Dr\u00aa. Ros\u00e1ria Ilgenfritz Sperotto<br \/>\n<a href=\"http:\/\/guaiaca.ufpel.edu.br\/handle\/prefix\/7590\" target=\"_blank\" rel=\"noopener\">Reposit\u00f3rio Institucional da UFPel (Disserta\u00e7\u00e3o e Produto)<\/a><\/span><\/td>\n<\/tr>\n<tr>\n<td style=\"background-color: #c4bdc9; text-align: justify; width: 721px;\"><span class=\"text12\"><strong>99. Andreia Domingues Bitencourte <\/strong>&#8211; Defendeu em 19\/03\/2021<strong><br \/>\n<strong style=\"font-family: inherit; font-size: inherit;\"><em>Ensino de ci\u00eancias na educa\u00e7\u00e3o infantil: contribui\u00e7\u00f5es para o desenvolvimento de crian\u00e7as com Transtorno do Espectro Autista (TEA) em uma perspectiva inclusiva. <\/em><\/strong><\/strong><span style=\"font-family: inherit; font-size: inherit;\">Palavras-chave: Autismo; Ensino de ci\u00eancias; Interven\u00e7\u00e3o Precoce.<\/span><br \/>\nOrienta\u00e7\u00e3o: Prof\u00aa. Dr\u00aa. Rita de C\u00e1ssia Morem C\u00f3ssio Rodriguez<br \/>\n<a href=\"http:\/\/guaiaca.ufpel.edu.br\/handle\/prefix\/7587\" target=\"_blank\" rel=\"noopener\">Reposit\u00f3rio Institucional da UFPel (Disserta\u00e7\u00e3o e Produto)<\/a><\/span><\/td>\n<\/tr>\n<tr>\n<td style=\"background-color: #ffffff; text-align: justify; width: 721px;\"><span class=\"text12\"><strong>98. Nilza Teresinha Ribeiro Xavier<\/strong> &#8211; Defendeu em 18\/03\/2021<strong><br \/>\n<strong style=\"font-family: inherit; font-size: inherit;\"><em>Um estudo sobre as mudan\u00e7as nas propostas oficiais para o ensino de matem\u00e1tica nos anos iniciais (1997 &#8211; 2017). <\/em><\/strong><\/strong><span style=\"font-family: inherit; font-size: inherit;\">Palavras-chave: Matem\u00e1tica; Anos iniciais; Curr\u00edculo; PCNs; BNCC.<\/span><br \/>\nOrienta\u00e7\u00e3o: Prof. Dr. Ant\u00f4nio Maur\u00edcio Medeiros Alves<br \/>\n<a href=\"http:\/\/guaiaca.ufpel.edu.br\/handle\/prefix\/7904\" target=\"_blank\" rel=\"noopener\">Reposit\u00f3rio Institucional da UFPel (Disserta\u00e7\u00e3o e Produto)<\/a><\/span><\/td>\n<\/tr>\n<tr style=\"background-color: #ffffff;\">\n<td style=\"background-color: #c4bdc9; text-align: justify; width: 721px;\"><span class=\"text12\"><strong>97. <\/strong><strong>Michele Mello Ferreira Rodrigues\u00a0<\/strong> &#8211; Defendeu em 18\/03\/2021<\/span><br \/>\n<span class=\"text12\"><strong style=\"font-family: inherit; font-size: inherit;\"><em><strong>Sexualidade e s\u00edndrome de asperger: reflex\u00f5es para o ensino de ci\u00eancias.<\/strong> <\/em><\/strong><span style=\"font-family: inherit; font-size: inherit;\">Palavras-chave: Sexualidade; S\u00edndrome de asperger; Pr\u00e1tica pedag\u00f3gica.<\/span><br \/>\n<\/span><span class=\"text12\">Orienta\u00e7\u00e3o: Prof\u00aa. Dr\u00aa. Rita de C\u00e1ssia Morem C\u00f3ssio Rodriguez<br \/>\n<a href=\"http:\/\/guaiaca.ufpel.edu.br\/handle\/prefix\/7692\" target=\"_blank\" rel=\"noopener\">Reposit\u00f3rio Institucional da UFPel (Disserta\u00e7\u00e3o e Produto)<\/a>\u00a0<\/span><\/td>\n<\/tr>\n<tr style=\"background-color: #c4bdc9;\">\n<td style=\"background-color: #ffffff; text-align: justify; width: 721px;\"><strong>96. Silvio Costa Figueiredo<\/strong>\u00a0<strong>&#8211; <\/strong>Defendeu em 17\/03\/2021<br \/>\n<em><strong><b>A biologia celular atrav\u00e9s da interpreta\u00e7\u00e3o de imagens: uma proposta de ensino. <\/b><\/strong><\/em>Palavras-chave: Imagens; Ensino; Biologia.<br \/>\nOrienta\u00e7\u00e3o: Prof\u00aa. Dr\u00aa. Francele de Abreu Carlan<br \/>\n<a href=\"http:\/\/guaiaca.ufpel.edu.br\/handle\/prefix\/7610\" target=\"_blank\" rel=\"noopener\"><span class=\"text12\">Reposit\u00f3rio Institucional da UFPel (Disserta\u00e7\u00e3o e Produto)<\/span><\/a><\/td>\n<\/tr>\n<tr style=\"background-color: #ffffff;\">\n<td style=\"background-color: #c4bdc9; width: 721px;\"><span class=\"text12\"><strong>95. Bruna Peres Viana<\/strong> &#8211; Defendeu em 09\/03\/2021<strong><br \/>\n<em>Estamos preparando Licenciados\/as da \u00e1rea de ci\u00eancias da natureza para falar sobre diversidade sexual e de g\u00eanero na educa\u00e7\u00e3o b\u00e1sica? Uma investiga\u00e7\u00e3o a partir do ensino de ci\u00eancias. <\/em><\/strong>Palavras-chave: Licenciatura; Diversidade; Sexualidade; G\u00eanero; Ci\u00eancia.<br \/>\nOrienta\u00e7\u00e3o: Prof. Dr. Bruno dos Santos Pastoriza<\/span><br \/>\n<a href=\"http:\/\/guaiaca.ufpel.edu.br\/handle\/prefix\/7588\" target=\"_blank\" rel=\"noopener\"><span class=\"text12\">Reposit\u00f3rio Institucional da UFPel (Disserta\u00e7\u00e3o e Produto)<\/span><\/a><\/td>\n<\/tr>\n<tr style=\"background-color: #c4bdc9;\">\n<td style=\"background-color: #ffffff; width: 721px;\"><span class=\"text12\"><strong>94. <\/strong><strong>Bruna da Silveira Isnardi Duquia<\/strong> &#8211; Defendeu em 01\/03\/2021<br \/>\n<em><strong>Considera\u00e7\u00f5es sobre os erros na resolu\u00e7\u00e3o de equa\u00e7\u00e3o do 1\u00ba grau com uma inc\u00f3gnita.<\/strong> <\/em>Palavras-chave: Equa\u00e7\u00f5es de 1\u00ba Grau; Desenvolvimento do pensamento alg\u00e9brico; Ensino de \u00e1lgebra; Ensino fundamental.<br \/>\nOrienta\u00e7\u00e3o: Prof. Dr. Andr\u00e9 Luis Andrejew Ferreira<\/span><br \/>\n<span class=\"text12\">Co-orienta\u00e7\u00e3o: Prof\u00aa. Dr\u00aa. Rozane da Silveira Alves<br \/>\n<a href=\"http:\/\/guaiaca.ufpel.edu.br\/handle\/prefix\/7415\" target=\"_blank\" rel=\"noopener\">Reposit\u00f3rio Institucional da UFPel (Disserta\u00e7\u00e3o e Produto)<\/a><\/span><\/td>\n<\/tr>\n<\/tbody>\n<\/table>\n<p>&nbsp;<\/p>\n","protected":false},"excerpt":{"rendered":"<p>111. Priscila Kr\u00fcger Voigt &#8211; Defendeu em 20\/12\/2021 Base Nacional Comum Curricular: os impactos e reflexos para o Ensino de Ci\u00eancias. Palavras-chave: BNCC; Ci\u00eancias da natureza; Forma\u00e7\u00e3o de professores; Sequ\u00eancia de Ensino Investigativo. Orienta\u00e7\u00e3o: Prof\u00aa. Dr\u00aa. Francele de Abreu Carlan Reposit\u00f3rio Institucional da UFPel (Disserta\u00e7\u00e3o e Produto) 110. Gillan Garcia Oliveira &#8211; Defendeu em 20\/12\/2021 [&hellip;]<\/p>\n","protected":false},"author":112,"featured_media":0,"parent":461,"menu_order":0,"comment_status":"closed","ping_status":"closed","template":"","meta":{"footnotes":""},"class_list":["post-2213","page","type-page","status-publish","hentry"],"yoast_head":"<!-- This site is optimized with the Yoast SEO plugin v26.7 - https:\/\/yoast.com\/wordpress\/plugins\/seo\/ -->\n<title>Defesas 2021 - Programa de P\u00f3s Gradua\u00e7\u00e3o em Ensino de Ci\u00eancias e Matem\u00e1tica - Mestrado Profissional<\/title>\n<meta name=\"robots\" content=\"index, follow, max-snippet:-1, max-image-preview:large, max-video-preview:-1\" \/>\n<link rel=\"canonical\" href=\"https:\/\/wp.ufpel.edu.br\/ppgecm\/dissertacoes-e-produtos\/defesas-2021\/\" \/>\n<meta property=\"og:locale\" content=\"pt_BR\" \/>\n<meta property=\"og:type\" content=\"article\" \/>\n<meta property=\"og:title\" content=\"Defesas 2021 - Programa de P\u00f3s Gradua\u00e7\u00e3o em Ensino de Ci\u00eancias e Matem\u00e1tica - Mestrado Profissional\" \/>\n<meta property=\"og:description\" content=\"111. Priscila Kr\u00fcger Voigt &#8211; Defendeu em 20\/12\/2021 Base Nacional Comum Curricular: os impactos e reflexos para o Ensino de Ci\u00eancias. Palavras-chave: BNCC; Ci\u00eancias da natureza; Forma\u00e7\u00e3o de professores; Sequ\u00eancia de Ensino Investigativo. Orienta\u00e7\u00e3o: Prof\u00aa. Dr\u00aa. Francele de Abreu Carlan Reposit\u00f3rio Institucional da UFPel (Disserta\u00e7\u00e3o e Produto) 110. Gillan Garcia Oliveira &#8211; Defendeu em 20\/12\/2021 [&hellip;]\" \/>\n<meta property=\"og:url\" content=\"https:\/\/wp.ufpel.edu.br\/ppgecm\/dissertacoes-e-produtos\/defesas-2021\/\" \/>\n<meta property=\"og:site_name\" content=\"Programa de P\u00f3s Gradua\u00e7\u00e3o em Ensino de Ci\u00eancias e Matem\u00e1tica - Mestrado Profissional\" \/>\n<meta property=\"article:modified_time\" content=\"2025-09-26T19:43:14+00:00\" \/>\n<meta name=\"twitter:card\" content=\"summary_large_image\" \/>\n<meta name=\"twitter:label1\" content=\"Est. tempo de leitura\" \/>\n\t<meta name=\"twitter:data1\" content=\"5 minutos\" \/>\n<script type=\"application\/ld+json\" class=\"yoast-schema-graph\">{\"@context\":\"https:\/\/schema.org\",\"@graph\":[{\"@type\":\"WebPage\",\"@id\":\"https:\/\/wp.ufpel.edu.br\/ppgecm\/dissertacoes-e-produtos\/defesas-2021\/\",\"url\":\"https:\/\/wp.ufpel.edu.br\/ppgecm\/dissertacoes-e-produtos\/defesas-2021\/\",\"name\":\"Defesas 2021 - Programa de P\u00f3s Gradua\u00e7\u00e3o em Ensino de Ci\u00eancias e Matem\u00e1tica - Mestrado Profissional\",\"isPartOf\":{\"@id\":\"https:\/\/wp.ufpel.edu.br\/ppgecm\/#website\"},\"datePublished\":\"2022-03-08T12:32:17+00:00\",\"dateModified\":\"2025-09-26T19:43:14+00:00\",\"breadcrumb\":{\"@id\":\"https:\/\/wp.ufpel.edu.br\/ppgecm\/dissertacoes-e-produtos\/defesas-2021\/#breadcrumb\"},\"inLanguage\":\"pt-BR\",\"potentialAction\":[{\"@type\":\"ReadAction\",\"target\":[\"https:\/\/wp.ufpel.edu.br\/ppgecm\/dissertacoes-e-produtos\/defesas-2021\/\"]}]},{\"@type\":\"BreadcrumbList\",\"@id\":\"https:\/\/wp.ufpel.edu.br\/ppgecm\/dissertacoes-e-produtos\/defesas-2021\/#breadcrumb\",\"itemListElement\":[{\"@type\":\"ListItem\",\"position\":1,\"name\":\"In\u00edcio\",\"item\":\"https:\/\/wp.ufpel.edu.br\/ppgecm\/\"},{\"@type\":\"ListItem\",\"position\":2,\"name\":\"Disserta\u00e7\u00f5es e Produtos Educacionais\",\"item\":\"https:\/\/wp.ufpel.edu.br\/ppgecm\/dissertacoes-e-produtos\/\"},{\"@type\":\"ListItem\",\"position\":3,\"name\":\"Defesas 2021\"}]},{\"@type\":\"WebSite\",\"@id\":\"https:\/\/wp.ufpel.edu.br\/ppgecm\/#website\",\"url\":\"https:\/\/wp.ufpel.edu.br\/ppgecm\/\",\"name\":\"Programa de P\u00f3s Gradua\u00e7\u00e3o em Ensino de Ci\u00eancias e Matem\u00e1tica - Mestrado Profissional\",\"description\":\"Universidade Federal de Pelotas\",\"potentialAction\":[{\"@type\":\"SearchAction\",\"target\":{\"@type\":\"EntryPoint\",\"urlTemplate\":\"https:\/\/wp.ufpel.edu.br\/ppgecm\/?s={search_term_string}\"},\"query-input\":{\"@type\":\"PropertyValueSpecification\",\"valueRequired\":true,\"valueName\":\"search_term_string\"}}],\"inLanguage\":\"pt-BR\"}]}<\/script>\n<!-- \/ Yoast SEO plugin. -->","yoast_head_json":{"title":"Defesas 2021 - Programa de P\u00f3s Gradua\u00e7\u00e3o em Ensino de Ci\u00eancias e Matem\u00e1tica - Mestrado Profissional","robots":{"index":"index","follow":"follow","max-snippet":"max-snippet:-1","max-image-preview":"max-image-preview:large","max-video-preview":"max-video-preview:-1"},"canonical":"https:\/\/wp.ufpel.edu.br\/ppgecm\/dissertacoes-e-produtos\/defesas-2021\/","og_locale":"pt_BR","og_type":"article","og_title":"Defesas 2021 - Programa de P\u00f3s Gradua\u00e7\u00e3o em Ensino de Ci\u00eancias e Matem\u00e1tica - Mestrado Profissional","og_description":"111. Priscila Kr\u00fcger Voigt &#8211; Defendeu em 20\/12\/2021 Base Nacional Comum Curricular: os impactos e reflexos para o Ensino de Ci\u00eancias. Palavras-chave: BNCC; Ci\u00eancias da natureza; Forma\u00e7\u00e3o de professores; Sequ\u00eancia de Ensino Investigativo. Orienta\u00e7\u00e3o: Prof\u00aa. Dr\u00aa. Francele de Abreu Carlan Reposit\u00f3rio Institucional da UFPel (Disserta\u00e7\u00e3o e Produto) 110. Gillan Garcia Oliveira &#8211; Defendeu em 20\/12\/2021 [&hellip;]","og_url":"https:\/\/wp.ufpel.edu.br\/ppgecm\/dissertacoes-e-produtos\/defesas-2021\/","og_site_name":"Programa de P\u00f3s Gradua\u00e7\u00e3o em Ensino de Ci\u00eancias e Matem\u00e1tica - Mestrado Profissional","article_modified_time":"2025-09-26T19:43:14+00:00","twitter_card":"summary_large_image","twitter_misc":{"Est. tempo de leitura":"5 minutos"},"schema":{"@context":"https:\/\/schema.org","@graph":[{"@type":"WebPage","@id":"https:\/\/wp.ufpel.edu.br\/ppgecm\/dissertacoes-e-produtos\/defesas-2021\/","url":"https:\/\/wp.ufpel.edu.br\/ppgecm\/dissertacoes-e-produtos\/defesas-2021\/","name":"Defesas 2021 - Programa de P\u00f3s Gradua\u00e7\u00e3o em Ensino de Ci\u00eancias e Matem\u00e1tica - Mestrado Profissional","isPartOf":{"@id":"https:\/\/wp.ufpel.edu.br\/ppgecm\/#website"},"datePublished":"2022-03-08T12:32:17+00:00","dateModified":"2025-09-26T19:43:14+00:00","breadcrumb":{"@id":"https:\/\/wp.ufpel.edu.br\/ppgecm\/dissertacoes-e-produtos\/defesas-2021\/#breadcrumb"},"inLanguage":"pt-BR","potentialAction":[{"@type":"ReadAction","target":["https:\/\/wp.ufpel.edu.br\/ppgecm\/dissertacoes-e-produtos\/defesas-2021\/"]}]},{"@type":"BreadcrumbList","@id":"https:\/\/wp.ufpel.edu.br\/ppgecm\/dissertacoes-e-produtos\/defesas-2021\/#breadcrumb","itemListElement":[{"@type":"ListItem","position":1,"name":"In\u00edcio","item":"https:\/\/wp.ufpel.edu.br\/ppgecm\/"},{"@type":"ListItem","position":2,"name":"Disserta\u00e7\u00f5es e Produtos Educacionais","item":"https:\/\/wp.ufpel.edu.br\/ppgecm\/dissertacoes-e-produtos\/"},{"@type":"ListItem","position":3,"name":"Defesas 2021"}]},{"@type":"WebSite","@id":"https:\/\/wp.ufpel.edu.br\/ppgecm\/#website","url":"https:\/\/wp.ufpel.edu.br\/ppgecm\/","name":"Programa de P\u00f3s Gradua\u00e7\u00e3o em Ensino de Ci\u00eancias e Matem\u00e1tica - Mestrado Profissional","description":"Universidade Federal de Pelotas","potentialAction":[{"@type":"SearchAction","target":{"@type":"EntryPoint","urlTemplate":"https:\/\/wp.ufpel.edu.br\/ppgecm\/?s={search_term_string}"},"query-input":{"@type":"PropertyValueSpecification","valueRequired":true,"valueName":"search_term_string"}}],"inLanguage":"pt-BR"}]}},"_links":{"self":[{"href":"https:\/\/wp.ufpel.edu.br\/ppgecm\/wp-json\/wp\/v2\/pages\/2213","targetHints":{"allow":["GET"]}}],"collection":[{"href":"https:\/\/wp.ufpel.edu.br\/ppgecm\/wp-json\/wp\/v2\/pages"}],"about":[{"href":"https:\/\/wp.ufpel.edu.br\/ppgecm\/wp-json\/wp\/v2\/types\/page"}],"author":[{"embeddable":true,"href":"https:\/\/wp.ufpel.edu.br\/ppgecm\/wp-json\/wp\/v2\/users\/112"}],"replies":[{"embeddable":true,"href":"https:\/\/wp.ufpel.edu.br\/ppgecm\/wp-json\/wp\/v2\/comments?post=2213"}],"version-history":[{"count":3,"href":"https:\/\/wp.ufpel.edu.br\/ppgecm\/wp-json\/wp\/v2\/pages\/2213\/revisions"}],"predecessor-version":[{"id":3199,"href":"https:\/\/wp.ufpel.edu.br\/ppgecm\/wp-json\/wp\/v2\/pages\/2213\/revisions\/3199"}],"up":[{"embeddable":true,"href":"https:\/\/wp.ufpel.edu.br\/ppgecm\/wp-json\/wp\/v2\/pages\/461"}],"wp:attachment":[{"href":"https:\/\/wp.ufpel.edu.br\/ppgecm\/wp-json\/wp\/v2\/media?parent=2213"}],"curies":[{"name":"wp","href":"https:\/\/api.w.org\/{rel}","templated":true}]}}