{"id":1866,"date":"2020-07-21T11:24:18","date_gmt":"2020-07-21T14:24:18","guid":{"rendered":"https:\/\/wp.ufpel.edu.br\/ppgecm\/?page_id=1866"},"modified":"2025-09-26T16:38:49","modified_gmt":"2025-09-26T19:38:49","slug":"defesas-2020","status":"publish","type":"page","link":"https:\/\/wp.ufpel.edu.br\/ppgecm\/dissertacoes-e-produtos\/defesas-2020\/","title":{"rendered":"Defesas 2020"},"content":{"rendered":"<table style=\"height: 299px; background-color: #ffffff;\" border=\"0\" cellspacing=\"8\" cellpadding=\"0\">\n<tbody>\n<tr>\n<td style=\"background-color: #ffffff; text-align: justify; width: 721px;\"><span class=\"text12\"><strong>93. Josiane Nunes dos Santos <\/strong>&#8211; Defendeu em 18\/12\/2020<strong><br \/>\n<strong style=\"font-family: inherit; font-size: inherit;\"><em>INVESTIGANDO A PR\u00c1TICA PEDAG\u00d3GICA DOCENTE EM UM INSTITUTO FEDERAL: um estudo de caso &#8211; um olhar na perspectiva do pensamento mai\u00eautico socr\u00e1tico. <\/em><\/strong><\/strong><span style=\"font-family: inherit; font-size: inherit;\">Palavras-chave: Forma\u00e7\u00e3o de Professores; Ensino T\u00e9cnico e Tecnol\u00f3gico; Inova\u00e7\u00e3o Pedag\u00f3gica; Pr\u00e1tica Pedag\u00f3gica.<\/span><br \/>\nOrienta\u00e7\u00e3o: Prof\u00aa. Dr\u00aa. Regina Trilho Otero Xavier<br \/>\n<a href=\"http:\/\/guaiaca.ufpel.edu.br\/handle\/prefix\/7416\" target=\"_blank\" rel=\"noopener noreferrer\">Reposit\u00f3rio Institucional da UFPel <\/a><a href=\"https:\/\/guaiaca.ufpel.edu.br\/handle\/prefix\/7416\" target=\"_blank\" rel=\"noopener noreferrer\">(Disserta\u00e7\u00e3o e Produto)<\/a><\/span><\/td>\n<\/tr>\n<tr>\n<td style=\"background-color: #c4bdc9; text-align: justify; width: 721px;\"><span class=\"text12\"><strong>92. Nat\u00e1lia Trojahn Sim\u00f5es <\/strong>&#8211; Defendeu em 18\/09\/2020<strong><br \/>\n<strong style=\"font-family: inherit; font-size: inherit;\"><em>ESTUDO DE CASO COMO ESTRAT\u00c9GIA NO ENSINO DE QU\u00cdMICA: Articulando o tema alimentos a conhecimentos escolares e a modos de vida dos jovens. <\/em><\/strong><\/strong><span style=\"font-family: inherit; font-size: inherit;\">Palavras-chave: Ensino M\u00e9dio; Qu\u00edmica Org\u00e2nica; H\u00e1bitos Alimentares; Juventudes; Escola.<\/span><br \/>\nOrienta\u00e7\u00e3o: Prof\u00aa. Dr\u00aa. Maira Ferreira<br \/>\n<a href=\"https:\/\/guaiaca.ufpel.edu.br\/handle\/prefix\/6677\" target=\"_blank\" rel=\"noopener noreferrer\">Reposit\u00f3rio Institucional da UFPel <\/a><a href=\"http:\/\/guaiaca.ufpel.edu.br\/handle\/prefix\/4436\" target=\"_blank\" rel=\"noopener noreferrer\">(Disserta\u00e7\u00e3o e Produto)<\/a><\/span><\/td>\n<\/tr>\n<tr>\n<td style=\"background-color: #ffffff; text-align: justify; width: 721px;\"><span class=\"text12\"><strong>91. Marina Crespo Corr\u00eaa<\/strong> &#8211; Defendeu em 11\/09\/2020<strong><br \/>\n<strong style=\"font-family: inherit; font-size: inherit;\"><em>A educa\u00e7\u00e3o em sa\u00fade e o ensino de ci\u00eancias e biologia no contexto de Escolas P\u00fablicas de Cristal\/RS. <\/em><\/strong><\/strong><span style=\"font-family: inherit; font-size: inherit;\">Palavras-chave: educa\u00e7\u00e3o em sa\u00fade; ensino de ci\u00eancias e biologia; sa\u00fade.<\/span><br \/>\nOrienta\u00e7\u00e3o: Prof. Dr. Robledo Lima Gil<br \/>\n<a href=\"http:\/\/guaiaca.ufpel.edu.br\/handle\/prefix\/6648\" target=\"_blank\" rel=\"noopener noreferrer\">Reposit\u00f3rio Institucional da UFPel <\/a><a href=\"http:\/\/guaiaca.ufpel.edu.br\/handle\/prefix\/4436\" target=\"_blank\" rel=\"noopener noreferrer\">(Disserta\u00e7\u00e3o e Produto)<\/a><\/span><\/td>\n<\/tr>\n<tr style=\"background-color: #ffffff;\">\n<td style=\"background-color: #c4bdc9; text-align: justify; width: 721px;\"><span class=\"text12\"><strong>90. <\/strong><strong>Qu\u00e9dina Pieper<\/strong> &#8211; Defendeu em 24\/06\/2020<\/span><br \/>\n<span class=\"text12\"><strong style=\"font-family: inherit; font-size: inherit;\"><em><strong>A Linguagem na Forma\u00e7\u00e3o de Professores de Qu\u00edmica: estudo no contexto de um curso de licenciatura.<\/strong> <\/em><\/strong><span style=\"font-family: inherit; font-size: inherit;\">Palavras-chave: Linguagem Qu\u00edmica; Forma\u00e7\u00e3o inicial; Est\u00e1gio Supervisionado; Pesquisa; Ensino de Qu\u00edmica.<\/span><br \/>\n<\/span><span class=\"text12\">Orienta\u00e7\u00e3o: Prof. Dr. F\u00e1bio Andr\u00e9 Sangiogo<br \/>\n<a href=\"http:\/\/guaiaca.ufpel.edu.br\/handle\/prefix\/6522\" target=\"_blank\" rel=\"noopener noreferrer\">Reposit\u00f3rio Institucional da UFPel (Disserta\u00e7\u00e3o e Produto)<\/a><\/span><\/td>\n<\/tr>\n<tr style=\"background-color: #c4bdc9;\">\n<td style=\"background-color: #ffffff; text-align: justify; width: 721px;\"><strong>89. Tamires Holz Gehrke<\/strong>\u00a0<strong>&#8211; <\/strong>Defendeu em 17\/04\/2020<br \/>\n<em><strong><b>Receitas Culin\u00e1rias Pomeranas: Integrando saberes e sabores em uma escola multisseriada do munic\u00edpio de S\u00e3o<br \/>\nLouren\u00e7o do Sul. <\/b><\/strong><\/em>Palavras-chave: Cultura Pomerana; Escola Multisseriada; Receitas Culin\u00e1rias;<br \/>\nMatem\u00e1tica; Aprendizagem Criativa.<br \/>\nOrienta\u00e7\u00e3o: Prof\u00aa. Dr\u00aa. Ros\u00e1ria Ilgenfritz Sperotto<br \/>\nCo-orienta\u00e7\u00e3o: Prof\u00aa. Dr\u00aa. Maria Simone Debacco<br \/>\n<span class=\"text12\"><a href=\"http:\/\/guaiaca.ufpel.edu.br\/handle\/prefix\/6403\" target=\"_blank\" rel=\"noopener noreferrer\">Reposit\u00f3rio Institucional da UFPel (Disserta\u00e7\u00e3o e Produto)<\/a><\/span><\/td>\n<\/tr>\n<tr style=\"background-color: #ffffff;\">\n<td style=\"background-color: #c4bdc9; width: 721px;\"><span class=\"text12\"><strong>88. Daiane de Jesus Vieira Camargo<\/strong> &#8211; Defendeu em 16\/04\/2020<strong><br \/>\n<em>\u2018Fotomatizando\u2019 \u2013 Conex\u00f5es entre fotografia e matem\u00e1tica nos anos finais do ensino fundamental de uma escola municipal de Pelotas\/RS. <\/em><\/strong>Palavras-chave: Educa\u00e7\u00e3o; Cultura; Juventudes; Fotografia; Matem\u00e1tica.<br \/>\nOrienta\u00e7\u00e3o: Prof\u00aa. Dr\u00aa. Ros\u00e1ria Ilgenfritz Sperotto<\/span><br \/>\nCo-orienta\u00e7\u00e3o: Prof\u00aa. Dr\u00aa. Maria Simone Debacco<br \/>\n<span class=\"text12\"><a href=\"http:\/\/guaiaca.ufpel.edu.br\/handle\/prefix\/6402\" target=\"_blank\" rel=\"noopener noreferrer\">Reposit\u00f3rio Institucional da UFPel (Disserta\u00e7\u00e3o e Produto)<\/a><\/span><\/td>\n<\/tr>\n<tr style=\"background-color: #c4bdc9;\">\n<td style=\"background-color: #ffffff; width: 721px;\"><span class=\"text12\"><strong>87. <\/strong><strong>Leila de Souza Mello<\/strong> &#8211; Defendeu em 06\/04\/2020<br \/>\n<em><strong>Campo Conceitual Multiplicativo: impactos de um curso de forma\u00e7\u00e3o na pr\u00e1tica de professores que ensinam matem\u00e1tica.<\/strong> <\/em>Palavras-chave: Forma\u00e7\u00e3o continuada; Professores que ensinam Matem\u00e1tica; Matem\u00e1tica nos anos iniciais; Campo Conceitual Multiplicativo.<br \/>\nOrienta\u00e7\u00e3o: Prof. Dr. Ant\u00f4nio Maur\u00edcio Medeiros Alves<\/span><span class=\"text12\"><br \/>\n<a href=\"http:\/\/guaiaca.ufpel.edu.br\/handle\/prefix\/6164\" target=\"_blank\" rel=\"noopener noreferrer\">Reposit\u00f3rio Institucional da UFPel (Disserta\u00e7\u00e3o e Produto)<\/a><\/span><\/td>\n<\/tr>\n<\/tbody>\n<\/table>\n<p>&nbsp;<\/p>\n","protected":false},"excerpt":{"rendered":"<p>93. Josiane Nunes dos Santos &#8211; Defendeu em 18\/12\/2020 INVESTIGANDO A PR\u00c1TICA PEDAG\u00d3GICA DOCENTE EM UM INSTITUTO FEDERAL: um estudo de caso &#8211; um olhar na perspectiva do pensamento mai\u00eautico socr\u00e1tico. Palavras-chave: Forma\u00e7\u00e3o de Professores; Ensino T\u00e9cnico e Tecnol\u00f3gico; Inova\u00e7\u00e3o Pedag\u00f3gica; Pr\u00e1tica Pedag\u00f3gica. Orienta\u00e7\u00e3o: Prof\u00aa. Dr\u00aa. Regina Trilho Otero Xavier Reposit\u00f3rio Institucional da UFPel (Disserta\u00e7\u00e3o [&hellip;]<\/p>\n","protected":false},"author":112,"featured_media":0,"parent":461,"menu_order":0,"comment_status":"closed","ping_status":"closed","template":"","meta":{"footnotes":""},"class_list":["post-1866","page","type-page","status-publish","hentry"],"yoast_head":"<!-- This site is optimized with the Yoast SEO plugin v26.7 - https:\/\/yoast.com\/wordpress\/plugins\/seo\/ -->\n<title>Defesas 2020 - Programa de P\u00f3s Gradua\u00e7\u00e3o em Ensino de Ci\u00eancias e Matem\u00e1tica - Mestrado Profissional<\/title>\n<meta name=\"robots\" content=\"index, follow, max-snippet:-1, max-image-preview:large, max-video-preview:-1\" \/>\n<link rel=\"canonical\" href=\"https:\/\/wp.ufpel.edu.br\/ppgecm\/dissertacoes-e-produtos\/defesas-2020\/\" \/>\n<meta property=\"og:locale\" content=\"pt_BR\" \/>\n<meta property=\"og:type\" content=\"article\" \/>\n<meta property=\"og:title\" content=\"Defesas 2020 - Programa de P\u00f3s Gradua\u00e7\u00e3o em Ensino de Ci\u00eancias e Matem\u00e1tica - Mestrado Profissional\" \/>\n<meta property=\"og:description\" content=\"93. Josiane Nunes dos Santos &#8211; Defendeu em 18\/12\/2020 INVESTIGANDO A PR\u00c1TICA PEDAG\u00d3GICA DOCENTE EM UM INSTITUTO FEDERAL: um estudo de caso &#8211; um olhar na perspectiva do pensamento mai\u00eautico socr\u00e1tico. Palavras-chave: Forma\u00e7\u00e3o de Professores; Ensino T\u00e9cnico e Tecnol\u00f3gico; Inova\u00e7\u00e3o Pedag\u00f3gica; Pr\u00e1tica Pedag\u00f3gica. Orienta\u00e7\u00e3o: Prof\u00aa. Dr\u00aa. Regina Trilho Otero Xavier Reposit\u00f3rio Institucional da UFPel (Disserta\u00e7\u00e3o [&hellip;]\" \/>\n<meta property=\"og:url\" content=\"https:\/\/wp.ufpel.edu.br\/ppgecm\/dissertacoes-e-produtos\/defesas-2020\/\" \/>\n<meta property=\"og:site_name\" content=\"Programa de P\u00f3s Gradua\u00e7\u00e3o em Ensino de Ci\u00eancias e Matem\u00e1tica - Mestrado Profissional\" \/>\n<meta property=\"article:modified_time\" content=\"2025-09-26T19:38:49+00:00\" \/>\n<meta name=\"twitter:card\" content=\"summary_large_image\" \/>\n<meta name=\"twitter:label1\" content=\"Est. tempo de leitura\" \/>\n\t<meta name=\"twitter:data1\" content=\"2 minutos\" \/>\n<script type=\"application\/ld+json\" class=\"yoast-schema-graph\">{\"@context\":\"https:\/\/schema.org\",\"@graph\":[{\"@type\":\"WebPage\",\"@id\":\"https:\/\/wp.ufpel.edu.br\/ppgecm\/dissertacoes-e-produtos\/defesas-2020\/\",\"url\":\"https:\/\/wp.ufpel.edu.br\/ppgecm\/dissertacoes-e-produtos\/defesas-2020\/\",\"name\":\"Defesas 2020 - Programa de P\u00f3s Gradua\u00e7\u00e3o em Ensino de Ci\u00eancias e Matem\u00e1tica - Mestrado Profissional\",\"isPartOf\":{\"@id\":\"https:\/\/wp.ufpel.edu.br\/ppgecm\/#website\"},\"datePublished\":\"2020-07-21T14:24:18+00:00\",\"dateModified\":\"2025-09-26T19:38:49+00:00\",\"breadcrumb\":{\"@id\":\"https:\/\/wp.ufpel.edu.br\/ppgecm\/dissertacoes-e-produtos\/defesas-2020\/#breadcrumb\"},\"inLanguage\":\"pt-BR\",\"potentialAction\":[{\"@type\":\"ReadAction\",\"target\":[\"https:\/\/wp.ufpel.edu.br\/ppgecm\/dissertacoes-e-produtos\/defesas-2020\/\"]}]},{\"@type\":\"BreadcrumbList\",\"@id\":\"https:\/\/wp.ufpel.edu.br\/ppgecm\/dissertacoes-e-produtos\/defesas-2020\/#breadcrumb\",\"itemListElement\":[{\"@type\":\"ListItem\",\"position\":1,\"name\":\"In\u00edcio\",\"item\":\"https:\/\/wp.ufpel.edu.br\/ppgecm\/\"},{\"@type\":\"ListItem\",\"position\":2,\"name\":\"Disserta\u00e7\u00f5es e Produtos Educacionais\",\"item\":\"https:\/\/wp.ufpel.edu.br\/ppgecm\/dissertacoes-e-produtos\/\"},{\"@type\":\"ListItem\",\"position\":3,\"name\":\"Defesas 2020\"}]},{\"@type\":\"WebSite\",\"@id\":\"https:\/\/wp.ufpel.edu.br\/ppgecm\/#website\",\"url\":\"https:\/\/wp.ufpel.edu.br\/ppgecm\/\",\"name\":\"Programa de P\u00f3s Gradua\u00e7\u00e3o em Ensino de Ci\u00eancias e Matem\u00e1tica - Mestrado Profissional\",\"description\":\"Universidade Federal de Pelotas\",\"potentialAction\":[{\"@type\":\"SearchAction\",\"target\":{\"@type\":\"EntryPoint\",\"urlTemplate\":\"https:\/\/wp.ufpel.edu.br\/ppgecm\/?s={search_term_string}\"},\"query-input\":{\"@type\":\"PropertyValueSpecification\",\"valueRequired\":true,\"valueName\":\"search_term_string\"}}],\"inLanguage\":\"pt-BR\"}]}<\/script>\n<!-- \/ Yoast SEO plugin. -->","yoast_head_json":{"title":"Defesas 2020 - Programa de P\u00f3s Gradua\u00e7\u00e3o em Ensino de Ci\u00eancias e Matem\u00e1tica - Mestrado Profissional","robots":{"index":"index","follow":"follow","max-snippet":"max-snippet:-1","max-image-preview":"max-image-preview:large","max-video-preview":"max-video-preview:-1"},"canonical":"https:\/\/wp.ufpel.edu.br\/ppgecm\/dissertacoes-e-produtos\/defesas-2020\/","og_locale":"pt_BR","og_type":"article","og_title":"Defesas 2020 - Programa de P\u00f3s Gradua\u00e7\u00e3o em Ensino de Ci\u00eancias e Matem\u00e1tica - Mestrado Profissional","og_description":"93. Josiane Nunes dos Santos &#8211; Defendeu em 18\/12\/2020 INVESTIGANDO A PR\u00c1TICA PEDAG\u00d3GICA DOCENTE EM UM INSTITUTO FEDERAL: um estudo de caso &#8211; um olhar na perspectiva do pensamento mai\u00eautico socr\u00e1tico. Palavras-chave: Forma\u00e7\u00e3o de Professores; Ensino T\u00e9cnico e Tecnol\u00f3gico; Inova\u00e7\u00e3o Pedag\u00f3gica; Pr\u00e1tica Pedag\u00f3gica. Orienta\u00e7\u00e3o: Prof\u00aa. Dr\u00aa. Regina Trilho Otero Xavier Reposit\u00f3rio Institucional da UFPel (Disserta\u00e7\u00e3o [&hellip;]","og_url":"https:\/\/wp.ufpel.edu.br\/ppgecm\/dissertacoes-e-produtos\/defesas-2020\/","og_site_name":"Programa de P\u00f3s Gradua\u00e7\u00e3o em Ensino de Ci\u00eancias e Matem\u00e1tica - Mestrado Profissional","article_modified_time":"2025-09-26T19:38:49+00:00","twitter_card":"summary_large_image","twitter_misc":{"Est. tempo de leitura":"2 minutos"},"schema":{"@context":"https:\/\/schema.org","@graph":[{"@type":"WebPage","@id":"https:\/\/wp.ufpel.edu.br\/ppgecm\/dissertacoes-e-produtos\/defesas-2020\/","url":"https:\/\/wp.ufpel.edu.br\/ppgecm\/dissertacoes-e-produtos\/defesas-2020\/","name":"Defesas 2020 - Programa de P\u00f3s Gradua\u00e7\u00e3o em Ensino de Ci\u00eancias e Matem\u00e1tica - Mestrado Profissional","isPartOf":{"@id":"https:\/\/wp.ufpel.edu.br\/ppgecm\/#website"},"datePublished":"2020-07-21T14:24:18+00:00","dateModified":"2025-09-26T19:38:49+00:00","breadcrumb":{"@id":"https:\/\/wp.ufpel.edu.br\/ppgecm\/dissertacoes-e-produtos\/defesas-2020\/#breadcrumb"},"inLanguage":"pt-BR","potentialAction":[{"@type":"ReadAction","target":["https:\/\/wp.ufpel.edu.br\/ppgecm\/dissertacoes-e-produtos\/defesas-2020\/"]}]},{"@type":"BreadcrumbList","@id":"https:\/\/wp.ufpel.edu.br\/ppgecm\/dissertacoes-e-produtos\/defesas-2020\/#breadcrumb","itemListElement":[{"@type":"ListItem","position":1,"name":"In\u00edcio","item":"https:\/\/wp.ufpel.edu.br\/ppgecm\/"},{"@type":"ListItem","position":2,"name":"Disserta\u00e7\u00f5es e Produtos Educacionais","item":"https:\/\/wp.ufpel.edu.br\/ppgecm\/dissertacoes-e-produtos\/"},{"@type":"ListItem","position":3,"name":"Defesas 2020"}]},{"@type":"WebSite","@id":"https:\/\/wp.ufpel.edu.br\/ppgecm\/#website","url":"https:\/\/wp.ufpel.edu.br\/ppgecm\/","name":"Programa de P\u00f3s Gradua\u00e7\u00e3o em Ensino de Ci\u00eancias e Matem\u00e1tica - Mestrado Profissional","description":"Universidade Federal de Pelotas","potentialAction":[{"@type":"SearchAction","target":{"@type":"EntryPoint","urlTemplate":"https:\/\/wp.ufpel.edu.br\/ppgecm\/?s={search_term_string}"},"query-input":{"@type":"PropertyValueSpecification","valueRequired":true,"valueName":"search_term_string"}}],"inLanguage":"pt-BR"}]}},"_links":{"self":[{"href":"https:\/\/wp.ufpel.edu.br\/ppgecm\/wp-json\/wp\/v2\/pages\/1866","targetHints":{"allow":["GET"]}}],"collection":[{"href":"https:\/\/wp.ufpel.edu.br\/ppgecm\/wp-json\/wp\/v2\/pages"}],"about":[{"href":"https:\/\/wp.ufpel.edu.br\/ppgecm\/wp-json\/wp\/v2\/types\/page"}],"author":[{"embeddable":true,"href":"https:\/\/wp.ufpel.edu.br\/ppgecm\/wp-json\/wp\/v2\/users\/112"}],"replies":[{"embeddable":true,"href":"https:\/\/wp.ufpel.edu.br\/ppgecm\/wp-json\/wp\/v2\/comments?post=1866"}],"version-history":[{"count":4,"href":"https:\/\/wp.ufpel.edu.br\/ppgecm\/wp-json\/wp\/v2\/pages\/1866\/revisions"}],"predecessor-version":[{"id":3198,"href":"https:\/\/wp.ufpel.edu.br\/ppgecm\/wp-json\/wp\/v2\/pages\/1866\/revisions\/3198"}],"up":[{"embeddable":true,"href":"https:\/\/wp.ufpel.edu.br\/ppgecm\/wp-json\/wp\/v2\/pages\/461"}],"wp:attachment":[{"href":"https:\/\/wp.ufpel.edu.br\/ppgecm\/wp-json\/wp\/v2\/media?parent=1866"}],"curies":[{"name":"wp","href":"https:\/\/api.w.org\/{rel}","templated":true}]}}