{"version":"1.0","provider_name":"Programa de P\u00f3s Gradua\u00e7\u00e3o em Ensino de Ci\u00eancias e Matem\u00e1tica - Mestrado Profissional","provider_url":"https:\/\/wp.ufpel.edu.br\/ppgecm","author_name":"ppgecm","author_url":"https:\/\/wp.ufpel.edu.br\/ppgecm\/author\/ppgecm\/","title":"Calend\u00e1rio do PPGECM para 2023 - Programa de P\u00f3s Gradua\u00e7\u00e3o em Ensino de Ci\u00eancias e Matem\u00e1tica - Mestrado Profissional","type":"rich","width":600,"height":338,"html":"<blockquote class=\"wp-embedded-content\" data-secret=\"5kIdfEPbeV\"><a href=\"https:\/\/wp.ufpel.edu.br\/ppgecm\/2023\/03\/01\/calendario-ppgecm-2023\/\">Calend\u00e1rio do PPGECM para 2023<\/a><\/blockquote><iframe sandbox=\"allow-scripts\" security=\"restricted\" src=\"https:\/\/wp.ufpel.edu.br\/ppgecm\/2023\/03\/01\/calendario-ppgecm-2023\/embed\/#?secret=5kIdfEPbeV\" width=\"600\" height=\"338\" title=\"&#8220;Calend\u00e1rio do PPGECM para 2023&#8221; &#8212; Programa de P\u00f3s Gradua\u00e7\u00e3o em Ensino de Ci\u00eancias e Matem\u00e1tica - Mestrado Profissional\" data-secret=\"5kIdfEPbeV\" frameborder=\"0\" marginwidth=\"0\" marginheight=\"0\" scrolling=\"no\" class=\"wp-embedded-content\"><\/iframe><script type=\"text\/javascript\">\n\/* <![CDATA[ *\/\n\/*! This file is auto-generated *\/\n!function(d,l){\"use strict\";l.querySelector&&d.addEventListener&&\"undefined\"!=typeof URL&&(d.wp=d.wp||{},d.wp.receiveEmbedMessage||(d.wp.receiveEmbedMessage=function(e){var t=e.data;if((t||t.secret||t.message||t.value)&&!\/[^a-zA-Z0-9]\/.test(t.secret)){for(var s,r,n,a=l.querySelectorAll('iframe[data-secret=\"'+t.secret+'\"]'),o=l.querySelectorAll('blockquote[data-secret=\"'+t.secret+'\"]'),c=new RegExp(\"^https?:$\",\"i\"),i=0;i<o.length;i++)o[i].style.display=\"none\";for(i=0;i<a.length;i++)s=a[i],e.source===s.contentWindow&&(s.removeAttribute(\"style\"),\"height\"===t.message?(1e3<(r=parseInt(t.value,10))?r=1e3:~~r<200&&(r=200),s.height=r):\"link\"===t.message&&(r=new URL(s.getAttribute(\"src\")),n=new URL(t.value),c.test(n.protocol))&&n.host===r.host&&l.activeElement===s&&(d.top.location.href=t.value))}},d.addEventListener(\"message\",d.wp.receiveEmbedMessage,!1),l.addEventListener(\"DOMContentLoaded\",function(){for(var e,t,s=l.querySelectorAll(\"iframe.wp-embedded-content\"),r=0;r<s.length;r++)(t=(e=s[r]).getAttribute(\"data-secret\"))||(t=Math.random().toString(36).substring(2,12),e.src+=\"#?secret=\"+t,e.setAttribute(\"data-secret\",t)),e.contentWindow.postMessage({message:\"ready\",secret:t},\"*\")},!1)))}(window,document);\n\/\/# sourceURL=https:\/\/wp.ufpel.edu.br\/ppgecm\/wp-includes\/js\/wp-embed.min.js\n\/* ]]> *\/\n<\/script>\n","thumbnail_url":"https:\/\/wp.ufpel.edu.br\/ppgecm\/files\/2016\/05\/logo-ppgecm.png","thumbnail_width":201,"thumbnail_height":201,"description":"JANEIRO 27 (Sexta) \u2013 IN\u00cdCIO: Per\u00edodo de Digita\u00e7\u00e3o das Ofertas 2023\/1 31 (Ter\u00e7a) \u2013 FIM: Per\u00edodo de Digita\u00e7\u00e3o das Ofertas 2023\/1 &nbsp; FEVEREIRO 06 (Segunda) &#8211; IN\u00cdCIO da solicita\u00e7\u00e3o de matr\u00edcula on-line 2023\/1. 07 (Ter\u00e7a) \u2013 Reuni\u00e3o de Colegiado do PPGECM Publica\u00e7\u00e3o do edital de sele\u00e7\u00e3o para ALUNOS REGULARES \u2013 ingresso 2023\/2. 12 (Domingo) &#8211; [&hellip;]"}