{"version":"1.0","provider_name":"Programa de P\u00f3s Gradua\u00e7\u00e3o em Ensino de Ci\u00eancias e Matem\u00e1tica - Mestrado Profissional","provider_url":"https:\/\/wp.ufpel.edu.br\/ppgecm","author_name":"ppgecm","author_url":"https:\/\/wp.ufpel.edu.br\/ppgecm\/author\/ppgecm\/","title":"Aula Inaugural do PPGECM - Ano 2017 - Programa de P\u00f3s Gradua\u00e7\u00e3o em Ensino de Ci\u00eancias e Matem\u00e1tica - Mestrado Profissional","type":"rich","width":600,"height":338,"html":"<blockquote class=\"wp-embedded-content\" data-secret=\"vhE9Kf0tWB\"><a href=\"https:\/\/wp.ufpel.edu.br\/ppgecm\/2017\/05\/10\/aula-inaugural-2017\/\">Aula Inaugural do PPGECM &#8211; Ano 2017<\/a><\/blockquote><iframe sandbox=\"allow-scripts\" security=\"restricted\" src=\"https:\/\/wp.ufpel.edu.br\/ppgecm\/2017\/05\/10\/aula-inaugural-2017\/embed\/#?secret=vhE9Kf0tWB\" width=\"600\" height=\"338\" title=\"&#8220;Aula Inaugural do PPGECM &#8211; Ano 2017&#8221; &#8212; Programa de P\u00f3s Gradua\u00e7\u00e3o em Ensino de Ci\u00eancias e Matem\u00e1tica - Mestrado Profissional\" data-secret=\"vhE9Kf0tWB\" frameborder=\"0\" marginwidth=\"0\" marginheight=\"0\" scrolling=\"no\" class=\"wp-embedded-content\"><\/iframe><script type=\"text\/javascript\">\n\/* <![CDATA[ *\/\n\/*! This file is auto-generated *\/\n!function(d,l){\"use strict\";l.querySelector&&d.addEventListener&&\"undefined\"!=typeof URL&&(d.wp=d.wp||{},d.wp.receiveEmbedMessage||(d.wp.receiveEmbedMessage=function(e){var t=e.data;if((t||t.secret||t.message||t.value)&&!\/[^a-zA-Z0-9]\/.test(t.secret)){for(var s,r,n,a=l.querySelectorAll('iframe[data-secret=\"'+t.secret+'\"]'),o=l.querySelectorAll('blockquote[data-secret=\"'+t.secret+'\"]'),c=new RegExp(\"^https?:$\",\"i\"),i=0;i<o.length;i++)o[i].style.display=\"none\";for(i=0;i<a.length;i++)s=a[i],e.source===s.contentWindow&&(s.removeAttribute(\"style\"),\"height\"===t.message?(1e3<(r=parseInt(t.value,10))?r=1e3:~~r<200&&(r=200),s.height=r):\"link\"===t.message&&(r=new URL(s.getAttribute(\"src\")),n=new URL(t.value),c.test(n.protocol))&&n.host===r.host&&l.activeElement===s&&(d.top.location.href=t.value))}},d.addEventListener(\"message\",d.wp.receiveEmbedMessage,!1),l.addEventListener(\"DOMContentLoaded\",function(){for(var e,t,s=l.querySelectorAll(\"iframe.wp-embedded-content\"),r=0;r<s.length;r++)(t=(e=s[r]).getAttribute(\"data-secret\"))||(t=Math.random().toString(36).substring(2,12),e.src+=\"#?secret=\"+t,e.setAttribute(\"data-secret\",t)),e.contentWindow.postMessage({message:\"ready\",secret:t},\"*\")},!1)))}(window,document);\n\/\/# sourceURL=https:\/\/wp.ufpel.edu.br\/ppgecm\/wp-includes\/js\/wp-embed.min.js\n\/* ]]> *\/\n<\/script>\n","thumbnail_url":"https:\/\/wp.ufpel.edu.br\/ppgecm\/files\/2016\/05\/logo-ppgecm.png","thumbnail_width":201,"thumbnail_height":201,"description":"A aula inaugural do PPGECM acontecer\u00e1 na Faculdade de Educa\u00e7\u00e3o, no dia 19 de maio de 2017, no turno da manh\u00e3, na sala 352 (3\u00ba andar). No turno da tarde, as aulas acontecer\u00e3o normalmente. &nbsp; CRONOGRAMA DE ATIVIDADES &#8211; Sala 352 &#8211; FaE\/UFPel HOR\u00c1RIO DESCRI\u00c7\u00c3O DAS ATIVIDADES \u00a008h30 &#8211; 09h00\u00a0 \u00a0 Abertura. \u00a009h00 &#8211; 10h30 [&hellip;]"}