{"id":711,"date":"2015-09-15T19:19:45","date_gmt":"2015-09-15T22:19:45","guid":{"rendered":"https:\/\/wp.ufpel.edu.br\/ppgdtsa\/?page_id=711"},"modified":"2024-02-16T19:45:26","modified_gmt":"2024-02-16T22:45:26","slug":"professores","status":"publish","type":"page","link":"https:\/\/wp.ufpel.edu.br\/ppgdtsa\/professores\/","title":{"rendered":"DOCENTES"},"content":{"rendered":"<table style=\"width: 616px; height: 3513px;\">\n<tbody>\n<tr style=\"height: 412px;\">\n<td style=\"width: 150px; vertical-align: middle; height: 412px;\" scope=\"row\">\u00a0<a href=\"https:\/\/wp.ufpel.edu.br\/ppgdtsa\/files\/2015\/09\/alissonmaehler1.jpg\"><img class=\"alignleft size-thumbnail wp-image-712\" src=\"https:\/\/wp.ufpel.edu.br\/ppgdtsa\/files\/2015\/09\/alissonmaehler1-119x159.jpg\" alt=\"alissonmaehler1\" width=\"119\" height=\"159\" srcset=\"https:\/\/wp.ufpel.edu.br\/ppgdtsa\/files\/2015\/09\/alissonmaehler1-119x159.jpg 119w, https:\/\/wp.ufpel.edu.br\/ppgdtsa\/files\/2015\/09\/alissonmaehler1-239x318.jpg 239w, https:\/\/wp.ufpel.edu.br\/ppgdtsa\/files\/2015\/09\/alissonmaehler1.jpg 375w\" sizes=\"(max-width: 119px) 100vw, 119px\" \/><\/a><\/td>\n<td style=\"width: 550px; vertical-align: middle; text-align: justify; height: 412px;\" scope=\"col\">\n<h6><span style=\"color: #000000;\"><a style=\"color: #000000; text-decoration: underline;\" href=\"http:\/\/lattes.cnpq.br\/6602132557607860\" target=\"_blank\" rel=\"noopener noreferrer\">Prof. Dr. Alisson Eduardo Maehler<\/a><\/span><\/h6>\n<h6>Graduado em Administra\u00e7\u00e3o pela Universida de Federal de Pelotas (2003), Mestre em Administra\u00e7\u00e3o, \u00e1rea de concentra\u00e7\u00e3o em Competitividade e Estrat\u00e9gia, pela Universidade Federal de Santa Maria (2005) e Doutor em Administra\u00e7\u00e3o, \u00e1rea de concentra\u00e7\u00e3o em Inova\u00e7\u00e3o, Tecnologia e Sustentabilidade, pela Universidade Federal do Rio Grande do Sul (2011). Realizou est\u00e1gio de doutorado (doutorado sandu\u00edche) no Instituto Superior de Economia e Gest\u00e3o &#8211; ISEG, na Universidade de Lisboa, em Portugal. Atualmente \u00e9 l\u00edder do NEECI &#8211; N\u00facleo de Estudos em Estrat\u00e9gia, Conhecimento e Inova\u00e7\u00e3o.<\/h6>\n<\/td>\n<\/tr>\n<tr style=\"height: 120px;\">\n<td style=\"width: 150px; text-align: left; vertical-align: middle; height: 120px;\" scope=\"row\"><img src=\"http:\/\/servicosweb.cnpq.br\/wspessoa\/servletrecuperafoto?tipo=1&amp;id=K4131209H7\" \/><\/td>\n<td style=\"width: 550px; vertical-align: middle; height: 120px; text-align: left;\" scope=\"col\">\n<p><a href=\"http:\/\/lattes.cnpq.br\/3360844390550840\">PROF. DR. CL\u00c1UDIO BECKER<\/a><\/p>\n<p><span style=\"font-weight: 400;\">PROFESSOR DO DEPARTAMENTO DE CI\u00caNCIAS SOCIAIS AGR\u00c1RIAS DA UNIVERSIDADE FEDERAL DE PELOTAS (UFPEL). DOCENTE DO PROGRAMA DE P\u00d3S-GRADUA\u00c7\u00c3O MESTRADO EM AMBIENTE E SUSTENTABILIDADE (UERGS-HORT\u00caNSIAS). ENG. AGR\u00d4NOMO, MESTRE E DOUTOR PELO PROGRAMA DE P\u00d3S-GRADUA\u00c7\u00c3O EM SISTEMAS DE PRODU\u00c7\u00c3O AGR\u00cdCOLA FAMILIAR (UFPEL), COM EST\u00c1GIO SANDU\u00cdCHE NA UNIVERSIDADE DE SEVILHA. POSSUI EXPERI\u00caNCIA PROFISSIONAL E ACAD\u00caMICA EM AGRICULTURA FAMILIAR E AGROECOLOGIA, ATUANDO NAS SEGUINTES TEM\u00c1TICAS: SISTEMAS AGROALIMENTARES SUSTENT\u00c1VEIS; EXTENS\u00c3O E DESENVOLVIMENTO RURAL; POL\u00cdTICAS P\u00daBLICAS PARA A AGRICULTURA FAMILIAR; SEGURAN\u00c7A E SOBERANIA ALIMENTAR.<\/span><\/td>\n<\/tr>\n<tr style=\"height: 349px;\">\n<td style=\"width: 150px; text-align: left; vertical-align: middle; height: 349px;\" scope=\"row\"><img class=\"alignleft\" src=\"http:\/\/servicosweb.cnpq.br\/wspessoa\/servletrecuperafoto?tipo=1&amp;id=K4744567H3\" alt=\"Foto\" width=\"120\" height=\"133\" \/><\/td>\n<td style=\"width: 550px; text-align: center; vertical-align: middle; height: 349px;\" scope=\"col\">\n<h6 style=\"text-align: justify;\"><span style=\"color: #000000;\"><a style=\"color: #000000;\" href=\"http:\/\/buscatextual.cnpq.br\/buscatextual\/visualizacv.do?id=K4744567H3\" target=\"_blank\" rel=\"noopener noreferrer\">Prof. Dr. Elvis Silveira Martins<\/a><\/span><\/h6>\n<h6 style=\"text-align: justify;\"><span style=\"color: #000000;\">Doutorado em Administra\u00e7\u00e3o e Turismo na Universidade do Vale do Itaja\u00ed (2012), Mestrado Acad\u00eamico em Administra\u00e7\u00e3o pela Universidade do Vale do Itaja\u00ed (2006) e Gradua\u00e7\u00e3o em Administra\u00e7\u00e3o pela Universidade de Passo Fundo (2003). Atualmente \u00e9 Professor Adjunto da Faculdade de Administra\u00e7\u00e3o e de Turismo (FAT) da Universidade Federal de Pelotas (UFPel) e Avaliador de Curso e Institucional (MEC\/INEP). Possui experi\u00eancia em gest\u00e3o de organiza\u00e7\u00f5es educacionais e industriais.<\/span><\/h6>\n<\/td>\n<\/tr>\n<tr style=\"height: 23px;\">\n<td style=\"width: 150px; text-align: left; vertical-align: middle; height: 23px;\" scope=\"row\"><\/td>\n<td style=\"width: 550px; vertical-align: middle; text-align: justify; height: 23px;\" scope=\"col\"><\/td>\n<\/tr>\n<tr style=\"height: 23px;\">\n<td style=\"width: 150px; text-align: left; vertical-align: middle; height: 23px;\" scope=\"row\"><\/td>\n<td style=\"width: 550px; vertical-align: middle; text-align: justify; height: 23px;\" scope=\"col\"><\/td>\n<\/tr>\n<tr style=\"height: 307px;\">\n<td style=\"width: 150px; text-align: left; vertical-align: middle; height: 307px;\" scope=\"row\">\u00a0<a href=\"https:\/\/wp.ufpel.edu.br\/ppgdtsa\/files\/2015\/09\/marcelodias.jpg\"><img class=\"alignleft size-thumbnail wp-image-716\" src=\"https:\/\/wp.ufpel.edu.br\/ppgdtsa\/files\/2015\/09\/marcelodias-119x159.jpg\" alt=\"marcelodias\" width=\"119\" height=\"159\" srcset=\"https:\/\/wp.ufpel.edu.br\/ppgdtsa\/files\/2015\/09\/marcelodias-119x159.jpg 119w, https:\/\/wp.ufpel.edu.br\/ppgdtsa\/files\/2015\/09\/marcelodias-239x318.jpg 239w, https:\/\/wp.ufpel.edu.br\/ppgdtsa\/files\/2015\/09\/marcelodias.jpg 375w\" sizes=\"(max-width: 119px) 100vw, 119px\" \/><\/a><\/td>\n<td style=\"width: 550px; vertical-align: middle; text-align: justify; height: 307px;\" scope=\"col\">\n<h6><span style=\"color: #000000;\"><a style=\"color: #000000;\" href=\"http:\/\/lattes.cnpq.br\/0737658864135054\" target=\"_blank\" rel=\"noopener noreferrer\">Prof. Dr. Marcelo Fernandes Pacheco Dias<\/a><\/span><\/h6>\n<h6>Graduate at Agronomy from Universidade Federal de Santa Catarina (1993), master&#8217;s at Administration from Universidade Federal do Rio Grande do Sul (2002) and doctor&#8217;s in Agribusiness from Universidade Federal do Rio Grande do Sul (2011). Has experience in Administration, focusing on Administration, acting on the following subjects: agribusiness, strategy, configurations, sustentability and innovation.<\/h6>\n<\/td>\n<\/tr>\n<tr style=\"height: 307px;\">\n<td style=\"width: 150px; text-align: left; vertical-align: middle; height: 307px;\" scope=\"row\">\u00a0<a href=\"https:\/\/wp.ufpel.edu.br\/ppgdtsa\/files\/2015\/09\/marciorodrigues.jpg\"><img class=\"alignleft size-thumbnail wp-image-717\" src=\"https:\/\/wp.ufpel.edu.br\/ppgdtsa\/files\/2015\/09\/marciorodrigues-119x159.jpg\" alt=\"marciorodrigues\" width=\"119\" height=\"159\" srcset=\"https:\/\/wp.ufpel.edu.br\/ppgdtsa\/files\/2015\/09\/marciorodrigues-119x159.jpg 119w, https:\/\/wp.ufpel.edu.br\/ppgdtsa\/files\/2015\/09\/marciorodrigues-239x318.jpg 239w, https:\/\/wp.ufpel.edu.br\/ppgdtsa\/files\/2015\/09\/marciorodrigues.jpg 375w\" sizes=\"(max-width: 119px) 100vw, 119px\" \/><\/a><\/td>\n<td style=\"width: 550px; vertical-align: middle; text-align: justify; height: 307px;\" scope=\"col\">\n<h6><span style=\"color: #000000;\"><a style=\"color: #000000;\" href=\"http:\/\/lattes.cnpq.br\/3615915503232216\" target=\"_blank\" rel=\"noopener noreferrer\">Prof. Dr. M\u00e1rcio Silva Rodrigues<\/a><\/span><\/h6>\n<h6><span style=\"color: #000000;\">Possui gradua\u00e7\u00e3o em Administra\u00e7\u00e3o Habilita\u00e7\u00e3o em Empresas pela Funda\u00e7\u00e3o Universidade Federal do Rio Grande (2003), mestrado em Administra\u00e7\u00e3o pela Universidade Federal de Santa Catarina (2006) e doutorado em Administra\u00e7\u00e3o pela Universidade Federal de Santa Catarina (2013). Atualmente \u00e9 Professor Adjunto da Universidade Federal de Pelotas e membro do Observat\u00f3rio da Realidade Organizacional.<\/span><\/h6>\n<\/td>\n<\/tr>\n<tr style=\"height: 286px;\">\n<td style=\"width: 150px; text-align: left; vertical-align: middle; height: 286px;\" scope=\"row\">\u00a0<a href=\"https:\/\/wp.ufpel.edu.br\/ppgdtsa\/files\/2015\/09\/2015-02-28-19.01.21.jpg\"><img class=\"alignleft wp-image-1354 size-thumbnail\" src=\"https:\/\/wp.ufpel.edu.br\/ppgdtsa\/files\/2015\/09\/2015-02-28-19.01.21-121x159.jpg\" width=\"121\" height=\"159\" srcset=\"https:\/\/wp.ufpel.edu.br\/ppgdtsa\/files\/2015\/09\/2015-02-28-19.01.21-121x159.jpg 121w, https:\/\/wp.ufpel.edu.br\/ppgdtsa\/files\/2015\/09\/2015-02-28-19.01.21-242x318.jpg 242w, https:\/\/wp.ufpel.edu.br\/ppgdtsa\/files\/2015\/09\/2015-02-28-19.01.21.jpg 313w\" sizes=\"(max-width: 121px) 100vw, 121px\" \/><\/a><\/td>\n<td style=\"width: 550px; vertical-align: middle; text-align: justify; height: 286px;\" scope=\"col\">\n<h6><span style=\"color: #000000;\"><a style=\"color: #000000;\" href=\"http:\/\/buscatextual.cnpq.br\/buscatextual\/visualizacv.do?id=H69334\" target=\"_blank\" rel=\"noopener noreferrer\">Prof. Dr. M\u00e1rio Conill Gomes<\/a><\/span><\/h6>\n<h6><span style=\"color: #000000;\">Possui gradua\u00e7\u00e3o em Agronomia pela Universidade Federal do Rio Grande do Sul (1985), mestrado em Economia Rural pelo IEPE\/UFRGS (1991) e doutorado em Engenharia de Produ\u00e7\u00e3o pela Universidade Federal de Santa Catarina (2001). Atualmente \u00e9 professor Associado da Universidade Federal de Pelotas. P\u00e1gina: <a style=\"color: #000000;\" href=\"https:\/\/wp.ufpel.edu.br\/conill\" target=\"_blank\" rel=\"noopener noreferrer\">https:\/\/wp.ufpel.edu.br\/conill<\/a><\/span><\/h6>\n<\/td>\n<\/tr>\n<tr style=\"height: 391px;\">\n<td style=\"width: 150px; text-align: left; vertical-align: middle; height: 391px;\" scope=\"row\">\u00a0<img class=\"\" src=\"https:\/\/wp.ufpel.edu.br\/conectar\/files\/2015\/10\/11265281_858687007542777_8729414197433251020_o-151x159.jpg\" width=\"122\" height=\"128\" \/><\/td>\n<td style=\"width: 550px; text-align: center; vertical-align: middle; height: 391px;\" scope=\"col\">\n<h6 style=\"text-align: justify;\"><span style=\"color: #000000;\"><a style=\"color: #000000;\" href=\"http:\/\/lattes.cnpq.br\/9403954797583917\" target=\"_blank\" rel=\"noopener noreferrer\">Prof. Dr. M\u00e1rio Duarte Canever<\/a><\/span><\/h6>\n<h6 style=\"text-align: justify;\">Possui gradua\u00e7\u00e3o em Engenharia Agron\u00f4mica pela Universidade Federal de Pelotas (1994), mestrado em Economia Aplicada pela Universidade Federal de Vi\u00e7osa (1996) e doutorado em Administra\u00e7\u00e3o &#8211; enfase em Agroneg\u00f3cios na universidade de Wageningen, Holanda (2006). Atualmente \u00e9 professor Adjunto da Universidade Federal de Pelotas. Atua nos cursos de Gradua\u00e7\u00e3o (Agronomia e Medicina Veterin\u00e1ria) e no Programa de P\u00f3s Gradua\u00e7\u00e3o em Organiza\u00e7\u00f5es e Mercados &#8211; PPGOM e de Desenvolvimento Territorial e Sistemas Agroindustrias (DTSA).<\/h6>\n<\/td>\n<\/tr>\n<tr style=\"height: 23px;\">\n<td style=\"width: 150px; text-align: left; vertical-align: middle; height: 23px;\" scope=\"row\"><\/td>\n<td style=\"width: 550px; vertical-align: middle; text-align: justify; height: 23px;\" scope=\"col\"><\/td>\n<\/tr>\n<tr style=\"height: 23px;\">\n<td style=\"width: 150px; text-align: left; vertical-align: middle; height: 23px;\" scope=\"row\"><\/td>\n<td style=\"width: 550px; vertical-align: middle; text-align: justify; height: 23px;\" scope=\"col\"><\/td>\n<\/tr>\n<tr style=\"height: 349px;\">\n<td style=\"width: 150px; text-align: left; vertical-align: middle; height: 349px;\" scope=\"row\"><a href=\"https:\/\/wp.ufpel.edu.br\/ppgdtsa\/files\/2015\/09\/robsonandreazza.jpg\"><img class=\"alignleft size-thumbnail wp-image-721\" src=\"https:\/\/wp.ufpel.edu.br\/ppgdtsa\/files\/2015\/09\/robsonandreazza-119x159.jpg\" alt=\"robsonandreazza\" width=\"119\" height=\"159\" srcset=\"https:\/\/wp.ufpel.edu.br\/ppgdtsa\/files\/2015\/09\/robsonandreazza-119x159.jpg 119w, https:\/\/wp.ufpel.edu.br\/ppgdtsa\/files\/2015\/09\/robsonandreazza-239x318.jpg 239w, https:\/\/wp.ufpel.edu.br\/ppgdtsa\/files\/2015\/09\/robsonandreazza.jpg 375w\" sizes=\"(max-width: 119px) 100vw, 119px\" \/><\/a><\/td>\n<td style=\"width: 550px; vertical-align: middle; text-align: justify; height: 349px;\" scope=\"col\">\n<h6><span style=\"color: #000000;\"><a style=\"color: #000000;\" href=\"http:\/\/lattes.cnpq.br\/5706766977817721\" target=\"_blank\" rel=\"noopener noreferrer\">Prof. Dr. Robson Andreazza<\/a><\/span><\/h6>\n<h6>Agr\u00f4nomo formado pela Universidade Federal de Santa Maria (2004), Mestre em Ci\u00eancia do Solo pela Universidade Federal de Santa Maria (2006). Doutor em Ci\u00eancia do Solo pela Universidade Federal do Rio Grande do Sul com Doutorado Sanduiche em Auburn (USA) (2009). P\u00f3s Doutor Universidade Federal de Santa Maria (2010). P\u00f3s Doutor ESALq USP (2010). P\u00f3s Doutor pela Universidade Federal do Rio Grande do Sul, no Departamento de Solos da Faculdade de Agronomia (2010-2012).<\/h6>\n<\/td>\n<\/tr>\n<tr style=\"height: 433px;\">\n<td style=\"width: 150px; text-align: left; vertical-align: middle; height: 433px;\" scope=\"row\">\u00a0<img class=\"alignleft wp-image-1048 size-thumbnail\" src=\"https:\/\/wp.ufpel.edu.br\/ppgdtsa\/files\/2016\/06\/Rosana-Tondolo-119x159.jpg\" alt=\"Rosana Tondolo\" width=\"119\" height=\"159\" srcset=\"https:\/\/wp.ufpel.edu.br\/ppgdtsa\/files\/2016\/06\/Rosana-Tondolo-119x159.jpg 119w, https:\/\/wp.ufpel.edu.br\/ppgdtsa\/files\/2016\/06\/Rosana-Tondolo-239x318.jpg 239w, https:\/\/wp.ufpel.edu.br\/ppgdtsa\/files\/2016\/06\/Rosana-Tondolo-768x1022.jpg 768w\" sizes=\"(max-width: 119px) 100vw, 119px\" \/><\/td>\n<td style=\"width: 550px; vertical-align: middle; text-align: justify; height: 433px;\" scope=\"col\">\n<h6><a href=\"http:\/\/lattes.cnpq.br\/6462987344863578\"><span style=\"color: #000000;\">Profa. Dra. Rosana da Rosa Portella Tondolo<\/span><\/a><\/h6>\n<h6>Professora Adjunta na Universidade Federal de Pelotas. P\u00f3s Doutora pela Universidade do Sul de Santa Catarina, Doutora em Administra\u00e7\u00e3o pela Universidade do Vale do Rio dos Sinos, Mestre em Administra\u00e7\u00e3o e Bacharel em Ci\u00eancias Cont\u00e1beis pela Universidade de Caxias do Sul. Tem experi\u00eancia docente nos cursos de Administra\u00e7\u00e3o, Ci\u00eancias Cont\u00e1beis e Recursos Humanos. Atua na \u00e1rea de Administra\u00e7\u00e3o, com \u00eanfase em Gest\u00e3o Organizacional, enfocando principalmente os seguintes temas: Capital Social Organizacional, Gest\u00e3o das Organiza\u00e7\u00f5es do Terceiro Setor, Transpar\u00eancia e Presta\u00e7\u00e3o de Contas em Organiza\u00e7\u00f5es Sociais, e Inova\u00e7\u00e3o Social.<\/h6>\n<\/td>\n<\/tr>\n<tr style=\"height: 370px;\">\n<td style=\"width: 150px; text-align: left; vertical-align: middle; height: 370px;\" scope=\"row\"><a href=\"https:\/\/wp.ufpel.edu.br\/ppgdtsa\/files\/2015\/09\/Rogerio-Costa-Campos.jpg\"><img class=\"alignleft wp-image-1348 size-thumbnail\" src=\"https:\/\/wp.ufpel.edu.br\/ppgdtsa\/files\/2015\/09\/Rogerio-Costa-Campos-140x159.jpg\" width=\"140\" height=\"159\" srcset=\"https:\/\/wp.ufpel.edu.br\/ppgdtsa\/files\/2015\/09\/Rogerio-Costa-Campos-140x159.jpg 140w, https:\/\/wp.ufpel.edu.br\/ppgdtsa\/files\/2015\/09\/Rogerio-Costa-Campos.jpg 263w\" sizes=\"(max-width: 140px) 100vw, 140px\" \/><\/a><\/td>\n<td style=\"width: 550px; vertical-align: middle; text-align: justify; height: 370px;\" scope=\"col\">\n<h6><span style=\"color: #000000;\"><a style=\"color: #000000;\" href=\"http:\/\/lattes.cnpq.br\/0474438318783666\" target=\"_blank\" rel=\"noopener noreferrer\">Prof. Dr. Rog\u00e9rio Costa Campos<\/a><\/span><\/h6>\n<h6>Graduado em Engenharia Agron\u00f4mica pela Escola Superior de Agricultura Luiz de Queiroz, ESALQ\/USP (1999) e mestre em Solos e Nutri\u00e7\u00e3o de Plantas tamb\u00e9m pela ESALQ (2002). Possui doutorado em Sensoriamento Remoto (2008) pelo Instituto Nacional de Pesquisas Espaciais (INPE) tendo conduzido parte (2007\/2008) da pesquisa de doutorado na Uiversidade da California, EUA, Campus de Santa Barbara, UCSB. Desde 2010 \u00e9 professor adjunto II no Instituto de F\u00edsica e Matem\u00e1tica (IFM) da Universidade Federal de Pelotas.<\/h6>\n<\/td>\n<\/tr>\n<tr style=\"height: 139px;\">\n<td style=\"width: 150px; text-align: left; vertical-align: middle; height: 139px;\" scope=\"row\"><\/td>\n<td style=\"width: 550px; vertical-align: middle; text-align: justify; height: 139px;\" scope=\"col\">\n<h6><\/h6>\n<h6><\/h6>\n<\/td>\n<\/tr>\n<\/tbody>\n<\/table>\n<p>&nbsp;<\/p>\n<table style=\"width: 700px;\">\n<tbody>\n<tr>\n<td style=\"width: 150px;\">\n<p>&nbsp;<\/p>\n<p>&nbsp;<\/p>\n<p>&nbsp;<\/td>\n<td style=\"width: 550px;\"><\/td>\n<\/tr>\n<\/tbody>\n<\/table>\n<p>&nbsp;<\/p>\n<h3><\/h3>\n","protected":false},"excerpt":{"rendered":"<p>\u00a0 Prof. Dr. Alisson Eduardo Maehler Graduado em Administra\u00e7\u00e3o pela Universida de Federal de Pelotas (2003), Mestre em Administra\u00e7\u00e3o, \u00e1rea de concentra\u00e7\u00e3o em Competitividade e Estrat\u00e9gia, pela Universidade Federal de Santa Maria (2005) e Doutor em Administra\u00e7\u00e3o, \u00e1rea de concentra\u00e7\u00e3o em Inova\u00e7\u00e3o, Tecnologia e Sustentabilidade, pela Universidade Federal do Rio Grande do Sul (2011). Realizou [&hellip;]<\/p>\n","protected":false},"author":348,"featured_media":0,"parent":0,"menu_order":0,"comment_status":"closed","ping_status":"closed","template":"","meta":{"footnotes":""},"class_list":["post-711","page","type-page","status-publish","hentry"],"jetpack_sharing_enabled":true,"_links":{"self":[{"href":"https:\/\/wp.ufpel.edu.br\/ppgdtsa\/wp-json\/wp\/v2\/pages\/711","targetHints":{"allow":["GET"]}}],"collection":[{"href":"https:\/\/wp.ufpel.edu.br\/ppgdtsa\/wp-json\/wp\/v2\/pages"}],"about":[{"href":"https:\/\/wp.ufpel.edu.br\/ppgdtsa\/wp-json\/wp\/v2\/types\/page"}],"author":[{"embeddable":true,"href":"https:\/\/wp.ufpel.edu.br\/ppgdtsa\/wp-json\/wp\/v2\/users\/348"}],"replies":[{"embeddable":true,"href":"https:\/\/wp.ufpel.edu.br\/ppgdtsa\/wp-json\/wp\/v2\/comments?post=711"}],"version-history":[{"count":40,"href":"https:\/\/wp.ufpel.edu.br\/ppgdtsa\/wp-json\/wp\/v2\/pages\/711\/revisions"}],"predecessor-version":[{"id":4901,"href":"https:\/\/wp.ufpel.edu.br\/ppgdtsa\/wp-json\/wp\/v2\/pages\/711\/revisions\/4901"}],"wp:attachment":[{"href":"https:\/\/wp.ufpel.edu.br\/ppgdtsa\/wp-json\/wp\/v2\/media?parent=711"}],"curies":[{"name":"wp","href":"https:\/\/api.w.org\/{rel}","templated":true}]}}